{"id":94,"date":"2023-02-14T11:25:26","date_gmt":"2023-02-14T10:25:26","guid":{"rendered":"https:\/\/praktiska.se\/vaxjo\/?page_id=94"},"modified":"2025-02-17T13:35:50","modified_gmt":"2025-02-17T12:35:50","slug":"kontakt","status":"publish","type":"page","link":"https:\/\/praktiska.se\/vaxjo\/kontakt\/","title":{"rendered":"Kontakta oss"},"content":{"rendered":"\n\t<div class=\"module_wrapper ams_remote_pages_module \">\n\t\t\n\t\n\t\n<section  class=\"ams-map ams-map--fifty c-block  media-bottom media-right \" data-color-scheme=\"karta-gra\" data-locations=\"[{&quot;id&quot;:&quot;3360&quot;,&quot;county&quot;:&quot;Kronobergs l\\u00e4n&quot;,&quot;city&quot;:&quot;V\\u00e4xj\\u00f6 &quot;,&quot;school&quot;:&quot;V\\u00e4xj\\u00f6&quot;,&quot;title&quot;:&quot;Praktiska Gymnasiet V\\u00e4xj\\u00f6&quot;,&quot;phone&quot;:&quot;0470748380&quot;,&quot;phone_formatted&quot;:&quot;047-0748380&quot;,&quot;email&quot;:&quot;anna.sopelsa@praktiska.se&quot;,&quot;visiting_address&quot;:{&quot;address&quot;:&quot;Arabygatan 53&quot;,&quot;zip_code&quot;:&quot;352 46&quot;,&quot;city&quot;:&quot;V\\u00e4xj\\u00f6&quot;},&quot;postal_address&quot;:{&quot;address&quot;:&quot;Arabygatan 53&quot;,&quot;zip_code&quot;:&quot;352 46&quot;,&quot;city&quot;:&quot;V\\u00e4xj\\u00f6&quot;},&quot;address_map&quot;:&quot;Arabygatan 53, V\\u00e4xj\\u00f6, Sverige&quot;,&quot;lat&quot;:56.8947688,&quot;lng&quot;:14.7805501,&quot;link&quot;:{&quot;url&quot;:&quot;https:\\\/\\\/praktiska.se\\\/vaxjo\\\/&quot;,&quot;text&quot;:&quot;&quot;}}]\">\n\t<div class=\"ams-map__content u-pt-fluid-3xl-6xl u-pb-fluid-3xl-6xl l-stack l-stack-fluid-xl is-left is-left@lg\">\n\t\t\t\n\t<h1\n\tclass=\"c-heading u-font-title-1 \"\n\tstyle=\"\">\n\t\t\n\t\t\t\t\tH\u00e4r finns vi\n\t\t\t\t\n\t<\/h1>\n\n\t\t\t\t\t<div class=\"c-text l-stack u-cs-xl u-font-body\">\n\t\t\t\t<p><strong>Fr\u00e5nvaroanm\u00e4lan<\/strong>: 0470-748380<\/p>\n\n\t\t\t<\/div>\n\t\t\n\t\t\t\t\t<div class=\"contact-info l-stack\">\n\t\t\t\t\t\t\t\t\t<div class=\"contact-info__item\">\n\t\t\t\t\t\t<p class=\"contact-info__heading u-font-title-4\">\n\t\t\t\t\t\t\tBes\u00f6ksadress\n\t\t\t\t\t\t<\/p>\n\t\t\t\t\t\t<p>\n\t\t\t\t\t\t\t\t\t\t\t\t\t\t\tArabygatan 53<br \/>\n\t\t\t\t\t\t\t\t\t\t\t\t\t\t352 46 V\u00e4xj\u00f6\n\t\t\t\t\t\t<\/p>\n\t\t\t\t\t<\/div>\n\t\t\t\t\n\t\t\t\t\n\t\t\t\t\t\t\t\t\t<div class=\"contact-info__item\">\n\t\t\t\t\t\t<p class=\"contact-info__heading u-font-title-4\">\n\t\t\t\t\t\t\tKontakt\n\t\t\t\t\t\t<\/p>\n\t\t\t\t\t\t<p>\n\t\t\t\t\t\t\t\t\t\t\t\t\t\t\t<a href=\"tel:0470748380\">047-0748380<\/a><br \/>\n\t\t\t\t\t\t\t\t\t\t\t\t\t\t\t\t\t\t\t\t\t\t<a href=\"mailto:anna.sopelsa@praktiska.se\">anna.sopelsa@praktiska.se<\/a>\n\t\t\t\t\t\t\t\t\t\t\t\t\t<\/p>\n\t\t\t\t\t<\/div>\n\t\t\t\t\t\t\t<\/div>\n\t\t\t<\/div>\n\n\t<div class=\"ams-map__media\">\n\t<\/div>\n<\/section>\n\t<\/div>\n\n\t\n\n\n<section \n\t\t class=\"\n\t\t ams-contact\n\t\t \n\t\t c-block l-stacked\n\t\t \n\t\t \n\t\t js-load-more\n\t\t \"\n\t\t data-color-scheme=\"white\"\n\t\t\t\t\tdata-count=\"50\"\n\t\t\t\t\t\t\tdata-count-mobile=\"2\"\n\t\t\t\t>\n\t<div\n\t\t class=\"\n\t\t l-container\n\t\t l-stack l-stack-fluid-2xl\n\t\t u-pt-fluid-3xl-6xl\n\t\t u-pb-fluid-3xl-6xl\n\t\t is-center\n\t\t is-center@md\n\t\t \">\n\t\t\t\t\t<div class=\"ams-contact__intro l-stack l-stack-lg\">\n\t\t\t\t\t\n\t<h2\n\tclass=\"c-heading u-font-title-1 \"\n\tstyle=\"\">\n\t\t\n\t\t\t\t\tLedning\n\t\t\t\t\n\t<\/h2>\n\n\t\t\t\t\t\t\t<\/div>\n\t\t\n\t\t\n\t\t    \t\n\t\t\n\t\t<ul\n\t\t\tid=\"contact-grid-6a94f7d326221\"\n\t\t\tclass=\"ams-contact__list l-grid u-gap-fluid-2xl-4xl u-justify-center js-results \"\n\t\t\taria-label=\"Kontakter\"\n\t\t\tdata-filter-animation=\"off\"\n\t\t\t>\n\t\t\t\t\t\t\t\t\t\t\t\n\t\t\t\t\n\t\t\t\t<li class=\"l-col-6@md l-col-4@lg \" data-filter=\"ledning\">\n\t\t\t\t\t<article class=\"c-card \" data-variant=\"neutral\">\n\t\t\t\t\t\t<div class=\"c-card__content u-text-center\">\n\t\t\t\t\t\t\t\t\t\t\t\t\t\t\t<h3 class=\"c-card__title u-font-title-3\">\n\t\t\t\t\t\t\t\t\tAnna Sopelsa\n\t\t\t\t\t\t\t\t<\/h3>\n\t\t\t\t\t\t\t\n\t\t\t\t\t\t\t\t\t\t\t\t\t\t\t<p class=\"position u-font-body\">Rektor<\/p>\n\t\t\t\t\t\t\t\n\t\t\t\t\t\t\t\t\t\t\t\t\t\t\t<div class=\"contact-info u-font-body\">\n\t\t\t\t\t\t\t\t\t\t\t\t\t\t\t\t\t\t\t\t\t\t\t\t\t\t\t\t\t\t<p class=\"phone\"><a\n\t\t\t\t\t\t\t\t\t\t\t\t\thref=\"tel:0707281003\"\n\t\t\t\t\t\t\t\t\t\t\t\t\tclass=\"u-text-link\">070-728 10 03<\/a>\n\t\t\t\t\t\t\t\t\t\t\t<\/p>\n\t\t\t\t\t\t\t\t\t\t\t\t\t\t\t\t\t\t\t\n\t\t\t\t\t\t\t\t\t\t\t\t\t\t\t\t\t\t\t\t\t\t\t\t\t\t\t\t\t\t<p class=\"email\"><a\n\t\t\t\t\t\t\t\t\t\t\t\t\thref=\"mail&#116;o&#058;an&#110;a&#046;&#115;&#111;&#112;&#101;l&#115;&#097;&#064;&#112;&#114;ak&#116;&#105;ska.se\"\n\t\t\t\t\t\t\t\t\t\t\t\t\tclass=\"u-text-link\">an&#110;a&#046;sop&#101;l&#115;a&#064;p&#114;a&#107;&#116;&#105;s&#107;&#097;.&#115;&#101;<\/a>\n\t\t\t\t\t\t\t\t\t\t\t<\/p>\n\t\t\t\t\t\t\t\t\t\t\t\t\t\t\t\t\t\t\t\t\t\t\t\t\t\t\t<\/div>\n\t\t\t\t\t\t\t\n\t\t\t\t\t\t\t\t\t\t\t\t\t<\/div>\n\t\t\t\t\t\t<div class=\"c-card__media\">\n\t\t\t\t\t\t\t<img decoding=\"async\" width=\"400\" height=\"500\" src=\"https:\/\/praktiska.se\/wp-content\/uploads\/sites\/40\/2023\/02\/20240815101914-3-400x500.jpg\" class=\"u-radius-round u-ratio-landscape\" alt=\"Personportr\u00e4tt\" sizes=\"(max-width: 300px) 100vw, 300px\" srcset=\"https:\/\/praktiska.se\/wp-content\/uploads\/sites\/40\/2023\/02\/20240815101914-3-400x500.jpg 400w, https:\/\/praktiska.se\/wp-content\/uploads\/sites\/40\/2023\/02\/20240815101914-3-300x375.jpg 300w, https:\/\/praktiska.se\/wp-content\/uploads\/sites\/40\/2023\/02\/20240815101914-3-600x750.jpg 600w, https:\/\/praktiska.se\/wp-content\/uploads\/sites\/40\/2023\/02\/20240815101914-3-800x1000.jpg 800w, https:\/\/praktiska.se\/wp-content\/uploads\/sites\/40\/2023\/02\/20240815101914-3-1024x1280.jpg 1024w, https:\/\/praktiska.se\/wp-content\/uploads\/sites\/40\/2023\/02\/20240815101914-3-1200x1500.jpg 1200w, https:\/\/praktiska.se\/wp-content\/uploads\/sites\/40\/2023\/02\/20240815101914-3.jpg 1947w\" \/>\n\t\t\t\t\t\t<\/div>\n\t\t\t\t\t<\/article>\n\t\t\t\t<\/li>\n\t\t\t\t\t\t\t\t\t\t\t\n\t\t\t\t\n\t\t\t\t<li class=\"l-col-6@md l-col-4@lg \" data-filter=\"ledning yrkeslarare\">\n\t\t\t\t\t<article class=\"c-card \" data-variant=\"neutral\">\n\t\t\t\t\t\t<div class=\"c-card__content u-text-center\">\n\t\t\t\t\t\t\t\t\t\t\t\t\t\t\t<h3 class=\"c-card__title u-font-title-3\">\n\t\t\t\t\t\t\t\t\tFilip Strandqvist\n\t\t\t\t\t\t\t\t<\/h3>\n\t\t\t\t\t\t\t\n\t\t\t\t\t\t\t\t\t\t\t\t\t\t\t<p class=\"position u-font-body\">Bitr\u00e4dande rektor, VVS och fastighet<\/p>\n\t\t\t\t\t\t\t\n\t\t\t\t\t\t\t\t\t\t\t\t\t\t\t<div class=\"contact-info u-font-body\">\n\t\t\t\t\t\t\t\t\t\t\t\t\t\t\t\t\t\t\t\t\t\t\t\t\t\t\t\t\t\t<p class=\"phone\"><a\n\t\t\t\t\t\t\t\t\t\t\t\t\thref=\"tel:0725011305\"\n\t\t\t\t\t\t\t\t\t\t\t\t\tclass=\"u-text-link\">072-501 13 05<\/a>\n\t\t\t\t\t\t\t\t\t\t\t<\/p>\n\t\t\t\t\t\t\t\t\t\t\t\t\t\t\t\t\t\t\t\n\t\t\t\t\t\t\t\t\t\t\t\t\t\t\t\t\t\t\t\t\t\t\t\t\t\t\t\t\t\t<p class=\"email\"><a\n\t\t\t\t\t\t\t\t\t\t\t\t\thref=\"&#109;a&#105;&#108;&#116;&#111;:&#102;&#105;li&#112;&#046;&#115;&#116;r&#097;ndq&#118;&#105;st&#064;&#112;&#114;ak&#116;is&#107;&#097;.&#115;e\"\n\t\t\t\t\t\t\t\t\t\t\t\t\tclass=\"u-text-link\">fi&#108;&#105;&#112;&#046;st&#114;a&#110;d&#113;&#118;is&#116;&#064;&#112;ra&#107;&#116;is&#107;&#097;.&#115;e<\/a>\n\t\t\t\t\t\t\t\t\t\t\t<\/p>\n\t\t\t\t\t\t\t\t\t\t\t\t\t\t\t\t\t\t\t\t\t\t\t\t\t\t\t<\/div>\n\t\t\t\t\t\t\t\n\t\t\t\t\t\t\t\t\t\t\t\t\t<\/div>\n\t\t\t\t\t\t<div class=\"c-card__media\">\n\t\t\t\t\t\t\t<img decoding=\"async\" width=\"400\" height=\"533\" src=\"https:\/\/praktiska.se\/wp-content\/uploads\/sites\/40\/2025\/08\/filip-s-400x533.jpg\" class=\"u-radius-round u-ratio-landscape\" alt=\"Personfoto\" sizes=\"(max-width: 300px) 100vw, 300px\" srcset=\"https:\/\/praktiska.se\/wp-content\/uploads\/sites\/40\/2025\/08\/filip-s-400x533.jpg 400w, https:\/\/praktiska.se\/wp-content\/uploads\/sites\/40\/2025\/08\/filip-s-300x400.jpg 300w, https:\/\/praktiska.se\/wp-content\/uploads\/sites\/40\/2025\/08\/filip-s-600x800.jpg 600w, https:\/\/praktiska.se\/wp-content\/uploads\/sites\/40\/2025\/08\/filip-s-800x1067.jpg 800w, https:\/\/praktiska.se\/wp-content\/uploads\/sites\/40\/2025\/08\/filip-s-1024x1365.jpg 1024w, https:\/\/praktiska.se\/wp-content\/uploads\/sites\/40\/2025\/08\/filip-s-1200x1600.jpg 1200w, https:\/\/praktiska.se\/wp-content\/uploads\/sites\/40\/2025\/08\/filip-s-scaled.jpg 1920w\" \/>\n\t\t\t\t\t\t<\/div>\n\t\t\t\t\t<\/article>\n\t\t\t\t<\/li>\n\t\t\t\t\t<\/ul>\n\n\t\t\n\t\t    <div class=\"ams-contact__more u-inline-items js-load-more-btn\">\n        <button href=\"#\"\n                class=\"c-btn\"\n                data-style=\"round\"\n                data-size=\"md\"\n                data-width=\"full-mobile\"\n                data-variant=\"outline\">\n        \tVisa mer\n        <\/button>\n    <\/div>\n\n\t\t\t<\/div>\n\n\t\t\n\n<\/section>\n\n\n\n<section \n\t\t class=\"\n\t\t ams-contact\n\t\t \n\t\t c-block l-stacked\n\t\t \n\t\t \n\t\t js-load-more\n\t\t \"\n\t\t data-color-scheme=\"white\"\n\t\t\t\t\tdata-count=\"50\"\n\t\t\t\t\t\t\tdata-count-mobile=\"2\"\n\t\t\t\t>\n\t<div\n\t\t class=\"\n\t\t l-container\n\t\t l-stack l-stack-fluid-2xl\n\t\t u-pt-fluid-3xl-6xl\n\t\t u-pb-fluid-3xl-6xl\n\t\t is-center\n\t\t is-center@md\n\t\t \">\n\t\t\t\t\t<div class=\"ams-contact__intro l-stack l-stack-lg\">\n\t\t\t\t\t\n\t<h2\n\tclass=\"c-heading u-font-title-1 \"\n\tstyle=\"\">\n\t\t\n\t\t\t\t\tAdministration\n\t\t\t\t\n\t<\/h2>\n\n\t\t\t\t\t\t\t<\/div>\n\t\t\n\t\t\n\t\t    \t\n\t\t\n\t\t<ul\n\t\t\tid=\"contact-grid-6a94f7d32bb23\"\n\t\t\tclass=\"ams-contact__list l-grid u-gap-fluid-2xl-4xl u-justify-center js-results \"\n\t\t\taria-label=\"Kontakter\"\n\t\t\tdata-filter-animation=\"off\"\n\t\t\t>\n\t\t\t\t\t\t\t\t\t\t\t\n\t\t\t\t\n\t\t\t\t<li class=\"l-col-6@md l-col-4@lg \" data-filter=\"administration\">\n\t\t\t\t\t<article class=\"c-card \" data-variant=\"neutral\">\n\t\t\t\t\t\t<div class=\"c-card__content u-text-center\">\n\t\t\t\t\t\t\t\t\t\t\t\t\t\t\t<h3 class=\"c-card__title u-font-title-3\">\n\t\t\t\t\t\t\t\t\tAmela Topalovic\n\t\t\t\t\t\t\t\t<\/h3>\n\t\t\t\t\t\t\t\n\t\t\t\t\t\t\t\t\t\t\t\t\t\t\t<p class=\"position u-font-body\">Syv och IM-samordnare, Matematik<\/p>\n\t\t\t\t\t\t\t\n\t\t\t\t\t\t\t\t\t\t\t\t\t\t\t<div class=\"contact-info u-font-body\">\n\t\t\t\t\t\t\t\t\t\t\t\t\t\t\t\t\t\t\t\t\t\t\t\t\t\t\t\t\t\t<p class=\"phone\"><a\n\t\t\t\t\t\t\t\t\t\t\t\t\thref=\"tel:0767717663\"\n\t\t\t\t\t\t\t\t\t\t\t\t\tclass=\"u-text-link\">076-771 76 63<\/a>\n\t\t\t\t\t\t\t\t\t\t\t<\/p>\n\t\t\t\t\t\t\t\t\t\t\t\t\t\t\t\t\t\t\t\n\t\t\t\t\t\t\t\t\t\t\t\t\t\t\t\t\t\t\t\t\t\t\t\t\t\t\t\t\t\t<p class=\"email\"><a\n\t\t\t\t\t\t\t\t\t\t\t\t\thref=\"mail&#116;&#111;:&#097;&#109;&#101;&#108;&#097;.&#116;&#111;pa&#108;ov&#105;&#099;&#064;pra&#107;ti&#115;ka&#046;se\"\n\t\t\t\t\t\t\t\t\t\t\t\t\tclass=\"u-text-link\">am&#101;l&#097;.to&#112;&#097;lovic&#064;&#112;r&#097;&#107;t&#105;&#115;k&#097;.&#115;e<\/a>\n\t\t\t\t\t\t\t\t\t\t\t<\/p>\n\t\t\t\t\t\t\t\t\t\t\t\t\t\t\t\t\t\t\t\t\t\t\t\t\t\t\t<\/div>\n\t\t\t\t\t\t\t\n\t\t\t\t\t\t\t\t\t\t\t\t\t<\/div>\n\t\t\t\t\t\t<div class=\"c-card__media\">\n\t\t\t\t\t\t\t<img decoding=\"async\" width=\"400\" height=\"533\" src=\"https:\/\/praktiska.se\/wp-content\/uploads\/sites\/40\/2025\/08\/amela-t-400x533.jpg\" class=\"u-radius-round u-ratio-landscape\" alt=\"Personfoto\" sizes=\"(max-width: 300px) 100vw, 300px\" srcset=\"https:\/\/praktiska.se\/wp-content\/uploads\/sites\/40\/2025\/08\/amela-t-400x533.jpg 400w, https:\/\/praktiska.se\/wp-content\/uploads\/sites\/40\/2025\/08\/amela-t-300x400.jpg 300w, https:\/\/praktiska.se\/wp-content\/uploads\/sites\/40\/2025\/08\/amela-t-600x800.jpg 600w, https:\/\/praktiska.se\/wp-content\/uploads\/sites\/40\/2025\/08\/amela-t-800x1067.jpg 800w, https:\/\/praktiska.se\/wp-content\/uploads\/sites\/40\/2025\/08\/amela-t-1024x1365.jpg 1024w, https:\/\/praktiska.se\/wp-content\/uploads\/sites\/40\/2025\/08\/amela-t-1200x1600.jpg 1200w, https:\/\/praktiska.se\/wp-content\/uploads\/sites\/40\/2025\/08\/amela-t-scaled.jpg 1920w\" \/>\n\t\t\t\t\t\t<\/div>\n\t\t\t\t\t<\/article>\n\t\t\t\t<\/li>\n\t\t\t\t\t\t\t\t\t\t\t\n\t\t\t\t\n\t\t\t\t<li class=\"l-col-6@md l-col-4@lg \" data-filter=\"administration\">\n\t\t\t\t\t<article class=\"c-card \" data-variant=\"neutral\">\n\t\t\t\t\t\t<div class=\"c-card__content u-text-center\">\n\t\t\t\t\t\t\t\t\t\t\t\t\t\t\t<h3 class=\"c-card__title u-font-title-3\">\n\t\t\t\t\t\t\t\t\tMaria Haglund\n\t\t\t\t\t\t\t\t<\/h3>\n\t\t\t\t\t\t\t\n\t\t\t\t\t\t\t\t\t\t\t\t\t\t\t<p class=\"position u-font-body\">Administrat\u00f6r<\/p>\n\t\t\t\t\t\t\t\n\t\t\t\t\t\t\t\t\t\t\t\t\t\t\t<div class=\"contact-info u-font-body\">\n\t\t\t\t\t\t\t\t\t\t\t\t\t\t\t\t\t\t\t\t\t\t\t\t\t\t\t\t\t\t<p class=\"phone\"><a\n\t\t\t\t\t\t\t\t\t\t\t\t\thref=\"tel:0702456279\"\n\t\t\t\t\t\t\t\t\t\t\t\t\tclass=\"u-text-link\">070-245 62 79<\/a>\n\t\t\t\t\t\t\t\t\t\t\t<\/p>\n\t\t\t\t\t\t\t\t\t\t\t\t\t\t\t\t\t\t\t\n\t\t\t\t\t\t\t\t\t\t\t\t\t\t\t\t\t\t\t\t\t\t\t\t\t\t\t\t\t\t<p class=\"email\"><a\n\t\t\t\t\t\t\t\t\t\t\t\t\thref=\"&#109;ail&#116;o:maria.hag&#108;u&#110;&#100;&#064;pra&#107;t&#105;ska.se\"\n\t\t\t\t\t\t\t\t\t\t\t\t\tclass=\"u-text-link\">m&#097;r&#105;a.&#104;&#097;glund&#064;p&#114;&#097;&#107;ti&#115;&#107;a.se<\/a>\n\t\t\t\t\t\t\t\t\t\t\t<\/p>\n\t\t\t\t\t\t\t\t\t\t\t\t\t\t\t\t\t\t\t\t\t\t\t\t\t\t\t<\/div>\n\t\t\t\t\t\t\t\n\t\t\t\t\t\t\t\t\t\t\t\t\t<\/div>\n\t\t\t\t\t\t<div class=\"c-card__media\">\n\t\t\t\t\t\t\t<img decoding=\"async\" width=\"400\" height=\"533\" src=\"https:\/\/praktiska.se\/wp-content\/uploads\/sites\/40\/2025\/08\/maria-h-400x533.jpg\" class=\"u-radius-round u-ratio-landscape\" alt=\"Personfoto\" sizes=\"(max-width: 300px) 100vw, 300px\" srcset=\"https:\/\/praktiska.se\/wp-content\/uploads\/sites\/40\/2025\/08\/maria-h-400x533.jpg 400w, https:\/\/praktiska.se\/wp-content\/uploads\/sites\/40\/2025\/08\/maria-h-300x400.jpg 300w, https:\/\/praktiska.se\/wp-content\/uploads\/sites\/40\/2025\/08\/maria-h-600x800.jpg 600w, https:\/\/praktiska.se\/wp-content\/uploads\/sites\/40\/2025\/08\/maria-h-800x1067.jpg 800w, https:\/\/praktiska.se\/wp-content\/uploads\/sites\/40\/2025\/08\/maria-h-1024x1365.jpg 1024w, https:\/\/praktiska.se\/wp-content\/uploads\/sites\/40\/2025\/08\/maria-h-1200x1600.jpg 1200w, https:\/\/praktiska.se\/wp-content\/uploads\/sites\/40\/2025\/08\/maria-h-scaled.jpg 1920w\" \/>\n\t\t\t\t\t\t<\/div>\n\t\t\t\t\t<\/article>\n\t\t\t\t<\/li>\n\t\t\t\t\t<\/ul>\n\n\t\t\n\t\t    <div class=\"ams-contact__more u-inline-items js-load-more-btn\">\n        <button href=\"#\"\n                class=\"c-btn\"\n                data-style=\"round\"\n                data-size=\"md\"\n                data-width=\"full-mobile\"\n                data-variant=\"outline\">\n        \tVisa mer\n        <\/button>\n    <\/div>\n\n\t\t\t<\/div>\n\n\t\t\n\n<\/section>\n\n\n\n<section \n\t\t class=\"\n\t\t ams-contact\n\t\t \n\t\t c-block l-stacked\n\t\t \n\t\t \n\t\t js-load-more\n\t\t \"\n\t\t data-color-scheme=\"white\"\n\t\t\t\t\tdata-count=\"50\"\n\t\t\t\t\t\t\tdata-count-mobile=\"2\"\n\t\t\t\t>\n\t<div\n\t\t class=\"\n\t\t l-container\n\t\t l-stack l-stack-fluid-2xl\n\t\t u-pt-fluid-3xl-6xl\n\t\t u-pb-fluid-3xl-6xl\n\t\t is-center\n\t\t is-center@md\n\t\t \">\n\t\t\t\t\t<div class=\"ams-contact__intro l-stack l-stack-lg\">\n\t\t\t\t\t\n\t<h2\n\tclass=\"c-heading u-font-title-1 \"\n\tstyle=\"\">\n\t\t\n\t\t\t\t\t\u00c4mnesl\u00e4rare\n\t\t\t\t\n\t<\/h2>\n\n\t\t\t\t\t\t\t<\/div>\n\t\t\n\t\t\n\t\t    \t\n\t\t\n\t\t<ul\n\t\t\tid=\"contact-grid-6a94f7d32fdb5\"\n\t\t\tclass=\"ams-contact__list l-grid u-gap-fluid-2xl-4xl u-justify-center js-results \"\n\t\t\taria-label=\"Kontakter\"\n\t\t\tdata-filter-animation=\"off\"\n\t\t\t>\n\t\t\t\t\t\t\t\t\t\t\t\n\t\t\t\t\n\t\t\t\t<li class=\"l-col-6@md l-col-4@lg \" data-filter=\"amneslarare\">\n\t\t\t\t\t<article class=\"c-card \" data-variant=\"neutral\">\n\t\t\t\t\t\t<div class=\"c-card__content u-text-center\">\n\t\t\t\t\t\t\t\t\t\t\t\t\t\t\t<h3 class=\"c-card__title u-font-title-3\">\n\t\t\t\t\t\t\t\t\tCatharina Gustafsson\n\t\t\t\t\t\t\t\t<\/h3>\n\t\t\t\t\t\t\t\n\t\t\t\t\t\t\t\t\t\t\t\t\t\t\t<p class=\"position u-font-body\">Bibliotek, Svenska, Religion<\/p>\n\t\t\t\t\t\t\t\n\t\t\t\t\t\t\t\t\t\t\t\t\t\t\t<div class=\"contact-info u-font-body\">\n\t\t\t\t\t\t\t\t\t\n\t\t\t\t\t\t\t\t\t\t\t\t\t\t\t\t\t\t\t\t\t\t\t\t\t\t\t\t\t\t<p class=\"email\"><a\n\t\t\t\t\t\t\t\t\t\t\t\t\thref=\"mai&#108;to&#058;c&#097;&#116;&#104;&#097;&#114;&#105;&#110;&#097;&#046;gusta&#102;&#115;son&#064;pr&#097;&#107;&#116;&#105;&#115;ka&#046;s&#101;\"\n\t\t\t\t\t\t\t\t\t\t\t\t\tclass=\"u-text-link\">&#099;&#097;&#116;&#104;&#097;r&#105;n&#097;.gu&#115;&#116;&#097;&#102;s&#115;o&#110;&#064;p&#114;a&#107;tisk&#097;&#046;se<\/a>\n\t\t\t\t\t\t\t\t\t\t\t<\/p>\n\t\t\t\t\t\t\t\t\t\t\t\t\t\t\t\t\t\t\t\t\t\t\t\t\t\t\t<\/div>\n\t\t\t\t\t\t\t\n\t\t\t\t\t\t\t\t\t\t\t\t\t<\/div>\n\t\t\t\t\t\t<div class=\"c-card__media\">\n\t\t\t\t\t\t\t<img decoding=\"async\" width=\"400\" height=\"533\" src=\"https:\/\/praktiska.se\/wp-content\/uploads\/sites\/40\/2025\/08\/catharina-g-400x533.jpg\" class=\"u-radius-round u-ratio-landscape\" alt=\"Personfoto\" sizes=\"(max-width: 300px) 100vw, 300px\" srcset=\"https:\/\/praktiska.se\/wp-content\/uploads\/sites\/40\/2025\/08\/catharina-g-400x533.jpg 400w, https:\/\/praktiska.se\/wp-content\/uploads\/sites\/40\/2025\/08\/catharina-g-300x400.jpg 300w, https:\/\/praktiska.se\/wp-content\/uploads\/sites\/40\/2025\/08\/catharina-g-600x800.jpg 600w, https:\/\/praktiska.se\/wp-content\/uploads\/sites\/40\/2025\/08\/catharina-g-800x1067.jpg 800w, https:\/\/praktiska.se\/wp-content\/uploads\/sites\/40\/2025\/08\/catharina-g-1024x1365.jpg 1024w, https:\/\/praktiska.se\/wp-content\/uploads\/sites\/40\/2025\/08\/catharina-g-1200x1600.jpg 1200w, https:\/\/praktiska.se\/wp-content\/uploads\/sites\/40\/2025\/08\/catharina-g-scaled.jpg 1920w\" \/>\n\t\t\t\t\t\t<\/div>\n\t\t\t\t\t<\/article>\n\t\t\t\t<\/li>\n\t\t\t\t\t\t\t\t\t\t\t\n\t\t\t\t\n\t\t\t\t<li class=\"l-col-6@md l-col-4@lg \" data-filter=\"amneslarare\">\n\t\t\t\t\t<article class=\"c-card \" data-variant=\"neutral\">\n\t\t\t\t\t\t<div class=\"c-card__content u-text-center\">\n\t\t\t\t\t\t\t\t\t\t\t\t\t\t\t<h3 class=\"c-card__title u-font-title-3\">\n\t\t\t\t\t\t\t\t\tHampus Ljungqvist\n\t\t\t\t\t\t\t\t<\/h3>\n\t\t\t\t\t\t\t\n\t\t\t\t\t\t\t\t\t\t\t\t\t\t\t<p class=\"position u-font-body\">Engelska, Idrott och h\u00e4lsa<\/p>\n\t\t\t\t\t\t\t\n\t\t\t\t\t\t\t\t\t\t\t\t\t\t\t<div class=\"contact-info u-font-body\">\n\t\t\t\t\t\t\t\t\t\n\t\t\t\t\t\t\t\t\t\t\t\t\t\t\t\t\t\t\t\t\t\t\t\t\t\t\t\t\t\t<p class=\"email\"><a\n\t\t\t\t\t\t\t\t\t\t\t\t\thref=\"&#109;ai&#108;&#116;o&#058;ha&#109;p&#117;&#115;&#046;&#108;&#106;u&#110;&#103;qv&#105;&#115;t&#064;&#112;r&#097;&#107;&#116;&#105;ska.s&#101;\"\n\t\t\t\t\t\t\t\t\t\t\t\t\tclass=\"u-text-link\">&#104;&#097;mpus.ljungq&#118;&#105;&#115;t&#064;&#112;&#114;&#097;&#107;&#116;iska&#046;&#115;&#101;<\/a>\n\t\t\t\t\t\t\t\t\t\t\t<\/p>\n\t\t\t\t\t\t\t\t\t\t\t\t\t\t\t\t\t\t\t\t\t\t\t\t\t\t\t<\/div>\n\t\t\t\t\t\t\t\n\t\t\t\t\t\t\t\t\t\t\t\t\t<\/div>\n\t\t\t\t\t\t<div class=\"c-card__media\">\n\t\t\t\t\t\t\t<img decoding=\"async\" width=\"400\" height=\"400\" src=\"https:\/\/praktiska.se\/wp-content\/uploads\/sites\/40\/2026\/01\/hampus-l-400x400.jpg\" class=\"u-radius-round u-ratio-landscape\" alt=\"\" sizes=\"(max-width: 300px) 100vw, 300px\" srcset=\"https:\/\/praktiska.se\/wp-content\/uploads\/sites\/40\/2026\/01\/hampus-l-400x400.jpg 400w, https:\/\/praktiska.se\/wp-content\/uploads\/sites\/40\/2026\/01\/hampus-l-150x150.jpg 150w, https:\/\/praktiska.se\/wp-content\/uploads\/sites\/40\/2026\/01\/hampus-l-300x300.jpg 300w, https:\/\/praktiska.se\/wp-content\/uploads\/sites\/40\/2026\/01\/hampus-l-600x600.jpg 600w, https:\/\/praktiska.se\/wp-content\/uploads\/sites\/40\/2026\/01\/hampus-l-800x800.jpg 800w, https:\/\/praktiska.se\/wp-content\/uploads\/sites\/40\/2026\/01\/hampus-l-1024x1024.jpg 1024w, https:\/\/praktiska.se\/wp-content\/uploads\/sites\/40\/2026\/01\/hampus-l-1200x1200.jpg 1200w\" \/>\n\t\t\t\t\t\t<\/div>\n\t\t\t\t\t<\/article>\n\t\t\t\t<\/li>\n\t\t\t\t\t\t\t\t\t\t\t\n\t\t\t\t\n\t\t\t\t<li class=\"l-col-6@md l-col-4@lg \" data-filter=\"amneslarare\">\n\t\t\t\t\t<article class=\"c-card \" data-variant=\"neutral\">\n\t\t\t\t\t\t<div class=\"c-card__content u-text-center\">\n\t\t\t\t\t\t\t\t\t\t\t\t\t\t\t<h3 class=\"c-card__title u-font-title-3\">\n\t\t\t\t\t\t\t\t\tLinn\u00e9a Engstrand\n\t\t\t\t\t\t\t\t<\/h3>\n\t\t\t\t\t\t\t\n\t\t\t\t\t\t\t\t\t\t\t\t\t\t\t<p class=\"position u-font-body\">Engelska, Naturkunskap, Religionskunskap<\/p>\n\t\t\t\t\t\t\t\n\t\t\t\t\t\t\t\t\t\t\t\t\t\t\t<div class=\"contact-info u-font-body\">\n\t\t\t\t\t\t\t\t\t\n\t\t\t\t\t\t\t\t\t\t\t\t\t\t\t\t\t\t\t\t\t\t\t\t\t\t\t\t\t\t<p class=\"email\"><a\n\t\t\t\t\t\t\t\t\t\t\t\t\thref=\"&#109;&#097;&#105;&#108;&#116;o&#058;&#108;in&#110;e&#097;.e&#110;gs&#116;ran&#100;&#064;p&#114;&#097;k&#116;i&#115;ka&#046;&#115;&#101;\"\n\t\t\t\t\t\t\t\t\t\t\t\t\tclass=\"u-text-link\">li&#110;&#110;&#101;&#097;&#046;&#101;&#110;gst&#114;a&#110;&#100;&#064;p&#114;&#097;k&#116;i&#115;k&#097;.&#115;&#101;<\/a>\n\t\t\t\t\t\t\t\t\t\t\t<\/p>\n\t\t\t\t\t\t\t\t\t\t\t\t\t\t\t\t\t\t\t\t\t\t\t\t\t\t\t<\/div>\n\t\t\t\t\t\t\t\n\t\t\t\t\t\t\t\t\t\t\t\t\t<\/div>\n\t\t\t\t\t\t<div class=\"c-card__media\">\n\t\t\t\t\t\t\t<img decoding=\"async\" width=\"400\" height=\"407\" src=\"https:\/\/praktiska.se\/wp-content\/uploads\/sites\/40\/2025\/08\/linnea-e-400x407.jpg\" class=\"u-radius-round u-ratio-landscape\" alt=\"Personfoto\" sizes=\"(max-width: 300px) 100vw, 300px\" srcset=\"https:\/\/praktiska.se\/wp-content\/uploads\/sites\/40\/2025\/08\/linnea-e-400x407.jpg 400w, https:\/\/praktiska.se\/wp-content\/uploads\/sites\/40\/2025\/08\/linnea-e-300x305.jpg 300w, https:\/\/praktiska.se\/wp-content\/uploads\/sites\/40\/2025\/08\/linnea-e-600x610.jpg 600w, https:\/\/praktiska.se\/wp-content\/uploads\/sites\/40\/2025\/08\/linnea-e-800x814.jpg 800w, https:\/\/praktiska.se\/wp-content\/uploads\/sites\/40\/2025\/08\/linnea-e-1024x1041.jpg 1024w, https:\/\/praktiska.se\/wp-content\/uploads\/sites\/40\/2025\/08\/linnea-e-1200x1220.jpg 1200w\" \/>\n\t\t\t\t\t\t<\/div>\n\t\t\t\t\t<\/article>\n\t\t\t\t<\/li>\n\t\t\t\t\t\t\t\t\t\t\t\n\t\t\t\t\n\t\t\t\t<li class=\"l-col-6@md l-col-4@lg \" data-filter=\"amneslarare\">\n\t\t\t\t\t<article class=\"c-card \" data-variant=\"neutral\">\n\t\t\t\t\t\t<div class=\"c-card__content u-text-center\">\n\t\t\t\t\t\t\t\t\t\t\t\t\t\t\t<h3 class=\"c-card__title u-font-title-3\">\n\t\t\t\t\t\t\t\t\tSandra Svahn\n\t\t\t\t\t\t\t\t<\/h3>\n\t\t\t\t\t\t\t\n\t\t\t\t\t\t\t\t\t\t\t\t\t\t\t<p class=\"position u-font-body\">Matematik<\/p>\n\t\t\t\t\t\t\t\n\t\t\t\t\t\t\t\t\t\t\t\t\t\t\t<div class=\"contact-info u-font-body\">\n\t\t\t\t\t\t\t\t\t\n\t\t\t\t\t\t\t\t\t\t\t\t\t\t\t\t\t\t\t\t\t\t\t\t\t\t\t\t\t\t<p class=\"email\"><a\n\t\t\t\t\t\t\t\t\t\t\t\t\thref=\"&#109;ail&#116;&#111;:&#115;&#097;&#110;&#100;&#114;a&#046;s&#118;&#097;&#104;&#110;&#064;pra&#107;t&#105;sk&#097;&#046;se\"\n\t\t\t\t\t\t\t\t\t\t\t\t\tclass=\"u-text-link\">sa&#110;&#100;&#114;&#097;.sv&#097;h&#110;&#064;&#112;&#114;aktis&#107;&#097;.s&#101;<\/a>\n\t\t\t\t\t\t\t\t\t\t\t<\/p>\n\t\t\t\t\t\t\t\t\t\t\t\t\t\t\t\t\t\t\t\t\t\t\t\t\t\t\t<\/div>\n\t\t\t\t\t\t\t\n\t\t\t\t\t\t\t\t\t\t\t\t\t<\/div>\n\t\t\t\t\t\t<div class=\"c-card__media\">\n\t\t\t\t\t\t\t<img decoding=\"async\" width=\"400\" height=\"533\" src=\"https:\/\/praktiska.se\/wp-content\/uploads\/sites\/40\/2025\/08\/sandra-s-400x533.jpg\" class=\"u-radius-round u-ratio-landscape\" alt=\"Personfoto\" sizes=\"(max-width: 300px) 100vw, 300px\" srcset=\"https:\/\/praktiska.se\/wp-content\/uploads\/sites\/40\/2025\/08\/sandra-s-400x533.jpg 400w, https:\/\/praktiska.se\/wp-content\/uploads\/sites\/40\/2025\/08\/sandra-s-300x400.jpg 300w, https:\/\/praktiska.se\/wp-content\/uploads\/sites\/40\/2025\/08\/sandra-s-600x800.jpg 600w, https:\/\/praktiska.se\/wp-content\/uploads\/sites\/40\/2025\/08\/sandra-s-800x1067.jpg 800w, https:\/\/praktiska.se\/wp-content\/uploads\/sites\/40\/2025\/08\/sandra-s-1024x1365.jpg 1024w, https:\/\/praktiska.se\/wp-content\/uploads\/sites\/40\/2025\/08\/sandra-s-1200x1600.jpg 1200w, https:\/\/praktiska.se\/wp-content\/uploads\/sites\/40\/2025\/08\/sandra-s-scaled.jpg 1920w\" \/>\n\t\t\t\t\t\t<\/div>\n\t\t\t\t\t<\/article>\n\t\t\t\t<\/li>\n\t\t\t\t\t\t\t\t\t\t\t\n\t\t\t\t\n\t\t\t\t<li class=\"l-col-6@md l-col-4@lg \" data-filter=\"amneslarare\">\n\t\t\t\t\t<article class=\"c-card \" data-variant=\"neutral\">\n\t\t\t\t\t\t<div class=\"c-card__content u-text-center\">\n\t\t\t\t\t\t\t\t\t\t\t\t\t\t\t<h3 class=\"c-card__title u-font-title-3\">\n\t\t\t\t\t\t\t\t\tSofie Stridsman\n\t\t\t\t\t\t\t\t<\/h3>\n\t\t\t\t\t\t\t\n\t\t\t\t\t\t\t\t\t\t\t\t\t\t\t<p class=\"position u-font-body\">Svenska, Historia, Idrott och h\u00e4lsa<\/p>\n\t\t\t\t\t\t\t\n\t\t\t\t\t\t\t\t\t\t\t\t\t\t\t<div class=\"contact-info u-font-body\">\n\t\t\t\t\t\t\t\t\t\n\t\t\t\t\t\t\t\t\t\t\t\t\t\t\t\t\t\t\t\t\t\t\t\t\t\t\t\t\t\t<p class=\"email\"><a\n\t\t\t\t\t\t\t\t\t\t\t\t\thref=\"mail&#116;o&#058;s&#111;&#102;&#105;e.strid&#115;m&#097;n&#064;&#112;&#114;&#097;&#107;&#116;i&#115;ka&#046;s&#101;\"\n\t\t\t\t\t\t\t\t\t\t\t\t\tclass=\"u-text-link\">s&#111;f&#105;e&#046;&#115;tr&#105;ds&#109;an&#064;&#112;&#114;&#097;k&#116;&#105;&#115;&#107;a&#046;&#115;&#101;<\/a>\n\t\t\t\t\t\t\t\t\t\t\t<\/p>\n\t\t\t\t\t\t\t\t\t\t\t\t\t\t\t\t\t\t\t\t\t\t\t\t\t\t\t<\/div>\n\t\t\t\t\t\t\t\n\t\t\t\t\t\t\t\t\t\t\t\t\t<\/div>\n\t\t\t\t\t\t<div class=\"c-card__media\">\n\t\t\t\t\t\t\t<img decoding=\"async\" width=\"400\" height=\"533\" src=\"https:\/\/praktiska.se\/wp-content\/uploads\/sites\/40\/2025\/12\/sofie-400x533.jpeg\" class=\"u-radius-round u-ratio-landscape\" alt=\"\" sizes=\"(max-width: 300px) 100vw, 300px\" srcset=\"https:\/\/praktiska.se\/wp-content\/uploads\/sites\/40\/2025\/12\/sofie-400x533.jpeg 400w, https:\/\/praktiska.se\/wp-content\/uploads\/sites\/40\/2025\/12\/sofie-300x400.jpeg 300w, https:\/\/praktiska.se\/wp-content\/uploads\/sites\/40\/2025\/12\/sofie-rotated.jpeg 480w\" \/>\n\t\t\t\t\t\t<\/div>\n\t\t\t\t\t<\/article>\n\t\t\t\t<\/li>\n\t\t\t\t\t\t\t\t\t\t\t\n\t\t\t\t\n\t\t\t\t<li class=\"l-col-6@md l-col-4@lg \" data-filter=\"amneslarare elevhalsa\">\n\t\t\t\t\t<article class=\"c-card \" data-variant=\"neutral\">\n\t\t\t\t\t\t<div class=\"c-card__content u-text-center\">\n\t\t\t\t\t\t\t\t\t\t\t\t\t\t\t<h3 class=\"c-card__title u-font-title-3\">\n\t\t\t\t\t\t\t\t\tUlrika L\u00f6nnetun Stigsdotter\n\t\t\t\t\t\t\t\t<\/h3>\n\t\t\t\t\t\t\t\n\t\t\t\t\t\t\t\t\t\t\t\t\t\t\t<p class=\"position u-font-body\">Specialpedagog, Svenska<\/p>\n\t\t\t\t\t\t\t\n\t\t\t\t\t\t\t\t\t\t\t\t\t\t\t<div class=\"contact-info u-font-body\">\n\t\t\t\t\t\t\t\t\t\t\t\t\t\t\t\t\t\t\t\t\t\t\t\t\t\t\t\t\t\t<p class=\"phone\"><a\n\t\t\t\t\t\t\t\t\t\t\t\t\thref=\"tel:0702831627\"\n\t\t\t\t\t\t\t\t\t\t\t\t\tclass=\"u-text-link\">070-283 16 27<\/a>\n\t\t\t\t\t\t\t\t\t\t\t<\/p>\n\t\t\t\t\t\t\t\t\t\t\t\t\t\t\t\t\t\t\t\n\t\t\t\t\t\t\t\t\t\t\t\t\t\t\t\t\t\t\t\t\t\t\t\t\t\t\t\t\t\t<p class=\"email\"><a\n\t\t\t\t\t\t\t\t\t\t\t\t\thref=\"&#109;&#097;&#105;&#108;&#116;&#111;&#058;ul&#114;ika&#046;lo&#110;n&#101;tu&#110;&#115;&#116;&#105;g&#115;d&#111;&#116;t&#101;r&#064;&#112;r&#097;&#107;t&#105;&#115;ka.&#115;&#101;\"\n\t\t\t\t\t\t\t\t\t\t\t\t\tclass=\"u-text-link\">ulr&#105;&#107;a.&#108;&#111;&#110;ne&#116;unstigs&#100;&#111;t&#116;er&#064;pr&#097;k&#116;i&#115;&#107;a.&#115;&#101;<\/a>\n\t\t\t\t\t\t\t\t\t\t\t<\/p>\n\t\t\t\t\t\t\t\t\t\t\t\t\t\t\t\t\t\t\t\t\t\t\t\t\t\t\t<\/div>\n\t\t\t\t\t\t\t\n\t\t\t\t\t\t\t\t\t\t\t\t\t<\/div>\n\t\t\t\t\t\t<div class=\"c-card__media\">\n\t\t\t\t\t\t\t<img decoding=\"async\" width=\"300\" height=\"243\" src=\"https:\/\/praktiska.se\/wp-content\/uploads\/sites\/40\/2024\/01\/ulrika-lonnetun-stigsdotter.jpeg\" class=\"u-radius-round u-ratio-landscape\" alt=\"Personportr\u00e4tt\" sizes=\"(max-width: 300px) 100vw, 300px\" \/>\n\t\t\t\t\t\t<\/div>\n\t\t\t\t\t<\/article>\n\t\t\t\t<\/li>\n\t\t\t\t\t\t\t\t\t\t\t\n\t\t\t\t\n\t\t\t\t<li class=\"l-col-6@md l-col-4@lg \" data-filter=\"amneslarare\">\n\t\t\t\t\t<article class=\"c-card \" data-variant=\"neutral\">\n\t\t\t\t\t\t<div class=\"c-card__content u-text-center\">\n\t\t\t\t\t\t\t\t\t\t\t\t\t\t\t<h3 class=\"c-card__title u-font-title-3\">\n\t\t\t\t\t\t\t\t\tUrban Andersson\n\t\t\t\t\t\t\t\t<\/h3>\n\t\t\t\t\t\t\t\n\t\t\t\t\t\t\t\t\t\t\t\t\t\t\t<p class=\"position u-font-body\">Matematik, Naturkunskap, Idrott och h\u00e4lsa<\/p>\n\t\t\t\t\t\t\t\n\t\t\t\t\t\t\t\t\t\t\t\t\t\t\t<div class=\"contact-info u-font-body\">\n\t\t\t\t\t\t\t\t\t\n\t\t\t\t\t\t\t\t\t\t\t\t\t\t\t\t\t\t\t\t\t\t\t\t\t\t\t\t\t\t<p class=\"email\"><a\n\t\t\t\t\t\t\t\t\t\t\t\t\thref=\"&#109;ail&#116;&#111;&#058;&#117;&#114;&#098;a&#110;&#046;a&#110;&#100;&#101;&#114;ss&#111;&#110;&#064;p&#114;a&#107;&#116;i&#115;&#107;a&#046;&#115;&#101;\"\n\t\t\t\t\t\t\t\t\t\t\t\t\tclass=\"u-text-link\">urban&#046;&#097;nd&#101;&#114;sson&#064;pr&#097;ktis&#107;a&#046;&#115;&#101;<\/a>\n\t\t\t\t\t\t\t\t\t\t\t<\/p>\n\t\t\t\t\t\t\t\t\t\t\t\t\t\t\t\t\t\t\t\t\t\t\t\t\t\t\t<\/div>\n\t\t\t\t\t\t\t\n\t\t\t\t\t\t\t\t\t\t\t\t\t<\/div>\n\t\t\t\t\t\t<div class=\"c-card__media\">\n\t\t\t\t\t\t\t<img decoding=\"async\" width=\"400\" height=\"533\" src=\"https:\/\/praktiska.se\/wp-content\/uploads\/sites\/40\/2025\/08\/urban-400x533.jpg\" class=\"u-radius-round u-ratio-landscape\" alt=\"Personfoto\" sizes=\"(max-width: 300px) 100vw, 300px\" srcset=\"https:\/\/praktiska.se\/wp-content\/uploads\/sites\/40\/2025\/08\/urban-400x533.jpg 400w, https:\/\/praktiska.se\/wp-content\/uploads\/sites\/40\/2025\/08\/urban-300x400.jpg 300w, https:\/\/praktiska.se\/wp-content\/uploads\/sites\/40\/2025\/08\/urban-600x800.jpg 600w, https:\/\/praktiska.se\/wp-content\/uploads\/sites\/40\/2025\/08\/urban-800x1067.jpg 800w, https:\/\/praktiska.se\/wp-content\/uploads\/sites\/40\/2025\/08\/urban-1024x1365.jpg 1024w, https:\/\/praktiska.se\/wp-content\/uploads\/sites\/40\/2025\/08\/urban-1200x1600.jpg 1200w, https:\/\/praktiska.se\/wp-content\/uploads\/sites\/40\/2025\/08\/urban-scaled.jpg 1920w\" \/>\n\t\t\t\t\t\t<\/div>\n\t\t\t\t\t<\/article>\n\t\t\t\t<\/li>\n\t\t\t\t\t<\/ul>\n\n\t\t\n\t\t    <div class=\"ams-contact__more u-inline-items js-load-more-btn\">\n        <button href=\"#\"\n                class=\"c-btn\"\n                data-style=\"round\"\n                data-size=\"md\"\n                data-width=\"full-mobile\"\n                data-variant=\"outline\">\n        \tVisa mer\n        <\/button>\n    <\/div>\n\n\t\t\t<\/div>\n\n\t\t\n\n<\/section>\n\n\n\n<section \n\t\t class=\"\n\t\t ams-contact\n\t\t \n\t\t c-block l-stacked\n\t\t \n\t\t \n\t\t js-load-more\n\t\t \"\n\t\t data-color-scheme=\"white\"\n\t\t\t\t\tdata-count=\"50\"\n\t\t\t\t\t\t\tdata-count-mobile=\"2\"\n\t\t\t\t>\n\t<div\n\t\t class=\"\n\t\t l-container\n\t\t l-stack l-stack-fluid-2xl\n\t\t u-pt-fluid-3xl-6xl\n\t\t u-pb-fluid-3xl-6xl\n\t\t is-center\n\t\t is-center@md\n\t\t \">\n\t\t\t\t\t<div class=\"ams-contact__intro l-stack l-stack-lg\">\n\t\t\t\t\t\n\t<h2\n\tclass=\"c-heading u-font-title-1 \"\n\tstyle=\"\">\n\t\t\n\t\t\t\t\tYrkesl\u00e4rare\n\t\t\t\t\n\t<\/h2>\n\n\t\t\t\t\t\t\t<\/div>\n\t\t\n\t\t\n\t\t    \t\n\t\t\n\t\t<ul\n\t\t\tid=\"contact-grid-6a94f7d334e80\"\n\t\t\tclass=\"ams-contact__list l-grid u-gap-fluid-2xl-4xl u-justify-center js-results \"\n\t\t\taria-label=\"Kontakter\"\n\t\t\tdata-filter-animation=\"off\"\n\t\t\t>\n\t\t\t\t\t\t\t\t\t\t\t\n\t\t\t\t\n\t\t\t\t<li class=\"l-col-6@md l-col-4@lg \" data-filter=\"yrkeslarare\">\n\t\t\t\t\t<article class=\"c-card \" data-variant=\"neutral\">\n\t\t\t\t\t\t<div class=\"c-card__content u-text-center\">\n\t\t\t\t\t\t\t\t\t\t\t\t\t\t\t<h3 class=\"c-card__title u-font-title-3\">\n\t\t\t\t\t\t\t\t\tDamir Rasidovic\n\t\t\t\t\t\t\t\t<\/h3>\n\t\t\t\t\t\t\t\n\t\t\t\t\t\t\t\t\t\t\t\t\t\t\t<p class=\"position u-font-body\">El och energi<\/p>\n\t\t\t\t\t\t\t\n\t\t\t\t\t\t\t\t\t\t\t\t\t\t\t<div class=\"contact-info u-font-body\">\n\t\t\t\t\t\t\t\t\t\t\t\t\t\t\t\t\t\t\t\t\t\t\t\t\t\t\t\t\t\t<p class=\"phone\"><a\n\t\t\t\t\t\t\t\t\t\t\t\t\thref=\"tel:0705599927\"\n\t\t\t\t\t\t\t\t\t\t\t\t\tclass=\"u-text-link\">070-559 99 27<\/a>\n\t\t\t\t\t\t\t\t\t\t\t<\/p>\n\t\t\t\t\t\t\t\t\t\t\t\t\t\t\t\t\t\t\t\n\t\t\t\t\t\t\t\t\t\t\t\t\t\t\t\t\t\t\t\t\t\t\t\t\t\t\t\t\t\t<p class=\"email\"><a\n\t\t\t\t\t\t\t\t\t\t\t\t\thref=\"&#109;ailto&#058;&#100;&#097;&#109;ir.ra&#115;&#105;&#100;o&#118;i&#099;&#064;&#112;r&#097;&#107;t&#105;&#115;&#107;a.se\"\n\t\t\t\t\t\t\t\t\t\t\t\t\tclass=\"u-text-link\">d&#097;&#109;ir.r&#097;sidov&#105;&#099;&#064;prakt&#105;&#115;ka.&#115;&#101;<\/a>\n\t\t\t\t\t\t\t\t\t\t\t<\/p>\n\t\t\t\t\t\t\t\t\t\t\t\t\t\t\t\t\t\t\t\t\t\t\t\t\t\t\t<\/div>\n\t\t\t\t\t\t\t\n\t\t\t\t\t\t\t\t\t\t\t\t\t<\/div>\n\t\t\t\t\t\t<div class=\"c-card__media\">\n\t\t\t\t\t\t\t<img decoding=\"async\" width=\"400\" height=\"533\" src=\"https:\/\/praktiska.se\/wp-content\/uploads\/sites\/40\/2025\/08\/1000021861-1-400x533.jpg\" class=\"u-radius-round u-ratio-landscape\" alt=\"Personfoto\" sizes=\"(max-width: 300px) 100vw, 300px\" srcset=\"https:\/\/praktiska.se\/wp-content\/uploads\/sites\/40\/2025\/08\/1000021861-1-400x533.jpg 400w, https:\/\/praktiska.se\/wp-content\/uploads\/sites\/40\/2025\/08\/1000021861-1-300x400.jpg 300w, https:\/\/praktiska.se\/wp-content\/uploads\/sites\/40\/2025\/08\/1000021861-1-600x800.jpg 600w, https:\/\/praktiska.se\/wp-content\/uploads\/sites\/40\/2025\/08\/1000021861-1-800x1067.jpg 800w, https:\/\/praktiska.se\/wp-content\/uploads\/sites\/40\/2025\/08\/1000021861-1-1024x1365.jpg 1024w, https:\/\/praktiska.se\/wp-content\/uploads\/sites\/40\/2025\/08\/1000021861-1-1200x1600.jpg 1200w, https:\/\/praktiska.se\/wp-content\/uploads\/sites\/40\/2025\/08\/1000021861-1-scaled.jpg 1920w\" \/>\n\t\t\t\t\t\t<\/div>\n\t\t\t\t\t<\/article>\n\t\t\t\t<\/li>\n\t\t\t\t\t\t\t\t\t\t\t\n\t\t\t\t\n\t\t\t\t<li class=\"l-col-6@md l-col-4@lg \" data-filter=\"yrkeslarare\">\n\t\t\t\t\t<article class=\"c-card \" data-variant=\"neutral\">\n\t\t\t\t\t\t<div class=\"c-card__content u-text-center\">\n\t\t\t\t\t\t\t\t\t\t\t\t\t\t\t<h3 class=\"c-card__title u-font-title-3\">\n\t\t\t\t\t\t\t\t\tErmina Nanic\n\t\t\t\t\t\t\t\t<\/h3>\n\t\t\t\t\t\t\t\n\t\t\t\t\t\t\t\t\t\t\t\t\t\t\t<p class=\"position u-font-body\">F\u00f6rs\u00e4ljning och service<\/p>\n\t\t\t\t\t\t\t\n\t\t\t\t\t\t\t\t\t\t\t\t\t\t\t<div class=\"contact-info u-font-body\">\n\t\t\t\t\t\t\t\t\t\t\t\t\t\t\t\t\t\t\t\t\t\t\t\t\t\t\t\t\t\t<p class=\"phone\"><a\n\t\t\t\t\t\t\t\t\t\t\t\t\thref=\"tel:0705299908\"\n\t\t\t\t\t\t\t\t\t\t\t\t\tclass=\"u-text-link\">070-529 99 08<\/a>\n\t\t\t\t\t\t\t\t\t\t\t<\/p>\n\t\t\t\t\t\t\t\t\t\t\t\t\t\t\t\t\t\t\t\n\t\t\t\t\t\t\t\t\t\t\t\t\t\t\t\t\t\t\t\t\t\t\t\t\t\t\t\t\t\t<p class=\"email\"><a\n\t\t\t\t\t\t\t\t\t\t\t\t\thref=\"&#109;a&#105;&#108;to:e&#114;&#109;&#105;na.&#110;ani&#099;&#064;&#112;r&#097;&#107;&#116;&#105;&#115;k&#097;&#046;s&#101;\"\n\t\t\t\t\t\t\t\t\t\t\t\t\tclass=\"u-text-link\">&#101;rmin&#097;.&#110;a&#110;i&#099;&#064;p&#114;&#097;k&#116;iska.&#115;e<\/a>\n\t\t\t\t\t\t\t\t\t\t\t<\/p>\n\t\t\t\t\t\t\t\t\t\t\t\t\t\t\t\t\t\t\t\t\t\t\t\t\t\t\t<\/div>\n\t\t\t\t\t\t\t\n\t\t\t\t\t\t\t\t\t\t\t\t\t<\/div>\n\t\t\t\t\t\t<div class=\"c-card__media\">\n\t\t\t\t\t\t\t<img decoding=\"async\" width=\"300\" height=\"243\" src=\"https:\/\/praktiska.se\/wp-content\/uploads\/sites\/40\/2024\/01\/ermina-nanic.jpeg\" class=\"u-radius-round u-ratio-landscape\" alt=\"Personportr\u00e4tt\" sizes=\"(max-width: 300px) 100vw, 300px\" \/>\n\t\t\t\t\t\t<\/div>\n\t\t\t\t\t<\/article>\n\t\t\t\t<\/li>\n\t\t\t\t\t\t\t\t\t\t\t\n\t\t\t\t\n\t\t\t\t<li class=\"l-col-6@md l-col-4@lg \" data-filter=\"ledning yrkeslarare\">\n\t\t\t\t\t<article class=\"c-card \" data-variant=\"neutral\">\n\t\t\t\t\t\t<div class=\"c-card__content u-text-center\">\n\t\t\t\t\t\t\t\t\t\t\t\t\t\t\t<h3 class=\"c-card__title u-font-title-3\">\n\t\t\t\t\t\t\t\t\tFilip Strandqvist\n\t\t\t\t\t\t\t\t<\/h3>\n\t\t\t\t\t\t\t\n\t\t\t\t\t\t\t\t\t\t\t\t\t\t\t<p class=\"position u-font-body\">Bitr\u00e4dande rektor, VVS och fastighet<\/p>\n\t\t\t\t\t\t\t\n\t\t\t\t\t\t\t\t\t\t\t\t\t\t\t<div class=\"contact-info u-font-body\">\n\t\t\t\t\t\t\t\t\t\t\t\t\t\t\t\t\t\t\t\t\t\t\t\t\t\t\t\t\t\t<p class=\"phone\"><a\n\t\t\t\t\t\t\t\t\t\t\t\t\thref=\"tel:0725011305\"\n\t\t\t\t\t\t\t\t\t\t\t\t\tclass=\"u-text-link\">072-501 13 05<\/a>\n\t\t\t\t\t\t\t\t\t\t\t<\/p>\n\t\t\t\t\t\t\t\t\t\t\t\t\t\t\t\t\t\t\t\n\t\t\t\t\t\t\t\t\t\t\t\t\t\t\t\t\t\t\t\t\t\t\t\t\t\t\t\t\t\t<p class=\"email\"><a\n\t\t\t\t\t\t\t\t\t\t\t\t\thref=\"&#109;ai&#108;&#116;o&#058;&#102;&#105;l&#105;&#112;.s&#116;&#114;an&#100;&#113;&#118;&#105;st&#064;pra&#107;ti&#115;&#107;a.&#115;&#101;\"\n\t\t\t\t\t\t\t\t\t\t\t\t\tclass=\"u-text-link\">&#102;i&#108;&#105;&#112;.&#115;&#116;ran&#100;&#113;&#118;i&#115;t&#064;&#112;&#114;a&#107;&#116;&#105;ska&#046;&#115;e<\/a>\n\t\t\t\t\t\t\t\t\t\t\t<\/p>\n\t\t\t\t\t\t\t\t\t\t\t\t\t\t\t\t\t\t\t\t\t\t\t\t\t\t\t<\/div>\n\t\t\t\t\t\t\t\n\t\t\t\t\t\t\t\t\t\t\t\t\t<\/div>\n\t\t\t\t\t\t<div class=\"c-card__media\">\n\t\t\t\t\t\t\t<img decoding=\"async\" width=\"400\" height=\"533\" src=\"https:\/\/praktiska.se\/wp-content\/uploads\/sites\/40\/2025\/08\/filip-s-400x533.jpg\" class=\"u-radius-round u-ratio-landscape\" alt=\"Personfoto\" sizes=\"(max-width: 300px) 100vw, 300px\" srcset=\"https:\/\/praktiska.se\/wp-content\/uploads\/sites\/40\/2025\/08\/filip-s-400x533.jpg 400w, https:\/\/praktiska.se\/wp-content\/uploads\/sites\/40\/2025\/08\/filip-s-300x400.jpg 300w, https:\/\/praktiska.se\/wp-content\/uploads\/sites\/40\/2025\/08\/filip-s-600x800.jpg 600w, https:\/\/praktiska.se\/wp-content\/uploads\/sites\/40\/2025\/08\/filip-s-800x1067.jpg 800w, https:\/\/praktiska.se\/wp-content\/uploads\/sites\/40\/2025\/08\/filip-s-1024x1365.jpg 1024w, https:\/\/praktiska.se\/wp-content\/uploads\/sites\/40\/2025\/08\/filip-s-1200x1600.jpg 1200w, https:\/\/praktiska.se\/wp-content\/uploads\/sites\/40\/2025\/08\/filip-s-scaled.jpg 1920w\" \/>\n\t\t\t\t\t\t<\/div>\n\t\t\t\t\t<\/article>\n\t\t\t\t<\/li>\n\t\t\t\t\t\t\t\t\t\t\t\n\t\t\t\t\n\t\t\t\t<li class=\"l-col-6@md l-col-4@lg \" data-filter=\"yrkeslarare\">\n\t\t\t\t\t<article class=\"c-card \" data-variant=\"neutral\">\n\t\t\t\t\t\t<div class=\"c-card__content u-text-center\">\n\t\t\t\t\t\t\t\t\t\t\t\t\t\t\t<h3 class=\"c-card__title u-font-title-3\">\n\t\t\t\t\t\t\t\t\tOlof Nilsson\n\t\t\t\t\t\t\t\t<\/h3>\n\t\t\t\t\t\t\t\n\t\t\t\t\t\t\t\t\t\t\t\t\t\t\t<p class=\"position u-font-body\">Fordon och transport<\/p>\n\t\t\t\t\t\t\t\n\t\t\t\t\t\t\t\t\t\t\t\t\t\t\t<div class=\"contact-info u-font-body\">\n\t\t\t\t\t\t\t\t\t\t\t\t\t\t\t\t\t\t\t\t\t\t\t\t\t\t\t\t\t\t<p class=\"phone\"><a\n\t\t\t\t\t\t\t\t\t\t\t\t\thref=\"tel:0702763533\"\n\t\t\t\t\t\t\t\t\t\t\t\t\tclass=\"u-text-link\">070-276 35 33<\/a>\n\t\t\t\t\t\t\t\t\t\t\t<\/p>\n\t\t\t\t\t\t\t\t\t\t\t\t\t\t\t\t\t\t\t\n\t\t\t\t\t\t\t\t\t\t\t\t\t\t\t\t\t\t\t\t\t\t\t\t\t\t\t\t\t\t<p class=\"email\"><a\n\t\t\t\t\t\t\t\t\t\t\t\t\thref=\"mailt&#111;&#058;o&#108;of&#046;&#110;il&#115;&#115;&#111;n&#064;&#112;&#114;akt&#105;ska&#046;&#115;e\"\n\t\t\t\t\t\t\t\t\t\t\t\t\tclass=\"u-text-link\">o&#108;&#111;f.n&#105;&#108;&#115;&#115;&#111;&#110;&#064;&#112;&#114;ak&#116;i&#115;k&#097;&#046;&#115;&#101;<\/a>\n\t\t\t\t\t\t\t\t\t\t\t<\/p>\n\t\t\t\t\t\t\t\t\t\t\t\t\t\t\t\t\t\t\t\t\t\t\t\t\t\t\t<\/div>\n\t\t\t\t\t\t\t\n\t\t\t\t\t\t\t\t\t\t\t\t\t<\/div>\n\t\t\t\t\t\t<div class=\"c-card__media\">\n\t\t\t\t\t\t\t<img decoding=\"async\" width=\"400\" height=\"533\" src=\"https:\/\/praktiska.se\/wp-content\/uploads\/sites\/40\/2025\/08\/olof-n-400x533.jpg\" class=\"u-radius-round u-ratio-landscape\" alt=\"Personfoto\" sizes=\"(max-width: 300px) 100vw, 300px\" srcset=\"https:\/\/praktiska.se\/wp-content\/uploads\/sites\/40\/2025\/08\/olof-n-400x533.jpg 400w, https:\/\/praktiska.se\/wp-content\/uploads\/sites\/40\/2025\/08\/olof-n-300x400.jpg 300w, https:\/\/praktiska.se\/wp-content\/uploads\/sites\/40\/2025\/08\/olof-n-600x800.jpg 600w, https:\/\/praktiska.se\/wp-content\/uploads\/sites\/40\/2025\/08\/olof-n-800x1067.jpg 800w, https:\/\/praktiska.se\/wp-content\/uploads\/sites\/40\/2025\/08\/olof-n-1024x1365.jpg 1024w, https:\/\/praktiska.se\/wp-content\/uploads\/sites\/40\/2025\/08\/olof-n-1200x1600.jpg 1200w, https:\/\/praktiska.se\/wp-content\/uploads\/sites\/40\/2025\/08\/olof-n-scaled.jpg 1920w\" \/>\n\t\t\t\t\t\t<\/div>\n\t\t\t\t\t<\/article>\n\t\t\t\t<\/li>\n\t\t\t\t\t\t\t\t\t\t\t\n\t\t\t\t\n\t\t\t\t<li class=\"l-col-6@md l-col-4@lg \" data-filter=\"yrkeslarare\">\n\t\t\t\t\t<article class=\"c-card \" data-variant=\"neutral\">\n\t\t\t\t\t\t<div class=\"c-card__content u-text-center\">\n\t\t\t\t\t\t\t\t\t\t\t\t\t\t\t<h3 class=\"c-card__title u-font-title-3\">\n\t\t\t\t\t\t\t\t\tPatrik Hallgren\n\t\t\t\t\t\t\t\t<\/h3>\n\t\t\t\t\t\t\t\n\t\t\t\t\t\t\t\t\t\t\t\t\t\t\t<p class=\"position u-font-body\">Bygg och anl\u00e4ggning<\/p>\n\t\t\t\t\t\t\t\n\t\t\t\t\t\t\t\t\t\t\t\t\t\t\t<div class=\"contact-info u-font-body\">\n\t\t\t\t\t\t\t\t\t\t\t\t\t\t\t\t\t\t\t\t\t\t\t\t\t\t\t\t\t\t<p class=\"phone\"><a\n\t\t\t\t\t\t\t\t\t\t\t\t\thref=\"tel:0703930046\"\n\t\t\t\t\t\t\t\t\t\t\t\t\tclass=\"u-text-link\">070-393 00 46<\/a>\n\t\t\t\t\t\t\t\t\t\t\t<\/p>\n\t\t\t\t\t\t\t\t\t\t\t\t\t\t\t\t\t\t\t\n\t\t\t\t\t\t\t\t\t\t\t\t\t\t\t\t\t\t\t\t\t\t\t\t\t\t\t\t\t\t<p class=\"email\"><a\n\t\t\t\t\t\t\t\t\t\t\t\t\thref=\"&#109;&#097;i&#108;&#116;&#111;&#058;p&#097;tri&#107;&#046;&#104;al&#108;&#103;re&#110;&#064;pra&#107;&#116;&#105;&#115;k&#097;.s&#101;\"\n\t\t\t\t\t\t\t\t\t\t\t\t\tclass=\"u-text-link\">pa&#116;&#114;ik.hal&#108;gr&#101;&#110;&#064;&#112;&#114;&#097;&#107;ti&#115;k&#097;.se<\/a>\n\t\t\t\t\t\t\t\t\t\t\t<\/p>\n\t\t\t\t\t\t\t\t\t\t\t\t\t\t\t\t\t\t\t\t\t\t\t\t\t\t\t<\/div>\n\t\t\t\t\t\t\t\n\t\t\t\t\t\t\t\t\t\t\t\t\t<\/div>\n\t\t\t\t\t\t<div class=\"c-card__media\">\n\t\t\t\t\t\t\t<img decoding=\"async\" width=\"400\" height=\"533\" src=\"https:\/\/praktiska.se\/wp-content\/uploads\/sites\/40\/2025\/08\/patrik-h-400x533.jpg\" class=\"u-radius-round u-ratio-landscape\" alt=\"Personfoto\" sizes=\"(max-width: 300px) 100vw, 300px\" srcset=\"https:\/\/praktiska.se\/wp-content\/uploads\/sites\/40\/2025\/08\/patrik-h-400x533.jpg 400w, https:\/\/praktiska.se\/wp-content\/uploads\/sites\/40\/2025\/08\/patrik-h-300x400.jpg 300w, https:\/\/praktiska.se\/wp-content\/uploads\/sites\/40\/2025\/08\/patrik-h-600x800.jpg 600w, https:\/\/praktiska.se\/wp-content\/uploads\/sites\/40\/2025\/08\/patrik-h-800x1067.jpg 800w, https:\/\/praktiska.se\/wp-content\/uploads\/sites\/40\/2025\/08\/patrik-h-1024x1365.jpg 1024w, https:\/\/praktiska.se\/wp-content\/uploads\/sites\/40\/2025\/08\/patrik-h-1200x1600.jpg 1200w, https:\/\/praktiska.se\/wp-content\/uploads\/sites\/40\/2025\/08\/patrik-h-scaled.jpg 1920w\" \/>\n\t\t\t\t\t\t<\/div>\n\t\t\t\t\t<\/article>\n\t\t\t\t<\/li>\n\t\t\t\t\t\t\t\t\t\t\t\n\t\t\t\t\n\t\t\t\t<li class=\"l-col-6@md l-col-4@lg \" data-filter=\"yrkeslarare\">\n\t\t\t\t\t<article class=\"c-card \" data-variant=\"neutral\">\n\t\t\t\t\t\t<div class=\"c-card__content u-text-center\">\n\t\t\t\t\t\t\t\t\t\t\t\t\t\t\t<h3 class=\"c-card__title u-font-title-3\">\n\t\t\t\t\t\t\t\t\tChristian Berglund\n\t\t\t\t\t\t\t\t<\/h3>\n\t\t\t\t\t\t\t\n\t\t\t\t\t\t\t\t\t\t\t\t\t\t\t<p class=\"position u-font-body\">Industri och svets<\/p>\n\t\t\t\t\t\t\t\n\t\t\t\t\t\t\t\t\t\t\t\t\t\t\t<div class=\"contact-info u-font-body\">\n\t\t\t\t\t\t\t\t\t\t\t\t\t\t\t\t\t\t\t\t\t\t\t\t\t\t\t\t\t\t<p class=\"phone\"><a\n\t\t\t\t\t\t\t\t\t\t\t\t\thref=\"tel:0767615224\"\n\t\t\t\t\t\t\t\t\t\t\t\t\tclass=\"u-text-link\">076-761 52 24<\/a>\n\t\t\t\t\t\t\t\t\t\t\t<\/p>\n\t\t\t\t\t\t\t\t\t\t\t\t\t\t\t\t\t\t\t\n\t\t\t\t\t\t\t\t\t\t\t\t\t\t\t\t\t\t\t\t\t\t\t\t\t\t\t\t\t\t<p class=\"email\"><a\n\t\t\t\t\t\t\t\t\t\t\t\t\thref=\"&#109;&#097;i&#108;&#116;&#111;:&#099;h&#114;i&#115;&#116;ia&#110;.ber&#103;lu&#110;d&#064;pr&#097;&#107;t&#105;&#115;k&#097;&#046;&#115;&#101;\"\n\t\t\t\t\t\t\t\t\t\t\t\t\tclass=\"u-text-link\">c&#104;ri&#115;t&#105;&#097;&#110;.b&#101;rg&#108;&#117;&#110;&#100;&#064;&#112;rakt&#105;sk&#097;&#046;&#115;&#101;<\/a>\n\t\t\t\t\t\t\t\t\t\t\t<\/p>\n\t\t\t\t\t\t\t\t\t\t\t\t\t\t\t\t\t\t\t\t\t\t\t\t\t\t\t<\/div>\n\t\t\t\t\t\t\t\n\t\t\t\t\t\t\t\t\t\t\t\t\t<\/div>\n\t\t\t\t\t\t<div class=\"c-card__media\">\n\t\t\t\t\t\t\t<img decoding=\"async\" width=\"300\" height=\"240\" src=\"https:\/\/praktiska.se\/wp-content\/uploads\/2023\/11\/kontactplaceholder.png\" class=\"u-radius-round u-ratio-landscape\" alt=\"Avatarbild\" sizes=\"(max-width: 300px) 100vw, 300px\" \/>\n\t\t\t\t\t\t<\/div>\n\t\t\t\t\t<\/article>\n\t\t\t\t<\/li>\n\t\t\t\t\t\t\t\t\t\t\t\n\t\t\t\t\n\t\t\t\t<li class=\"l-col-6@md l-col-4@lg \" data-filter=\"yrkeslarare\">\n\t\t\t\t\t<article class=\"c-card \" data-variant=\"neutral\">\n\t\t\t\t\t\t<div class=\"c-card__content u-text-center\">\n\t\t\t\t\t\t\t\t\t\t\t\t\t\t\t<h3 class=\"c-card__title u-font-title-3\">\n\t\t\t\t\t\t\t\t\tHampus Petersson\n\t\t\t\t\t\t\t\t<\/h3>\n\t\t\t\t\t\t\t\n\t\t\t\t\t\t\t\t\t\t\t\t\t\t\t<p class=\"position u-font-body\">EL &#8211; VVS &#8211; Industri<\/p>\n\t\t\t\t\t\t\t\n\t\t\t\t\t\t\t\t\t\t\t\t\t\t\t<div class=\"contact-info u-font-body\">\n\t\t\t\t\t\t\t\t\t\t\t\t\t\t\t\t\t\t\t\t\t\t\t\t\t\t\t\t\t\t<p class=\"phone\"><a\n\t\t\t\t\t\t\t\t\t\t\t\t\thref=\"tel:0761153681\"\n\t\t\t\t\t\t\t\t\t\t\t\t\tclass=\"u-text-link\">076-115 36 81<\/a>\n\t\t\t\t\t\t\t\t\t\t\t<\/p>\n\t\t\t\t\t\t\t\t\t\t\t\t\t\t\t\t\t\t\t\n\t\t\t\t\t\t\t\t\t\t\t\t\t\t\t\t\t\t\t\t\t\t\t\t\t\t\t\t\t\t<p class=\"email\"><a\n\t\t\t\t\t\t\t\t\t\t\t\t\thref=\"&#109;&#097;&#105;l&#116;o&#058;&#104;ampu&#115;&#046;&#112;&#101;&#116;er&#115;s&#111;&#110;&#064;&#112;&#114;a&#107;&#116;&#105;ska&#046;se\"\n\t\t\t\t\t\t\t\t\t\t\t\t\tclass=\"u-text-link\">ha&#109;p&#117;&#115;&#046;&#112;et&#101;r&#115;&#115;&#111;n&#064;prakt&#105;ska&#046;s&#101;<\/a>\n\t\t\t\t\t\t\t\t\t\t\t<\/p>\n\t\t\t\t\t\t\t\t\t\t\t\t\t\t\t\t\t\t\t\t\t\t\t\t\t\t\t<\/div>\n\t\t\t\t\t\t\t\n\t\t\t\t\t\t\t\t\t\t\t\t\t<\/div>\n\t\t\t\t\t\t<div class=\"c-card__media\">\n\t\t\t\t\t\t\t<img decoding=\"async\" width=\"400\" height=\"426\" src=\"https:\/\/praktiska.se\/wp-content\/uploads\/sites\/40\/2025\/08\/20250814113403-400x426.jpg\" class=\"u-radius-round u-ratio-landscape\" alt=\"Personfoto\" sizes=\"(max-width: 300px) 100vw, 300px\" srcset=\"https:\/\/praktiska.se\/wp-content\/uploads\/sites\/40\/2025\/08\/20250814113403-400x426.jpg 400w, https:\/\/praktiska.se\/wp-content\/uploads\/sites\/40\/2025\/08\/20250814113403-300x320.jpg 300w, https:\/\/praktiska.se\/wp-content\/uploads\/sites\/40\/2025\/08\/20250814113403-600x640.jpg 600w, https:\/\/praktiska.se\/wp-content\/uploads\/sites\/40\/2025\/08\/20250814113403-800x853.jpg 800w, https:\/\/praktiska.se\/wp-content\/uploads\/sites\/40\/2025\/08\/20250814113403-1024x1092.jpg 1024w, https:\/\/praktiska.se\/wp-content\/uploads\/sites\/40\/2025\/08\/20250814113403-1200x1279.jpg 1200w\" \/>\n\t\t\t\t\t\t<\/div>\n\t\t\t\t\t<\/article>\n\t\t\t\t<\/li>\n\t\t\t\t\t\t\t\t\t\t\t\n\t\t\t\t\n\t\t\t\t<li class=\"l-col-6@md l-col-4@lg \" data-filter=\"elevhalsa yrkeslarare\">\n\t\t\t\t\t<article class=\"c-card \" data-variant=\"neutral\">\n\t\t\t\t\t\t<div class=\"c-card__content u-text-center\">\n\t\t\t\t\t\t\t\t\t\t\t\t\t\t\t<h3 class=\"c-card__title u-font-title-3\">\n\t\t\t\t\t\t\t\t\tMikaela Westergren\n\t\t\t\t\t\t\t\t<\/h3>\n\t\t\t\t\t\t\t\n\t\t\t\t\t\t\t\t\t\t\t\t\t\t\t<p class=\"position u-font-body\">Socialpedagog, V\u00e5rd och omsorg<\/p>\n\t\t\t\t\t\t\t\n\t\t\t\t\t\t\t\t\t\t\t\t\t\t\t<div class=\"contact-info u-font-body\">\n\t\t\t\t\t\t\t\t\t\t\t\t\t\t\t\t\t\t\t\t\t\t\t\t\t\t\t\t\t\t<p class=\"phone\"><a\n\t\t\t\t\t\t\t\t\t\t\t\t\thref=\"tel:0702148329\"\n\t\t\t\t\t\t\t\t\t\t\t\t\tclass=\"u-text-link\">070-214 83 29<\/a>\n\t\t\t\t\t\t\t\t\t\t\t<\/p>\n\t\t\t\t\t\t\t\t\t\t\t\t\t\t\t\t\t\t\t\n\t\t\t\t\t\t\t\t\t\t\t\t\t\t\t\t\t\t\t\t\t\t\t\t\t\t\t\t\t\t<p class=\"email\"><a\n\t\t\t\t\t\t\t\t\t\t\t\t\thref=\"&#109;&#097;&#105;&#108;to:&#109;&#105;&#107;a&#101;la.w&#101;s&#116;&#101;&#114;gre&#110;&#064;pra&#107;&#116;i&#115;&#107;&#097;.s&#101;\"\n\t\t\t\t\t\t\t\t\t\t\t\t\tclass=\"u-text-link\">&#109;ikaela.&#119;es&#116;&#101;rg&#114;e&#110;&#064;pr&#097;&#107;&#116;&#105;&#115;&#107;&#097;&#046;&#115;&#101;<\/a>\n\t\t\t\t\t\t\t\t\t\t\t<\/p>\n\t\t\t\t\t\t\t\t\t\t\t\t\t\t\t\t\t\t\t\t\t\t\t\t\t\t\t<\/div>\n\t\t\t\t\t\t\t\n\t\t\t\t\t\t\t\t\t\t\t\t\t<\/div>\n\t\t\t\t\t\t<div class=\"c-card__media\">\n\t\t\t\t\t\t\t<img decoding=\"async\" width=\"400\" height=\"425\" src=\"https:\/\/praktiska.se\/wp-content\/uploads\/sites\/40\/2025\/08\/mikaela-w-400x425.jpg\" class=\"u-radius-round u-ratio-landscape\" alt=\"Personfoto\" sizes=\"(max-width: 300px) 100vw, 300px\" srcset=\"https:\/\/praktiska.se\/wp-content\/uploads\/sites\/40\/2025\/08\/mikaela-w-400x425.jpg 400w, https:\/\/praktiska.se\/wp-content\/uploads\/sites\/40\/2025\/08\/mikaela-w-300x319.jpg 300w, https:\/\/praktiska.se\/wp-content\/uploads\/sites\/40\/2025\/08\/mikaela-w-600x638.jpg 600w, https:\/\/praktiska.se\/wp-content\/uploads\/sites\/40\/2025\/08\/mikaela-w-800x850.jpg 800w, https:\/\/praktiska.se\/wp-content\/uploads\/sites\/40\/2025\/08\/mikaela-w-1024x1089.jpg 1024w, https:\/\/praktiska.se\/wp-content\/uploads\/sites\/40\/2025\/08\/mikaela-w-1200x1276.jpg 1200w\" \/>\n\t\t\t\t\t\t<\/div>\n\t\t\t\t\t<\/article>\n\t\t\t\t<\/li>\n\t\t\t\t\t\t\t\t\t\t\t\n\t\t\t\t\n\t\t\t\t<li class=\"l-col-6@md l-col-4@lg \" data-filter=\"yrkeslarare\">\n\t\t\t\t\t<article class=\"c-card \" data-variant=\"neutral\">\n\t\t\t\t\t\t<div class=\"c-card__content u-text-center\">\n\t\t\t\t\t\t\t\t\t\t\t\t\t\t\t<h3 class=\"c-card__title u-font-title-3\">\n\t\t\t\t\t\t\t\t\tStefan Skarstedt\n\t\t\t\t\t\t\t\t<\/h3>\n\t\t\t\t\t\t\t\n\t\t\t\t\t\t\t\t\t\t\t\t\t\t\t<p class=\"position u-font-body\">Bygg och anl\u00e4ggning<\/p>\n\t\t\t\t\t\t\t\n\t\t\t\t\t\t\t\t\t\t\t\t\t\t\t<div class=\"contact-info u-font-body\">\n\t\t\t\t\t\t\t\t\t\n\t\t\t\t\t\t\t\t\t\t\t\t\t\t\t\t\t\t\t\t\t\t\t\t\t\t\t\t\t\t<p class=\"email\"><a\n\t\t\t\t\t\t\t\t\t\t\t\t\thref=\"ma&#105;&#108;to&#058;st&#101;fan.&#115;&#107;&#097;r&#115;t&#101;&#100;&#116;&#064;&#112;&#114;akt&#105;&#115;k&#097;.s&#101;\"\n\t\t\t\t\t\t\t\t\t\t\t\t\tclass=\"u-text-link\">&#115;t&#101;&#102;&#097;n&#046;sk&#097;rs&#116;&#101;&#100;&#116;&#064;&#112;&#114;a&#107;&#116;&#105;s&#107;a&#046;s&#101;<\/a>\n\t\t\t\t\t\t\t\t\t\t\t<\/p>\n\t\t\t\t\t\t\t\t\t\t\t\t\t\t\t\t\t\t\t\t\t\t\t\t\t\t\t<\/div>\n\t\t\t\t\t\t\t\n\t\t\t\t\t\t\t\t\t\t\t\t\t<\/div>\n\t\t\t\t\t\t<div class=\"c-card__media\">\n\t\t\t\t\t\t\t<img decoding=\"async\" width=\"300\" height=\"240\" src=\"https:\/\/praktiska.se\/wp-content\/uploads\/2023\/11\/kontactplaceholder.png\" class=\"u-radius-round u-ratio-landscape\" alt=\"Avatarbild\" sizes=\"(max-width: 300px) 100vw, 300px\" \/>\n\t\t\t\t\t\t<\/div>\n\t\t\t\t\t<\/article>\n\t\t\t\t<\/li>\n\t\t\t\t\t\t\t\t\t\t\t\n\t\t\t\t\n\t\t\t\t<li class=\"l-col-6@md l-col-4@lg \" data-filter=\"yrkeslarare\">\n\t\t\t\t\t<article class=\"c-card \" data-variant=\"neutral\">\n\t\t\t\t\t\t<div class=\"c-card__content u-text-center\">\n\t\t\t\t\t\t\t\t\t\t\t\t\t\t\t<h3 class=\"c-card__title u-font-title-3\">\n\t\t\t\t\t\t\t\t\tStefanie Bi\u00f6rck\n\t\t\t\t\t\t\t\t<\/h3>\n\t\t\t\t\t\t\t\n\t\t\t\t\t\t\t\t\t\t\t\t\t\t\t<p class=\"position u-font-body\">F\u00f6rs\u00e4ljning och service<\/p>\n\t\t\t\t\t\t\t\n\t\t\t\t\t\t\t\t\t\t\t\t\t\t\t<div class=\"contact-info u-font-body\">\n\t\t\t\t\t\t\t\t\t\t\t\t\t\t\t\t\t\t\t\t\t\t\t\t\t\t\t\t\t\t<p class=\"phone\"><a\n\t\t\t\t\t\t\t\t\t\t\t\t\thref=\"tel:0761151107\"\n\t\t\t\t\t\t\t\t\t\t\t\t\tclass=\"u-text-link\">076-115 11 07<\/a>\n\t\t\t\t\t\t\t\t\t\t\t<\/p>\n\t\t\t\t\t\t\t\t\t\t\t\t\t\t\t\t\t\t\t\n\t\t\t\t\t\t\t\t\t\t\t\t\t\t\t\t\t\t\t\t\t\t\t\t\t\t\t\t\t\t<p class=\"email\"><a\n\t\t\t\t\t\t\t\t\t\t\t\t\thref=\"&#109;&#097;&#105;lt&#111;&#058;stef&#097;&#110;i&#101;.b&#105;&#111;&#114;c&#107;&#064;&#112;&#114;&#097;&#107;t&#105;&#115;&#107;a&#046;s&#101;\"\n\t\t\t\t\t\t\t\t\t\t\t\t\tclass=\"u-text-link\">&#115;t&#101;f&#097;n&#105;&#101;&#046;bi&#111;&#114;&#099;&#107;&#064;&#112;r&#097;&#107;&#116;&#105;&#115;ka.&#115;&#101;<\/a>\n\t\t\t\t\t\t\t\t\t\t\t<\/p>\n\t\t\t\t\t\t\t\t\t\t\t\t\t\t\t\t\t\t\t\t\t\t\t\t\t\t\t<\/div>\n\t\t\t\t\t\t\t\n\t\t\t\t\t\t\t\t\t\t\t\t\t<\/div>\n\t\t\t\t\t\t<div class=\"c-card__media\">\n\t\t\t\t\t\t\t<img decoding=\"async\" width=\"300\" height=\"240\" src=\"https:\/\/praktiska.se\/wp-content\/uploads\/2023\/11\/kontactplaceholder.png\" class=\"u-radius-round u-ratio-landscape\" alt=\"Avatarbild\" sizes=\"(max-width: 300px) 100vw, 300px\" \/>\n\t\t\t\t\t\t<\/div>\n\t\t\t\t\t<\/article>\n\t\t\t\t<\/li>\n\t\t\t\t\t\t\t\t\t\t\t\n\t\t\t\t\n\t\t\t\t<li class=\"l-col-6@md l-col-4@lg \" data-filter=\"yrkeslarare\">\n\t\t\t\t\t<article class=\"c-card \" data-variant=\"neutral\">\n\t\t\t\t\t\t<div class=\"c-card__content u-text-center\">\n\t\t\t\t\t\t\t\t\t\t\t\t\t\t\t<h3 class=\"c-card__title u-font-title-3\">\n\t\t\t\t\t\t\t\t\tThomas Hedberg\n\t\t\t\t\t\t\t\t<\/h3>\n\t\t\t\t\t\t\t\n\t\t\t\t\t\t\t\t\t\t\t\t\t\t\t<p class=\"position u-font-body\">Fordon och transport, Bygg och anl\u00e4ggning<\/p>\n\t\t\t\t\t\t\t\n\t\t\t\t\t\t\t\t\t\t\t\t\t\t\t<div class=\"contact-info u-font-body\">\n\t\t\t\t\t\t\t\t\t\n\t\t\t\t\t\t\t\t\t\t\t\t\t\t\t\t\t\t\t\t\t\t\t\t\t\t\t\t\t\t<p class=\"email\"><a\n\t\t\t\t\t\t\t\t\t\t\t\t\thref=\"ma&#105;lto&#058;&#116;ho&#109;a&#115;.hed&#098;er&#103;&#064;pr&#097;ktis&#107;&#097;.s&#101;\"\n\t\t\t\t\t\t\t\t\t\t\t\t\tclass=\"u-text-link\">t&#104;&#111;mas.&#104;e&#100;&#098;e&#114;&#103;&#064;p&#114;akt&#105;&#115;ka&#046;se<\/a>\n\t\t\t\t\t\t\t\t\t\t\t<\/p>\n\t\t\t\t\t\t\t\t\t\t\t\t\t\t\t\t\t\t\t\t\t\t\t\t\t\t\t<\/div>\n\t\t\t\t\t\t\t\n\t\t\t\t\t\t\t\t\t\t\t\t\t<\/div>\n\t\t\t\t\t\t<div class=\"c-card__media\">\n\t\t\t\t\t\t\t<img decoding=\"async\" width=\"300\" height=\"240\" src=\"https:\/\/praktiska.se\/wp-content\/uploads\/2023\/11\/kontactplaceholder.png\" class=\"u-radius-round u-ratio-landscape\" alt=\"Avatarbild\" sizes=\"(max-width: 300px) 100vw, 300px\" \/>\n\t\t\t\t\t\t<\/div>\n\t\t\t\t\t<\/article>\n\t\t\t\t<\/li>\n\t\t\t\t\t<\/ul>\n\n\t\t\n\t\t    <div class=\"ams-contact__more u-inline-items js-load-more-btn\">\n        <button href=\"#\"\n                class=\"c-btn\"\n                data-style=\"round\"\n                data-size=\"md\"\n                data-width=\"full-mobile\"\n                data-variant=\"outline\">\n        \tVisa mer\n        <\/button>\n    <\/div>\n\n\t\t\t<\/div>\n\n\t\t\n\n<\/section>\n\n\n\n<section id=elevhalsa\n\t\t class=\"\n\t\t ams-contact\n\t\t \n\t\t c-block l-stacked\n\t\t \n\t\t \n\t\t js-load-more\n\t\t \"\n\t\t data-color-scheme=\"white\"\n\t\t\t\t\tdata-count=\"50\"\n\t\t\t\t\t\t\tdata-count-mobile=\"2\"\n\t\t\t\t>\n\t<div\n\t\t class=\"\n\t\t l-container\n\t\t l-stack l-stack-fluid-2xl\n\t\t u-pt-fluid-3xl-6xl\n\t\t u-pb-fluid-3xl-6xl\n\t\t is-center\n\t\t is-center@md\n\t\t \">\n\t\t\t\t\t<div class=\"ams-contact__intro l-stack l-stack-lg\">\n\t\t\t\t\t\n\t<h2\n\tclass=\"c-heading u-font-title-1 \"\n\tstyle=\"\">\n\t\t\n\t\t\t\t\tElevh\u00e4lsa\n\t\t\t\t\n\t<\/h2>\n\n\t\t\t\t\t\t\t<\/div>\n\t\t\n\t\t\n\t\t    \t\n\t\t\n\t\t<ul\n\t\t\tid=\"contact-grid-6a94f7d33d50b\"\n\t\t\tclass=\"ams-contact__list l-grid u-gap-fluid-2xl-4xl u-justify-center js-results \"\n\t\t\taria-label=\"Kontakter\"\n\t\t\tdata-filter-animation=\"off\"\n\t\t\t>\n\t\t\t\t\t\t\t\t\t\t\t\n\t\t\t\t\n\t\t\t\t<li class=\"l-col-6@md l-col-4@lg \" data-filter=\"elevhalsa\">\n\t\t\t\t\t<article class=\"c-card \" data-variant=\"neutral\">\n\t\t\t\t\t\t<div class=\"c-card__content u-text-center\">\n\t\t\t\t\t\t\t\t\t\t\t\t\t\t\t<h3 class=\"c-card__title u-font-title-3\">\n\t\t\t\t\t\t\t\t\tJohanna Dahlberg\n\t\t\t\t\t\t\t\t<\/h3>\n\t\t\t\t\t\t\t\n\t\t\t\t\t\t\t\t\t\t\t\t\t\t\t<p class=\"position u-font-body\">Skolsk\u00f6terska<\/p>\n\t\t\t\t\t\t\t\n\t\t\t\t\t\t\t\t\t\t\t\t\t\t\t<div class=\"contact-info u-font-body\">\n\t\t\t\t\t\t\t\t\t\t\t\t\t\t\t\t\t\t\t\t\t\t\t\t\t\t\t\t\t\t<p class=\"phone\"><a\n\t\t\t\t\t\t\t\t\t\t\t\t\thref=\"tel:0724008137\"\n\t\t\t\t\t\t\t\t\t\t\t\t\tclass=\"u-text-link\">072-400 81 37<\/a>\n\t\t\t\t\t\t\t\t\t\t\t<\/p>\n\t\t\t\t\t\t\t\t\t\t\t\t\t\t\t\t\t\t\t\n\t\t\t\t\t\t\t\t\t\t\t\t\t\t\t\t\t\t\t\t\t\t\t\t\t\t\t\t\t\t<p class=\"email\"><a\n\t\t\t\t\t\t\t\t\t\t\t\t\thref=\"&#109;ailto&#058;joha&#110;n&#097;.&#100;&#097;&#104;&#108;ber&#103;&#064;&#112;r&#097;kti&#115;&#107;a&#046;&#115;&#101;\"\n\t\t\t\t\t\t\t\t\t\t\t\t\tclass=\"u-text-link\">j&#111;hann&#097;.&#100;ahl&#098;e&#114;g&#064;&#112;&#114;ak&#116;i&#115;ka&#046;&#115;&#101;<\/a>\n\t\t\t\t\t\t\t\t\t\t\t<\/p>\n\t\t\t\t\t\t\t\t\t\t\t\t\t\t\t\t\t\t\t\t\t\t\t\t\t\t\t<\/div>\n\t\t\t\t\t\t\t\n\t\t\t\t\t\t\t\t\t\t\t\t\t<\/div>\n\t\t\t\t\t\t<div class=\"c-card__media\">\n\t\t\t\t\t\t\t<img decoding=\"async\" width=\"300\" height=\"243\" src=\"https:\/\/praktiska.se\/wp-content\/uploads\/sites\/40\/2023\/12\/johanna-dahlberg.jpeg\" class=\"u-radius-round u-ratio-landscape\" alt=\"Personportr\u00e4tt\" sizes=\"(max-width: 300px) 100vw, 300px\" \/>\n\t\t\t\t\t\t<\/div>\n\t\t\t\t\t<\/article>\n\t\t\t\t<\/li>\n\t\t\t\t\t\t\t\t\t\t\t\n\t\t\t\t\n\t\t\t\t<li class=\"l-col-6@md l-col-4@lg \" data-filter=\"elevhalsa\">\n\t\t\t\t\t<article class=\"c-card \" data-variant=\"neutral\">\n\t\t\t\t\t\t<div class=\"c-card__content u-text-center\">\n\t\t\t\t\t\t\t\t\t\t\t\t\t\t\t<h3 class=\"c-card__title u-font-title-3\">\n\t\t\t\t\t\t\t\t\tMaria Heikkil\u00e4 Ek\n\t\t\t\t\t\t\t\t<\/h3>\n\t\t\t\t\t\t\t\n\t\t\t\t\t\t\t\t\t\t\t\t\t\t\t<p class=\"position u-font-body\">Kurator, Elevst\u00f6djare<\/p>\n\t\t\t\t\t\t\t\n\t\t\t\t\t\t\t\t\t\t\t\t\t\t\t<div class=\"contact-info u-font-body\">\n\t\t\t\t\t\t\t\t\t\n\t\t\t\t\t\t\t\t\t\t\t\t\t\t\t\t\t\t\t\t\t\t\t\t\t\t\t\t\t\t<p class=\"email\"><a\n\t\t\t\t\t\t\t\t\t\t\t\t\thref=\"m&#097;&#105;&#108;to&#058;m&#097;&#114;i&#097;&#046;h&#101;&#105;&#107;&#107;&#105;&#108;a&#101;&#107;&#064;&#112;&#114;&#097;&#107;t&#105;sk&#097;.s&#101;\"\n\t\t\t\t\t\t\t\t\t\t\t\t\tclass=\"u-text-link\">m&#097;r&#105;&#097;.h&#101;&#105;&#107;&#107;i&#108;&#097;&#101;&#107;&#064;pr&#097;ktis&#107;&#097;&#046;s&#101;<\/a>\n\t\t\t\t\t\t\t\t\t\t\t<\/p>\n\t\t\t\t\t\t\t\t\t\t\t\t\t\t\t\t\t\t\t\t\t\t\t\t\t\t\t<\/div>\n\t\t\t\t\t\t\t\n\t\t\t\t\t\t\t\t\t\t\t\t\t<\/div>\n\t\t\t\t\t\t<div class=\"c-card__media\">\n\t\t\t\t\t\t\t<img decoding=\"async\" width=\"300\" height=\"240\" src=\"https:\/\/praktiska.se\/wp-content\/uploads\/2023\/11\/kontactplaceholder.png\" class=\"u-radius-round u-ratio-landscape\" alt=\"Avatarbild\" sizes=\"(max-width: 300px) 100vw, 300px\" \/>\n\t\t\t\t\t\t<\/div>\n\t\t\t\t\t<\/article>\n\t\t\t\t<\/li>\n\t\t\t\t\t\t\t\t\t\t\t\n\t\t\t\t\n\t\t\t\t<li class=\"l-col-6@md l-col-4@lg \" data-filter=\"elevhalsa yrkeslarare\">\n\t\t\t\t\t<article class=\"c-card \" data-variant=\"neutral\">\n\t\t\t\t\t\t<div class=\"c-card__content u-text-center\">\n\t\t\t\t\t\t\t\t\t\t\t\t\t\t\t<h3 class=\"c-card__title u-font-title-3\">\n\t\t\t\t\t\t\t\t\tMikaela Westergren\n\t\t\t\t\t\t\t\t<\/h3>\n\t\t\t\t\t\t\t\n\t\t\t\t\t\t\t\t\t\t\t\t\t\t\t<p class=\"position u-font-body\">Socialpedagog, V\u00e5rd och omsorg<\/p>\n\t\t\t\t\t\t\t\n\t\t\t\t\t\t\t\t\t\t\t\t\t\t\t<div class=\"contact-info u-font-body\">\n\t\t\t\t\t\t\t\t\t\t\t\t\t\t\t\t\t\t\t\t\t\t\t\t\t\t\t\t\t\t<p class=\"phone\"><a\n\t\t\t\t\t\t\t\t\t\t\t\t\thref=\"tel:0702148329\"\n\t\t\t\t\t\t\t\t\t\t\t\t\tclass=\"u-text-link\">070-214 83 29<\/a>\n\t\t\t\t\t\t\t\t\t\t\t<\/p>\n\t\t\t\t\t\t\t\t\t\t\t\t\t\t\t\t\t\t\t\n\t\t\t\t\t\t\t\t\t\t\t\t\t\t\t\t\t\t\t\t\t\t\t\t\t\t\t\t\t\t<p class=\"email\"><a\n\t\t\t\t\t\t\t\t\t\t\t\t\thref=\"mail&#116;&#111;&#058;&#109;&#105;&#107;&#097;&#101;&#108;a&#046;w&#101;s&#116;ergr&#101;n&#064;&#112;r&#097;&#107;&#116;&#105;&#115;&#107;&#097;&#046;se\"\n\t\t\t\t\t\t\t\t\t\t\t\t\tclass=\"u-text-link\">m&#105;&#107;ae&#108;&#097;.w&#101;&#115;&#116;e&#114;g&#114;&#101;n&#064;p&#114;&#097;kt&#105;sk&#097;.se<\/a>\n\t\t\t\t\t\t\t\t\t\t\t<\/p>\n\t\t\t\t\t\t\t\t\t\t\t\t\t\t\t\t\t\t\t\t\t\t\t\t\t\t\t<\/div>\n\t\t\t\t\t\t\t\n\t\t\t\t\t\t\t\t\t\t\t\t\t<\/div>\n\t\t\t\t\t\t<div class=\"c-card__media\">\n\t\t\t\t\t\t\t<img decoding=\"async\" width=\"400\" height=\"425\" src=\"https:\/\/praktiska.se\/wp-content\/uploads\/sites\/40\/2025\/08\/mikaela-w-400x425.jpg\" class=\"u-radius-round u-ratio-landscape\" alt=\"Personfoto\" sizes=\"(max-width: 300px) 100vw, 300px\" srcset=\"https:\/\/praktiska.se\/wp-content\/uploads\/sites\/40\/2025\/08\/mikaela-w-400x425.jpg 400w, https:\/\/praktiska.se\/wp-content\/uploads\/sites\/40\/2025\/08\/mikaela-w-300x319.jpg 300w, https:\/\/praktiska.se\/wp-content\/uploads\/sites\/40\/2025\/08\/mikaela-w-600x638.jpg 600w, https:\/\/praktiska.se\/wp-content\/uploads\/sites\/40\/2025\/08\/mikaela-w-800x850.jpg 800w, https:\/\/praktiska.se\/wp-content\/uploads\/sites\/40\/2025\/08\/mikaela-w-1024x1089.jpg 1024w, https:\/\/praktiska.se\/wp-content\/uploads\/sites\/40\/2025\/08\/mikaela-w-1200x1276.jpg 1200w\" \/>\n\t\t\t\t\t\t<\/div>\n\t\t\t\t\t<\/article>\n\t\t\t\t<\/li>\n\t\t\t\t\t\t\t\t\t\t\t\n\t\t\t\t\n\t\t\t\t<li class=\"l-col-6@md l-col-4@lg \" data-filter=\"amneslarare elevhalsa\">\n\t\t\t\t\t<article class=\"c-card \" data-variant=\"neutral\">\n\t\t\t\t\t\t<div class=\"c-card__content u-text-center\">\n\t\t\t\t\t\t\t\t\t\t\t\t\t\t\t<h3 class=\"c-card__title u-font-title-3\">\n\t\t\t\t\t\t\t\t\tUlrika L\u00f6nnetun Stigsdotter\n\t\t\t\t\t\t\t\t<\/h3>\n\t\t\t\t\t\t\t\n\t\t\t\t\t\t\t\t\t\t\t\t\t\t\t<p class=\"position u-font-body\">Specialpedagog, Svenska<\/p>\n\t\t\t\t\t\t\t\n\t\t\t\t\t\t\t\t\t\t\t\t\t\t\t<div class=\"contact-info u-font-body\">\n\t\t\t\t\t\t\t\t\t\t\t\t\t\t\t\t\t\t\t\t\t\t\t\t\t\t\t\t\t\t<p class=\"phone\"><a\n\t\t\t\t\t\t\t\t\t\t\t\t\thref=\"tel:0702831627\"\n\t\t\t\t\t\t\t\t\t\t\t\t\tclass=\"u-text-link\">070-283 16 27<\/a>\n\t\t\t\t\t\t\t\t\t\t\t<\/p>\n\t\t\t\t\t\t\t\t\t\t\t\t\t\t\t\t\t\t\t\n\t\t\t\t\t\t\t\t\t\t\t\t\t\t\t\t\t\t\t\t\t\t\t\t\t\t\t\t\t\t<p class=\"email\"><a\n\t\t\t\t\t\t\t\t\t\t\t\t\thref=\"&#109;a&#105;lto:ul&#114;&#105;&#107;&#097;.lo&#110;n&#101;tun&#115;tig&#115;do&#116;te&#114;&#064;&#112;ra&#107;ti&#115;ka.s&#101;\"\n\t\t\t\t\t\t\t\t\t\t\t\t\tclass=\"u-text-link\">&#117;l&#114;ik&#097;.&#108;on&#110;&#101;&#116;u&#110;st&#105;&#103;&#115;&#100;&#111;tte&#114;&#064;pr&#097;kt&#105;sk&#097;.s&#101;<\/a>\n\t\t\t\t\t\t\t\t\t\t\t<\/p>\n\t\t\t\t\t\t\t\t\t\t\t\t\t\t\t\t\t\t\t\t\t\t\t\t\t\t\t<\/div>\n\t\t\t\t\t\t\t\n\t\t\t\t\t\t\t\t\t\t\t\t\t<\/div>\n\t\t\t\t\t\t<div class=\"c-card__media\">\n\t\t\t\t\t\t\t<img decoding=\"async\" width=\"300\" height=\"243\" src=\"https:\/\/praktiska.se\/wp-content\/uploads\/sites\/40\/2024\/01\/ulrika-lonnetun-stigsdotter.jpeg\" class=\"u-radius-round u-ratio-landscape\" alt=\"Personportr\u00e4tt\" sizes=\"(max-width: 300px) 100vw, 300px\" \/>\n\t\t\t\t\t\t<\/div>\n\t\t\t\t\t<\/article>\n\t\t\t\t<\/li>\n\t\t\t\t\t<\/ul>\n\n\t\t\n\t\t    <div class=\"ams-contact__more u-inline-items js-load-more-btn\">\n        <button href=\"#\"\n                class=\"c-btn\"\n                data-style=\"round\"\n                data-size=\"md\"\n                data-width=\"full-mobile\"\n                data-variant=\"outline\">\n        \tVisa mer\n        <\/button>\n    <\/div>\n\n\t\t\t<\/div>\n\n\t\t\n\n<\/section>\n\n\n\n<section  class=\"ams-cta ams-cta--stacked c-block l-stacked\" data-color-scheme=\"orange\">\n\t<div class=\"l-container-narrow l-stack l-stack-fluid-2xl u-pt-fluid-3xl-6xl u-pb-fluid-3xl-6xl is-center is-center@md\">\n\t\t\t\t\t<div class=\"ams-cta__intro l-stack l-stack-lg\">\n\t\t\t\t\t\n\t<h2\n\tclass=\"c-heading u-font-title-1 \"\n\tstyle=\"\">\n\t\t\n\t\t\t\t\tHar du synpunkter p\u00e5 v\u00e5r verksamhet?\n\t\t\t\t\n\t<\/h2>\n\n\t\t\t\t\t\t\t\t\t<div class=\"c-text l-stack u-cs-xl u-font-body\">\n\t\t\t\t\t\t<p><span data-sheets-root=\"1\" data-sheets-value=\"{&quot;1&quot;:2,&quot;2&quot;:&quot;Vi \u00e4r alltid intresserade av f\u00e5 veta vad som fungerar bra, men \u00e4ven det som fungerar mindre bra. Klicka dig vidare f\u00f6r att l\u00e4sa mer. &quot;}\" data-sheets-userformat=\"{&quot;2&quot;:899,&quot;3&quot;:{&quot;1&quot;:0},&quot;4&quot;:{&quot;1&quot;:2,&quot;2&quot;:14281427},&quot;10&quot;:0,&quot;11&quot;:4,&quot;12&quot;:0}\">Vi \u00e4r alltid intresserade av f\u00e5 veta vad som fungerar bra, men \u00e4ven det som fungerar mindre bra. Klicka dig vidare f\u00f6r att l\u00e4sa mer. <\/span><\/p>\n\n\t\t\t\t\t<\/div>\n\t\t\t\t\t\t\t<\/div>\n\t\t\n\t\t\n\t\t\t<div class=\"ams-cta__action u-inline-items\">\n\t\t\t\t\t\t\t\n\n\n\n<a href=\"https:\/\/praktiska.se\/vart-kvalitetsarbete\/lamna-synpunkter\/\"\n\t\n\tclass=\"c-btn \"\n\tdata-style=\"round\"\n\tdata-size=\"md\"\n\tdata-width=\"full-mobile\"\n\tdata-variant=\"default\"\n\ttarget=\"_blank\">\n\t\t\t<span class=\"label\"> L\u00e4mna synpunkter till oss<\/span>\n\t\t\t\t\t<i class=\"fa fa-external-link\" data-icon><\/i>\n\t\t\t\t<\/a>\n\t\t\t<\/div>\n\t<\/div>\n\n\t\t\n\n<\/section>\n","protected":false},"excerpt":{"rendered":"","protected":false},"author":1,"featured_media":0,"parent":0,"menu_order":0,"comment_status":"closed","ping_status":"closed","template":"archive-personal.php","meta":{"footnotes":""},"yoast_head":"<!-- This site is optimized with the Yoast SEO plugin v22.0 - https:\/\/yoast.com\/wordpress\/plugins\/seo\/ -->\n<title>Kontakta oss - Praktiska Gymnasiet V\u00e4xj\u00f6<\/title>\n<meta name=\"description\" content=\"H\u00e4r hittar du kontaktuppgifter till skolans personal. H\u00e4r finns ocks\u00e5 bes\u00f6ksadress och postadress till skolan.\" \/>\n<meta name=\"robots\" content=\"index, follow, max-snippet:-1, max-image-preview:large, max-video-preview:-1\" \/>\n<link rel=\"canonical\" href=\"https:\/\/praktiska.se\/vaxjo\/kontakt\/\" \/>\n<meta property=\"og:locale\" content=\"sv_SE\" \/>\n<meta property=\"og:type\" content=\"article\" \/>\n<meta property=\"og:title\" content=\"Kontakta oss - Praktiska Gymnasiet V\u00e4xj\u00f6\" \/>\n<meta property=\"og:description\" content=\"H\u00e4r hittar du kontaktuppgifter till skolans personal. H\u00e4r finns ocks\u00e5 bes\u00f6ksadress och postadress till skolan.\" \/>\n<meta property=\"og:url\" content=\"https:\/\/praktiska.se\/vaxjo\/kontakt\/\" \/>\n<meta property=\"og:site_name\" content=\"V\u00e4xj\u00f6\" \/>\n<meta property=\"article:modified_time\" content=\"2025-02-17T12:35:50+00:00\" \/>\n<meta name=\"twitter:card\" content=\"summary_large_image\" \/>\n<meta name=\"twitter:title\" content=\"Kontakta oss - Praktiska Gymnasiet V\u00e4xj\u00f6\" \/>\n<meta name=\"twitter:description\" content=\"H\u00e4r hittar du kontaktuppgifter till skolans personal. H\u00e4r finns ocks\u00e5 bes\u00f6ksadress och postadress till skolan.\" \/>\n<meta name=\"twitter:label1\" content=\"Est. reading time\" \/>\n\t<meta name=\"twitter:data1\" content=\"1 minut\" \/>\n<script type=\"application\/ld+json\" class=\"yoast-schema-graph\">{\"@context\":\"https:\/\/schema.org\",\"@graph\":[{\"@type\":\"WebPage\",\"@id\":\"https:\/\/praktiska.se\/vaxjo\/kontakt\/\",\"url\":\"https:\/\/praktiska.se\/vaxjo\/kontakt\/\",\"name\":\"Kontakta oss - Praktiska Gymnasiet V\u00e4xj\u00f6\",\"isPartOf\":{\"@id\":\"https:\/\/praktiska.se\/vaxjo\/#website\"},\"datePublished\":\"2023-02-14T10:25:26+00:00\",\"dateModified\":\"2025-02-17T12:35:50+00:00\",\"description\":\"H\u00e4r hittar du kontaktuppgifter till skolans personal. H\u00e4r finns ocks\u00e5 bes\u00f6ksadress och postadress till skolan.\",\"breadcrumb\":{\"@id\":\"https:\/\/praktiska.se\/vaxjo\/kontakt\/#breadcrumb\"},\"inLanguage\":\"sv-SE\",\"potentialAction\":[{\"@type\":\"ReadAction\",\"target\":[\"https:\/\/praktiska.se\/vaxjo\/kontakt\/\"]}]},{\"@type\":\"BreadcrumbList\",\"@id\":\"https:\/\/praktiska.se\/vaxjo\/kontakt\/#breadcrumb\",\"itemListElement\":[{\"@type\":\"ListItem\",\"position\":1,\"name\":\"Start\",\"item\":\"https:\/\/praktiska.se\/vaxjo\/\"},{\"@type\":\"ListItem\",\"position\":2,\"name\":\"Kontakta oss\"}]},{\"@type\":\"WebSite\",\"@id\":\"https:\/\/praktiska.se\/vaxjo\/#website\",\"url\":\"https:\/\/praktiska.se\/vaxjo\/\",\"name\":\"V\u00e4xj\u00f6\",\"description\":\"Vi utbildar framtidens arbetskraft\",\"potentialAction\":[{\"@type\":\"SearchAction\",\"target\":{\"@type\":\"EntryPoint\",\"urlTemplate\":\"https:\/\/praktiska.se\/vaxjo\/?s={search_term_string}\"},\"query-input\":\"required name=search_term_string\"}],\"inLanguage\":\"sv-SE\"}]}<\/script>\n<!-- \/ Yoast SEO plugin. -->","yoast_head_json":{"title":"Kontakta oss - Praktiska Gymnasiet V\u00e4xj\u00f6","description":"H\u00e4r hittar du kontaktuppgifter till skolans personal. H\u00e4r finns ocks\u00e5 bes\u00f6ksadress och postadress till skolan.","robots":{"index":"index","follow":"follow","max-snippet":"max-snippet:-1","max-image-preview":"max-image-preview:large","max-video-preview":"max-video-preview:-1"},"canonical":"https:\/\/praktiska.se\/vaxjo\/kontakt\/","og_locale":"sv_SE","og_type":"article","og_title":"Kontakta oss - Praktiska Gymnasiet V\u00e4xj\u00f6","og_description":"H\u00e4r hittar du kontaktuppgifter till skolans personal. H\u00e4r finns ocks\u00e5 bes\u00f6ksadress och postadress till skolan.","og_url":"https:\/\/praktiska.se\/vaxjo\/kontakt\/","og_site_name":"V\u00e4xj\u00f6","article_modified_time":"2025-02-17T12:35:50+00:00","twitter_card":"summary_large_image","twitter_title":"Kontakta oss - Praktiska Gymnasiet V\u00e4xj\u00f6","twitter_description":"H\u00e4r hittar du kontaktuppgifter till skolans personal. H\u00e4r finns ocks\u00e5 bes\u00f6ksadress och postadress till skolan.","twitter_misc":{"Est. reading time":"1 minut"},"schema":{"@context":"https:\/\/schema.org","@graph":[{"@type":"WebPage","@id":"https:\/\/praktiska.se\/vaxjo\/kontakt\/","url":"https:\/\/praktiska.se\/vaxjo\/kontakt\/","name":"Kontakta oss - Praktiska Gymnasiet V\u00e4xj\u00f6","isPartOf":{"@id":"https:\/\/praktiska.se\/vaxjo\/#website"},"datePublished":"2023-02-14T10:25:26+00:00","dateModified":"2025-02-17T12:35:50+00:00","description":"H\u00e4r hittar du kontaktuppgifter till skolans personal. H\u00e4r finns ocks\u00e5 bes\u00f6ksadress och postadress till skolan.","breadcrumb":{"@id":"https:\/\/praktiska.se\/vaxjo\/kontakt\/#breadcrumb"},"inLanguage":"sv-SE","potentialAction":[{"@type":"ReadAction","target":["https:\/\/praktiska.se\/vaxjo\/kontakt\/"]}]},{"@type":"BreadcrumbList","@id":"https:\/\/praktiska.se\/vaxjo\/kontakt\/#breadcrumb","itemListElement":[{"@type":"ListItem","position":1,"name":"Start","item":"https:\/\/praktiska.se\/vaxjo\/"},{"@type":"ListItem","position":2,"name":"Kontakta oss"}]},{"@type":"WebSite","@id":"https:\/\/praktiska.se\/vaxjo\/#website","url":"https:\/\/praktiska.se\/vaxjo\/","name":"V\u00e4xj\u00f6","description":"Vi utbildar framtidens arbetskraft","potentialAction":[{"@type":"SearchAction","target":{"@type":"EntryPoint","urlTemplate":"https:\/\/praktiska.se\/vaxjo\/?s={search_term_string}"},"query-input":"required name=search_term_string"}],"inLanguage":"sv-SE"}]}},"_links":{"self":[{"href":"https:\/\/praktiska.se\/vaxjo\/wp-json\/wp\/v2\/pages\/94"}],"collection":[{"href":"https:\/\/praktiska.se\/vaxjo\/wp-json\/wp\/v2\/pages"}],"about":[{"href":"https:\/\/praktiska.se\/vaxjo\/wp-json\/wp\/v2\/types\/page"}],"author":[{"embeddable":true,"href":"https:\/\/praktiska.se\/vaxjo\/wp-json\/wp\/v2\/users\/1"}],"replies":[{"embeddable":true,"href":"https:\/\/praktiska.se\/vaxjo\/wp-json\/wp\/v2\/comments?post=94"}],"version-history":[{"count":10,"href":"https:\/\/praktiska.se\/vaxjo\/wp-json\/wp\/v2\/pages\/94\/revisions"}],"predecessor-version":[{"id":3123,"href":"https:\/\/praktiska.se\/vaxjo\/wp-json\/wp\/v2\/pages\/94\/revisions\/3123"}],"wp:attachment":[{"href":"https:\/\/praktiska.se\/vaxjo\/wp-json\/wp\/v2\/media?parent=94"}],"curies":[{"name":"wp","href":"https:\/\/api.w.org\/{rel}","templated":true}]}}