{"id":263,"date":"2023-02-14T13:43:32","date_gmt":"2023-02-14T12:43:32","guid":{"rendered":"https:\/\/praktiska.se\/sundsvall\/?page_id=263"},"modified":"2025-07-02T13:24:42","modified_gmt":"2025-07-02T11:24:42","slug":"program","status":"publish","type":"page","link":"https:\/\/praktiska.se\/sundsvall\/program\/","title":{"rendered":"V\u00e5ra program"},"content":{"rendered":"\n\n<section  class=\"ams-courses-list c-block l-stacked\" data-color-scheme=\"kurslistning\">\n\t<div class=\"l-container l-stack l-stack-fluid-2xl u-pt-fluid-3xl-6xl u-pb-fluid-3xl-6xl is-center is-center@md\">\n\t\t\t\t\t<div class=\"ams-courses-list__intro l-stack l-stack-lg\">\n\t\t\t\t\t\n\t<h1\n\tclass=\"c-heading u-font-title-1 \"\n\tstyle=\"\">\n\t\t\n\t\t\t\t\tAlla v\u00e5ra program\n\t\t\t\t\n\t<\/h1>\n\n\t\t\t\t\t\t\t\t\t<div class=\"c-text l-stack u-cs-xl u-font-body\">\n\t\t\t\t\t\t<p><span data-sheets-root=\"1\" data-sheets-value=\"{&quot;1&quot;:2,&quot;2&quot;:&quot;P\u00e5 den h\u00e4r sidan hittar du alla program vi erbjuder hos oss p\u00e5 Praktiska Gymnasiet ORT. Klicka p\u00e5 det program som du \u00e4r intresserad av f\u00f6r att f\u00e5 mer information och se vilka inriktningar inom programmet som du kan l\u00e4sa hos oss. &quot;}\" data-sheets-userformat=\"{&quot;2&quot;:4995,&quot;3&quot;:{&quot;1&quot;:0},&quot;4&quot;:{&quot;1&quot;:2,&quot;2&quot;:10797812},&quot;10&quot;:2,&quot;11&quot;:4,&quot;12&quot;:0,&quot;15&quot;:&quot;Helvetica Neue&quot;}\">P\u00e5 den h\u00e4r sidan hittar du alla program vi erbjuder hos oss p\u00e5 Praktiska Gymnasiet Sundsvall. Klicka p\u00e5 det program som du \u00e4r intresserad av f\u00f6r att f\u00e5 mer information och se vilka inriktningar inom programmet som du kan l\u00e4sa hos oss. <\/span><\/p>\n\n\t\t\t\t\t<\/div>\n\t\t\t\t\t\t\t<\/div>\n\t\t\n\t\t\n\t\t\t\n<ul class=\"ams-courses-list__list l-grid u-gap-fluid-2xl-4xl u-justify-center\">\n\t\t\t<li class=\"l-col-6@md l-col-4@lg\">\n\t\t\t<article class=\"c-card has-media-zoom  \"\n\t\t\t\t\t\tdata-variant=\"border-top\"\n\t\t\t\t\t\tdata-style=\"square\"\n\t\t\t\t\t\tdata-click-area>\n\t\t\t\t<div class=\"c-card__content l-stack l-stack-sm\">\n\t\t\t\t\t\t\t\t\t\t\t<h2 class=\"c-card__title u-font-title-3\">\n\t\t\t\t\t\t\t\t\t\t\t\t\t\t\t<a class=\"c-card__title-link\" href=\"https:\/\/praktiska.se\/sundsvall\/program\/bygg-och-anlaggningsprogrammet\/\">\n\t\t\t\t\t\t\t\t\tBygg och anl\u00e4ggning\n\t\t\t\t\t\t\t\t<\/a>\n\t\t\t\t\t\t\t\t\t\t\t\t\t<\/h2>\n\t\t\t\t\t\n\t\t\t\t\t\t\t\t\t\t\t<p class=\"c-card__text l-stack-xs u-font-body \">\n\t\t\t\t\t\t\tP\u00e5 Bygg och anl\u00e4ggning i Sundsvall kan du v\u00e4lja att l\u00e4sa husbyggnad, m\u00e5lare eller mark och anl\u00e4ggning.\n\t\t\t\t\t\t<\/p>\n\t\t\t\t\t\n\t\t\t\t\t\t\t\t\t\t\t\t\t\t\t\t<ul class=\"c-card__list u-list-none l-stack-grow u-divider-top u-font-body\">\n\t\t\t\t\t\t\t\t\t\t\t\t\t\t\t<li>\n\t\t\t\t\t\t\t\t\t<strong>Program<\/strong>\n\t\t\t\t\t\t\t\t\t<ul class=\"u-list-dash\">\n\t\t\t\t\t\t\t\t\t\t\t\t\t\t\t\t\t\t\t\t\t<li>Bygg- och anl\u00e4ggningsprogrammet<\/li>\n\t\t\t\t\t\t\t\t\t\t\t\t\t\t\t\t\t\t\t<\/ul>\n\t\t\t\t\t\t\t\t<\/li>\n\t\t\t\t\t\t\t\n\t\t\t\t\t\t\t\n\t\t\t\t\t\t\t\t<!-- Orientations within program -->\n\t\t\t\t\t\t\t\t\t\t\t\t\t\t\t\t<!-- .\/Orientations within program -->\n\n\t\t\t\t\t\t\t\t\t\t\t\t\t<\/ul>\n\n\t\t\t\t\t\t<div class=\"c-card__icon c-card__icon--nl\">\n\t\t\t\t\t\t\t\t\t\t\t\t\t\t<svg class=\"ams-icon ams-icon--arrow-right\" width=\"32\" height=\"32\" viewbox=\"0 0 32 32\" fill=\"currentColor\" aria-hidden=\"true\" xmlns=\"http:\/\/www.w3.org\/2000\/svg\">\n\t\t\t\t\t\t\t\t\t\t\t\t\t\t\t\t<path d=\"M15.4617 0.252159L14.9567 0.75931C14.6219 1.09545 14.6219 1.64048 14.9567 1.97669L27.7062 14.7806H0.857144C0.383786 14.7806 0 15.166 0 15.6414V16.3587C0 16.8341 0.383786 17.2195 0.857144 17.2195H27.7062L14.9567 30.0234C14.6219 30.3595 14.6219 30.9045 14.9567 31.2407L15.4617 31.7479C15.7964 32.084 16.3392 32.084 16.6739 31.7479L31.749 16.6087C32.0837 16.2725 32.0837 15.7275 31.749 15.3913L16.6739 0.252159C16.3392 -0.084053 15.7964 -0.084053 15.4617 0.252159Z\"\/>\n\t\t\t\t\t\t\t\n\t\t\t\t\t\t\t<\/svg>\n\t\t\t\t\t\t<\/div>\n\t\t\t\t\t\t\t\t\t<\/div>\n\t\t\t\t<div class=\"c-card__media \" style=\" \">\n\t\t\t\t\t<img decoding=\"async\" width=\"347\" height=\"260\" src=\"https:\/\/praktiska.se\/wp-content\/uploads\/sites\/34\/2023\/12\/baallaweb347x260px.jpg\" class=\"attachment-sm size-sm wp-post-image\" alt=\"F\u00f6rem\u00e5l som representerar Bygg- och anl\u00e4ggningsprogrammet ligger utlagda p\u00e5 m\u00f6rkt tr\u00e4.\" sizes=\"(min-width: 64em) 300px, (min-width: 48em) calc(.50 * (100vw - 240px)), calc(100vw - 160px)\" srcset=\"https:\/\/praktiska.se\/wp-content\/uploads\/sites\/34\/2023\/12\/baallaweb347x260px.jpg 347w, https:\/\/praktiska.se\/wp-content\/uploads\/sites\/34\/2023\/12\/baallaweb347x260px-300x225.jpg 300w\" \/>\n\t\t\t\t<\/div>\n\t\t\t<\/article>\n\t\t<\/li>\n\t\t\t<li class=\"l-col-6@md l-col-4@lg\">\n\t\t\t<article class=\"c-card has-media-zoom  \"\n\t\t\t\t\t\tdata-variant=\"border-top\"\n\t\t\t\t\t\tdata-style=\"square\"\n\t\t\t\t\t\tdata-click-area>\n\t\t\t\t<div class=\"c-card__content l-stack l-stack-sm\">\n\t\t\t\t\t\t\t\t\t\t\t<h2 class=\"c-card__title u-font-title-3\">\n\t\t\t\t\t\t\t\t\t\t\t\t\t\t\t<a class=\"c-card__title-link\" href=\"https:\/\/praktiska.se\/sundsvall\/program\/el-och-energiprogrammet\/\">\n\t\t\t\t\t\t\t\t\tEl och energi\n\t\t\t\t\t\t\t\t<\/a>\n\t\t\t\t\t\t\t\t\t\t\t\t\t<\/h2>\n\t\t\t\t\t\n\t\t\t\t\t\t\t\t\t\t\t<p class=\"c-card__text l-stack-xs u-font-body \">\n\t\t\t\t\t\t\tP\u00e5 El och energi i Sundsvall kan du v\u00e4lja att l\u00e4sa till elektriker eller automationstekniker.\n\t\t\t\t\t\t<\/p>\n\t\t\t\t\t\n\t\t\t\t\t\t\t\t\t\t\t\t\t\t\t\t<ul class=\"c-card__list u-list-none l-stack-grow u-divider-top u-font-body\">\n\t\t\t\t\t\t\t\t\t\t\t\t\t\t\t<li>\n\t\t\t\t\t\t\t\t\t<strong>Program<\/strong>\n\t\t\t\t\t\t\t\t\t<ul class=\"u-list-dash\">\n\t\t\t\t\t\t\t\t\t\t\t\t\t\t\t\t\t\t\t\t\t<li>El- och energiprogrammet<\/li>\n\t\t\t\t\t\t\t\t\t\t\t\t\t\t\t\t\t\t\t<\/ul>\n\t\t\t\t\t\t\t\t<\/li>\n\t\t\t\t\t\t\t\n\t\t\t\t\t\t\t\n\t\t\t\t\t\t\t\t<!-- Orientations within program -->\n\t\t\t\t\t\t\t\t\t\t\t\t\t\t\t\t<!-- .\/Orientations within program -->\n\n\t\t\t\t\t\t\t\t\t\t\t\t\t<\/ul>\n\n\t\t\t\t\t\t<div class=\"c-card__icon c-card__icon--nl\">\n\t\t\t\t\t\t\t\t\t\t\t\t\t\t<svg class=\"ams-icon ams-icon--arrow-right\" width=\"32\" height=\"32\" viewbox=\"0 0 32 32\" fill=\"currentColor\" aria-hidden=\"true\" xmlns=\"http:\/\/www.w3.org\/2000\/svg\">\n\t\t\t\t\t\t\t\t\t\t\t\t\t\t\t\t<path d=\"M15.4617 0.252159L14.9567 0.75931C14.6219 1.09545 14.6219 1.64048 14.9567 1.97669L27.7062 14.7806H0.857144C0.383786 14.7806 0 15.166 0 15.6414V16.3587C0 16.8341 0.383786 17.2195 0.857144 17.2195H27.7062L14.9567 30.0234C14.6219 30.3595 14.6219 30.9045 14.9567 31.2407L15.4617 31.7479C15.7964 32.084 16.3392 32.084 16.6739 31.7479L31.749 16.6087C32.0837 16.2725 32.0837 15.7275 31.749 15.3913L16.6739 0.252159C16.3392 -0.084053 15.7964 -0.084053 15.4617 0.252159Z\"\/>\n\t\t\t\t\t\t\t\n\t\t\t\t\t\t\t<\/svg>\n\t\t\t\t\t\t<\/div>\n\t\t\t\t\t\t\t\t\t<\/div>\n\t\t\t\t<div class=\"c-card__media \" style=\" \">\n\t\t\t\t\t<img decoding=\"async\" width=\"347\" height=\"260\" src=\"https:\/\/praktiska.se\/wp-content\/uploads\/sites\/34\/2023\/12\/eeallaweb347x260px.jpg\" class=\"attachment-sm size-sm wp-post-image\" alt=\"F\u00f6rem\u00e5l som representerar El- och energiprogrammet ligger utlagda p\u00e5 m\u00f6rkt tr\u00e4.\" sizes=\"(min-width: 64em) 300px, (min-width: 48em) calc(.50 * (100vw - 240px)), calc(100vw - 160px)\" srcset=\"https:\/\/praktiska.se\/wp-content\/uploads\/sites\/34\/2023\/12\/eeallaweb347x260px.jpg 347w, https:\/\/praktiska.se\/wp-content\/uploads\/sites\/34\/2023\/12\/eeallaweb347x260px-300x225.jpg 300w\" \/>\n\t\t\t\t<\/div>\n\t\t\t<\/article>\n\t\t<\/li>\n\t\t\t<li class=\"l-col-6@md l-col-4@lg\">\n\t\t\t<article class=\"c-card has-media-zoom  \"\n\t\t\t\t\t\tdata-variant=\"border-top\"\n\t\t\t\t\t\tdata-style=\"square\"\n\t\t\t\t\t\tdata-click-area>\n\t\t\t\t<div class=\"c-card__content l-stack l-stack-sm\">\n\t\t\t\t\t\t\t\t\t\t\t<h2 class=\"c-card__title u-font-title-3\">\n\t\t\t\t\t\t\t\t\t\t\t\t\t\t\t<a class=\"c-card__title-link\" href=\"https:\/\/praktiska.se\/sundsvall\/program\/fordons-och-transportprogrammet\/\">\n\t\t\t\t\t\t\t\t\tFordon och transport\n\t\t\t\t\t\t\t\t<\/a>\n\t\t\t\t\t\t\t\t\t\t\t\t\t<\/h2>\n\t\t\t\t\t\n\t\t\t\t\t\t\t\t\t\t\t<p class=\"c-card__text l-stack-xs u-font-body \">\n\t\t\t\t\t\t\tP\u00e5 Fordon och transport i Sundsvall kan du v\u00e4lja att l\u00e4sa till personbilsmekaniker, lastbilsmekaniker eller billackerare.\n\t\t\t\t\t\t<\/p>\n\t\t\t\t\t\n\t\t\t\t\t\t\t\t\t\t\t\t\t\t\t\t<ul class=\"c-card__list u-list-none l-stack-grow u-divider-top u-font-body\">\n\t\t\t\t\t\t\t\t\t\t\t\t\t\t\t<li>\n\t\t\t\t\t\t\t\t\t<strong>Program<\/strong>\n\t\t\t\t\t\t\t\t\t<ul class=\"u-list-dash\">\n\t\t\t\t\t\t\t\t\t\t\t\t\t\t\t\t\t\t\t\t\t<li>Fordons- och transportprogrammet<\/li>\n\t\t\t\t\t\t\t\t\t\t\t\t\t\t\t\t\t\t\t<\/ul>\n\t\t\t\t\t\t\t\t<\/li>\n\t\t\t\t\t\t\t\n\t\t\t\t\t\t\t\n\t\t\t\t\t\t\t\t<!-- Orientations within program -->\n\t\t\t\t\t\t\t\t\t\t\t\t\t\t\t\t<!-- .\/Orientations within program -->\n\n\t\t\t\t\t\t\t\t\t\t\t\t\t<\/ul>\n\n\t\t\t\t\t\t<div class=\"c-card__icon c-card__icon--nl\">\n\t\t\t\t\t\t\t\t\t\t\t\t\t\t<svg class=\"ams-icon ams-icon--arrow-right\" width=\"32\" height=\"32\" viewbox=\"0 0 32 32\" fill=\"currentColor\" aria-hidden=\"true\" xmlns=\"http:\/\/www.w3.org\/2000\/svg\">\n\t\t\t\t\t\t\t\t\t\t\t\t\t\t\t\t<path d=\"M15.4617 0.252159L14.9567 0.75931C14.6219 1.09545 14.6219 1.64048 14.9567 1.97669L27.7062 14.7806H0.857144C0.383786 14.7806 0 15.166 0 15.6414V16.3587C0 16.8341 0.383786 17.2195 0.857144 17.2195H27.7062L14.9567 30.0234C14.6219 30.3595 14.6219 30.9045 14.9567 31.2407L15.4617 31.7479C15.7964 32.084 16.3392 32.084 16.6739 31.7479L31.749 16.6087C32.0837 16.2725 32.0837 15.7275 31.749 15.3913L16.6739 0.252159C16.3392 -0.084053 15.7964 -0.084053 15.4617 0.252159Z\"\/>\n\t\t\t\t\t\t\t\n\t\t\t\t\t\t\t<\/svg>\n\t\t\t\t\t\t<\/div>\n\t\t\t\t\t\t\t\t\t<\/div>\n\t\t\t\t<div class=\"c-card__media \" style=\" \">\n\t\t\t\t\t<img decoding=\"async\" width=\"347\" height=\"260\" src=\"https:\/\/praktiska.se\/wp-content\/uploads\/sites\/34\/2023\/12\/ftallaweb347x260px.jpg\" class=\"attachment-sm size-sm wp-post-image\" alt=\"F\u00f6rem\u00e5l som representerar Fordons- och transportprogrammet ligger utlagda p\u00e5 m\u00f6rkt tr\u00e4.\" sizes=\"(min-width: 64em) 300px, (min-width: 48em) calc(.50 * (100vw - 240px)), calc(100vw - 160px)\" srcset=\"https:\/\/praktiska.se\/wp-content\/uploads\/sites\/34\/2023\/12\/ftallaweb347x260px.jpg 347w, https:\/\/praktiska.se\/wp-content\/uploads\/sites\/34\/2023\/12\/ftallaweb347x260px-300x225.jpg 300w\" \/>\n\t\t\t\t<\/div>\n\t\t\t<\/article>\n\t\t<\/li>\n\t\t\t<li class=\"l-col-6@md l-col-4@lg\">\n\t\t\t<article class=\"c-card has-media-zoom  \"\n\t\t\t\t\t\tdata-variant=\"border-top\"\n\t\t\t\t\t\tdata-style=\"square\"\n\t\t\t\t\t\tdata-click-area>\n\t\t\t\t<div class=\"c-card__content l-stack l-stack-sm\">\n\t\t\t\t\t\t\t\t\t\t\t<h2 class=\"c-card__title u-font-title-3\">\n\t\t\t\t\t\t\t\t\t\t\t\t\t\t\t<a class=\"c-card__title-link\" href=\"https:\/\/praktiska.se\/sundsvall\/program\/industritekniska-programmet\/\">\n\t\t\t\t\t\t\t\t\tIndustri\u00adteknik\n\t\t\t\t\t\t\t\t<\/a>\n\t\t\t\t\t\t\t\t\t\t\t\t\t<\/h2>\n\t\t\t\t\t\n\t\t\t\t\t\t\t\t\t\t\t<p class=\"c-card__text l-stack-xs u-font-body \">\n\t\t\t\t\t\t\tP\u00e5 Industritekniska programmet i Sundsvall kan du l\u00e4sa svetsare eller drifts\u00e4kerhet och underh\u00e5ll.\n\t\t\t\t\t\t<\/p>\n\t\t\t\t\t\n\t\t\t\t\t\t\t\t\t\t\t\t\t\t\t\t<ul class=\"c-card__list u-list-none l-stack-grow u-divider-top u-font-body\">\n\t\t\t\t\t\t\t\t\t\t\t\t\t\t\t<li>\n\t\t\t\t\t\t\t\t\t<strong>Program<\/strong>\n\t\t\t\t\t\t\t\t\t<ul class=\"u-list-dash\">\n\t\t\t\t\t\t\t\t\t\t\t\t\t\t\t\t\t\t\t\t\t<li>Industritekniska programmet<\/li>\n\t\t\t\t\t\t\t\t\t\t\t\t\t\t\t\t\t\t\t<\/ul>\n\t\t\t\t\t\t\t\t<\/li>\n\t\t\t\t\t\t\t\n\t\t\t\t\t\t\t\n\t\t\t\t\t\t\t\t<!-- Orientations within program -->\n\t\t\t\t\t\t\t\t\t\t\t\t\t\t\t\t<!-- .\/Orientations within program -->\n\n\t\t\t\t\t\t\t\t\t\t\t\t\t<\/ul>\n\n\t\t\t\t\t\t<div class=\"c-card__icon c-card__icon--nl\">\n\t\t\t\t\t\t\t\t\t\t\t\t\t\t<svg class=\"ams-icon ams-icon--arrow-right\" width=\"32\" height=\"32\" viewbox=\"0 0 32 32\" fill=\"currentColor\" aria-hidden=\"true\" xmlns=\"http:\/\/www.w3.org\/2000\/svg\">\n\t\t\t\t\t\t\t\t\t\t\t\t\t\t\t\t<path d=\"M15.4617 0.252159L14.9567 0.75931C14.6219 1.09545 14.6219 1.64048 14.9567 1.97669L27.7062 14.7806H0.857144C0.383786 14.7806 0 15.166 0 15.6414V16.3587C0 16.8341 0.383786 17.2195 0.857144 17.2195H27.7062L14.9567 30.0234C14.6219 30.3595 14.6219 30.9045 14.9567 31.2407L15.4617 31.7479C15.7964 32.084 16.3392 32.084 16.6739 31.7479L31.749 16.6087C32.0837 16.2725 32.0837 15.7275 31.749 15.3913L16.6739 0.252159C16.3392 -0.084053 15.7964 -0.084053 15.4617 0.252159Z\"\/>\n\t\t\t\t\t\t\t\n\t\t\t\t\t\t\t<\/svg>\n\t\t\t\t\t\t<\/div>\n\t\t\t\t\t\t\t\t\t<\/div>\n\t\t\t\t<div class=\"c-card__media \" style=\" \">\n\t\t\t\t\t<img decoding=\"async\" width=\"347\" height=\"260\" src=\"https:\/\/praktiska.se\/wp-content\/uploads\/sites\/34\/2023\/12\/inallaweb347x260px.jpg\" class=\"attachment-sm size-sm wp-post-image\" alt=\"F\u00f6rem\u00e5l som representerar Industritekniska programmet ligger utlagda p\u00e5 m\u00f6rkt tr\u00e4.\" sizes=\"(min-width: 64em) 300px, (min-width: 48em) calc(.50 * (100vw - 240px)), calc(100vw - 160px)\" srcset=\"https:\/\/praktiska.se\/wp-content\/uploads\/sites\/34\/2023\/12\/inallaweb347x260px.jpg 347w, https:\/\/praktiska.se\/wp-content\/uploads\/sites\/34\/2023\/12\/inallaweb347x260px-300x225.jpg 300w\" \/>\n\t\t\t\t<\/div>\n\t\t\t<\/article>\n\t\t<\/li>\n\t\t\t<li class=\"l-col-6@md l-col-4@lg\">\n\t\t\t<article class=\"c-card has-media-zoom  \"\n\t\t\t\t\t\tdata-variant=\"border-top\"\n\t\t\t\t\t\tdata-style=\"square\"\n\t\t\t\t\t\tdata-click-area>\n\t\t\t\t<div class=\"c-card__content l-stack l-stack-sm\">\n\t\t\t\t\t\t\t\t\t\t\t<h2 class=\"c-card__title u-font-title-3\">\n\t\t\t\t\t\t\t\t\t\t\t\t\t\t\t<a class=\"c-card__title-link\" href=\"https:\/\/praktiska.se\/sundsvall\/program\/introduktionsprogram\/\">\n\t\t\t\t\t\t\t\t\tIntroduktionsprogram\n\t\t\t\t\t\t\t\t<\/a>\n\t\t\t\t\t\t\t\t\t\t\t\t\t<\/h2>\n\t\t\t\t\t\n\t\t\t\t\t\t\t\t\t\t\t<p class=\"c-card__text l-stack-xs u-font-body \">\n\t\t\t\t\t\t\tP\u00e5 v\u00e5ra introduktionsprogram i Sundsvall kan du l\u00e4sa programinriktat val eller yrkesintroduktion\n\t\t\t\t\t\t<\/p>\n\t\t\t\t\t\n\t\t\t\t\t\t\t\t\t\t\t\t\t\t\t\t<ul class=\"c-card__list u-list-none l-stack-grow u-divider-top u-font-body\">\n\t\t\t\t\t\t\t\t\t\t\t\t\t\t\t<li>\n\t\t\t\t\t\t\t\t\t<strong>Program<\/strong>\n\t\t\t\t\t\t\t\t\t<ul class=\"u-list-dash\">\n\t\t\t\t\t\t\t\t\t\t\t\t\t\t\t\t\t\t\t\t\t<li>Introduktionsprogram<\/li>\n\t\t\t\t\t\t\t\t\t\t\t\t\t\t\t\t\t\t\t<\/ul>\n\t\t\t\t\t\t\t\t<\/li>\n\t\t\t\t\t\t\t\n\t\t\t\t\t\t\t\n\t\t\t\t\t\t\t\t<!-- Orientations within program -->\n\t\t\t\t\t\t\t\t\t\t\t\t\t\t\t\t<!-- .\/Orientations within program -->\n\n\t\t\t\t\t\t\t\t\t\t\t\t\t<\/ul>\n\n\t\t\t\t\t\t<div class=\"c-card__icon c-card__icon--nl\">\n\t\t\t\t\t\t\t\t\t\t\t\t\t\t<svg class=\"ams-icon ams-icon--arrow-right\" width=\"32\" height=\"32\" viewbox=\"0 0 32 32\" fill=\"currentColor\" aria-hidden=\"true\" xmlns=\"http:\/\/www.w3.org\/2000\/svg\">\n\t\t\t\t\t\t\t\t\t\t\t\t\t\t\t\t<path d=\"M15.4617 0.252159L14.9567 0.75931C14.6219 1.09545 14.6219 1.64048 14.9567 1.97669L27.7062 14.7806H0.857144C0.383786 14.7806 0 15.166 0 15.6414V16.3587C0 16.8341 0.383786 17.2195 0.857144 17.2195H27.7062L14.9567 30.0234C14.6219 30.3595 14.6219 30.9045 14.9567 31.2407L15.4617 31.7479C15.7964 32.084 16.3392 32.084 16.6739 31.7479L31.749 16.6087C32.0837 16.2725 32.0837 15.7275 31.749 15.3913L16.6739 0.252159C16.3392 -0.084053 15.7964 -0.084053 15.4617 0.252159Z\"\/>\n\t\t\t\t\t\t\t\n\t\t\t\t\t\t\t<\/svg>\n\t\t\t\t\t\t<\/div>\n\t\t\t\t\t\t\t\t\t<\/div>\n\t\t\t\t<div class=\"c-card__media \" style=\" \">\n\t\t\t\t\t<img decoding=\"async\" width=\"347\" height=\"260\" src=\"https:\/\/praktiska.se\/wp-content\/uploads\/sites\/34\/2023\/12\/allaweb347x260px.jpg\" class=\"attachment-sm size-sm wp-post-image\" alt=\"F\u00f6rem\u00e5l som representerar Praktiska Gymnasiets yrkesprogram ligger utlagda p\u00e5 m\u00f6rkt tr\u00e4.\" sizes=\"(min-width: 64em) 300px, (min-width: 48em) calc(.50 * (100vw - 240px)), calc(100vw - 160px)\" srcset=\"https:\/\/praktiska.se\/wp-content\/uploads\/sites\/34\/2023\/12\/allaweb347x260px.jpg 347w, https:\/\/praktiska.se\/wp-content\/uploads\/sites\/34\/2023\/12\/allaweb347x260px-300x225.jpg 300w\" \/>\n\t\t\t\t<\/div>\n\t\t\t<\/article>\n\t\t<\/li>\n\t\t\t<li class=\"l-col-6@md l-col-4@lg\">\n\t\t\t<article class=\"c-card has-media-zoom  \"\n\t\t\t\t\t\tdata-variant=\"border-top\"\n\t\t\t\t\t\tdata-style=\"square\"\n\t\t\t\t\t\tdata-click-area>\n\t\t\t\t<div class=\"c-card__content l-stack l-stack-sm\">\n\t\t\t\t\t\t\t\t\t\t\t<h2 class=\"c-card__title u-font-title-3\">\n\t\t\t\t\t\t\t\t\t\t\t\t\t\t\t<a class=\"c-card__title-link\" href=\"https:\/\/praktiska.se\/sundsvall\/program\/naturbruksprogrammet\/\">\n\t\t\t\t\t\t\t\t\tNaturbruk\n\t\t\t\t\t\t\t\t<\/a>\n\t\t\t\t\t\t\t\t\t\t\t\t\t<\/h2>\n\t\t\t\t\t\n\t\t\t\t\t\t\t\t\t\t\t<p class=\"c-card__text l-stack-xs u-font-body \">\n\t\t\t\t\t\t\tP\u00e5 Naturbruk i Sundsvall kan du l\u00e4sa till h\u00e4stsk\u00f6tare eller naturguide.\n\t\t\t\t\t\t<\/p>\n\t\t\t\t\t\n\t\t\t\t\t\t\t\t\t\t\t\t\t\t\t\t<ul class=\"c-card__list u-list-none l-stack-grow u-divider-top u-font-body\">\n\t\t\t\t\t\t\t\t\t\t\t\t\t\t\t<li>\n\t\t\t\t\t\t\t\t\t<strong>Program<\/strong>\n\t\t\t\t\t\t\t\t\t<ul class=\"u-list-dash\">\n\t\t\t\t\t\t\t\t\t\t\t\t\t\t\t\t\t\t\t\t\t<li>Naturbruksprogrammet<\/li>\n\t\t\t\t\t\t\t\t\t\t\t\t\t\t\t\t\t\t\t<\/ul>\n\t\t\t\t\t\t\t\t<\/li>\n\t\t\t\t\t\t\t\n\t\t\t\t\t\t\t\n\t\t\t\t\t\t\t\t<!-- Orientations within program -->\n\t\t\t\t\t\t\t\t\t\t\t\t\t\t\t\t<!-- .\/Orientations within program -->\n\n\t\t\t\t\t\t\t\t\t\t\t\t\t<\/ul>\n\n\t\t\t\t\t\t<div class=\"c-card__icon c-card__icon--nl\">\n\t\t\t\t\t\t\t\t\t\t\t\t\t\t<svg class=\"ams-icon ams-icon--arrow-right\" width=\"32\" height=\"32\" viewbox=\"0 0 32 32\" fill=\"currentColor\" aria-hidden=\"true\" xmlns=\"http:\/\/www.w3.org\/2000\/svg\">\n\t\t\t\t\t\t\t\t\t\t\t\t\t\t\t\t<path d=\"M15.4617 0.252159L14.9567 0.75931C14.6219 1.09545 14.6219 1.64048 14.9567 1.97669L27.7062 14.7806H0.857144C0.383786 14.7806 0 15.166 0 15.6414V16.3587C0 16.8341 0.383786 17.2195 0.857144 17.2195H27.7062L14.9567 30.0234C14.6219 30.3595 14.6219 30.9045 14.9567 31.2407L15.4617 31.7479C15.7964 32.084 16.3392 32.084 16.6739 31.7479L31.749 16.6087C32.0837 16.2725 32.0837 15.7275 31.749 15.3913L16.6739 0.252159C16.3392 -0.084053 15.7964 -0.084053 15.4617 0.252159Z\"\/>\n\t\t\t\t\t\t\t\n\t\t\t\t\t\t\t<\/svg>\n\t\t\t\t\t\t<\/div>\n\t\t\t\t\t\t\t\t\t<\/div>\n\t\t\t\t<div class=\"c-card__media \" style=\" \">\n\t\t\t\t\t<img decoding=\"async\" width=\"347\" height=\"260\" src=\"https:\/\/praktiska.se\/wp-content\/uploads\/sites\/34\/2023\/12\/nballaweb347x260px.jpg\" class=\"attachment-sm size-sm wp-post-image\" alt=\"F\u00f6rem\u00e5l som representerar Naturbruksprogrammet ligger utlagda p\u00e5 m\u00f6rkt tr\u00e4.\" sizes=\"(min-width: 64em) 300px, (min-width: 48em) calc(.50 * (100vw - 240px)), calc(100vw - 160px)\" srcset=\"https:\/\/praktiska.se\/wp-content\/uploads\/sites\/34\/2023\/12\/nballaweb347x260px.jpg 347w, https:\/\/praktiska.se\/wp-content\/uploads\/sites\/34\/2023\/12\/nballaweb347x260px-300x225.jpg 300w\" \/>\n\t\t\t\t<\/div>\n\t\t\t<\/article>\n\t\t<\/li>\n\t\t\t<li class=\"l-col-6@md l-col-4@lg\">\n\t\t\t<article class=\"c-card has-media-zoom  \"\n\t\t\t\t\t\tdata-variant=\"border-top\"\n\t\t\t\t\t\tdata-style=\"square\"\n\t\t\t\t\t\tdata-click-area>\n\t\t\t\t<div class=\"c-card__content l-stack l-stack-sm\">\n\t\t\t\t\t\t\t\t\t\t\t<h2 class=\"c-card__title u-font-title-3\">\n\t\t\t\t\t\t\t\t\t\t\t\t\t\t\t<a class=\"c-card__title-link\" href=\"https:\/\/praktiska.se\/sundsvall\/program\/restaurang-och-livsmedelsprogrammet\/\">\n\t\t\t\t\t\t\t\t\tRestaurang och livsmedel\n\t\t\t\t\t\t\t\t<\/a>\n\t\t\t\t\t\t\t\t\t\t\t\t\t<\/h2>\n\t\t\t\t\t\n\t\t\t\t\t\t\t\t\t\t\t<p class=\"c-card__text l-stack-xs u-font-body \">\n\t\t\t\t\t\t\tP\u00e5 Restaurang- och livsmedelsprogrammet i Sundsvall kan du l\u00e4sa till bagare och konditor.\n\t\t\t\t\t\t<\/p>\n\t\t\t\t\t\n\t\t\t\t\t\t\t\t\t\t\t\t\t\t\t\t<ul class=\"c-card__list u-list-none l-stack-grow u-divider-top u-font-body\">\n\t\t\t\t\t\t\t\t\t\t\t\t\t\t\t<li>\n\t\t\t\t\t\t\t\t\t<strong>Program<\/strong>\n\t\t\t\t\t\t\t\t\t<ul class=\"u-list-dash\">\n\t\t\t\t\t\t\t\t\t\t\t\t\t\t\t\t\t\t\t\t\t<li>Restaurang- och livsmedelsprogrammet<\/li>\n\t\t\t\t\t\t\t\t\t\t\t\t\t\t\t\t\t\t\t<\/ul>\n\t\t\t\t\t\t\t\t<\/li>\n\t\t\t\t\t\t\t\n\t\t\t\t\t\t\t\n\t\t\t\t\t\t\t\t<!-- Orientations within program -->\n\t\t\t\t\t\t\t\t\t\t\t\t\t\t\t\t<!-- .\/Orientations within program -->\n\n\t\t\t\t\t\t\t\t\t\t\t\t\t<\/ul>\n\n\t\t\t\t\t\t<div class=\"c-card__icon c-card__icon--nl\">\n\t\t\t\t\t\t\t\t\t\t\t\t\t\t<svg class=\"ams-icon ams-icon--arrow-right\" width=\"32\" height=\"32\" viewbox=\"0 0 32 32\" fill=\"currentColor\" aria-hidden=\"true\" xmlns=\"http:\/\/www.w3.org\/2000\/svg\">\n\t\t\t\t\t\t\t\t\t\t\t\t\t\t\t\t<path d=\"M15.4617 0.252159L14.9567 0.75931C14.6219 1.09545 14.6219 1.64048 14.9567 1.97669L27.7062 14.7806H0.857144C0.383786 14.7806 0 15.166 0 15.6414V16.3587C0 16.8341 0.383786 17.2195 0.857144 17.2195H27.7062L14.9567 30.0234C14.6219 30.3595 14.6219 30.9045 14.9567 31.2407L15.4617 31.7479C15.7964 32.084 16.3392 32.084 16.6739 31.7479L31.749 16.6087C32.0837 16.2725 32.0837 15.7275 31.749 15.3913L16.6739 0.252159C16.3392 -0.084053 15.7964 -0.084053 15.4617 0.252159Z\"\/>\n\t\t\t\t\t\t\t\n\t\t\t\t\t\t\t<\/svg>\n\t\t\t\t\t\t<\/div>\n\t\t\t\t\t\t\t\t\t<\/div>\n\t\t\t\t<div class=\"c-card__media \" style=\" \">\n\t\t\t\t\t<img decoding=\"async\" width=\"347\" height=\"260\" src=\"https:\/\/praktiska.se\/wp-content\/uploads\/sites\/34\/2023\/12\/rlallaweb347x260px.jpg\" class=\"attachment-sm size-sm wp-post-image\" alt=\"F\u00f6rem\u00e5l som representerar Restaurang- och livsmedelsprogrammet ligger utlagda p\u00e5 m\u00f6rkt tr\u00e4.\" sizes=\"(min-width: 64em) 300px, (min-width: 48em) calc(.50 * (100vw - 240px)), calc(100vw - 160px)\" srcset=\"https:\/\/praktiska.se\/wp-content\/uploads\/sites\/34\/2023\/12\/rlallaweb347x260px.jpg 347w, https:\/\/praktiska.se\/wp-content\/uploads\/sites\/34\/2023\/12\/rlallaweb347x260px-300x225.jpg 300w\" \/>\n\t\t\t\t<\/div>\n\t\t\t<\/article>\n\t\t<\/li>\n\t\t\t<li class=\"l-col-6@md l-col-4@lg\">\n\t\t\t<article class=\"c-card has-media-zoom  \"\n\t\t\t\t\t\tdata-variant=\"border-top\"\n\t\t\t\t\t\tdata-style=\"square\"\n\t\t\t\t\t\tdata-click-area>\n\t\t\t\t<div class=\"c-card__content l-stack l-stack-sm\">\n\t\t\t\t\t\t\t\t\t\t\t<h2 class=\"c-card__title u-font-title-3\">\n\t\t\t\t\t\t\t\t\t\t\t\t\t\t\t<a class=\"c-card__title-link\" href=\"https:\/\/praktiska.se\/sundsvall\/program\/vard-och-omsorgsprogrammet\/\">\n\t\t\t\t\t\t\t\t\tV\u00e5rd och omsorg\n\t\t\t\t\t\t\t\t<\/a>\n\t\t\t\t\t\t\t\t\t\t\t\t\t<\/h2>\n\t\t\t\t\t\n\t\t\t\t\t\t\t\t\t\t\t<p class=\"c-card__text l-stack-xs u-font-body \">\n\t\t\t\t\t\t\tP\u00e5 V\u00e5rd och omsorg kan du l\u00e4sa till undersk\u00f6terska.\n\t\t\t\t\t\t<\/p>\n\t\t\t\t\t\n\t\t\t\t\t\t\t\t\t\t\t\t\t\t\t\t<ul class=\"c-card__list u-list-none l-stack-grow u-divider-top u-font-body\">\n\t\t\t\t\t\t\t\t\t\t\t\t\t\t\t<li>\n\t\t\t\t\t\t\t\t\t<strong>Program<\/strong>\n\t\t\t\t\t\t\t\t\t<ul class=\"u-list-dash\">\n\t\t\t\t\t\t\t\t\t\t\t\t\t\t\t\t\t\t\t\t\t<li>V\u00e5rd- och omsorgsprogrammet<\/li>\n\t\t\t\t\t\t\t\t\t\t\t\t\t\t\t\t\t\t\t<\/ul>\n\t\t\t\t\t\t\t\t<\/li>\n\t\t\t\t\t\t\t\n\t\t\t\t\t\t\t\n\t\t\t\t\t\t\t\t<!-- Orientations within program -->\n\t\t\t\t\t\t\t\t\t\t\t\t\t\t\t\t<!-- .\/Orientations within program -->\n\n\t\t\t\t\t\t\t\t\t\t\t\t\t<\/ul>\n\n\t\t\t\t\t\t<div class=\"c-card__icon c-card__icon--nl\">\n\t\t\t\t\t\t\t\t\t\t\t\t\t\t<svg class=\"ams-icon ams-icon--arrow-right\" width=\"32\" height=\"32\" viewbox=\"0 0 32 32\" fill=\"currentColor\" aria-hidden=\"true\" xmlns=\"http:\/\/www.w3.org\/2000\/svg\">\n\t\t\t\t\t\t\t\t\t\t\t\t\t\t\t\t<path d=\"M15.4617 0.252159L14.9567 0.75931C14.6219 1.09545 14.6219 1.64048 14.9567 1.97669L27.7062 14.7806H0.857144C0.383786 14.7806 0 15.166 0 15.6414V16.3587C0 16.8341 0.383786 17.2195 0.857144 17.2195H27.7062L14.9567 30.0234C14.6219 30.3595 14.6219 30.9045 14.9567 31.2407L15.4617 31.7479C15.7964 32.084 16.3392 32.084 16.6739 31.7479L31.749 16.6087C32.0837 16.2725 32.0837 15.7275 31.749 15.3913L16.6739 0.252159C16.3392 -0.084053 15.7964 -0.084053 15.4617 0.252159Z\"\/>\n\t\t\t\t\t\t\t\n\t\t\t\t\t\t\t<\/svg>\n\t\t\t\t\t\t<\/div>\n\t\t\t\t\t\t\t\t\t<\/div>\n\t\t\t\t<div class=\"c-card__media \" style=\" \">\n\t\t\t\t\t<img decoding=\"async\" width=\"347\" height=\"260\" src=\"https:\/\/praktiska.se\/wp-content\/uploads\/sites\/34\/2023\/12\/voweb347x260px.jpg\" class=\"attachment-sm size-sm wp-post-image\" alt=\"F\u00f6rem\u00e5l som representerar V\u00e5rd- och omsorgsprogrammet ligger utlagda p\u00e5 m\u00f6rkt tr\u00e4.\" sizes=\"(min-width: 64em) 300px, (min-width: 48em) calc(.50 * (100vw - 240px)), calc(100vw - 160px)\" srcset=\"https:\/\/praktiska.se\/wp-content\/uploads\/sites\/34\/2023\/12\/voweb347x260px.jpg 347w, https:\/\/praktiska.se\/wp-content\/uploads\/sites\/34\/2023\/12\/voweb347x260px-300x225.jpg 300w\" \/>\n\t\t\t\t<\/div>\n\t\t\t<\/article>\n\t\t<\/li>\n\t\t\t<li class=\"l-col-6@md l-col-4@lg\">\n\t\t\t<article class=\"c-card has-media-zoom  \"\n\t\t\t\t\t\tdata-variant=\"border-top\"\n\t\t\t\t\t\tdata-style=\"square\"\n\t\t\t\t\t\tdata-click-area>\n\t\t\t\t<div class=\"c-card__content l-stack l-stack-sm\">\n\t\t\t\t\t\t\t\t\t\t\t<h2 class=\"c-card__title u-font-title-3\">\n\t\t\t\t\t\t\t\t\t\t\t\t\t\t\t<a class=\"c-card__title-link\" href=\"https:\/\/praktiska.se\/sundsvall\/program\/vvs-och-fastighetsprogrammet\/\">\n\t\t\t\t\t\t\t\t\tVVS och fastighet\n\t\t\t\t\t\t\t\t<\/a>\n\t\t\t\t\t\t\t\t\t\t\t\t\t<\/h2>\n\t\t\t\t\t\n\t\t\t\t\t\t\t\t\t\t\t<p class=\"c-card__text l-stack-xs u-font-body \">\n\t\t\t\t\t\t\tP\u00e5 VVS och fastighet i Sundsvall kan du l\u00e4sa till VVS-mont\u00f6r, fastighetstekniker eller kylmont\u00f6r.\n\t\t\t\t\t\t<\/p>\n\t\t\t\t\t\n\t\t\t\t\t\t\t\t\t\t\t\t\t\t\t\t<ul class=\"c-card__list u-list-none l-stack-grow u-divider-top u-font-body\">\n\t\t\t\t\t\t\t\t\t\t\t\t\t\t\t<li>\n\t\t\t\t\t\t\t\t\t<strong>Program<\/strong>\n\t\t\t\t\t\t\t\t\t<ul class=\"u-list-dash\">\n\t\t\t\t\t\t\t\t\t\t\t\t\t\t\t\t\t\t\t\t\t<li>VVS- och fastighetsprogrammet<\/li>\n\t\t\t\t\t\t\t\t\t\t\t\t\t\t\t\t\t\t\t<\/ul>\n\t\t\t\t\t\t\t\t<\/li>\n\t\t\t\t\t\t\t\n\t\t\t\t\t\t\t\n\t\t\t\t\t\t\t\t<!-- Orientations within program -->\n\t\t\t\t\t\t\t\t\t\t\t\t\t\t\t\t<!-- .\/Orientations within program -->\n\n\t\t\t\t\t\t\t\t\t\t\t\t\t<\/ul>\n\n\t\t\t\t\t\t<div class=\"c-card__icon c-card__icon--nl\">\n\t\t\t\t\t\t\t\t\t\t\t\t\t\t<svg class=\"ams-icon ams-icon--arrow-right\" width=\"32\" height=\"32\" viewbox=\"0 0 32 32\" fill=\"currentColor\" aria-hidden=\"true\" xmlns=\"http:\/\/www.w3.org\/2000\/svg\">\n\t\t\t\t\t\t\t\t\t\t\t\t\t\t\t\t<path d=\"M15.4617 0.252159L14.9567 0.75931C14.6219 1.09545 14.6219 1.64048 14.9567 1.97669L27.7062 14.7806H0.857144C0.383786 14.7806 0 15.166 0 15.6414V16.3587C0 16.8341 0.383786 17.2195 0.857144 17.2195H27.7062L14.9567 30.0234C14.6219 30.3595 14.6219 30.9045 14.9567 31.2407L15.4617 31.7479C15.7964 32.084 16.3392 32.084 16.6739 31.7479L31.749 16.6087C32.0837 16.2725 32.0837 15.7275 31.749 15.3913L16.6739 0.252159C16.3392 -0.084053 15.7964 -0.084053 15.4617 0.252159Z\"\/>\n\t\t\t\t\t\t\t\n\t\t\t\t\t\t\t<\/svg>\n\t\t\t\t\t\t<\/div>\n\t\t\t\t\t\t\t\t\t<\/div>\n\t\t\t\t<div class=\"c-card__media \" style=\" \">\n\t\t\t\t\t<img decoding=\"async\" width=\"347\" height=\"260\" src=\"https:\/\/praktiska.se\/wp-content\/uploads\/sites\/34\/2023\/12\/vfallaweb347x260px.jpg\" class=\"attachment-sm size-sm wp-post-image\" alt=\"F\u00f6rem\u00e5l som representerar VVS- och fastighetsprogrammet ligger utlagda p\u00e5 m\u00f6rkt tr\u00e4.\" sizes=\"(min-width: 64em) 300px, (min-width: 48em) calc(.50 * (100vw - 240px)), calc(100vw - 160px)\" srcset=\"https:\/\/praktiska.se\/wp-content\/uploads\/sites\/34\/2023\/12\/vfallaweb347x260px.jpg 347w, https:\/\/praktiska.se\/wp-content\/uploads\/sites\/34\/2023\/12\/vfallaweb347x260px-300x225.jpg 300w\" \/>\n\t\t\t\t<\/div>\n\t\t\t<\/article>\n\t\t<\/li>\n\t<\/ul>\n\t\n\n\t\t\t<\/div>\n\n\t\t\n\n<\/section>\n","protected":false},"excerpt":{"rendered":"","protected":false},"author":1,"featured_media":0,"parent":0,"menu_order":0,"comment_status":"closed","ping_status":"closed","template":"","meta":{"footnotes":""},"yoast_head":"<!-- This site is optimized with the Yoast SEO plugin v22.0 - https:\/\/yoast.com\/wordpress\/plugins\/seo\/ -->\n<title>V\u00e5ra program - Praktiska Gymnasiet Sundsvall<\/title>\n<meta name=\"description\" content=\"H\u00e4r ser du alla program och inriktningar som skolan erbjuder. Hitta din dr\u00f6mutbildning hos oss och f\u00e5 tre \u00e5r som f\u00f6rbereder sig f\u00f6r framtiden\" \/>\n<meta name=\"robots\" content=\"index, follow, max-snippet:-1, max-image-preview:large, max-video-preview:-1\" \/>\n<link rel=\"canonical\" href=\"https:\/\/praktiska.se\/sundsvall\/program\/\" \/>\n<meta property=\"og:locale\" content=\"sv_SE\" \/>\n<meta property=\"og:type\" content=\"article\" \/>\n<meta property=\"og:title\" content=\"V\u00e5ra program - Praktiska Gymnasiet Sundsvall\" \/>\n<meta property=\"og:description\" content=\"H\u00e4r ser du alla program och inriktningar som skolan erbjuder. Hitta din dr\u00f6mutbildning hos oss och f\u00e5 tre \u00e5r som f\u00f6rbereder sig f\u00f6r framtiden\" \/>\n<meta property=\"og:url\" content=\"https:\/\/praktiska.se\/sundsvall\/program\/\" \/>\n<meta property=\"og:site_name\" content=\"Sundsvall\" \/>\n<meta property=\"article:modified_time\" content=\"2025-07-02T11:24:42+00:00\" \/>\n<meta name=\"twitter:card\" content=\"summary_large_image\" \/>\n<meta name=\"twitter:title\" content=\"V\u00e5ra program - Praktiska Gymnasiet Sundsvall\" \/>\n<meta name=\"twitter:description\" content=\"H\u00e4r ser du alla program och inriktningar som skolan erbjuder. Hitta din dr\u00f6mutbildning hos oss och f\u00e5 tre \u00e5r som f\u00f6rbereder sig f\u00f6r framtiden\" \/>\n<meta name=\"twitter:label1\" content=\"Est. reading time\" \/>\n\t<meta name=\"twitter:data1\" content=\"1 minut\" \/>\n<script type=\"application\/ld+json\" class=\"yoast-schema-graph\">{\"@context\":\"https:\/\/schema.org\",\"@graph\":[{\"@type\":\"WebPage\",\"@id\":\"https:\/\/praktiska.se\/sundsvall\/program\/\",\"url\":\"https:\/\/praktiska.se\/sundsvall\/program\/\",\"name\":\"V\u00e5ra program - Praktiska Gymnasiet Sundsvall\",\"isPartOf\":{\"@id\":\"https:\/\/praktiska.se\/sundsvall\/#website\"},\"datePublished\":\"2023-02-14T12:43:32+00:00\",\"dateModified\":\"2025-07-02T11:24:42+00:00\",\"description\":\"H\u00e4r ser du alla program och inriktningar som skolan erbjuder. Hitta din dr\u00f6mutbildning hos oss och f\u00e5 tre \u00e5r som f\u00f6rbereder sig f\u00f6r framtiden\",\"breadcrumb\":{\"@id\":\"https:\/\/praktiska.se\/sundsvall\/program\/#breadcrumb\"},\"inLanguage\":\"sv-SE\",\"potentialAction\":[{\"@type\":\"ReadAction\",\"target\":[\"https:\/\/praktiska.se\/sundsvall\/program\/\"]}]},{\"@type\":\"BreadcrumbList\",\"@id\":\"https:\/\/praktiska.se\/sundsvall\/program\/#breadcrumb\",\"itemListElement\":[{\"@type\":\"ListItem\",\"position\":1,\"name\":\"Start\",\"item\":\"https:\/\/praktiska.se\/sundsvall\/\"},{\"@type\":\"ListItem\",\"position\":2,\"name\":\"V\u00e5ra program\"}]},{\"@type\":\"WebSite\",\"@id\":\"https:\/\/praktiska.se\/sundsvall\/#website\",\"url\":\"https:\/\/praktiska.se\/sundsvall\/\",\"name\":\"Sundsvall\",\"description\":\"Vi utbildar framtidens arbetskraft\",\"potentialAction\":[{\"@type\":\"SearchAction\",\"target\":{\"@type\":\"EntryPoint\",\"urlTemplate\":\"https:\/\/praktiska.se\/sundsvall\/?s={search_term_string}\"},\"query-input\":\"required name=search_term_string\"}],\"inLanguage\":\"sv-SE\"}]}<\/script>\n<!-- \/ Yoast SEO plugin. -->","yoast_head_json":{"title":"V\u00e5ra program - Praktiska Gymnasiet Sundsvall","description":"H\u00e4r ser du alla program och inriktningar som skolan erbjuder. Hitta din dr\u00f6mutbildning hos oss och f\u00e5 tre \u00e5r som f\u00f6rbereder sig f\u00f6r framtiden","robots":{"index":"index","follow":"follow","max-snippet":"max-snippet:-1","max-image-preview":"max-image-preview:large","max-video-preview":"max-video-preview:-1"},"canonical":"https:\/\/praktiska.se\/sundsvall\/program\/","og_locale":"sv_SE","og_type":"article","og_title":"V\u00e5ra program - Praktiska Gymnasiet Sundsvall","og_description":"H\u00e4r ser du alla program och inriktningar som skolan erbjuder. Hitta din dr\u00f6mutbildning hos oss och f\u00e5 tre \u00e5r som f\u00f6rbereder sig f\u00f6r framtiden","og_url":"https:\/\/praktiska.se\/sundsvall\/program\/","og_site_name":"Sundsvall","article_modified_time":"2025-07-02T11:24:42+00:00","twitter_card":"summary_large_image","twitter_title":"V\u00e5ra program - Praktiska Gymnasiet Sundsvall","twitter_description":"H\u00e4r ser du alla program och inriktningar som skolan erbjuder. Hitta din dr\u00f6mutbildning hos oss och f\u00e5 tre \u00e5r som f\u00f6rbereder sig f\u00f6r framtiden","twitter_misc":{"Est. reading time":"1 minut"},"schema":{"@context":"https:\/\/schema.org","@graph":[{"@type":"WebPage","@id":"https:\/\/praktiska.se\/sundsvall\/program\/","url":"https:\/\/praktiska.se\/sundsvall\/program\/","name":"V\u00e5ra program - Praktiska Gymnasiet Sundsvall","isPartOf":{"@id":"https:\/\/praktiska.se\/sundsvall\/#website"},"datePublished":"2023-02-14T12:43:32+00:00","dateModified":"2025-07-02T11:24:42+00:00","description":"H\u00e4r ser du alla program och inriktningar som skolan erbjuder. Hitta din dr\u00f6mutbildning hos oss och f\u00e5 tre \u00e5r som f\u00f6rbereder sig f\u00f6r framtiden","breadcrumb":{"@id":"https:\/\/praktiska.se\/sundsvall\/program\/#breadcrumb"},"inLanguage":"sv-SE","potentialAction":[{"@type":"ReadAction","target":["https:\/\/praktiska.se\/sundsvall\/program\/"]}]},{"@type":"BreadcrumbList","@id":"https:\/\/praktiska.se\/sundsvall\/program\/#breadcrumb","itemListElement":[{"@type":"ListItem","position":1,"name":"Start","item":"https:\/\/praktiska.se\/sundsvall\/"},{"@type":"ListItem","position":2,"name":"V\u00e5ra program"}]},{"@type":"WebSite","@id":"https:\/\/praktiska.se\/sundsvall\/#website","url":"https:\/\/praktiska.se\/sundsvall\/","name":"Sundsvall","description":"Vi utbildar framtidens arbetskraft","potentialAction":[{"@type":"SearchAction","target":{"@type":"EntryPoint","urlTemplate":"https:\/\/praktiska.se\/sundsvall\/?s={search_term_string}"},"query-input":"required name=search_term_string"}],"inLanguage":"sv-SE"}]}},"_links":{"self":[{"href":"https:\/\/praktiska.se\/sundsvall\/wp-json\/wp\/v2\/pages\/263"}],"collection":[{"href":"https:\/\/praktiska.se\/sundsvall\/wp-json\/wp\/v2\/pages"}],"about":[{"href":"https:\/\/praktiska.se\/sundsvall\/wp-json\/wp\/v2\/types\/page"}],"author":[{"embeddable":true,"href":"https:\/\/praktiska.se\/sundsvall\/wp-json\/wp\/v2\/users\/1"}],"replies":[{"embeddable":true,"href":"https:\/\/praktiska.se\/sundsvall\/wp-json\/wp\/v2\/comments?post=263"}],"version-history":[{"count":10,"href":"https:\/\/praktiska.se\/sundsvall\/wp-json\/wp\/v2\/pages\/263\/revisions"}],"predecessor-version":[{"id":3548,"href":"https:\/\/praktiska.se\/sundsvall\/wp-json\/wp\/v2\/pages\/263\/revisions\/3548"}],"wp:attachment":[{"href":"https:\/\/praktiska.se\/sundsvall\/wp-json\/wp\/v2\/media?parent=263"}],"curies":[{"name":"wp","href":"https:\/\/api.w.org\/{rel}","templated":true}]}}