{"id":2716,"date":"2023-12-07T11:33:16","date_gmt":"2023-12-07T10:33:16","guid":{"rendered":""},"modified":"2025-10-31T15:04:47","modified_gmt":"2025-10-31T14:04:47","slug":"bygg-och-anlaggningsprogrammet","status":"publish","type":"program_orientation","link":"https:\/\/praktiska.se\/sodertalje\/program\/bygg-och-anlaggningsprogrammet\/","title":{"rendered":"Bygg och anl\u00e4ggning"},"content":{"rendered":"\n\t\n\t\n\t\n\t\n\t\n\n<section \n\tclass=\"ams-hero ams-hero--classic ams-hero--75 c-block l-stacked  \"\n\tdata-color-scheme=\"hero\"\n\tstyle=\"\">\n\t<div class=\"ams-hero__container u-items-start u-justify-center\">\n\t\t<div\n\t\t\tclass=\"ams-hero__content l-stack l-stack-xl is-left is-left@md\" >\n\t\t\t<div class=\"l-stack l-stack-lg\">\n\t\t\t\t\t\n\t<h1\n\tclass=\"c-heading u-font-huge \"\n\tstyle=\"\">\n\t\t\n\t\t\t\t\t\t\t\t\t<span class=\"c-heading__sub is-above u-font-title-3\">\n\t\t\t\t\tBygg- och anl\u00e4ggningsprogrammet\n\t\t\t\t<\/span>\n\t\t\t\tBygg och anl\u00e4ggning i S\u00f6dert\u00e4lje\n\t\t\t\t\t\t\t\n\t<\/h1>\n\n\t\t\t\t\t\t\t\t\t<div class=\"text l-stack u-font-body\">\n\t\t\t\t\t\t<p><span data-sheets-root=\"1\" data-sheets-value=\"{&quot;1&quot;:2,&quot;2&quot;:&quot;Bygg- och anl\u00e4ggningsprogrammet \u00e4r yrkesprogrammet f\u00f6r dig som vill arbeta inom bygg- och anl\u00e4ggningsbranschen efter studenten. Programmet ger dig kunskap om arbetsf\u00f6rh\u00e5llanden, s\u00e4kerhet, riskbed\u00f6mningar och h\u00e5llbart byggande. Du f\u00e5r l\u00e4ra dig hela arbetsprocessen, fr\u00e5n id\u00e9 och planering till ett f\u00e4rdigt arbete. Entrepren\u00f6rskap \u00e4r ocks\u00e5 en viktig del av utbildningen och n\u00e5got som genomsyrar alla inriktningar p\u00e5 bygg- och anl\u00e4ggningsprogrammet. &quot;}\" data-sheets-userformat=\"{&quot;2&quot;:5025,&quot;3&quot;:{&quot;1&quot;:0},&quot;8&quot;:{&quot;1&quot;:[{&quot;1&quot;:2,&quot;2&quot;:0,&quot;5&quot;:{&quot;1&quot;:2,&quot;2&quot;:0}},{&quot;1&quot;:0,&quot;2&quot;:0,&quot;3&quot;:3},{&quot;1&quot;:1,&quot;2&quot;:0,&quot;4&quot;:1}]},&quot;10&quot;:0,&quot;11&quot;:4,&quot;12&quot;:0,&quot;15&quot;:&quot;Arial&quot;}\">Bygg- och anl\u00e4ggningsprogrammet \u00e4r yrkesprogrammet f\u00f6r dig som vill arbeta inom bygg- och anl\u00e4ggningsbranschen efter studenten. Programmet ger dig kunskap om arbetsf\u00f6rh\u00e5llanden, s\u00e4kerhet, riskbed\u00f6mningar och h\u00e5llbart byggande. Du f\u00e5r l\u00e4ra dig hela arbetsprocessen, fr\u00e5n id\u00e9 och planering till ett f\u00e4rdigt arbete. Entrepren\u00f6rskap \u00e4r ocks\u00e5 en viktig del av utbildningen och n\u00e5got som genomsyrar alla inriktningar p\u00e5 bygg- och anl\u00e4ggningsprogrammet. <\/span><\/p>\n\n\t\t\t\t\t<\/div>\n\t\t\t\t\t\t\t<\/div>\n\n\t\t\t\t\t<\/div>\n\t<\/div>\n\n\t\n\t\t\t\n\t\t\t\t\t\t\t\n\t\t\t\t<div class=\"c-bg c-bg--img\" data-settings=\"{&quot;desktop_settings&quot;:{&quot;size&quot;:&quot;cover&quot;,&quot;position&quot;:&quot;top-right&quot;},&quot;mobile_settings&quot;:{&quot;size&quot;:&quot;cover&quot;,&quot;position&quot;:&quot;top-right&quot;}}\" data-position=\"middle-center\" data-size=\"cover\">\n\t\t\t<img decoding=\"async\" width=\"1200\" height=\"1573\" src=\"https:\/\/praktiska.se\/wp-content\/uploads\/sites\/35\/2023\/12\/baallaweb-1200x1573.jpg\" class=\"attachment-xxl size-xxl\" alt=\"F\u00f6rem\u00e5l som representerar Bygg- och anl\u00e4ggningsprogrammet ligger utlagda p\u00e5 m\u00f6rkt tr\u00e4.\" sizes=\"(max-width: 1200px) 100vw, 1200px\" srcset=\"https:\/\/praktiska.se\/wp-content\/uploads\/sites\/35\/2023\/12\/baallaweb-1200x1573.jpg 1200w, https:\/\/praktiska.se\/wp-content\/uploads\/sites\/35\/2023\/12\/baallaweb-300x393.jpg 300w, https:\/\/praktiska.se\/wp-content\/uploads\/sites\/35\/2023\/12\/baallaweb-400x524.jpg 400w, https:\/\/praktiska.se\/wp-content\/uploads\/sites\/35\/2023\/12\/baallaweb-600x786.jpg 600w, https:\/\/praktiska.se\/wp-content\/uploads\/sites\/35\/2023\/12\/baallaweb-800x1048.jpg 800w, https:\/\/praktiska.se\/wp-content\/uploads\/sites\/35\/2023\/12\/baallaweb-1024x1342.jpg 1024w, https:\/\/praktiska.se\/wp-content\/uploads\/sites\/35\/2023\/12\/baallaweb.jpg 1465w\" \/>\n\t\t<\/div>\n\t\n<\/section>\n\n\n\n\n<section  class=\"ams-courses-list c-block l-stacked\" data-color-scheme=\"kurslistning\">\n\t<div class=\"l-container l-stack l-stack-fluid-2xl u-pt-fluid-3xl-6xl u-pb-fluid-3xl-6xl is-center is-center@md\">\n\t\t\t\t\t<div class=\"ams-courses-list__intro l-stack l-stack-lg\">\n\t\t\t\t\t\n\t<h2\n\tclass=\"c-heading u-font-title-1 \"\n\tstyle=\"\">\n\t\t\n\t\t\t\t\tInriktningar p\u00e5 programmet\n\t\t\t\t\n\t<\/h2>\n\n\t\t\t\t\t\t\t\t\t<div class=\"c-text l-stack u-cs-xl u-font-body\">\n\t\t\t\t\t\t<p><span data-sheets-root=\"1\" data-sheets-value=\"{&quot;1&quot;:2,&quot;2&quot;:&quot;Kolla in alla inriktningar som du kan l\u00e4sa p\u00e5 bygg- och anl\u00e4ggningsprogrammet hos oss p\u00e5 Praktiska Gymnasiet ORT&quot;}\" data-sheets-userformat=\"{&quot;2&quot;:5033,&quot;3&quot;:{&quot;1&quot;:0},&quot;6&quot;:{&quot;1&quot;:[{&quot;1&quot;:2,&quot;2&quot;:0,&quot;5&quot;:{&quot;1&quot;:2,&quot;2&quot;:0}},{&quot;1&quot;:0,&quot;2&quot;:0,&quot;3&quot;:3},{&quot;1&quot;:1,&quot;2&quot;:0,&quot;4&quot;:1}]},&quot;8&quot;:{&quot;1&quot;:[{&quot;1&quot;:2,&quot;2&quot;:0,&quot;5&quot;:{&quot;1&quot;:2,&quot;2&quot;:0}},{&quot;1&quot;:0,&quot;2&quot;:0,&quot;3&quot;:3},{&quot;1&quot;:1,&quot;2&quot;:0,&quot;4&quot;:1}]},&quot;10&quot;:0,&quot;11&quot;:4,&quot;12&quot;:0,&quot;15&quot;:&quot;Arial&quot;}\">Kolla in alla inriktningar som du kan l\u00e4sa p\u00e5 bygg- och anl\u00e4ggningsprogrammet hos oss p\u00e5 Praktiska Gymnasiet S\u00f6dert\u00e4lje.<\/span><\/p>\n\n\t\t\t\t\t<\/div>\n\t\t\t\t\t\t\t<\/div>\n\t\t\n\t\t\n\t\t\t\n<ul class=\"ams-courses-list__list l-grid u-gap-fluid-2xl-4xl u-justify-center\">\n\t\t\t<li class=\"l-col-6@md l-col-4@lg\">\n\t\t\t<article class=\"c-card has-media-zoom  \"\n\t\t\t\t\t\tdata-variant=\"border-top\"\n\t\t\t\t\t\tdata-style=\"square\"\n\t\t\t\t\t\tdata-click-area>\n\t\t\t\t<div class=\"c-card__content l-stack l-stack-sm\">\n\t\t\t\t\t\t\t\t\t\t\t<h3 class=\"c-card__title u-font-title-3\">\n\t\t\t\t\t\t\t\t\t\t\t\t\t\t\t<a class=\"c-card__title-link\" href=\"https:\/\/praktiska.se\/sodertalje\/program\/bygg-och-anlaggningsprogrammet\/husbyggnad\/\">\n\t\t\t\t\t\t\t\t\tHusbyggnad\n\t\t\t\t\t\t\t\t<\/a>\n\t\t\t\t\t\t\t\t\t\t\t\t\t<\/h3>\n\t\t\t\t\t\n\t\t\t\t\t\n\t\t\t\t\t\t\t\t\t\t\t\t\t\t\t\t<ul class=\"c-card__list u-list-none l-stack-grow u-divider-top u-font-body\">\n\t\t\t\t\t\t\t\t\t\t\t\t\t\t\t<li>\n\t\t\t\t\t\t\t\t\t<strong>Program<\/strong>\n\t\t\t\t\t\t\t\t\t<ul class=\"u-list-dash\">\n\t\t\t\t\t\t\t\t\t\t\t\t\t\t\t\t\t\t\t\t\t<li>Bygg- och anl\u00e4ggningsprogrammet<\/li>\n\t\t\t\t\t\t\t\t\t\t\t\t\t\t\t\t\t\t\t<\/ul>\n\t\t\t\t\t\t\t\t<\/li>\n\t\t\t\t\t\t\t\n\t\t\t\t\t\t\t\t\t\t\t\t\t\t\t\t\t\t\t\t\t\t\t\t<li>\n\t\t\t\t\t\t\t\t\t\t<strong>Inriktning<\/strong>\n\t\t\t\t\t\t\t\t\t\t<ul class=\"u-list-dash\">\n\t\t\t\t\t\t\t\t\t\t\t\t\t\t\t\t\t\t\t\t\t\t\t<li>Husbyggnad<\/li>\n\t\t\t\t\t\t\t\t\t\t\t\t\t\t\t\t\t\t\t\t\t<\/ul>\n\t\t\t\t\t\t\t\t\t<\/li>\n\t\t\t\t\t\t\t\t\t\t\t\t\t\t\t\t\t\t\t\t\t<\/ul>\n\n\t\t\t\t\t\t<div class=\"c-card__icon c-card__icon--nl\">\n\t\t\t\t\t\t\t\t\t\t\t\t\t\t<svg class=\"ams-icon ams-icon--arrow-right\" width=\"32\" height=\"32\" viewbox=\"0 0 32 32\" fill=\"currentColor\" aria-hidden=\"true\" xmlns=\"http:\/\/www.w3.org\/2000\/svg\">\n\t\t\t\t\t\t\t\t\t\t\t\t\t\t\t\t<path d=\"M15.4617 0.252159L14.9567 0.75931C14.6219 1.09545 14.6219 1.64048 14.9567 1.97669L27.7062 14.7806H0.857144C0.383786 14.7806 0 15.166 0 15.6414V16.3587C0 16.8341 0.383786 17.2195 0.857144 17.2195H27.7062L14.9567 30.0234C14.6219 30.3595 14.6219 30.9045 14.9567 31.2407L15.4617 31.7479C15.7964 32.084 16.3392 32.084 16.6739 31.7479L31.749 16.6087C32.0837 16.2725 32.0837 15.7275 31.749 15.3913L16.6739 0.252159C16.3392 -0.084053 15.7964 -0.084053 15.4617 0.252159Z\"\/>\n\t\t\t\t\t\t\t\n\t\t\t\t\t\t\t<\/svg>\n\t\t\t\t\t\t<\/div>\n\t\t\t\t\t\t\t\t\t<\/div>\n\t\t\t\t<div class=\"c-card__media \" style=\" \">\n\t\t\t\t\t<img decoding=\"async\" width=\"347\" height=\"260\" src=\"https:\/\/praktiska.se\/wp-content\/uploads\/sites\/35\/2023\/12\/bahusbyggnadweb347x260px.jpg\" class=\"attachment-sm size-sm wp-post-image\" alt=\"F\u00f6rem\u00e5l som representerar husbyggnad ligger utlagda p\u00e5 m\u00f6rkt tr\u00e4.\" sizes=\"(min-width: 64em) 300px, (min-width: 48em) calc(.50 * (100vw - 240px)), calc(100vw - 160px)\" srcset=\"https:\/\/praktiska.se\/wp-content\/uploads\/sites\/35\/2023\/12\/bahusbyggnadweb347x260px.jpg 347w, https:\/\/praktiska.se\/wp-content\/uploads\/sites\/35\/2023\/12\/bahusbyggnadweb347x260px-300x225.jpg 300w\" \/>\n\t\t\t\t<\/div>\n\t\t\t<\/article>\n\t\t<\/li>\n\t\t\t<li class=\"l-col-6@md l-col-4@lg\">\n\t\t\t<article class=\"c-card has-media-zoom  \"\n\t\t\t\t\t\tdata-variant=\"border-top\"\n\t\t\t\t\t\tdata-style=\"square\"\n\t\t\t\t\t\tdata-click-area>\n\t\t\t\t<div class=\"c-card__content l-stack l-stack-sm\">\n\t\t\t\t\t\t\t\t\t\t\t<h3 class=\"c-card__title u-font-title-3\">\n\t\t\t\t\t\t\t\t\t\t\t\t\t\t\t<a class=\"c-card__title-link\" href=\"https:\/\/praktiska.se\/sodertalje\/program\/bygg-och-anlaggningsprogrammet\/maleri\/\">\n\t\t\t\t\t\t\t\t\tM\u00e5lare\n\t\t\t\t\t\t\t\t<\/a>\n\t\t\t\t\t\t\t\t\t\t\t\t\t<\/h3>\n\t\t\t\t\t\n\t\t\t\t\t\n\t\t\t\t\t\t\t\t\t\t\t\t\t\t\t\t<ul class=\"c-card__list u-list-none l-stack-grow u-divider-top u-font-body\">\n\t\t\t\t\t\t\t\t\t\t\t\t\t\t\t<li>\n\t\t\t\t\t\t\t\t\t<strong>Program<\/strong>\n\t\t\t\t\t\t\t\t\t<ul class=\"u-list-dash\">\n\t\t\t\t\t\t\t\t\t\t\t\t\t\t\t\t\t\t\t\t\t<li>Bygg- och anl\u00e4ggningsprogrammet<\/li>\n\t\t\t\t\t\t\t\t\t\t\t\t\t\t\t\t\t\t\t<\/ul>\n\t\t\t\t\t\t\t\t<\/li>\n\t\t\t\t\t\t\t\n\t\t\t\t\t\t\t\t\t\t\t\t\t\t\t\t\t\t\t\t\t\t\t\t<li>\n\t\t\t\t\t\t\t\t\t\t<strong>Inriktning<\/strong>\n\t\t\t\t\t\t\t\t\t\t<ul class=\"u-list-dash\">\n\t\t\t\t\t\t\t\t\t\t\t\t\t\t\t\t\t\t\t\t\t\t\t<li>M\u00e5leri<\/li>\n\t\t\t\t\t\t\t\t\t\t\t\t\t\t\t\t\t\t\t\t\t<\/ul>\n\t\t\t\t\t\t\t\t\t<\/li>\n\t\t\t\t\t\t\t\t\t\t\t\t\t\t\t\t\t\t\t\t\t<\/ul>\n\n\t\t\t\t\t\t<div class=\"c-card__icon c-card__icon--nl\">\n\t\t\t\t\t\t\t\t\t\t\t\t\t\t<svg class=\"ams-icon ams-icon--arrow-right\" width=\"32\" height=\"32\" viewbox=\"0 0 32 32\" fill=\"currentColor\" aria-hidden=\"true\" xmlns=\"http:\/\/www.w3.org\/2000\/svg\">\n\t\t\t\t\t\t\t\t\t\t\t\t\t\t\t\t<path d=\"M15.4617 0.252159L14.9567 0.75931C14.6219 1.09545 14.6219 1.64048 14.9567 1.97669L27.7062 14.7806H0.857144C0.383786 14.7806 0 15.166 0 15.6414V16.3587C0 16.8341 0.383786 17.2195 0.857144 17.2195H27.7062L14.9567 30.0234C14.6219 30.3595 14.6219 30.9045 14.9567 31.2407L15.4617 31.7479C15.7964 32.084 16.3392 32.084 16.6739 31.7479L31.749 16.6087C32.0837 16.2725 32.0837 15.7275 31.749 15.3913L16.6739 0.252159C16.3392 -0.084053 15.7964 -0.084053 15.4617 0.252159Z\"\/>\n\t\t\t\t\t\t\t\n\t\t\t\t\t\t\t<\/svg>\n\t\t\t\t\t\t<\/div>\n\t\t\t\t\t\t\t\t\t<\/div>\n\t\t\t\t<div class=\"c-card__media \" style=\" \">\n\t\t\t\t\t<img decoding=\"async\" width=\"347\" height=\"260\" src=\"https:\/\/praktiska.se\/wp-content\/uploads\/sites\/35\/2023\/12\/bamaleriweb347x260px.jpg\" class=\"attachment-sm size-sm wp-post-image\" alt=\"F\u00f6rem\u00e5l som representerar m\u00e5leri ligger utlagda p\u00e5 m\u00f6rkt tr\u00e4.\" sizes=\"(min-width: 64em) 300px, (min-width: 48em) calc(.50 * (100vw - 240px)), calc(100vw - 160px)\" srcset=\"https:\/\/praktiska.se\/wp-content\/uploads\/sites\/35\/2023\/12\/bamaleriweb347x260px.jpg 347w, https:\/\/praktiska.se\/wp-content\/uploads\/sites\/35\/2023\/12\/bamaleriweb347x260px-300x225.jpg 300w\" \/>\n\t\t\t\t<\/div>\n\t\t\t<\/article>\n\t\t<\/li>\n\t<\/ul>\n\t\n\n\t\t\t<\/div>\n\n\t\t\n\n<\/section>\n\n\n\n\t\n\t\n\t\n\n\t\n\t\n\t\t\n<section  class=\"c-block l-stacked  \" data-color-scheme=\"white\">\n\t<div class=\"ams-fifty ams-fifty--container ams-fifty--left ams-fifty--top l-container u-pt-fluid-3xl-6xl u-pb-fluid-3xl-6xl\">\n\t\t<div class=\"ams-fifty__content l-stack l-stack-xl is-left is-left@lg\">\n\t\t\t<div class=\"ams-fifty__text l-stack l-stack-lg\">\n\t\t\t\t\t\n\t<h2\n\tclass=\"c-heading u-font-title-1 \"\n\tstyle=\"\">\n\t\t\n\t\t\t\t\tAtt l\u00e4sa som l\u00e4rling\n\t\t\t\t\n\t<\/h2>\n\n\t\t\t\t\t\t\t\t\t<div class=\"text l-stack u-font-body\">\n\t\t\t\t\t\t<p><span data-sheets-root=\"1\" data-sheets-value=\"{&quot;1&quot;:2,&quot;2&quot;:&quot;P\u00e5 gymnasiet kallas praktik f\u00f6r APL (arbetsplatsf\u00f6rlagt l\u00e4rande) och det \u00e4r en viktig del av alla yrkesprogram. Alla elever hos oss l\u00e4ser som l\u00e4rlingar, vilket inneb\u00e4r att minst 50% av din gymnasietid \u00e4r APL. Som l\u00e4rling f\u00e5r du \u00f6va p\u00e5 och utveckla dina yrkeskunskaper i riktiga arbetsmilj\u00f6er och du kan dessutom f\u00e5 1000kr extra i m\u00e5naden fr\u00e5n CSN.&quot;}\" data-sheets-userformat=\"{&quot;2&quot;:5025,&quot;3&quot;:{&quot;1&quot;:0},&quot;8&quot;:{&quot;1&quot;:[{&quot;1&quot;:2,&quot;2&quot;:0,&quot;5&quot;:{&quot;1&quot;:2,&quot;2&quot;:0}},{&quot;1&quot;:0,&quot;2&quot;:0,&quot;3&quot;:3},{&quot;1&quot;:1,&quot;2&quot;:0,&quot;4&quot;:1}]},&quot;10&quot;:0,&quot;11&quot;:4,&quot;12&quot;:0,&quot;15&quot;:&quot;Helvetica Neue&quot;}\">P\u00e5 gymnasiet kallas praktik f\u00f6r APL (arbetsplatsf\u00f6rlagt l\u00e4rande) och det \u00e4r en viktig del av alla yrkesprogram. Alla elever hos oss l\u00e4ser som l\u00e4rlingar, vilket inneb\u00e4r att minst 50% av din gymnasietid \u00e4r APL. Som l\u00e4rling f\u00e5r du \u00f6va p\u00e5 och utveckla dina yrkeskunskaper i riktiga arbetsmilj\u00f6er och du kan dessutom f\u00e5 1000kr extra i m\u00e5naden fr\u00e5n CSN.<\/span><\/p>\n\n\t\t\t\t\t<\/div>\n\t\t\t\t\t\t\t<\/div>\n\n\t\t\t\t<div class=\"ams-fifty__action u-inline-items\">\n\t\t\t\t\t\t\t\n\n\n<a href=\"https:\/\/praktiska.se\/sodertalje\/om-praktiska\/apl\/\"\n\t\n\tclass=\"c-btn \"\n\tdata-style=\"round\"\n\tdata-size=\"md\"\n\tdata-width=\"full-mobile\"\n\tdata-variant=\"default\"\n\ttarget=\"_self\">\n\t\t\t<span class=\"label\"> Mer om L\u00e4rling<\/span>\n\t\t\t<\/a>\n\t\t\t<\/div>\n\t\t<\/div>\n\n\t\t <div class=\"ams-fifty__media u-ratio-square\">\n\t\t \t\t\t\t\t<img decoding=\"async\" width=\"600\" height=\"470\" src=\"https:\/\/praktiska.se\/wp-content\/uploads\/sites\/35\/2023\/12\/praktiska-gymnasietbyggprogrammethalmstad0029-3-1-e1719401947487-600x470.jpg\" class=\"attachment-md size-md\" alt=\"Tre elever som bygger p\u00e5 en stuga p\u00e5 skolg\u00e5rden.\" sizes=\"(min-width: 64em) 600px, calc(100vw - 160px)\" srcset=\"https:\/\/praktiska.se\/wp-content\/uploads\/sites\/35\/2023\/12\/praktiska-gymnasietbyggprogrammethalmstad0029-3-1-e1719401947487-600x470.jpg 600w, https:\/\/praktiska.se\/wp-content\/uploads\/sites\/35\/2023\/12\/praktiska-gymnasietbyggprogrammethalmstad0029-3-1-e1719401947487-300x235.jpg 300w, https:\/\/praktiska.se\/wp-content\/uploads\/sites\/35\/2023\/12\/praktiska-gymnasietbyggprogrammethalmstad0029-3-1-e1719401947487-400x314.jpg 400w, https:\/\/praktiska.se\/wp-content\/uploads\/sites\/35\/2023\/12\/praktiska-gymnasietbyggprogrammethalmstad0029-3-1-e1719401947487-800x627.jpg 800w, https:\/\/praktiska.se\/wp-content\/uploads\/sites\/35\/2023\/12\/praktiska-gymnasietbyggprogrammethalmstad0029-3-1-e1719401947487.jpg 917w\" \/>\n\t\t\t\n\t\t\t\n\t\t\t\t\t<\/div>\n\t<\/div>\n\n\t\t\n\n<\/section>\n\n\n\n\t<div class=\"module_wrapper ams_remote_pages_module \">\n\t\t\n\n<section  class=\"ams-cta ams-cta--stacked c-block l-stacked\" data-color-scheme=\"gray\">\n\t<div class=\"l-container-narrow l-stack l-stack-fluid-2xl u-pt-fluid-3xl-6xl u-pb-fluid-3xl-6xl is-center is-center@md\">\n\t\t\t\t\t<div class=\"ams-cta__intro l-stack l-stack-lg\">\n\t\t\t\t\t\n\t<h2\n\tclass=\"c-heading u-font-title-1 \"\n\tstyle=\"\">\n\t\t\n\t\t\t\t\tVar detta inte f\u00f6r dig?\n\t\t\t\t\n\t<\/h2>\n\n\t\t\t\t\t\t\t\t\t<div class=\"c-text l-stack u-cs-xl u-font-body\">\n\t\t\t\t\t\t<p>Alla dr\u00f6mmer inte om att jobba med samma sak och tur \u00e4r v\u00e4l det! Klicka p\u00e5 knappen f\u00f6r att se alla andra utbildningar som du kan l\u00e4sa hos oss.<\/p>\n\n\t\t\t\t\t<\/div>\n\t\t\t\t\t\t\t<\/div>\n\t\t\n\t\t\n\t\t\t<div class=\"ams-cta__action u-inline-items\">\n\t\t\t\t\t\t\t\n\n\n<a href=\"https:\/\/praktiska.se\/sodertalje\/program\/\"\n\t\n\tclass=\"c-btn \"\n\tdata-style=\"round\"\n\tdata-size=\"md\"\n\tdata-width=\"full-mobile\"\n\tdata-variant=\"default\"\n\ttarget=\"_self\">\n\t\t\t<span class=\"label\"> Hitta andra program<\/span>\n\t\t\t<\/a>\n\t\t\t<\/div>\n\t<\/div>\n\n\t\t\n\n<\/section>\n\t<\/div>\n\n\t","protected":false},"excerpt":{"rendered":"<p>P\u00e5 Bygg och anl\u00e4ggning i S\u00f6dert\u00e4lje kan du v\u00e4lja att l\u00e4sa husbyggnad eller m\u00e5lare.<\/p>\n","protected":false},"featured_media":2719,"parent":0,"menu_order":0,"template":"","yoast_head":"<!-- This site is optimized with the Yoast SEO plugin v22.0 - https:\/\/yoast.com\/wordpress\/plugins\/seo\/ -->\n<title>Bygg och anl\u00e4ggning i S\u00f6dert\u00e4lje - Praktiska Gymnasium<\/title>\n<meta name=\"description\" content=\"Bygg- och anl\u00e4ggningsprogrammet \u00e4r yrkesprogrammet f\u00f6r dig som vill arbeta inom bygg- och anl\u00e4ggningsbranschen efter studenten.\" \/>\n<meta name=\"robots\" content=\"index, follow, max-snippet:-1, max-image-preview:large, max-video-preview:-1\" \/>\n<link rel=\"canonical\" href=\"https:\/\/praktiska.se\/sodertalje\/program\/bygg-och-anlaggningsprogrammet\/\" \/>\n<meta property=\"og:locale\" content=\"sv_SE\" \/>\n<meta property=\"og:type\" content=\"article\" \/>\n<meta property=\"og:title\" content=\"Bygg och anl\u00e4ggning i S\u00f6dert\u00e4lje - Praktiska Gymnasium\" \/>\n<meta property=\"og:description\" content=\"Bygg- och anl\u00e4ggningsprogrammet \u00e4r yrkesprogrammet f\u00f6r dig som vill arbeta inom bygg- och anl\u00e4ggningsbranschen efter studenten.\" \/>\n<meta property=\"og:url\" content=\"https:\/\/praktiska.se\/sodertalje\/program\/bygg-och-anlaggningsprogrammet\/\" \/>\n<meta property=\"og:site_name\" content=\"S\u00f6dert\u00e4lje\" \/>\n<meta property=\"article:modified_time\" content=\"2025-10-31T14:04:47+00:00\" \/>\n<meta property=\"og:image\" content=\"https:\/\/praktiska.se\/wp-content\/uploads\/sites\/35\/2023\/12\/baallaweb347x260px.jpg\" \/>\n\t<meta property=\"og:image:width\" content=\"347\" \/>\n\t<meta property=\"og:image:height\" content=\"260\" \/>\n\t<meta property=\"og:image:type\" content=\"image\/jpeg\" \/>\n<meta name=\"twitter:card\" content=\"summary_large_image\" \/>\n<meta name=\"twitter:title\" content=\"Bygg och anl\u00e4ggning i S\u00f6dert\u00e4lje - Praktiska Gymnasium\" \/>\n<meta name=\"twitter:description\" content=\"Bygg- och anl\u00e4ggningsprogrammet \u00e4r yrkesprogrammet f\u00f6r dig som vill arbeta inom bygg- och anl\u00e4ggningsbranschen efter studenten.\" \/>\n<meta name=\"twitter:image\" content=\"https:\/\/praktiska.se\/wp-content\/uploads\/sites\/35\/2023\/12\/baallaweb347x260px.jpg\" \/>\n<meta name=\"twitter:label1\" content=\"Est. reading time\" \/>\n\t<meta name=\"twitter:data1\" content=\"2 minuter\" \/>\n<script type=\"application\/ld+json\" class=\"yoast-schema-graph\">{\"@context\":\"https:\/\/schema.org\",\"@graph\":[{\"@type\":\"WebPage\",\"@id\":\"https:\/\/praktiska.se\/sodertalje\/program\/bygg-och-anlaggningsprogrammet\/\",\"url\":\"https:\/\/praktiska.se\/sodertalje\/program\/bygg-och-anlaggningsprogrammet\/\",\"name\":\"Bygg och anl\u00e4ggning i S\u00f6dert\u00e4lje - Praktiska Gymnasium\",\"isPartOf\":{\"@id\":\"https:\/\/praktiska.se\/sodertalje\/#website\"},\"datePublished\":\"2023-12-07T10:33:16+00:00\",\"dateModified\":\"2025-10-31T14:04:47+00:00\",\"description\":\"Bygg- och anl\u00e4ggningsprogrammet \u00e4r yrkesprogrammet f\u00f6r dig som vill arbeta inom bygg- och anl\u00e4ggningsbranschen efter studenten.\",\"breadcrumb\":{\"@id\":\"https:\/\/praktiska.se\/sodertalje\/program\/bygg-och-anlaggningsprogrammet\/#breadcrumb\"},\"inLanguage\":\"sv-SE\",\"potentialAction\":[{\"@type\":\"ReadAction\",\"target\":[\"https:\/\/praktiska.se\/sodertalje\/program\/bygg-och-anlaggningsprogrammet\/\"]}]},{\"@type\":\"BreadcrumbList\",\"@id\":\"https:\/\/praktiska.se\/sodertalje\/program\/bygg-och-anlaggningsprogrammet\/#breadcrumb\",\"itemListElement\":[{\"@type\":\"ListItem\",\"position\":1,\"name\":\"Start\",\"item\":\"https:\/\/praktiska.se\/sodertalje\"},{\"@type\":\"ListItem\",\"position\":2,\"name\":\"V\u00e5ra program\"}]},{\"@type\":\"WebSite\",\"@id\":\"https:\/\/praktiska.se\/sodertalje\/#website\",\"url\":\"https:\/\/praktiska.se\/sodertalje\/\",\"name\":\"S\u00f6dert\u00e4lje\",\"description\":\"Vi utbildar framtidens arbetskraft\",\"potentialAction\":[{\"@type\":\"SearchAction\",\"target\":{\"@type\":\"EntryPoint\",\"urlTemplate\":\"https:\/\/praktiska.se\/sodertalje\/?s={search_term_string}\"},\"query-input\":\"required name=search_term_string\"}],\"inLanguage\":\"sv-SE\"}]}<\/script>\n<!-- \/ Yoast SEO plugin. -->","yoast_head_json":{"title":"Bygg och anl\u00e4ggning i S\u00f6dert\u00e4lje - Praktiska Gymnasium","description":"Bygg- och anl\u00e4ggningsprogrammet \u00e4r yrkesprogrammet f\u00f6r dig som vill arbeta inom bygg- och anl\u00e4ggningsbranschen efter studenten.","robots":{"index":"index","follow":"follow","max-snippet":"max-snippet:-1","max-image-preview":"max-image-preview:large","max-video-preview":"max-video-preview:-1"},"canonical":"https:\/\/praktiska.se\/sodertalje\/program\/bygg-och-anlaggningsprogrammet\/","og_locale":"sv_SE","og_type":"article","og_title":"Bygg och anl\u00e4ggning i S\u00f6dert\u00e4lje - Praktiska Gymnasium","og_description":"Bygg- och anl\u00e4ggningsprogrammet \u00e4r yrkesprogrammet f\u00f6r dig som vill arbeta inom bygg- och anl\u00e4ggningsbranschen efter studenten.","og_url":"https:\/\/praktiska.se\/sodertalje\/program\/bygg-och-anlaggningsprogrammet\/","og_site_name":"S\u00f6dert\u00e4lje","article_modified_time":"2025-10-31T14:04:47+00:00","og_image":[{"url":"https:\/\/praktiska.se\/wp-content\/uploads\/sites\/35\/2023\/12\/baallaweb347x260px.jpg","width":347,"height":260,"type":"image\/jpeg"}],"twitter_card":"summary_large_image","twitter_title":"Bygg och anl\u00e4ggning i S\u00f6dert\u00e4lje - Praktiska Gymnasium","twitter_description":"Bygg- och anl\u00e4ggningsprogrammet \u00e4r yrkesprogrammet f\u00f6r dig som vill arbeta inom bygg- och anl\u00e4ggningsbranschen efter studenten.","twitter_image":"https:\/\/praktiska.se\/wp-content\/uploads\/sites\/35\/2023\/12\/baallaweb347x260px.jpg","twitter_misc":{"Est. reading time":"2 minuter"},"schema":{"@context":"https:\/\/schema.org","@graph":[{"@type":"WebPage","@id":"https:\/\/praktiska.se\/sodertalje\/program\/bygg-och-anlaggningsprogrammet\/","url":"https:\/\/praktiska.se\/sodertalje\/program\/bygg-och-anlaggningsprogrammet\/","name":"Bygg och anl\u00e4ggning i S\u00f6dert\u00e4lje - Praktiska Gymnasium","isPartOf":{"@id":"https:\/\/praktiska.se\/sodertalje\/#website"},"datePublished":"2023-12-07T10:33:16+00:00","dateModified":"2025-10-31T14:04:47+00:00","description":"Bygg- och anl\u00e4ggningsprogrammet \u00e4r yrkesprogrammet f\u00f6r dig som vill arbeta inom bygg- och anl\u00e4ggningsbranschen efter studenten.","breadcrumb":{"@id":"https:\/\/praktiska.se\/sodertalje\/program\/bygg-och-anlaggningsprogrammet\/#breadcrumb"},"inLanguage":"sv-SE","potentialAction":[{"@type":"ReadAction","target":["https:\/\/praktiska.se\/sodertalje\/program\/bygg-och-anlaggningsprogrammet\/"]}]},{"@type":"BreadcrumbList","@id":"https:\/\/praktiska.se\/sodertalje\/program\/bygg-och-anlaggningsprogrammet\/#breadcrumb","itemListElement":[{"@type":"ListItem","position":1,"name":"Start","item":"https:\/\/praktiska.se\/sodertalje"},{"@type":"ListItem","position":2,"name":"V\u00e5ra program"}]},{"@type":"WebSite","@id":"https:\/\/praktiska.se\/sodertalje\/#website","url":"https:\/\/praktiska.se\/sodertalje\/","name":"S\u00f6dert\u00e4lje","description":"Vi utbildar framtidens arbetskraft","potentialAction":[{"@type":"SearchAction","target":{"@type":"EntryPoint","urlTemplate":"https:\/\/praktiska.se\/sodertalje\/?s={search_term_string}"},"query-input":"required name=search_term_string"}],"inLanguage":"sv-SE"}]}},"_links":{"self":[{"href":"https:\/\/praktiska.se\/sodertalje\/wp-json\/wp\/v2\/program_orientation\/2716"}],"collection":[{"href":"https:\/\/praktiska.se\/sodertalje\/wp-json\/wp\/v2\/program_orientation"}],"about":[{"href":"https:\/\/praktiska.se\/sodertalje\/wp-json\/wp\/v2\/types\/program_orientation"}],"version-history":[{"count":5,"href":"https:\/\/praktiska.se\/sodertalje\/wp-json\/wp\/v2\/program_orientation\/2716\/revisions"}],"predecessor-version":[{"id":3425,"href":"https:\/\/praktiska.se\/sodertalje\/wp-json\/wp\/v2\/program_orientation\/2716\/revisions\/3425"}],"wp:featuredmedia":[{"embeddable":true,"href":"https:\/\/praktiska.se\/sodertalje\/wp-json\/wp\/v2\/media\/2719"}],"wp:attachment":[{"href":"https:\/\/praktiska.se\/sodertalje\/wp-json\/wp\/v2\/media?parent=2716"}],"curies":[{"name":"wp","href":"https:\/\/api.w.org\/{rel}","templated":true}]}}