{"id":3321,"date":"2025-09-18T15:47:37","date_gmt":"2025-09-18T13:47:37","guid":{"rendered":""},"modified":"2026-01-21T14:01:22","modified_gmt":"2026-01-21T13:01:22","slug":"forsaljning-och-service","status":"publish","type":"program_orientation","link":"https:\/\/praktiska.se\/skelleftea\/program\/forsaljnings-och-serviceprogrammet\/forsaljning-och-service\/","title":{"rendered":"F\u00f6rs\u00e4ljning och service"},"content":{"rendered":"\n\t\n\t\n\t\n\t\n\t\n\n<section \n\tclass=\"ams-hero ams-hero--classic ams-hero--75 c-block l-stacked  \"\n\tdata-color-scheme=\"hero\"\n\tstyle=\"\">\n\t<div class=\"ams-hero__container u-items-start u-justify-center\">\n\t\t<div\n\t\t\tclass=\"ams-hero__content l-stack l-stack-xl is-left is-left@md\" >\n\t\t\t<div class=\"l-stack l-stack-lg\">\n\t\t\t\t\t\n\t<div\n\tclass=\"c-heading u-font-huge \"\n\tstyle=\"\">\n\t\t\n\t\t\t\t\t\t\t\t\t<span class=\"c-heading__sub is-above u-font-title-3\">\n\t\t\t\t\tF\u00f6rs\u00e4ljnings- och serviceprogrammet\n\t\t\t\t<\/span>\n\t\t\t\tF\u00f6rs\u00e4ljning och service\n\t\t\t\t\t\t\t\n\t<\/div>\n\n\t\t\t\t\t\t\t\t\t<div class=\"text l-stack u-font-body\">\n\t\t\t\t\t\t<p><span data-sheets-root=\"1\" data-sheets-value=\"{&quot;1&quot;:2,&quot;2&quot;:&quot;\u00c4r du nyfiken p\u00e5 att arbeta inom ink\u00f6p, f\u00f6rs\u00e4ljning och marknadsf\u00f6ring? D\u00e5 ska du v\u00e4lja f\u00f6rs\u00e4ljning och service!&quot;}\" data-sheets-userformat=\"{&quot;2&quot;:5025,&quot;3&quot;:{&quot;1&quot;:0},&quot;8&quot;:{&quot;1&quot;:[{&quot;1&quot;:2,&quot;2&quot;:0,&quot;5&quot;:{&quot;1&quot;:2,&quot;2&quot;:0}},{&quot;1&quot;:0,&quot;2&quot;:0,&quot;3&quot;:3},{&quot;1&quot;:1,&quot;2&quot;:0,&quot;4&quot;:1}]},&quot;10&quot;:0,&quot;11&quot;:4,&quot;12&quot;:0,&quot;15&quot;:&quot;Arial&quot;}\">\u00c4r du nyfiken p\u00e5 att arbeta inom ink\u00f6p, f\u00f6rs\u00e4ljning och marknadsf\u00f6ring? D\u00e5 ska du v\u00e4lja f\u00f6rs\u00e4ljning och service!<\/span><\/p>\n\n\t\t\t\t\t<\/div>\n\t\t\t\t\t\t\t<\/div>\n\n\t\t\t\t\t<\/div>\n\t<\/div>\n\n\t\n\t\t\t\n\t\t\t\t\t\t\t\n\t\t\t\t<div class=\"c-bg c-bg--img\" data-settings=\"{&quot;desktop_settings&quot;:{&quot;size&quot;:&quot;cover&quot;,&quot;position&quot;:&quot;top-right&quot;},&quot;mobile_settings&quot;:{&quot;size&quot;:&quot;cover&quot;,&quot;position&quot;:&quot;top-right&quot;}}\" data-position=\"middle-center\" data-size=\"cover\">\n\t\t\t<img decoding=\"async\" width=\"1200\" height=\"1573\" src=\"https:\/\/praktiska.se\/wp-content\/uploads\/sites\/30\/2023\/12\/fsweb-1200x1573.jpg\" class=\"attachment-xxl size-xxl\" alt=\"F\u00f6rem\u00e5l som representerar F\u00f6rs\u00e4ljning- och serviceprogrammet ligger utlagda p\u00e5 m\u00f6rkt tr\u00e4.\" sizes=\"(max-width: 1200px) 100vw, 1200px\" srcset=\"https:\/\/praktiska.se\/wp-content\/uploads\/sites\/30\/2023\/12\/fsweb-1200x1573.jpg 1200w, https:\/\/praktiska.se\/wp-content\/uploads\/sites\/30\/2023\/12\/fsweb-300x393.jpg 300w, https:\/\/praktiska.se\/wp-content\/uploads\/sites\/30\/2023\/12\/fsweb-400x524.jpg 400w, https:\/\/praktiska.se\/wp-content\/uploads\/sites\/30\/2023\/12\/fsweb-600x786.jpg 600w, https:\/\/praktiska.se\/wp-content\/uploads\/sites\/30\/2023\/12\/fsweb-800x1048.jpg 800w, https:\/\/praktiska.se\/wp-content\/uploads\/sites\/30\/2023\/12\/fsweb-1024x1342.jpg 1024w, https:\/\/praktiska.se\/wp-content\/uploads\/sites\/30\/2023\/12\/fsweb.jpg 1465w\" \/>\n\t\t<\/div>\n\t\n<\/section>\n\n\n\n<div class=\"wp-block-columns is-layout-flex wp-container-core-columns-layout-1 wp-block-columns-is-layout-flex\">\n<div class=\"wp-block-column is-layout-flow wp-block-column-is-layout-flow\" style=\"flex-basis:66.66%\">\t\n\t<h1\n\t\n\tclass=\"\n\tc-heading c-heading--icon\n\tu-font-title-1\n\t\n\t\n\t\n\tc-heading--left\n\tc-heading--left@md\n\t\"\n\tdata-color-scheme=\"white\"\n\tstyle=\"\">\n\t\t\t\t\t\t\t\t\t<img decoding=\"async\" src=\"https:\/\/praktiska.se\/wp-content\/uploads\/sites\/30\/2023\/12\/hahandelochservicepraktiskaikonerinriktningar94x94px.svg\" class=\"attachment-thumbnail size-thumbnail\" alt=\"Ikon i form av en kungvagn.\" height=\"94\" width=\"94\" \/>\n\t\t\t\t<span class=\"text\">Om f\u00f6rs\u00e4ljning och service<\/span>\n\t\t\t\t\t\t<\/h1>\n\n\n\n\t<div class=\"module_wrapper ams_remote_pages_module \">\n\t\t\t\t\t\t\t<div class=\"container acf-preamble\">\n\t\t\t\t\t\t<div class=\"row\">\n\t\t\t\t\t\t\t<div class=\"col-12\">\n\t\t\t\t\t\t\t\t\n<p   class=\"site__ingress container text-left  site__text-color--dark  site__free_text--ingress p-0\">\n\tF\u00f6rs\u00e4ljning- och service ger dig en bred utbildning d\u00e4r du kommer l\u00e4ra dig och utvecklas inom bland annat f\u00f6rs\u00e4ljning, ink\u00f6p och service. Om du tycker att det \u00e4r roligt att m\u00f6ta m\u00e4nniskor och vill jobba inom en bransch som st\u00e4ndigt utvecklas kommer utbildningen att passa dig perfekt.<\/p>\n\n\n\t\t\t\t\t\t\t<\/div>\n\t\t\t\t\t\t<\/div>\n\t\t\t\t\t<\/div>\n\t\t\t\t\t\t\t\t\t\t<div class=\"container core-paragraph\">\n\t\t\t\t\t\t<div class=\"row\">\n\t\t\t\t\t\t\t<div class=\"col-12\">\n\t\t\t\t\t\t\t\t\n<p>Hos oss p\u00e5 Praktiska Gymnasiet f\u00e5r du l\u00e4ra dig branschen p\u00e5 riktigt genom att vi blandar teori med praktik. Det du l\u00e4r dig i skolan f\u00e5r du sedan \u00f6va p\u00e5 ute p\u00e5 en arbetsplats. Handelsbranschen utvecklas st\u00e4ndigt och d\u00e4rf\u00f6r \u00e4r tiden du g\u00f6r ute p\u00e5 en arbetsplats viktig f\u00f6r att du ska f\u00e5 de senaste relevanta kunskaperna om yrket. Du f\u00e5r ocks\u00e5 m\u00f6jlighet att knyta goda kontakter inom branschen vilket i m\u00e5nga fall leder till fortsatt jobb efter studenten.<\/p>\n\t\t\t\t\t\t\t<\/div>\n\t\t\t\t\t\t<\/div>\n\t\t\t\t\t<\/div>\n\t\t\t\t\t\t\t\t\t\t<div class=\"container core-paragraph\">\n\t\t\t\t\t\t<div class=\"row\">\n\t\t\t\t\t\t\t<div class=\"col-12\">\n\t\t\t\t\t\t\t\t\n<p>Du kommer f\u00e5 l\u00e4ra dig att hantera digitala medier och presentationsteknik. Andra centrala \u00e4mnen f\u00f6r utbildningen \u00e4r servicekunskap, praktisk marknadsf\u00f6ring och personlig f\u00f6rs\u00e4ljning.<\/p>\n\t\t\t\t\t\t\t<\/div>\n\t\t\t\t\t\t<\/div>\n\t\t\t\t\t<\/div>\n\t\t\t\t\t\t\t\t\t\t<div class=\"container core-heading\">\n\t\t\t\t\t\t<div class=\"row\">\n\t\t\t\t\t\t\t<div class=\"col-12\">\n\t\t\t\t\t\t\t\t\n<h3 class=\"wp-block-heading\"><strong>H\u00f6gskolebeh\u00f6righet<\/strong><\/h3>\n\t\t\t\t\t\t\t<\/div>\n\t\t\t\t\t\t<\/div>\n\t\t\t\t\t<\/div>\n\t\t\t\t\t\t\t\t\t\t<div class=\"container core-paragraph\">\n\t\t\t\t\t\t<div class=\"row\">\n\t\t\t\t\t\t\t<div class=\"col-12\">\n\t\t\t\t\t\t\t\t\n<p>Grundl\u00e4ggande h\u00f6gskolebeh\u00f6righet ing\u00e5r i alla yrkesprogram p\u00e5 gymnasiet. Det inneb\u00e4r att du inte beh\u00f6ver v\u00e4lja till n\u00e5gra kurser f\u00f6r att bli beh\u00f6rig till vissa utbildningar p\u00e5 h\u00f6gskola eller universitet. Du kan v\u00e4lja bort kurserna som ger h\u00f6gskolebeh\u00f6righet om du k\u00e4nner att det inte \u00e4r n\u00e5got f\u00f6r dig.<\/p>\n\t\t\t\t\t\t\t<\/div>\n\t\t\t\t\t\t<\/div>\n\t\t\t\t\t<\/div>\n\t\t\t\t\t\t<\/div>\n\n\t<\/div>\n\n\n\n<div class=\"wp-block-column is-layout-flow wp-block-column-is-layout-flow\" style=\"flex-basis:33.33%\">\n\t<div class=\"module_wrapper ams_remote_pages_module \">\n\t\t<style>\n@media only screen and (min-width: 600px) {\n\t}\n@media only screen and (max-width: 600px) {\n\t}\n<\/style>\n<div   class=\"ams-fragor  site__secondary-bg--25   ams-fragor-qhhlxczoqvqrdpbikiax\" >\n\t<p class=\"site__subheading-1  site__text-color--dark  u-mb-2xs\">\n\t\tExempel p\u00e5 framtida yrken\t<\/p>\n   \t\t <div   class=\" site__text-color--dark  ams-fragor__namn\">\n\t\t\t\t\t\t<span class=\" \">\n\t\t\t\t\t\t\t<\/span>\n\t\t<\/div>\n\t\t<div   class=\" site__text-color--dark  ams-fragor__utbildning\">\n\t\t\t\t\t\t<span class=\" \">\n\t\t\t\t\t\t\t<\/span>\n\t\t<\/div>\n\t\t\t\t\t<ul>\n\t\t\t\t\t\t\t<li   class=\" site__text-color--dark  \" >\n\t\t\t\t\t\t\t\t\t\t\t\t\t\t\t\t<span class=\"\">\n\t\t\t\t\t\t\tButikss\u00e4ljare, Marknadsf\u00f6rare, Varumottagare\t\t\t\t\t\t<\/span>\n\t\t\t\t\t\t\t\t\t<\/li>\n\t\t\t\t\t<\/ul>\n\t\t\t<\/div>\n<script>\n\tamsFragor = function() {\n\t\tvar w = window.innerWidth;\n\t\tvar siteMain = document.getElementsByClassName(\"site-main\")[0]\n\t\tif(typeof siteMain !== 'undefined'){\n\t\t\tvar testimonial = siteMain.getElementsByClassName(\"testimonial_header_module\")[0]\n\t\t\tif(typeof testimonial !== 'undefined'){\n\t\t\t\tvar amsFragor = document.getElementsByClassName(\"ams-fragor\")\n\t\t\t\tfor(var i = 0; i < amsFragor.length; i++){\n\t\t\t\t\tif(w > 769 ){\n\t\t\t\t\t\tamsFragor[i].setAttribute('style', \"margin-top: 50px\");\n\t\t\t\t\t}else{\n\t\t\t\t\t\tamsFragor[i].setAttribute('style', \"margin-top: 0px\");\n\t\t\t\t\t}\n\t\t\t\t}\n\t\t\t}\n\t\t}\n\t};\n\tamsFragor();\n\twindow.addEventListener(\"resize\", amsFragor);\n<\/script>\n\t\t\t\t\t<div class=\"container core-spacer\">\n\t\t\t\t\t\t<div class=\"row\">\n\t\t\t\t\t\t\t<div class=\"col-12\">\n\t\t\t\t\t\t\t\t\n<div style=\"height:20px\" aria-hidden=\"true\" class=\"wp-block-spacer\"><\/div>\n\t\t\t\t\t\t\t<\/div>\n\t\t\t\t\t\t<\/div>\n\t\t\t\t\t<\/div>\n\t\t\t\t\t<style>\n@media only screen and (min-width: 600px) {\n\t}\n@media only screen and (max-width: 600px) {\n\t}\n<\/style>\n<div   class=\"ams-fragor  site__secondary-bg--100   ams-fragor-dxasuxflkoyhxovpxbqs\" >\n\t<p class=\"site__subheading-1  site__text-color--light  u-mb-2xs\">\n\t\t\u00d6vrig info\t<\/p>\n   \t\t <div   class=\" site__text-color--light  ams-fragor__namn\">\n\t\t\t\t\t\t<span class=\" \">\n\t\t\t\t\t\t\t<\/span>\n\t\t<\/div>\n\t\t<div   class=\" site__text-color--light  ams-fragor__utbildning\">\n\t\t\t\t\t\t<span class=\" \">\n\t\t\t\t\t\t\t<\/span>\n\t\t<\/div>\n\t\t\t\t\t<ul>\n\t\t\t\t\t\t\t<li   class=\" site__text-color--light  \" >\n\t\t\t\t\tProgram:\t\t\t\t\t\t\t\t\t\t\t<span class=\"\">\n\t\t\t\t\t\t\tF\u00f6rs\u00e4ljnings- och serviceprogrammet\t\t\t\t\t\t<\/span>\n\t\t\t\t\t\t\t\t\t<\/li>\n\t\t\t\t\t\t\t<li   class=\" site__text-color--light  \" >\n\t\t\t\t\tProgramkod:\t\t\t\t\t\t\t\t\t\t\t<span class=\"\">\n\t\t\t\t\t\t\tFSFOR\t\t\t\t\t\t<\/span>\n\t\t\t\t\t\t\t\t\t<\/li>\n\t\t\t\t\t<\/ul>\n\t\t\t<\/div>\n<script>\n\tamsFragor = function() {\n\t\tvar w = window.innerWidth;\n\t\tvar siteMain = document.getElementsByClassName(\"site-main\")[0]\n\t\tif(typeof siteMain !== 'undefined'){\n\t\t\tvar testimonial = siteMain.getElementsByClassName(\"testimonial_header_module\")[0]\n\t\t\tif(typeof testimonial !== 'undefined'){\n\t\t\t\tvar amsFragor = document.getElementsByClassName(\"ams-fragor\")\n\t\t\t\tfor(var i = 0; i < amsFragor.length; i++){\n\t\t\t\t\tif(w > 769 ){\n\t\t\t\t\t\tamsFragor[i].setAttribute('style', \"margin-top: 50px\");\n\t\t\t\t\t}else{\n\t\t\t\t\t\tamsFragor[i].setAttribute('style', \"margin-top: 0px\");\n\t\t\t\t\t}\n\t\t\t\t}\n\t\t\t}\n\t\t}\n\t};\n\tamsFragor();\n\twindow.addEventListener(\"resize\", amsFragor);\n<\/script>\n\t<\/div>\n\n\t<\/div>\n<\/div>\n\n\n\n\t\n\t\n\t\n\n\t\n\t\n\t\t\n<section  class=\"c-block l-stacked  \" data-color-scheme=\"white\">\n\t<div class=\"ams-fifty ams-fifty--container ams-fifty--left ams-fifty--top l-container u-pt-fluid-3xl-6xl u-pb-fluid-3xl-6xl\">\n\t\t<div class=\"ams-fifty__content l-stack l-stack-xl is-left is-left@lg\">\n\t\t\t<div class=\"ams-fifty__text l-stack l-stack-lg\">\n\t\t\t\t\t\n\t<h2\n\tclass=\"c-heading u-font-title-1 \"\n\tstyle=\"\">\n\t\t\n\t\t\t\t\t\t\t\t\tAPL &#038; L\u00e4rling\n\t\t\t\t<span class=\"c-heading__sub is-below u-font-preamble\">\n\t\t\t\t\tVi varvar teori och praktik under hela utbildningen!\n\t\t\t\t<\/span>\n\t\t\t\t\t\t\t\n\t<\/h2>\n\n\t\t\t\t\t\t\t\t\t<div class=\"text l-stack u-font-body\">\n\t\t\t\t\t\t<p><span data-sheets-root=\"1\" data-sheets-value=\"{&quot;1&quot;:2,&quot;2&quot;:&quot;P\u00e5 gymnasiet kallas praktik f\u00f6r APL (arbetsplatsf\u00f6rlagd l\u00e4rande). Alla som l\u00e4ser f\u00f6rs\u00e4ljning och service hos oss kommer att vara ute p\u00e5 APL i minst 15 veckor under sin gymnasietid. P\u00e5 vissa av v\u00e5ra skolor kan man ocks\u00e5 v\u00e4lja att l\u00e4sa som l\u00e4rling, d\u00e5 \u00e4r man som elev ute p\u00e5 APL minst 50% av sin utbildning. &quot;}\" data-sheets-userformat=\"{&quot;2&quot;:929,&quot;3&quot;:{&quot;1&quot;:0},&quot;8&quot;:{&quot;1&quot;:[{&quot;1&quot;:2,&quot;2&quot;:0,&quot;5&quot;:{&quot;1&quot;:2,&quot;2&quot;:0}},{&quot;1&quot;:0,&quot;2&quot;:0,&quot;3&quot;:3},{&quot;1&quot;:1,&quot;2&quot;:0,&quot;4&quot;:1}]},&quot;10&quot;:0,&quot;11&quot;:4,&quot;12&quot;:0}\">P\u00e5 gymnasiet kallas praktik f\u00f6r APL (arbetsplatsf\u00f6rlagd l\u00e4rande). Alla som l\u00e4ser f\u00f6rs\u00e4ljning och service hos oss kommer att vara ute p\u00e5 APL i minst 15 veckor under sin gymnasietid. P\u00e5 vissa av v\u00e5ra skolor kan man ocks\u00e5 v\u00e4lja att l\u00e4sa som l\u00e4rling, d\u00e5 \u00e4r man som elev ute p\u00e5 APL minst 50% av sin utbildning. <\/span><\/p>\n\n\t\t\t\t\t<\/div>\n\t\t\t\t\t\t\t<\/div>\n\n\t\t\t\t<div class=\"ams-fifty__action u-inline-items\">\n\t\t\t\t\t\t\t\n\n\n<a href=\"https:\/\/praktiska.se\/om-praktiska\/apl-och-larling\/\"\n\t\n\tclass=\"c-btn \"\n\tdata-style=\"round\"\n\tdata-size=\"md\"\n\tdata-width=\"full-mobile\"\n\tdata-variant=\"default\"\n\ttarget=\"_self\">\n\t\t\t<span class=\"label\"> Mer om APL och l\u00e4rling<\/span>\n\t\t\t<\/a>\n\t\t\t<\/div>\n\t\t<\/div>\n\n\t\t <div class=\"ams-fifty__media u-ratio-square\">\n\t\t \t\t\t\t\t<img decoding=\"async\" width=\"600\" height=\"400\" src=\"https:\/\/praktiska.se\/wp-content\/uploads\/sites\/30\/2025\/09\/praktiskaforsaljning-och-service240419-290419364-600x400.jpg\" class=\"attachment-md size-md\" alt=\"Elever p\u00e5 f\u00f6rs\u00e4ljning och service som g\u00f6r ett grupparbete runt ett bord.\" sizes=\"(min-width: 64em) 600px, calc(100vw - 160px)\" srcset=\"https:\/\/praktiska.se\/wp-content\/uploads\/sites\/30\/2025\/09\/praktiskaforsaljning-och-service240419-290419364-600x400.jpg 600w, https:\/\/praktiska.se\/wp-content\/uploads\/sites\/30\/2025\/09\/praktiskaforsaljning-och-service240419-290419364-300x200.jpg 300w, https:\/\/praktiska.se\/wp-content\/uploads\/sites\/30\/2025\/09\/praktiskaforsaljning-och-service240419-290419364-400x267.jpg 400w, https:\/\/praktiska.se\/wp-content\/uploads\/sites\/30\/2025\/09\/praktiskaforsaljning-och-service240419-290419364-800x533.jpg 800w, https:\/\/praktiska.se\/wp-content\/uploads\/sites\/30\/2025\/09\/praktiskaforsaljning-och-service240419-290419364-1024x683.jpg 1024w, https:\/\/praktiska.se\/wp-content\/uploads\/sites\/30\/2025\/09\/praktiskaforsaljning-och-service240419-290419364.jpg 1080w\" \/>\n\t\t\t\n\t\t\t\n\t\t\t\t\t<\/div>\n\t<\/div>\n\n\t\t\n\n<\/section>\n\n\n\n\n<section  class=\"ams-lists c-block l-stacked\" data-color-scheme=\"orange\">\n\t<div class=\"l-container l-stack l-stack-fluid-2xl u-pt-fluid-3xl-6xl u-pb-fluid-3xl-6xl is-center is-center@md\">\n\t\t\t\t\t<div class=\"ams-lists__intro l-stack l-stack-lg\">\n\t\t\t\t\t\n\t<h2\n\tclass=\"c-heading u-font-title-1 \"\n\tstyle=\"\">\n\t\t\n\t\t\t\t\tH\u00e4r kan du l\u00e4sa f\u00f6rs\u00e4ljning och service\n\t\t\t\t\n\t<\/h2>\n\n\t\t\t\t\t\t\t<\/div>\n\t\t\n\t\t\t\t\t<div class=\"ams-lists__content\">\n\t\t\t<div class=\"c-list\" style=\"--list-columns: 3;\">\n\n\t\t\t\t\t\t\t\t\t\t\t\t\t\n\t\t\t\t\t\t\t\t\t\t\t<div class=\"c-list__heading column-1 u-font-title-4\">\n\t\t\t\t\t\t\t<button type=\"button\" class=\"c-list__trigger\">\n\t\t\t\t\t\t\t\t<span>Se alla skolor<\/span>\n\t\t\t\t\t\t\t\t<svg class=\"ams-icon ams-icon__arrow-down\" width=\"24\" height=\"24\"\n\t\t\t\t\t\t\t\t\t viewBox=\"0 0 24 24\" fill=\"currentColor\" aria-hidden=\"true\"\n\t\t\t\t\t\t\t\t\t xmlns=\"http:\/\/www.w3.org\/2000\/svg\">\n\t\t\t\t\t\t\t\t\t<path\n\t\t\t\t\t\t\t\t\t\td=\"m11.2033 18.4294-10.872894-10.67584c-.440539-.42594-.440539-1.1147 0-1.54065l.665495-.64345c.440539-.42595 1.152899-.42595 1.593439 0l9.41066 9.27114 9.4107-9.26207c.4405-.42595 1.1529-.42595 1.5934 0l.6655.64345c.4405.42594.4405 1.1147 0 1.54065l-10.8729 10.67587c-.4405.4168-1.1529.4168-1.5934-.0091z\"><\/path>\n\t\t\t\t\t\t\t\t<\/svg>\n\t\t\t\t\t\t\t<\/button>\n\t\t\t\t\t\t<\/div>\n\t\t\t\t\t\n\t\t\t\t\t\t\t\t\t\t\t<div class=\"c-list__item column-1 u-font-body\">\n\t\t\t\t\t\t\t\t\t\t\t\t\t\t\t<a href=\"https:\/\/praktiska.se\/goteborg-gamlestaden\/program\/forsaljnings-och-serviceprogrammet\/forsaljning-och-service\/\"\n\t\t\t\t\t\t\t\t   target=\"_self\"\n\t\t\t\t\t\t\t\t   class=\"c-list__link\">\n\n\t\t\t\t\t\t\t\t\t<span>\n\t\t\t\t\t\t\t\t\t\t\t\t\t\t\t\t\t\t\t\t\tG\u00f6teborg Gamlestaden\n\t\t\t\t\t\t\t\t\t\t\t\t\t\t\t\t\t\t\t<\/span>\n\t\t\t\t\t\t\t\t<\/a>\n\t\t\t\t\t\t\t\t\t\t\t\t\t<\/div>\n\t\t\t\t\t\t\t\t\t\t\t<div class=\"c-list__item column-1 u-font-body\">\n\t\t\t\t\t\t\t\t\t\t\t\t\t\t\t<a href=\"https:\/\/praktiska.se\/jonkoping\/program\/forsaljnings-och-serviceprogrammet\/forsaljning-och-service\/\"\n\t\t\t\t\t\t\t\t   target=\"_self\"\n\t\t\t\t\t\t\t\t   class=\"c-list__link\">\n\n\t\t\t\t\t\t\t\t\t<span>\n\t\t\t\t\t\t\t\t\t\t\t\t\t\t\t\t\t\t\t\t\tJ\u00f6nk\u00f6ping\n\t\t\t\t\t\t\t\t\t\t\t\t\t\t\t\t\t\t\t<\/span>\n\t\t\t\t\t\t\t\t<\/a>\n\t\t\t\t\t\t\t\t\t\t\t\t\t<\/div>\n\t\t\t\t\t\t\t\t\t\t\t<div class=\"c-list__item column-1 u-font-body\">\n\t\t\t\t\t\t\t\t\t\t\t\t\t\t\t<a href=\"https:\/\/praktiska.se\/kalmar\/program\/forsaljnings-och-serviceprogrammet\/forsaljning-och-service\/\"\n\t\t\t\t\t\t\t\t   target=\"_self\"\n\t\t\t\t\t\t\t\t   class=\"c-list__link\">\n\n\t\t\t\t\t\t\t\t\t<span>\n\t\t\t\t\t\t\t\t\t\t\t\t\t\t\t\t\t\t\t\t\tKalmar\n\t\t\t\t\t\t\t\t\t\t\t\t\t\t\t\t\t\t\t<\/span>\n\t\t\t\t\t\t\t\t<\/a>\n\t\t\t\t\t\t\t\t\t\t\t\t\t<\/div>\n\t\t\t\t\t\t\t\t\t\t\t<div class=\"c-list__item column-1 u-font-body\">\n\t\t\t\t\t\t\t\t\t\t\t\t\t\t\t<a href=\"https:\/\/praktiska.se\/karlstad\/program\/forsaljnings-och-serviceprogrammet\/forsaljning-och-service\/\"\n\t\t\t\t\t\t\t\t   target=\"_self\"\n\t\t\t\t\t\t\t\t   class=\"c-list__link\">\n\n\t\t\t\t\t\t\t\t\t<span>\n\t\t\t\t\t\t\t\t\t\t\t\t\t\t\t\t\t\t\t\t\tKarlstad\n\t\t\t\t\t\t\t\t\t\t\t\t\t\t\t\t\t\t\t<\/span>\n\t\t\t\t\t\t\t\t<\/a>\n\t\t\t\t\t\t\t\t\t\t\t\t\t<\/div>\n\t\t\t\t\t\t\t\t\t\t\t<div class=\"c-list__item column-1 u-font-body\">\n\t\t\t\t\t\t\t\t\t\t\t\t\t\t\t<a href=\"https:\/\/praktiska.se\/kristianstad\/program\/forsaljnings-och-serviceprogrammet\/forsaljning-och-service\/\"\n\t\t\t\t\t\t\t\t   target=\"_self\"\n\t\t\t\t\t\t\t\t   class=\"c-list__link\">\n\n\t\t\t\t\t\t\t\t\t<span>\n\t\t\t\t\t\t\t\t\t\t\t\t\t\t\t\t\t\t\t\t\tKristianstad\n\t\t\t\t\t\t\t\t\t\t\t\t\t\t\t\t\t\t\t<\/span>\n\t\t\t\t\t\t\t\t<\/a>\n\t\t\t\t\t\t\t\t\t\t\t\t\t<\/div>\n\t\t\t\t\t\t\t\t\t\t\t<div class=\"c-list__item column-1 u-font-body\">\n\t\t\t\t\t\t\t\t\t\t\t\t\t\t\t<a href=\"https:\/\/praktiska.se\/kungsbacka\/program\/forsaljnings-och-serviceprogrammet\/forsaljning-och-service\/\"\n\t\t\t\t\t\t\t\t   target=\"_self\"\n\t\t\t\t\t\t\t\t   class=\"c-list__link\">\n\n\t\t\t\t\t\t\t\t\t<span>\n\t\t\t\t\t\t\t\t\t\t\t\t\t\t\t\t\t\t\t\t\tKungsbacka\n\t\t\t\t\t\t\t\t\t\t\t\t\t\t\t\t\t\t\t<\/span>\n\t\t\t\t\t\t\t\t<\/a>\n\t\t\t\t\t\t\t\t\t\t\t\t\t<\/div>\n\t\t\t\t\t\t\t\t\t\t\t<div class=\"c-list__item column-1 u-font-body\">\n\t\t\t\t\t\t\t\t\t\t\t\t\t\t\t<a href=\"https:\/\/praktiska.se\/linkoping\/program\/forsaljnings-och-serviceprogrammet\/forsaljning-och-service\/\"\n\t\t\t\t\t\t\t\t   target=\"_self\"\n\t\t\t\t\t\t\t\t   class=\"c-list__link\">\n\n\t\t\t\t\t\t\t\t\t<span>\n\t\t\t\t\t\t\t\t\t\t\t\t\t\t\t\t\t\t\t\t\tLink\u00f6ping\n\t\t\t\t\t\t\t\t\t\t\t\t\t\t\t\t\t\t\t<\/span>\n\t\t\t\t\t\t\t\t<\/a>\n\t\t\t\t\t\t\t\t\t\t\t\t\t<\/div>\n\t\t\t\t\t\t\t\t\t\t\t<div class=\"c-list__item column-1 u-font-body\">\n\t\t\t\t\t\t\t\t\t\t\t\t\t\t\t<a href=\"https:\/\/praktiska.se\/lulea\/program\/forsaljnings-och-serviceprogrammet\/forsaljning-och-service\/\"\n\t\t\t\t\t\t\t\t   target=\"_self\"\n\t\t\t\t\t\t\t\t   class=\"c-list__link\">\n\n\t\t\t\t\t\t\t\t\t<span>\n\t\t\t\t\t\t\t\t\t\t\t\t\t\t\t\t\t\t\t\t\tLule\u00e5\n\t\t\t\t\t\t\t\t\t\t\t\t\t\t\t\t\t\t\t<\/span>\n\t\t\t\t\t\t\t\t<\/a>\n\t\t\t\t\t\t\t\t\t\t\t\t\t<\/div>\n\t\t\t\t\t\t\t\t\t\t\t<div class=\"c-list__item column-1 u-font-body\">\n\t\t\t\t\t\t\t\t\t\t\t\t\t\t\t<a href=\"https:\/\/praktiska.se\/malmo-city\/program\/forsaljnings-och-serviceprogrammet\/forsaljning-och-service\/\"\n\t\t\t\t\t\t\t\t   target=\"_self\"\n\t\t\t\t\t\t\t\t   class=\"c-list__link\">\n\n\t\t\t\t\t\t\t\t\t<span>\n\t\t\t\t\t\t\t\t\t\t\t\t\t\t\t\t\t\t\t\t\tMalm\u00f6 City\n\t\t\t\t\t\t\t\t\t\t\t\t\t\t\t\t\t\t\t<\/span>\n\t\t\t\t\t\t\t\t<\/a>\n\t\t\t\t\t\t\t\t\t\t\t\t\t<\/div>\n\t\t\t\t\t\t\t\t\t\t\t<div class=\"c-list__item column-1 u-font-body\">\n\t\t\t\t\t\t\t\t\t\t\t\t\t\t\t<a href=\"https:\/\/praktiska.se\/marsta\/program\/forsaljnings-och-serviceprogrammet\/forsaljning-och-service\/\"\n\t\t\t\t\t\t\t\t   target=\"_self\"\n\t\t\t\t\t\t\t\t   class=\"c-list__link\">\n\n\t\t\t\t\t\t\t\t\t<span>\n\t\t\t\t\t\t\t\t\t\t\t\t\t\t\t\t\t\t\t\t\tM\u00e4rsta\n\t\t\t\t\t\t\t\t\t\t\t\t\t\t\t\t\t\t\t<\/span>\n\t\t\t\t\t\t\t\t<\/a>\n\t\t\t\t\t\t\t\t\t\t\t\t\t<\/div>\n\t\t\t\t\t\t\t\t\t\t\t<div class=\"c-list__item column-1 u-font-body\">\n\t\t\t\t\t\t\t\t\t\t\t\t\t\t\t<a href=\"https:\/\/praktiska.se\/nacka\/program\/forsaljnings-och-serviceprogrammet\/forsaljning-och-service\/\"\n\t\t\t\t\t\t\t\t   target=\"_self\"\n\t\t\t\t\t\t\t\t   class=\"c-list__link\">\n\n\t\t\t\t\t\t\t\t\t<span>\n\t\t\t\t\t\t\t\t\t\t\t\t\t\t\t\t\t\t\t\t\tNacka\n\t\t\t\t\t\t\t\t\t\t\t\t\t\t\t\t\t\t\t<\/span>\n\t\t\t\t\t\t\t\t<\/a>\n\t\t\t\t\t\t\t\t\t\t\t\t\t<\/div>\n\t\t\t\t\t\t\t\t\t\t\t<div class=\"c-list__item column-1 u-font-body\">\n\t\t\t\t\t\t\t\t\t\t\t\t\t\t\t<a href=\"https:\/\/praktiska.se\/norrkoping\/program\/forsaljnings-och-serviceprogrammet\/forsaljning-och-service\/\"\n\t\t\t\t\t\t\t\t   target=\"_self\"\n\t\t\t\t\t\t\t\t   class=\"c-list__link\">\n\n\t\t\t\t\t\t\t\t\t<span>\n\t\t\t\t\t\t\t\t\t\t\t\t\t\t\t\t\t\t\t\t\tNorrk\u00f6ping\n\t\t\t\t\t\t\t\t\t\t\t\t\t\t\t\t\t\t\t<\/span>\n\t\t\t\t\t\t\t\t<\/a>\n\t\t\t\t\t\t\t\t\t\t\t\t\t<\/div>\n\t\t\t\t\t\t\t\t\t\t\t<div class=\"c-list__item column-1 u-font-body\">\n\t\t\t\t\t\t\t\t\t\t\t\t\t\t\t<a href=\"https:\/\/praktiska.se\/nykvarn\/program\/forsaljnings-och-serviceprogrammet\/forsaljning-och-service\/\"\n\t\t\t\t\t\t\t\t   target=\"_self\"\n\t\t\t\t\t\t\t\t   class=\"c-list__link\">\n\n\t\t\t\t\t\t\t\t\t<span>\n\t\t\t\t\t\t\t\t\t\t\t\t\t\t\t\t\t\t\t\t\tNykvarn\n\t\t\t\t\t\t\t\t\t\t\t\t\t\t\t\t\t\t\t<\/span>\n\t\t\t\t\t\t\t\t<\/a>\n\t\t\t\t\t\t\t\t\t\t\t\t\t<\/div>\n\t\t\t\t\t\t\t\t\t\t\t<div class=\"c-list__item column-1 u-font-body\">\n\t\t\t\t\t\t\t\t\t\t\t\t\t\t\t<a href=\"https:\/\/praktiska.se\/skelleftea\/program\/forsaljnings-och-serviceprogrammet\/forsaljning-och-service\/\"\n\t\t\t\t\t\t\t\t   target=\"_self\"\n\t\t\t\t\t\t\t\t   class=\"c-list__link\">\n\n\t\t\t\t\t\t\t\t\t<span>\n\t\t\t\t\t\t\t\t\t\t\t\t\t\t\t\t\t\t\t\t\tSkellefte\u00e5\n\t\t\t\t\t\t\t\t\t\t\t\t\t\t\t\t\t\t\t<\/span>\n\t\t\t\t\t\t\t\t<\/a>\n\t\t\t\t\t\t\t\t\t\t\t\t\t<\/div>\n\t\t\t\t\t\t\t\t\t\t\t<div class=\"c-list__item column-1 u-font-body\">\n\t\t\t\t\t\t\t\t\t\t\t\t\t\t\t<a href=\"https:\/\/praktiska.se\/skovde\/program\/forsaljnings-och-serviceprogrammet\/forsaljning-och-service\/\"\n\t\t\t\t\t\t\t\t   target=\"_self\"\n\t\t\t\t\t\t\t\t   class=\"c-list__link\">\n\n\t\t\t\t\t\t\t\t\t<span>\n\t\t\t\t\t\t\t\t\t\t\t\t\t\t\t\t\t\t\t\t\tSk\u00f6vde\n\t\t\t\t\t\t\t\t\t\t\t\t\t\t\t\t\t\t\t<\/span>\n\t\t\t\t\t\t\t\t<\/a>\n\t\t\t\t\t\t\t\t\t\t\t\t\t<\/div>\n\t\t\t\t\t\t\t\t\t\t\t<div class=\"c-list__item column-1 u-font-body\">\n\t\t\t\t\t\t\t\t\t\t\t\t\t\t\t<a href=\"https:\/\/praktiska.se\/stockholm-liljeholmen\/program\/forsaljnings-och-serviceprogrammet\/forsaljning-och-service\/\"\n\t\t\t\t\t\t\t\t   target=\"_self\"\n\t\t\t\t\t\t\t\t   class=\"c-list__link\">\n\n\t\t\t\t\t\t\t\t\t<span>\n\t\t\t\t\t\t\t\t\t\t\t\t\t\t\t\t\t\t\t\t\tStockholm Liljeholmen\n\t\t\t\t\t\t\t\t\t\t\t\t\t\t\t\t\t\t\t<\/span>\n\t\t\t\t\t\t\t\t<\/a>\n\t\t\t\t\t\t\t\t\t\t\t\t\t<\/div>\n\t\t\t\t\t\t\t\t\t\t\t<div class=\"c-list__item column-1 u-font-body\">\n\t\t\t\t\t\t\t\t\t\t\t\t\t\t\t<a href=\"https:\/\/praktiska.se\/sodertalje\/program\/forsaljnings-och-serviceprogrammet\/forsaljning-och-service\/\"\n\t\t\t\t\t\t\t\t   target=\"_self\"\n\t\t\t\t\t\t\t\t   class=\"c-list__link\">\n\n\t\t\t\t\t\t\t\t\t<span>\n\t\t\t\t\t\t\t\t\t\t\t\t\t\t\t\t\t\t\t\t\tS\u00f6dert\u00e4lje\n\t\t\t\t\t\t\t\t\t\t\t\t\t\t\t\t\t\t\t<\/span>\n\t\t\t\t\t\t\t\t<\/a>\n\t\t\t\t\t\t\t\t\t\t\t\t\t<\/div>\n\t\t\t\t\t\t\t\t\t\t\t<div class=\"c-list__item column-1 u-font-body\">\n\t\t\t\t\t\t\t\t\t\t\t\t\t\t\t<a href=\"https:\/\/praktiska.se\/taby\/program\/forsaljnings-och-serviceprogrammet\/forsaljning-och-service\/\"\n\t\t\t\t\t\t\t\t   target=\"_self\"\n\t\t\t\t\t\t\t\t   class=\"c-list__link\">\n\n\t\t\t\t\t\t\t\t\t<span>\n\t\t\t\t\t\t\t\t\t\t\t\t\t\t\t\t\t\t\t\t\tT\u00e4by\n\t\t\t\t\t\t\t\t\t\t\t\t\t\t\t\t\t\t\t<\/span>\n\t\t\t\t\t\t\t\t<\/a>\n\t\t\t\t\t\t\t\t\t\t\t\t\t<\/div>\n\t\t\t\t\t\t\t\t\t\t\t<div class=\"c-list__item column-1 u-font-body\">\n\t\t\t\t\t\t\t\t\t\t\t\t\t\t\t<a href=\"https:\/\/praktiska.se\/uppsala\/program\/forsaljnings-och-serviceprogrammet\/forsaljning-och-service\/\"\n\t\t\t\t\t\t\t\t   target=\"_self\"\n\t\t\t\t\t\t\t\t   class=\"c-list__link\">\n\n\t\t\t\t\t\t\t\t\t<span>\n\t\t\t\t\t\t\t\t\t\t\t\t\t\t\t\t\t\t\t\t\tUppsala\n\t\t\t\t\t\t\t\t\t\t\t\t\t\t\t\t\t\t\t<\/span>\n\t\t\t\t\t\t\t\t<\/a>\n\t\t\t\t\t\t\t\t\t\t\t\t\t<\/div>\n\t\t\t\t\t\t\t\t\t\t\t<div class=\"c-list__item column-1 u-font-body\">\n\t\t\t\t\t\t\t\t\t\t\t\t\t\t\t<a href=\"https:\/\/praktiska.se\/vaxjo\/program\/forsaljnings-och-serviceprogrammet\/forsaljning-och-service\/\"\n\t\t\t\t\t\t\t\t   target=\"_self\"\n\t\t\t\t\t\t\t\t   class=\"c-list__link\">\n\n\t\t\t\t\t\t\t\t\t<span>\n\t\t\t\t\t\t\t\t\t\t\t\t\t\t\t\t\t\t\t\t\tV\u00e4xj\u00f6\n\t\t\t\t\t\t\t\t\t\t\t\t\t\t\t\t\t\t\t<\/span>\n\t\t\t\t\t\t\t\t<\/a>\n\t\t\t\t\t\t\t\t\t\t\t\t\t<\/div>\n\t\t\t\t\t\t\t\t\t\t\t<div class=\"c-list__item column-1 u-font-body\">\n\t\t\t\t\t\t\t\t\t\t\t\t\t\t\t<a href=\"https:\/\/praktiska.se\/ystad\/program\/forsaljnings-och-serviceprogrammet\/forsaljning-och-service\/\"\n\t\t\t\t\t\t\t\t   target=\"_self\"\n\t\t\t\t\t\t\t\t   class=\"c-list__link\">\n\n\t\t\t\t\t\t\t\t\t<span>\n\t\t\t\t\t\t\t\t\t\t\t\t\t\t\t\t\t\t\t\t\tYstad\n\t\t\t\t\t\t\t\t\t\t\t\t\t\t\t\t\t\t\t<\/span>\n\t\t\t\t\t\t\t\t<\/a>\n\t\t\t\t\t\t\t\t\t\t\t\t\t<\/div>\n\t\t\t\t\t\n\t\t\t\t\n\t\t\t<\/div>\n\t\t<\/div>\n\t\n\n\t\n\t\t\t<\/div>\n\n\t\t\n\n<\/section>\n\n\n","protected":false},"excerpt":{"rendered":"","protected":false},"featured_media":2734,"parent":2732,"menu_order":0,"template":"","yoast_head":"<!-- This site is optimized with the Yoast SEO plugin v22.0 - https:\/\/yoast.com\/wordpress\/plugins\/seo\/ -->\n<title>Skellefte\u00e5<\/title>\n<meta name=\"description\" content=\"\u00c4r du intresserad av f\u00f6rs\u00e4ljning och service? L\u00e4s mer om F\u00f6rs\u00e4ljning- och serviceprogrammet p\u00e5 de Praktiska Gymnasiet i Skellefte\u00e5!\" \/>\n<meta name=\"robots\" content=\"index, follow, max-snippet:-1, max-image-preview:large, max-video-preview:-1\" \/>\n<link rel=\"canonical\" href=\"https:\/\/praktiska.se\/skelleftea\/program\/forsaljnings-och-serviceprogrammet\/forsaljning-och-service\/\" \/>\n<meta property=\"og:locale\" content=\"sv_SE\" \/>\n<meta property=\"og:type\" content=\"article\" \/>\n<meta property=\"og:description\" content=\"\u00c4r du intresserad av f\u00f6rs\u00e4ljning och service? L\u00e4s mer om F\u00f6rs\u00e4ljning- och serviceprogrammet p\u00e5 de Praktiska Gymnasiet i Skellefte\u00e5!\" \/>\n<meta property=\"og:url\" content=\"https:\/\/praktiska.se\/skelleftea\/program\/forsaljnings-och-serviceprogrammet\/forsaljning-och-service\/\" \/>\n<meta property=\"og:site_name\" content=\"Skellefte\u00e5\" \/>\n<meta property=\"article:modified_time\" content=\"2026-01-21T13:01:22+00:00\" \/>\n<meta property=\"og:image\" content=\"https:\/\/praktiska.se\/wp-content\/uploads\/sites\/30\/2023\/12\/fsweb347x260px.jpg\" \/>\n\t<meta property=\"og:image:width\" content=\"347\" \/>\n\t<meta property=\"og:image:height\" content=\"260\" \/>\n\t<meta property=\"og:image:type\" content=\"image\/jpeg\" \/>\n<meta name=\"twitter:card\" content=\"summary_large_image\" \/>\n<meta name=\"twitter:description\" content=\"\u00c4r du intresserad av f\u00f6rs\u00e4ljning och service? L\u00e4s mer om F\u00f6rs\u00e4ljning- och serviceprogrammet p\u00e5 de Praktiska Gymnasiet i Skellefte\u00e5!\" \/>\n<meta name=\"twitter:image\" content=\"https:\/\/praktiska.se\/wp-content\/uploads\/sites\/30\/2023\/12\/fsweb347x260px.jpg\" \/>\n<meta name=\"twitter:label1\" content=\"Est. reading time\" \/>\n\t<meta name=\"twitter:data1\" content=\"2 minuter\" \/>\n<script type=\"application\/ld+json\" class=\"yoast-schema-graph\">{\"@context\":\"https:\/\/schema.org\",\"@graph\":[{\"@type\":\"WebPage\",\"@id\":\"https:\/\/praktiska.se\/skelleftea\/program\/forsaljnings-och-serviceprogrammet\/forsaljning-och-service\/\",\"url\":\"https:\/\/praktiska.se\/skelleftea\/program\/forsaljnings-och-serviceprogrammet\/forsaljning-och-service\/\",\"name\":\"F\u00f6rs\u00e4ljning och service - Skellefte\u00e5\",\"isPartOf\":{\"@id\":\"https:\/\/praktiska.se\/skelleftea\/#website\"},\"datePublished\":\"2025-09-18T13:47:37+00:00\",\"dateModified\":\"2026-01-21T13:01:22+00:00\",\"description\":\"\u00c4r du intresserad av f\u00f6rs\u00e4ljning och service? L\u00e4s mer om F\u00f6rs\u00e4ljning- och serviceprogrammet p\u00e5 de Praktiska Gymnasiet i Skellefte\u00e5!\",\"breadcrumb\":{\"@id\":\"https:\/\/praktiska.se\/skelleftea\/program\/forsaljnings-och-serviceprogrammet\/forsaljning-och-service\/#breadcrumb\"},\"inLanguage\":\"sv-SE\",\"potentialAction\":[{\"@type\":\"ReadAction\",\"target\":[\"https:\/\/praktiska.se\/skelleftea\/program\/forsaljnings-och-serviceprogrammet\/forsaljning-och-service\/\"]}]},{\"@type\":\"BreadcrumbList\",\"@id\":\"https:\/\/praktiska.se\/skelleftea\/program\/forsaljnings-och-serviceprogrammet\/forsaljning-och-service\/#breadcrumb\",\"itemListElement\":[{\"@type\":\"ListItem\",\"position\":1,\"name\":\"Start\",\"item\":\"https:\/\/praktiska.se\/skelleftea\"},{\"@type\":\"ListItem\",\"position\":2,\"name\":\"V\u00e5ra program\"}]},{\"@type\":\"WebSite\",\"@id\":\"https:\/\/praktiska.se\/skelleftea\/#website\",\"url\":\"https:\/\/praktiska.se\/skelleftea\/\",\"name\":\"Skellefte\u00e5\",\"description\":\"Vi utbildar framtidens arbetskraft\",\"potentialAction\":[{\"@type\":\"SearchAction\",\"target\":{\"@type\":\"EntryPoint\",\"urlTemplate\":\"https:\/\/praktiska.se\/skelleftea\/?s={search_term_string}\"},\"query-input\":\"required name=search_term_string\"}],\"inLanguage\":\"sv-SE\"}]}<\/script>\n<!-- \/ Yoast SEO plugin. -->","yoast_head_json":{"title":"Skellefte\u00e5","description":"\u00c4r du intresserad av f\u00f6rs\u00e4ljning och service? L\u00e4s mer om F\u00f6rs\u00e4ljning- och serviceprogrammet p\u00e5 de Praktiska Gymnasiet i Skellefte\u00e5!","robots":{"index":"index","follow":"follow","max-snippet":"max-snippet:-1","max-image-preview":"max-image-preview:large","max-video-preview":"max-video-preview:-1"},"canonical":"https:\/\/praktiska.se\/skelleftea\/program\/forsaljnings-och-serviceprogrammet\/forsaljning-och-service\/","og_locale":"sv_SE","og_type":"article","og_description":"\u00c4r du intresserad av f\u00f6rs\u00e4ljning och service? L\u00e4s mer om F\u00f6rs\u00e4ljning- och serviceprogrammet p\u00e5 de Praktiska Gymnasiet i Skellefte\u00e5!","og_url":"https:\/\/praktiska.se\/skelleftea\/program\/forsaljnings-och-serviceprogrammet\/forsaljning-och-service\/","og_site_name":"Skellefte\u00e5","article_modified_time":"2026-01-21T13:01:22+00:00","og_image":[{"url":"https:\/\/praktiska.se\/wp-content\/uploads\/sites\/30\/2023\/12\/fsweb347x260px.jpg","width":347,"height":260,"type":"image\/jpeg"}],"twitter_card":"summary_large_image","twitter_description":"\u00c4r du intresserad av f\u00f6rs\u00e4ljning och service? L\u00e4s mer om F\u00f6rs\u00e4ljning- och serviceprogrammet p\u00e5 de Praktiska Gymnasiet i Skellefte\u00e5!","twitter_image":"https:\/\/praktiska.se\/wp-content\/uploads\/sites\/30\/2023\/12\/fsweb347x260px.jpg","twitter_misc":{"Est. reading time":"2 minuter"},"schema":{"@context":"https:\/\/schema.org","@graph":[{"@type":"WebPage","@id":"https:\/\/praktiska.se\/skelleftea\/program\/forsaljnings-och-serviceprogrammet\/forsaljning-och-service\/","url":"https:\/\/praktiska.se\/skelleftea\/program\/forsaljnings-och-serviceprogrammet\/forsaljning-och-service\/","name":"F\u00f6rs\u00e4ljning och service - Skellefte\u00e5","isPartOf":{"@id":"https:\/\/praktiska.se\/skelleftea\/#website"},"datePublished":"2025-09-18T13:47:37+00:00","dateModified":"2026-01-21T13:01:22+00:00","description":"\u00c4r du intresserad av f\u00f6rs\u00e4ljning och service? L\u00e4s mer om F\u00f6rs\u00e4ljning- och serviceprogrammet p\u00e5 de Praktiska Gymnasiet i Skellefte\u00e5!","breadcrumb":{"@id":"https:\/\/praktiska.se\/skelleftea\/program\/forsaljnings-och-serviceprogrammet\/forsaljning-och-service\/#breadcrumb"},"inLanguage":"sv-SE","potentialAction":[{"@type":"ReadAction","target":["https:\/\/praktiska.se\/skelleftea\/program\/forsaljnings-och-serviceprogrammet\/forsaljning-och-service\/"]}]},{"@type":"BreadcrumbList","@id":"https:\/\/praktiska.se\/skelleftea\/program\/forsaljnings-och-serviceprogrammet\/forsaljning-och-service\/#breadcrumb","itemListElement":[{"@type":"ListItem","position":1,"name":"Start","item":"https:\/\/praktiska.se\/skelleftea"},{"@type":"ListItem","position":2,"name":"V\u00e5ra program"}]},{"@type":"WebSite","@id":"https:\/\/praktiska.se\/skelleftea\/#website","url":"https:\/\/praktiska.se\/skelleftea\/","name":"Skellefte\u00e5","description":"Vi utbildar framtidens arbetskraft","potentialAction":[{"@type":"SearchAction","target":{"@type":"EntryPoint","urlTemplate":"https:\/\/praktiska.se\/skelleftea\/?s={search_term_string}"},"query-input":"required name=search_term_string"}],"inLanguage":"sv-SE"}]}},"_links":{"self":[{"href":"https:\/\/praktiska.se\/skelleftea\/wp-json\/wp\/v2\/program_orientation\/3321"}],"collection":[{"href":"https:\/\/praktiska.se\/skelleftea\/wp-json\/wp\/v2\/program_orientation"}],"about":[{"href":"https:\/\/praktiska.se\/skelleftea\/wp-json\/wp\/v2\/types\/program_orientation"}],"version-history":[{"count":1,"href":"https:\/\/praktiska.se\/skelleftea\/wp-json\/wp\/v2\/program_orientation\/3321\/revisions"}],"predecessor-version":[{"id":3352,"href":"https:\/\/praktiska.se\/skelleftea\/wp-json\/wp\/v2\/program_orientation\/3321\/revisions\/3352"}],"up":[{"embeddable":true,"href":"https:\/\/praktiska.se\/skelleftea\/wp-json\/wp\/v2\/program_orientation\/2732"}],"wp:featuredmedia":[{"embeddable":true,"href":"https:\/\/praktiska.se\/skelleftea\/wp-json\/wp\/v2\/media\/2734"}],"wp:attachment":[{"href":"https:\/\/praktiska.se\/skelleftea\/wp-json\/wp\/v2\/media?parent=3321"}],"curies":[{"name":"wp","href":"https:\/\/api.w.org\/{rel}","templated":true}]}}