{"id":94,"date":"2023-02-14T11:25:26","date_gmt":"2023-02-14T10:25:26","guid":{"rendered":"https:\/\/praktiska.se\/orebro\/?page_id=94"},"modified":"2025-02-17T13:19:26","modified_gmt":"2025-02-17T12:19:26","slug":"kontakt","status":"publish","type":"page","link":"https:\/\/praktiska.se\/orebro\/kontakt\/","title":{"rendered":"Kontakta oss"},"content":{"rendered":"\n\t<div class=\"module_wrapper ams_remote_pages_module \">\n\t\t\n\t\n\t\n<section  class=\"ams-map ams-map--fifty c-block  media-bottom media-right \" data-color-scheme=\"karta-gra\" data-locations=\"[{&quot;id&quot;:&quot;3362&quot;,&quot;county&quot;:&quot;\\u00d6rebro l\\u00e4n&quot;,&quot;city&quot;:&quot;\\u00d6rebro &quot;,&quot;school&quot;:&quot;\\u00d6rebro&quot;,&quot;title&quot;:&quot;Praktiska Gymnasiet \\u00d6rebro&quot;,&quot;phone&quot;:&quot;0724008130&quot;,&quot;phone_formatted&quot;:&quot;072-4008130&quot;,&quot;email&quot;:&quot;fredrik.sjovall@praktiska.se&quot;,&quot;visiting_address&quot;:{&quot;address&quot;:&quot;Hagagatan 51&quot;,&quot;zip_code&quot;:&quot;703 46&quot;,&quot;city&quot;:&quot;\\u00d6rebro&quot;},&quot;postal_address&quot;:{&quot;address&quot;:&quot;Hagagatan 51&quot;,&quot;zip_code&quot;:&quot;703 46&quot;,&quot;city&quot;:&quot;\\u00d6rebro&quot;},&quot;address_map&quot;:&quot;Hagagatan 51, \\u00d6rebro, Sverige&quot;,&quot;lat&quot;:59.26903549999999,&quot;lng&quot;:15.1716887,&quot;link&quot;:{&quot;url&quot;:&quot;https:\\\/\\\/praktiska.se\\\/orebro\\\/&quot;,&quot;text&quot;:&quot;&quot;}}]\">\n\t<div class=\"ams-map__content u-pt-fluid-3xl-6xl u-pb-fluid-3xl-6xl l-stack l-stack-fluid-xl is-left is-left@lg\">\n\t\t\t\n\t<h1\n\tclass=\"c-heading u-font-title-1 \"\n\tstyle=\"\">\n\t\t\n\t\t\t\t\tH\u00e4r finns vi\n\t\t\t\t\n\t<\/h1>\n\n\t\t\n\t\t\t\t\t<div class=\"contact-info l-stack\">\n\t\t\t\t\t\t\t\t\t<div class=\"contact-info__item\">\n\t\t\t\t\t\t<p class=\"contact-info__heading u-font-title-4\">\n\t\t\t\t\t\t\tBes\u00f6ksadress\n\t\t\t\t\t\t<\/p>\n\t\t\t\t\t\t<p>\n\t\t\t\t\t\t\t\t\t\t\t\t\t\t\tHagagatan 51<br \/>\n\t\t\t\t\t\t\t\t\t\t\t\t\t\t703 46 \u00d6rebro\n\t\t\t\t\t\t<\/p>\n\t\t\t\t\t<\/div>\n\t\t\t\t\n\t\t\t\t\n\t\t\t\t\t\t\t\t\t<div class=\"contact-info__item\">\n\t\t\t\t\t\t<p class=\"contact-info__heading u-font-title-4\">\n\t\t\t\t\t\t\tKontakt\n\t\t\t\t\t\t<\/p>\n\t\t\t\t\t\t<p>\n\t\t\t\t\t\t\t\t\t\t\t\t\t\t\t<a href=\"tel:0724008130\">072-4008130<\/a><br \/>\n\t\t\t\t\t\t\t\t\t\t\t\t\t\t\t\t\t\t\t\t\t\t<a href=\"mailto:fredrik.sjovall@praktiska.se\">fredrik.sjovall@praktiska.se<\/a>\n\t\t\t\t\t\t\t\t\t\t\t\t\t<\/p>\n\t\t\t\t\t<\/div>\n\t\t\t\t\t\t\t<\/div>\n\t\t\t<\/div>\n\n\t<div class=\"ams-map__media\">\n\t<\/div>\n<\/section>\n\t<\/div>\n\n\t\n\n\n<section \n\t\t class=\"\n\t\t ams-contact\n\t\t \n\t\t c-block l-stacked\n\t\t \n\t\t \n\t\t js-load-more\n\t\t \"\n\t\t data-color-scheme=\"white\"\n\t\t\t\t\tdata-count=\"50\"\n\t\t\t\t\t\t\tdata-count-mobile=\"2\"\n\t\t\t\t>\n\t<div\n\t\t class=\"\n\t\t l-container\n\t\t l-stack l-stack-fluid-2xl\n\t\t u-pt-fluid-3xl-6xl\n\t\t u-pb-fluid-3xl-6xl\n\t\t is-center\n\t\t is-center@md\n\t\t \">\n\t\t\t\t\t<div class=\"ams-contact__intro l-stack l-stack-lg\">\n\t\t\t\t\t\n\t<h2\n\tclass=\"c-heading u-font-title-1 \"\n\tstyle=\"\">\n\t\t\n\t\t\t\t\tLedning\n\t\t\t\t\n\t<\/h2>\n\n\t\t\t\t\t\t\t<\/div>\n\t\t\n\t\t\n\t\t    \t\n\t\t\n\t\t<ul\n\t\t\tid=\"contact-grid-6a9da39d95eb2\"\n\t\t\tclass=\"ams-contact__list l-grid u-gap-fluid-2xl-4xl u-justify-center js-results \"\n\t\t\taria-label=\"Kontakter\"\n\t\t\tdata-filter-animation=\"off\"\n\t\t\t>\n\t\t\t\t\t\t\t\t\t\t\t\n\t\t\t\t\n\t\t\t\t<li class=\"l-col-6@md l-col-4@lg \" data-filter=\"ledning\">\n\t\t\t\t\t<article class=\"c-card \" data-variant=\"neutral\">\n\t\t\t\t\t\t<div class=\"c-card__content u-text-center\">\n\t\t\t\t\t\t\t\t\t\t\t\t\t\t\t<h3 class=\"c-card__title u-font-title-3\">\n\t\t\t\t\t\t\t\t\tFredrik Sj\u00f6vall\n\t\t\t\t\t\t\t\t<\/h3>\n\t\t\t\t\t\t\t\n\t\t\t\t\t\t\t\t\t\t\t\t\t\t\t<p class=\"position u-font-body\">Rektor<\/p>\n\t\t\t\t\t\t\t\n\t\t\t\t\t\t\t\t\t\t\t\t\t\t\t<div class=\"contact-info u-font-body\">\n\t\t\t\t\t\t\t\t\t\t\t\t\t\t\t\t\t\t\t\t\t\t\t\t\t\t\t\t\t\t<p class=\"phone\"><a\n\t\t\t\t\t\t\t\t\t\t\t\t\thref=\"tel:0196017980\"\n\t\t\t\t\t\t\t\t\t\t\t\t\tclass=\"u-text-link\">019-601 79 80<\/a>\n\t\t\t\t\t\t\t\t\t\t\t<\/p>\n\t\t\t\t\t\t\t\t\t\t\t\t\t\t\t\t\t\t\t\n\t\t\t\t\t\t\t\t\t\t\t\t\t\t\t\t\t\t\t\t\t\t\t\t\t\t\t\t\t\t<p class=\"email\"><a\n\t\t\t\t\t\t\t\t\t\t\t\t\thref=\"m&#097;&#105;l&#116;o:&#102;&#114;edrik&#046;sjo&#118;&#097;&#108;l&#064;pra&#107;ti&#115;&#107;&#097;.&#115;e\"\n\t\t\t\t\t\t\t\t\t\t\t\t\tclass=\"u-text-link\">&#102;red&#114;ik.sj&#111;&#118;&#097;ll&#064;p&#114;&#097;k&#116;&#105;sk&#097;.se<\/a>\n\t\t\t\t\t\t\t\t\t\t\t<\/p>\n\t\t\t\t\t\t\t\t\t\t\t\t\t\t\t\t\t\t\t\t\t\t\t\t\t\t\t<\/div>\n\t\t\t\t\t\t\t\n\t\t\t\t\t\t\t\t\t\t\t\t\t<\/div>\n\t\t\t\t\t\t<div class=\"c-card__media\">\n\t\t\t\t\t\t\t<img decoding=\"async\" width=\"300\" height=\"243\" src=\"https:\/\/praktiska.se\/wp-content\/uploads\/sites\/42\/2023\/12\/fredrik-sjovall.jpeg\" class=\"u-radius-round u-ratio-landscape\" alt=\"Personportr\u00e4tt\" sizes=\"(max-width: 300px) 100vw, 300px\" \/>\n\t\t\t\t\t\t<\/div>\n\t\t\t\t\t<\/article>\n\t\t\t\t<\/li>\n\t\t\t\t\t\t\t\t\t\t\t\n\t\t\t\t\n\t\t\t\t<li class=\"l-col-6@md l-col-4@lg \" data-filter=\"ledning\">\n\t\t\t\t\t<article class=\"c-card \" data-variant=\"neutral\">\n\t\t\t\t\t\t<div class=\"c-card__content u-text-center\">\n\t\t\t\t\t\t\t\t\t\t\t\t\t\t\t<h3 class=\"c-card__title u-font-title-3\">\n\t\t\t\t\t\t\t\t\tAnnika Senneg\u00e5rd\n\t\t\t\t\t\t\t\t<\/h3>\n\t\t\t\t\t\t\t\n\t\t\t\t\t\t\t\t\t\t\t\t\t\t\t<p class=\"position u-font-body\">Bitr\u00e4dande rektor<\/p>\n\t\t\t\t\t\t\t\n\t\t\t\t\t\t\t\t\t\t\t\t\t\t\t<div class=\"contact-info u-font-body\">\n\t\t\t\t\t\t\t\t\t\t\t\t\t\t\t\t\t\t\t\t\t\t\t\t\t\t\t\t\t\t<p class=\"phone\"><a\n\t\t\t\t\t\t\t\t\t\t\t\t\thref=\"tel:0724026422\"\n\t\t\t\t\t\t\t\t\t\t\t\t\tclass=\"u-text-link\">072-402 64 22<\/a>\n\t\t\t\t\t\t\t\t\t\t\t<\/p>\n\t\t\t\t\t\t\t\t\t\t\t\t\t\t\t\t\t\t\t\n\t\t\t\t\t\t\t\t\t\t\t\t\t\t\t\t\t\t\t\t\t\t\t\t\t\t\t\t\t\t<p class=\"email\"><a\n\t\t\t\t\t\t\t\t\t\t\t\t\thref=\"m&#097;i&#108;t&#111;&#058;&#097;n&#110;ik&#097;.&#115;&#101;&#110;&#110;&#101;&#103;&#097;r&#100;&#064;&#112;r&#097;k&#116;&#105;sk&#097;&#046;&#115;e\"\n\t\t\t\t\t\t\t\t\t\t\t\t\tclass=\"u-text-link\">&#097;nn&#105;ka.&#115;e&#110;&#110;ega&#114;d&#064;&#112;rakt&#105;&#115;ka.s&#101;<\/a>\n\t\t\t\t\t\t\t\t\t\t\t<\/p>\n\t\t\t\t\t\t\t\t\t\t\t\t\t\t\t\t\t\t\t\t\t\t\t\t\t\t\t<\/div>\n\t\t\t\t\t\t\t\n\t\t\t\t\t\t\t\t\t\t\t\t\t<\/div>\n\t\t\t\t\t\t<div class=\"c-card__media\">\n\t\t\t\t\t\t\t<img decoding=\"async\" width=\"300\" height=\"243\" src=\"https:\/\/praktiska.se\/wp-content\/uploads\/sites\/42\/2023\/12\/annika-sennegard.jpeg\" class=\"u-radius-round u-ratio-landscape\" alt=\"Personportr\u00e4tt\" sizes=\"(max-width: 300px) 100vw, 300px\" \/>\n\t\t\t\t\t\t<\/div>\n\t\t\t\t\t<\/article>\n\t\t\t\t<\/li>\n\t\t\t\t\t<\/ul>\n\n\t\t\n\t\t    <div class=\"ams-contact__more u-inline-items js-load-more-btn\">\n        <button href=\"#\"\n                class=\"c-btn\"\n                data-style=\"round\"\n                data-size=\"md\"\n                data-width=\"full-mobile\"\n                data-variant=\"outline\">\n        \tVisa mer\n        <\/button>\n    <\/div>\n\n\t\t\t<\/div>\n\n\t\t\n\n<\/section>\n\n\n\n<section \n\t\t class=\"\n\t\t ams-contact\n\t\t \n\t\t c-block l-stacked\n\t\t \n\t\t \n\t\t js-load-more\n\t\t \"\n\t\t data-color-scheme=\"white\"\n\t\t\t\t\tdata-count=\"50\"\n\t\t\t\t\t\t\tdata-count-mobile=\"2\"\n\t\t\t\t>\n\t<div\n\t\t class=\"\n\t\t l-container\n\t\t l-stack l-stack-fluid-2xl\n\t\t u-pt-fluid-3xl-6xl\n\t\t u-pb-fluid-3xl-6xl\n\t\t is-center\n\t\t is-center@md\n\t\t \">\n\t\t\t\t\t<div class=\"ams-contact__intro l-stack l-stack-lg\">\n\t\t\t\t\t\n\t<h2\n\tclass=\"c-heading u-font-title-1 \"\n\tstyle=\"\">\n\t\t\n\t\t\t\t\tAdministration\n\t\t\t\t\n\t<\/h2>\n\n\t\t\t\t\t\t\t<\/div>\n\t\t\n\t\t\n\t\t    \t\n\t\t\n\t\t<ul\n\t\t\tid=\"contact-grid-6a9da39d9ba9d\"\n\t\t\tclass=\"ams-contact__list l-grid u-gap-fluid-2xl-4xl u-justify-center js-results \"\n\t\t\taria-label=\"Kontakter\"\n\t\t\tdata-filter-animation=\"off\"\n\t\t\t>\n\t\t\t\t\t\t\t\t\t\t\t\n\t\t\t\t\n\t\t\t\t<li class=\"l-col-6@md l-col-4@lg \" data-filter=\"administration\">\n\t\t\t\t\t<article class=\"c-card \" data-variant=\"neutral\">\n\t\t\t\t\t\t<div class=\"c-card__content u-text-center\">\n\t\t\t\t\t\t\t\t\t\t\t\t\t\t\t<h3 class=\"c-card__title u-font-title-3\">\n\t\t\t\t\t\t\t\t\tJenny Pettersson\n\t\t\t\t\t\t\t\t<\/h3>\n\t\t\t\t\t\t\t\n\t\t\t\t\t\t\t\t\t\t\t\t\t\t\t<p class=\"position u-font-body\">Administrat\u00f6r<\/p>\n\t\t\t\t\t\t\t\n\t\t\t\t\t\t\t\t\t\t\t\t\t\t\t<div class=\"contact-info u-font-body\">\n\t\t\t\t\t\t\t\t\t\t\t\t\t\t\t\t\t\t\t\t\t\t\t\t\t\t\t\t\t\t<p class=\"phone\"><a\n\t\t\t\t\t\t\t\t\t\t\t\t\thref=\"tel:0766775141\"\n\t\t\t\t\t\t\t\t\t\t\t\t\tclass=\"u-text-link\">076-677 51 41<\/a>\n\t\t\t\t\t\t\t\t\t\t\t<\/p>\n\t\t\t\t\t\t\t\t\t\t\t\t\t\t\t\t\t\t\t\n\t\t\t\t\t\t\t\t\t\t\t\t\t\t\t\t\t\t\t\t\t\t\t\t\t\t\t\t\t\t<p class=\"email\"><a\n\t\t\t\t\t\t\t\t\t\t\t\t\thref=\"mai&#108;&#116;&#111;&#058;&#106;&#101;&#110;ny&#046;pe&#116;&#116;e&#114;&#115;son&#064;p&#114;a&#107;tisk&#097;.se\"\n\t\t\t\t\t\t\t\t\t\t\t\t\tclass=\"u-text-link\">&#106;en&#110;y.&#112;&#101;&#116;&#116;erss&#111;&#110;&#064;pra&#107;&#116;i&#115;ka&#046;s&#101;<\/a>\n\t\t\t\t\t\t\t\t\t\t\t<\/p>\n\t\t\t\t\t\t\t\t\t\t\t\t\t\t\t\t\t\t\t\t\t\t\t\t\t\t\t<\/div>\n\t\t\t\t\t\t\t\n\t\t\t\t\t\t\t\t\t\t\t\t\t<\/div>\n\t\t\t\t\t\t<div class=\"c-card__media\">\n\t\t\t\t\t\t\t<img decoding=\"async\" width=\"300\" height=\"243\" src=\"https:\/\/praktiska.se\/wp-content\/uploads\/sites\/42\/2023\/12\/jenny-pettersson.jpeg\" class=\"u-radius-round u-ratio-landscape\" alt=\"Personportr\u00e4tt\" sizes=\"(max-width: 300px) 100vw, 300px\" \/>\n\t\t\t\t\t\t<\/div>\n\t\t\t\t\t<\/article>\n\t\t\t\t<\/li>\n\t\t\t\t\t<\/ul>\n\n\t\t\n\t\t    <div class=\"ams-contact__more u-inline-items js-load-more-btn\">\n        <button href=\"#\"\n                class=\"c-btn\"\n                data-style=\"round\"\n                data-size=\"md\"\n                data-width=\"full-mobile\"\n                data-variant=\"outline\">\n        \tVisa mer\n        <\/button>\n    <\/div>\n\n\t\t\t<\/div>\n\n\t\t\n\n<\/section>\n\n\n\n<section \n\t\t class=\"\n\t\t ams-contact\n\t\t \n\t\t c-block l-stacked\n\t\t \n\t\t \n\t\t js-load-more\n\t\t \"\n\t\t data-color-scheme=\"white\"\n\t\t\t\t\tdata-count=\"50\"\n\t\t\t\t\t\t\tdata-count-mobile=\"2\"\n\t\t\t\t>\n\t<div\n\t\t class=\"\n\t\t l-container\n\t\t l-stack l-stack-fluid-2xl\n\t\t u-pt-fluid-3xl-6xl\n\t\t u-pb-fluid-3xl-6xl\n\t\t is-center\n\t\t is-center@md\n\t\t \">\n\t\t\t\t\t<div class=\"ams-contact__intro l-stack l-stack-lg\">\n\t\t\t\t\t\n\t<h2\n\tclass=\"c-heading u-font-title-1 \"\n\tstyle=\"\">\n\t\t\n\t\t\t\t\t\u00c4mnesl\u00e4rare\n\t\t\t\t\n\t<\/h2>\n\n\t\t\t\t\t\t\t<\/div>\n\t\t\n\t\t\n\t\t    \t\n\t\t\n\t\t<ul\n\t\t\tid=\"contact-grid-6a9da39da003c\"\n\t\t\tclass=\"ams-contact__list l-grid u-gap-fluid-2xl-4xl u-justify-center js-results \"\n\t\t\taria-label=\"Kontakter\"\n\t\t\tdata-filter-animation=\"off\"\n\t\t\t>\n\t\t\t\t\t\t\t\t\t\t\t\n\t\t\t\t\n\t\t\t\t<li class=\"l-col-6@md l-col-4@lg \" data-filter=\"amneslarare\">\n\t\t\t\t\t<article class=\"c-card \" data-variant=\"neutral\">\n\t\t\t\t\t\t<div class=\"c-card__content u-text-center\">\n\t\t\t\t\t\t\t\t\t\t\t\t\t\t\t<h3 class=\"c-card__title u-font-title-3\">\n\t\t\t\t\t\t\t\t\tAbdigas Abdullahi\n\t\t\t\t\t\t\t\t<\/h3>\n\t\t\t\t\t\t\t\n\t\t\t\t\t\t\t\t\t\t\t\t\t\t\t<p class=\"position u-font-body\">Studiehandledare<\/p>\n\t\t\t\t\t\t\t\n\t\t\t\t\t\t\t\t\t\t\t\t\t\t\t<div class=\"contact-info u-font-body\">\n\t\t\t\t\t\t\t\t\t\n\t\t\t\t\t\t\t\t\t\t\t\t\t\t\t\t\t\t\t\t\t\t\t\t\t\t\t\t\t\t<p class=\"email\"><a\n\t\t\t\t\t\t\t\t\t\t\t\t\thref=\"&#109;&#097;&#105;lt&#111;&#058;abdigas.a&#098;du&#108;l&#097;&#104;i&#064;&#112;r&#097;k&#116;is&#107;&#097;.&#115;e\"\n\t\t\t\t\t\t\t\t\t\t\t\t\tclass=\"u-text-link\">a&#098;d&#105;&#103;&#097;s.ab&#100;ul&#108;&#097;&#104;&#105;&#064;pr&#097;kt&#105;sk&#097;&#046;se<\/a>\n\t\t\t\t\t\t\t\t\t\t\t<\/p>\n\t\t\t\t\t\t\t\t\t\t\t\t\t\t\t\t\t\t\t\t\t\t\t\t\t\t\t<\/div>\n\t\t\t\t\t\t\t\n\t\t\t\t\t\t\t\t\t\t\t\t\t<\/div>\n\t\t\t\t\t\t<div class=\"c-card__media\">\n\t\t\t\t\t\t\t<img decoding=\"async\" width=\"300\" height=\"243\" src=\"https:\/\/praktiska.se\/wp-content\/uploads\/sites\/42\/2024\/01\/abdigas-abdullahi.jpeg\" class=\"u-radius-round u-ratio-landscape\" alt=\"Personportr\u00e4tt\" sizes=\"(max-width: 300px) 100vw, 300px\" \/>\n\t\t\t\t\t\t<\/div>\n\t\t\t\t\t<\/article>\n\t\t\t\t<\/li>\n\t\t\t\t\t\t\t\t\t\t\t\n\t\t\t\t\n\t\t\t\t<li class=\"l-col-6@md l-col-4@lg \" data-filter=\"amneslarare\">\n\t\t\t\t\t<article class=\"c-card \" data-variant=\"neutral\">\n\t\t\t\t\t\t<div class=\"c-card__content u-text-center\">\n\t\t\t\t\t\t\t\t\t\t\t\t\t\t\t<h3 class=\"c-card__title u-font-title-3\">\n\t\t\t\t\t\t\t\t\tAmanda Rapp\n\t\t\t\t\t\t\t\t<\/h3>\n\t\t\t\t\t\t\t\n\t\t\t\t\t\t\t\t\t\t\t\t\t\t\t<p class=\"position u-font-body\">Samh\u00e4llskunskap och svenska<\/p>\n\t\t\t\t\t\t\t\n\t\t\t\t\t\t\t\t\t\t\t\t\t\t\t<div class=\"contact-info u-font-body\">\n\t\t\t\t\t\t\t\t\t\n\t\t\t\t\t\t\t\t\t\t\t\t\t\t\t\t\t\t\t\t\t\t\t\t\t\t\t\t\t\t<p class=\"email\"><a\n\t\t\t\t\t\t\t\t\t\t\t\t\thref=\"mailto&#058;&#097;&#109;&#097;n&#100;a.&#114;a&#112;p&#064;p&#114;ak&#116;&#105;&#115;ka&#046;se\"\n\t\t\t\t\t\t\t\t\t\t\t\t\tclass=\"u-text-link\">&#097;&#109;anda&#046;r&#097;&#112;&#112;&#064;p&#114;&#097;k&#116;isk&#097;&#046;s&#101;<\/a>\n\t\t\t\t\t\t\t\t\t\t\t<\/p>\n\t\t\t\t\t\t\t\t\t\t\t\t\t\t\t\t\t\t\t\t\t\t\t\t\t\t\t<\/div>\n\t\t\t\t\t\t\t\n\t\t\t\t\t\t\t\t\t\t\t\t\t<\/div>\n\t\t\t\t\t\t<div class=\"c-card__media\">\n\t\t\t\t\t\t\t<img decoding=\"async\" width=\"300\" height=\"240\" src=\"https:\/\/praktiska.se\/wp-content\/uploads\/2023\/11\/kontactplaceholder.png\" class=\"u-radius-round u-ratio-landscape\" alt=\"Avatarbild\" sizes=\"(max-width: 300px) 100vw, 300px\" \/>\n\t\t\t\t\t\t<\/div>\n\t\t\t\t\t<\/article>\n\t\t\t\t<\/li>\n\t\t\t\t\t\t\t\t\t\t\t\n\t\t\t\t\n\t\t\t\t<li class=\"l-col-6@md l-col-4@lg \" data-filter=\"amneslarare\">\n\t\t\t\t\t<article class=\"c-card \" data-variant=\"neutral\">\n\t\t\t\t\t\t<div class=\"c-card__content u-text-center\">\n\t\t\t\t\t\t\t\t\t\t\t\t\t\t\t<h3 class=\"c-card__title u-font-title-3\">\n\t\t\t\t\t\t\t\t\tJakob Westberg\n\t\t\t\t\t\t\t\t<\/h3>\n\t\t\t\t\t\t\t\n\t\t\t\t\t\t\t\t\t\t\t\t\t\t\t<p class=\"position u-font-body\">Historia, samh\u00e4llskunskap och engelska<\/p>\n\t\t\t\t\t\t\t\n\t\t\t\t\t\t\t\t\t\t\t\t\t\t\t<div class=\"contact-info u-font-body\">\n\t\t\t\t\t\t\t\t\t\n\t\t\t\t\t\t\t\t\t\t\t\t\t\t\t\t\t\t\t\t\t\t\t\t\t\t\t\t\t\t<p class=\"email\"><a\n\t\t\t\t\t\t\t\t\t\t\t\t\thref=\"ma&#105;lt&#111;:&#106;&#097;&#107;&#111;b.&#119;&#101;st&#098;erg&#064;&#112;&#114;&#097;k&#116;i&#115;&#107;&#097;&#046;s&#101;\"\n\t\t\t\t\t\t\t\t\t\t\t\t\tclass=\"u-text-link\">&#106;&#097;&#107;&#111;&#098;.&#119;&#101;&#115;&#116;be&#114;g&#064;&#112;&#114;&#097;k&#116;&#105;s&#107;a.se<\/a>\n\t\t\t\t\t\t\t\t\t\t\t<\/p>\n\t\t\t\t\t\t\t\t\t\t\t\t\t\t\t\t\t\t\t\t\t\t\t\t\t\t\t<\/div>\n\t\t\t\t\t\t\t\n\t\t\t\t\t\t\t\t\t\t\t\t\t<\/div>\n\t\t\t\t\t\t<div class=\"c-card__media\">\n\t\t\t\t\t\t\t<img decoding=\"async\" width=\"400\" height=\"486\" src=\"https:\/\/praktiska.se\/wp-content\/uploads\/sites\/42\/2024\/01\/jakob-westberg-scaled-400x486.jpg\" class=\"u-radius-round u-ratio-landscape\" alt=\"Personportr\u00e4tt\" sizes=\"(max-width: 300px) 100vw, 300px\" srcset=\"https:\/\/praktiska.se\/wp-content\/uploads\/sites\/42\/2024\/01\/jakob-westberg-scaled-400x486.jpg 400w, https:\/\/praktiska.se\/wp-content\/uploads\/sites\/42\/2024\/01\/jakob-westberg-scaled-300x365.jpg 300w, https:\/\/praktiska.se\/wp-content\/uploads\/sites\/42\/2024\/01\/jakob-westberg-scaled-600x729.jpg 600w, https:\/\/praktiska.se\/wp-content\/uploads\/sites\/42\/2024\/01\/jakob-westberg-scaled-800x972.jpg 800w, https:\/\/praktiska.se\/wp-content\/uploads\/sites\/42\/2024\/01\/jakob-westberg-scaled-1024x1245.jpg 1024w, https:\/\/praktiska.se\/wp-content\/uploads\/sites\/42\/2024\/01\/jakob-westberg-scaled-1200x1459.jpg 1200w\" \/>\n\t\t\t\t\t\t<\/div>\n\t\t\t\t\t<\/article>\n\t\t\t\t<\/li>\n\t\t\t\t\t\t\t\t\t\t\t\n\t\t\t\t\n\t\t\t\t<li class=\"l-col-6@md l-col-4@lg \" data-filter=\"amneslarare\">\n\t\t\t\t\t<article class=\"c-card \" data-variant=\"neutral\">\n\t\t\t\t\t\t<div class=\"c-card__content u-text-center\">\n\t\t\t\t\t\t\t\t\t\t\t\t\t\t\t<h3 class=\"c-card__title u-font-title-3\">\n\t\t\t\t\t\t\t\t\tJenny S\u00f6rling\n\t\t\t\t\t\t\t\t<\/h3>\n\t\t\t\t\t\t\t\n\t\t\t\t\t\t\t\t\t\t\t\t\t\t\t<p class=\"position u-font-body\">Svenska och engelska, f\u00f6rstel\u00e4rare<\/p>\n\t\t\t\t\t\t\t\n\t\t\t\t\t\t\t\t\t\t\t\t\t\t\t<div class=\"contact-info u-font-body\">\n\t\t\t\t\t\t\t\t\t\n\t\t\t\t\t\t\t\t\t\t\t\t\t\t\t\t\t\t\t\t\t\t\t\t\t\t\t\t\t\t<p class=\"email\"><a\n\t\t\t\t\t\t\t\t\t\t\t\t\thref=\"m&#097;il&#116;o&#058;j&#101;&#110;n&#121;&#046;sor&#108;&#105;&#110;&#103;&#064;&#112;rak&#116;&#105;s&#107;&#097;.&#115;e\"\n\t\t\t\t\t\t\t\t\t\t\t\t\tclass=\"u-text-link\">j&#101;n&#110;y.&#115;&#111;&#114;ling&#064;&#112;&#114;&#097;&#107;&#116;&#105;s&#107;&#097;.&#115;&#101;<\/a>\n\t\t\t\t\t\t\t\t\t\t\t<\/p>\n\t\t\t\t\t\t\t\t\t\t\t\t\t\t\t\t\t\t\t\t\t\t\t\t\t\t\t<\/div>\n\t\t\t\t\t\t\t\n\t\t\t\t\t\t\t\t\t\t\t\t\t<\/div>\n\t\t\t\t\t\t<div class=\"c-card__media\">\n\t\t\t\t\t\t\t<img decoding=\"async\" width=\"300\" height=\"243\" src=\"https:\/\/praktiska.se\/wp-content\/uploads\/sites\/42\/2024\/01\/jenny-sorling.jpeg\" class=\"u-radius-round u-ratio-landscape\" alt=\"Personportr\u00e4tt\" sizes=\"(max-width: 300px) 100vw, 300px\" \/>\n\t\t\t\t\t\t<\/div>\n\t\t\t\t\t<\/article>\n\t\t\t\t<\/li>\n\t\t\t\t\t\t\t\t\t\t\t\n\t\t\t\t\n\t\t\t\t<li class=\"l-col-6@md l-col-4@lg \" data-filter=\"amneslarare\">\n\t\t\t\t\t<article class=\"c-card \" data-variant=\"neutral\">\n\t\t\t\t\t\t<div class=\"c-card__content u-text-center\">\n\t\t\t\t\t\t\t\t\t\t\t\t\t\t\t<h3 class=\"c-card__title u-font-title-3\">\n\t\t\t\t\t\t\t\t\tLina Bladh\n\t\t\t\t\t\t\t\t<\/h3>\n\t\t\t\t\t\t\t\n\t\t\t\t\t\t\t\t\t\t\t\t\t\t\t<p class=\"position u-font-body\">Speciall\u00e4rare<\/p>\n\t\t\t\t\t\t\t\n\t\t\t\t\t\t\t\t\t\t\t\t\t\t\t<div class=\"contact-info u-font-body\">\n\t\t\t\t\t\t\t\t\t\n\t\t\t\t\t\t\t\t\t\t\t\t\t\t\t\t\t\t\t\t\t\t\t\t\t\t\t\t\t\t<p class=\"email\"><a\n\t\t\t\t\t\t\t\t\t\t\t\t\thref=\"&#109;&#097;&#105;&#108;t&#111;:l&#105;na.bl&#097;&#100;h&#064;p&#114;&#097;&#107;tiska.&#115;&#101;\"\n\t\t\t\t\t\t\t\t\t\t\t\t\tclass=\"u-text-link\">&#108;i&#110;&#097;&#046;&#098;la&#100;&#104;&#064;&#112;&#114;ak&#116;i&#115;k&#097;&#046;&#115;e<\/a>\n\t\t\t\t\t\t\t\t\t\t\t<\/p>\n\t\t\t\t\t\t\t\t\t\t\t\t\t\t\t\t\t\t\t\t\t\t\t\t\t\t\t<\/div>\n\t\t\t\t\t\t\t\n\t\t\t\t\t\t\t\t\t\t\t\t\t<\/div>\n\t\t\t\t\t\t<div class=\"c-card__media\">\n\t\t\t\t\t\t\t<img decoding=\"async\" width=\"300\" height=\"243\" src=\"https:\/\/praktiska.se\/wp-content\/uploads\/sites\/42\/2024\/01\/lina-bladh.jpeg\" class=\"u-radius-round u-ratio-landscape\" alt=\"Personportr\u00e4tt\" sizes=\"(max-width: 300px) 100vw, 300px\" \/>\n\t\t\t\t\t\t<\/div>\n\t\t\t\t\t<\/article>\n\t\t\t\t<\/li>\n\t\t\t\t\t\t\t\t\t\t\t\n\t\t\t\t\n\t\t\t\t<li class=\"l-col-6@md l-col-4@lg \" data-filter=\"amneslarare\">\n\t\t\t\t\t<article class=\"c-card \" data-variant=\"neutral\">\n\t\t\t\t\t\t<div class=\"c-card__content u-text-center\">\n\t\t\t\t\t\t\t\t\t\t\t\t\t\t\t<h3 class=\"c-card__title u-font-title-3\">\n\t\t\t\t\t\t\t\t\tMalin Olsson\n\t\t\t\t\t\t\t\t<\/h3>\n\t\t\t\t\t\t\t\n\t\t\t\t\t\t\t\t\t\t\t\t\t\t\t<p class=\"position u-font-body\">Matematik och naturkunskap<\/p>\n\t\t\t\t\t\t\t\n\t\t\t\t\t\t\t\t\t\t\t\t\t\t\t<div class=\"contact-info u-font-body\">\n\t\t\t\t\t\t\t\t\t\n\t\t\t\t\t\t\t\t\t\t\t\t\t\t\t\t\t\t\t\t\t\t\t\t\t\t\t\t\t\t<p class=\"email\"><a\n\t\t\t\t\t\t\t\t\t\t\t\t\thref=\"m&#097;&#105;lt&#111;:&#109;ali&#110;.&#111;&#108;&#115;so&#110;&#064;pr&#097;&#107;&#116;i&#115;k&#097;.s&#101;\"\n\t\t\t\t\t\t\t\t\t\t\t\t\tclass=\"u-text-link\">mali&#110;&#046;&#111;lsson&#064;&#112;&#114;&#097;&#107;&#116;is&#107;&#097;&#046;se<\/a>\n\t\t\t\t\t\t\t\t\t\t\t<\/p>\n\t\t\t\t\t\t\t\t\t\t\t\t\t\t\t\t\t\t\t\t\t\t\t\t\t\t\t<\/div>\n\t\t\t\t\t\t\t\n\t\t\t\t\t\t\t\t\t\t\t\t\t<\/div>\n\t\t\t\t\t\t<div class=\"c-card__media\">\n\t\t\t\t\t\t\t<img decoding=\"async\" width=\"300\" height=\"240\" src=\"https:\/\/praktiska.se\/wp-content\/uploads\/2023\/11\/kontactplaceholder.png\" class=\"u-radius-round u-ratio-landscape\" alt=\"Avatarbild\" sizes=\"(max-width: 300px) 100vw, 300px\" \/>\n\t\t\t\t\t\t<\/div>\n\t\t\t\t\t<\/article>\n\t\t\t\t<\/li>\n\t\t\t\t\t\t\t\t\t\t\t\n\t\t\t\t\n\t\t\t\t<li class=\"l-col-6@md l-col-4@lg \" data-filter=\"amneslarare\">\n\t\t\t\t\t<article class=\"c-card \" data-variant=\"neutral\">\n\t\t\t\t\t\t<div class=\"c-card__content u-text-center\">\n\t\t\t\t\t\t\t\t\t\t\t\t\t\t\t<h3 class=\"c-card__title u-font-title-3\">\n\t\t\t\t\t\t\t\t\tMikael Hellstr\u00f6m\n\t\t\t\t\t\t\t\t<\/h3>\n\t\t\t\t\t\t\t\n\t\t\t\t\t\t\t\t\t\t\t\t\t\t\t<p class=\"position u-font-body\">Svenska, samh\u00e4llskunskap, religion och historia<\/p>\n\t\t\t\t\t\t\t\n\t\t\t\t\t\t\t\t\t\t\t\t\t\t\t<div class=\"contact-info u-font-body\">\n\t\t\t\t\t\t\t\t\t\n\t\t\t\t\t\t\t\t\t\t\t\t\t\t\t\t\t\t\t\t\t\t\t\t\t\t\t\t\t\t<p class=\"email\"><a\n\t\t\t\t\t\t\t\t\t\t\t\t\thref=\"&#109;a&#105;lto:m&#105;kae&#108;&#046;hell&#115;&#116;rom&#064;&#112;&#114;akti&#115;&#107;a&#046;&#115;e\"\n\t\t\t\t\t\t\t\t\t\t\t\t\tclass=\"u-text-link\">mikae&#108;&#046;&#104;ellst&#114;om&#064;prak&#116;isk&#097;.s&#101;<\/a>\n\t\t\t\t\t\t\t\t\t\t\t<\/p>\n\t\t\t\t\t\t\t\t\t\t\t\t\t\t\t\t\t\t\t\t\t\t\t\t\t\t\t<\/div>\n\t\t\t\t\t\t\t\n\t\t\t\t\t\t\t\t\t\t\t\t\t<\/div>\n\t\t\t\t\t\t<div class=\"c-card__media\">\n\t\t\t\t\t\t\t<img decoding=\"async\" width=\"300\" height=\"243\" src=\"https:\/\/praktiska.se\/wp-content\/uploads\/sites\/42\/2024\/01\/mikael-hellstrom.jpeg\" class=\"u-radius-round u-ratio-landscape\" alt=\"Personportr\u00e4tt\" sizes=\"(max-width: 300px) 100vw, 300px\" \/>\n\t\t\t\t\t\t<\/div>\n\t\t\t\t\t<\/article>\n\t\t\t\t<\/li>\n\t\t\t\t\t\t\t\t\t\t\t\n\t\t\t\t\n\t\t\t\t<li class=\"l-col-6@md l-col-4@lg \" data-filter=\"amneslarare\">\n\t\t\t\t\t<article class=\"c-card \" data-variant=\"neutral\">\n\t\t\t\t\t\t<div class=\"c-card__content u-text-center\">\n\t\t\t\t\t\t\t\t\t\t\t\t\t\t\t<h3 class=\"c-card__title u-font-title-3\">\n\t\t\t\t\t\t\t\t\tStefan Kuljanin\n\t\t\t\t\t\t\t\t<\/h3>\n\t\t\t\t\t\t\t\n\t\t\t\t\t\t\t\t\t\t\t\t\t\t\t<p class=\"position u-font-body\">Matematik<\/p>\n\t\t\t\t\t\t\t\n\t\t\t\t\t\t\t\t\t\t\t\t\t\t\t<div class=\"contact-info u-font-body\">\n\t\t\t\t\t\t\t\t\t\n\t\t\t\t\t\t\t\t\t\t\t\t\t\t\t\t\t\t\t\t\t\t\t\t\t\t\t\t\t\t<p class=\"email\"><a\n\t\t\t\t\t\t\t\t\t\t\t\t\thref=\"&#109;&#097;&#105;&#108;to&#058;&#115;&#116;&#101;f&#097;n.&#107;&#117;&#108;&#106;&#097;nin&#064;pr&#097;k&#116;i&#115;ka.se\"\n\t\t\t\t\t\t\t\t\t\t\t\t\tclass=\"u-text-link\">&#115;tefa&#110;.&#107;u&#108;&#106;anin&#064;pr&#097;&#107;&#116;&#105;&#115;&#107;&#097;.s&#101;<\/a>\n\t\t\t\t\t\t\t\t\t\t\t<\/p>\n\t\t\t\t\t\t\t\t\t\t\t\t\t\t\t\t\t\t\t\t\t\t\t\t\t\t\t<\/div>\n\t\t\t\t\t\t\t\n\t\t\t\t\t\t\t\t\t\t\t\t\t<\/div>\n\t\t\t\t\t\t<div class=\"c-card__media\">\n\t\t\t\t\t\t\t<img decoding=\"async\" width=\"300\" height=\"243\" src=\"https:\/\/praktiska.se\/wp-content\/uploads\/sites\/42\/2024\/01\/stefan-kuljanin.jpeg\" class=\"u-radius-round u-ratio-landscape\" alt=\"Personportr\u00e4tt\" sizes=\"(max-width: 300px) 100vw, 300px\" \/>\n\t\t\t\t\t\t<\/div>\n\t\t\t\t\t<\/article>\n\t\t\t\t<\/li>\n\t\t\t\t\t\t\t\t\t\t\t\n\t\t\t\t\n\t\t\t\t<li class=\"l-col-6@md l-col-4@lg \" data-filter=\"amneslarare\">\n\t\t\t\t\t<article class=\"c-card \" data-variant=\"neutral\">\n\t\t\t\t\t\t<div class=\"c-card__content u-text-center\">\n\t\t\t\t\t\t\t\t\t\t\t\t\t\t\t<h3 class=\"c-card__title u-font-title-3\">\n\t\t\t\t\t\t\t\t\tVictor Johansson\n\t\t\t\t\t\t\t\t<\/h3>\n\t\t\t\t\t\t\t\n\t\t\t\t\t\t\t\t\t\t\t\t\t\t\t<p class=\"position u-font-body\">Engelska och dator och kommunikation<\/p>\n\t\t\t\t\t\t\t\n\t\t\t\t\t\t\t\t\t\t\t\t\t\t\t<div class=\"contact-info u-font-body\">\n\t\t\t\t\t\t\t\t\t\n\t\t\t\t\t\t\t\t\t\t\t\t\t\t\t\t\t\t\t\t\t\t\t\t\t\t\t\t\t\t<p class=\"email\"><a\n\t\t\t\t\t\t\t\t\t\t\t\t\thref=\"mai&#108;to:vi&#099;&#116;&#111;r.joh&#097;ns&#115;on2&#064;p&#114;&#097;&#107;tiska&#046;&#115;e\"\n\t\t\t\t\t\t\t\t\t\t\t\t\tclass=\"u-text-link\">v&#105;ct&#111;r&#046;&#106;&#111;hansson&#050;&#064;&#112;r&#097;&#107;ti&#115;ka&#046;&#115;e<\/a>\n\t\t\t\t\t\t\t\t\t\t\t<\/p>\n\t\t\t\t\t\t\t\t\t\t\t\t\t\t\t\t\t\t\t\t\t\t\t\t\t\t\t<\/div>\n\t\t\t\t\t\t\t\n\t\t\t\t\t\t\t\t\t\t\t\t\t<\/div>\n\t\t\t\t\t\t<div class=\"c-card__media\">\n\t\t\t\t\t\t\t<img decoding=\"async\" width=\"300\" height=\"240\" src=\"https:\/\/praktiska.se\/wp-content\/uploads\/2023\/11\/kontactplaceholder.png\" class=\"u-radius-round u-ratio-landscape\" alt=\"Avatarbild\" sizes=\"(max-width: 300px) 100vw, 300px\" \/>\n\t\t\t\t\t\t<\/div>\n\t\t\t\t\t<\/article>\n\t\t\t\t<\/li>\n\t\t\t\t\t<\/ul>\n\n\t\t\n\t\t    <div class=\"ams-contact__more u-inline-items js-load-more-btn\">\n        <button href=\"#\"\n                class=\"c-btn\"\n                data-style=\"round\"\n                data-size=\"md\"\n                data-width=\"full-mobile\"\n                data-variant=\"outline\">\n        \tVisa mer\n        <\/button>\n    <\/div>\n\n\t\t\t<\/div>\n\n\t\t\n\n<\/section>\n\n\n\n<section \n\t\t class=\"\n\t\t ams-contact\n\t\t \n\t\t c-block l-stacked\n\t\t \n\t\t \n\t\t js-load-more\n\t\t \"\n\t\t data-color-scheme=\"white\"\n\t\t\t\t\tdata-count=\"50\"\n\t\t\t\t\t\t\tdata-count-mobile=\"2\"\n\t\t\t\t>\n\t<div\n\t\t class=\"\n\t\t l-container\n\t\t l-stack l-stack-fluid-2xl\n\t\t u-pt-fluid-3xl-6xl\n\t\t u-pb-fluid-3xl-6xl\n\t\t is-center\n\t\t is-center@md\n\t\t \">\n\t\t\t\t\t<div class=\"ams-contact__intro l-stack l-stack-lg\">\n\t\t\t\t\t\n\t<h2\n\tclass=\"c-heading u-font-title-1 \"\n\tstyle=\"\">\n\t\t\n\t\t\t\t\tYrkesl\u00e4rare\n\t\t\t\t\n\t<\/h2>\n\n\t\t\t\t\t\t\t<\/div>\n\t\t\n\t\t\n\t\t    \t\n\t\t\n\t\t<ul\n\t\t\tid=\"contact-grid-6a9da39da73e3\"\n\t\t\tclass=\"ams-contact__list l-grid u-gap-fluid-2xl-4xl u-justify-center js-results \"\n\t\t\taria-label=\"Kontakter\"\n\t\t\tdata-filter-animation=\"off\"\n\t\t\t>\n\t\t\t\t\t\t\t\t\t\t\t\n\t\t\t\t\n\t\t\t\t<li class=\"l-col-6@md l-col-4@lg \" data-filter=\"yrkeslarare\">\n\t\t\t\t\t<article class=\"c-card \" data-variant=\"neutral\">\n\t\t\t\t\t\t<div class=\"c-card__content u-text-center\">\n\t\t\t\t\t\t\t\t\t\t\t\t\t\t\t<h3 class=\"c-card__title u-font-title-3\">\n\t\t\t\t\t\t\t\t\tAlexsandra Pettersson\n\t\t\t\t\t\t\t\t<\/h3>\n\t\t\t\t\t\t\t\n\t\t\t\t\t\t\t\t\t\t\t\t\t\t\t<p class=\"position u-font-body\">Fordon och transport, karosseri och lackering<\/p>\n\t\t\t\t\t\t\t\n\t\t\t\t\t\t\t\t\t\t\t\t\t\t\t<div class=\"contact-info u-font-body\">\n\t\t\t\t\t\t\t\t\t\n\t\t\t\t\t\t\t\t\t\t\t\t\t\t\t\t\t\t\t\t\t\t\t\t\t\t\t\t\t\t<p class=\"email\"><a\n\t\t\t\t\t\t\t\t\t\t\t\t\thref=\"&#109;&#097;&#105;l&#116;o:&#097;&#108;&#101;&#120;s&#097;&#110;&#100;&#114;&#097;.&#112;&#101;t&#116;&#101;&#114;s&#115;o&#110;&#064;&#112;r&#097;kt&#105;&#115;&#107;a&#046;se\"\n\t\t\t\t\t\t\t\t\t\t\t\t\tclass=\"u-text-link\">&#097;&#108;&#101;&#120;s&#097;n&#100;ra&#046;&#112;et&#116;e&#114;&#115;s&#111;n&#064;&#112;ra&#107;tis&#107;&#097;&#046;&#115;&#101;<\/a>\n\t\t\t\t\t\t\t\t\t\t\t<\/p>\n\t\t\t\t\t\t\t\t\t\t\t\t\t\t\t\t\t\t\t\t\t\t\t\t\t\t\t<\/div>\n\t\t\t\t\t\t\t\n\t\t\t\t\t\t\t\t\t\t\t\t\t<\/div>\n\t\t\t\t\t\t<div class=\"c-card__media\">\n\t\t\t\t\t\t\t<img decoding=\"async\" width=\"400\" height=\"533\" src=\"https:\/\/praktiska.se\/wp-content\/uploads\/sites\/42\/2024\/03\/img6002-400x533.png\" class=\"u-radius-round u-ratio-landscape\" alt=\"Personportr\u00e4tt\" sizes=\"(max-width: 300px) 100vw, 300px\" srcset=\"https:\/\/praktiska.se\/wp-content\/uploads\/sites\/42\/2024\/03\/img6002-400x533.png 400w, https:\/\/praktiska.se\/wp-content\/uploads\/sites\/42\/2024\/03\/img6002-300x400.png 300w, https:\/\/praktiska.se\/wp-content\/uploads\/sites\/42\/2024\/03\/img6002-600x800.png 600w, https:\/\/praktiska.se\/wp-content\/uploads\/sites\/42\/2024\/03\/img6002-800x1067.png 800w, https:\/\/praktiska.se\/wp-content\/uploads\/sites\/42\/2024\/03\/img6002-1024x1365.png 1024w, https:\/\/praktiska.se\/wp-content\/uploads\/sites\/42\/2024\/03\/img6002-1200x1600.png 1200w, https:\/\/praktiska.se\/wp-content\/uploads\/sites\/42\/2024\/03\/img6002.png 1512w\" \/>\n\t\t\t\t\t\t<\/div>\n\t\t\t\t\t<\/article>\n\t\t\t\t<\/li>\n\t\t\t\t\t\t\t\t\t\t\t\n\t\t\t\t\n\t\t\t\t<li class=\"l-col-6@md l-col-4@lg \" data-filter=\"yrkeslarare\">\n\t\t\t\t\t<article class=\"c-card \" data-variant=\"neutral\">\n\t\t\t\t\t\t<div class=\"c-card__content u-text-center\">\n\t\t\t\t\t\t\t\t\t\t\t\t\t\t\t<h3 class=\"c-card__title u-font-title-3\">\n\t\t\t\t\t\t\t\t\tChristian Ohlsson\n\t\t\t\t\t\t\t\t<\/h3>\n\t\t\t\t\t\t\t\n\t\t\t\t\t\t\t\t\t\t\t\t\t\t\t<p class=\"position u-font-body\">Industriteknik svets, f\u00f6rstel\u00e4rare<\/p>\n\t\t\t\t\t\t\t\n\t\t\t\t\t\t\t\t\t\t\t\t\t\t\t<div class=\"contact-info u-font-body\">\n\t\t\t\t\t\t\t\t\t\t\t\t\t\t\t\t\t\t\t\t\t\t\t\t\t\t\t\t\t\t<p class=\"phone\"><a\n\t\t\t\t\t\t\t\t\t\t\t\t\thref=\"tel:0703830031\"\n\t\t\t\t\t\t\t\t\t\t\t\t\tclass=\"u-text-link\">070-383 00 31<\/a>\n\t\t\t\t\t\t\t\t\t\t\t<\/p>\n\t\t\t\t\t\t\t\t\t\t\t\t\t\t\t\t\t\t\t\n\t\t\t\t\t\t\t\t\t\t\t\t\t\t\t\t\t\t\t\t\t\t\t\t\t\t\t\t\t\t<p class=\"email\"><a\n\t\t\t\t\t\t\t\t\t\t\t\t\thref=\"m&#097;ilto&#058;ch&#114;&#105;&#115;&#116;ian.&#111;hlss&#111;n&#064;prak&#116;i&#115;k&#097;.&#115;e\"\n\t\t\t\t\t\t\t\t\t\t\t\t\tclass=\"u-text-link\">&#099;hri&#115;tian.o&#104;l&#115;&#115;&#111;&#110;&#064;&#112;r&#097;kt&#105;&#115;&#107;&#097;&#046;se<\/a>\n\t\t\t\t\t\t\t\t\t\t\t<\/p>\n\t\t\t\t\t\t\t\t\t\t\t\t\t\t\t\t\t\t\t\t\t\t\t\t\t\t\t<\/div>\n\t\t\t\t\t\t\t\n\t\t\t\t\t\t\t\t\t\t\t\t\t<\/div>\n\t\t\t\t\t\t<div class=\"c-card__media\">\n\t\t\t\t\t\t\t<img decoding=\"async\" width=\"300\" height=\"243\" src=\"https:\/\/praktiska.se\/wp-content\/uploads\/sites\/42\/2024\/01\/christian-ohlsson.jpeg\" class=\"u-radius-round u-ratio-landscape\" alt=\"Personportr\u00e4tt\" sizes=\"(max-width: 300px) 100vw, 300px\" \/>\n\t\t\t\t\t\t<\/div>\n\t\t\t\t\t<\/article>\n\t\t\t\t<\/li>\n\t\t\t\t\t\t\t\t\t\t\t\n\t\t\t\t\n\t\t\t\t<li class=\"l-col-6@md l-col-4@lg \" data-filter=\"yrkeslarare\">\n\t\t\t\t\t<article class=\"c-card \" data-variant=\"neutral\">\n\t\t\t\t\t\t<div class=\"c-card__content u-text-center\">\n\t\t\t\t\t\t\t\t\t\t\t\t\t\t\t<h3 class=\"c-card__title u-font-title-3\">\n\t\t\t\t\t\t\t\t\tJan Nyd\u00e9n\n\t\t\t\t\t\t\t\t<\/h3>\n\t\t\t\t\t\t\t\n\t\t\t\t\t\t\t\t\t\t\t\t\t\t\t<p class=\"position u-font-body\">VVS och fastighet<\/p>\n\t\t\t\t\t\t\t\n\t\t\t\t\t\t\t\t\t\t\t\t\t\t\t<div class=\"contact-info u-font-body\">\n\t\t\t\t\t\t\t\t\t\n\t\t\t\t\t\t\t\t\t\t\t\t\t\t\t\t\t\t\t\t\t\t\t\t\t\t\t\t\t\t<p class=\"email\"><a\n\t\t\t\t\t\t\t\t\t\t\t\t\thref=\"m&#097;&#105;&#108;&#116;&#111;&#058;j&#097;&#110;.nyden&#064;&#112;rakti&#115;&#107;&#097;&#046;se\"\n\t\t\t\t\t\t\t\t\t\t\t\t\tclass=\"u-text-link\">j&#097;&#110;&#046;nyde&#110;&#064;&#112;r&#097;&#107;ti&#115;&#107;a&#046;s&#101;<\/a>\n\t\t\t\t\t\t\t\t\t\t\t<\/p>\n\t\t\t\t\t\t\t\t\t\t\t\t\t\t\t\t\t\t\t\t\t\t\t\t\t\t\t<\/div>\n\t\t\t\t\t\t\t\n\t\t\t\t\t\t\t\t\t\t\t\t\t<\/div>\n\t\t\t\t\t\t<div class=\"c-card__media\">\n\t\t\t\t\t\t\t<img decoding=\"async\" width=\"300\" height=\"240\" src=\"https:\/\/praktiska.se\/wp-content\/uploads\/2023\/11\/kontactplaceholder.png\" class=\"u-radius-round u-ratio-landscape\" alt=\"Avatarbild\" sizes=\"(max-width: 300px) 100vw, 300px\" \/>\n\t\t\t\t\t\t<\/div>\n\t\t\t\t\t<\/article>\n\t\t\t\t<\/li>\n\t\t\t\t\t\t\t\t\t\t\t\n\t\t\t\t\n\t\t\t\t<li class=\"l-col-6@md l-col-4@lg \" data-filter=\"yrkeslarare\">\n\t\t\t\t\t<article class=\"c-card \" data-variant=\"neutral\">\n\t\t\t\t\t\t<div class=\"c-card__content u-text-center\">\n\t\t\t\t\t\t\t\t\t\t\t\t\t\t\t<h3 class=\"c-card__title u-font-title-3\">\n\t\t\t\t\t\t\t\t\tJeanette M&#8217;harti\n\t\t\t\t\t\t\t\t<\/h3>\n\t\t\t\t\t\t\t\n\t\t\t\t\t\t\t\t\t\t\t\t\t\t\t<p class=\"position u-font-body\">Bygg och anl\u00e4ggning, m\u00e5leri<\/p>\n\t\t\t\t\t\t\t\n\t\t\t\t\t\t\t\t\t\t\t\t\t\t\t<div class=\"contact-info u-font-body\">\n\t\t\t\t\t\t\t\t\t\t\t\t\t\t\t\t\t\t\t\t\t\t\t\t\t\t\t\t\t\t<p class=\"phone\"><a\n\t\t\t\t\t\t\t\t\t\t\t\t\thref=\"tel:0706163899\"\n\t\t\t\t\t\t\t\t\t\t\t\t\tclass=\"u-text-link\">070-616 38 99<\/a>\n\t\t\t\t\t\t\t\t\t\t\t<\/p>\n\t\t\t\t\t\t\t\t\t\t\t\t\t\t\t\t\t\t\t\n\t\t\t\t\t\t\t\t\t\t\t\t\t\t\t\t\t\t\t\t\t\t\t\t\t\t\t\t\t\t<p class=\"email\"><a\n\t\t\t\t\t\t\t\t\t\t\t\t\thref=\"&#109;&#097;i&#108;t&#111;&#058;je&#097;ne&#116;t&#101;.&#109;&#104;&#097;&#114;ti&#064;&#112;&#114;akt&#105;ska&#046;&#115;e\"\n\t\t\t\t\t\t\t\t\t\t\t\t\tclass=\"u-text-link\">je&#097;n&#101;&#116;t&#101;.mh&#097;&#114;&#116;i&#064;prak&#116;i&#115;ka&#046;&#115;e<\/a>\n\t\t\t\t\t\t\t\t\t\t\t<\/p>\n\t\t\t\t\t\t\t\t\t\t\t\t\t\t\t\t\t\t\t\t\t\t\t\t\t\t\t<\/div>\n\t\t\t\t\t\t\t\n\t\t\t\t\t\t\t\t\t\t\t\t\t<\/div>\n\t\t\t\t\t\t<div class=\"c-card__media\">\n\t\t\t\t\t\t\t<img decoding=\"async\" width=\"300\" height=\"243\" src=\"https:\/\/praktiska.se\/wp-content\/uploads\/sites\/42\/2024\/01\/tom-bakgrund.jpeg\" class=\"u-radius-round u-ratio-landscape\" alt=\"Bild p\u00e5 blommor\" sizes=\"(max-width: 300px) 100vw, 300px\" \/>\n\t\t\t\t\t\t<\/div>\n\t\t\t\t\t<\/article>\n\t\t\t\t<\/li>\n\t\t\t\t\t\t\t\t\t\t\t\n\t\t\t\t\n\t\t\t\t<li class=\"l-col-6@md l-col-4@lg \" data-filter=\"yrkeslarare\">\n\t\t\t\t\t<article class=\"c-card \" data-variant=\"neutral\">\n\t\t\t\t\t\t<div class=\"c-card__content u-text-center\">\n\t\t\t\t\t\t\t\t\t\t\t\t\t\t\t<h3 class=\"c-card__title u-font-title-3\">\n\t\t\t\t\t\t\t\t\tJonny Larsson\n\t\t\t\t\t\t\t\t<\/h3>\n\t\t\t\t\t\t\t\n\t\t\t\t\t\t\t\t\t\t\t\t\t\t\t<p class=\"position u-font-body\">Entrepren\u00f6rskap, servicekunskap, service och bem\u00f6tande, SYV<\/p>\n\t\t\t\t\t\t\t\n\t\t\t\t\t\t\t\t\t\t\t\t\t\t\t<div class=\"contact-info u-font-body\">\n\t\t\t\t\t\t\t\t\t\n\t\t\t\t\t\t\t\t\t\t\t\t\t\t\t\t\t\t\t\t\t\t\t\t\t\t\t\t\t\t<p class=\"email\"><a\n\t\t\t\t\t\t\t\t\t\t\t\t\thref=\"ma&#105;l&#116;&#111;&#058;j&#111;&#110;&#110;&#121;.&#108;&#097;r&#115;&#115;&#111;n&#064;&#112;rak&#116;&#105;s&#107;a&#046;&#115;&#101;\"\n\t\t\t\t\t\t\t\t\t\t\t\t\tclass=\"u-text-link\">j&#111;&#110;n&#121;&#046;la&#114;s&#115;on&#064;p&#114;&#097;k&#116;&#105;&#115;&#107;&#097;&#046;&#115;&#101;<\/a>\n\t\t\t\t\t\t\t\t\t\t\t<\/p>\n\t\t\t\t\t\t\t\t\t\t\t\t\t\t\t\t\t\t\t\t\t\t\t\t\t\t\t<\/div>\n\t\t\t\t\t\t\t\n\t\t\t\t\t\t\t\t\t\t\t\t\t<\/div>\n\t\t\t\t\t\t<div class=\"c-card__media\">\n\t\t\t\t\t\t\t<img decoding=\"async\" width=\"300\" height=\"243\" src=\"https:\/\/praktiska.se\/wp-content\/uploads\/sites\/42\/2024\/01\/jonny-larsson.jpeg\" class=\"u-radius-round u-ratio-landscape\" alt=\"Personportr\u00e4tt\" sizes=\"(max-width: 300px) 100vw, 300px\" \/>\n\t\t\t\t\t\t<\/div>\n\t\t\t\t\t<\/article>\n\t\t\t\t<\/li>\n\t\t\t\t\t\t\t\t\t\t\t\n\t\t\t\t\n\t\t\t\t<li class=\"l-col-6@md l-col-4@lg \" data-filter=\"yrkeslarare\">\n\t\t\t\t\t<article class=\"c-card \" data-variant=\"neutral\">\n\t\t\t\t\t\t<div class=\"c-card__content u-text-center\">\n\t\t\t\t\t\t\t\t\t\t\t\t\t\t\t<h3 class=\"c-card__title u-font-title-3\">\n\t\t\t\t\t\t\t\t\tMartin Clar\u00e4lv\n\t\t\t\t\t\t\t\t<\/h3>\n\t\t\t\t\t\t\t\n\t\t\t\t\t\t\t\t\t\t\t\t\t\t\t<p class=\"position u-font-body\">Bygg och anl\u00e4ggning, husbyggnad<\/p>\n\t\t\t\t\t\t\t\n\t\t\t\t\t\t\t\t\t\t\t\t\t\t\t<div class=\"contact-info u-font-body\">\n\t\t\t\t\t\t\t\t\t\n\t\t\t\t\t\t\t\t\t\t\t\t\t\t\t\t\t\t\t\t\t\t\t\t\t\t\t\t\t\t<p class=\"email\"><a\n\t\t\t\t\t\t\t\t\t\t\t\t\thref=\"m&#097;&#105;l&#116;&#111;:&#109;&#097;&#114;ti&#110;.&#099;&#108;&#097;r&#097;lv&#064;pr&#097;&#107;ti&#115;&#107;a.&#115;&#101;\"\n\t\t\t\t\t\t\t\t\t\t\t\t\tclass=\"u-text-link\">&#109;&#097;&#114;ti&#110;.c&#108;ar&#097;&#108;&#118;&#064;&#112;&#114;&#097;&#107;ti&#115;&#107;&#097;.s&#101;<\/a>\n\t\t\t\t\t\t\t\t\t\t\t<\/p>\n\t\t\t\t\t\t\t\t\t\t\t\t\t\t\t\t\t\t\t\t\t\t\t\t\t\t\t<\/div>\n\t\t\t\t\t\t\t\n\t\t\t\t\t\t\t\t\t\t\t\t\t<\/div>\n\t\t\t\t\t\t<div class=\"c-card__media\">\n\t\t\t\t\t\t\t<img decoding=\"async\" width=\"300\" height=\"243\" src=\"https:\/\/praktiska.se\/wp-content\/uploads\/sites\/42\/2024\/01\/martin-claralv.jpeg\" class=\"u-radius-round u-ratio-landscape\" alt=\"Personportr\u00e4tt\" sizes=\"(max-width: 300px) 100vw, 300px\" \/>\n\t\t\t\t\t\t<\/div>\n\t\t\t\t\t<\/article>\n\t\t\t\t<\/li>\n\t\t\t\t\t\t\t\t\t\t\t\n\t\t\t\t\n\t\t\t\t<li class=\"l-col-6@md l-col-4@lg \" data-filter=\"yrkeslarare\">\n\t\t\t\t\t<article class=\"c-card \" data-variant=\"neutral\">\n\t\t\t\t\t\t<div class=\"c-card__content u-text-center\">\n\t\t\t\t\t\t\t\t\t\t\t\t\t\t\t<h3 class=\"c-card__title u-font-title-3\">\n\t\t\t\t\t\t\t\t\tNils Bj\u00f6rkengren\n\t\t\t\t\t\t\t\t<\/h3>\n\t\t\t\t\t\t\t\n\t\t\t\t\t\t\t\t\t\t\t\t\t\t\t<p class=\"position u-font-body\">El och energi<\/p>\n\t\t\t\t\t\t\t\n\t\t\t\t\t\t\t\t\t\t\t\t\t\t\t<div class=\"contact-info u-font-body\">\n\t\t\t\t\t\t\t\t\t\n\t\t\t\t\t\t\t\t\t\t\t\t\t\t\t\t\t\t\t\t\t\t\t\t\t\t\t\t\t\t<p class=\"email\"><a\n\t\t\t\t\t\t\t\t\t\t\t\t\thref=\"m&#097;i&#108;&#116;&#111;:&#110;&#105;&#108;s.b&#106;orke&#110;gren&#064;&#112;&#114;ak&#116;&#105;&#115;&#107;a&#046;&#115;&#101;\"\n\t\t\t\t\t\t\t\t\t\t\t\t\tclass=\"u-text-link\">&#110;&#105;&#108;&#115;.b&#106;&#111;r&#107;&#101;n&#103;&#114;&#101;n&#064;p&#114;&#097;&#107;&#116;is&#107;a&#046;s&#101;<\/a>\n\t\t\t\t\t\t\t\t\t\t\t<\/p>\n\t\t\t\t\t\t\t\t\t\t\t\t\t\t\t\t\t\t\t\t\t\t\t\t\t\t\t<\/div>\n\t\t\t\t\t\t\t\n\t\t\t\t\t\t\t\t\t\t\t\t\t<\/div>\n\t\t\t\t\t\t<div class=\"c-card__media\">\n\t\t\t\t\t\t\t<img decoding=\"async\" width=\"300\" height=\"243\" src=\"https:\/\/praktiska.se\/wp-content\/uploads\/sites\/42\/2024\/01\/nils-bjorkengren.jpeg\" class=\"u-radius-round u-ratio-landscape\" alt=\"Personportr\u00e4tt\" sizes=\"(max-width: 300px) 100vw, 300px\" \/>\n\t\t\t\t\t\t<\/div>\n\t\t\t\t\t<\/article>\n\t\t\t\t<\/li>\n\t\t\t\t\t\t\t\t\t\t\t\n\t\t\t\t\n\t\t\t\t<li class=\"l-col-6@md l-col-4@lg \" data-filter=\"yrkeslarare\">\n\t\t\t\t\t<article class=\"c-card \" data-variant=\"neutral\">\n\t\t\t\t\t\t<div class=\"c-card__content u-text-center\">\n\t\t\t\t\t\t\t\t\t\t\t\t\t\t\t<h3 class=\"c-card__title u-font-title-3\">\n\t\t\t\t\t\t\t\t\tPer Tengvall\n\t\t\t\t\t\t\t\t<\/h3>\n\t\t\t\t\t\t\t\n\t\t\t\t\t\t\t\t\t\t\t\t\t\t\t<p class=\"position u-font-body\">VVS och fastighet<\/p>\n\t\t\t\t\t\t\t\n\t\t\t\t\t\t\t\t\t\t\t\t\t\t\t<div class=\"contact-info u-font-body\">\n\t\t\t\t\t\t\t\t\t\n\t\t\t\t\t\t\t\t\t\t\t\t\t\t\t\t\t\t\t\t\t\t\t\t\t\t\t\t\t\t<p class=\"email\"><a\n\t\t\t\t\t\t\t\t\t\t\t\t\thref=\"&#109;a&#105;&#108;to&#058;&#112;er.&#116;&#101;ng&#118;all&#064;&#112;&#114;a&#107;tis&#107;a.s&#101;\"\n\t\t\t\t\t\t\t\t\t\t\t\t\tclass=\"u-text-link\">&#112;&#101;&#114;&#046;te&#110;&#103;vall&#064;pr&#097;&#107;&#116;i&#115;ka.&#115;&#101;<\/a>\n\t\t\t\t\t\t\t\t\t\t\t<\/p>\n\t\t\t\t\t\t\t\t\t\t\t\t\t\t\t\t\t\t\t\t\t\t\t\t\t\t\t<\/div>\n\t\t\t\t\t\t\t\n\t\t\t\t\t\t\t\t\t\t\t\t\t<\/div>\n\t\t\t\t\t\t<div class=\"c-card__media\">\n\t\t\t\t\t\t\t<img decoding=\"async\" width=\"300\" height=\"243\" src=\"https:\/\/praktiska.se\/wp-content\/uploads\/sites\/42\/2024\/01\/per-tengvall.jpeg\" class=\"u-radius-round u-ratio-landscape\" alt=\"Personportr\u00e4tt\" sizes=\"(max-width: 300px) 100vw, 300px\" \/>\n\t\t\t\t\t\t<\/div>\n\t\t\t\t\t<\/article>\n\t\t\t\t<\/li>\n\t\t\t\t\t\t\t\t\t\t\t\n\t\t\t\t\n\t\t\t\t<li class=\"l-col-6@md l-col-4@lg \" data-filter=\"yrkeslarare\">\n\t\t\t\t\t<article class=\"c-card \" data-variant=\"neutral\">\n\t\t\t\t\t\t<div class=\"c-card__content u-text-center\">\n\t\t\t\t\t\t\t\t\t\t\t\t\t\t\t<h3 class=\"c-card__title u-font-title-3\">\n\t\t\t\t\t\t\t\t\tPeter Grenter\n\t\t\t\t\t\t\t\t<\/h3>\n\t\t\t\t\t\t\t\n\t\t\t\t\t\t\t\t\t\t\t\t\t\t\t<p class=\"position u-font-body\">El och energi<\/p>\n\t\t\t\t\t\t\t\n\t\t\t\t\t\t\t\t\t\t\t\t\t\t\t<div class=\"contact-info u-font-body\">\n\t\t\t\t\t\t\t\t\t\t\t\t\t\t\t\t\t\t\t\t\t\t\t\t\t\t\t\t\t\t<p class=\"phone\"><a\n\t\t\t\t\t\t\t\t\t\t\t\t\thref=\"tel:0761106778\"\n\t\t\t\t\t\t\t\t\t\t\t\t\tclass=\"u-text-link\">076-110 67 78<\/a>\n\t\t\t\t\t\t\t\t\t\t\t<\/p>\n\t\t\t\t\t\t\t\t\t\t\t\t\t\t\t\t\t\t\t\n\t\t\t\t\t\t\t\t\t\t\t\t\t\t\t\t\t\t\t\t\t\t\t\t\t\t\t\t\t\t<p class=\"email\"><a\n\t\t\t\t\t\t\t\t\t\t\t\t\thref=\"&#109;a&#105;l&#116;o:&#112;&#101;t&#101;r&#046;grent&#101;&#114;&#064;p&#114;a&#107;t&#105;ska.se\"\n\t\t\t\t\t\t\t\t\t\t\t\t\tclass=\"u-text-link\">&#112;e&#116;e&#114;.&#103;&#114;&#101;&#110;t&#101;r&#064;&#112;&#114;&#097;k&#116;isk&#097;&#046;s&#101;<\/a>\n\t\t\t\t\t\t\t\t\t\t\t<\/p>\n\t\t\t\t\t\t\t\t\t\t\t\t\t\t\t\t\t\t\t\t\t\t\t\t\t\t\t<\/div>\n\t\t\t\t\t\t\t\n\t\t\t\t\t\t\t\t\t\t\t\t\t<\/div>\n\t\t\t\t\t\t<div class=\"c-card__media\">\n\t\t\t\t\t\t\t<img decoding=\"async\" width=\"300\" height=\"243\" src=\"https:\/\/praktiska.se\/wp-content\/uploads\/sites\/42\/2024\/01\/peter-grenter.jpeg\" class=\"u-radius-round u-ratio-landscape\" alt=\"Personportr\u00e4tt\" sizes=\"(max-width: 300px) 100vw, 300px\" \/>\n\t\t\t\t\t\t<\/div>\n\t\t\t\t\t<\/article>\n\t\t\t\t<\/li>\n\t\t\t\t\t\t\t\t\t\t\t\n\t\t\t\t\n\t\t\t\t<li class=\"l-col-6@md l-col-4@lg \" data-filter=\"yrkeslarare\">\n\t\t\t\t\t<article class=\"c-card \" data-variant=\"neutral\">\n\t\t\t\t\t\t<div class=\"c-card__content u-text-center\">\n\t\t\t\t\t\t\t\t\t\t\t\t\t\t\t<h3 class=\"c-card__title u-font-title-3\">\n\t\t\t\t\t\t\t\t\tRobin Eivik\n\t\t\t\t\t\t\t\t<\/h3>\n\t\t\t\t\t\t\t\n\t\t\t\t\t\t\t\t\t\t\t\t\t\t\t<p class=\"position u-font-body\">Bygg och anl\u00e4ggning, husbyggnad<\/p>\n\t\t\t\t\t\t\t\n\t\t\t\t\t\t\t\t\t\t\t\t\t\t\t<div class=\"contact-info u-font-body\">\n\t\t\t\t\t\t\t\t\t\n\t\t\t\t\t\t\t\t\t\t\t\t\t\t\t\t\t\t\t\t\t\t\t\t\t\t\t\t\t\t<p class=\"email\"><a\n\t\t\t\t\t\t\t\t\t\t\t\t\thref=\"&#109;&#097;i&#108;t&#111;:&#114;&#111;&#098;in.e&#105;&#118;&#105;k&#064;pr&#097;k&#116;i&#115;k&#097;&#046;se\"\n\t\t\t\t\t\t\t\t\t\t\t\t\tclass=\"u-text-link\">&#114;&#111;b&#105;&#110;&#046;e&#105;vik&#064;&#112;&#114;aktisk&#097;&#046;&#115;e<\/a>\n\t\t\t\t\t\t\t\t\t\t\t<\/p>\n\t\t\t\t\t\t\t\t\t\t\t\t\t\t\t\t\t\t\t\t\t\t\t\t\t\t\t<\/div>\n\t\t\t\t\t\t\t\n\t\t\t\t\t\t\t\t\t\t\t\t\t<\/div>\n\t\t\t\t\t\t<div class=\"c-card__media\">\n\t\t\t\t\t\t\t<img decoding=\"async\" width=\"300\" height=\"243\" src=\"https:\/\/praktiska.se\/wp-content\/uploads\/sites\/42\/2024\/01\/robin-eivik.jpeg\" class=\"u-radius-round u-ratio-landscape\" alt=\"Personportr\u00e4tt\" sizes=\"(max-width: 300px) 100vw, 300px\" \/>\n\t\t\t\t\t\t<\/div>\n\t\t\t\t\t<\/article>\n\t\t\t\t<\/li>\n\t\t\t\t\t\t\t\t\t\t\t\n\t\t\t\t\n\t\t\t\t<li class=\"l-col-6@md l-col-4@lg \" data-filter=\"yrkeslarare\">\n\t\t\t\t\t<article class=\"c-card \" data-variant=\"neutral\">\n\t\t\t\t\t\t<div class=\"c-card__content u-text-center\">\n\t\t\t\t\t\t\t\t\t\t\t\t\t\t\t<h3 class=\"c-card__title u-font-title-3\">\n\t\t\t\t\t\t\t\t\tSebastian Penell\n\t\t\t\t\t\t\t\t<\/h3>\n\t\t\t\t\t\t\t\n\t\t\t\t\t\t\t\t\t\t\t\t\t\t\t<p class=\"position u-font-body\">Bygg och anl\u00e4ggning, f\u00f6rstel\u00e4rare<\/p>\n\t\t\t\t\t\t\t\n\t\t\t\t\t\t\t\t\t\t\t\t\t\t\t<div class=\"contact-info u-font-body\">\n\t\t\t\t\t\t\t\t\t\n\t\t\t\t\t\t\t\t\t\t\t\t\t\t\t\t\t\t\t\t\t\t\t\t\t\t\t\t\t\t<p class=\"email\"><a\n\t\t\t\t\t\t\t\t\t\t\t\t\thref=\"&#109;a&#105;l&#116;o&#058;se&#098;&#097;st&#105;&#097;&#110;.&#112;e&#110;&#101;&#108;&#108;&#064;&#112;&#114;a&#107;&#116;&#105;&#115;&#107;a&#046;&#115;e\"\n\t\t\t\t\t\t\t\t\t\t\t\t\tclass=\"u-text-link\">s&#101;b&#097;stia&#110;.pen&#101;&#108;&#108;&#064;p&#114;&#097;&#107;&#116;i&#115;&#107;a.s&#101;<\/a>\n\t\t\t\t\t\t\t\t\t\t\t<\/p>\n\t\t\t\t\t\t\t\t\t\t\t\t\t\t\t\t\t\t\t\t\t\t\t\t\t\t\t<\/div>\n\t\t\t\t\t\t\t\n\t\t\t\t\t\t\t\t\t\t\t\t\t<\/div>\n\t\t\t\t\t\t<div class=\"c-card__media\">\n\t\t\t\t\t\t\t<img decoding=\"async\" width=\"300\" height=\"243\" src=\"https:\/\/praktiska.se\/wp-content\/uploads\/sites\/42\/2024\/01\/sebastian-penell.jpeg\" class=\"u-radius-round u-ratio-landscape\" alt=\"Personportr\u00e4tt\" sizes=\"(max-width: 300px) 100vw, 300px\" \/>\n\t\t\t\t\t\t<\/div>\n\t\t\t\t\t<\/article>\n\t\t\t\t<\/li>\n\t\t\t\t\t\t\t\t\t\t\t\n\t\t\t\t\n\t\t\t\t<li class=\"l-col-6@md l-col-4@lg \" data-filter=\"yrkeslarare\">\n\t\t\t\t\t<article class=\"c-card \" data-variant=\"neutral\">\n\t\t\t\t\t\t<div class=\"c-card__content u-text-center\">\n\t\t\t\t\t\t\t\t\t\t\t\t\t\t\t<h3 class=\"c-card__title u-font-title-3\">\n\t\t\t\t\t\t\t\t\tTobias Ekb\u00e4ck\n\t\t\t\t\t\t\t\t<\/h3>\n\t\t\t\t\t\t\t\n\t\t\t\t\t\t\t\t\t\t\t\t\t\t\t<p class=\"position u-font-body\">El och energi<\/p>\n\t\t\t\t\t\t\t\n\t\t\t\t\t\t\t\t\t\t\t\t\t\t\t<div class=\"contact-info u-font-body\">\n\t\t\t\t\t\t\t\t\t\n\t\t\t\t\t\t\t\t\t\t\t\t\t\t\t\t\t\t\t\t\t\t\t\t\t\t\t\t\t\t<p class=\"email\"><a\n\t\t\t\t\t\t\t\t\t\t\t\t\thref=\"&#109;&#097;il&#116;o&#058;&#116;&#111;bi&#097;&#115;&#046;&#101;&#107;b&#097;c&#107;&#064;&#112;&#114;ak&#116;&#105;s&#107;&#097;&#046;se\"\n\t\t\t\t\t\t\t\t\t\t\t\t\tclass=\"u-text-link\">tob&#105;as&#046;&#101;&#107;&#098;a&#099;&#107;&#064;&#112;&#114;a&#107;&#116;&#105;&#115;&#107;&#097;&#046;se<\/a>\n\t\t\t\t\t\t\t\t\t\t\t<\/p>\n\t\t\t\t\t\t\t\t\t\t\t\t\t\t\t\t\t\t\t\t\t\t\t\t\t\t\t<\/div>\n\t\t\t\t\t\t\t\n\t\t\t\t\t\t\t\t\t\t\t\t\t<\/div>\n\t\t\t\t\t\t<div class=\"c-card__media\">\n\t\t\t\t\t\t\t<img decoding=\"async\" width=\"300\" height=\"240\" src=\"https:\/\/praktiska.se\/wp-content\/uploads\/2023\/11\/kontactplaceholder.png\" class=\"u-radius-round u-ratio-landscape\" alt=\"Avatarbild\" sizes=\"(max-width: 300px) 100vw, 300px\" \/>\n\t\t\t\t\t\t<\/div>\n\t\t\t\t\t<\/article>\n\t\t\t\t<\/li>\n\t\t\t\t\t\t\t\t\t\t\t\n\t\t\t\t\n\t\t\t\t<li class=\"l-col-6@md l-col-4@lg \" data-filter=\"yrkeslarare\">\n\t\t\t\t\t<article class=\"c-card \" data-variant=\"neutral\">\n\t\t\t\t\t\t<div class=\"c-card__content u-text-center\">\n\t\t\t\t\t\t\t\t\t\t\t\t\t\t\t<h3 class=\"c-card__title u-font-title-3\">\n\t\t\t\t\t\t\t\t\tWilliam Lofjell\n\t\t\t\t\t\t\t\t<\/h3>\n\t\t\t\t\t\t\t\n\t\t\t\t\t\t\t\t\t\t\t\t\t\t\t<p class=\"position u-font-body\">Fordon och transport, personbil<\/p>\n\t\t\t\t\t\t\t\n\t\t\t\t\t\t\t\t\t\t\t\t\t\t\t<div class=\"contact-info u-font-body\">\n\t\t\t\t\t\t\t\t\t\n\t\t\t\t\t\t\t\t\t\t\t\t\t\t\t\t\t\t\t\t\t\t\t\t\t\t\t\t\t\t<p class=\"email\"><a\n\t\t\t\t\t\t\t\t\t\t\t\t\thref=\"m&#097;&#105;lto&#058;&#119;illi&#097;m.&#108;&#111;f&#106;&#101;&#108;l&#064;pr&#097;&#107;&#116;i&#115;ka.s&#101;\"\n\t\t\t\t\t\t\t\t\t\t\t\t\tclass=\"u-text-link\">&#119;&#105;l&#108;&#105;&#097;m&#046;&#108;&#111;&#102;jel&#108;&#064;&#112;r&#097;&#107;&#116;i&#115;k&#097;.s&#101;<\/a>\n\t\t\t\t\t\t\t\t\t\t\t<\/p>\n\t\t\t\t\t\t\t\t\t\t\t\t\t\t\t\t\t\t\t\t\t\t\t\t\t\t\t<\/div>\n\t\t\t\t\t\t\t\n\t\t\t\t\t\t\t\t\t\t\t\t\t<\/div>\n\t\t\t\t\t\t<div class=\"c-card__media\">\n\t\t\t\t\t\t\t<img decoding=\"async\" width=\"300\" height=\"243\" src=\"https:\/\/praktiska.se\/wp-content\/uploads\/sites\/42\/2024\/01\/william-lofjell.jpeg\" class=\"u-radius-round u-ratio-landscape\" alt=\"Personportr\u00e4tt\" sizes=\"(max-width: 300px) 100vw, 300px\" \/>\n\t\t\t\t\t\t<\/div>\n\t\t\t\t\t<\/article>\n\t\t\t\t<\/li>\n\t\t\t\t\t<\/ul>\n\n\t\t\n\t\t    <div class=\"ams-contact__more u-inline-items js-load-more-btn\">\n        <button href=\"#\"\n                class=\"c-btn\"\n                data-style=\"round\"\n                data-size=\"md\"\n                data-width=\"full-mobile\"\n                data-variant=\"outline\">\n        \tVisa mer\n        <\/button>\n    <\/div>\n\n\t\t\t<\/div>\n\n\t\t\n\n<\/section>\n\n\n\n<section id=elevhalsa\n\t\t class=\"\n\t\t ams-contact\n\t\t \n\t\t c-block l-stacked\n\t\t \n\t\t \n\t\t js-load-more\n\t\t \"\n\t\t data-color-scheme=\"white\"\n\t\t\t\t\tdata-count=\"50\"\n\t\t\t\t\t\t\tdata-count-mobile=\"2\"\n\t\t\t\t>\n\t<div\n\t\t class=\"\n\t\t l-container\n\t\t l-stack l-stack-fluid-2xl\n\t\t u-pt-fluid-3xl-6xl\n\t\t u-pb-fluid-3xl-6xl\n\t\t is-center\n\t\t is-center@md\n\t\t \">\n\t\t\t\t\t<div class=\"ams-contact__intro l-stack l-stack-lg\">\n\t\t\t\t\t\n\t<h2\n\tclass=\"c-heading u-font-title-1 \"\n\tstyle=\"\">\n\t\t\n\t\t\t\t\tElevh\u00e4lsa\n\t\t\t\t\n\t<\/h2>\n\n\t\t\t\t\t\t\t<\/div>\n\t\t\n\t\t\n\t\t    \t\n\t\t\n\t\t<ul\n\t\t\tid=\"contact-grid-6a9da39dad899\"\n\t\t\tclass=\"ams-contact__list l-grid u-gap-fluid-2xl-4xl u-justify-center js-results \"\n\t\t\taria-label=\"Kontakter\"\n\t\t\tdata-filter-animation=\"off\"\n\t\t\t>\n\t\t\t\t\t\t\t\t\t\t\t\n\t\t\t\t\n\t\t\t\t<li class=\"l-col-6@md l-col-4@lg \" data-filter=\"elevhalsa\">\n\t\t\t\t\t<article class=\"c-card \" data-variant=\"neutral\">\n\t\t\t\t\t\t<div class=\"c-card__content u-text-center\">\n\t\t\t\t\t\t\t\t\t\t\t\t\t\t\t<h3 class=\"c-card__title u-font-title-3\">\n\t\t\t\t\t\t\t\t\tHelen Johansson\n\t\t\t\t\t\t\t\t<\/h3>\n\t\t\t\t\t\t\t\n\t\t\t\t\t\t\t\t\t\t\t\t\t\t\t<p class=\"position u-font-body\">Specialpedagog<\/p>\n\t\t\t\t\t\t\t\n\t\t\t\t\t\t\t\t\t\t\t\t\t\t\t<div class=\"contact-info u-font-body\">\n\t\t\t\t\t\t\t\t\t\t\t\t\t\t\t\t\t\t\t\t\t\t\t\t\t\t\t\t\t\t<p class=\"phone\"><a\n\t\t\t\t\t\t\t\t\t\t\t\t\thref=\"tel:0720921869\"\n\t\t\t\t\t\t\t\t\t\t\t\t\tclass=\"u-text-link\">072-092 18 69<\/a>\n\t\t\t\t\t\t\t\t\t\t\t<\/p>\n\t\t\t\t\t\t\t\t\t\t\t\t\t\t\t\t\t\t\t\n\t\t\t\t\t\t\t\t\t\t\t\t\t\t\t\t\t\t\t\t\t\t\t\t\t\t\t\t\t\t<p class=\"email\"><a\n\t\t\t\t\t\t\t\t\t\t\t\t\thref=\"&#109;ailto:&#104;&#101;&#108;&#101;&#110;&#046;&#106;oh&#097;&#110;ss&#111;&#110;&#064;&#112;r&#097;k&#116;&#105;&#115;&#107;&#097;.&#115;&#101;\"\n\t\t\t\t\t\t\t\t\t\t\t\t\tclass=\"u-text-link\">&#104;e&#108;e&#110;&#046;j&#111;&#104;anss&#111;&#110;&#064;p&#114;a&#107;&#116;&#105;s&#107;&#097;.se<\/a>\n\t\t\t\t\t\t\t\t\t\t\t<\/p>\n\t\t\t\t\t\t\t\t\t\t\t\t\t\t\t\t\t\t\t\t\t\t\t\t\t\t\t<\/div>\n\t\t\t\t\t\t\t\n\t\t\t\t\t\t\t\t\t\t\t\t\t<\/div>\n\t\t\t\t\t\t<div class=\"c-card__media\">\n\t\t\t\t\t\t\t<img decoding=\"async\" width=\"300\" height=\"243\" src=\"https:\/\/praktiska.se\/wp-content\/uploads\/sites\/42\/2023\/12\/helen-johansson.jpeg\" class=\"u-radius-round u-ratio-landscape\" alt=\"Personportr\u00e4tt\" sizes=\"(max-width: 300px) 100vw, 300px\" \/>\n\t\t\t\t\t\t<\/div>\n\t\t\t\t\t<\/article>\n\t\t\t\t<\/li>\n\t\t\t\t\t\t\t\t\t\t\t\n\t\t\t\t\n\t\t\t\t<li class=\"l-col-6@md l-col-4@lg \" data-filter=\"elevhalsa\">\n\t\t\t\t\t<article class=\"c-card \" data-variant=\"neutral\">\n\t\t\t\t\t\t<div class=\"c-card__content u-text-center\">\n\t\t\t\t\t\t\t\t\t\t\t\t\t\t\t<h3 class=\"c-card__title u-font-title-3\">\n\t\t\t\t\t\t\t\t\tPeter Sj\u00f6stedt \n\t\t\t\t\t\t\t\t<\/h3>\n\t\t\t\t\t\t\t\n\t\t\t\t\t\t\t\t\t\t\t\t\t\t\t<p class=\"position u-font-body\">Kurator<\/p>\n\t\t\t\t\t\t\t\n\t\t\t\t\t\t\t\t\t\t\t\t\t\t\t<div class=\"contact-info u-font-body\">\n\t\t\t\t\t\t\t\t\t\t\t\t\t\t\t\t\t\t\t\t\t\t\t\t\t\t\t\t\t\t<p class=\"phone\"><a\n\t\t\t\t\t\t\t\t\t\t\t\t\thref=\"tel:0196017976\"\n\t\t\t\t\t\t\t\t\t\t\t\t\tclass=\"u-text-link\">019-601 79 76<\/a>\n\t\t\t\t\t\t\t\t\t\t\t<\/p>\n\t\t\t\t\t\t\t\t\t\t\t\t\t\t\t\t\t\t\t\n\t\t\t\t\t\t\t\t\t\t\t\t\t\t\t\t\t\t\t\t\t\t\t\t\t\t\t\t\t\t<p class=\"email\"><a\n\t\t\t\t\t\t\t\t\t\t\t\t\thref=\"&#109;ailt&#111;:pete&#114;.&#115;&#106;&#111;&#115;ted&#116;&#064;pr&#097;ktisk&#097;&#046;&#115;e\"\n\t\t\t\t\t\t\t\t\t\t\t\t\tclass=\"u-text-link\">&#112;&#101;&#116;er&#046;&#115;&#106;o&#115;ted&#116;&#064;p&#114;&#097;ktis&#107;a.s&#101;<\/a>\n\t\t\t\t\t\t\t\t\t\t\t<\/p>\n\t\t\t\t\t\t\t\t\t\t\t\t\t\t\t\t\t\t\t\t\t\t\t\t\t\t\t<\/div>\n\t\t\t\t\t\t\t\n\t\t\t\t\t\t\t\t\t\t\t\t\t<\/div>\n\t\t\t\t\t\t<div class=\"c-card__media\">\n\t\t\t\t\t\t\t<img decoding=\"async\" width=\"300\" height=\"243\" src=\"https:\/\/praktiska.se\/wp-content\/uploads\/sites\/42\/2023\/12\/peter-sjostedt.jpeg\" class=\"u-radius-round u-ratio-landscape\" alt=\"Personportr\u00e4tt\" sizes=\"(max-width: 300px) 100vw, 300px\" \/>\n\t\t\t\t\t\t<\/div>\n\t\t\t\t\t<\/article>\n\t\t\t\t<\/li>\n\t\t\t\t\t\t\t\t\t\t\t\n\t\t\t\t\n\t\t\t\t<li class=\"l-col-6@md l-col-4@lg \" data-filter=\"elevhalsa\">\n\t\t\t\t\t<article class=\"c-card \" data-variant=\"neutral\">\n\t\t\t\t\t\t<div class=\"c-card__content u-text-center\">\n\t\t\t\t\t\t\t\t\t\t\t\t\t\t\t<h3 class=\"c-card__title u-font-title-3\">\n\t\t\t\t\t\t\t\t\tTherese Steiner\n\t\t\t\t\t\t\t\t<\/h3>\n\t\t\t\t\t\t\t\n\t\t\t\t\t\t\t\t\t\t\t\t\t\t\t<p class=\"position u-font-body\">Skolsk\u00f6terska<\/p>\n\t\t\t\t\t\t\t\n\t\t\t\t\t\t\t\t\t\t\t\t\t\t\t<div class=\"contact-info u-font-body\">\n\t\t\t\t\t\t\t\t\t\t\t\t\t\t\t\t\t\t\t\t\t\t\t\t\t\t\t\t\t\t<p class=\"phone\"><a\n\t\t\t\t\t\t\t\t\t\t\t\t\thref=\"tel:0702147349\"\n\t\t\t\t\t\t\t\t\t\t\t\t\tclass=\"u-text-link\">070-214 73 49<\/a>\n\t\t\t\t\t\t\t\t\t\t\t<\/p>\n\t\t\t\t\t\t\t\t\t\t\t\t\t\t\t\t\t\t\t\n\t\t\t\t\t\t\t\t\t\t\t\t\t\t\t\t\t\t\t\t\t\t\t\t\t\t\t\t\t\t<p class=\"email\"><a\n\t\t\t\t\t\t\t\t\t\t\t\t\thref=\"m&#097;&#105;&#108;t&#111;&#058;th&#101;res&#101;.&#115;t&#101;ine&#114;&#064;&#112;&#114;akt&#105;&#115;&#107;a&#046;&#115;&#101;\"\n\t\t\t\t\t\t\t\t\t\t\t\t\tclass=\"u-text-link\">&#116;heres&#101;&#046;&#115;t&#101;i&#110;er&#064;prakti&#115;ka.se<\/a>\n\t\t\t\t\t\t\t\t\t\t\t<\/p>\n\t\t\t\t\t\t\t\t\t\t\t\t\t\t\t\t\t\t\t\t\t\t\t\t\t\t\t<\/div>\n\t\t\t\t\t\t\t\n\t\t\t\t\t\t\t\t\t\t\t\t\t<\/div>\n\t\t\t\t\t\t<div class=\"c-card__media\">\n\t\t\t\t\t\t\t<img decoding=\"async\" width=\"300\" height=\"243\" src=\"https:\/\/praktiska.se\/wp-content\/uploads\/sites\/42\/2023\/12\/therese-steiner.jpeg\" class=\"u-radius-round u-ratio-landscape\" alt=\"Personportr\u00e4tt\" sizes=\"(max-width: 300px) 100vw, 300px\" \/>\n\t\t\t\t\t\t<\/div>\n\t\t\t\t\t<\/article>\n\t\t\t\t<\/li>\n\t\t\t\t\t\t\t\t\t\t\t\n\t\t\t\t\n\t\t\t\t<li class=\"l-col-6@md l-col-4@lg \" data-filter=\"elevhalsa\">\n\t\t\t\t\t<article class=\"c-card \" data-variant=\"neutral\">\n\t\t\t\t\t\t<div class=\"c-card__content u-text-center\">\n\t\t\t\t\t\t\t\t\t\t\t\t\t\t\t<h3 class=\"c-card__title u-font-title-3\">\n\t\t\t\t\t\t\t\t\tLava Abdul\n\t\t\t\t\t\t\t\t<\/h3>\n\t\t\t\t\t\t\t\n\t\t\t\t\t\t\t\t\t\t\t\t\t\t\t<p class=\"position u-font-body\">Socialpedagog<\/p>\n\t\t\t\t\t\t\t\n\t\t\t\t\t\t\t\t\t\t\t\t\t\t\t<div class=\"contact-info u-font-body\">\n\t\t\t\t\t\t\t\t\t\t\t\t\t\t\t\t\t\t\t\t\t\t\t\t\t\t\t\t\t\t<p class=\"phone\"><a\n\t\t\t\t\t\t\t\t\t\t\t\t\thref=\"tel:0767820751\"\n\t\t\t\t\t\t\t\t\t\t\t\t\tclass=\"u-text-link\">076-782 07 51<\/a>\n\t\t\t\t\t\t\t\t\t\t\t<\/p>\n\t\t\t\t\t\t\t\t\t\t\t\t\t\t\t\t\t\t\t\n\t\t\t\t\t\t\t\t\t\t\t\t\t\t\t\t\t\t\t\t\t\t\t\t\t\t\t\t\t\t<p class=\"email\"><a\n\t\t\t\t\t\t\t\t\t\t\t\t\thref=\"&#109;a&#105;&#108;&#116;o&#058;lava.&#097;bdul&#064;&#112;&#114;akt&#105;&#115;&#107;&#097;&#046;s&#101;\"\n\t\t\t\t\t\t\t\t\t\t\t\t\tclass=\"u-text-link\">&#108;ava.ab&#100;ul&#064;p&#114;&#097;kt&#105;s&#107;&#097;.se<\/a>\n\t\t\t\t\t\t\t\t\t\t\t<\/p>\n\t\t\t\t\t\t\t\t\t\t\t\t\t\t\t\t\t\t\t\t\t\t\t\t\t\t\t<\/div>\n\t\t\t\t\t\t\t\n\t\t\t\t\t\t\t\t\t\t\t\t\t<\/div>\n\t\t\t\t\t\t<div class=\"c-card__media\">\n\t\t\t\t\t\t\t<img decoding=\"async\" width=\"300\" height=\"240\" src=\"https:\/\/praktiska.se\/wp-content\/uploads\/2023\/11\/kontactplaceholder.png\" class=\"u-radius-round u-ratio-landscape\" alt=\"Avatarbild\" sizes=\"(max-width: 300px) 100vw, 300px\" \/>\n\t\t\t\t\t\t<\/div>\n\t\t\t\t\t<\/article>\n\t\t\t\t<\/li>\n\t\t\t\t\t<\/ul>\n\n\t\t\n\t\t    <div class=\"ams-contact__more u-inline-items js-load-more-btn\">\n        <button href=\"#\"\n                class=\"c-btn\"\n                data-style=\"round\"\n                data-size=\"md\"\n                data-width=\"full-mobile\"\n                data-variant=\"outline\">\n        \tVisa mer\n        <\/button>\n    <\/div>\n\n\t\t\t<\/div>\n\n\t\t\n\n<\/section>\n\n\n\n<section  class=\"ams-cta ams-cta--stacked c-block l-stacked\" data-color-scheme=\"orange\">\n\t<div class=\"l-container-narrow l-stack l-stack-fluid-2xl u-pt-fluid-3xl-6xl u-pb-fluid-3xl-6xl is-center is-center@md\">\n\t\t\t\t\t<div class=\"ams-cta__intro l-stack l-stack-lg\">\n\t\t\t\t\t\n\t<h2\n\tclass=\"c-heading u-font-title-1 \"\n\tstyle=\"\">\n\t\t\n\t\t\t\t\tHar du synpunkter p\u00e5 v\u00e5r verksamhet?\n\t\t\t\t\n\t<\/h2>\n\n\t\t\t\t\t\t\t\t\t<div class=\"c-text l-stack u-cs-xl u-font-body\">\n\t\t\t\t\t\t<p><span data-sheets-root=\"1\" data-sheets-value=\"{&quot;1&quot;:2,&quot;2&quot;:&quot;Vi \u00e4r alltid intresserade av f\u00e5 veta vad som fungerar bra, men \u00e4ven det som fungerar mindre bra. Klicka dig vidare f\u00f6r att l\u00e4sa mer. &quot;}\" data-sheets-userformat=\"{&quot;2&quot;:899,&quot;3&quot;:{&quot;1&quot;:0},&quot;4&quot;:{&quot;1&quot;:2,&quot;2&quot;:14281427},&quot;10&quot;:0,&quot;11&quot;:4,&quot;12&quot;:0}\">Vi \u00e4r alltid intresserade av f\u00e5 veta vad som fungerar bra, men \u00e4ven det som fungerar mindre bra. Klicka dig vidare f\u00f6r att l\u00e4sa mer. <\/span><\/p>\n\n\t\t\t\t\t<\/div>\n\t\t\t\t\t\t\t<\/div>\n\t\t\n\t\t\n\t\t\t<div class=\"ams-cta__action u-inline-items\">\n\t\t\t\t\t\t\t\n\n\n\n<a href=\"https:\/\/praktiska.se\/vart-kvalitetsarbete\/lamna-synpunkter\/\"\n\t\n\tclass=\"c-btn \"\n\tdata-style=\"round\"\n\tdata-size=\"md\"\n\tdata-width=\"full-mobile\"\n\tdata-variant=\"default\"\n\ttarget=\"_blank\">\n\t\t\t<span class=\"label\"> L\u00e4mna synpunkter till oss<\/span>\n\t\t\t\t\t<i class=\"fa fa-external-link\" data-icon><\/i>\n\t\t\t\t<\/a>\n\t\t\t<\/div>\n\t<\/div>\n\n\t\t\n\n<\/section>\n","protected":false},"excerpt":{"rendered":"","protected":false},"author":1,"featured_media":0,"parent":0,"menu_order":0,"comment_status":"closed","ping_status":"closed","template":"archive-personal.php","meta":{"footnotes":""},"yoast_head":"<!-- This site is optimized with the Yoast SEO plugin v22.0 - https:\/\/yoast.com\/wordpress\/plugins\/seo\/ -->\n<title>Kontakta oss - Praktiska Gymnasiet \u00d6rebro<\/title>\n<meta name=\"description\" content=\"H\u00e4r hittar du kontaktuppgifter till skolans personal. H\u00e4r finns ocks\u00e5 bes\u00f6ksadress och postadress till skolan.\" \/>\n<meta name=\"robots\" content=\"index, follow, max-snippet:-1, max-image-preview:large, max-video-preview:-1\" \/>\n<link rel=\"canonical\" href=\"https:\/\/praktiska.se\/orebro\/kontakt\/\" \/>\n<meta property=\"og:locale\" content=\"sv_SE\" \/>\n<meta property=\"og:type\" content=\"article\" \/>\n<meta property=\"og:title\" content=\"Kontakta oss - Praktiska Gymnasiet \u00d6rebro\" \/>\n<meta property=\"og:description\" content=\"H\u00e4r hittar du kontaktuppgifter till skolans personal. H\u00e4r finns ocks\u00e5 bes\u00f6ksadress och postadress till skolan.\" \/>\n<meta property=\"og:url\" content=\"https:\/\/praktiska.se\/orebro\/kontakt\/\" \/>\n<meta property=\"og:site_name\" content=\"\u00d6rebro\" \/>\n<meta property=\"article:modified_time\" content=\"2025-02-17T12:19:26+00:00\" \/>\n<meta name=\"twitter:card\" content=\"summary_large_image\" \/>\n<meta name=\"twitter:title\" content=\"Kontakta oss - Praktiska Gymnasiet \u00d6rebro\" \/>\n<meta name=\"twitter:description\" content=\"H\u00e4r hittar du kontaktuppgifter till skolans personal. H\u00e4r finns ocks\u00e5 bes\u00f6ksadress och postadress till skolan.\" \/>\n<meta name=\"twitter:label1\" content=\"Est. reading time\" \/>\n\t<meta name=\"twitter:data1\" content=\"1 minut\" \/>\n<script type=\"application\/ld+json\" class=\"yoast-schema-graph\">{\"@context\":\"https:\/\/schema.org\",\"@graph\":[{\"@type\":\"WebPage\",\"@id\":\"https:\/\/praktiska.se\/orebro\/kontakt\/\",\"url\":\"https:\/\/praktiska.se\/orebro\/kontakt\/\",\"name\":\"Kontakta oss - Praktiska Gymnasiet \u00d6rebro\",\"isPartOf\":{\"@id\":\"https:\/\/praktiska.se\/orebro\/#website\"},\"datePublished\":\"2023-02-14T10:25:26+00:00\",\"dateModified\":\"2025-02-17T12:19:26+00:00\",\"description\":\"H\u00e4r hittar du kontaktuppgifter till skolans personal. H\u00e4r finns ocks\u00e5 bes\u00f6ksadress och postadress till skolan.\",\"breadcrumb\":{\"@id\":\"https:\/\/praktiska.se\/orebro\/kontakt\/#breadcrumb\"},\"inLanguage\":\"sv-SE\",\"potentialAction\":[{\"@type\":\"ReadAction\",\"target\":[\"https:\/\/praktiska.se\/orebro\/kontakt\/\"]}]},{\"@type\":\"BreadcrumbList\",\"@id\":\"https:\/\/praktiska.se\/orebro\/kontakt\/#breadcrumb\",\"itemListElement\":[{\"@type\":\"ListItem\",\"position\":1,\"name\":\"Start\",\"item\":\"https:\/\/praktiska.se\/orebro\/\"},{\"@type\":\"ListItem\",\"position\":2,\"name\":\"Kontakta oss\"}]},{\"@type\":\"WebSite\",\"@id\":\"https:\/\/praktiska.se\/orebro\/#website\",\"url\":\"https:\/\/praktiska.se\/orebro\/\",\"name\":\"\u00d6rebro\",\"description\":\"Vi utbildar framtidens arbetskraft\",\"potentialAction\":[{\"@type\":\"SearchAction\",\"target\":{\"@type\":\"EntryPoint\",\"urlTemplate\":\"https:\/\/praktiska.se\/orebro\/?s={search_term_string}\"},\"query-input\":\"required name=search_term_string\"}],\"inLanguage\":\"sv-SE\"}]}<\/script>\n<!-- \/ Yoast SEO plugin. -->","yoast_head_json":{"title":"Kontakta oss - Praktiska Gymnasiet \u00d6rebro","description":"H\u00e4r hittar du kontaktuppgifter till skolans personal. H\u00e4r finns ocks\u00e5 bes\u00f6ksadress och postadress till skolan.","robots":{"index":"index","follow":"follow","max-snippet":"max-snippet:-1","max-image-preview":"max-image-preview:large","max-video-preview":"max-video-preview:-1"},"canonical":"https:\/\/praktiska.se\/orebro\/kontakt\/","og_locale":"sv_SE","og_type":"article","og_title":"Kontakta oss - Praktiska Gymnasiet \u00d6rebro","og_description":"H\u00e4r hittar du kontaktuppgifter till skolans personal. H\u00e4r finns ocks\u00e5 bes\u00f6ksadress och postadress till skolan.","og_url":"https:\/\/praktiska.se\/orebro\/kontakt\/","og_site_name":"\u00d6rebro","article_modified_time":"2025-02-17T12:19:26+00:00","twitter_card":"summary_large_image","twitter_title":"Kontakta oss - Praktiska Gymnasiet \u00d6rebro","twitter_description":"H\u00e4r hittar du kontaktuppgifter till skolans personal. H\u00e4r finns ocks\u00e5 bes\u00f6ksadress och postadress till skolan.","twitter_misc":{"Est. reading time":"1 minut"},"schema":{"@context":"https:\/\/schema.org","@graph":[{"@type":"WebPage","@id":"https:\/\/praktiska.se\/orebro\/kontakt\/","url":"https:\/\/praktiska.se\/orebro\/kontakt\/","name":"Kontakta oss - Praktiska Gymnasiet \u00d6rebro","isPartOf":{"@id":"https:\/\/praktiska.se\/orebro\/#website"},"datePublished":"2023-02-14T10:25:26+00:00","dateModified":"2025-02-17T12:19:26+00:00","description":"H\u00e4r hittar du kontaktuppgifter till skolans personal. H\u00e4r finns ocks\u00e5 bes\u00f6ksadress och postadress till skolan.","breadcrumb":{"@id":"https:\/\/praktiska.se\/orebro\/kontakt\/#breadcrumb"},"inLanguage":"sv-SE","potentialAction":[{"@type":"ReadAction","target":["https:\/\/praktiska.se\/orebro\/kontakt\/"]}]},{"@type":"BreadcrumbList","@id":"https:\/\/praktiska.se\/orebro\/kontakt\/#breadcrumb","itemListElement":[{"@type":"ListItem","position":1,"name":"Start","item":"https:\/\/praktiska.se\/orebro\/"},{"@type":"ListItem","position":2,"name":"Kontakta oss"}]},{"@type":"WebSite","@id":"https:\/\/praktiska.se\/orebro\/#website","url":"https:\/\/praktiska.se\/orebro\/","name":"\u00d6rebro","description":"Vi utbildar framtidens arbetskraft","potentialAction":[{"@type":"SearchAction","target":{"@type":"EntryPoint","urlTemplate":"https:\/\/praktiska.se\/orebro\/?s={search_term_string}"},"query-input":"required name=search_term_string"}],"inLanguage":"sv-SE"}]}},"_links":{"self":[{"href":"https:\/\/praktiska.se\/orebro\/wp-json\/wp\/v2\/pages\/94"}],"collection":[{"href":"https:\/\/praktiska.se\/orebro\/wp-json\/wp\/v2\/pages"}],"about":[{"href":"https:\/\/praktiska.se\/orebro\/wp-json\/wp\/v2\/types\/page"}],"author":[{"embeddable":true,"href":"https:\/\/praktiska.se\/orebro\/wp-json\/wp\/v2\/users\/1"}],"replies":[{"embeddable":true,"href":"https:\/\/praktiska.se\/orebro\/wp-json\/wp\/v2\/comments?post=94"}],"version-history":[{"count":10,"href":"https:\/\/praktiska.se\/orebro\/wp-json\/wp\/v2\/pages\/94\/revisions"}],"predecessor-version":[{"id":3084,"href":"https:\/\/praktiska.se\/orebro\/wp-json\/wp\/v2\/pages\/94\/revisions\/3084"}],"wp:attachment":[{"href":"https:\/\/praktiska.se\/orebro\/wp-json\/wp\/v2\/media?parent=94"}],"curies":[{"name":"wp","href":"https:\/\/api.w.org\/{rel}","templated":true}]}}