{"id":412,"date":"2023-03-03T15:28:56","date_gmt":"2023-03-03T14:28:56","guid":{"rendered":"https:\/\/praktiska.se\/marsta\/?page_id=412"},"modified":"2026-04-17T09:56:27","modified_gmt":"2026-04-17T07:56:27","slug":"om-praktiska","status":"publish","type":"page","link":"https:\/\/praktiska.se\/marsta\/om-praktiska\/","title":{"rendered":"Om Praktiska"},"content":{"rendered":"\n\t\n\t\n\t\n\t\n\t\n\n<section \n\tclass=\"ams-hero ams-hero--classic ams-hero--75 c-block l-stacked  \"\n\tdata-color-scheme=\"hero\"\n\tstyle=\"\">\n\t<div class=\"ams-hero__container u-items-start u-justify-center\">\n\t\t<div\n\t\t\tclass=\"ams-hero__content l-stack l-stack-xl is-left is-left@md\" >\n\t\t\t<div class=\"l-stack l-stack-lg\">\n\t\t\t\t\t\n\t<h1\n\tclass=\"c-heading u-font-huge \"\n\tstyle=\"\">\n\t\t\n\t\t\t\t\t\t\t\t\t<span class=\"c-heading__sub is-above u-font-title-3\">\n\t\t\t\t\tAllt du beh\u00f6ver veta\n\t\t\t\t<\/span>\n\t\t\t\tOm Praktiska M\u00e4rsta \n\t\t\t\t\t\t\t\n\t<\/h1>\n\n\t\t\t\t\t\t\t\t\t<div class=\"text l-stack u-font-body\">\n\t\t\t\t\t\t<p><span data-sheets-root=\"1\" data-sheets-value=\"{&quot;1&quot;:2,&quot;2&quot;:&quot;Praktiska Gymnasiet M\u00e4rsta ligger p\u00e5 \u00d6stra Bangatan 4 intill gymmet \u201cTr\u00e4na mer\u201d - vilka vi samarbetar med. Vi brukar s\u00e4ga att vi \u00e4r den lilla skolan med stor gemenskap. Hos oss kan du k\u00e4nna dig trygg, d\u00e5 v\u00e5ra dedikerade l\u00e4rare verkligen bryr sig om varje elev och ser till att du n\u00e5r din fulla potential.&quot;}\" data-sheets-userformat=\"{&quot;2&quot;:5025,&quot;3&quot;:{&quot;1&quot;:0},&quot;8&quot;:{&quot;1&quot;:[{&quot;1&quot;:2,&quot;2&quot;:0,&quot;5&quot;:{&quot;1&quot;:2,&quot;2&quot;:0}},{&quot;1&quot;:0,&quot;2&quot;:0,&quot;3&quot;:3},{&quot;1&quot;:1,&quot;2&quot;:0,&quot;4&quot;:1}]},&quot;10&quot;:0,&quot;11&quot;:4,&quot;12&quot;:0,&quot;15&quot;:&quot;Helvetica Neue&quot;}\">Praktiska Gymnasiet M\u00e4rsta ligger p\u00e5 \u00d6stra Bangatan 4 intill gymmet \u201cTr\u00e4na mer\u201d &#8211; vilka vi samarbetar med. Vi brukar s\u00e4ga att vi \u00e4r den lilla skolan med stor gemenskap. Hos oss kan du k\u00e4nna dig trygg, d\u00e5 v\u00e5ra dedikerade l\u00e4rare verkligen bryr sig om varje elev och ser till att du n\u00e5r din fulla potential.<\/span><\/p>\n\n\t\t\t\t\t<\/div>\n\t\t\t\t\t\t\t<\/div>\n\n\t\t\t\t<div class=\"ams-hero__action u-inline-items\">\n\t\t\t\t\t\t\t\n\n\n<a href=\"https:\/\/praktiska.se\/marsta\/program\/\"\n\t\n\tclass=\"c-btn \"\n\tdata-style=\"round\"\n\tdata-size=\"md\"\n\tdata-width=\"full-mobile\"\n\tdata-variant=\"default\"\n\ttarget=\"_self\">\n\t\t\t<span class=\"label\"> Alla v\u00e5ra program<\/span>\n\t\t\t<\/a>\n\t\t\t\t\t\t\t\n\n\n<a href=\"https:\/\/praktiska.se\/marsta\/oppet-hus\/\"\n\t\n\tclass=\"c-btn \"\n\tdata-style=\"round\"\n\tdata-size=\"md\"\n\tdata-width=\"full-mobile\"\n\tdata-variant=\"outline\"\n\ttarget=\"_self\">\n\t\t\t<span class=\"label\"> Kom p\u00e5 \u00f6ppet hus<\/span>\n\t\t\t<\/a>\n\t\t\t<\/div>\n\t\t<\/div>\n\t<\/div>\n\n\t\n\t\t\t\n\t\t\t\t\t\t\t\n\t\t\t\t<div class=\"c-bg c-bg--img\" data-settings=\"{&quot;desktop_settings&quot;:{&quot;size&quot;:&quot;cover&quot;,&quot;position&quot;:&quot;middle-center&quot;},&quot;mobile_settings&quot;:{&quot;size&quot;:&quot;cover&quot;,&quot;position&quot;:&quot;middle-center&quot;}}\" data-position=\"middle-center\" data-size=\"cover\">\n\t\t\t<img decoding=\"async\" width=\"853\" height=\"725\" src=\"https:\/\/praktiska.se\/wp-content\/uploads\/sites\/25\/2024\/06\/praktiskamarsta240419-2904193-stor-e1719306833513.jpeg\" class=\"attachment-xxl size-xxl\" alt=\"Tre elever p\u00e5 Praktiska vid en byggst\u00e4llning.\" sizes=\"(max-width: 853px) 100vw, 853px\" srcset=\"https:\/\/praktiska.se\/wp-content\/uploads\/sites\/25\/2024\/06\/praktiskamarsta240419-2904193-stor-e1719306833513.jpeg 853w, https:\/\/praktiska.se\/wp-content\/uploads\/sites\/25\/2024\/06\/praktiskamarsta240419-2904193-stor-e1719306833513-300x255.jpeg 300w, https:\/\/praktiska.se\/wp-content\/uploads\/sites\/25\/2024\/06\/praktiskamarsta240419-2904193-stor-e1719306833513-400x340.jpeg 400w, https:\/\/praktiska.se\/wp-content\/uploads\/sites\/25\/2024\/06\/praktiskamarsta240419-2904193-stor-e1719306833513-600x510.jpeg 600w, https:\/\/praktiska.se\/wp-content\/uploads\/sites\/25\/2024\/06\/praktiskamarsta240419-2904193-stor-e1719306833513-800x680.jpeg 800w\" \/>\n\t\t<\/div>\n\t\n\t<div class=\"c-overlay\" style=\"--overlay-bg: rgba(40,40,40,0.6);\"><\/div>\n<\/section>\n\n\n\n\n<section  class=\"ams-usp c-block l-stacked\" data-color-scheme=\"white\">\n\t<div class=\"l-container l-stack l-stack-fluid-2xl u-pt-fluid-3xl-6xl u-pb-fluid-3xl-6xl is-center is-center@md\">\n\t\t\t\t\t<div class=\"ams-usp__intro l-stack l-stack-lg\">\n\t\t\t\t\t\n\t<h2\n\tclass=\"c-heading u-font-title-1 \"\n\tstyle=\"\">\n\t\t\n\t\t\t\t\tSom elev hos oss f\u00e5r du\n\t\t\t\t\n\t<\/h2>\n\n\t\t\t\t\t\t\t<\/div>\n\t\t\n\t\t\t<ul class=\"ams-usp__list l-grid u-justify-center u-gap-fluid-2xl-4xl\">\n\t\t\t\t\t<li class=\"l-col-6@md l-col-4@lg\">\n\t\t\t\t<article\n\t\t\t\t\tclass=\"\n\t\t\t\t\tc-card\n\t\t\t\t\thas-media-zoom\n\t\t\t\t\t\n\t\t\t\t\t\n\t\t\t\t\t\"\n\t\t\t\t\tdata-variant=\"neutral\"\n\t\t\t\t\tdata-style=\"square\"\n\t\t\t\t\t\n\t\t\t\t\t>\n\t\t\t\t\t\t\t\t\t\t\t<div class=\"c-card__content l-stack l-stack-sm u-text-center\">\n\t\t\t\t\t\t\t\t\t\t\t\t\t\t\t<h3 class=\"c-card__title u-font-title-3\">\n\t\t\t\t\t\t\t\t\t\t\t\t\t\t\t\t\t\t\t\t\t\t\t\t\t\t\t\t\t\tGrundl\u00e4ggande h\u00f6gskolebeh\u00f6righet\n\t\t\t\t\t\t\t\t\t\t\t\t\t\t\t\t\t\t\t\t\t\t\t\t\t\t\t<\/h3>\n\t\t\t\t\t\t\t\n\t\t\t\t\t\t\t\t\t\t\t\t\t\t\t<div class=\"c-card__text l-stack-xs u-font-body\">\n\t\t\t\t\t\t\t\t\t<p><span data-sheets-root=\"1\" data-sheets-value=\"{&quot;1&quot;:2,&quot;2&quot;:&quot;Hos oss kan du ta studenten med b\u00e5de en yrkesexamen och grundl\u00e4ggande h\u00f6gskolebeh\u00f6righet. Beh\u00f6righeten g\u00e5r att v\u00e4lja bort om du bara vill fokusera p\u00e5 dina yrkeskurser.&quot;}\" data-sheets-userformat=\"{&quot;2&quot;:4993,&quot;3&quot;:{&quot;1&quot;:0},&quot;10&quot;:0,&quot;11&quot;:4,&quot;12&quot;:0,&quot;15&quot;:&quot;Helvetica Neue&quot;}\">Hos oss kan du ta studenten med b\u00e5de en yrkesexamen och grundl\u00e4ggande h\u00f6gskolebeh\u00f6righet. Beh\u00f6righeten g\u00e5r att v\u00e4lja bort om du bara vill fokusera p\u00e5 dina yrkeskurser.<\/span><\/p>\n\n\t\t\t\t\t\t\t\t<\/div>\n\t\t\t\t\t\t\t\t\t\t\t\t\t<\/div>\n\t\t\t\t\t\n\t\t\t\t\t<div class=\"c-card__media\">\n\t\t\t\t\t\t\t\t\t\t\t\t\t<img decoding=\"async\" src=\"https:\/\/praktiska.se\/wp-content\/uploads\/2023\/11\/praktiskaikoneruspar142x142pxmojlighettillhogskolebehorighet.svg\" class=\" u-ratio-landscape  ams_icon_size_usp\" alt=\"Icon som f\u00f6rest\u00e4ller en skola\" height=\"142\" width=\"142\" \/>\n\t\t\t\t\t\t\t\t\t\t\t<\/div>\n\t\t\t\t<\/article>\n\t\t\t<\/li>\n\n\t\t\t\t\t<li class=\"l-col-6@md l-col-4@lg\">\n\t\t\t\t<article\n\t\t\t\t\tclass=\"\n\t\t\t\t\tc-card\n\t\t\t\t\thas-media-zoom\n\t\t\t\t\t\n\t\t\t\t\t\n\t\t\t\t\t\"\n\t\t\t\t\tdata-variant=\"neutral\"\n\t\t\t\t\tdata-style=\"square\"\n\t\t\t\t\t\n\t\t\t\t\t>\n\t\t\t\t\t\t\t\t\t\t\t<div class=\"c-card__content l-stack l-stack-sm u-text-center\">\n\t\t\t\t\t\t\t\t\t\t\t\t\t\t\t<h3 class=\"c-card__title u-font-title-3\">\n\t\t\t\t\t\t\t\t\t\t\t\t\t\t\t\t\t\t\t\t\t\t\t\t\t\t\t\t\t\tPraktik (apl) &#038; L\u00e4rling  \n\t\t\t\t\t\t\t\t\t\t\t\t\t\t\t\t\t\t\t\t\t\t\t\t\t\t\t<\/h3>\n\t\t\t\t\t\t\t\n\t\t\t\t\t\t\t\t\t\t\t\t\t\t\t<div class=\"c-card__text l-stack-xs u-font-body\">\n\t\t\t\t\t\t\t\t\t<p>Hos oss l\u00e4ser du som l\u00e4rling. Det inneb\u00e4r att du kommer att vara ute p\u00e5 apl (arbetsplatsf\u00f6rlagt l\u00e4rande) mer \u00e4n 50 % av din skoltid, r\u00e4knat fr\u00e5n det l\u00e4s\u00e5r du blir l\u00e4rling.<\/p>\n\n\t\t\t\t\t\t\t\t<\/div>\n\t\t\t\t\t\t\t\t\t\t\t\t\t<\/div>\n\t\t\t\t\t\n\t\t\t\t\t<div class=\"c-card__media\">\n\t\t\t\t\t\t\t\t\t\t\t\t\t<img decoding=\"async\" src=\"https:\/\/praktiska.se\/wp-content\/uploads\/2023\/11\/praktiskaikoneruspar142x142pxlarling.svg\" class=\" u-ratio-landscape  ams_icon_size_usp\" alt=\"Icon som f\u00f6rest\u00e4ller tv\u00e5 personer.\" height=\"142\" width=\"142\" \/>\n\t\t\t\t\t\t\t\t\t\t\t<\/div>\n\t\t\t\t<\/article>\n\t\t\t<\/li>\n\n\t\t\t\t\t<li class=\"l-col-6@md l-col-4@lg\">\n\t\t\t\t<article\n\t\t\t\t\tclass=\"\n\t\t\t\t\tc-card\n\t\t\t\t\thas-media-zoom\n\t\t\t\t\t\n\t\t\t\t\t\n\t\t\t\t\t\"\n\t\t\t\t\tdata-variant=\"neutral\"\n\t\t\t\t\tdata-style=\"square\"\n\t\t\t\t\t\n\t\t\t\t\t>\n\t\t\t\t\t\t\t\t\t\t\t<div class=\"c-card__content l-stack l-stack-sm u-text-center\">\n\t\t\t\t\t\t\t\t\t\t\t\t\t\t\t<h3 class=\"c-card__title u-font-title-3\">\n\t\t\t\t\t\t\t\t\t\t\t\t\t\t\t\t\t\t\t\t\t\t\t\t\t\t\t\t\t\tUF-f\u00f6retag\n\t\t\t\t\t\t\t\t\t\t\t\t\t\t\t\t\t\t\t\t\t\t\t\t\t\t\t<\/h3>\n\t\t\t\t\t\t\t\n\t\t\t\t\t\t\t\t\t\t\t\t\t\t\t<div class=\"c-card__text l-stack-xs u-font-body\">\n\t\t\t\t\t\t\t\t\t<p><span data-sheets-root=\"1\" data-sheets-value=\"{&quot;1&quot;:2,&quot;2&quot;:&quot;M\u00e5nga av v\u00e5ra utbildningar ger dig m\u00f6jlighet att starta eget f\u00f6retag efter studenten. Hos oss l\u00e4ser d\u00e4rf\u00f6r alla elever entrepren\u00f6rskap och startar egna UF-f\u00f6retag.&quot;}\" data-sheets-userformat=\"{&quot;2&quot;:4993,&quot;3&quot;:{&quot;1&quot;:0},&quot;10&quot;:0,&quot;11&quot;:4,&quot;12&quot;:0,&quot;15&quot;:&quot;Helvetica Neue&quot;}\">M\u00e5nga av v\u00e5ra utbildningar ger dig m\u00f6jlighet att starta eget f\u00f6retag efter studenten. Hos oss l\u00e4ser d\u00e4rf\u00f6r alla elever entrepren\u00f6rskap och startar egna UF-f\u00f6retag.<\/span><\/p>\n\n\t\t\t\t\t\t\t\t<\/div>\n\t\t\t\t\t\t\t\t\t\t\t\t\t<\/div>\n\t\t\t\t\t\n\t\t\t\t\t<div class=\"c-card__media\">\n\t\t\t\t\t\t\t\t\t\t\t\t\t<img decoding=\"async\" src=\"https:\/\/praktiska.se\/wp-content\/uploads\/2023\/11\/praktiskaikoneruspar142x142pxufforetag.svg\" class=\" u-ratio-landscape  ams_icon_size_usp\" alt=\"Icon som f\u00f6rest\u00e4ller ett papper.\" height=\"142\" width=\"142\" \/>\n\t\t\t\t\t\t\t\t\t\t\t<\/div>\n\t\t\t\t<\/article>\n\t\t\t<\/li>\n\n\t\t\t<\/ul>\n\n\t\t\t<\/div>\n\n\t\t\n\n<\/section>\n\n\n\n\n<section  class=\"ams-cta ams-cta--stacked c-block l-stacked\" data-color-scheme=\"gray\">\n\t<div class=\"l-container-narrow l-stack l-stack-fluid-2xl u-pt-fluid-3xl-6xl u-pb-fluid-3xl-6xl is-center is-center@md\">\n\t\t\t\t\t<div class=\"ams-cta__intro l-stack l-stack-lg\">\n\t\t\t\t\t\n\t<h2\n\tclass=\"c-heading u-font-title-1 \"\n\tstyle=\"\">\n\t\t\n\t\t\t\t\tV\u00e5ra program\n\t\t\t\t\n\t<\/h2>\n\n\t\t\t\t\t\t\t\t\t<div class=\"c-text l-stack u-cs-xl u-font-body\">\n\t\t\t\t\t\t<p><span data-sheets-root=\"1\" data-sheets-value=\"{&quot;1&quot;:2,&quot;2&quot;:&quot;P\u00e5 Praktiska Gymnasiet ORT erbjuder vi yrkesprogram som f\u00f6rbereder dig f\u00f6r arbetslivet direkt efter studenten. Kolla in alla v\u00e5ra program och se om du hittar ditt dr\u00f6myrke hos oss! &quot;}\" data-sheets-userformat=\"{&quot;2&quot;:4995,&quot;3&quot;:{&quot;1&quot;:0},&quot;4&quot;:{&quot;1&quot;:2,&quot;2&quot;:10797812},&quot;10&quot;:2,&quot;11&quot;:4,&quot;12&quot;:0,&quot;15&quot;:&quot;Helvetica Neue&quot;}\" data-sheets-textstyleruns=\"{&quot;1&quot;:0}\uee10{&quot;1&quot;:23,&quot;2&quot;:{&quot;5&quot;:1}}\uee10{&quot;1&quot;:27}\">P\u00e5 Praktiska Gymnasiet M\u00e4rsta erbjuder vi yrkesprogram som f\u00f6rbereder dig f\u00f6r arbetslivet direkt efter studenten. Kolla in alla v\u00e5ra program och se om du hittar ditt dr\u00f6myrke hos oss! <\/span><\/p>\n\n\t\t\t\t\t<\/div>\n\t\t\t\t\t\t\t<\/div>\n\t\t\n\t\t\n\t\t\t<div class=\"ams-cta__action u-inline-items\">\n\t\t\t\t\t\t\t\n\n\n<a href=\"https:\/\/praktiska.se\/marsta\/program\/\"\n\t\n\tclass=\"c-btn \"\n\tdata-style=\"round\"\n\tdata-size=\"md\"\n\tdata-width=\"full-mobile\"\n\tdata-variant=\"default\"\n\ttarget=\"_self\">\n\t\t\t<span class=\"label\"> Alla v\u00e5ra program<\/span>\n\t\t\t<\/a>\n\t\t\t<\/div>\n\t<\/div>\n\n\t\t\n\n<\/section>\n\n\n\n\n<section  class=\"ams-quote c-block l-stacked\" data-color-scheme=\"orange\">\n\t<div class=\"l-container l-stack l-stack-fluid-2xl u-pt-fluid-3xl-6xl u-pb-fluid-3xl-6xl is-center is-center@md\">\n\t\t\n\t\t\t\t\t<ul class=\"ams-quote__list l-grid u-gap-fluid-2xl-4xl u-justify-center\"\n\taria-label=\"Citat\">\n\t\t\t<li class=\"l-col-12@md\">\n\t\t\t<article class=\"c-card\" data-variant=\"neutral\" >\n\t\t\t\t<div class=\"c-card__content l-stack u-text-center\">\n\t\t\t\t\t\t\t\t\t\t\t<blockquote class=\"c-card__title u-font-title-1\">\n\t\t\t\t\t\t\t\t\t\t\t\t\t\t\t<p class=\"u-quote-marks\">V\u00e5r skola har en stark gemenskap och det spelar ingen roll vem du \u00e4r, h\u00e4r \u00e4r vi alla ett p\u00e5 Praktiska Gymnasiet M\u00e4rsta<\/p>\n\t\t\t\t\t\t\t\t\t\t\t\t\t<\/blockquote>\n\t\t\t\t\t\n\t\t\t\t\t\t\t\t\t\t\t<p class=\"c-card__text\">\n\t\t\t\t\t\t\t<span class=\"author u-font-body\">Mikaela<\/span>\n\t\t\t\t\t\t\t<span class=\"title u-font-body\">Elev, Praktiska Gymnasiet M\u00e4rsta<\/span>\n\t\t\t\t\t\t<\/p>\n\t\t\t\t\t\t\t\t\t<\/div>\n\n\t\t\t\t\t\t\t<\/article>\n\t\t<\/li>\n\t<\/ul>\n\t\n\t\t\t<\/div>\n\n\t\t\n\n<\/section>\n\n\n\n\n\n<section  class=\"ams-faq ams_event_module c-block l-stacked js-load-more\" data-color-scheme=\"faq-white\" data-count=\"5\" data-count-mobile=\"5\">\n\t<div class=\"l-container-narrow l-stack l-stack-fluid-2xl u-pt-fluid-3xl-6xl u-pb-fluid-md-xl is-center is-center@md\">\n\t\t\t\t\t<div class=\"ams-faq__intro l-stack l-stack-lg\">\n\t\t\t\t\t\n\t<h2\n\tclass=\"c-heading u-font-title-1 \"\n\tstyle=\"\">\n\t\t\n\t\t\t\t\tVanliga fr\u00e5gor\n\t\t\t\t\n\t<\/h2>\n\n\t\t\t\t\t\t\t\t\t<div class=\"c-text l-stack u-cs-xl u-font-body\">\n\t\t\t\t\t\t<p><span data-sheets-root=\"1\" data-sheets-value=\"{&quot;1&quot;:2,&quot;2&quot;:&quot;H\u00e4r har vi samlat svaren p\u00e5 de vanligaste fr\u00e5gorna som handlar om APL och att l\u00e4sa som l\u00e4rling&quot;}\" data-sheets-userformat=\"{&quot;2&quot;:5041,&quot;3&quot;:{&quot;1&quot;:0},&quot;7&quot;:{&quot;1&quot;:[{&quot;1&quot;:2,&quot;2&quot;:0,&quot;5&quot;:{&quot;1&quot;:2,&quot;2&quot;:0}},{&quot;1&quot;:0,&quot;2&quot;:0,&quot;3&quot;:3},{&quot;1&quot;:1,&quot;2&quot;:0,&quot;4&quot;:1}]},&quot;8&quot;:{&quot;1&quot;:[{&quot;1&quot;:2,&quot;2&quot;:0,&quot;5&quot;:{&quot;1&quot;:2,&quot;2&quot;:0}},{&quot;1&quot;:0,&quot;2&quot;:0,&quot;3&quot;:3},{&quot;1&quot;:1,&quot;2&quot;:0,&quot;4&quot;:1}]},&quot;10&quot;:0,&quot;11&quot;:4,&quot;12&quot;:0,&quot;15&quot;:&quot;Arial&quot;}\">H\u00e4r har vi samlat svaren p\u00e5 de vanligaste fr\u00e5gorna om v\u00e5r skola.\u00a0<\/span><\/p>\n\n\t\t\t\t\t<\/div>\n\t\t\t\t\t\t\t<\/div>\n\t\t\n\t\t\n\t\n\t    \n\t\n\t<ul\n\t\tid=\"ams-faq-list-69efb728e4e35\"\n\t\tclass=\"ams-faq__ac ams-accordion_module c-accordion js-results \"\n\t\taria-label=\"Vanliga fr\u00e5gor\"\n\t\tdata-variant=\"border-between\"\n\t\tdata-ajax-action=\"log_faq_view\"\n\t\tdata-ajax-url=\"https:\/\/praktiska.se\/marsta\/wp-admin\/admin-ajax.php\"\n\t\tdata-ajax-nonce=\"0f8ea0c0a6\"\n\t\tdata-filter-animation=\"off\">\n\n\t\t\n\t\t\t\t\t\t\t\t\t\t\t\t\t\t\t\n\t\t\t\n\t\t\t<li data-ajax-id=\"3197\" class=\"c-accordion__item \"\n\t\t\tdata-filter=\"om-praktiska april-2026\"\n\t\t\t>\n\t\t\t\t<h3 class=\"c-accordion__header\">\n\t\t\t\t\t\t\t\t\t\t<button class=\"c-accordion__trigger u-py-sm u-px-fluid-md-xl u-font-title-4\">\n\t\t\t\t\t\t<span>\u00c4r ni branschcertifierade?<\/span>\n\t\t\t\t\t\t<svg class=\"ams-icon ams-icon__arrow-down\" width=\"24\" height=\"24\" viewbox=\"0 0 24 24\" fill=\"currentColor\" aria-hidden=\"true\" xmlns=\"http:\/\/www.w3.org\/2000\/svg\">\n\t\t\t\t\t\t\t\t\t\t\t\t\t<path d=\"m11.2033 18.4294-10.872894-10.67584c-.440539-.42594-.440539-1.1147 0-1.54065l.665495-.64345c.440539-.42595 1.152899-.42595 1.593439 0l9.41066 9.27114 9.4107-9.26207c.4405-.42595 1.1529-.42595 1.5934 0l.6655.64345c.4405.42594.4405 1.1147 0 1.54065l-10.8729 10.67587c-.4405.4168-1.1529.4168-1.5934-.0091z\"\/>\n\t\t\t\t\t\n\t\t\t\t\t\t<\/svg>\n\t\t\t\t\t<\/button>\n\t\t\t\t<\/h3>\n\t\t\t\t<div class=\"c-accordion__body l-stack u-font-body\">\n\t\t\t\t\t<div class=\"c-accordion__body__inner u-p-fluid-md-xl l-stack\">\n\t\t\t\t\t\t<p>Ja, vi \u00e4r certifierade inom ETGcollege.<\/p>\n\n\t\t\t\t\t<\/div>\n\t\t\t\t<\/div>\n\t\t\t<\/li>\n\t\t\n\t\t\t\t\t\t\t\t\t\t\t\t\t\t\t\n\t\t\t\n\t\t\t<li data-ajax-id=\"2942\" class=\"c-accordion__item \"\n\t\t\tdata-filter=\"om-praktiska augusti-2024\"\n\t\t\t>\n\t\t\t\t<h3 class=\"c-accordion__header\">\n\t\t\t\t\t\t\t\t\t\t<button class=\"c-accordion__trigger u-py-sm u-px-fluid-md-xl u-font-title-4\">\n\t\t\t\t\t\t<span>Var har man idrott?<\/span>\n\t\t\t\t\t\t<svg class=\"ams-icon ams-icon__arrow-down\" width=\"24\" height=\"24\" viewbox=\"0 0 24 24\" fill=\"currentColor\" aria-hidden=\"true\" xmlns=\"http:\/\/www.w3.org\/2000\/svg\">\n\t\t\t\t\t\t\t\t\t\t\t\t\t<path d=\"m11.2033 18.4294-10.872894-10.67584c-.440539-.42594-.440539-1.1147 0-1.54065l.665495-.64345c.440539-.42595 1.152899-.42595 1.593439 0l9.41066 9.27114 9.4107-9.26207c.4405-.42595 1.1529-.42595 1.5934 0l.6655.64345c.4405.42594.4405 1.1147 0 1.54065l-10.8729 10.67587c-.4405.4168-1.1529.4168-1.5934-.0091z\"\/>\n\t\t\t\t\t\n\t\t\t\t\t\t<\/svg>\n\t\t\t\t\t<\/button>\n\t\t\t\t<\/h3>\n\t\t\t\t<div class=\"c-accordion__body l-stack u-font-body\">\n\t\t\t\t\t<div class=\"c-accordion__body__inner u-p-fluid-md-xl l-stack\">\n\t\t\t\t\t\t<p>V\u00e5ra elever har sina inomhuslektioner p\u00e5 gymmet Tr\u00e4na mer och lektionerna utomhus har vi i n\u00e4romr\u00e5det p\u00e5 skolan.<\/p>\n\n\t\t\t\t\t<\/div>\n\t\t\t\t<\/div>\n\t\t\t<\/li>\n\t\t\n\t\t\t\t\t\t\t\t\t\t\t\t\t\t\t\n\t\t\t\n\t\t\t<li data-ajax-id=\"2695\" class=\"c-accordion__item \"\n\t\t\tdata-filter=\"om-praktiska december-2023\"\n\t\t\t>\n\t\t\t\t<h3 class=\"c-accordion__header\">\n\t\t\t\t\t\t\t\t\t\t<button class=\"c-accordion__trigger u-py-sm u-px-fluid-md-xl u-font-title-4\">\n\t\t\t\t\t\t<span>Var \u00e4ter man lunch p\u00e5 skolan? <\/span>\n\t\t\t\t\t\t<svg class=\"ams-icon ams-icon__arrow-down\" width=\"24\" height=\"24\" viewbox=\"0 0 24 24\" fill=\"currentColor\" aria-hidden=\"true\" xmlns=\"http:\/\/www.w3.org\/2000\/svg\">\n\t\t\t\t\t\t\t\t\t\t\t\t\t<path d=\"m11.2033 18.4294-10.872894-10.67584c-.440539-.42594-.440539-1.1147 0-1.54065l.665495-.64345c.440539-.42595 1.152899-.42595 1.593439 0l9.41066 9.27114 9.4107-9.26207c.4405-.42595 1.1529-.42595 1.5934 0l.6655.64345c.4405.42594.4405 1.1147 0 1.54065l-10.8729 10.67587c-.4405.4168-1.1529.4168-1.5934-.0091z\"\/>\n\t\t\t\t\t\n\t\t\t\t\t\t<\/svg>\n\t\t\t\t\t<\/button>\n\t\t\t\t<\/h3>\n\t\t\t\t<div class=\"c-accordion__body l-stack u-font-body\">\n\t\t\t\t\t<div class=\"c-accordion__body__inner u-p-fluid-md-xl l-stack\">\n\t\t\t\t\t\t<p><span data-sheets-root=\"1\" data-sheets-value=\"{&quot;1&quot;:2,&quot;2&quot;:&quot;Hos oss \u00e4ter eleverna lunch i v\u00e5r nyrenoverade matsal p\u00e5 skolan. &quot;}\" data-sheets-userformat=\"{&quot;2&quot;:4993,&quot;3&quot;:{&quot;1&quot;:0},&quot;10&quot;:0,&quot;11&quot;:4,&quot;12&quot;:0,&quot;15&quot;:&quot;Helvetica Neue&quot;}\">Hos oss \u00e4ter eleverna lunch i v\u00e5r nyrenoverade matsal p\u00e5 skolan. <\/span><\/p>\n\n\t\t\t\t\t<\/div>\n\t\t\t\t<\/div>\n\t\t\t<\/li>\n\t\t\n\t\t\t\t\t\t\t\t\t\t\t\t\t\t\t\n\t\t\t\n\t\t\t<li data-ajax-id=\"2694\" class=\"c-accordion__item \"\n\t\t\tdata-filter=\"om-praktiska december-2023\"\n\t\t\t>\n\t\t\t\t<h3 class=\"c-accordion__header\">\n\t\t\t\t\t\t\t\t\t\t<button class=\"c-accordion__trigger u-py-sm u-px-fluid-md-xl u-font-title-4\">\n\t\t\t\t\t\t<span>Vilken \u00e4r n\u00e4rmaste h\u00e5llplats till skolan? <\/span>\n\t\t\t\t\t\t<svg class=\"ams-icon ams-icon__arrow-down\" width=\"24\" height=\"24\" viewbox=\"0 0 24 24\" fill=\"currentColor\" aria-hidden=\"true\" xmlns=\"http:\/\/www.w3.org\/2000\/svg\">\n\t\t\t\t\t\t\t\t\t\t\t\t\t<path d=\"m11.2033 18.4294-10.872894-10.67584c-.440539-.42594-.440539-1.1147 0-1.54065l.665495-.64345c.440539-.42595 1.152899-.42595 1.593439 0l9.41066 9.27114 9.4107-9.26207c.4405-.42595 1.1529-.42595 1.5934 0l.6655.64345c.4405.42594.4405 1.1147 0 1.54065l-10.8729 10.67587c-.4405.4168-1.1529.4168-1.5934-.0091z\"\/>\n\t\t\t\t\t\n\t\t\t\t\t\t<\/svg>\n\t\t\t\t\t<\/button>\n\t\t\t\t<\/h3>\n\t\t\t\t<div class=\"c-accordion__body l-stack u-font-body\">\n\t\t\t\t\t<div class=\"c-accordion__body__inner u-p-fluid-md-xl l-stack\">\n\t\t\t\t\t\t<p><span data-sheets-root=\"1\" data-sheets-value=\"{&quot;1&quot;:2,&quot;2&quot;:&quot;Den n\u00e4rmaste h\u00e5llplatsen till skolan med kollektivtrafik \u00e4r M\u00e4rsta station.&quot;}\" data-sheets-userformat=\"{&quot;2&quot;:4993,&quot;3&quot;:{&quot;1&quot;:0},&quot;10&quot;:0,&quot;11&quot;:4,&quot;12&quot;:0,&quot;15&quot;:&quot;Helvetica Neue&quot;}\" data-sheets-textstyleruns=\"{&quot;1&quot;:0}\uee10{&quot;1&quot;:60,&quot;2&quot;:{&quot;5&quot;:1}}\uee10{&quot;1&quot;:74}\">Den n\u00e4rmaste h\u00e5llplatsen till skolan med kollektivtrafik \u00e4r <strong>M\u00e4rsta station<\/strong>.<\/span><\/p>\n\n\t\t\t\t\t<\/div>\n\t\t\t\t<\/div>\n\t\t\t<\/li>\n\t\t\n\t\t\t\t\t\t\t\t\t\t\t\t\t\t\t\n\t\t\t\n\t\t\t<li data-ajax-id=\"2693\" class=\"c-accordion__item \"\n\t\t\tdata-filter=\"om-praktiska december-2023\"\n\t\t\t>\n\t\t\t\t<h3 class=\"c-accordion__header\">\n\t\t\t\t\t\t\t\t\t\t<button class=\"c-accordion__trigger u-py-sm u-px-fluid-md-xl u-font-title-4\">\n\t\t\t\t\t\t<span>Hur m\u00e5nga elever g\u00e5r det p\u00e5 skolan? <\/span>\n\t\t\t\t\t\t<svg class=\"ams-icon ams-icon__arrow-down\" width=\"24\" height=\"24\" viewbox=\"0 0 24 24\" fill=\"currentColor\" aria-hidden=\"true\" xmlns=\"http:\/\/www.w3.org\/2000\/svg\">\n\t\t\t\t\t\t\t\t\t\t\t\t\t<path d=\"m11.2033 18.4294-10.872894-10.67584c-.440539-.42594-.440539-1.1147 0-1.54065l.665495-.64345c.440539-.42595 1.152899-.42595 1.593439 0l9.41066 9.27114 9.4107-9.26207c.4405-.42595 1.1529-.42595 1.5934 0l.6655.64345c.4405.42594.4405 1.1147 0 1.54065l-10.8729 10.67587c-.4405.4168-1.1529.4168-1.5934-.0091z\"\/>\n\t\t\t\t\t\n\t\t\t\t\t\t<\/svg>\n\t\t\t\t\t<\/button>\n\t\t\t\t<\/h3>\n\t\t\t\t<div class=\"c-accordion__body l-stack u-font-body\">\n\t\t\t\t\t<div class=\"c-accordion__body__inner u-p-fluid-md-xl l-stack\">\n\t\t\t\t\t\t<p><span data-sheets-root=\"1\" data-sheets-value=\"{&quot;1&quot;:2,&quot;2&quot;:&quot;Det g\u00e5r ca. 100 elever hos oss p\u00e5 Praktiska M\u00e4rsta. &quot;}\" data-sheets-userformat=\"{&quot;2&quot;:4993,&quot;3&quot;:{&quot;1&quot;:0},&quot;10&quot;:0,&quot;11&quot;:4,&quot;12&quot;:0,&quot;15&quot;:&quot;Helvetica Neue&quot;}\">Det g\u00e5r ca. 140 elever hos oss p\u00e5 Praktiska M\u00e4rsta. <\/span><\/p>\n\n\t\t\t\t\t<\/div>\n\t\t\t\t<\/div>\n\t\t\t<\/li>\n\t\t\t<\/ul>\n\n\t<div class=\"no-results u-mt-0 u-hide\" data-filter-fallback-id=\"ams-faq-list-69efb728e4e35\">\n\t<p>Det finns inga resultat som matchar din filtrering.<\/p>\n<\/div>\n\n\t    <div class=\"ams-faq__more u-inline-items js-load-more-btn\">\n        <button href=\"#\"\n                class=\"c-btn\"\n                data-style=\"round\"\n                data-size=\"md\"\n                data-width=\"full-mobile\"\n                data-variant=\"outline\">\n        \tVisa fler resultat\n        <\/button>\n    <\/div>\n\n\n\t\t\n\t\t\t<\/div>\n\n\t\t\n\n<\/section>\n\n\n\n<div\n\n\tclass=\"\n\t\tmodule_wrapper\n\t\tams_icons_module\n\t\t\t\tglobal_body-color\t\t cpt-60 cpb-30 \t\t\n\t\"\n>\n\t\t\t<div class=\"container\">\n\t\t\t<div class=\"row \">\n\t\t\t\t<div class=\"col-12 cmb-30 text-center col-md-8 offset-md-2\">\n\t\t\t\t\t\t<h2   class=\"site__heading-size-2 section-title  site__text-color  text-center\">\n\t\t\t\tVi \u00e4r certifierade\t\t\t<\/h2>\n\t\t\t<\/div>\n\t\t\t<\/div>\n\n\t\t\t<div class=\"row  site__text-color--dark \">\n\t\t\t\t\n\t\t\t<\/div>\n\t\t<\/div>\n\t\n\t<div class=\"container\">\n\t\t\t\t<div class=\"ams-icons__container row justify-content-center \">\n\t\t\t\t\t\t\t\t\t\t\t\t<div class=\"ams-icons__icon d-flex justify-content-center col-12 \" >\n\t\t\t\t\t\t\t\t\t\t\t\t\t<a class=\"ams-icon__link d-flex justify-content-center\" href=\"https:\/\/etgcollege.se\/\">\n\t\t\t\t\t\t\n\t\t\t\t\t\t\t<img decoding=\"async\" width=\"300\" height=\"211\" src=\"https:\/\/praktiska.se\/wp-content\/uploads\/sites\/25\/2025\/11\/etgcollegergb300dpi.png\" class=\"ams-icons__icon-image\" alt=\"Logotyp f\u00f6r etg college.\" srcset=\"https:\/\/praktiska.se\/wp-content\/uploads\/sites\/25\/2025\/11\/etgcollegergb300dpi.png 614w, https:\/\/praktiska.se\/wp-content\/uploads\/sites\/25\/2025\/11\/etgcollegergb300dpi-300x211.png 300w, https:\/\/praktiska.se\/wp-content\/uploads\/sites\/25\/2025\/11\/etgcollegergb300dpi-400x281.png 400w, https:\/\/praktiska.se\/wp-content\/uploads\/sites\/25\/2025\/11\/etgcollegergb300dpi-600x422.png 600w\" sizes=\"(max-width: 300px) 100vw, 300px\" \/>\n\t\t\t\t\t\t\t\t\t\t\t\t\t<\/a>\n\t\t\t\t\t\t\t\t\t\t\t<\/div>\n\t\t\t\t\t\t\t\n\t\t<\/div>\n\t\t\t<\/div>\n<\/div>\n\n\n\n<div style=\"height:25px\" aria-hidden=\"true\" class=\"wp-block-spacer\"><\/div>\n\n\n\n\t<div class=\"module_wrapper ams_remote_pages_module \">\n\t\t\n\n<section  class=\"ams-cta ams-cta--stacked c-block l-stacked\" data-color-scheme=\"gray\">\n\t<div class=\"l-container-narrow l-stack l-stack-fluid-2xl u-pt-fluid-3xl-6xl u-pb-fluid-3xl-6xl is-center is-center@md\">\n\t\t\t\t\t<div class=\"ams-cta__intro l-stack l-stack-lg\">\n\t\t\t\t\t\n\t<h2\n\tclass=\"c-heading u-font-title-1 \"\n\tstyle=\"\">\n\t\t\n\t\t\t\t\tHittar du inte svaret p\u00e5 din fr\u00e5ga?\n\t\t\t\t\n\t<\/h2>\n\n\t\t\t\t\t\t\t\t\t<div class=\"c-text l-stack u-cs-xl u-font-body\">\n\t\t\t\t\t\t<p><span data-sheets-root=\"1\" data-sheets-value=\"{&quot;1&quot;:2,&quot;2&quot;:&quot;Om du har fr\u00e5gor eller funderingar \u00e4r du v\u00e4lkommen att kontakta oss. &quot;}\" data-sheets-userformat=\"{&quot;2&quot;:4993,&quot;3&quot;:{&quot;1&quot;:0},&quot;10&quot;:0,&quot;11&quot;:4,&quot;12&quot;:0,&quot;15&quot;:&quot;Helvetica Neue&quot;}\">Om du har fr\u00e5gor eller funderingar \u00e4r du v\u00e4lkommen att kontakta oss. <\/span><\/p>\n\n\t\t\t\t\t<\/div>\n\t\t\t\t\t\t\t<\/div>\n\t\t\n\t\t\n\t\t\t<div class=\"ams-cta__action u-inline-items\">\n\t\t\t\t\t\t\t\n\n\n<a href=\"https:\/\/praktiska.se\/marsta\/kontakt\/\"\n\t\n\tclass=\"c-btn \"\n\tdata-style=\"round\"\n\tdata-size=\"md\"\n\tdata-width=\"full-mobile\"\n\tdata-variant=\"default\"\n\ttarget=\"_self\">\n\t\t\t<span class=\"label\"> Kontakta oss<\/span>\n\t\t\t<\/a>\n\t\t\t<\/div>\n\t<\/div>\n\n\t\t\n\n<\/section>\n\t<\/div>\n\n\t","protected":false},"excerpt":{"rendered":"","protected":false},"author":1,"featured_media":0,"parent":0,"menu_order":0,"comment_status":"closed","ping_status":"closed","template":"","meta":{"footnotes":""},"yoast_head":"<!-- This site is optimized with the Yoast SEO plugin v22.0 - https:\/\/yoast.com\/wordpress\/plugins\/seo\/ -->\n<title>Om Praktiska - Praktiska Gymnasiet M\u00e4rsta<\/title>\n<meta name=\"description\" content=\"H\u00e4r kan du l\u00e4sa mer om v\u00e5r skola. Ta del av vad elever tycker om skolan. Du f\u00e5r ocks\u00e5 mer information om APL och l\u00e4rling hos oss.\" \/>\n<meta name=\"robots\" content=\"index, follow, max-snippet:-1, max-image-preview:large, max-video-preview:-1\" \/>\n<link rel=\"canonical\" href=\"https:\/\/praktiska.se\/marsta\/om-praktiska\/\" \/>\n<meta property=\"og:locale\" content=\"sv_SE\" \/>\n<meta property=\"og:type\" content=\"article\" \/>\n<meta property=\"og:title\" content=\"Om Praktiska - Praktiska Gymnasiet M\u00e4rsta\" \/>\n<meta property=\"og:description\" content=\"H\u00e4r kan du l\u00e4sa mer om v\u00e5r skola. Ta del av vad elever tycker om skolan. Du f\u00e5r ocks\u00e5 mer information om APL och l\u00e4rling hos oss.\" \/>\n<meta property=\"og:url\" content=\"https:\/\/praktiska.se\/marsta\/om-praktiska\/\" \/>\n<meta property=\"og:site_name\" content=\"M\u00e4rsta\" \/>\n<meta property=\"article:modified_time\" content=\"2026-04-17T07:56:27+00:00\" \/>\n<meta name=\"twitter:card\" content=\"summary_large_image\" \/>\n<meta name=\"twitter:title\" content=\"Om Praktiska - Praktiska Gymnasiet M\u00e4rsta\" \/>\n<meta name=\"twitter:description\" content=\"H\u00e4r kan du l\u00e4sa mer om v\u00e5r skola. Ta del av vad elever tycker om skolan. Du f\u00e5r ocks\u00e5 mer information om APL och l\u00e4rling hos oss.\" \/>\n<meta name=\"twitter:label1\" content=\"Est. reading time\" \/>\n\t<meta name=\"twitter:data1\" content=\"2 minuter\" \/>\n<script type=\"application\/ld+json\" class=\"yoast-schema-graph\">{\"@context\":\"https:\/\/schema.org\",\"@graph\":[{\"@type\":\"WebPage\",\"@id\":\"https:\/\/praktiska.se\/marsta\/om-praktiska\/\",\"url\":\"https:\/\/praktiska.se\/marsta\/om-praktiska\/\",\"name\":\"Om Praktiska - Praktiska Gymnasiet M\u00e4rsta\",\"isPartOf\":{\"@id\":\"https:\/\/praktiska.se\/marsta\/#website\"},\"datePublished\":\"2023-03-03T14:28:56+00:00\",\"dateModified\":\"2026-04-17T07:56:27+00:00\",\"description\":\"H\u00e4r kan du l\u00e4sa mer om v\u00e5r skola. Ta del av vad elever tycker om skolan. Du f\u00e5r ocks\u00e5 mer information om APL och l\u00e4rling hos oss.\",\"breadcrumb\":{\"@id\":\"https:\/\/praktiska.se\/marsta\/om-praktiska\/#breadcrumb\"},\"inLanguage\":\"sv-SE\",\"potentialAction\":[{\"@type\":\"ReadAction\",\"target\":[\"https:\/\/praktiska.se\/marsta\/om-praktiska\/\"]}]},{\"@type\":\"BreadcrumbList\",\"@id\":\"https:\/\/praktiska.se\/marsta\/om-praktiska\/#breadcrumb\",\"itemListElement\":[{\"@type\":\"ListItem\",\"position\":1,\"name\":\"Start\",\"item\":\"https:\/\/praktiska.se\/marsta\/\"},{\"@type\":\"ListItem\",\"position\":2,\"name\":\"Om Praktiska\"}]},{\"@type\":\"WebSite\",\"@id\":\"https:\/\/praktiska.se\/marsta\/#website\",\"url\":\"https:\/\/praktiska.se\/marsta\/\",\"name\":\"M\u00e4rsta\",\"description\":\"Vi utbildar framtidens arbetskraft\",\"potentialAction\":[{\"@type\":\"SearchAction\",\"target\":{\"@type\":\"EntryPoint\",\"urlTemplate\":\"https:\/\/praktiska.se\/marsta\/?s={search_term_string}\"},\"query-input\":\"required name=search_term_string\"}],\"inLanguage\":\"sv-SE\"}]}<\/script>\n<!-- \/ Yoast SEO plugin. -->","yoast_head_json":{"title":"Om Praktiska - Praktiska Gymnasiet M\u00e4rsta","description":"H\u00e4r kan du l\u00e4sa mer om v\u00e5r skola. Ta del av vad elever tycker om skolan. Du f\u00e5r ocks\u00e5 mer information om APL och l\u00e4rling hos oss.","robots":{"index":"index","follow":"follow","max-snippet":"max-snippet:-1","max-image-preview":"max-image-preview:large","max-video-preview":"max-video-preview:-1"},"canonical":"https:\/\/praktiska.se\/marsta\/om-praktiska\/","og_locale":"sv_SE","og_type":"article","og_title":"Om Praktiska - Praktiska Gymnasiet M\u00e4rsta","og_description":"H\u00e4r kan du l\u00e4sa mer om v\u00e5r skola. Ta del av vad elever tycker om skolan. Du f\u00e5r ocks\u00e5 mer information om APL och l\u00e4rling hos oss.","og_url":"https:\/\/praktiska.se\/marsta\/om-praktiska\/","og_site_name":"M\u00e4rsta","article_modified_time":"2026-04-17T07:56:27+00:00","twitter_card":"summary_large_image","twitter_title":"Om Praktiska - Praktiska Gymnasiet M\u00e4rsta","twitter_description":"H\u00e4r kan du l\u00e4sa mer om v\u00e5r skola. Ta del av vad elever tycker om skolan. Du f\u00e5r ocks\u00e5 mer information om APL och l\u00e4rling hos oss.","twitter_misc":{"Est. reading time":"2 minuter"},"schema":{"@context":"https:\/\/schema.org","@graph":[{"@type":"WebPage","@id":"https:\/\/praktiska.se\/marsta\/om-praktiska\/","url":"https:\/\/praktiska.se\/marsta\/om-praktiska\/","name":"Om Praktiska - Praktiska Gymnasiet M\u00e4rsta","isPartOf":{"@id":"https:\/\/praktiska.se\/marsta\/#website"},"datePublished":"2023-03-03T14:28:56+00:00","dateModified":"2026-04-17T07:56:27+00:00","description":"H\u00e4r kan du l\u00e4sa mer om v\u00e5r skola. Ta del av vad elever tycker om skolan. Du f\u00e5r ocks\u00e5 mer information om APL och l\u00e4rling hos oss.","breadcrumb":{"@id":"https:\/\/praktiska.se\/marsta\/om-praktiska\/#breadcrumb"},"inLanguage":"sv-SE","potentialAction":[{"@type":"ReadAction","target":["https:\/\/praktiska.se\/marsta\/om-praktiska\/"]}]},{"@type":"BreadcrumbList","@id":"https:\/\/praktiska.se\/marsta\/om-praktiska\/#breadcrumb","itemListElement":[{"@type":"ListItem","position":1,"name":"Start","item":"https:\/\/praktiska.se\/marsta\/"},{"@type":"ListItem","position":2,"name":"Om Praktiska"}]},{"@type":"WebSite","@id":"https:\/\/praktiska.se\/marsta\/#website","url":"https:\/\/praktiska.se\/marsta\/","name":"M\u00e4rsta","description":"Vi utbildar framtidens arbetskraft","potentialAction":[{"@type":"SearchAction","target":{"@type":"EntryPoint","urlTemplate":"https:\/\/praktiska.se\/marsta\/?s={search_term_string}"},"query-input":"required name=search_term_string"}],"inLanguage":"sv-SE"}]}},"_links":{"self":[{"href":"https:\/\/praktiska.se\/marsta\/wp-json\/wp\/v2\/pages\/412"}],"collection":[{"href":"https:\/\/praktiska.se\/marsta\/wp-json\/wp\/v2\/pages"}],"about":[{"href":"https:\/\/praktiska.se\/marsta\/wp-json\/wp\/v2\/types\/page"}],"author":[{"embeddable":true,"href":"https:\/\/praktiska.se\/marsta\/wp-json\/wp\/v2\/users\/1"}],"replies":[{"embeddable":true,"href":"https:\/\/praktiska.se\/marsta\/wp-json\/wp\/v2\/comments?post=412"}],"version-history":[{"count":10,"href":"https:\/\/praktiska.se\/marsta\/wp-json\/wp\/v2\/pages\/412\/revisions"}],"predecessor-version":[{"id":3199,"href":"https:\/\/praktiska.se\/marsta\/wp-json\/wp\/v2\/pages\/412\/revisions\/3199"}],"wp:attachment":[{"href":"https:\/\/praktiska.se\/marsta\/wp-json\/wp\/v2\/media?parent=412"}],"curies":[{"name":"wp","href":"https:\/\/api.w.org\/{rel}","templated":true}]}}