{"id":412,"date":"2023-03-03T15:28:56","date_gmt":"2023-03-03T14:28:56","guid":{"rendered":"https:\/\/praktiska.se\/malmo-limhamn\/?page_id=412"},"modified":"2026-04-20T15:18:56","modified_gmt":"2026-04-20T13:18:56","slug":"om-praktiska","status":"publish","type":"page","link":"https:\/\/praktiska.se\/malmo-limhamn\/om-praktiska\/","title":{"rendered":"Om Praktiska"},"content":{"rendered":"\n\t\n\t\n\t\n\t\n\t\n\n<section \n\tclass=\"ams-hero ams-hero--classic ams-hero--75 c-block l-stacked  \"\n\tdata-color-scheme=\"hero\"\n\tstyle=\"\">\n\t<div class=\"ams-hero__container u-items-start u-justify-center\">\n\t\t<div\n\t\t\tclass=\"ams-hero__content l-stack l-stack-xl is-left is-left@md\" >\n\t\t\t<div class=\"l-stack l-stack-lg\">\n\t\t\t\t\t\n\t<h1\n\tclass=\"c-heading u-font-huge \"\n\tstyle=\"\">\n\t\t\n\t\t\t\t\t\t\t\t\t<span class=\"c-heading__sub is-above u-font-title-3\">\n\t\t\t\t\tAllt du beh\u00f6ver veta\n\t\t\t\t<\/span>\n\t\t\t\tOm Praktiska Malm\u00f6 Limhamn \n\t\t\t\t\t\t\t\n\t<\/h1>\n\n\t\t\t\t\t\t\t\t\t<div class=\"text l-stack u-font-body\">\n\t\t\t\t\t\t<p><span data-sheets-root=\"1\" data-sheets-value=\"{&quot;1&quot;:2,&quot;2&quot;:&quot;Praktiska Gymnasiet Malm\u00f6 Limhamn ligger p\u00e5 Krossverksgatan 34. H\u00e4r finns en speciell gemenskap som genomsyrar hela skolan, d\u00e4r alla k\u00e4nner alla. V\u00e5ra l\u00e4rare anpassar utbildningen efter varje elev och ser till att alla k\u00e4nner sig sedda och h\u00f6rda.&quot;}\" data-sheets-userformat=\"{&quot;2&quot;:5025,&quot;3&quot;:{&quot;1&quot;:0},&quot;8&quot;:{&quot;1&quot;:[{&quot;1&quot;:2,&quot;2&quot;:0,&quot;5&quot;:{&quot;1&quot;:2,&quot;2&quot;:0}},{&quot;1&quot;:0,&quot;2&quot;:0,&quot;3&quot;:3},{&quot;1&quot;:1,&quot;2&quot;:0,&quot;4&quot;:1}]},&quot;10&quot;:0,&quot;11&quot;:4,&quot;12&quot;:0,&quot;15&quot;:&quot;Arial&quot;}\">Praktiska Gymnasiet Malm\u00f6 Limhamn ligger p\u00e5 Krossverksgatan 34. Hos oss finns en speciell gemenskap som genomsyrar hela v\u00e5r gymnasieskola, d\u00e4r alla k\u00e4nner alla. V\u00e5ra l\u00e4rare anpassar utbildningen efter varje elev och ser till att alla k\u00e4nner sig sedda och h\u00f6rda.<\/span><\/p>\n\n\t\t\t\t\t<\/div>\n\t\t\t\t\t\t\t<\/div>\n\n\t\t\t\t<div class=\"ams-hero__action u-inline-items\">\n\t\t\t\t\t\t\t\n\n\n<a href=\"https:\/\/praktiska.se\/malmo-limhamn\/program\/\"\n\t\n\tclass=\"c-btn \"\n\tdata-style=\"round\"\n\tdata-size=\"md\"\n\tdata-width=\"full-mobile\"\n\tdata-variant=\"default\"\n\ttarget=\"_self\">\n\t\t\t<span class=\"label\"> Alla v\u00e5ra program<\/span>\n\t\t\t<\/a>\n\t\t\t\t\t\t\t\n\n\n<a href=\"https:\/\/praktiska.se\/malmo-limhamn\/oppet-hus\/\"\n\t\n\tclass=\"c-btn \"\n\tdata-style=\"round\"\n\tdata-size=\"md\"\n\tdata-width=\"full-mobile\"\n\tdata-variant=\"outline\"\n\ttarget=\"_self\">\n\t\t\t<span class=\"label\"> Kom p\u00e5 \u00f6ppet hus<\/span>\n\t\t\t<\/a>\n\t\t\t<\/div>\n\t\t<\/div>\n\t<\/div>\n\n\t\n\t\t\t\n\t\t\t\t\t\t\t\n\t\t\t\t<div class=\"c-bg c-bg--img\" data-settings=\"{&quot;desktop_settings&quot;:{&quot;size&quot;:&quot;cover&quot;,&quot;position&quot;:&quot;top-center&quot;},&quot;mobile_settings&quot;:{&quot;size&quot;:&quot;cover&quot;,&quot;position&quot;:&quot;top-center&quot;}}\" data-position=\"middle-center\" data-size=\"cover\">\n\t\t\t<img decoding=\"async\" width=\"1200\" height=\"800\" src=\"https:\/\/praktiska.se\/wp-content\/uploads\/sites\/23\/2023\/12\/praktiskagymnasietlimhamnom-oss202304-202804-1200x800.jpg\" class=\"attachment-xxl size-xxl\" alt=\"Tre elever mekar med en personbil i ett garage\" sizes=\"(max-width: 1200px) 100vw, 1200px\" srcset=\"https:\/\/praktiska.se\/wp-content\/uploads\/sites\/23\/2023\/12\/praktiskagymnasietlimhamnom-oss202304-202804-1200x800.jpg 1200w, https:\/\/praktiska.se\/wp-content\/uploads\/sites\/23\/2023\/12\/praktiskagymnasietlimhamnom-oss202304-202804-300x200.jpg 300w, https:\/\/praktiska.se\/wp-content\/uploads\/sites\/23\/2023\/12\/praktiskagymnasietlimhamnom-oss202304-202804-400x267.jpg 400w, https:\/\/praktiska.se\/wp-content\/uploads\/sites\/23\/2023\/12\/praktiskagymnasietlimhamnom-oss202304-202804-600x400.jpg 600w, https:\/\/praktiska.se\/wp-content\/uploads\/sites\/23\/2023\/12\/praktiskagymnasietlimhamnom-oss202304-202804-800x533.jpg 800w, https:\/\/praktiska.se\/wp-content\/uploads\/sites\/23\/2023\/12\/praktiskagymnasietlimhamnom-oss202304-202804-1024x683.jpg 1024w, https:\/\/praktiska.se\/wp-content\/uploads\/sites\/23\/2023\/12\/praktiskagymnasietlimhamnom-oss202304-202804.jpg 2048w\" \/>\n\t\t<\/div>\n\t\n\t<div class=\"c-overlay\" style=\"--overlay-bg: rgba(40,40,40,0.6);\"><\/div>\n<\/section>\n\n\n\n\n<section  class=\"ams-usp c-block l-stacked\" data-color-scheme=\"white\">\n\t<div class=\"l-container l-stack l-stack-fluid-2xl u-pt-fluid-3xl-6xl u-pb-fluid-3xl-6xl is-center is-center@md\">\n\t\t\t\t\t<div class=\"ams-usp__intro l-stack l-stack-lg\">\n\t\t\t\t\t\n\t<h2\n\tclass=\"c-heading u-font-title-1 \"\n\tstyle=\"\">\n\t\t\n\t\t\t\t\tSom elev hos oss f\u00e5r du\n\t\t\t\t\n\t<\/h2>\n\n\t\t\t\t\t\t\t<\/div>\n\t\t\n\t\t\t<ul class=\"ams-usp__list l-grid u-justify-center u-gap-fluid-2xl-4xl\">\n\t\t\t\t\t<li class=\"l-col-6@md l-col-4@lg\">\n\t\t\t\t<article\n\t\t\t\t\tclass=\"\n\t\t\t\t\tc-card\n\t\t\t\t\thas-media-zoom\n\t\t\t\t\t\n\t\t\t\t\t\n\t\t\t\t\t\"\n\t\t\t\t\tdata-variant=\"neutral\"\n\t\t\t\t\tdata-style=\"square\"\n\t\t\t\t\t\n\t\t\t\t\t>\n\t\t\t\t\t\t\t\t\t\t\t<div class=\"c-card__content l-stack l-stack-sm u-text-center\">\n\t\t\t\t\t\t\t\t\t\t\t\t\t\t\t<h3 class=\"c-card__title u-font-title-3\">\n\t\t\t\t\t\t\t\t\t\t\t\t\t\t\t\t\t\t\t\t\t\t\t\t\t\t\t\t\t\tGrundl\u00e4ggande h\u00f6gskolebeh\u00f6righet \n\t\t\t\t\t\t\t\t\t\t\t\t\t\t\t\t\t\t\t\t\t\t\t\t\t\t\t<\/h3>\n\t\t\t\t\t\t\t\n\t\t\t\t\t\t\t\t\t\t\t\t\t\t\t<div class=\"c-card__text l-stack-xs u-font-body\">\n\t\t\t\t\t\t\t\t\t<p><span data-sheets-root=\"1\" data-sheets-value=\"{&quot;1&quot;:2,&quot;2&quot;:&quot;Hos oss kan du ta studenten med b\u00e5de en yrkesexamen och grundl\u00e4ggande h\u00f6gskolebeh\u00f6righet. Beh\u00f6righeten g\u00e5r att v\u00e4lja bort om du bara vill fokusera p\u00e5 dina yrkeskurser.&quot;}\" data-sheets-userformat=\"{&quot;2&quot;:4993,&quot;3&quot;:{&quot;1&quot;:0},&quot;10&quot;:0,&quot;11&quot;:4,&quot;12&quot;:0,&quot;15&quot;:&quot;Helvetica Neue&quot;}\">Hos oss kan du ta studenten med b\u00e5de en yrkesexamen och grundl\u00e4ggande h\u00f6gskolebeh\u00f6righet. Beh\u00f6righeten g\u00e5r att v\u00e4lja bort om du bara vill fokusera p\u00e5 dina yrkeskurser.<\/span><\/p>\n\n\t\t\t\t\t\t\t\t<\/div>\n\t\t\t\t\t\t\t\t\t\t\t\t\t<\/div>\n\t\t\t\t\t\n\t\t\t\t\t<div class=\"c-card__media\">\n\t\t\t\t\t\t\t\t\t\t\t\t\t<img decoding=\"async\" src=\"https:\/\/praktiska.se\/wp-content\/uploads\/2023\/11\/praktiskaikoneruspar142x142pxmojlighettillhogskolebehorighet.svg\" class=\" u-ratio-landscape  ams_icon_size_usp\" alt=\"Icon som f\u00f6rest\u00e4ller en skola\" height=\"142\" width=\"142\" \/>\n\t\t\t\t\t\t\t\t\t\t\t<\/div>\n\t\t\t\t<\/article>\n\t\t\t<\/li>\n\n\t\t\t\t\t<li class=\"l-col-6@md l-col-4@lg\">\n\t\t\t\t<article\n\t\t\t\t\tclass=\"\n\t\t\t\t\tc-card\n\t\t\t\t\thas-media-zoom\n\t\t\t\t\t\n\t\t\t\t\t\n\t\t\t\t\t\"\n\t\t\t\t\tdata-variant=\"neutral\"\n\t\t\t\t\tdata-style=\"square\"\n\t\t\t\t\t\n\t\t\t\t\t>\n\t\t\t\t\t\t\t\t\t\t\t<div class=\"c-card__content l-stack l-stack-sm u-text-center\">\n\t\t\t\t\t\t\t\t\t\t\t\t\t\t\t<h3 class=\"c-card__title u-font-title-3\">\n\t\t\t\t\t\t\t\t\t\t\t\t\t\t\t\t\t\t\t\t\t\t\t\t\t\t\t\t\t\tPraktik (apl)\n\t\t\t\t\t\t\t\t\t\t\t\t\t\t\t\t\t\t\t\t\t\t\t\t\t\t\t<\/h3>\n\t\t\t\t\t\t\t\n\t\t\t\t\t\t\t\t\t\t\t\t\t\t\t<div class=\"c-card__text l-stack-xs u-font-body\">\n\t\t\t\t\t\t\t\t\t<p>Hos oss har du minst 15 veckors apl (arbetsplatsf\u00f6rlagt l\u00e4rande) ute p\u00e5 ett f\u00f6retag. D\u00e4r f\u00e5r du l\u00e4ra dig olika moment och utveckla dina yrkeskunskaper.<\/p>\n\n\t\t\t\t\t\t\t\t<\/div>\n\t\t\t\t\t\t\t\t\t\t\t\t\t<\/div>\n\t\t\t\t\t\n\t\t\t\t\t<div class=\"c-card__media\">\n\t\t\t\t\t\t\t\t\t\t\t\t\t<img decoding=\"async\" src=\"https:\/\/praktiska.se\/wp-content\/uploads\/2023\/11\/praktiskaikoneruspar142x142pxapl.svg\" class=\" u-ratio-landscape  ams_icon_size_usp\" alt=\"Icon i form av en d\u00f6rr\" height=\"142\" width=\"142\" \/>\n\t\t\t\t\t\t\t\t\t\t\t<\/div>\n\t\t\t\t<\/article>\n\t\t\t<\/li>\n\n\t\t\t\t\t<li class=\"l-col-6@md l-col-4@lg\">\n\t\t\t\t<article\n\t\t\t\t\tclass=\"\n\t\t\t\t\tc-card\n\t\t\t\t\thas-media-zoom\n\t\t\t\t\t\n\t\t\t\t\t\n\t\t\t\t\t\"\n\t\t\t\t\tdata-variant=\"neutral\"\n\t\t\t\t\tdata-style=\"square\"\n\t\t\t\t\t\n\t\t\t\t\t>\n\t\t\t\t\t\t\t\t\t\t\t<div class=\"c-card__content l-stack l-stack-sm u-text-center\">\n\t\t\t\t\t\t\t\t\t\t\t\t\t\t\t<h3 class=\"c-card__title u-font-title-3\">\n\t\t\t\t\t\t\t\t\t\t\t\t\t\t\t\t\t\t\t\t\t\t\t\t\t\t\t\t\t\tUtlandspraktik\n\t\t\t\t\t\t\t\t\t\t\t\t\t\t\t\t\t\t\t\t\t\t\t\t\t\t\t<\/h3>\n\t\t\t\t\t\t\t\n\t\t\t\t\t\t\t\t\t\t\t\t\t\t\t<div class=\"c-card__text l-stack-xs u-font-body\">\n\t\t\t\t\t\t\t\t\t<p class=\"p1\">Du kan s\u00f6ka praktik i Spanien, Frankrike, Portugal och Cypern genom projektet ERASMUS.<\/p>\n\n\t\t\t\t\t\t\t\t<\/div>\n\t\t\t\t\t\t\t\t\t\t\t\t\t<\/div>\n\t\t\t\t\t\n\t\t\t\t\t<div class=\"c-card__media\">\n\t\t\t\t\t\t\t\t\t\t\t\t\t<img decoding=\"async\" src=\"https:\/\/praktiska.se\/wp-content\/uploads\/2023\/11\/praktiskaikoneruspar142x142pxutlandspraktik-18.svg\" class=\" u-ratio-landscape  ams_icon_size_usp\" alt=\"icon som ser ut som jorden\" height=\"142\" width=\"142\" \/>\n\t\t\t\t\t\t\t\t\t\t\t<\/div>\n\t\t\t\t<\/article>\n\t\t\t<\/li>\n\n\t\t\t<\/ul>\n\n\t\t\t<\/div>\n\n\t\t\n\n<\/section>\n\n\n\n\n<section  class=\"ams-cta ams-cta--stacked c-block l-stacked\" data-color-scheme=\"gray\">\n\t<div class=\"l-container-narrow l-stack l-stack-fluid-2xl u-pt-fluid-3xl-6xl u-pb-fluid-3xl-6xl is-center is-center@md\">\n\t\t\t\t\t<div class=\"ams-cta__intro l-stack l-stack-lg\">\n\t\t\t\t\t\n\t<h2\n\tclass=\"c-heading u-font-title-1 \"\n\tstyle=\"\">\n\t\t\n\t\t\t\t\tV\u00e5ra program\n\t\t\t\t\n\t<\/h2>\n\n\t\t\t\t\t\t\t\t\t<div class=\"c-text l-stack u-cs-xl u-font-body\">\n\t\t\t\t\t\t<p><span data-sheets-root=\"1\" data-sheets-value=\"{&quot;1&quot;:2,&quot;2&quot;:&quot;P\u00e5 Praktiska Gymnasiet ORT erbjuder vi yrkesprogram som f\u00f6rbereder dig f\u00f6r arbetslivet direkt efter studenten. Kolla in alla v\u00e5ra program och se om du hittar ditt dr\u00f6myrke hos oss! &quot;}\" data-sheets-userformat=\"{&quot;2&quot;:4995,&quot;3&quot;:{&quot;1&quot;:0},&quot;4&quot;:{&quot;1&quot;:2,&quot;2&quot;:10797812},&quot;10&quot;:2,&quot;11&quot;:4,&quot;12&quot;:0,&quot;15&quot;:&quot;Helvetica Neue&quot;}\" data-sheets-textstyleruns=\"{&quot;1&quot;:0}\uee10{&quot;1&quot;:23,&quot;2&quot;:{&quot;5&quot;:1}}\uee10{&quot;1&quot;:27}\">P\u00e5 Praktiska Gymnasiet Malm\u00f6 Limhamn erbjuder vi yrkesprogram som f\u00f6rbereder dig f\u00f6r arbetslivet direkt efter studenten. Kolla in alla v\u00e5ra program och se om du hittar ditt dr\u00f6myrke hos oss! <\/span><\/p>\n\n\t\t\t\t\t<\/div>\n\t\t\t\t\t\t\t<\/div>\n\t\t\n\t\t\n\t\t\t<div class=\"ams-cta__action u-inline-items\">\n\t\t\t\t\t\t\t\n\n\n<a href=\"https:\/\/praktiska.se\/malmo-limhamn\/program\/\"\n\t\n\tclass=\"c-btn \"\n\tdata-style=\"round\"\n\tdata-size=\"md\"\n\tdata-width=\"full-mobile\"\n\tdata-variant=\"default\"\n\ttarget=\"_self\">\n\t\t\t<span class=\"label\"> Alla v\u00e5ra program<\/span>\n\t\t\t<\/a>\n\t\t\t<\/div>\n\t<\/div>\n\n\t\t\n\n<\/section>\n\n\n\n\n<section  class=\"ams-quote c-block l-stacked\" data-color-scheme=\"orange\">\n\t<div class=\"l-container l-stack l-stack-fluid-2xl u-pt-fluid-3xl-6xl u-pb-fluid-3xl-6xl is-center is-center@md\">\n\t\t\n\t\t\t\t\t<ul class=\"ams-quote__list l-grid u-gap-fluid-2xl-4xl u-justify-center\"\n\taria-label=\"Citat\">\n\t\t\t<li class=\"l-col-12@md\">\n\t\t\t<article class=\"c-card\" data-variant=\"neutral\" >\n\t\t\t\t<div class=\"c-card__content l-stack u-text-center\">\n\t\t\t\t\t\t\t\t\t\t\t<blockquote class=\"c-card__title u-font-title-1\">\n\t\t\t\t\t\t\t\t\t\t\t\t\t\t\t<p class=\"u-quote-marks\">L\u00e4rarna \u00e4r hur trevliga som helst, man blir verkligen v\u00e4nner med dem<\/p>\n\t\t\t\t\t\t\t\t\t\t\t\t\t<\/blockquote>\n\t\t\t\t\t\n\t\t\t\t\t\t\t\t\t\t\t<p class=\"c-card__text\">\n\t\t\t\t\t\t\t<span class=\"author u-font-body\">Ville<\/span>\n\t\t\t\t\t\t\t<span class=\"title u-font-body\">Elev, Praktiska Gymnasiet Malm\u00f6 Limhamn<\/span>\n\t\t\t\t\t\t<\/p>\n\t\t\t\t\t\t\t\t\t<\/div>\n\n\t\t\t\t\t\t\t<\/article>\n\t\t<\/li>\n\t<\/ul>\n\t\n\t\t\t<\/div>\n\n\t\t\n\n<\/section>\n\n\n\n\n\n<section  class=\"ams-faq ams_event_module c-block l-stacked js-load-more\" data-color-scheme=\"faq-white\" data-count=\"5\" data-count-mobile=\"5\">\n\t<div class=\"l-container-narrow l-stack l-stack-fluid-2xl u-pt-fluid-3xl-6xl u-pb-fluid-2xl-4xl is-center is-center@md\">\n\t\t\t\t\t<div class=\"ams-faq__intro l-stack l-stack-lg\">\n\t\t\t\t\t\n\t<h2\n\tclass=\"c-heading u-font-title-1 \"\n\tstyle=\"\">\n\t\t\n\t\t\t\t\tVanliga fr\u00e5gor\n\t\t\t\t\n\t<\/h2>\n\n\t\t\t\t\t\t\t\t\t<div class=\"c-text l-stack u-cs-xl u-font-body\">\n\t\t\t\t\t\t<p><span data-sheets-root=\"1\" data-sheets-value=\"{&quot;1&quot;:2,&quot;2&quot;:&quot;H\u00e4r har vi samlat svaren p\u00e5 de vanligaste fr\u00e5gorna som handlar om APL och att l\u00e4sa som l\u00e4rling&quot;}\" data-sheets-userformat=\"{&quot;2&quot;:5041,&quot;3&quot;:{&quot;1&quot;:0},&quot;7&quot;:{&quot;1&quot;:[{&quot;1&quot;:2,&quot;2&quot;:0,&quot;5&quot;:{&quot;1&quot;:2,&quot;2&quot;:0}},{&quot;1&quot;:0,&quot;2&quot;:0,&quot;3&quot;:3},{&quot;1&quot;:1,&quot;2&quot;:0,&quot;4&quot;:1}]},&quot;8&quot;:{&quot;1&quot;:[{&quot;1&quot;:2,&quot;2&quot;:0,&quot;5&quot;:{&quot;1&quot;:2,&quot;2&quot;:0}},{&quot;1&quot;:0,&quot;2&quot;:0,&quot;3&quot;:3},{&quot;1&quot;:1,&quot;2&quot;:0,&quot;4&quot;:1}]},&quot;10&quot;:0,&quot;11&quot;:4,&quot;12&quot;:0,&quot;15&quot;:&quot;Arial&quot;}\">H\u00e4r har vi samlat svaren p\u00e5 de vanligaste fr\u00e5gorna om v\u00e5r skola.\u00a0<\/span><\/p>\n\n\t\t\t\t\t<\/div>\n\t\t\t\t\t\t\t<\/div>\n\t\t\n\t\t\n\t\n\t    \n\t\n\t<ul\n\t\tid=\"ams-faq-list-69f0e1d1b13d0\"\n\t\tclass=\"ams-faq__ac ams-accordion_module c-accordion js-results \"\n\t\taria-label=\"Vanliga fr\u00e5gor\"\n\t\tdata-variant=\"border-between\"\n\t\tdata-ajax-action=\"log_faq_view\"\n\t\tdata-ajax-url=\"https:\/\/praktiska.se\/malmo-limhamn\/wp-admin\/admin-ajax.php\"\n\t\tdata-ajax-nonce=\"cf8e330fe4\"\n\t\tdata-filter-animation=\"off\">\n\n\t\t\n\t\t\t\t\t\t\t\t\t\t\t\t\t\t\t\n\t\t\t\n\t\t\t<li data-ajax-id=\"3091\" class=\"c-accordion__item \"\n\t\t\tdata-filter=\"om-praktiska augusti-2024\"\n\t\t\t>\n\t\t\t\t<h3 class=\"c-accordion__header\">\n\t\t\t\t\t\t\t\t\t\t<button class=\"c-accordion__trigger u-py-sm u-px-fluid-md-xl u-font-title-4\">\n\t\t\t\t\t\t<span>Var har man idrott?<\/span>\n\t\t\t\t\t\t<svg class=\"ams-icon ams-icon__arrow-down\" width=\"24\" height=\"24\" viewbox=\"0 0 24 24\" fill=\"currentColor\" aria-hidden=\"true\" xmlns=\"http:\/\/www.w3.org\/2000\/svg\">\n\t\t\t\t\t\t\t\t\t\t\t\t\t<path d=\"m11.2033 18.4294-10.872894-10.67584c-.440539-.42594-.440539-1.1147 0-1.54065l.665495-.64345c.440539-.42595 1.152899-.42595 1.593439 0l9.41066 9.27114 9.4107-9.26207c.4405-.42595 1.1529-.42595 1.5934 0l.6655.64345c.4405.42594.4405 1.1147 0 1.54065l-10.8729 10.67587c-.4405.4168-1.1529.4168-1.5934-.0091z\"\/>\n\t\t\t\t\t\n\t\t\t\t\t\t<\/svg>\n\t\t\t\t\t<\/button>\n\t\t\t\t<\/h3>\n\t\t\t\t<div class=\"c-accordion__body l-stack u-font-body\">\n\t\t\t\t\t<div class=\"c-accordion__body__inner u-p-fluid-md-xl l-stack\">\n\t\t\t\t\t\t<p>Hos oss har eleverna sina idrottslektioner p\u00e5 skolan eller runt om i Malm\u00f6. Vi \u00e4r i olika lokaler beroende p\u00e5 vilken aktivitet vi ska g\u00f6ra.<\/p>\n\n\t\t\t\t\t<\/div>\n\t\t\t\t<\/div>\n\t\t\t<\/li>\n\t\t\n\t\t\t\t\t\t\t\t\t\t\t\t\t\t\t\n\t\t\t\n\t\t\t<li data-ajax-id=\"2698\" class=\"c-accordion__item \"\n\t\t\tdata-filter=\"om-praktiska december-2023\"\n\t\t\t>\n\t\t\t\t<h3 class=\"c-accordion__header\">\n\t\t\t\t\t\t\t\t\t\t<button class=\"c-accordion__trigger u-py-sm u-px-fluid-md-xl u-font-title-4\">\n\t\t\t\t\t\t<span>Var \u00e4ter man lunch p\u00e5 skolan? <\/span>\n\t\t\t\t\t\t<svg class=\"ams-icon ams-icon__arrow-down\" width=\"24\" height=\"24\" viewbox=\"0 0 24 24\" fill=\"currentColor\" aria-hidden=\"true\" xmlns=\"http:\/\/www.w3.org\/2000\/svg\">\n\t\t\t\t\t\t\t\t\t\t\t\t\t<path d=\"m11.2033 18.4294-10.872894-10.67584c-.440539-.42594-.440539-1.1147 0-1.54065l.665495-.64345c.440539-.42595 1.152899-.42595 1.593439 0l9.41066 9.27114 9.4107-9.26207c.4405-.42595 1.1529-.42595 1.5934 0l.6655.64345c.4405.42594.4405 1.1147 0 1.54065l-10.8729 10.67587c-.4405.4168-1.1529.4168-1.5934-.0091z\"\/>\n\t\t\t\t\t\n\t\t\t\t\t\t<\/svg>\n\t\t\t\t\t<\/button>\n\t\t\t\t<\/h3>\n\t\t\t\t<div class=\"c-accordion__body l-stack u-font-body\">\n\t\t\t\t\t<div class=\"c-accordion__body__inner u-p-fluid-md-xl l-stack\">\n\t\t\t\t\t\t<p><span data-sheets-root=\"1\" data-sheets-value=\"{&quot;1&quot;:2,&quot;2&quot;:&quot;Hos oss \u00e4ter eleverna lunch i skolans matsal.&quot;}\" data-sheets-userformat=\"{&quot;2&quot;:7107,&quot;3&quot;:{&quot;1&quot;:0},&quot;4&quot;:{&quot;1&quot;:2,&quot;2&quot;:16777215},&quot;9&quot;:0,&quot;10&quot;:0,&quot;11&quot;:4,&quot;12&quot;:0,&quot;14&quot;:{&quot;1&quot;:2,&quot;2&quot;:0},&quot;15&quot;:&quot;\\&quot;docs-Helvetica Neue\\&quot;&quot;}\">Hos oss \u00e4ter eleverna lunch i skolans matsal.<\/span><\/p>\n\n\t\t\t\t\t<\/div>\n\t\t\t\t<\/div>\n\t\t\t<\/li>\n\t\t\n\t\t\t\t\t\t\t\t\t\t\t\t\t\t\t\n\t\t\t\n\t\t\t<li data-ajax-id=\"2697\" class=\"c-accordion__item \"\n\t\t\tdata-filter=\"om-praktiska december-2023\"\n\t\t\t>\n\t\t\t\t<h3 class=\"c-accordion__header\">\n\t\t\t\t\t\t\t\t\t\t<button class=\"c-accordion__trigger u-py-sm u-px-fluid-md-xl u-font-title-4\">\n\t\t\t\t\t\t<span>Vilken \u00e4r n\u00e4rmaste h\u00e5llplats till skolan? <\/span>\n\t\t\t\t\t\t<svg class=\"ams-icon ams-icon__arrow-down\" width=\"24\" height=\"24\" viewbox=\"0 0 24 24\" fill=\"currentColor\" aria-hidden=\"true\" xmlns=\"http:\/\/www.w3.org\/2000\/svg\">\n\t\t\t\t\t\t\t\t\t\t\t\t\t<path d=\"m11.2033 18.4294-10.872894-10.67584c-.440539-.42594-.440539-1.1147 0-1.54065l.665495-.64345c.440539-.42595 1.152899-.42595 1.593439 0l9.41066 9.27114 9.4107-9.26207c.4405-.42595 1.1529-.42595 1.5934 0l.6655.64345c.4405.42594.4405 1.1147 0 1.54065l-10.8729 10.67587c-.4405.4168-1.1529.4168-1.5934-.0091z\"\/>\n\t\t\t\t\t\n\t\t\t\t\t\t<\/svg>\n\t\t\t\t\t<\/button>\n\t\t\t\t<\/h3>\n\t\t\t\t<div class=\"c-accordion__body l-stack u-font-body\">\n\t\t\t\t\t<div class=\"c-accordion__body__inner u-p-fluid-md-xl l-stack\">\n\t\t\t\t\t\t<p><span data-sheets-root=\"1\" data-sheets-value=\"{&quot;1&quot;:2,&quot;2&quot;:&quot;Den n\u00e4rmaste h\u00e5llplatsen till skolan med kollektivtrafik \u00e4r Annetorp.&quot;}\" data-sheets-userformat=\"{&quot;2&quot;:4993,&quot;3&quot;:{&quot;1&quot;:0},&quot;10&quot;:0,&quot;11&quot;:4,&quot;12&quot;:0,&quot;15&quot;:&quot;Helvetica Neue&quot;}\" data-sheets-textstyleruns=\"{&quot;1&quot;:0}\uee10{&quot;1&quot;:60,&quot;2&quot;:{&quot;5&quot;:1}}\uee10{&quot;1&quot;:68}\">Den n\u00e4rmaste h\u00e5llplatsen till skolan med kollektivtrafik \u00e4r <strong>Annetorp<\/strong>.<\/span><\/p>\n\n\t\t\t\t\t<\/div>\n\t\t\t\t<\/div>\n\t\t\t<\/li>\n\t\t\n\t\t\t\t\t\t\t\t\t\t\t\t\t\t\t\n\t\t\t\n\t\t\t<li data-ajax-id=\"2696\" class=\"c-accordion__item \"\n\t\t\tdata-filter=\"om-praktiska december-2023\"\n\t\t\t>\n\t\t\t\t<h3 class=\"c-accordion__header\">\n\t\t\t\t\t\t\t\t\t\t<button class=\"c-accordion__trigger u-py-sm u-px-fluid-md-xl u-font-title-4\">\n\t\t\t\t\t\t<span>Hur m\u00e5nga elever g\u00e5r det p\u00e5 skolan? <\/span>\n\t\t\t\t\t\t<svg class=\"ams-icon ams-icon__arrow-down\" width=\"24\" height=\"24\" viewbox=\"0 0 24 24\" fill=\"currentColor\" aria-hidden=\"true\" xmlns=\"http:\/\/www.w3.org\/2000\/svg\">\n\t\t\t\t\t\t\t\t\t\t\t\t\t<path d=\"m11.2033 18.4294-10.872894-10.67584c-.440539-.42594-.440539-1.1147 0-1.54065l.665495-.64345c.440539-.42595 1.152899-.42595 1.593439 0l9.41066 9.27114 9.4107-9.26207c.4405-.42595 1.1529-.42595 1.5934 0l.6655.64345c.4405.42594.4405 1.1147 0 1.54065l-10.8729 10.67587c-.4405.4168-1.1529.4168-1.5934-.0091z\"\/>\n\t\t\t\t\t\n\t\t\t\t\t\t<\/svg>\n\t\t\t\t\t<\/button>\n\t\t\t\t<\/h3>\n\t\t\t\t<div class=\"c-accordion__body l-stack u-font-body\">\n\t\t\t\t\t<div class=\"c-accordion__body__inner u-p-fluid-md-xl l-stack\">\n\t\t\t\t\t\t<p><span data-sheets-root=\"1\" data-sheets-value=\"{&quot;1&quot;:2,&quot;2&quot;:&quot;Det g\u00e5r ca. 270 elever hos oss p\u00e5 Praktiska Malm\u00f6 Limhamn.&quot;}\" data-sheets-userformat=\"{&quot;2&quot;:4993,&quot;3&quot;:{&quot;1&quot;:0},&quot;10&quot;:0,&quot;11&quot;:4,&quot;12&quot;:0,&quot;15&quot;:&quot;Helvetica Neue&quot;}\">Det g\u00e5r ca. 360 elever hos oss p\u00e5 Praktiska Malm\u00f6 Limhamn.<\/span><\/p>\n\n\t\t\t\t\t<\/div>\n\t\t\t\t<\/div>\n\t\t\t<\/li>\n\t\t\t<\/ul>\n\n\t<div class=\"no-results u-mt-0 u-hide\" data-filter-fallback-id=\"ams-faq-list-69f0e1d1b13d0\">\n\t<p>Det finns inga resultat som matchar din filtrering.<\/p>\n<\/div>\n\n\t    <div class=\"ams-faq__more u-inline-items js-load-more-btn\">\n        <button href=\"#\"\n                class=\"c-btn\"\n                data-style=\"round\"\n                data-size=\"md\"\n                data-width=\"full-mobile\"\n                data-variant=\"outline\">\n        \tVisa fler resultat\n        <\/button>\n    <\/div>\n\n\n\t\t\n\t\t\t<\/div>\n\n\t\t\n\n<\/section>\n\n\n\n\n<section  class=\"ams-image-gallery ams-image-gallery--mosaic c-block l-stacked\">\n\t<div class=\"l-container l-stack l-stack-fluid-2xl u-pt-fluid-3xl-6xl u-pb-fluid-3xl-6xl is-center is-center@md\">\n\t\t\t\t\t<div class=\"ams-image-gallery__intro l-stack l-stack-lg\">\n\t\t\t\t\t\n\t<h2\n\tclass=\"c-heading u-font-title-1 \"\n\tstyle=\"\">\n\t\t\n\t\t\t\t\tSpana in v\u00e5ra lokaler\n\t\t\t\t\n\t<\/h2>\n\n\t\t\t\t\t\t\t<\/div>\n\t\t\n\t\t\t<div class=\"c-gallery\" data-variant=\"mosaic\">\n\t\t<ul class=\"c-gallery__items u-list-none swiper-wrapper\" aria-label=\"Bildgalleri\">\n\t\t\t\t\t\t\t\t\t\t\t\t<li class=\"c-gallery__item swiper-slide\">\n\t\t\t\t\t\t\t\t\t\t\t\t<a href=\"https:\/\/praktiska.se\/wp-content\/uploads\/sites\/23\/2025\/04\/praktiska-gymnasiet-malmo-limhamn-lokalbild-5-1024x683.jpg\" aria-label=\"\u00d6ppna bildgalleri lightbox\" class=\"c-gallery__link\" data-lightbox data-gallery=\"id-435959256\">\n\t\t\t\t\t\t\t<img decoding=\"async\" width=\"600\" height=\"400\" src=\"https:\/\/praktiska.se\/wp-content\/uploads\/sites\/23\/2025\/04\/praktiska-gymnasiet-malmo-limhamn-lokalbild-5-600x400.jpg\" class=\"attachment-md size-md\" alt=\"Utbildningssal med sminkstolar.\" sizes=\"(min-width: 48em) 600px, calc(100vw - 160px)\" srcset=\"https:\/\/praktiska.se\/wp-content\/uploads\/sites\/23\/2025\/04\/praktiska-gymnasiet-malmo-limhamn-lokalbild-5-600x400.jpg 600w, https:\/\/praktiska.se\/wp-content\/uploads\/sites\/23\/2025\/04\/praktiska-gymnasiet-malmo-limhamn-lokalbild-5-300x200.jpg 300w, https:\/\/praktiska.se\/wp-content\/uploads\/sites\/23\/2025\/04\/praktiska-gymnasiet-malmo-limhamn-lokalbild-5-400x267.jpg 400w, https:\/\/praktiska.se\/wp-content\/uploads\/sites\/23\/2025\/04\/praktiska-gymnasiet-malmo-limhamn-lokalbild-5-800x533.jpg 800w, https:\/\/praktiska.se\/wp-content\/uploads\/sites\/23\/2025\/04\/praktiska-gymnasiet-malmo-limhamn-lokalbild-5-1024x683.jpg 1024w, https:\/\/praktiska.se\/wp-content\/uploads\/sites\/23\/2025\/04\/praktiska-gymnasiet-malmo-limhamn-lokalbild-5-1200x800.jpg 1200w\" \/>\n\t\t\t\t\t\t<\/a>\n\t\t\t\t\t<\/li>\n\t\t\t\t\t\t\t\t\t<li class=\"c-gallery__item swiper-slide\">\n\t\t\t\t\t\t\t\t\t\t\t\t<a href=\"https:\/\/praktiska.se\/wp-content\/uploads\/sites\/23\/2025\/04\/praktiska-gymnasiet-malmo-limhamn-lokalbild-1-1024x683.jpg\" aria-label=\"\u00d6ppna bildgalleri lightbox\" class=\"c-gallery__link\" data-lightbox data-gallery=\"id-435959256\">\n\t\t\t\t\t\t\t<img decoding=\"async\" width=\"600\" height=\"400\" src=\"https:\/\/praktiska.se\/wp-content\/uploads\/sites\/23\/2025\/04\/praktiska-gymnasiet-malmo-limhamn-lokalbild-1-600x400.jpg\" class=\"attachment-md size-md\" alt=\"Skollokal med sk\u00e5p och stolar.\" sizes=\"(min-width: 48em) 600px, calc(100vw - 160px)\" srcset=\"https:\/\/praktiska.se\/wp-content\/uploads\/sites\/23\/2025\/04\/praktiska-gymnasiet-malmo-limhamn-lokalbild-1-600x400.jpg 600w, https:\/\/praktiska.se\/wp-content\/uploads\/sites\/23\/2025\/04\/praktiska-gymnasiet-malmo-limhamn-lokalbild-1-300x200.jpg 300w, https:\/\/praktiska.se\/wp-content\/uploads\/sites\/23\/2025\/04\/praktiska-gymnasiet-malmo-limhamn-lokalbild-1-400x267.jpg 400w, https:\/\/praktiska.se\/wp-content\/uploads\/sites\/23\/2025\/04\/praktiska-gymnasiet-malmo-limhamn-lokalbild-1-800x533.jpg 800w, https:\/\/praktiska.se\/wp-content\/uploads\/sites\/23\/2025\/04\/praktiska-gymnasiet-malmo-limhamn-lokalbild-1-1024x683.jpg 1024w, https:\/\/praktiska.se\/wp-content\/uploads\/sites\/23\/2025\/04\/praktiska-gymnasiet-malmo-limhamn-lokalbild-1-1200x800.jpg 1200w\" \/>\n\t\t\t\t\t\t<\/a>\n\t\t\t\t\t<\/li>\n\t\t\t\t\t\t\t\t\t<li class=\"c-gallery__item swiper-slide\">\n\t\t\t\t\t\t\t\t\t\t\t\t<a href=\"https:\/\/praktiska.se\/wp-content\/uploads\/sites\/23\/2025\/04\/praktiska-gymnasiet-malmo-limhamn-lokalbild-6-1024x683.jpg\" aria-label=\"\u00d6ppna bildgalleri lightbox\" class=\"c-gallery__link\" data-lightbox data-gallery=\"id-435959256\">\n\t\t\t\t\t\t\t<img decoding=\"async\" width=\"600\" height=\"400\" src=\"https:\/\/praktiska.se\/wp-content\/uploads\/sites\/23\/2025\/04\/praktiska-gymnasiet-malmo-limhamn-lokalbild-6-600x400.jpg\" class=\"attachment-md size-md\" alt=\"Bilverkstad.\" sizes=\"(min-width: 48em) 600px, calc(100vw - 160px)\" srcset=\"https:\/\/praktiska.se\/wp-content\/uploads\/sites\/23\/2025\/04\/praktiska-gymnasiet-malmo-limhamn-lokalbild-6-600x400.jpg 600w, https:\/\/praktiska.se\/wp-content\/uploads\/sites\/23\/2025\/04\/praktiska-gymnasiet-malmo-limhamn-lokalbild-6-300x200.jpg 300w, https:\/\/praktiska.se\/wp-content\/uploads\/sites\/23\/2025\/04\/praktiska-gymnasiet-malmo-limhamn-lokalbild-6-400x267.jpg 400w, https:\/\/praktiska.se\/wp-content\/uploads\/sites\/23\/2025\/04\/praktiska-gymnasiet-malmo-limhamn-lokalbild-6-800x533.jpg 800w, https:\/\/praktiska.se\/wp-content\/uploads\/sites\/23\/2025\/04\/praktiska-gymnasiet-malmo-limhamn-lokalbild-6-1024x683.jpg 1024w, https:\/\/praktiska.se\/wp-content\/uploads\/sites\/23\/2025\/04\/praktiska-gymnasiet-malmo-limhamn-lokalbild-6-1200x800.jpg 1200w\" \/>\n\t\t\t\t\t\t<\/a>\n\t\t\t\t\t<\/li>\n\t\t\t\t\t\t\t\t\t<li class=\"c-gallery__item swiper-slide\">\n\t\t\t\t\t\t\t\t\t\t\t\t<a href=\"https:\/\/praktiska.se\/wp-content\/uploads\/sites\/23\/2025\/04\/praktiska-gymnasiet-malmo-limhamn-lokalbild-9-1024x683.jpg\" aria-label=\"\u00d6ppna bildgalleri lightbox\" class=\"c-gallery__link\" data-lightbox data-gallery=\"id-435959256\">\n\t\t\t\t\t\t\t<img decoding=\"async\" width=\"600\" height=\"400\" src=\"https:\/\/praktiska.se\/wp-content\/uploads\/sites\/23\/2025\/04\/praktiska-gymnasiet-malmo-limhamn-lokalbild-9-600x400.jpg\" class=\"attachment-md size-md\" alt=\"Gym\" sizes=\"(min-width: 48em) 600px, calc(100vw - 160px)\" srcset=\"https:\/\/praktiska.se\/wp-content\/uploads\/sites\/23\/2025\/04\/praktiska-gymnasiet-malmo-limhamn-lokalbild-9-600x400.jpg 600w, https:\/\/praktiska.se\/wp-content\/uploads\/sites\/23\/2025\/04\/praktiska-gymnasiet-malmo-limhamn-lokalbild-9-300x200.jpg 300w, https:\/\/praktiska.se\/wp-content\/uploads\/sites\/23\/2025\/04\/praktiska-gymnasiet-malmo-limhamn-lokalbild-9-400x267.jpg 400w, https:\/\/praktiska.se\/wp-content\/uploads\/sites\/23\/2025\/04\/praktiska-gymnasiet-malmo-limhamn-lokalbild-9-800x533.jpg 800w, https:\/\/praktiska.se\/wp-content\/uploads\/sites\/23\/2025\/04\/praktiska-gymnasiet-malmo-limhamn-lokalbild-9-1024x683.jpg 1024w, https:\/\/praktiska.se\/wp-content\/uploads\/sites\/23\/2025\/04\/praktiska-gymnasiet-malmo-limhamn-lokalbild-9-1200x800.jpg 1200w\" \/>\n\t\t\t\t\t\t<\/a>\n\t\t\t\t\t<\/li>\n\t\t\t\t\t\t\t\t\t<li class=\"c-gallery__item swiper-slide\">\n\t\t\t\t\t\t\t\t\t\t\t\t<a href=\"https:\/\/praktiska.se\/wp-content\/uploads\/sites\/23\/2025\/04\/praktiska-gymnasiet-malmo-limhamn-lokalbild-8-1024x683.jpg\" aria-label=\"\u00d6ppna bildgalleri lightbox\" class=\"c-gallery__link\" data-lightbox data-gallery=\"id-435959256\">\n\t\t\t\t\t\t\t<img decoding=\"async\" width=\"600\" height=\"400\" src=\"https:\/\/praktiska.se\/wp-content\/uploads\/sites\/23\/2025\/04\/praktiska-gymnasiet-malmo-limhamn-lokalbild-8-600x400.jpg\" class=\"attachment-md size-md\" alt=\"Skollokal med sk\u00e5p och ett pingisbord.\" sizes=\"(min-width: 48em) 600px, calc(100vw - 160px)\" srcset=\"https:\/\/praktiska.se\/wp-content\/uploads\/sites\/23\/2025\/04\/praktiska-gymnasiet-malmo-limhamn-lokalbild-8-600x400.jpg 600w, https:\/\/praktiska.se\/wp-content\/uploads\/sites\/23\/2025\/04\/praktiska-gymnasiet-malmo-limhamn-lokalbild-8-300x200.jpg 300w, https:\/\/praktiska.se\/wp-content\/uploads\/sites\/23\/2025\/04\/praktiska-gymnasiet-malmo-limhamn-lokalbild-8-400x267.jpg 400w, https:\/\/praktiska.se\/wp-content\/uploads\/sites\/23\/2025\/04\/praktiska-gymnasiet-malmo-limhamn-lokalbild-8-800x533.jpg 800w, https:\/\/praktiska.se\/wp-content\/uploads\/sites\/23\/2025\/04\/praktiska-gymnasiet-malmo-limhamn-lokalbild-8-1024x683.jpg 1024w, https:\/\/praktiska.se\/wp-content\/uploads\/sites\/23\/2025\/04\/praktiska-gymnasiet-malmo-limhamn-lokalbild-8-1200x800.jpg 1200w\" \/>\n\t\t\t\t\t\t<\/a>\n\t\t\t\t\t<\/li>\n\t\t\t\t\t\t\t\t\t<\/ul>\n\n\t\t<div class=\"c-gallery__meta\">\n\t\t\t<div class=\"c-gallery__num u-font-small\"><\/div>\n\t\t\t<div class=\"c-gallery__nav\">\n\t\t\t\t<button class=\"prev c-btn\" aria-label=\"Previous\">\n\t\t\t\t\t<svg class=\"ams-icon ams-icon--arrow-left-small\" viewBox=\"0 0 32 32\" fill=\"currentColor\" aria-hidden=\"true\" xmlns=\"http:\/\/www.w3.org\/2000\/svg\">\n\t\t\t\t\t\t<path d=\"M5.26 16.43L12.12 23.29C12.35 23.52 12.74 23.52 12.97 23.29L13.53 22.73C13.76 22.5 13.76 22.11 13.53 21.88L8.66 17.01L26.4 17.01C26.73 17.01 27 16.74 27 16.41L27 15.61C27 15.28 26.73 15.01 26.4 15.01L8.67 15.01L13.54 10.14C13.77 9.90999 13.77 9.51999 13.54 9.28999L12.98 8.72999C12.75 8.49999 12.36 8.49999 12.13 8.72999L5.27 15.59C5.04 15.82 5.04 16.21 5.27 16.44L5.26 16.43Z\"\/>\n\t\t\t\t\t<\/svg>\n\t\t\t\t<\/button>\n\t\t\t\t<button class=\"next c-btn\" aria-label=\"Next\">\n\t\t\t\t\t<svg class=\"ams-icon ams-icon--arrow-right-small\" viewBox=\"0 0 32 32\" fill=\"currentColor\" aria-hidden=\"true\" xmlns=\"http:\/\/www.w3.org\/2000\/svg\">\n\t\t\t\t\t\t<path d=\"M26.74 15.57L19.88 8.71001C19.65 8.48001 19.26 8.48001 19.03 8.71001L18.47 9.27001C18.24 9.50001 18.24 9.89001 18.47 10.12L23.34 14.99H5.6C5.27 14.99 5 15.26 5 15.59V16.39C5 16.72 5.27 16.99 5.6 16.99H23.33L18.46 21.86C18.23 22.09 18.23 22.48 18.46 22.71L19.02 23.27C19.25 23.5 19.64 23.5 19.87 23.27L26.73 16.41C26.96 16.18 26.96 15.79 26.73 15.56L26.74 15.57Z\"\/>\n\t\t\t\t\t<\/svg>\n\t\t\t\t<\/button>\n\t\t\t<\/div>\n\t\t<\/div>\n\t<\/div>\n\n\t\t\t<\/div>\n\n\t\t\n\n<\/section>\n\n\n\n\t<div class=\"module_wrapper ams_remote_pages_module \">\n\t\t\n\n<section  class=\"ams-cta ams-cta--stacked c-block l-stacked\" data-color-scheme=\"gray\">\n\t<div class=\"l-container-narrow l-stack l-stack-fluid-2xl u-pt-fluid-3xl-6xl u-pb-fluid-3xl-6xl is-center is-center@md\">\n\t\t\t\t\t<div class=\"ams-cta__intro l-stack l-stack-lg\">\n\t\t\t\t\t\n\t<h2\n\tclass=\"c-heading u-font-title-1 \"\n\tstyle=\"\">\n\t\t\n\t\t\t\t\tHittar du inte svaret p\u00e5 din fr\u00e5ga?\n\t\t\t\t\n\t<\/h2>\n\n\t\t\t\t\t\t\t\t\t<div class=\"c-text l-stack u-cs-xl u-font-body\">\n\t\t\t\t\t\t<p><span data-sheets-root=\"1\" data-sheets-value=\"{&quot;1&quot;:2,&quot;2&quot;:&quot;Om du har fr\u00e5gor eller funderingar \u00e4r du v\u00e4lkommen att kontakta oss. &quot;}\" data-sheets-userformat=\"{&quot;2&quot;:4993,&quot;3&quot;:{&quot;1&quot;:0},&quot;10&quot;:0,&quot;11&quot;:4,&quot;12&quot;:0,&quot;15&quot;:&quot;Helvetica Neue&quot;}\">Om du har fr\u00e5gor eller funderingar \u00e4r du v\u00e4lkommen att kontakta oss. <\/span><\/p>\n\n\t\t\t\t\t<\/div>\n\t\t\t\t\t\t\t<\/div>\n\t\t\n\t\t\n\t\t\t<div class=\"ams-cta__action u-inline-items\">\n\t\t\t\t\t\t\t\n\n\n<a href=\"https:\/\/praktiska.se\/malmo-limhamn\/kontakt\/\"\n\t\n\tclass=\"c-btn \"\n\tdata-style=\"round\"\n\tdata-size=\"md\"\n\tdata-width=\"full-mobile\"\n\tdata-variant=\"default\"\n\ttarget=\"_self\">\n\t\t\t<span class=\"label\"> Kontakta oss<\/span>\n\t\t\t<\/a>\n\t\t\t<\/div>\n\t<\/div>\n\n\t\t\n\n<\/section>\n\t<\/div>\n\n\t","protected":false},"excerpt":{"rendered":"","protected":false},"author":1,"featured_media":0,"parent":0,"menu_order":0,"comment_status":"closed","ping_status":"closed","template":"","meta":{"footnotes":""},"yoast_head":"<!-- This site is optimized with the Yoast SEO plugin v22.0 - https:\/\/yoast.com\/wordpress\/plugins\/seo\/ -->\n<title>Om Praktiska - Praktiska Gymnasiet Malm\u00f6 Limhamn<\/title>\n<meta name=\"description\" content=\"H\u00e4r kan du l\u00e4sa mer om v\u00e5r skola. Ta del av vad elever tycker om skolan. Du f\u00e5r ocks\u00e5 mer information om APL och l\u00e4rling hos oss.\" \/>\n<meta name=\"robots\" content=\"index, follow, max-snippet:-1, max-image-preview:large, max-video-preview:-1\" \/>\n<link rel=\"canonical\" href=\"https:\/\/praktiska.se\/malmo-limhamn\/om-praktiska\/\" \/>\n<meta property=\"og:locale\" content=\"sv_SE\" \/>\n<meta property=\"og:type\" content=\"article\" \/>\n<meta property=\"og:title\" content=\"Om Praktiska - Praktiska Gymnasiet Malm\u00f6 Limhamn\" \/>\n<meta property=\"og:description\" content=\"H\u00e4r kan du l\u00e4sa mer om v\u00e5r skola. Ta del av vad elever tycker om skolan. Du f\u00e5r ocks\u00e5 mer information om APL och l\u00e4rling hos oss.\" \/>\n<meta property=\"og:url\" content=\"https:\/\/praktiska.se\/malmo-limhamn\/om-praktiska\/\" \/>\n<meta property=\"og:site_name\" content=\"Malm\u00f6 Limhamn\" \/>\n<meta property=\"article:modified_time\" content=\"2026-04-20T13:18:56+00:00\" \/>\n<meta name=\"twitter:card\" content=\"summary_large_image\" \/>\n<meta name=\"twitter:title\" content=\"Om Praktiska - Praktiska Gymnasiet Malm\u00f6 Limhamn\" \/>\n<meta name=\"twitter:description\" content=\"H\u00e4r kan du l\u00e4sa mer om v\u00e5r skola. Ta del av vad elever tycker om skolan. Du f\u00e5r ocks\u00e5 mer information om APL och l\u00e4rling hos oss.\" \/>\n<meta name=\"twitter:label1\" content=\"Est. reading time\" \/>\n\t<meta name=\"twitter:data1\" content=\"2 minuter\" \/>\n<script type=\"application\/ld+json\" class=\"yoast-schema-graph\">{\"@context\":\"https:\/\/schema.org\",\"@graph\":[{\"@type\":\"WebPage\",\"@id\":\"https:\/\/praktiska.se\/malmo-limhamn\/om-praktiska\/\",\"url\":\"https:\/\/praktiska.se\/malmo-limhamn\/om-praktiska\/\",\"name\":\"Om Praktiska - Praktiska Gymnasiet Malm\u00f6 Limhamn\",\"isPartOf\":{\"@id\":\"https:\/\/praktiska.se\/malmo-limhamn\/#website\"},\"datePublished\":\"2023-03-03T14:28:56+00:00\",\"dateModified\":\"2026-04-20T13:18:56+00:00\",\"description\":\"H\u00e4r kan du l\u00e4sa mer om v\u00e5r skola. Ta del av vad elever tycker om skolan. Du f\u00e5r ocks\u00e5 mer information om APL och l\u00e4rling hos oss.\",\"breadcrumb\":{\"@id\":\"https:\/\/praktiska.se\/malmo-limhamn\/om-praktiska\/#breadcrumb\"},\"inLanguage\":\"sv-SE\",\"potentialAction\":[{\"@type\":\"ReadAction\",\"target\":[\"https:\/\/praktiska.se\/malmo-limhamn\/om-praktiska\/\"]}]},{\"@type\":\"BreadcrumbList\",\"@id\":\"https:\/\/praktiska.se\/malmo-limhamn\/om-praktiska\/#breadcrumb\",\"itemListElement\":[{\"@type\":\"ListItem\",\"position\":1,\"name\":\"Start\",\"item\":\"https:\/\/praktiska.se\/malmo-limhamn\/\"},{\"@type\":\"ListItem\",\"position\":2,\"name\":\"Om Praktiska\"}]},{\"@type\":\"WebSite\",\"@id\":\"https:\/\/praktiska.se\/malmo-limhamn\/#website\",\"url\":\"https:\/\/praktiska.se\/malmo-limhamn\/\",\"name\":\"Malm\u00f6 Limhamn\",\"description\":\"Vi utbildar framtidens arbetskraft\",\"potentialAction\":[{\"@type\":\"SearchAction\",\"target\":{\"@type\":\"EntryPoint\",\"urlTemplate\":\"https:\/\/praktiska.se\/malmo-limhamn\/?s={search_term_string}\"},\"query-input\":\"required name=search_term_string\"}],\"inLanguage\":\"sv-SE\"}]}<\/script>\n<!-- \/ Yoast SEO plugin. -->","yoast_head_json":{"title":"Om Praktiska - Praktiska Gymnasiet Malm\u00f6 Limhamn","description":"H\u00e4r kan du l\u00e4sa mer om v\u00e5r skola. Ta del av vad elever tycker om skolan. Du f\u00e5r ocks\u00e5 mer information om APL och l\u00e4rling hos oss.","robots":{"index":"index","follow":"follow","max-snippet":"max-snippet:-1","max-image-preview":"max-image-preview:large","max-video-preview":"max-video-preview:-1"},"canonical":"https:\/\/praktiska.se\/malmo-limhamn\/om-praktiska\/","og_locale":"sv_SE","og_type":"article","og_title":"Om Praktiska - Praktiska Gymnasiet Malm\u00f6 Limhamn","og_description":"H\u00e4r kan du l\u00e4sa mer om v\u00e5r skola. Ta del av vad elever tycker om skolan. Du f\u00e5r ocks\u00e5 mer information om APL och l\u00e4rling hos oss.","og_url":"https:\/\/praktiska.se\/malmo-limhamn\/om-praktiska\/","og_site_name":"Malm\u00f6 Limhamn","article_modified_time":"2026-04-20T13:18:56+00:00","twitter_card":"summary_large_image","twitter_title":"Om Praktiska - Praktiska Gymnasiet Malm\u00f6 Limhamn","twitter_description":"H\u00e4r kan du l\u00e4sa mer om v\u00e5r skola. Ta del av vad elever tycker om skolan. Du f\u00e5r ocks\u00e5 mer information om APL och l\u00e4rling hos oss.","twitter_misc":{"Est. reading time":"2 minuter"},"schema":{"@context":"https:\/\/schema.org","@graph":[{"@type":"WebPage","@id":"https:\/\/praktiska.se\/malmo-limhamn\/om-praktiska\/","url":"https:\/\/praktiska.se\/malmo-limhamn\/om-praktiska\/","name":"Om Praktiska - Praktiska Gymnasiet Malm\u00f6 Limhamn","isPartOf":{"@id":"https:\/\/praktiska.se\/malmo-limhamn\/#website"},"datePublished":"2023-03-03T14:28:56+00:00","dateModified":"2026-04-20T13:18:56+00:00","description":"H\u00e4r kan du l\u00e4sa mer om v\u00e5r skola. Ta del av vad elever tycker om skolan. Du f\u00e5r ocks\u00e5 mer information om APL och l\u00e4rling hos oss.","breadcrumb":{"@id":"https:\/\/praktiska.se\/malmo-limhamn\/om-praktiska\/#breadcrumb"},"inLanguage":"sv-SE","potentialAction":[{"@type":"ReadAction","target":["https:\/\/praktiska.se\/malmo-limhamn\/om-praktiska\/"]}]},{"@type":"BreadcrumbList","@id":"https:\/\/praktiska.se\/malmo-limhamn\/om-praktiska\/#breadcrumb","itemListElement":[{"@type":"ListItem","position":1,"name":"Start","item":"https:\/\/praktiska.se\/malmo-limhamn\/"},{"@type":"ListItem","position":2,"name":"Om Praktiska"}]},{"@type":"WebSite","@id":"https:\/\/praktiska.se\/malmo-limhamn\/#website","url":"https:\/\/praktiska.se\/malmo-limhamn\/","name":"Malm\u00f6 Limhamn","description":"Vi utbildar framtidens arbetskraft","potentialAction":[{"@type":"SearchAction","target":{"@type":"EntryPoint","urlTemplate":"https:\/\/praktiska.se\/malmo-limhamn\/?s={search_term_string}"},"query-input":"required name=search_term_string"}],"inLanguage":"sv-SE"}]}},"_links":{"self":[{"href":"https:\/\/praktiska.se\/malmo-limhamn\/wp-json\/wp\/v2\/pages\/412"}],"collection":[{"href":"https:\/\/praktiska.se\/malmo-limhamn\/wp-json\/wp\/v2\/pages"}],"about":[{"href":"https:\/\/praktiska.se\/malmo-limhamn\/wp-json\/wp\/v2\/types\/page"}],"author":[{"embeddable":true,"href":"https:\/\/praktiska.se\/malmo-limhamn\/wp-json\/wp\/v2\/users\/1"}],"replies":[{"embeddable":true,"href":"https:\/\/praktiska.se\/malmo-limhamn\/wp-json\/wp\/v2\/comments?post=412"}],"version-history":[{"count":10,"href":"https:\/\/praktiska.se\/malmo-limhamn\/wp-json\/wp\/v2\/pages\/412\/revisions"}],"predecessor-version":[{"id":3531,"href":"https:\/\/praktiska.se\/malmo-limhamn\/wp-json\/wp\/v2\/pages\/412\/revisions\/3531"}],"wp:attachment":[{"href":"https:\/\/praktiska.se\/malmo-limhamn\/wp-json\/wp\/v2\/media?parent=412"}],"curies":[{"name":"wp","href":"https:\/\/api.w.org\/{rel}","templated":true}]}}