{"id":3244,"date":"2025-02-10T14:18:16","date_gmt":"2025-02-10T13:18:16","guid":{"rendered":"https:\/\/praktiska.se\/malmo-limhamn\/?page_id=3244"},"modified":"2026-01-16T11:44:12","modified_gmt":"2026-01-16T10:44:12","slug":"kamerabevakning","status":"publish","type":"page","link":"https:\/\/praktiska.se\/malmo-limhamn\/kamerabevakning\/","title":{"rendered":"Kamerabevakning"},"content":{"rendered":"\n<h1 class=\"wp-block-heading\">Information om kamerabevakning<\/h1>\n\n\n\n<p   class=\"site__ingress container text-left  site__text-color--dark  site__free_text--ingress p-0\">\n\tDu som bes\u00f6ker skolan har r\u00e4tt att f\u00e5 information om hur huvudmannen\/skolan behandlar personuppgifter med anledningen av skolans kamerabevakning. Vissa av skolans utrymmen bevakas med hj\u00e4lp av bevakningskameror. P\u00e5 de omr\u00e5den detta sker finns skyltar som informerar om att omr\u00e5det \u00e4r kamerabevakat. Ifall du r\u00f6r dig inom det omr\u00e5det, kommer du att synas p\u00e5 skolans bevakningsmonitorer.<\/p>\n\n\n\n\n\n<p>Den som \u00e4r ansvarig f\u00f6r kamera\u00f6vervakningen p\u00e5&nbsp;<strong>Praktiska gymnasiet Limhamn<\/strong>&nbsp;\u00e4r huvudmannen, allts\u00e5&nbsp;<strong>Praktiska Sverige AB<\/strong>. Huvudmannen \u00e4r d\u00e4rmed ocks\u00e5 personuppgiftsansvarig.<\/p>\n\n\n\n<p>Syftet med bevakningen i skolans lokaler \u00e4r att&nbsp;<strong>fr\u00e4mja tryggheten och f\u00f6rebygga f\u00f6rst\u00f6relse<\/strong>. Skolan har r\u00e4tt att behandla och bevara bilder som spelas in via bevakningskamerorna. Bildmaterialet sparas som huvudregel i fyra (4) dagar, men kan sparas under en l\u00e4ngre period beroende p\u00e5 \u00e4ndam\u00e5let med materialet.<\/p>\n\n\n\n<p>Den r\u00e4ttsliga grunden f\u00f6r behandlingen \u00e4r intresseavv\u00e4gning. Skolan har ett intresse av att&nbsp;<strong>f\u00f6rebygga st\u00f6lder och f\u00f6rst\u00f6relse, fr\u00e4mja trygghet och s\u00e4kerhet och f\u00f6rhindra kr\u00e4nkande behandling<\/strong>.<\/p>\n\n\n\n<p>Inspelat material f\u00f6rvaras p\u00e5 s\u00e4rskilt datalagringsmedia i kamerabevakningsutrustningen. Beh\u00f6righet att f\u00e5 tillg\u00e5ng till materialet \u00e4r begr\u00e4nsad. Materialet hanteras med sekretess i enlighet med 22 \u00a7 kamerabevakningslagen. Skolan kan l\u00e4mna ut materialet till polisen om det f\u00f6religger misstanke om brott.<\/p>\n\n\n\n<p>Du har r\u00e4tt att beg\u00e4ra att f\u00e5 veta om skolan behandlar personuppgifter som r\u00f6r dig och i s\u00e5 fall f\u00e5 del av uppgifterna och viss information om behandlingen (ett s\u00e5 kallat registerutdrag). Om du beg\u00e4r registerutdrag mer \u00e4n en g\u00e5ng per \u00e5r kan skolan komma att avsl\u00e5 din beg\u00e4ran eller ta ut en rimlig avgift f\u00f6r den.<\/p>\n\n\n\n<p>Du har \u00e4ven bland annat r\u00e4tt att beg\u00e4ra radering av dina personuppgifter, g\u00f6ra inv\u00e4ndningar mot behandlingen och beg\u00e4ra begr\u00e4nsning av behandlingen av dem. Om du beg\u00e4r r\u00e4ttelse, radering, inv\u00e4nder mot behandlingen eller beg\u00e4r begr\u00e4nsning av den kommer skolan att pr\u00f6va om den \u00e5tg\u00e4rd du beg\u00e4r ska vidtas eller inte.<\/p>\n\n\n\n<p><strong>Du har r\u00e4tt att klaga till Integritetsskyddsmyndigheten (IMY)<\/strong>:<br>Om du anser att skolan har behandlat dina personuppgifter p\u00e5 ett s\u00e4tt som st\u00e5r i strid med g\u00e4llande best\u00e4mmelser om behandling av s\u00e5dana uppgifter, kan du v\u00e4nda dig till Integritetsskyddsmyndigheten (IMY) med klagom\u00e5l. Du kan komma i kontakt med IMY via\u00a0<a href=\"mailto:imy@imy.se\" target=\"_blank\" rel=\"noreferrer noopener\">epost<\/a>.\u00a0 Du kan \u00e4ven ringa dem p\u00e5\u00a0<a href=\"tel:08-657%2061%2000\" target=\"_blank\" rel=\"noreferrer noopener\">08-657 61 00<\/a>\u00a0eller n\u00e5 dem per post p\u00e5 adress: IMY, Box 8114, 104 20 Stockholm.<\/p>\n\n\n\n<p><strong>Vid fr\u00e5gor:<\/strong><br>Om du har fr\u00e5gor n\u00e4r det g\u00e4ller skolans personuppgiftsbehandling kan v\u00e4nda dig till skolans dataskyddsombud <strong><a href=\"mailto:dataskydd@academedia.se\" target=\"_blank\" rel=\"noreferrer noopener\">dataskydd@academedia.se<\/a><\/strong>.<\/p>\n","protected":false},"excerpt":{"rendered":"<p>Information om kamerabevakning Den som \u00e4r ansvarig f\u00f6r kamera\u00f6vervakningen p\u00e5&nbsp;Praktiska gymnasiet Limhamn&nbsp;\u00e4r huvudmannen, allts\u00e5&nbsp;Praktiska Sverige AB. Huvudmannen \u00e4r d\u00e4rmed ocks\u00e5 personuppgiftsansvarig. Syftet med bevakningen i skolans lokaler \u00e4r att&nbsp;fr\u00e4mja tryggheten och f\u00f6rebygga f\u00f6rst\u00f6relse. Skolan har r\u00e4tt att behandla och bevara bilder som spelas in via bevakningskamerorna. Bildmaterialet sparas som huvudregel i fyra (4) dagar, men&#8230;<\/p>\n","protected":false},"author":17,"featured_media":0,"parent":0,"menu_order":0,"comment_status":"closed","ping_status":"closed","template":"","meta":{"footnotes":""},"yoast_head":"<!-- This site is optimized with the Yoast SEO plugin v22.0 - https:\/\/yoast.com\/wordpress\/plugins\/seo\/ -->\n<title>Malm\u00f6 Limhamn<\/title>\n<meta name=\"description\" content=\"Kamerabevakning i skolans lokaler fr\u00e4mjar trygghet och f\u00f6rebygger f\u00f6rst\u00f6relse. L\u00e4s mer om kamerabevakningen h\u00e4r!\" \/>\n<meta name=\"robots\" content=\"index, follow, max-snippet:-1, max-image-preview:large, max-video-preview:-1\" \/>\n<link rel=\"canonical\" href=\"https:\/\/praktiska.se\/malmo-limhamn\/kamerabevakning\/\" \/>\n<meta property=\"og:locale\" content=\"sv_SE\" \/>\n<meta property=\"og:type\" content=\"article\" \/>\n<meta property=\"og:description\" content=\"Kamerabevakning i skolans lokaler fr\u00e4mjar trygghet och f\u00f6rebygger f\u00f6rst\u00f6relse. L\u00e4s mer om kamerabevakningen h\u00e4r!\" \/>\n<meta property=\"og:url\" content=\"https:\/\/praktiska.se\/malmo-limhamn\/kamerabevakning\/\" \/>\n<meta property=\"og:site_name\" content=\"Malm\u00f6 Limhamn\" \/>\n<meta property=\"article:modified_time\" content=\"2026-01-16T10:44:12+00:00\" \/>\n<meta name=\"twitter:card\" content=\"summary_large_image\" \/>\n<meta name=\"twitter:description\" content=\"Kamerabevakning i skolans lokaler fr\u00e4mjar trygghet och f\u00f6rebygger f\u00f6rst\u00f6relse. L\u00e4s mer om kamerabevakningen h\u00e4r!\" \/>\n<meta name=\"twitter:label1\" content=\"Est. reading time\" \/>\n\t<meta name=\"twitter:data1\" content=\"2 minuter\" \/>\n<script type=\"application\/ld+json\" class=\"yoast-schema-graph\">{\"@context\":\"https:\/\/schema.org\",\"@graph\":[{\"@type\":\"WebPage\",\"@id\":\"https:\/\/praktiska.se\/malmo-limhamn\/kamerabevakning\/\",\"url\":\"https:\/\/praktiska.se\/malmo-limhamn\/kamerabevakning\/\",\"name\":\"Kamerabevakning - Malm\u00f6 Limhamn\",\"isPartOf\":{\"@id\":\"https:\/\/praktiska.se\/malmo-limhamn\/#website\"},\"datePublished\":\"2025-02-10T13:18:16+00:00\",\"dateModified\":\"2026-01-16T10:44:12+00:00\",\"description\":\"Kamerabevakning i skolans lokaler fr\u00e4mjar trygghet och f\u00f6rebygger f\u00f6rst\u00f6relse. L\u00e4s mer om kamerabevakningen h\u00e4r!\",\"breadcrumb\":{\"@id\":\"https:\/\/praktiska.se\/malmo-limhamn\/kamerabevakning\/#breadcrumb\"},\"inLanguage\":\"sv-SE\",\"potentialAction\":[{\"@type\":\"ReadAction\",\"target\":[\"https:\/\/praktiska.se\/malmo-limhamn\/kamerabevakning\/\"]}]},{\"@type\":\"BreadcrumbList\",\"@id\":\"https:\/\/praktiska.se\/malmo-limhamn\/kamerabevakning\/#breadcrumb\",\"itemListElement\":[{\"@type\":\"ListItem\",\"position\":1,\"name\":\"Start\",\"item\":\"https:\/\/praktiska.se\/malmo-limhamn\/\"},{\"@type\":\"ListItem\",\"position\":2,\"name\":\"Kamerabevakning\"}]},{\"@type\":\"WebSite\",\"@id\":\"https:\/\/praktiska.se\/malmo-limhamn\/#website\",\"url\":\"https:\/\/praktiska.se\/malmo-limhamn\/\",\"name\":\"Malm\u00f6 Limhamn\",\"description\":\"Vi utbildar framtidens arbetskraft\",\"potentialAction\":[{\"@type\":\"SearchAction\",\"target\":{\"@type\":\"EntryPoint\",\"urlTemplate\":\"https:\/\/praktiska.se\/malmo-limhamn\/?s={search_term_string}\"},\"query-input\":\"required name=search_term_string\"}],\"inLanguage\":\"sv-SE\"}]}<\/script>\n<!-- \/ Yoast SEO plugin. -->","yoast_head_json":{"title":"Malm\u00f6 Limhamn","description":"Kamerabevakning i skolans lokaler fr\u00e4mjar trygghet och f\u00f6rebygger f\u00f6rst\u00f6relse. L\u00e4s mer om kamerabevakningen h\u00e4r!","robots":{"index":"index","follow":"follow","max-snippet":"max-snippet:-1","max-image-preview":"max-image-preview:large","max-video-preview":"max-video-preview:-1"},"canonical":"https:\/\/praktiska.se\/malmo-limhamn\/kamerabevakning\/","og_locale":"sv_SE","og_type":"article","og_description":"Kamerabevakning i skolans lokaler fr\u00e4mjar trygghet och f\u00f6rebygger f\u00f6rst\u00f6relse. L\u00e4s mer om kamerabevakningen h\u00e4r!","og_url":"https:\/\/praktiska.se\/malmo-limhamn\/kamerabevakning\/","og_site_name":"Malm\u00f6 Limhamn","article_modified_time":"2026-01-16T10:44:12+00:00","twitter_card":"summary_large_image","twitter_description":"Kamerabevakning i skolans lokaler fr\u00e4mjar trygghet och f\u00f6rebygger f\u00f6rst\u00f6relse. L\u00e4s mer om kamerabevakningen h\u00e4r!","twitter_misc":{"Est. reading time":"2 minuter"},"schema":{"@context":"https:\/\/schema.org","@graph":[{"@type":"WebPage","@id":"https:\/\/praktiska.se\/malmo-limhamn\/kamerabevakning\/","url":"https:\/\/praktiska.se\/malmo-limhamn\/kamerabevakning\/","name":"Kamerabevakning - Malm\u00f6 Limhamn","isPartOf":{"@id":"https:\/\/praktiska.se\/malmo-limhamn\/#website"},"datePublished":"2025-02-10T13:18:16+00:00","dateModified":"2026-01-16T10:44:12+00:00","description":"Kamerabevakning i skolans lokaler fr\u00e4mjar trygghet och f\u00f6rebygger f\u00f6rst\u00f6relse. L\u00e4s mer om kamerabevakningen h\u00e4r!","breadcrumb":{"@id":"https:\/\/praktiska.se\/malmo-limhamn\/kamerabevakning\/#breadcrumb"},"inLanguage":"sv-SE","potentialAction":[{"@type":"ReadAction","target":["https:\/\/praktiska.se\/malmo-limhamn\/kamerabevakning\/"]}]},{"@type":"BreadcrumbList","@id":"https:\/\/praktiska.se\/malmo-limhamn\/kamerabevakning\/#breadcrumb","itemListElement":[{"@type":"ListItem","position":1,"name":"Start","item":"https:\/\/praktiska.se\/malmo-limhamn\/"},{"@type":"ListItem","position":2,"name":"Kamerabevakning"}]},{"@type":"WebSite","@id":"https:\/\/praktiska.se\/malmo-limhamn\/#website","url":"https:\/\/praktiska.se\/malmo-limhamn\/","name":"Malm\u00f6 Limhamn","description":"Vi utbildar framtidens arbetskraft","potentialAction":[{"@type":"SearchAction","target":{"@type":"EntryPoint","urlTemplate":"https:\/\/praktiska.se\/malmo-limhamn\/?s={search_term_string}"},"query-input":"required name=search_term_string"}],"inLanguage":"sv-SE"}]}},"_links":{"self":[{"href":"https:\/\/praktiska.se\/malmo-limhamn\/wp-json\/wp\/v2\/pages\/3244"}],"collection":[{"href":"https:\/\/praktiska.se\/malmo-limhamn\/wp-json\/wp\/v2\/pages"}],"about":[{"href":"https:\/\/praktiska.se\/malmo-limhamn\/wp-json\/wp\/v2\/types\/page"}],"author":[{"embeddable":true,"href":"https:\/\/praktiska.se\/malmo-limhamn\/wp-json\/wp\/v2\/users\/17"}],"replies":[{"embeddable":true,"href":"https:\/\/praktiska.se\/malmo-limhamn\/wp-json\/wp\/v2\/comments?post=3244"}],"version-history":[{"count":6,"href":"https:\/\/praktiska.se\/malmo-limhamn\/wp-json\/wp\/v2\/pages\/3244\/revisions"}],"predecessor-version":[{"id":3250,"href":"https:\/\/praktiska.se\/malmo-limhamn\/wp-json\/wp\/v2\/pages\/3244\/revisions\/3250"}],"wp:attachment":[{"href":"https:\/\/praktiska.se\/malmo-limhamn\/wp-json\/wp\/v2\/media?parent=3244"}],"curies":[{"name":"wp","href":"https:\/\/api.w.org\/{rel}","templated":true}]}}