{"id":2314,"date":"2023-11-21T18:12:06","date_gmt":"2023-11-21T17:12:06","guid":{"rendered":"https:\/\/praktiska.se\/malmo-limhamn\/?page_id=2314"},"modified":"2025-01-16T14:30:29","modified_gmt":"2025-01-16T13:30:29","slug":"artiklar","status":"publish","type":"page","link":"https:\/\/praktiska.se\/malmo-limhamn\/artiklar\/","title":{"rendered":"Artiklar"},"content":{"rendered":"\n\n\n<section  class=\"ams-article c-block l-stacked js-load-more\" data-color-scheme=\"kort-vit-bakgrund\" data-count=\"3\" data-count-mobile=\"2\">\n\t<div class=\"l-container l-stack l-stack-fluid-2xl u-pt-fluid-3xl-6xl u-pb-fluid-3xl-6xl is-center is-center@md\">\n\t\t\t\t\t<div class=\"ams-article__intro l-stack l-stack-lg\">\n\t\t\t\t\t\n\t<h1\n\tclass=\"c-heading u-font-title-1 \"\n\tstyle=\"\">\n\t\t\n\t\t\t\t\tNyheter och intervjuer\n\t\t\t\t\n\t<\/h1>\n\n\t\t\t\t\t\t\t<\/div>\n\t\t\n\t\t\t\t<div class=\"ams-filters u-inline-items c-filter\">\n\n\t\t\t\t\t<div>\n\t    \t    <div\n\t\t\t\tclass=\"c-select c-select--multi js-multi-select\"\n\t\t\t\tdata-button-class=\"c-btn c-btn--filter\"\n\t\t\t\tdata-no-selected-label=\"V\u00e4lj kategori\"\n\t\t\t\tdata-multi-selected-label=\"{n} alternativ valda\"\n\t\t\t\tdata-multi-selected-n=\"2\"\n\t\t\t\tdata-button-variant=\"outline\"\n\t\t\t\tdata-button-style=\"square\">\n\t\t\t\t\t<select class=\"c-select__input c-btn c-btn--filter\" name=\"filter-by-categories\" id=\"filter-by-categories\" multiple aria-controls=\"ams-article-list-6a9ae7131221b\" data-filter=\"true\">\n\t\t\t\t\t\t\t\t\t\t\t        <option value=\"elevintervju\">Elevintervju<\/option>\n\t\t\t\t\t    \t\t\t\t\t        <option value=\"intervju\">Intervju<\/option>\n\t\t\t\t\t    \t\t\t\t\t        <option value=\"lararintervju\">L\u00e4rarintervju<\/option>\n\t\t\t\t\t    \t\t\t\t\t        <option value=\"nyheter\">Nyheter<\/option>\n\t\t\t\t\t    \t\t\t\t\t        <option value=\"student\">Student<\/option>\n\t\t\t\t\t    \t\t\t\t\t        <option value=\"utlandspraktik\">Utlandspraktik<\/option>\n\t\t\t\t\t    \t\t\t\t\t<\/select>\n\t    \t        <svg class=\"ams-icon ams-icon__arrow-down\" width=\"24\" height=\"24\" viewBox=\"0 0 24 24\" fill=\"currentColor\" aria-hidden=\"true\" xmlns=\"http:\/\/www.w3.org\/2000\/svg\">\n\t    \t            <path d=\"m11.2033 18.4294-10.872894-10.67584c-.440539-.42594-.440539-1.1147 0-1.54065l.665495-.64345c.440539-.42595 1.152899-.42595 1.593439 0l9.41066 9.27114 9.4107-9.26207c.4405-.42595 1.1529-.42595 1.5934 0l.6655.64345c.4405.42594.4405 1.1147 0 1.54065l-10.8729 10.67587c-.4405.4168-1.1529.4168-1.5934-.0091z\"><\/path>\n\t    \t        <\/svg>\n\t    \t    <\/div>\n\t    \t<\/div>\n\t\t\n\t\t\n\t<\/div>\n\n\n\t    \n\t\n\t<ul id=\"ams-article-list-6a9ae7131221b\" class=\"ams-article__list l-grid u-gap-2xl u-justify-center js-results js-filter\" aria-label=\"Artiklar\" data-filter-animation=\"off\">\n\t\t\t\t\t\t\t\t\t\t\t\t\t\t\t\t\t\n\t\t\t\n\t\t\t\n\t\t\t<li class=\"l-col-6@md l-col-4@lg js-filter__item\" data-filter=\"nyheter student september-2026\">\n\t\t\t\t<article class=\"c-card  has-media-zoom  \" data-variant=\"border\" data-style=\"square\" data-click-area>\n\t\t\t\t\t<div class=\"c-card__content l-stack l-stack-sm\">\n\n\t\t\t\t\t\t\t\t\t\t\t\t\t<time class=\"c-card__date u-font-small\" datetime=\"2026-09-02\">2 september 2026<\/time>\n\t\t\t\t\t\t\n\t\t\t\t\t\t\t\t\t\t\t\t\t<h2 class=\"c-card__title u-font-title-3\">\n\t\t\t\t\t\t\t\t\t\t\t\t\t\t\t\t\t<a class=\"c-card__link\" href=\"https:\/\/praktiska.se\/malmo-limhamn\/artiklar\/lokal\/studentmossa-till-basta-pris\">\n\t\t\t\t\t\t\t\t\t\tStudentm\u00f6ssa till b\u00e4sta pris\n\t\t\t\t\t\t\t\t\t<\/a>\n\t\t\t\t\t\t\t\t\t\t\t\t\t\t\t<\/h2>\n\t\t\t\t\t\t\n\t\t\t\t\t\t\t\t\t\t\t\t\t<p class=\"c-card__text l-stack-xs u-font-body\">\n\t\t\t\t\t\t\t\tK\u00f6p din studentm\u00f6ssa till ett riktigt bra pris inf\u00f6r studenten 2027.\u00a0\n\t\t\t\t\t\t\t<\/p>\n\t\t\t\t\t\t\n\t\t\t\t\t\t\t\t\t\t\t\t\t<ul class=\"c-card__tags l-stack-grow u-list-none u-pt-md\" aria-label=\"Kategorier\">\n\t\t\t\t\t\t\t\t\t\t\t\t\t\t\t\t\t<li><span class=\"c-tag\" data-variant=\"outline\">Nyheter<\/span><\/li>\n\t\t\t\t\t\t\t\t\t\t\t\t\t\t\t\t\t<li><span class=\"c-tag\" data-variant=\"outline\">Student<\/span><\/li>\n\t\t\t\t\t\t\t\t\t\t\t\t\t\t\t<\/ul>\n\t\t\t\t\t\t\n\t\t\t\t\t\t<div class=\"c-card__icon\">\n\t\t\t\t\t\t\t\t\t\t\t\t\t\t<svg class=\"ams-icon ams-icon--arrow-right\" width=\"32\" height=\"32\" viewbox=\"0 0 32 32\" fill=\"currentColor\" aria-hidden=\"true\" xmlns=\"http:\/\/www.w3.org\/2000\/svg\">\n\t\t\t\t\t\t\t\t\t\t\t\t\t\t\t\t<path d=\"M15.4617 0.252159L14.9567 0.75931C14.6219 1.09545 14.6219 1.64048 14.9567 1.97669L27.7062 14.7806H0.857144C0.383786 14.7806 0 15.166 0 15.6414V16.3587C0 16.8341 0.383786 17.2195 0.857144 17.2195H27.7062L14.9567 30.0234C14.6219 30.3595 14.6219 30.9045 14.9567 31.2407L15.4617 31.7479C15.7964 32.084 16.3392 32.084 16.6739 31.7479L31.749 16.6087C32.0837 16.2725 32.0837 15.7275 31.749 15.3913L16.6739 0.252159C16.3392 -0.084053 15.7964 -0.084053 15.4617 0.252159Z\"\/>\n\t\t\t\t\t\t\t\n\t\t\t\t\t\t\t<\/svg>\n\t\t\t\t\t\t<\/div>\n\t\t\t\t\t<\/div>\n\n\t\t\t\t\t<div class=\"c-card__media \" style=\" \">\n\t\t\t\t\t\t<img decoding=\"async\" width=\"400\" height=\"226\" src=\"https:\/\/praktiska.se\/wp-content\/uploads\/2025\/10\/student2-400x226.jpg\" class=\"attachment-sm size-sm\" alt=\"Studentm\u00f6ssor som h\u00e5lls upp i luften.\" sizes=\"(min-width: 64em) 300px, (min-width: 48em) calc(.50 * (100vw - 224px)), calc(100vw - 160px)\" srcset=\"https:\/\/praktiska.se\/wp-content\/uploads\/2025\/10\/student2-400x226.jpg 400w, https:\/\/praktiska.se\/wp-content\/uploads\/2025\/10\/student2-300x169.jpg 300w, https:\/\/praktiska.se\/wp-content\/uploads\/2025\/10\/student2-600x338.jpg 600w, https:\/\/praktiska.se\/wp-content\/uploads\/2025\/10\/student2-800x451.jpg 800w, https:\/\/praktiska.se\/wp-content\/uploads\/2025\/10\/student2-1024x578.jpg 1024w, https:\/\/praktiska.se\/wp-content\/uploads\/2025\/10\/student2-1200x677.jpg 1200w, https:\/\/praktiska.se\/wp-content\/uploads\/2025\/10\/student2-1920x1080.jpg 1920w\" \/>\n\t\t\t\t\t<\/div>\n\t\t\t\t<\/article>\n\t\t\t<\/li>\n\t\t\t\t\t\t\t\t\t\t\t\t\t\t\t\t\t\n\t\t\t\n\t\t\t\n\t\t\t<li class=\"l-col-6@md l-col-4@lg js-filter__item\" data-filter=\"nyheter augusti-2026\">\n\t\t\t\t<article class=\"c-card  has-media-zoom  \" data-variant=\"border\" data-style=\"square\" data-click-area>\n\t\t\t\t\t<div class=\"c-card__content l-stack l-stack-sm\">\n\n\t\t\t\t\t\t\t\t\t\t\t\t\t<time class=\"c-card__date u-font-small\" datetime=\"2026-08-24\">24 augusti 2026<\/time>\n\t\t\t\t\t\t\n\t\t\t\t\t\t\t\t\t\t\t\t\t<h2 class=\"c-card__title u-font-title-3\">\n\t\t\t\t\t\t\t\t\t\t\t\t\t\t\t\t\t<a class=\"c-card__link\" href=\"https:\/\/praktiska.se\/malmo-limhamn\/artiklar\/logga-in-som-vardnadshavare\/\">\n\t\t\t\t\t\t\t\t\t\tLogga in som v\u00e5rdnadshavare.\n\t\t\t\t\t\t\t\t\t<\/a>\n\t\t\t\t\t\t\t\t\t\t\t\t\t\t\t<\/h2>\n\t\t\t\t\t\t\n\t\t\t\t\t\t\t\t\t\t\t\t\t<p class=\"c-card__text l-stack-xs u-font-body\">\n\t\t\t\t\t\t\t\tHur du som v\u00e5rdnadshavare loggar in i Schoolsoft. Den 2 september 2020 gick AcadeMedias alla f\u00f6rskolor, grundskolor och gymnasieskolor \u00f6ver till s\u00e4ker inloggning f\u00f6r v\u00e5rdnadshavare. Detta \u00e4r en teknisk \u00e5tg\u00e4rd som s\u00e4kerst\u00e4ller l\u00e4mplig s\u00e4kerhet f\u00f6r personuppgifter, inbegripet skydd mot obeh\u00f6rig eller otill\u00e5ten behandling eller f\u00f6rlust, f\u00f6rst\u00f6ring eller skada genom olycksh\u00e4ndelse f\u00f6renligt med dataskyddsf\u00f6rordningen (GDPR) artikel&#8230;\n\t\t\t\t\t\t\t<\/p>\n\t\t\t\t\t\t\n\t\t\t\t\t\t\t\t\t\t\t\t\t<ul class=\"c-card__tags l-stack-grow u-list-none u-pt-md\" aria-label=\"Kategorier\">\n\t\t\t\t\t\t\t\t\t\t\t\t\t\t\t\t\t<li><span class=\"c-tag\" data-variant=\"outline\">Nyheter<\/span><\/li>\n\t\t\t\t\t\t\t\t\t\t\t\t\t\t\t<\/ul>\n\t\t\t\t\t\t\n\t\t\t\t\t\t<div class=\"c-card__icon\">\n\t\t\t\t\t\t\t\t\t\t\t\t\t\t<svg class=\"ams-icon ams-icon--arrow-right\" width=\"32\" height=\"32\" viewbox=\"0 0 32 32\" fill=\"currentColor\" aria-hidden=\"true\" xmlns=\"http:\/\/www.w3.org\/2000\/svg\">\n\t\t\t\t\t\t\t\t\t\t\t\t\t\t\t\t<path d=\"M15.4617 0.252159L14.9567 0.75931C14.6219 1.09545 14.6219 1.64048 14.9567 1.97669L27.7062 14.7806H0.857144C0.383786 14.7806 0 15.166 0 15.6414V16.3587C0 16.8341 0.383786 17.2195 0.857144 17.2195H27.7062L14.9567 30.0234C14.6219 30.3595 14.6219 30.9045 14.9567 31.2407L15.4617 31.7479C15.7964 32.084 16.3392 32.084 16.6739 31.7479L31.749 16.6087C32.0837 16.2725 32.0837 15.7275 31.749 15.3913L16.6739 0.252159C16.3392 -0.084053 15.7964 -0.084053 15.4617 0.252159Z\"\/>\n\t\t\t\t\t\t\t\n\t\t\t\t\t\t\t<\/svg>\n\t\t\t\t\t\t<\/div>\n\t\t\t\t\t<\/div>\n\n\t\t\t\t\t<div class=\"c-card__media \" style=\" \">\n\t\t\t\t\t\t<img decoding=\"async\" width=\"400\" height=\"400\" src=\"https:\/\/praktiska.se\/wp-content\/uploads\/sites\/23\/2026\/08\/bild2-400x400.png\" class=\"attachment-sm size-sm\" alt=\"\" sizes=\"(min-width: 64em) 300px, (min-width: 48em) calc(.50 * (100vw - 224px)), calc(100vw - 160px)\" srcset=\"https:\/\/praktiska.se\/wp-content\/uploads\/sites\/23\/2026\/08\/bild2-400x400.png 400w, https:\/\/praktiska.se\/wp-content\/uploads\/sites\/23\/2026\/08\/bild2-150x150.png 150w, https:\/\/praktiska.se\/wp-content\/uploads\/sites\/23\/2026\/08\/bild2-300x300.png 300w, https:\/\/praktiska.se\/wp-content\/uploads\/sites\/23\/2026\/08\/bild2-600x600.png 600w, https:\/\/praktiska.se\/wp-content\/uploads\/sites\/23\/2026\/08\/bild2-e1787576872111.png 240w\" \/>\n\t\t\t\t\t<\/div>\n\t\t\t\t<\/article>\n\t\t\t<\/li>\n\t\t\t\t\t\t\t\t\t\t\t\t\t\t\t\t\t\n\t\t\t\n\t\t\t\n\t\t\t<li class=\"l-col-6@md l-col-4@lg js-filter__item\" data-filter=\"nyheter maj-2026\">\n\t\t\t\t<article class=\"c-card  has-media-zoom  \" data-variant=\"border\" data-style=\"square\" data-click-area>\n\t\t\t\t\t<div class=\"c-card__content l-stack l-stack-sm\">\n\n\t\t\t\t\t\t\t\t\t\t\t\t\t<time class=\"c-card__date u-font-small\" datetime=\"2026-05-06\">6 maj 2026<\/time>\n\t\t\t\t\t\t\n\t\t\t\t\t\t\t\t\t\t\t\t\t<h2 class=\"c-card__title u-font-title-3\">\n\t\t\t\t\t\t\t\t\t\t\t\t\t\t\t\t\t<a class=\"c-card__link\" href=\"https:\/\/praktiska.se\/malmo-limhamn\/artiklar\/natverkstraff-elbranschen-praktiska-limhamn\/\">\n\t\t\t\t\t\t\t\t\t\tN\u00e4tverkstr\u00e4ff f\u00f6r Elbransch&#8230;\n\t\t\t\t\t\t\t\t\t<\/a>\n\t\t\t\t\t\t\t\t\t\t\t\t\t\t\t<\/h2>\n\t\t\t\t\t\t\n\t\t\t\t\t\t\t\t\t\t\t\t\t<p class=\"c-card__text l-stack-xs u-font-body\">\n\t\t\t\t\t\t\t\tV\u00e4lkommen till en branschn\u00e4ra n\u00e4tverkstr&#8230;\n\t\t\t\t\t\t\t<\/p>\n\t\t\t\t\t\t\n\t\t\t\t\t\t\t\t\t\t\t\t\t<ul class=\"c-card__tags l-stack-grow u-list-none u-pt-md\" aria-label=\"Kategorier\">\n\t\t\t\t\t\t\t\t\t\t\t\t\t\t\t\t\t<li><span class=\"c-tag\" data-variant=\"outline\">Nyheter<\/span><\/li>\n\t\t\t\t\t\t\t\t\t\t\t\t\t\t\t<\/ul>\n\t\t\t\t\t\t\n\t\t\t\t\t\t<div class=\"c-card__icon\">\n\t\t\t\t\t\t\t\t\t\t\t\t\t\t<svg class=\"ams-icon ams-icon--arrow-right\" width=\"32\" height=\"32\" viewbox=\"0 0 32 32\" fill=\"currentColor\" aria-hidden=\"true\" xmlns=\"http:\/\/www.w3.org\/2000\/svg\">\n\t\t\t\t\t\t\t\t\t\t\t\t\t\t\t\t<path d=\"M15.4617 0.252159L14.9567 0.75931C14.6219 1.09545 14.6219 1.64048 14.9567 1.97669L27.7062 14.7806H0.857144C0.383786 14.7806 0 15.166 0 15.6414V16.3587C0 16.8341 0.383786 17.2195 0.857144 17.2195H27.7062L14.9567 30.0234C14.6219 30.3595 14.6219 30.9045 14.9567 31.2407L15.4617 31.7479C15.7964 32.084 16.3392 32.084 16.6739 31.7479L31.749 16.6087C32.0837 16.2725 32.0837 15.7275 31.749 15.3913L16.6739 0.252159C16.3392 -0.084053 15.7964 -0.084053 15.4617 0.252159Z\"\/>\n\t\t\t\t\t\t\t\n\t\t\t\t\t\t\t<\/svg>\n\t\t\t\t\t\t<\/div>\n\t\t\t\t\t<\/div>\n\n\t\t\t\t\t<div class=\"c-card__media \" style=\" \">\n\t\t\t\t\t\t<img decoding=\"async\" width=\"400\" height=\"563\" src=\"https:\/\/praktiska.se\/wp-content\/uploads\/sites\/23\/2026\/05\/bild1-2-400x563.jpg\" class=\"attachment-sm size-sm\" alt=\"\" sizes=\"(min-width: 64em) 300px, (min-width: 48em) calc(.50 * (100vw - 224px)), calc(100vw - 160px)\" srcset=\"https:\/\/praktiska.se\/wp-content\/uploads\/sites\/23\/2026\/05\/bild1-2-400x563.jpg 400w, https:\/\/praktiska.se\/wp-content\/uploads\/sites\/23\/2026\/05\/bild1-2-300x423.jpg 300w, https:\/\/praktiska.se\/wp-content\/uploads\/sites\/23\/2026\/05\/bild1-2-600x845.jpg 600w, https:\/\/praktiska.se\/wp-content\/uploads\/sites\/23\/2026\/05\/bild1-2-800x1127.jpg 800w, https:\/\/praktiska.se\/wp-content\/uploads\/sites\/23\/2026\/05\/bild1-2-1024x1442.jpg 1024w, https:\/\/praktiska.se\/wp-content\/uploads\/sites\/23\/2026\/05\/bild1-2-1200x1690.jpg 1200w, https:\/\/praktiska.se\/wp-content\/uploads\/sites\/23\/2026\/05\/bild1-2-scaled.jpg 1818w\" \/>\n\t\t\t\t\t<\/div>\n\t\t\t\t<\/article>\n\t\t\t<\/li>\n\t\t\t\t\t\t\t\t\t\t\t\t\t\t\t\t\t\n\t\t\t\n\t\t\t\n\t\t\t<li class=\"l-col-6@md l-col-4@lg js-filter__item\" data-filter=\"nyheter april-2026\">\n\t\t\t\t<article class=\"c-card  has-media-zoom  \" data-variant=\"border\" data-style=\"square\" data-click-area>\n\t\t\t\t\t<div class=\"c-card__content l-stack l-stack-sm\">\n\n\t\t\t\t\t\t\t\t\t\t\t\t\t<time class=\"c-card__date u-font-small\" datetime=\"2026-04-17\">17 april 2026<\/time>\n\t\t\t\t\t\t\n\t\t\t\t\t\t\t\t\t\t\t\t\t<h2 class=\"c-card__title u-font-title-3\">\n\t\t\t\t\t\t\t\t\t\t\t\t\t\t\t\t\t<a class=\"c-card__link\" href=\"https:\/\/praktiska.se\/malmo-limhamn\/artiklar\/studenten\/\">\n\t\t\t\t\t\t\t\t\t\tUtspring 2026\n\t\t\t\t\t\t\t\t\t<\/a>\n\t\t\t\t\t\t\t\t\t\t\t\t\t\t\t<\/h2>\n\t\t\t\t\t\t\n\t\t\t\t\t\t\t\t\t\t\t\t\t<p class=\"c-card__text l-stack-xs u-font-body\">\n\t\t\t\t\t\t\t\tNu b\u00f6rjar det n\u00e4rma sig f\u00f6r v\u00e5ra fantast&#8230;\n\t\t\t\t\t\t\t<\/p>\n\t\t\t\t\t\t\n\t\t\t\t\t\t\t\t\t\t\t\t\t<ul class=\"c-card__tags l-stack-grow u-list-none u-pt-md\" aria-label=\"Kategorier\">\n\t\t\t\t\t\t\t\t\t\t\t\t\t\t\t\t\t<li><span class=\"c-tag\" data-variant=\"outline\">Nyheter<\/span><\/li>\n\t\t\t\t\t\t\t\t\t\t\t\t\t\t\t<\/ul>\n\t\t\t\t\t\t\n\t\t\t\t\t\t<div class=\"c-card__icon\">\n\t\t\t\t\t\t\t\t\t\t\t\t\t\t<svg class=\"ams-icon ams-icon--arrow-right\" width=\"32\" height=\"32\" viewbox=\"0 0 32 32\" fill=\"currentColor\" aria-hidden=\"true\" xmlns=\"http:\/\/www.w3.org\/2000\/svg\">\n\t\t\t\t\t\t\t\t\t\t\t\t\t\t\t\t<path d=\"M15.4617 0.252159L14.9567 0.75931C14.6219 1.09545 14.6219 1.64048 14.9567 1.97669L27.7062 14.7806H0.857144C0.383786 14.7806 0 15.166 0 15.6414V16.3587C0 16.8341 0.383786 17.2195 0.857144 17.2195H27.7062L14.9567 30.0234C14.6219 30.3595 14.6219 30.9045 14.9567 31.2407L15.4617 31.7479C15.7964 32.084 16.3392 32.084 16.6739 31.7479L31.749 16.6087C32.0837 16.2725 32.0837 15.7275 31.749 15.3913L16.6739 0.252159C16.3392 -0.084053 15.7964 -0.084053 15.4617 0.252159Z\"\/>\n\t\t\t\t\t\t\t\n\t\t\t\t\t\t\t<\/svg>\n\t\t\t\t\t\t<\/div>\n\t\t\t\t\t<\/div>\n\n\t\t\t\t\t<div class=\"c-card__media \" style=\" \">\n\t\t\t\t\t\t<img decoding=\"async\" width=\"400\" height=\"163\" src=\"https:\/\/praktiska.se\/wp-content\/uploads\/sites\/23\/2024\/05\/2-1hwa-student-400x163.jpg\" class=\"attachment-sm size-sm\" alt=\"Bild p\u00e5 studentballonger i luften.\" sizes=\"(min-width: 64em) 300px, (min-width: 48em) calc(.50 * (100vw - 224px)), calc(100vw - 160px)\" srcset=\"https:\/\/praktiska.se\/wp-content\/uploads\/sites\/23\/2024\/05\/2-1hwa-student-400x163.jpg 400w, https:\/\/praktiska.se\/wp-content\/uploads\/sites\/23\/2024\/05\/2-1hwa-student-300x122.jpg 300w, https:\/\/praktiska.se\/wp-content\/uploads\/sites\/23\/2024\/05\/2-1hwa-student-600x244.jpg 600w, https:\/\/praktiska.se\/wp-content\/uploads\/sites\/23\/2024\/05\/2-1hwa-student-800x325.jpg 800w, https:\/\/praktiska.se\/wp-content\/uploads\/sites\/23\/2024\/05\/2-1hwa-student-1024x416.jpg 1024w, https:\/\/praktiska.se\/wp-content\/uploads\/sites\/23\/2024\/05\/2-1hwa-student-1200x488.jpg 1200w, https:\/\/praktiska.se\/wp-content\/uploads\/sites\/23\/2024\/05\/2-1hwa-student.jpg 1280w\" \/>\n\t\t\t\t\t<\/div>\n\t\t\t\t<\/article>\n\t\t\t<\/li>\n\t\t\t\t\t\t\t\t\t\t\t\t\t\t\t\t\t\n\t\t\t\n\t\t\t\n\t\t\t<li class=\"l-col-6@md l-col-4@lg js-filter__item\" data-filter=\"nyheter april-2026\">\n\t\t\t\t<article class=\"c-card  has-media-zoom  \" data-variant=\"border\" data-style=\"square\" data-click-area>\n\t\t\t\t\t<div class=\"c-card__content l-stack l-stack-sm\">\n\n\t\t\t\t\t\t\t\t\t\t\t\t\t<time class=\"c-card__date u-font-small\" datetime=\"2026-04-02\">2 april 2026<\/time>\n\t\t\t\t\t\t\n\t\t\t\t\t\t\t\t\t\t\t\t\t<h2 class=\"c-card__title u-font-title-3\">\n\t\t\t\t\t\t\t\t\t\t\t\t\t\t\t\t\t<a class=\"c-card__link\" href=\"https:\/\/praktiska.se\/malmo-limhamn\/artiklar\/hjulbytar-dag-pa-praktiska-limhamn\/\">\n\t\t\t\t\t\t\t\t\t\tHjulbytar dag p\u00e5 Praktiska Limhamn!\n\t\t\t\t\t\t\t\t\t<\/a>\n\t\t\t\t\t\t\t\t\t\t\t\t\t\t\t<\/h2>\n\t\t\t\t\t\t\n\t\t\t\t\t\t\t\t\t\t\t\t\t<p class=\"c-card__text l-stack-xs u-font-body\">\n\t\t\t\t\t\t\t\tV\u00e4lkommen in och skifta dina hjul Den 8\/4 har vi hjulbytar dag i v\u00e5ran bilverkstad. F\u00f6r endast 200 kr kan du komma in och f\u00e5 dina d\u00e4ck skiftade av v\u00e5ra fordonselever. Pengarna g\u00e5r oavbrutet till klasskassan. Boka din tid redan idag genom att klicka p\u00e5 bilden nedan och scanna QR koden.\n\t\t\t\t\t\t\t<\/p>\n\t\t\t\t\t\t\n\t\t\t\t\t\t\t\t\t\t\t\t\t<ul class=\"c-card__tags l-stack-grow u-list-none u-pt-md\" aria-label=\"Kategorier\">\n\t\t\t\t\t\t\t\t\t\t\t\t\t\t\t\t\t<li><span class=\"c-tag\" data-variant=\"outline\">Nyheter<\/span><\/li>\n\t\t\t\t\t\t\t\t\t\t\t\t\t\t\t<\/ul>\n\t\t\t\t\t\t\n\t\t\t\t\t\t<div class=\"c-card__icon\">\n\t\t\t\t\t\t\t\t\t\t\t\t\t\t<svg class=\"ams-icon ams-icon--arrow-right\" width=\"32\" height=\"32\" viewbox=\"0 0 32 32\" fill=\"currentColor\" aria-hidden=\"true\" xmlns=\"http:\/\/www.w3.org\/2000\/svg\">\n\t\t\t\t\t\t\t\t\t\t\t\t\t\t\t\t<path d=\"M15.4617 0.252159L14.9567 0.75931C14.6219 1.09545 14.6219 1.64048 14.9567 1.97669L27.7062 14.7806H0.857144C0.383786 14.7806 0 15.166 0 15.6414V16.3587C0 16.8341 0.383786 17.2195 0.857144 17.2195H27.7062L14.9567 30.0234C14.6219 30.3595 14.6219 30.9045 14.9567 31.2407L15.4617 31.7479C15.7964 32.084 16.3392 32.084 16.6739 31.7479L31.749 16.6087C32.0837 16.2725 32.0837 15.7275 31.749 15.3913L16.6739 0.252159C16.3392 -0.084053 15.7964 -0.084053 15.4617 0.252159Z\"\/>\n\t\t\t\t\t\t\t\n\t\t\t\t\t\t\t<\/svg>\n\t\t\t\t\t\t<\/div>\n\t\t\t\t\t<\/div>\n\n\t\t\t\t\t<div class=\"c-card__media \" style=\" \">\n\t\t\t\t\t\t<img decoding=\"async\" width=\"400\" height=\"566\" src=\"https:\/\/praktiska.se\/wp-content\/uploads\/sites\/23\/2026\/04\/hjulskifte-sommar-1-400x566.png\" class=\"attachment-sm size-sm\" alt=\"\" sizes=\"(min-width: 64em) 300px, (min-width: 48em) calc(.50 * (100vw - 224px)), calc(100vw - 160px)\" srcset=\"https:\/\/praktiska.se\/wp-content\/uploads\/sites\/23\/2026\/04\/hjulskifte-sommar-1-400x566.png 400w, https:\/\/praktiska.se\/wp-content\/uploads\/sites\/23\/2026\/04\/hjulskifte-sommar-1-300x424.png 300w, https:\/\/praktiska.se\/wp-content\/uploads\/sites\/23\/2026\/04\/hjulskifte-sommar-1-600x849.png 600w, https:\/\/praktiska.se\/wp-content\/uploads\/sites\/23\/2026\/04\/hjulskifte-sommar-1-800x1131.png 800w, https:\/\/praktiska.se\/wp-content\/uploads\/sites\/23\/2026\/04\/hjulskifte-sommar-1.png 905w\" \/>\n\t\t\t\t\t<\/div>\n\t\t\t\t<\/article>\n\t\t\t<\/li>\n\t\t\t\t\t\t\t\t\t\t\t\t\t\t\t\t\t\n\t\t\t\n\t\t\t\n\t\t\t<li class=\"l-col-6@md l-col-4@lg js-filter__item\" data-filter=\"nyheter februari-2026\">\n\t\t\t\t<article class=\"c-card  has-media-zoom  \" data-variant=\"border\" data-style=\"square\" data-click-area>\n\t\t\t\t\t<div class=\"c-card__content l-stack l-stack-sm\">\n\n\t\t\t\t\t\t\t\t\t\t\t\t\t<time class=\"c-card__date u-font-small\" datetime=\"2026-02-03\">3 februari 2026<\/time>\n\t\t\t\t\t\t\n\t\t\t\t\t\t\t\t\t\t\t\t\t<h2 class=\"c-card__title u-font-title-3\">\n\t\t\t\t\t\t\t\t\t\t\t\t\t\t\t\t\t<a class=\"c-card__link\" href=\"https:\/\/praktiska.se\/malmo-limhamn\/artiklar\/funkisfestivalen-2026\/\">\n\t\t\t\t\t\t\t\t\t\tFunkisfestivalen 2026\n\t\t\t\t\t\t\t\t\t<\/a>\n\t\t\t\t\t\t\t\t\t\t\t\t\t\t\t<\/h2>\n\t\t\t\t\t\t\n\t\t\t\t\t\t\t\t\t\t\t\t\t<p class=\"c-card__text l-stack-xs u-font-body\">\n\t\t\t\t\t\t\t\tFunkisfestivalens delt\u00e4vling i Malm\u00f6 Den 1 februari var det dags igen f\u00f6r Funkisfestivalen i Malm\u00f6.V\u00e5ra duktiga elever var p\u00e5 plats och sk\u00f6tte styling av h\u00e5r &amp; makeup till deltagande artister. Vill du veta mer om Funkisfestivalen kan du l\u00e4sa mer p\u00e5 deras hemsida eller g\u00e5 in och f\u00f6lj deras instagram\n\t\t\t\t\t\t\t<\/p>\n\t\t\t\t\t\t\n\t\t\t\t\t\t\t\t\t\t\t\t\t<ul class=\"c-card__tags l-stack-grow u-list-none u-pt-md\" aria-label=\"Kategorier\">\n\t\t\t\t\t\t\t\t\t\t\t\t\t\t\t\t\t<li><span class=\"c-tag\" data-variant=\"outline\">Nyheter<\/span><\/li>\n\t\t\t\t\t\t\t\t\t\t\t\t\t\t\t<\/ul>\n\t\t\t\t\t\t\n\t\t\t\t\t\t<div class=\"c-card__icon\">\n\t\t\t\t\t\t\t\t\t\t\t\t\t\t<svg class=\"ams-icon ams-icon--arrow-right\" width=\"32\" height=\"32\" viewbox=\"0 0 32 32\" fill=\"currentColor\" aria-hidden=\"true\" xmlns=\"http:\/\/www.w3.org\/2000\/svg\">\n\t\t\t\t\t\t\t\t\t\t\t\t\t\t\t\t<path d=\"M15.4617 0.252159L14.9567 0.75931C14.6219 1.09545 14.6219 1.64048 14.9567 1.97669L27.7062 14.7806H0.857144C0.383786 14.7806 0 15.166 0 15.6414V16.3587C0 16.8341 0.383786 17.2195 0.857144 17.2195H27.7062L14.9567 30.0234C14.6219 30.3595 14.6219 30.9045 14.9567 31.2407L15.4617 31.7479C15.7964 32.084 16.3392 32.084 16.6739 31.7479L31.749 16.6087C32.0837 16.2725 32.0837 15.7275 31.749 15.3913L16.6739 0.252159C16.3392 -0.084053 15.7964 -0.084053 15.4617 0.252159Z\"\/>\n\t\t\t\t\t\t\t\n\t\t\t\t\t\t\t<\/svg>\n\t\t\t\t\t\t<\/div>\n\t\t\t\t\t<\/div>\n\n\t\t\t\t\t<div class=\"c-card__media \" style=\" \">\n\t\t\t\t\t\t\n\t\t\t\t\t<\/div>\n\t\t\t\t<\/article>\n\t\t\t<\/li>\n\t\t\t\t\t\t\t\t\t\t\t\t\t\t\t\t\t\n\t\t\t\n\t\t\t\n\t\t\t<li class=\"l-col-6@md l-col-4@lg js-filter__item\" data-filter=\"nyheter december-2025\">\n\t\t\t\t<article class=\"c-card  has-media-zoom  \" data-variant=\"border\" data-style=\"square\" data-click-area>\n\t\t\t\t\t<div class=\"c-card__content l-stack l-stack-sm\">\n\n\t\t\t\t\t\t\t\t\t\t\t\t\t<time class=\"c-card__date u-font-small\" datetime=\"2025-12-10\">10 december 2025<\/time>\n\t\t\t\t\t\t\n\t\t\t\t\t\t\t\t\t\t\t\t\t<h2 class=\"c-card__title u-font-title-3\">\n\t\t\t\t\t\t\t\t\t\t\t\t\t\t\t\t\t<a class=\"c-card__link\" href=\"https:\/\/praktiska.se\/malmo-limhamn\/artiklar\/hallbarhet-och-utveckling\/\">\n\t\t\t\t\t\t\t\t\t\tProcessarbete\n\t\t\t\t\t\t\t\t\t<\/a>\n\t\t\t\t\t\t\t\t\t\t\t\t\t\t\t<\/h2>\n\t\t\t\t\t\t\n\t\t\t\t\t\t\t\t\t\t\t\t\t<p class=\"c-card__text l-stack-xs u-font-body\">\n\t\t\t\t\t\t\t\tH\u00e5llbarhet och utveckling.\n\t\t\t\t\t\t\t<\/p>\n\t\t\t\t\t\t\n\t\t\t\t\t\t\t\t\t\t\t\t\t<ul class=\"c-card__tags l-stack-grow u-list-none u-pt-md\" aria-label=\"Kategorier\">\n\t\t\t\t\t\t\t\t\t\t\t\t\t\t\t\t\t<li><span class=\"c-tag\" data-variant=\"outline\">Nyheter<\/span><\/li>\n\t\t\t\t\t\t\t\t\t\t\t\t\t\t\t<\/ul>\n\t\t\t\t\t\t\n\t\t\t\t\t\t<div class=\"c-card__icon\">\n\t\t\t\t\t\t\t\t\t\t\t\t\t\t<svg class=\"ams-icon ams-icon--arrow-right\" width=\"32\" height=\"32\" viewbox=\"0 0 32 32\" fill=\"currentColor\" aria-hidden=\"true\" xmlns=\"http:\/\/www.w3.org\/2000\/svg\">\n\t\t\t\t\t\t\t\t\t\t\t\t\t\t\t\t<path d=\"M15.4617 0.252159L14.9567 0.75931C14.6219 1.09545 14.6219 1.64048 14.9567 1.97669L27.7062 14.7806H0.857144C0.383786 14.7806 0 15.166 0 15.6414V16.3587C0 16.8341 0.383786 17.2195 0.857144 17.2195H27.7062L14.9567 30.0234C14.6219 30.3595 14.6219 30.9045 14.9567 31.2407L15.4617 31.7479C15.7964 32.084 16.3392 32.084 16.6739 31.7479L31.749 16.6087C32.0837 16.2725 32.0837 15.7275 31.749 15.3913L16.6739 0.252159C16.3392 -0.084053 15.7964 -0.084053 15.4617 0.252159Z\"\/>\n\t\t\t\t\t\t\t\n\t\t\t\t\t\t\t<\/svg>\n\t\t\t\t\t\t<\/div>\n\t\t\t\t\t<\/div>\n\n\t\t\t\t\t<div class=\"c-card__media \" style=\" \">\n\t\t\t\t\t\t<img decoding=\"async\" width=\"400\" height=\"394\" src=\"https:\/\/praktiska.se\/wp-content\/uploads\/sites\/23\/2025\/12\/processgruppen-aktionsforskning-rotated-e1765456665987-400x394.jpg\" class=\"attachment-sm size-sm\" alt=\"\" sizes=\"(min-width: 64em) 300px, (min-width: 48em) calc(.50 * (100vw - 224px)), calc(100vw - 160px)\" srcset=\"https:\/\/praktiska.se\/wp-content\/uploads\/sites\/23\/2025\/12\/processgruppen-aktionsforskning-rotated-e1765456665987-400x394.jpg 400w, https:\/\/praktiska.se\/wp-content\/uploads\/sites\/23\/2025\/12\/processgruppen-aktionsforskning-rotated-e1765456665987-300x296.jpg 300w, https:\/\/praktiska.se\/wp-content\/uploads\/sites\/23\/2025\/12\/processgruppen-aktionsforskning-rotated-e1765456665987-600x592.jpg 600w, https:\/\/praktiska.se\/wp-content\/uploads\/sites\/23\/2025\/12\/processgruppen-aktionsforskning-rotated-e1765456665987-800x789.jpg 800w, https:\/\/praktiska.se\/wp-content\/uploads\/sites\/23\/2025\/12\/processgruppen-aktionsforskning-rotated-e1765456665987-1024x1010.jpg 1024w, https:\/\/praktiska.se\/wp-content\/uploads\/sites\/23\/2025\/12\/processgruppen-aktionsforskning-rotated-e1765456665987-1200x1183.jpg 1200w, https:\/\/praktiska.se\/wp-content\/uploads\/sites\/23\/2025\/12\/processgruppen-aktionsforskning-rotated-e1765456665987.jpg 1507w\" \/>\n\t\t\t\t\t<\/div>\n\t\t\t\t<\/article>\n\t\t\t<\/li>\n\t\t\t\t\t\t\t\t\t\t\t\t\t\t\t\t\t\n\t\t\t\n\t\t\t\n\t\t\t<li class=\"l-col-6@md l-col-4@lg js-filter__item\" data-filter=\"nyheter november-2025\">\n\t\t\t\t<article class=\"c-card  has-media-zoom  \" data-variant=\"border\" data-style=\"square\" data-click-area>\n\t\t\t\t\t<div class=\"c-card__content l-stack l-stack-sm\">\n\n\t\t\t\t\t\t\t\t\t\t\t\t\t<time class=\"c-card__date u-font-small\" datetime=\"2025-11-12\">12 november 2025<\/time>\n\t\t\t\t\t\t\n\t\t\t\t\t\t\t\t\t\t\t\t\t<h2 class=\"c-card__title u-font-title-3\">\n\t\t\t\t\t\t\t\t\t\t\t\t\t\t\t\t\t<a class=\"c-card__link\" href=\"https:\/\/praktiska.se\/malmo-limhamn\/artiklar\/dags-for-vinterdack\/\">\n\t\t\t\t\t\t\t\t\t\tDags f\u00f6r vinterd\u00e4ck?\n\t\t\t\t\t\t\t\t\t<\/a>\n\t\t\t\t\t\t\t\t\t\t\t\t\t\t\t<\/h2>\n\t\t\t\t\t\t\n\t\t\t\t\t\t\t\t\t\t\t\t\t<p class=\"c-card__text l-stack-xs u-font-body\">\n\t\t\t\t\t\t\t\tV\u00e4lkommen in och byt d\u00e4ck Den 19\/11 har vi d\u00e4ckbytar dag i v\u00e5ran bilverkstad. F\u00f6r endast 200 kr kan du komma in och f\u00e5 dina d\u00e4ck skiftade av v\u00e5ra fordonselever. Pengarna g\u00e5r oavbrutet till klasskassan. Boka din tid redan idag genom att klicka p\u00e5 bilden nedan och scanna QR koden.\n\t\t\t\t\t\t\t<\/p>\n\t\t\t\t\t\t\n\t\t\t\t\t\t\t\t\t\t\t\t\t<ul class=\"c-card__tags l-stack-grow u-list-none u-pt-md\" aria-label=\"Kategorier\">\n\t\t\t\t\t\t\t\t\t\t\t\t\t\t\t\t\t<li><span class=\"c-tag\" data-variant=\"outline\">Nyheter<\/span><\/li>\n\t\t\t\t\t\t\t\t\t\t\t\t\t\t\t<\/ul>\n\t\t\t\t\t\t\n\t\t\t\t\t\t<div class=\"c-card__icon\">\n\t\t\t\t\t\t\t\t\t\t\t\t\t\t<svg class=\"ams-icon ams-icon--arrow-right\" width=\"32\" height=\"32\" viewbox=\"0 0 32 32\" fill=\"currentColor\" aria-hidden=\"true\" xmlns=\"http:\/\/www.w3.org\/2000\/svg\">\n\t\t\t\t\t\t\t\t\t\t\t\t\t\t\t\t<path d=\"M15.4617 0.252159L14.9567 0.75931C14.6219 1.09545 14.6219 1.64048 14.9567 1.97669L27.7062 14.7806H0.857144C0.383786 14.7806 0 15.166 0 15.6414V16.3587C0 16.8341 0.383786 17.2195 0.857144 17.2195H27.7062L14.9567 30.0234C14.6219 30.3595 14.6219 30.9045 14.9567 31.2407L15.4617 31.7479C15.7964 32.084 16.3392 32.084 16.6739 31.7479L31.749 16.6087C32.0837 16.2725 32.0837 15.7275 31.749 15.3913L16.6739 0.252159C16.3392 -0.084053 15.7964 -0.084053 15.4617 0.252159Z\"\/>\n\t\t\t\t\t\t\t\n\t\t\t\t\t\t\t<\/svg>\n\t\t\t\t\t\t<\/div>\n\t\t\t\t\t<\/div>\n\n\t\t\t\t\t<div class=\"c-card__media \" style=\" \">\n\t\t\t\t\t\t<img decoding=\"async\" width=\"400\" height=\"186\" src=\"https:\/\/praktiska.se\/wp-content\/uploads\/sites\/23\/2025\/11\/praktiskalogoviteps-praktiskalogoeps-praktiskapsvarteps-praktiskapeps-praktiskalogosvarteps-4-e1762932359265-400x186.png\" class=\"attachment-sm size-sm\" alt=\"Bild f\u00f6r event p\u00e5 skolan 2\" sizes=\"(min-width: 64em) 300px, (min-width: 48em) calc(.50 * (100vw - 224px)), calc(100vw - 160px)\" srcset=\"https:\/\/praktiska.se\/wp-content\/uploads\/sites\/23\/2025\/11\/praktiskalogoviteps-praktiskalogoeps-praktiskapsvarteps-praktiskapeps-praktiskalogosvarteps-4-e1762932359265-400x186.png 400w, https:\/\/praktiska.se\/wp-content\/uploads\/sites\/23\/2025\/11\/praktiskalogoviteps-praktiskalogoeps-praktiskapsvarteps-praktiskapeps-praktiskalogosvarteps-4-e1762932359265-300x139.png 300w, https:\/\/praktiska.se\/wp-content\/uploads\/sites\/23\/2025\/11\/praktiskalogoviteps-praktiskalogoeps-praktiskapsvarteps-praktiskapeps-praktiskalogosvarteps-4-e1762932359265-600x279.png 600w, https:\/\/praktiska.se\/wp-content\/uploads\/sites\/23\/2025\/11\/praktiskalogoviteps-praktiskalogoeps-praktiskapsvarteps-praktiskapeps-praktiskalogosvarteps-4-e1762932359265-800x371.png 800w, https:\/\/praktiska.se\/wp-content\/uploads\/sites\/23\/2025\/11\/praktiskalogoviteps-praktiskalogoeps-praktiskapsvarteps-praktiskapeps-praktiskalogosvarteps-4-e1762932359265-1024x475.png 1024w, https:\/\/praktiska.se\/wp-content\/uploads\/sites\/23\/2025\/11\/praktiskalogoviteps-praktiskalogoeps-praktiskapsvarteps-praktiskapeps-praktiskalogosvarteps-4-e1762932359265-1200x557.png 1200w, https:\/\/praktiska.se\/wp-content\/uploads\/sites\/23\/2025\/11\/praktiskalogoviteps-praktiskalogoeps-praktiskapsvarteps-praktiskapeps-praktiskalogosvarteps-4-e1762932359265.png 1413w\" \/>\n\t\t\t\t\t<\/div>\n\t\t\t\t<\/article>\n\t\t\t<\/li>\n\t\t\t\t\t\t\t\t\t\t\t\t\t\t\t\t\t\n\t\t\t\n\t\t\t\n\t\t\t<li class=\"l-col-6@md l-col-4@lg js-filter__item\" data-filter=\"nyheter november-2024\">\n\t\t\t\t<article class=\"c-card  has-media-zoom  \" data-variant=\"border\" data-style=\"square\" data-click-area>\n\t\t\t\t\t<div class=\"c-card__content l-stack l-stack-sm\">\n\n\t\t\t\t\t\t\t\t\t\t\t\t\t<time class=\"c-card__date u-font-small\" datetime=\"2024-11-23\">23 november 2024<\/time>\n\t\t\t\t\t\t\n\t\t\t\t\t\t\t\t\t\t\t\t\t<h2 class=\"c-card__title u-font-title-3\">\n\t\t\t\t\t\t\t\t\t\t\t\t\t\t\t\t\t<a class=\"c-card__link\" href=\"https:\/\/praktiska.se\/malmo-limhamn\/artiklar\/lokal\/tips-infor-oppet-hus\">\n\t\t\t\t\t\t\t\t\t\tV\u00e5ra b\u00e4sta tips inf\u00f6r \u00f6ppet hus\n\t\t\t\t\t\t\t\t\t<\/a>\n\t\t\t\t\t\t\t\t\t\t\t\t\t\t\t<\/h2>\n\t\t\t\t\t\t\n\t\t\t\t\t\t\t\t\t\t\t\t\t<p class=\"c-card__text l-stack-xs u-font-body\">\n\t\t\t\t\t\t\t\tAtt g\u00e5 p\u00e5 \u00f6ppet hus \u00e4r ett bra s\u00e4tt att l\u00e4ra k\u00e4nna de skolor som du \u00e4r intresserad av. H\u00e4r \u00e4r v\u00e5ra b\u00e4sta tips till dig inf\u00f6r \u00f6ppet hus\n\t\t\t\t\t\t\t<\/p>\n\t\t\t\t\t\t\n\t\t\t\t\t\t\t\t\t\t\t\t\t<ul class=\"c-card__tags l-stack-grow u-list-none u-pt-md\" aria-label=\"Kategorier\">\n\t\t\t\t\t\t\t\t\t\t\t\t\t\t\t\t\t<li><span class=\"c-tag\" data-variant=\"outline\">Nyheter<\/span><\/li>\n\t\t\t\t\t\t\t\t\t\t\t\t\t\t\t<\/ul>\n\t\t\t\t\t\t\n\t\t\t\t\t\t<div class=\"c-card__icon\">\n\t\t\t\t\t\t\t\t\t\t\t\t\t\t<svg class=\"ams-icon ams-icon--arrow-right\" width=\"32\" height=\"32\" viewbox=\"0 0 32 32\" fill=\"currentColor\" aria-hidden=\"true\" xmlns=\"http:\/\/www.w3.org\/2000\/svg\">\n\t\t\t\t\t\t\t\t\t\t\t\t\t\t\t\t<path d=\"M15.4617 0.252159L14.9567 0.75931C14.6219 1.09545 14.6219 1.64048 14.9567 1.97669L27.7062 14.7806H0.857144C0.383786 14.7806 0 15.166 0 15.6414V16.3587C0 16.8341 0.383786 17.2195 0.857144 17.2195H27.7062L14.9567 30.0234C14.6219 30.3595 14.6219 30.9045 14.9567 31.2407L15.4617 31.7479C15.7964 32.084 16.3392 32.084 16.6739 31.7479L31.749 16.6087C32.0837 16.2725 32.0837 15.7275 31.749 15.3913L16.6739 0.252159C16.3392 -0.084053 15.7964 -0.084053 15.4617 0.252159Z\"\/>\n\t\t\t\t\t\t\t\n\t\t\t\t\t\t\t<\/svg>\n\t\t\t\t\t\t<\/div>\n\t\t\t\t\t<\/div>\n\n\t\t\t\t\t<div class=\"c-card__media \" style=\" \">\n\t\t\t\t\t\t<img decoding=\"async\" width=\"400\" height=\"267\" src=\"https:\/\/praktiska.se\/wp-content\/uploads\/2023\/12\/pra-tipsinforoppethus-400x267.jpg\" class=\"attachment-sm size-sm\" alt=\"Flera elever sitter runt ett bord i skolans lokaler och pratar med varandra om tips inf\u00f6r \u00f6ppet hus.\" sizes=\"(min-width: 64em) 300px, (min-width: 48em) calc(.50 * (100vw - 224px)), calc(100vw - 160px)\" srcset=\"https:\/\/praktiska.se\/wp-content\/uploads\/2023\/12\/pra-tipsinforoppethus-400x267.jpg 400w, https:\/\/praktiska.se\/wp-content\/uploads\/2023\/12\/pra-tipsinforoppethus-300x200.jpg 300w, https:\/\/praktiska.se\/wp-content\/uploads\/2023\/12\/pra-tipsinforoppethus-600x400.jpg 600w, https:\/\/praktiska.se\/wp-content\/uploads\/2023\/12\/pra-tipsinforoppethus-800x533.jpg 800w, https:\/\/praktiska.se\/wp-content\/uploads\/2023\/12\/pra-tipsinforoppethus-1024x683.jpg 1024w, https:\/\/praktiska.se\/wp-content\/uploads\/2023\/12\/pra-tipsinforoppethus-1200x800.jpg 1200w, https:\/\/praktiska.se\/wp-content\/uploads\/2023\/12\/pra-tipsinforoppethus.jpg 2048w\" \/>\n\t\t\t\t\t<\/div>\n\t\t\t\t<\/article>\n\t\t\t<\/li>\n\t\t\t\t\t\t\t\t\t\t\t\t\t\t\t\t\t\n\t\t\t\n\t\t\t\n\t\t\t<li class=\"l-col-6@md l-col-4@lg js-filter__item\" data-filter=\"nyheter augusti-2024\">\n\t\t\t\t<article class=\"c-card  has-media-zoom  \" data-variant=\"border\" data-style=\"square\" data-click-area>\n\t\t\t\t\t<div class=\"c-card__content l-stack l-stack-sm\">\n\n\t\t\t\t\t\t\t\t\t\t\t\t\t<time class=\"c-card__date u-font-small\" datetime=\"2024-08-02\">2 augusti 2024<\/time>\n\t\t\t\t\t\t\n\t\t\t\t\t\t\t\t\t\t\t\t\t<h2 class=\"c-card__title u-font-title-3\">\n\t\t\t\t\t\t\t\t\t\t\t\t\t\t\t\t\t<a class=\"c-card__link\" href=\"https:\/\/praktiska.se\/malmo-limhamn\/artiklar\/lokal\/tips-infor-forsta-skoldagen\">\n\t\t\t\t\t\t\t\t\t\tTips inf\u00f6r f\u00f6rsta skoldagen\n\t\t\t\t\t\t\t\t\t<\/a>\n\t\t\t\t\t\t\t\t\t\t\t\t\t\t\t<\/h2>\n\t\t\t\t\t\t\n\t\t\t\t\t\t\t\t\t\t\t\t\t<p class=\"c-card__text l-stack-xs u-font-body\">\n\t\t\t\t\t\t\t\tF\u00f6rsta dagen p\u00e5 gymnasiet kan k\u00e4nnas som ett stort steg, d\u00e4rf\u00f6r har vi samlat n\u00e5gra saker att t\u00e4nka p\u00e5 inf\u00f6r f\u00f6rsta dagen\n\t\t\t\t\t\t\t<\/p>\n\t\t\t\t\t\t\n\t\t\t\t\t\t\t\t\t\t\t\t\t<ul class=\"c-card__tags l-stack-grow u-list-none u-pt-md\" aria-label=\"Kategorier\">\n\t\t\t\t\t\t\t\t\t\t\t\t\t\t\t\t\t<li><span class=\"c-tag\" data-variant=\"outline\">Nyheter<\/span><\/li>\n\t\t\t\t\t\t\t\t\t\t\t\t\t\t\t<\/ul>\n\t\t\t\t\t\t\n\t\t\t\t\t\t<div class=\"c-card__icon\">\n\t\t\t\t\t\t\t\t\t\t\t\t\t\t<svg class=\"ams-icon ams-icon--arrow-right\" width=\"32\" height=\"32\" viewbox=\"0 0 32 32\" fill=\"currentColor\" aria-hidden=\"true\" xmlns=\"http:\/\/www.w3.org\/2000\/svg\">\n\t\t\t\t\t\t\t\t\t\t\t\t\t\t\t\t<path d=\"M15.4617 0.252159L14.9567 0.75931C14.6219 1.09545 14.6219 1.64048 14.9567 1.97669L27.7062 14.7806H0.857144C0.383786 14.7806 0 15.166 0 15.6414V16.3587C0 16.8341 0.383786 17.2195 0.857144 17.2195H27.7062L14.9567 30.0234C14.6219 30.3595 14.6219 30.9045 14.9567 31.2407L15.4617 31.7479C15.7964 32.084 16.3392 32.084 16.6739 31.7479L31.749 16.6087C32.0837 16.2725 32.0837 15.7275 31.749 15.3913L16.6739 0.252159C16.3392 -0.084053 15.7964 -0.084053 15.4617 0.252159Z\"\/>\n\t\t\t\t\t\t\t\n\t\t\t\t\t\t\t<\/svg>\n\t\t\t\t\t\t<\/div>\n\t\t\t\t\t<\/div>\n\n\t\t\t\t\t<div class=\"c-card__media \" style=\" \">\n\t\t\t\t\t\t<img decoding=\"async\" width=\"400\" height=\"267\" src=\"https:\/\/praktiska.se\/wp-content\/uploads\/2023\/12\/pra-tips-infor-skolstart-400x267.jpeg\" class=\"attachment-sm size-sm\" alt=\"Fem elever sitter vid ett bord i skolans gemensamma lokaler\" sizes=\"(min-width: 64em) 300px, (min-width: 48em) calc(.50 * (100vw - 224px)), calc(100vw - 160px)\" srcset=\"https:\/\/praktiska.se\/wp-content\/uploads\/2023\/12\/pra-tips-infor-skolstart-400x267.jpeg 400w, https:\/\/praktiska.se\/wp-content\/uploads\/2023\/12\/pra-tips-infor-skolstart-300x200.jpeg 300w, https:\/\/praktiska.se\/wp-content\/uploads\/2023\/12\/pra-tips-infor-skolstart-600x400.jpeg 600w, https:\/\/praktiska.se\/wp-content\/uploads\/2023\/12\/pra-tips-infor-skolstart-800x533.jpeg 800w, https:\/\/praktiska.se\/wp-content\/uploads\/2023\/12\/pra-tips-infor-skolstart-1024x683.jpeg 1024w, https:\/\/praktiska.se\/wp-content\/uploads\/2023\/12\/pra-tips-infor-skolstart-1200x800.jpeg 1200w, https:\/\/praktiska.se\/wp-content\/uploads\/2023\/12\/pra-tips-infor-skolstart.jpeg 1500w\" \/>\n\t\t\t\t\t<\/div>\n\t\t\t\t<\/article>\n\t\t\t<\/li>\n\t\t\t\t\t\t\t\t\t\t\t\t\t\t\t\t\t\n\t\t\t\n\t\t\t\n\t\t\t<li class=\"l-col-6@md l-col-4@lg js-filter__item\" data-filter=\"nyheter juli-2024\">\n\t\t\t\t<article class=\"c-card  has-media-zoom  \" data-variant=\"border\" data-style=\"square\" data-click-area>\n\t\t\t\t\t<div class=\"c-card__content l-stack l-stack-sm\">\n\n\t\t\t\t\t\t\t\t\t\t\t\t\t<time class=\"c-card__date u-font-small\" datetime=\"2024-07-02\">2 juli 2024<\/time>\n\t\t\t\t\t\t\n\t\t\t\t\t\t\t\t\t\t\t\t\t<h2 class=\"c-card__title u-font-title-3\">\n\t\t\t\t\t\t\t\t\t\t\t\t\t\t\t\t\t<a class=\"c-card__link\" href=\"https:\/\/praktiska.se\/malmo-limhamn\/artiklar\/dar-kunskap-omsatts-till-fardigheter\/\">\n\t\t\t\t\t\t\t\t\t\tL\u00e4s artiklen i aff\u00e4rstidningen&#8230;\n\t\t\t\t\t\t\t\t\t<\/a>\n\t\t\t\t\t\t\t\t\t\t\t\t\t\t\t<\/h2>\n\t\t\t\t\t\t\n\t\t\t\t\t\t\t\t\t\t\t\t\t<p class=\"c-card__text l-stack-xs u-font-body\">\n\t\t\t\t\t\t\t\tL\u00e4s artiklen i aff\u00e4rstidningen kommun &amp; n\u00e4ringsliv\n\t\t\t\t\t\t\t<\/p>\n\t\t\t\t\t\t\n\t\t\t\t\t\t\t\t\t\t\t\t\t<ul class=\"c-card__tags l-stack-grow u-list-none u-pt-md\" aria-label=\"Kategorier\">\n\t\t\t\t\t\t\t\t\t\t\t\t\t\t\t\t\t<li><span class=\"c-tag\" data-variant=\"outline\">Nyheter<\/span><\/li>\n\t\t\t\t\t\t\t\t\t\t\t\t\t\t\t<\/ul>\n\t\t\t\t\t\t\n\t\t\t\t\t\t<div class=\"c-card__icon\">\n\t\t\t\t\t\t\t\t\t\t\t\t\t\t<svg class=\"ams-icon ams-icon--arrow-right\" width=\"32\" height=\"32\" viewbox=\"0 0 32 32\" fill=\"currentColor\" aria-hidden=\"true\" xmlns=\"http:\/\/www.w3.org\/2000\/svg\">\n\t\t\t\t\t\t\t\t\t\t\t\t\t\t\t\t<path d=\"M15.4617 0.252159L14.9567 0.75931C14.6219 1.09545 14.6219 1.64048 14.9567 1.97669L27.7062 14.7806H0.857144C0.383786 14.7806 0 15.166 0 15.6414V16.3587C0 16.8341 0.383786 17.2195 0.857144 17.2195H27.7062L14.9567 30.0234C14.6219 30.3595 14.6219 30.9045 14.9567 31.2407L15.4617 31.7479C15.7964 32.084 16.3392 32.084 16.6739 31.7479L31.749 16.6087C32.0837 16.2725 32.0837 15.7275 31.749 15.3913L16.6739 0.252159C16.3392 -0.084053 15.7964 -0.084053 15.4617 0.252159Z\"\/>\n\t\t\t\t\t\t\t\n\t\t\t\t\t\t\t<\/svg>\n\t\t\t\t\t\t<\/div>\n\t\t\t\t\t<\/div>\n\n\t\t\t\t\t<div class=\"c-card__media \" style=\" \">\n\t\t\t\t\t\t<img decoding=\"async\" width=\"400\" height=\"241\" src=\"https:\/\/praktiska.se\/wp-content\/uploads\/sites\/23\/2024\/07\/artikel-400x241.jpg\" class=\"attachment-sm size-sm\" alt=\"Tidningsutklipp fr\u00e5n artikel d\u00e4r Praktiska Limhamn \u00e4r med.\" sizes=\"(min-width: 64em) 300px, (min-width: 48em) calc(.50 * (100vw - 224px)), calc(100vw - 160px)\" srcset=\"https:\/\/praktiska.se\/wp-content\/uploads\/sites\/23\/2024\/07\/artikel-400x241.jpg 400w, https:\/\/praktiska.se\/wp-content\/uploads\/sites\/23\/2024\/07\/artikel-300x180.jpg 300w, https:\/\/praktiska.se\/wp-content\/uploads\/sites\/23\/2024\/07\/artikel-600x361.jpg 600w, https:\/\/praktiska.se\/wp-content\/uploads\/sites\/23\/2024\/07\/artikel-800x481.jpg 800w, https:\/\/praktiska.se\/wp-content\/uploads\/sites\/23\/2024\/07\/artikel-1024x616.jpg 1024w, https:\/\/praktiska.se\/wp-content\/uploads\/sites\/23\/2024\/07\/artikel.jpg 1079w\" \/>\n\t\t\t\t\t<\/div>\n\t\t\t\t<\/article>\n\t\t\t<\/li>\n\t\t\t\t\t\t\t\t\t\t\t\t\t\t\t\t\t\n\t\t\t\n\t\t\t\n\t\t\t<li class=\"l-col-6@md l-col-4@lg js-filter__item\" data-filter=\"nyheter december-2023\">\n\t\t\t\t<article class=\"c-card  has-media-zoom  \" data-variant=\"border\" data-style=\"square\" data-click-area>\n\t\t\t\t\t<div class=\"c-card__content l-stack l-stack-sm\">\n\n\t\t\t\t\t\t\t\t\t\t\t\t\t<time class=\"c-card__date u-font-small\" datetime=\"2023-12-05\">5 december 2023<\/time>\n\t\t\t\t\t\t\n\t\t\t\t\t\t\t\t\t\t\t\t\t<h2 class=\"c-card__title u-font-title-3\">\n\t\t\t\t\t\t\t\t\t\t\t\t\t\t\t\t\t<a class=\"c-card__link\" href=\"https:\/\/praktiska.se\/malmo-limhamn\/artiklar\/lokal\/manadens-yrke-personbils-mekaniker\">\n\t\t\t\t\t\t\t\t\t\tM\u00e5nadens yrke: Personbils-mekaniker\n\t\t\t\t\t\t\t\t\t<\/a>\n\t\t\t\t\t\t\t\t\t\t\t\t\t\t\t<\/h2>\n\t\t\t\t\t\t\n\t\t\t\t\t\t\t\t\t\t\t\t\t<p class=\"c-card__text l-stack-xs u-font-body\">\n\t\t\t\t\t\t\t\tFordons- och transportbranschen utvecklas hela tiden och kommer att ge dig m\u00e5nga sp\u00e4nnande utmaningar i arbetslivet.\n\t\t\t\t\t\t\t<\/p>\n\t\t\t\t\t\t\n\t\t\t\t\t\t\t\t\t\t\t\t\t<ul class=\"c-card__tags l-stack-grow u-list-none u-pt-md\" aria-label=\"Kategorier\">\n\t\t\t\t\t\t\t\t\t\t\t\t\t\t\t\t\t<li><span class=\"c-tag\" data-variant=\"outline\">Nyheter<\/span><\/li>\n\t\t\t\t\t\t\t\t\t\t\t\t\t\t\t<\/ul>\n\t\t\t\t\t\t\n\t\t\t\t\t\t<div class=\"c-card__icon\">\n\t\t\t\t\t\t\t\t\t\t\t\t\t\t<svg class=\"ams-icon ams-icon--arrow-right\" width=\"32\" height=\"32\" viewbox=\"0 0 32 32\" fill=\"currentColor\" aria-hidden=\"true\" xmlns=\"http:\/\/www.w3.org\/2000\/svg\">\n\t\t\t\t\t\t\t\t\t\t\t\t\t\t\t\t<path d=\"M15.4617 0.252159L14.9567 0.75931C14.6219 1.09545 14.6219 1.64048 14.9567 1.97669L27.7062 14.7806H0.857144C0.383786 14.7806 0 15.166 0 15.6414V16.3587C0 16.8341 0.383786 17.2195 0.857144 17.2195H27.7062L14.9567 30.0234C14.6219 30.3595 14.6219 30.9045 14.9567 31.2407L15.4617 31.7479C15.7964 32.084 16.3392 32.084 16.6739 31.7479L31.749 16.6087C32.0837 16.2725 32.0837 15.7275 31.749 15.3913L16.6739 0.252159C16.3392 -0.084053 15.7964 -0.084053 15.4617 0.252159Z\"\/>\n\t\t\t\t\t\t\t\n\t\t\t\t\t\t\t<\/svg>\n\t\t\t\t\t\t<\/div>\n\t\t\t\t\t<\/div>\n\n\t\t\t\t\t<div class=\"c-card__media \" style=\" \">\n\t\t\t\t\t\t\n\t\t\t\t\t<\/div>\n\t\t\t\t<\/article>\n\t\t\t<\/li>\n\t\t\t\t\t\t\t\t\t\t\t\t\t\t\t\t\t\n\t\t\t\n\t\t\t\n\t\t\t<li class=\"l-col-6@md l-col-4@lg js-filter__item\" data-filter=\"intervju december-2023\">\n\t\t\t\t<article class=\"c-card  has-media-zoom  \" data-variant=\"border\" data-style=\"square\" data-click-area>\n\t\t\t\t\t<div class=\"c-card__content l-stack l-stack-sm\">\n\n\t\t\t\t\t\t\t\t\t\t\t\t\t<time class=\"c-card__date u-font-small\" datetime=\"2023-12-05\">5 december 2023<\/time>\n\t\t\t\t\t\t\n\t\t\t\t\t\t\t\t\t\t\t\t\t<h2 class=\"c-card__title u-font-title-3\">\n\t\t\t\t\t\t\t\t\t\t\t\t\t\t\t\t\t<a class=\"c-card__link\" href=\"https:\/\/praktiska.se\/malmo-limhamn\/artiklar\/lokal\/fran-skolbanken-till-ferrari-i-italien\">\n\t\t\t\t\t\t\t\t\t\tFr\u00e5n skolb\u00e4nken till Ferrari i Italien\n\t\t\t\t\t\t\t\t\t<\/a>\n\t\t\t\t\t\t\t\t\t\t\t\t\t\t\t<\/h2>\n\t\t\t\t\t\t\n\t\t\t\t\t\t\t\t\t\t\t\t\t<p class=\"c-card__text l-stack-xs u-font-body\">\n\t\t\t\t\t\t\t\tV\u00e5ren 2021 tog Belal studenten fr\u00e5n Praktiska gymnasiet, h\u00e4r ber\u00e4ttar han om sin gymnasietid och om livet efter skolan\n\t\t\t\t\t\t\t<\/p>\n\t\t\t\t\t\t\n\t\t\t\t\t\t\t\t\t\t\t\t\t<ul class=\"c-card__tags l-stack-grow u-list-none u-pt-md\" aria-label=\"Kategorier\">\n\t\t\t\t\t\t\t\t\t\t\t\t\t\t\t\t\t<li><span class=\"c-tag\" data-variant=\"outline\">Intervju<\/span><\/li>\n\t\t\t\t\t\t\t\t\t\t\t\t\t\t\t<\/ul>\n\t\t\t\t\t\t\n\t\t\t\t\t\t<div class=\"c-card__icon\">\n\t\t\t\t\t\t\t\t\t\t\t\t\t\t<svg class=\"ams-icon ams-icon--arrow-right\" width=\"32\" height=\"32\" viewbox=\"0 0 32 32\" fill=\"currentColor\" aria-hidden=\"true\" xmlns=\"http:\/\/www.w3.org\/2000\/svg\">\n\t\t\t\t\t\t\t\t\t\t\t\t\t\t\t\t<path d=\"M15.4617 0.252159L14.9567 0.75931C14.6219 1.09545 14.6219 1.64048 14.9567 1.97669L27.7062 14.7806H0.857144C0.383786 14.7806 0 15.166 0 15.6414V16.3587C0 16.8341 0.383786 17.2195 0.857144 17.2195H27.7062L14.9567 30.0234C14.6219 30.3595 14.6219 30.9045 14.9567 31.2407L15.4617 31.7479C15.7964 32.084 16.3392 32.084 16.6739 31.7479L31.749 16.6087C32.0837 16.2725 32.0837 15.7275 31.749 15.3913L16.6739 0.252159C16.3392 -0.084053 15.7964 -0.084053 15.4617 0.252159Z\"\/>\n\t\t\t\t\t\t\t\n\t\t\t\t\t\t\t<\/svg>\n\t\t\t\t\t\t<\/div>\n\t\t\t\t\t<\/div>\n\n\t\t\t\t\t<div class=\"c-card__media \" style=\" \">\n\t\t\t\t\t\t<img decoding=\"async\" width=\"400\" height=\"409\" src=\"https:\/\/praktiska.se\/wp-content\/uploads\/2023\/12\/pra-elevintervju-fran-praktiska-till-ferrari.jpg\" class=\"attachment-sm size-sm\" alt=\"F\u00f6re detta elev st\u00e5r i ett garage i Italien med en Ferrari bakom sig\" sizes=\"(min-width: 64em) 300px, (min-width: 48em) calc(.50 * (100vw - 224px)), calc(100vw - 160px)\" srcset=\"https:\/\/praktiska.se\/wp-content\/uploads\/2023\/12\/pra-elevintervju-fran-praktiska-till-ferrari.jpg 400w, https:\/\/praktiska.se\/wp-content\/uploads\/2023\/12\/pra-elevintervju-fran-praktiska-till-ferrari-300x307.jpg 300w\" \/>\n\t\t\t\t\t<\/div>\n\t\t\t\t<\/article>\n\t\t\t<\/li>\n\t\t\t\t\t\t\t\t\t\t\t\t\t\t\t\t\t\n\t\t\t\n\t\t\t\n\t\t\t<li class=\"l-col-6@md l-col-4@lg js-filter__item\" data-filter=\"nyheter december-2023\">\n\t\t\t\t<article class=\"c-card  has-media-zoom  \" data-variant=\"border\" data-style=\"square\" data-click-area>\n\t\t\t\t\t<div class=\"c-card__content l-stack l-stack-sm\">\n\n\t\t\t\t\t\t\t\t\t\t\t\t\t<time class=\"c-card__date u-font-small\" datetime=\"2023-12-05\">5 december 2023<\/time>\n\t\t\t\t\t\t\n\t\t\t\t\t\t\t\t\t\t\t\t\t<h2 class=\"c-card__title u-font-title-3\">\n\t\t\t\t\t\t\t\t\t\t\t\t\t\t\t\t\t<a class=\"c-card__link\" href=\"https:\/\/praktiska.se\/malmo-limhamn\/artiklar\/lokal\/tips-infor-ditt-besok-pa-gymnasiemassan\">\n\t\t\t\t\t\t\t\t\t\tTips inf\u00f6r ditt bes\u00f6k p\u00e5 gymnasiem\u00e4ssan\n\t\t\t\t\t\t\t\t\t<\/a>\n\t\t\t\t\t\t\t\t\t\t\t\t\t\t\t<\/h2>\n\t\t\t\t\t\t\n\t\t\t\t\t\t\t\t\t\t\t\t\t<p class=\"c-card__text l-stack-xs u-font-body\">\n\t\t\t\t\t\t\t\tF\u00f6r m\u00e5nga \u00e4r ett bes\u00f6k p\u00e5 m\u00e4ssan det f\u00f6rsta steget in i gymnasievalet. H\u00e4r kommer n\u00e5gra tips som du kan ta med dig inf\u00f6r ditt m\u00e4ssbes\u00f6k. \n\t\t\t\t\t\t\t<\/p>\n\t\t\t\t\t\t\n\t\t\t\t\t\t\t\t\t\t\t\t\t<ul class=\"c-card__tags l-stack-grow u-list-none u-pt-md\" aria-label=\"Kategorier\">\n\t\t\t\t\t\t\t\t\t\t\t\t\t\t\t\t\t<li><span class=\"c-tag\" data-variant=\"outline\">Nyheter<\/span><\/li>\n\t\t\t\t\t\t\t\t\t\t\t\t\t\t\t<\/ul>\n\t\t\t\t\t\t\n\t\t\t\t\t\t<div class=\"c-card__icon\">\n\t\t\t\t\t\t\t\t\t\t\t\t\t\t<svg class=\"ams-icon ams-icon--arrow-right\" width=\"32\" height=\"32\" viewbox=\"0 0 32 32\" fill=\"currentColor\" aria-hidden=\"true\" xmlns=\"http:\/\/www.w3.org\/2000\/svg\">\n\t\t\t\t\t\t\t\t\t\t\t\t\t\t\t\t<path d=\"M15.4617 0.252159L14.9567 0.75931C14.6219 1.09545 14.6219 1.64048 14.9567 1.97669L27.7062 14.7806H0.857144C0.383786 14.7806 0 15.166 0 15.6414V16.3587C0 16.8341 0.383786 17.2195 0.857144 17.2195H27.7062L14.9567 30.0234C14.6219 30.3595 14.6219 30.9045 14.9567 31.2407L15.4617 31.7479C15.7964 32.084 16.3392 32.084 16.6739 31.7479L31.749 16.6087C32.0837 16.2725 32.0837 15.7275 31.749 15.3913L16.6739 0.252159C16.3392 -0.084053 15.7964 -0.084053 15.4617 0.252159Z\"\/>\n\t\t\t\t\t\t\t\n\t\t\t\t\t\t\t<\/svg>\n\t\t\t\t\t\t<\/div>\n\t\t\t\t\t<\/div>\n\n\t\t\t\t\t<div class=\"c-card__media \" style=\" \">\n\t\t\t\t\t\t<img decoding=\"async\" width=\"400\" height=\"267\" src=\"https:\/\/praktiska.se\/wp-content\/uploads\/2023\/12\/praktiska-uppsala-220301-250301-400x267.jpg\" class=\"attachment-sm size-sm\" alt=\"Tre elever i en skolkorridor kollar in i kameran\" sizes=\"(min-width: 64em) 300px, (min-width: 48em) calc(.50 * (100vw - 224px)), calc(100vw - 160px)\" srcset=\"https:\/\/praktiska.se\/wp-content\/uploads\/2023\/12\/praktiska-uppsala-220301-250301-400x267.jpg 400w, https:\/\/praktiska.se\/wp-content\/uploads\/2023\/12\/praktiska-uppsala-220301-250301-300x200.jpg 300w, https:\/\/praktiska.se\/wp-content\/uploads\/2023\/12\/praktiska-uppsala-220301-250301-600x400.jpg 600w, https:\/\/praktiska.se\/wp-content\/uploads\/2023\/12\/praktiska-uppsala-220301-250301-800x533.jpg 800w, https:\/\/praktiska.se\/wp-content\/uploads\/2023\/12\/praktiska-uppsala-220301-250301-1024x683.jpg 1024w, https:\/\/praktiska.se\/wp-content\/uploads\/2023\/12\/praktiska-uppsala-220301-250301-1200x800.jpg 1200w, https:\/\/praktiska.se\/wp-content\/uploads\/2023\/12\/praktiska-uppsala-220301-250301.jpg 1500w\" \/>\n\t\t\t\t\t<\/div>\n\t\t\t\t<\/article>\n\t\t\t<\/li>\n\t\t\t\t\t\t\t\t\t\t\t\t\t\t\t\t\t\n\t\t\t\n\t\t\t\n\t\t\t<li class=\"l-col-6@md l-col-4@lg js-filter__item\" data-filter=\"nyheter december-2023\">\n\t\t\t\t<article class=\"c-card  has-media-zoom  \" data-variant=\"border\" data-style=\"square\" data-click-area>\n\t\t\t\t\t<div class=\"c-card__content l-stack l-stack-sm\">\n\n\t\t\t\t\t\t\t\t\t\t\t\t\t<time class=\"c-card__date u-font-small\" datetime=\"2023-12-05\">5 december 2023<\/time>\n\t\t\t\t\t\t\n\t\t\t\t\t\t\t\t\t\t\t\t\t<h2 class=\"c-card__title u-font-title-3\">\n\t\t\t\t\t\t\t\t\t\t\t\t\t\t\t\t\t<a class=\"c-card__link\" href=\"https:\/\/praktiska.se\/malmo-limhamn\/artiklar\/lokal\/tips-infor-ditt-gymnasieval\">\n\t\t\t\t\t\t\t\t\t\tTips inf\u00f6r ditt gymnasieval\n\t\t\t\t\t\t\t\t\t<\/a>\n\t\t\t\t\t\t\t\t\t\t\t\t\t\t\t<\/h2>\n\t\t\t\t\t\t\n\t\t\t\t\t\t\t\t\t\t\t\t\t<p class=\"c-card__text l-stack-xs u-font-body\">\n\t\t\t\t\t\t\t\tVi vet att det kan vara mycket att t\u00e4nka p\u00e5 inf\u00f6r valet av gymnasium. D\u00e4rf\u00f6r har vi samlat n\u00e5gra tips som hj\u00e4lper dig inf\u00f6r ditt val\n\t\t\t\t\t\t\t<\/p>\n\t\t\t\t\t\t\n\t\t\t\t\t\t\t\t\t\t\t\t\t<ul class=\"c-card__tags l-stack-grow u-list-none u-pt-md\" aria-label=\"Kategorier\">\n\t\t\t\t\t\t\t\t\t\t\t\t\t\t\t\t\t<li><span class=\"c-tag\" data-variant=\"outline\">Nyheter<\/span><\/li>\n\t\t\t\t\t\t\t\t\t\t\t\t\t\t\t<\/ul>\n\t\t\t\t\t\t\n\t\t\t\t\t\t<div class=\"c-card__icon\">\n\t\t\t\t\t\t\t\t\t\t\t\t\t\t<svg class=\"ams-icon ams-icon--arrow-right\" width=\"32\" height=\"32\" viewbox=\"0 0 32 32\" fill=\"currentColor\" aria-hidden=\"true\" xmlns=\"http:\/\/www.w3.org\/2000\/svg\">\n\t\t\t\t\t\t\t\t\t\t\t\t\t\t\t\t<path d=\"M15.4617 0.252159L14.9567 0.75931C14.6219 1.09545 14.6219 1.64048 14.9567 1.97669L27.7062 14.7806H0.857144C0.383786 14.7806 0 15.166 0 15.6414V16.3587C0 16.8341 0.383786 17.2195 0.857144 17.2195H27.7062L14.9567 30.0234C14.6219 30.3595 14.6219 30.9045 14.9567 31.2407L15.4617 31.7479C15.7964 32.084 16.3392 32.084 16.6739 31.7479L31.749 16.6087C32.0837 16.2725 32.0837 15.7275 31.749 15.3913L16.6739 0.252159C16.3392 -0.084053 15.7964 -0.084053 15.4617 0.252159Z\"\/>\n\t\t\t\t\t\t\t\n\t\t\t\t\t\t\t<\/svg>\n\t\t\t\t\t\t<\/div>\n\t\t\t\t\t<\/div>\n\n\t\t\t\t\t<div class=\"c-card__media \" style=\" \">\n\t\t\t\t\t\t<img decoding=\"async\" width=\"400\" height=\"267\" src=\"https:\/\/praktiska.se\/wp-content\/uploads\/2023\/12\/pra-tips-infor-gymnasievalet-400x267.jpeg\" class=\"attachment-sm size-sm\" alt=\"Tv\u00e5 elever sitter i skolans lokaler med en laptop\" sizes=\"(min-width: 64em) 300px, (min-width: 48em) calc(.50 * (100vw - 224px)), calc(100vw - 160px)\" srcset=\"https:\/\/praktiska.se\/wp-content\/uploads\/2023\/12\/pra-tips-infor-gymnasievalet-400x267.jpeg 400w, https:\/\/praktiska.se\/wp-content\/uploads\/2023\/12\/pra-tips-infor-gymnasievalet-300x200.jpeg 300w, https:\/\/praktiska.se\/wp-content\/uploads\/2023\/12\/pra-tips-infor-gymnasievalet-600x400.jpeg 600w, https:\/\/praktiska.se\/wp-content\/uploads\/2023\/12\/pra-tips-infor-gymnasievalet-800x533.jpeg 800w, https:\/\/praktiska.se\/wp-content\/uploads\/2023\/12\/pra-tips-infor-gymnasievalet-1024x683.jpeg 1024w, https:\/\/praktiska.se\/wp-content\/uploads\/2023\/12\/pra-tips-infor-gymnasievalet-1200x800.jpeg 1200w, https:\/\/praktiska.se\/wp-content\/uploads\/2023\/12\/pra-tips-infor-gymnasievalet.jpeg 1500w\" \/>\n\t\t\t\t\t<\/div>\n\t\t\t\t<\/article>\n\t\t\t<\/li>\n\t\t\t\t\t\t\t\t\t\t\t\t\t\t\t\t\t\n\t\t\t\n\t\t\t\n\t\t\t<li class=\"l-col-6@md l-col-4@lg js-filter__item\" data-filter=\"nyheter utlandspraktik december-2023\">\n\t\t\t\t<article class=\"c-card  has-media-zoom  \" data-variant=\"border\" data-style=\"square\" data-click-area>\n\t\t\t\t\t<div class=\"c-card__content l-stack l-stack-sm\">\n\n\t\t\t\t\t\t\t\t\t\t\t\t\t<time class=\"c-card__date u-font-small\" datetime=\"2023-12-05\">5 december 2023<\/time>\n\t\t\t\t\t\t\n\t\t\t\t\t\t\t\t\t\t\t\t\t<h2 class=\"c-card__title u-font-title-3\">\n\t\t\t\t\t\t\t\t\t\t\t\t\t\t\t\t\t<a class=\"c-card__link\" href=\"https:\/\/praktiska.se\/malmo-limhamn\/artiklar\/lokal\/vlogg-linnea-och-jennifers-utlandspraktik-i-spanien\">\n\t\t\t\t\t\t\t\t\t\tVlogg: Linn\u00e9a och Jennifers utlandspraktik i Spanien\n\t\t\t\t\t\t\t\t\t<\/a>\n\t\t\t\t\t\t\t\t\t\t\t\t\t\t\t<\/h2>\n\t\t\t\t\t\t\n\t\t\t\t\t\t\t\t\t\t\t\t\t<p class=\"c-card__text l-stack-xs u-font-body\">\n\t\t\t\t\t\t\t\tH\u00e4ng med Linn\u00e9a och Jennifer fr\u00e5n Praktiska Gymnasiet Karlstad p\u00e5 deras utlandspraktik i Corboba i Spanien.\n\t\t\t\t\t\t\t<\/p>\n\t\t\t\t\t\t\n\t\t\t\t\t\t\t\t\t\t\t\t\t<ul class=\"c-card__tags l-stack-grow u-list-none u-pt-md\" aria-label=\"Kategorier\">\n\t\t\t\t\t\t\t\t\t\t\t\t\t\t\t\t\t<li><span class=\"c-tag\" data-variant=\"outline\">Nyheter<\/span><\/li>\n\t\t\t\t\t\t\t\t\t\t\t\t\t\t\t\t\t<li><span class=\"c-tag\" data-variant=\"outline\">Utlandspraktik<\/span><\/li>\n\t\t\t\t\t\t\t\t\t\t\t\t\t\t\t<\/ul>\n\t\t\t\t\t\t\n\t\t\t\t\t\t<div class=\"c-card__icon\">\n\t\t\t\t\t\t\t\t\t\t\t\t\t\t<svg class=\"ams-icon ams-icon--arrow-right\" width=\"32\" height=\"32\" viewbox=\"0 0 32 32\" fill=\"currentColor\" aria-hidden=\"true\" xmlns=\"http:\/\/www.w3.org\/2000\/svg\">\n\t\t\t\t\t\t\t\t\t\t\t\t\t\t\t\t<path d=\"M15.4617 0.252159L14.9567 0.75931C14.6219 1.09545 14.6219 1.64048 14.9567 1.97669L27.7062 14.7806H0.857144C0.383786 14.7806 0 15.166 0 15.6414V16.3587C0 16.8341 0.383786 17.2195 0.857144 17.2195H27.7062L14.9567 30.0234C14.6219 30.3595 14.6219 30.9045 14.9567 31.2407L15.4617 31.7479C15.7964 32.084 16.3392 32.084 16.6739 31.7479L31.749 16.6087C32.0837 16.2725 32.0837 15.7275 31.749 15.3913L16.6739 0.252159C16.3392 -0.084053 15.7964 -0.084053 15.4617 0.252159Z\"\/>\n\t\t\t\t\t\t\t\n\t\t\t\t\t\t\t<\/svg>\n\t\t\t\t\t\t<\/div>\n\t\t\t\t\t<\/div>\n\n\t\t\t\t\t<div class=\"c-card__media \" style=\" \">\n\t\t\t\t\t\t<img decoding=\"async\" width=\"400\" height=\"225\" src=\"https:\/\/praktiska.se\/wp-content\/uploads\/2023\/12\/pra-utlandspraktik-vlogg-400x225.jpeg\" class=\"attachment-sm size-sm\" alt=\"Tv\u00e5 elever p\u00e5 utlandspraktik i Spanien\" sizes=\"(min-width: 64em) 300px, (min-width: 48em) calc(.50 * (100vw - 224px)), calc(100vw - 160px)\" srcset=\"https:\/\/praktiska.se\/wp-content\/uploads\/2023\/12\/pra-utlandspraktik-vlogg-400x225.jpeg 400w, https:\/\/praktiska.se\/wp-content\/uploads\/2023\/12\/pra-utlandspraktik-vlogg-300x169.jpeg 300w, https:\/\/praktiska.se\/wp-content\/uploads\/2023\/12\/pra-utlandspraktik-vlogg-600x337.jpeg 600w, https:\/\/praktiska.se\/wp-content\/uploads\/2023\/12\/pra-utlandspraktik-vlogg-800x449.jpeg 800w, https:\/\/praktiska.se\/wp-content\/uploads\/2023\/12\/pra-utlandspraktik-vlogg-1024x575.jpeg 1024w, https:\/\/praktiska.se\/wp-content\/uploads\/2023\/12\/pra-utlandspraktik-vlogg-1200x674.jpeg 1200w, https:\/\/praktiska.se\/wp-content\/uploads\/2023\/12\/pra-utlandspraktik-vlogg.jpeg 1912w\" \/>\n\t\t\t\t\t<\/div>\n\t\t\t\t<\/article>\n\t\t\t<\/li>\n\t\t\t<\/ul>\n\n\t<div class=\"no-results u-mt-0 u-hide\" data-filter-fallback-id=\"ams-article-list-6a9ae7131221b\">\n\t<p>Det finns inga resultat som matchar din filtrering.<\/p>\n<\/div>\n\n\t    <div class=\"ams-article__more u-inline-items js-load-more-btn\">\n        <button href=\"#\"\n                class=\"c-btn\"\n                data-style=\"round\"\n                data-size=\"md\"\n                data-width=\"full-mobile\"\n                data-variant=\"outline\">\n        \tVisa fler resultat\n        <\/button>\n    <\/div>\n\n\n\t\t\n\t\t\t<\/div>\n\n\t\t\n\n<\/section>\n","protected":false},"excerpt":{"rendered":"","protected":false},"author":1,"featured_media":0,"parent":0,"menu_order":0,"comment_status":"closed","ping_status":"closed","template":"archive-article.php","meta":{"footnotes":""},"yoast_head":"<!-- This site is optimized with the Yoast SEO plugin v22.0 - https:\/\/yoast.com\/wordpress\/plugins\/seo\/ -->\n<title>Malm\u00f6 Limhamn<\/title>\n<meta name=\"description\" content=\"Ta del av de senaste nyheterna fr\u00e5n v\u00e5r skola. H\u00e4r kan du ta del av vad som h\u00e4nder under l\u00e4s\u00e5ret.\" \/>\n<meta name=\"robots\" content=\"index, follow, max-snippet:-1, max-image-preview:large, max-video-preview:-1\" \/>\n<link rel=\"canonical\" href=\"https:\/\/praktiska.se\/malmo-limhamn\/artiklar\/\" \/>\n<meta property=\"og:locale\" content=\"sv_SE\" \/>\n<meta property=\"og:type\" content=\"article\" \/>\n<meta property=\"og:description\" content=\"Ta del av de senaste nyheterna fr\u00e5n v\u00e5r skola. H\u00e4r kan du ta del av vad som h\u00e4nder under l\u00e4s\u00e5ret.\" \/>\n<meta property=\"og:url\" content=\"https:\/\/praktiska.se\/malmo-limhamn\/artiklar\/\" \/>\n<meta property=\"og:site_name\" content=\"Malm\u00f6 Limhamn\" \/>\n<meta property=\"article:modified_time\" content=\"2025-01-16T13:30:29+00:00\" \/>\n<meta name=\"twitter:card\" content=\"summary_large_image\" \/>\n<meta name=\"twitter:description\" content=\"Ta del av de senaste nyheterna fr\u00e5n v\u00e5r skola. H\u00e4r kan du ta del av vad som h\u00e4nder under l\u00e4s\u00e5ret.\" \/>\n<meta name=\"twitter:label1\" content=\"Est. reading time\" \/>\n\t<meta name=\"twitter:data1\" content=\"1 minut\" \/>\n<script type=\"application\/ld+json\" class=\"yoast-schema-graph\">{\"@context\":\"https:\/\/schema.org\",\"@graph\":[{\"@type\":\"WebPage\",\"@id\":\"https:\/\/praktiska.se\/malmo-limhamn\/artiklar\/\",\"url\":\"https:\/\/praktiska.se\/malmo-limhamn\/artiklar\/\",\"name\":\"Artiklar - Malm\u00f6 Limhamn\",\"isPartOf\":{\"@id\":\"https:\/\/praktiska.se\/malmo-limhamn\/#website\"},\"datePublished\":\"2023-11-21T17:12:06+00:00\",\"dateModified\":\"2025-01-16T13:30:29+00:00\",\"description\":\"Ta del av de senaste nyheterna fr\u00e5n v\u00e5r skola. H\u00e4r kan du ta del av vad som h\u00e4nder under l\u00e4s\u00e5ret.\",\"breadcrumb\":{\"@id\":\"https:\/\/praktiska.se\/malmo-limhamn\/artiklar\/#breadcrumb\"},\"inLanguage\":\"sv-SE\",\"potentialAction\":[{\"@type\":\"ReadAction\",\"target\":[\"https:\/\/praktiska.se\/malmo-limhamn\/artiklar\/\"]}]},{\"@type\":\"BreadcrumbList\",\"@id\":\"https:\/\/praktiska.se\/malmo-limhamn\/artiklar\/#breadcrumb\",\"itemListElement\":[{\"@type\":\"ListItem\",\"position\":1,\"name\":\"Start\",\"item\":\"https:\/\/praktiska.se\/malmo-limhamn\/\"},{\"@type\":\"ListItem\",\"position\":2,\"name\":\"Artiklar\"}]},{\"@type\":\"WebSite\",\"@id\":\"https:\/\/praktiska.se\/malmo-limhamn\/#website\",\"url\":\"https:\/\/praktiska.se\/malmo-limhamn\/\",\"name\":\"Malm\u00f6 Limhamn\",\"description\":\"Vi utbildar framtidens arbetskraft\",\"potentialAction\":[{\"@type\":\"SearchAction\",\"target\":{\"@type\":\"EntryPoint\",\"urlTemplate\":\"https:\/\/praktiska.se\/malmo-limhamn\/?s={search_term_string}\"},\"query-input\":\"required name=search_term_string\"}],\"inLanguage\":\"sv-SE\"}]}<\/script>\n<!-- \/ Yoast SEO plugin. -->","yoast_head_json":{"title":"Malm\u00f6 Limhamn","description":"Ta del av de senaste nyheterna fr\u00e5n v\u00e5r skola. H\u00e4r kan du ta del av vad som h\u00e4nder under l\u00e4s\u00e5ret.","robots":{"index":"index","follow":"follow","max-snippet":"max-snippet:-1","max-image-preview":"max-image-preview:large","max-video-preview":"max-video-preview:-1"},"canonical":"https:\/\/praktiska.se\/malmo-limhamn\/artiklar\/","og_locale":"sv_SE","og_type":"article","og_description":"Ta del av de senaste nyheterna fr\u00e5n v\u00e5r skola. H\u00e4r kan du ta del av vad som h\u00e4nder under l\u00e4s\u00e5ret.","og_url":"https:\/\/praktiska.se\/malmo-limhamn\/artiklar\/","og_site_name":"Malm\u00f6 Limhamn","article_modified_time":"2025-01-16T13:30:29+00:00","twitter_card":"summary_large_image","twitter_description":"Ta del av de senaste nyheterna fr\u00e5n v\u00e5r skola. H\u00e4r kan du ta del av vad som h\u00e4nder under l\u00e4s\u00e5ret.","twitter_misc":{"Est. reading time":"1 minut"},"schema":{"@context":"https:\/\/schema.org","@graph":[{"@type":"WebPage","@id":"https:\/\/praktiska.se\/malmo-limhamn\/artiklar\/","url":"https:\/\/praktiska.se\/malmo-limhamn\/artiklar\/","name":"Artiklar - Malm\u00f6 Limhamn","isPartOf":{"@id":"https:\/\/praktiska.se\/malmo-limhamn\/#website"},"datePublished":"2023-11-21T17:12:06+00:00","dateModified":"2025-01-16T13:30:29+00:00","description":"Ta del av de senaste nyheterna fr\u00e5n v\u00e5r skola. H\u00e4r kan du ta del av vad som h\u00e4nder under l\u00e4s\u00e5ret.","breadcrumb":{"@id":"https:\/\/praktiska.se\/malmo-limhamn\/artiklar\/#breadcrumb"},"inLanguage":"sv-SE","potentialAction":[{"@type":"ReadAction","target":["https:\/\/praktiska.se\/malmo-limhamn\/artiklar\/"]}]},{"@type":"BreadcrumbList","@id":"https:\/\/praktiska.se\/malmo-limhamn\/artiklar\/#breadcrumb","itemListElement":[{"@type":"ListItem","position":1,"name":"Start","item":"https:\/\/praktiska.se\/malmo-limhamn\/"},{"@type":"ListItem","position":2,"name":"Artiklar"}]},{"@type":"WebSite","@id":"https:\/\/praktiska.se\/malmo-limhamn\/#website","url":"https:\/\/praktiska.se\/malmo-limhamn\/","name":"Malm\u00f6 Limhamn","description":"Vi utbildar framtidens arbetskraft","potentialAction":[{"@type":"SearchAction","target":{"@type":"EntryPoint","urlTemplate":"https:\/\/praktiska.se\/malmo-limhamn\/?s={search_term_string}"},"query-input":"required name=search_term_string"}],"inLanguage":"sv-SE"}]}},"_links":{"self":[{"href":"https:\/\/praktiska.se\/malmo-limhamn\/wp-json\/wp\/v2\/pages\/2314"}],"collection":[{"href":"https:\/\/praktiska.se\/malmo-limhamn\/wp-json\/wp\/v2\/pages"}],"about":[{"href":"https:\/\/praktiska.se\/malmo-limhamn\/wp-json\/wp\/v2\/types\/page"}],"author":[{"embeddable":true,"href":"https:\/\/praktiska.se\/malmo-limhamn\/wp-json\/wp\/v2\/users\/1"}],"replies":[{"embeddable":true,"href":"https:\/\/praktiska.se\/malmo-limhamn\/wp-json\/wp\/v2\/comments?post=2314"}],"version-history":[{"count":10,"href":"https:\/\/praktiska.se\/malmo-limhamn\/wp-json\/wp\/v2\/pages\/2314\/revisions"}],"predecessor-version":[{"id":3230,"href":"https:\/\/praktiska.se\/malmo-limhamn\/wp-json\/wp\/v2\/pages\/2314\/revisions\/3230"}],"wp:attachment":[{"href":"https:\/\/praktiska.se\/malmo-limhamn\/wp-json\/wp\/v2\/media?parent=2314"}],"curies":[{"name":"wp","href":"https:\/\/api.w.org\/{rel}","templated":true}]}}