{"id":412,"date":"2023-03-03T15:28:56","date_gmt":"2023-03-03T14:28:56","guid":{"rendered":"https:\/\/praktiska.se\/karlstad\/?page_id=412"},"modified":"2026-04-20T14:44:48","modified_gmt":"2026-04-20T12:44:48","slug":"om-praktiska","status":"publish","type":"page","link":"https:\/\/praktiska.se\/karlstad\/om-praktiska\/","title":{"rendered":"Om Praktiska"},"content":{"rendered":"\n\t\n\t\n\t\n\t\n\t\n\n<section \n\tclass=\"ams-hero ams-hero--classic ams-hero--75 c-block l-stacked  \"\n\tdata-color-scheme=\"hero\"\n\tstyle=\"\">\n\t<div class=\"ams-hero__container u-items-start u-justify-center\">\n\t\t<div\n\t\t\tclass=\"ams-hero__content l-stack l-stack-xl is-left is-left@md\" >\n\t\t\t<div class=\"l-stack l-stack-lg\">\n\t\t\t\t\t\n\t<h1\n\tclass=\"c-heading u-font-huge \"\n\tstyle=\"\">\n\t\t\n\t\t\t\t\t\t\t\t\t<span class=\"c-heading__sub is-above u-font-title-3\">\n\t\t\t\t\tAllt du beh\u00f6ver veta\n\t\t\t\t<\/span>\n\t\t\t\tOm Praktiska Karlstad \n\t\t\t\t\t\t\t\n\t<\/h1>\n\n\t\t\t\t\t\t\t\t\t<div class=\"text l-stack u-font-body\">\n\t\t\t\t\t\t<p><span data-sheets-root=\"1\" data-sheets-value=\"{&quot;1&quot;:2,&quot;2&quot;:&quot;Praktiska Gymnasiet Karlstad ligger ett stenkast fr\u00e5n Karlstad Centralstation i centrala stan. Hos oss kombinerar vi praktik med teori och ger dig b\u00e5de en yrkesutbildning och h\u00f6gskolebeh\u00f6righet, vilket g\u00f6r att du kan v\u00e4lja om du vill studera vidare efter studenten eller b\u00f6rja arbeta direkt. Vi har en familj\u00e4r st\u00e4mning p\u00e5 skolan och varje morgon serveras frukost f\u00f6r att ge dig en bra start p\u00e5 dagen. &quot;}\" data-sheets-userformat=\"{&quot;2&quot;:5025,&quot;3&quot;:{&quot;1&quot;:0},&quot;8&quot;:{&quot;1&quot;:[{&quot;1&quot;:2,&quot;2&quot;:0,&quot;5&quot;:{&quot;1&quot;:2,&quot;2&quot;:0}},{&quot;1&quot;:0,&quot;2&quot;:0,&quot;3&quot;:3},{&quot;1&quot;:1,&quot;2&quot;:0,&quot;4&quot;:1}]},&quot;10&quot;:0,&quot;11&quot;:4,&quot;12&quot;:0,&quot;15&quot;:&quot;Arial&quot;}\">Praktiska Gymnasiet Karlstad ligger n\u00e4ra Karlstad Centralstation i centrala stan. Hos oss kombineras praktiskt arbete p\u00e5 arbetsplatser med teori och ger dig b\u00e5de en yrkesutbildning och h\u00f6gskolebeh\u00f6righet. Det g\u00f6r att du kan v\u00e4lja om du vill studera vidare efter studenten eller b\u00f6rja arbeta direkt. Vi har en familj\u00e4r st\u00e4mning p\u00e5 skolan och varje morgon serveras frukost f\u00f6r att ge dig en bra start p\u00e5 dagen. <\/span><\/p>\n\n\t\t\t\t\t<\/div>\n\t\t\t\t\t\t\t<\/div>\n\n\t\t\t\t<div class=\"ams-hero__action u-inline-items\">\n\t\t\t\t\t\t\t\n\n\n<a href=\"https:\/\/praktiska.se\/karlstad\/program\/\"\n\t\n\tclass=\"c-btn \"\n\tdata-style=\"round\"\n\tdata-size=\"md\"\n\tdata-width=\"full-mobile\"\n\tdata-variant=\"default\"\n\ttarget=\"_self\">\n\t\t\t<span class=\"label\"> Alla v\u00e5ra program<\/span>\n\t\t\t<\/a>\n\t\t\t\t\t\t\t\n\n\n<a href=\"https:\/\/praktiska.se\/karlstad\/oppet-hus\/\"\n\t\n\tclass=\"c-btn \"\n\tdata-style=\"round\"\n\tdata-size=\"md\"\n\tdata-width=\"full-mobile\"\n\tdata-variant=\"outline\"\n\ttarget=\"_self\">\n\t\t\t<span class=\"label\"> Kom p\u00e5 \u00f6ppet hus<\/span>\n\t\t\t<\/a>\n\t\t\t<\/div>\n\t\t<\/div>\n\t<\/div>\n\n\t\n\t\t\t\n\t\t\t\t\t\t\t\n\t\t\t\t<div class=\"c-bg c-bg--img\" data-settings=\"{&quot;desktop_settings&quot;:{&quot;size&quot;:&quot;cover&quot;,&quot;position&quot;:&quot;middle-center&quot;},&quot;mobile_settings&quot;:{&quot;size&quot;:&quot;cover&quot;,&quot;position&quot;:&quot;middle-center&quot;}}\" data-position=\"middle-center\" data-size=\"cover\">\n\t\t\t<img decoding=\"async\" width=\"1200\" height=\"800\" src=\"https:\/\/praktiska.se\/wp-content\/uploads\/sites\/17\/2024\/06\/praktiskagymnasietkarlstad202304-202804web47-1200x800.jpg\" class=\"attachment-xxl size-xxl\" alt=\"Tre v\u00e5rdelever som \u00f6var HLR\" sizes=\"(max-width: 1200px) 100vw, 1200px\" srcset=\"https:\/\/praktiska.se\/wp-content\/uploads\/sites\/17\/2024\/06\/praktiskagymnasietkarlstad202304-202804web47-1200x800.jpg 1200w, https:\/\/praktiska.se\/wp-content\/uploads\/sites\/17\/2024\/06\/praktiskagymnasietkarlstad202304-202804web47-300x200.jpg 300w, https:\/\/praktiska.se\/wp-content\/uploads\/sites\/17\/2024\/06\/praktiskagymnasietkarlstad202304-202804web47-400x267.jpg 400w, https:\/\/praktiska.se\/wp-content\/uploads\/sites\/17\/2024\/06\/praktiskagymnasietkarlstad202304-202804web47-600x400.jpg 600w, https:\/\/praktiska.se\/wp-content\/uploads\/sites\/17\/2024\/06\/praktiskagymnasietkarlstad202304-202804web47-800x533.jpg 800w, https:\/\/praktiska.se\/wp-content\/uploads\/sites\/17\/2024\/06\/praktiskagymnasietkarlstad202304-202804web47-1024x683.jpg 1024w, https:\/\/praktiska.se\/wp-content\/uploads\/sites\/17\/2024\/06\/praktiskagymnasietkarlstad202304-202804web47.jpg 2048w\" \/>\n\t\t<\/div>\n\t\n\t<div class=\"c-overlay\" style=\"--overlay-bg: rgba(40,40,40,0.6);\"><\/div>\n<\/section>\n\n\n\n\n<section  class=\"ams-usp c-block l-stacked\" data-color-scheme=\"white\">\n\t<div class=\"l-container l-stack l-stack-fluid-2xl u-pt-fluid-3xl-6xl u-pb-fluid-3xl-6xl is-center is-center@md\">\n\t\t\t\t\t<div class=\"ams-usp__intro l-stack l-stack-lg\">\n\t\t\t\t\t\n\t<h2\n\tclass=\"c-heading u-font-title-1 \"\n\tstyle=\"\">\n\t\t\n\t\t\t\t\tSom elev hos oss f\u00e5r du\n\t\t\t\t\n\t<\/h2>\n\n\t\t\t\t\t\t\t<\/div>\n\t\t\n\t\t\t<ul class=\"ams-usp__list l-grid u-justify-center u-gap-fluid-2xl-4xl\">\n\t\t\t\t\t<li class=\"l-col-6@md l-col-4@lg\">\n\t\t\t\t<article\n\t\t\t\t\tclass=\"\n\t\t\t\t\tc-card\n\t\t\t\t\thas-media-zoom\n\t\t\t\t\t\n\t\t\t\t\t\n\t\t\t\t\t\"\n\t\t\t\t\tdata-variant=\"neutral\"\n\t\t\t\t\tdata-style=\"square\"\n\t\t\t\t\t\n\t\t\t\t\t>\n\t\t\t\t\t\t\t\t\t\t\t<div class=\"c-card__content l-stack l-stack-sm u-text-center\">\n\t\t\t\t\t\t\t\t\t\t\t\t\t\t\t<h3 class=\"c-card__title u-font-title-3\">\n\t\t\t\t\t\t\t\t\t\t\t\t\t\t\t\t\t\t\t\t\t\t\t\t\t\t\t\t\t\tGrundl\u00e4ggande h\u00f6gskolebeh\u00f6righet \n\t\t\t\t\t\t\t\t\t\t\t\t\t\t\t\t\t\t\t\t\t\t\t\t\t\t\t<\/h3>\n\t\t\t\t\t\t\t\n\t\t\t\t\t\t\t\t\t\t\t\t\t\t\t<div class=\"c-card__text l-stack-xs u-font-body\">\n\t\t\t\t\t\t\t\t\t<p><span data-sheets-root=\"1\" data-sheets-value=\"{&quot;1&quot;:2,&quot;2&quot;:&quot;Hos oss kan du ta studenten med b\u00e5de en yrkesexamen och grundl\u00e4ggande h\u00f6gskolebeh\u00f6righet. Beh\u00f6righeten g\u00e5r att v\u00e4lja bort om du bara vill fokusera p\u00e5 dina yrkeskurser.&quot;}\" data-sheets-userformat=\"{&quot;2&quot;:4993,&quot;3&quot;:{&quot;1&quot;:0},&quot;10&quot;:0,&quot;11&quot;:4,&quot;12&quot;:0,&quot;15&quot;:&quot;Helvetica Neue&quot;}\">Hos oss kan du ta studenten med b\u00e5de en yrkesexamen och grundl\u00e4ggande h\u00f6gskolebeh\u00f6righet. Beh\u00f6righeten g\u00e5r att v\u00e4lja bort om du bara vill fokusera p\u00e5 dina yrkeskurser.<\/span><\/p>\n\n\t\t\t\t\t\t\t\t<\/div>\n\t\t\t\t\t\t\t\t\t\t\t\t\t<\/div>\n\t\t\t\t\t\n\t\t\t\t\t<div class=\"c-card__media\">\n\t\t\t\t\t\t\t\t\t\t\t\t\t<img decoding=\"async\" src=\"https:\/\/praktiska.se\/wp-content\/uploads\/2023\/11\/praktiskaikoneruspar142x142pxmojlighettillhogskolebehorighet.svg\" class=\" u-ratio-landscape  ams_icon_size_usp\" alt=\"Icon som f\u00f6rest\u00e4ller en skola\" height=\"142\" width=\"142\" \/>\n\t\t\t\t\t\t\t\t\t\t\t<\/div>\n\t\t\t\t<\/article>\n\t\t\t<\/li>\n\n\t\t\t\t\t<li class=\"l-col-6@md l-col-4@lg\">\n\t\t\t\t<article\n\t\t\t\t\tclass=\"\n\t\t\t\t\tc-card\n\t\t\t\t\thas-media-zoom\n\t\t\t\t\t\n\t\t\t\t\t\n\t\t\t\t\t\"\n\t\t\t\t\tdata-variant=\"neutral\"\n\t\t\t\t\tdata-style=\"square\"\n\t\t\t\t\t\n\t\t\t\t\t>\n\t\t\t\t\t\t\t\t\t\t\t<div class=\"c-card__content l-stack l-stack-sm u-text-center\">\n\t\t\t\t\t\t\t\t\t\t\t\t\t\t\t<h3 class=\"c-card__title u-font-title-3\">\n\t\t\t\t\t\t\t\t\t\t\t\t\t\t\t\t\t\t\t\t\t\t\t\t\t\t\t\t\t\tCertifierade av V\u00e5rd och omsorgscollege\n\t\t\t\t\t\t\t\t\t\t\t\t\t\t\t\t\t\t\t\t\t\t\t\t\t\t\t<\/h3>\n\t\t\t\t\t\t\t\n\t\t\t\t\t\t\t\t\t\t\t\t\t\t\t<div class=\"c-card__text l-stack-xs u-font-body\">\n\t\t\t\t\t\t\t\t\t<p><span data-sheets-root=\"1\" data-sheets-value=\"{&quot;1&quot;:2,&quot;2&quot;:&quot;Certifieringen inneb\u00e4r att vi jobbar med arbetsgivare f\u00f6r att f\u00f6rnya v\u00e5rd- och omsorgsutbildningen. Det ger dig som elev en relevant yrkesutbildning.&quot;}\" data-sheets-userformat=\"{&quot;2&quot;:4993,&quot;3&quot;:{&quot;1&quot;:0},&quot;10&quot;:0,&quot;11&quot;:4,&quot;12&quot;:0,&quot;15&quot;:&quot;Helvetica Neue&quot;}\">Certifieringen inneb\u00e4r att vi jobbar med arbetsgivare f\u00f6r att f\u00f6rnya v\u00e5rd- och omsorgsutbildningen. Det ger dig som elev en relevant yrkesutbildning.<\/span><\/p>\n\n\t\t\t\t\t\t\t\t<\/div>\n\t\t\t\t\t\t\t\t\t\t\t\t\t<\/div>\n\t\t\t\t\t\n\t\t\t\t\t<div class=\"c-card__media\">\n\t\t\t\t\t\t\t\t\t\t\t\t\t<img decoding=\"async\" src=\"https:\/\/praktiska.se\/wp-content\/uploads\/2023\/11\/praktiskaikoneruspar142x142pxvardochomsorgscollege.svg\" class=\" u-ratio-landscape  ams_icon_size_usp\" alt=\"Icon som f\u00f6rest\u00e4ller ett diplom.\" height=\"142\" width=\"142\" \/>\n\t\t\t\t\t\t\t\t\t\t\t<\/div>\n\t\t\t\t<\/article>\n\t\t\t<\/li>\n\n\t\t\t\t\t<li class=\"l-col-6@md l-col-4@lg\">\n\t\t\t\t<article\n\t\t\t\t\tclass=\"\n\t\t\t\t\tc-card\n\t\t\t\t\thas-media-zoom\n\t\t\t\t\t\n\t\t\t\t\t\n\t\t\t\t\t\"\n\t\t\t\t\tdata-variant=\"neutral\"\n\t\t\t\t\tdata-style=\"square\"\n\t\t\t\t\t\n\t\t\t\t\t>\n\t\t\t\t\t\t\t\t\t\t\t<div class=\"c-card__content l-stack l-stack-sm u-text-center\">\n\t\t\t\t\t\t\t\t\t\t\t\t\t\t\t<h3 class=\"c-card__title u-font-title-3\">\n\t\t\t\t\t\t\t\t\t\t\t\t\t\t\t\t\t\t\t\t\t\t\t\t\t\t\t\t\t\tCertifierade av Teknikcollege\n\t\t\t\t\t\t\t\t\t\t\t\t\t\t\t\t\t\t\t\t\t\t\t\t\t\t\t<\/h3>\n\t\t\t\t\t\t\t\n\t\t\t\t\t\t\t\t\t\t\t\t\t\t\t<div class=\"c-card__text l-stack-xs u-font-body\">\n\t\t\t\t\t\t\t\t\t<p><span data-sheets-root=\"1\" data-sheets-value=\"{&quot;1&quot;:2,&quot;2&quot;:&quot;Certifieringen inneb\u00e4r att arbetsgivare varit med och p\u00e5verkat inneh\u00e5llet i utbildningen, s\u00e5 att du alltid f\u00e5r med dig de senaste yrkeskunskaperna. &quot;}\" data-sheets-userformat=\"{&quot;2&quot;:4993,&quot;3&quot;:{&quot;1&quot;:0},&quot;10&quot;:0,&quot;11&quot;:4,&quot;12&quot;:0,&quot;15&quot;:&quot;Helvetica Neue&quot;}\">Certifieringen inneb\u00e4r att arbetsgivare varit med och p\u00e5verkat inneh\u00e5llet i utbildningen, s\u00e5 att du alltid f\u00e5r med dig de senaste yrkeskunskaperna. <\/span><\/p>\n\n\t\t\t\t\t\t\t\t<\/div>\n\t\t\t\t\t\t\t\t\t\t\t\t\t<\/div>\n\t\t\t\t\t\n\t\t\t\t\t<div class=\"c-card__media\">\n\t\t\t\t\t\t\t\t\t\t\t\t\t<img decoding=\"async\" src=\"https:\/\/praktiska.se\/wp-content\/uploads\/2023\/11\/praktiskaikoneruspar142x142pxvvscollege.svg\" class=\" u-ratio-landscape  ams_icon_size_usp\" alt=\"Icon i form av ett r\u00f6r med en stj\u00e4rna p\u00e5, kopplar till VVS collage\" height=\"142\" width=\"142\" \/>\n\t\t\t\t\t\t\t\t\t\t\t<\/div>\n\t\t\t\t<\/article>\n\t\t\t<\/li>\n\n\t\t\t<\/ul>\n\n\t\t\t<\/div>\n\n\t\t\n\n<\/section>\n\n\n\n\n<section  class=\"ams-cta ams-cta--stacked c-block l-stacked\" data-color-scheme=\"gray\">\n\t<div class=\"l-container-narrow l-stack l-stack-fluid-2xl u-pt-fluid-3xl-6xl u-pb-fluid-3xl-6xl is-center is-center@md\">\n\t\t\t\t\t<div class=\"ams-cta__intro l-stack l-stack-lg\">\n\t\t\t\t\t\n\t<h2\n\tclass=\"c-heading u-font-title-1 \"\n\tstyle=\"\">\n\t\t\n\t\t\t\t\tV\u00e5ra program\n\t\t\t\t\n\t<\/h2>\n\n\t\t\t\t\t\t\t\t\t<div class=\"c-text l-stack u-cs-xl u-font-body\">\n\t\t\t\t\t\t<p><span data-sheets-root=\"1\" data-sheets-value=\"{&quot;1&quot;:2,&quot;2&quot;:&quot;P\u00e5 Praktiska Gymnasiet ORT erbjuder vi yrkesprogram som f\u00f6rbereder dig f\u00f6r arbetslivet direkt efter studenten. Kolla in alla v\u00e5ra program och se om du hittar ditt dr\u00f6myrke hos oss! &quot;}\" data-sheets-userformat=\"{&quot;2&quot;:4995,&quot;3&quot;:{&quot;1&quot;:0},&quot;4&quot;:{&quot;1&quot;:2,&quot;2&quot;:10797812},&quot;10&quot;:2,&quot;11&quot;:4,&quot;12&quot;:0,&quot;15&quot;:&quot;Helvetica Neue&quot;}\" data-sheets-textstyleruns=\"{&quot;1&quot;:0}\uee10{&quot;1&quot;:23,&quot;2&quot;:{&quot;5&quot;:1}}\uee10{&quot;1&quot;:27}\">P\u00e5 Praktiska Gymnasiet Karlstad erbjuder vi yrkesprogram som f\u00f6rbereder dig f\u00f6r arbetslivet direkt efter studenten. Kolla in alla v\u00e5ra program och se om du hittar ditt dr\u00f6myrke hos oss! <\/span><\/p>\n\n\t\t\t\t\t<\/div>\n\t\t\t\t\t\t\t<\/div>\n\t\t\n\t\t\n\t\t\t<div class=\"ams-cta__action u-inline-items\">\n\t\t\t\t\t\t\t\n\n\n<a href=\"https:\/\/praktiska.se\/karlstad\/program\/\"\n\t\n\tclass=\"c-btn \"\n\tdata-style=\"round\"\n\tdata-size=\"md\"\n\tdata-width=\"full-mobile\"\n\tdata-variant=\"default\"\n\ttarget=\"_self\">\n\t\t\t<span class=\"label\"> Alla v\u00e5ra program<\/span>\n\t\t\t<\/a>\n\t\t\t<\/div>\n\t<\/div>\n\n\t\t\n\n<\/section>\n\n\n\n\t\n\t\n\t\n\n\t\n\t\n\t\t\n<section  class=\"c-block l-stacked  \" data-color-scheme=\"white\">\n\t<div class=\"ams-fifty ams-fifty--container ams-fifty--left ams-fifty--top l-container u-pt-fluid-3xl-6xl u-pb-fluid-3xl-6xl\">\n\t\t<div class=\"ams-fifty__content l-stack l-stack-xl is-left is-left@lg\">\n\t\t\t<div class=\"ams-fifty__text l-stack l-stack-lg\">\n\t\t\t\t\t\n\t<h2\n\tclass=\"c-heading u-font-title-1 \"\n\tstyle=\"\">\n\t\t\n\t\t\t\t\tPraktik (apl)\n\t\t\t\t\n\t<\/h2>\n\n\t\t\t\t\t\t\t\t\t<div class=\"text l-stack u-font-body\">\n\t\t\t\t\t\t<p><span data-sheets-root=\"1\" data-sheets-value=\"{&quot;1&quot;:2,&quot;2&quot;:&quot;P\u00e5 gymnasiet kallas praktik f\u00f6r APL (arbetsplatsf\u00f6rlagt l\u00e4rande) och under dina tre \u00e5r hos oss kommer du att g\u00f6ra APL p\u00e5 ett riktigt f\u00f6retag i minst 15 veckor. D\u00e4r f\u00e5r du chans att testa p\u00e5 de moment du l\u00e4rt dig i skolan och samtidigt f\u00e5 in en fot i arbetslivet. &quot;}\" data-sheets-userformat=\"{&quot;2&quot;:5025,&quot;3&quot;:{&quot;1&quot;:0},&quot;8&quot;:{&quot;1&quot;:[{&quot;1&quot;:2,&quot;2&quot;:0,&quot;5&quot;:{&quot;1&quot;:2,&quot;2&quot;:0}},{&quot;1&quot;:0,&quot;2&quot;:0,&quot;3&quot;:3},{&quot;1&quot;:1,&quot;2&quot;:0,&quot;4&quot;:1}]},&quot;10&quot;:0,&quot;11&quot;:4,&quot;12&quot;:0,&quot;15&quot;:&quot;Arial&quot;}\">P\u00e5 gymnasiet kallas praktik f\u00f6r apl (arbetsplatsf\u00f6rlagt l\u00e4rande) och under dina tre \u00e5r hos oss kommer du att g\u00f6ra apl p\u00e5 ett riktigt f\u00f6retag i minst 15 veckor. D\u00e4r f\u00e5r du l\u00e4ra dig olika moment och utveckla dina yrkeskunskaper samtidigt som du f\u00e5r en fot in i arbetslivet.<\/span><\/p>\n\n\t\t\t\t\t<\/div>\n\t\t\t\t\t\t\t<\/div>\n\n\t\t\t\t<div class=\"ams-fifty__action u-inline-items\">\n\t\t\t\t\t\t\t\n\n\n<a href=\"https:\/\/praktiska.se\/karlstad\/om-praktiska\/apl\/\"\n\t\n\tclass=\"c-btn \"\n\tdata-style=\"round\"\n\tdata-size=\"md\"\n\tdata-width=\"full-mobile\"\n\tdata-variant=\"default\"\n\ttarget=\"_self\">\n\t\t\t<span class=\"label\"> Mer om apl<\/span>\n\t\t\t<\/a>\n\t\t\t<\/div>\n\t\t<\/div>\n\n\t\t <div class=\"ams-fifty__media u-ratio-square\">\n\t\t \t\t\t\t\t<img decoding=\"async\" width=\"600\" height=\"469\" src=\"https:\/\/praktiska.se\/wp-content\/uploads\/sites\/17\/2023\/11\/praktiskagymnasietpraktiknykvarn202304-202804-e1701092639606-600x469.jpg\" class=\"attachment-md size-md\" alt=\"Tre elever h\u00e5ller om varandra och kollar in i kameran\" sizes=\"(min-width: 64em) 600px, calc(100vw - 160px)\" srcset=\"https:\/\/praktiska.se\/wp-content\/uploads\/sites\/17\/2023\/11\/praktiskagymnasietpraktiknykvarn202304-202804-e1701092639606-600x469.jpg 600w, https:\/\/praktiska.se\/wp-content\/uploads\/sites\/17\/2023\/11\/praktiskagymnasietpraktiknykvarn202304-202804-e1701092639606-300x235.jpg 300w, https:\/\/praktiska.se\/wp-content\/uploads\/sites\/17\/2023\/11\/praktiskagymnasietpraktiknykvarn202304-202804-e1701092639606-400x313.jpg 400w, https:\/\/praktiska.se\/wp-content\/uploads\/sites\/17\/2023\/11\/praktiskagymnasietpraktiknykvarn202304-202804-e1701092639606-800x626.jpg 800w, https:\/\/praktiska.se\/wp-content\/uploads\/sites\/17\/2023\/11\/praktiskagymnasietpraktiknykvarn202304-202804-e1701092639606-1024x801.jpg 1024w, https:\/\/praktiska.se\/wp-content\/uploads\/sites\/17\/2023\/11\/praktiskagymnasietpraktiknykvarn202304-202804-e1701092639606-1200x939.jpg 1200w, https:\/\/praktiska.se\/wp-content\/uploads\/sites\/17\/2023\/11\/praktiskagymnasietpraktiknykvarn202304-202804-e1701092639606.jpg 1745w\" \/>\n\t\t\t\n\t\t\t\n\t\t\t\t\t<\/div>\n\t<\/div>\n\n\t\t\n\n<\/section>\n\n\n\n\n<section  class=\"ams-quote c-block l-stacked\" data-color-scheme=\"orange\">\n\t<div class=\"l-container l-stack l-stack-fluid-2xl u-pt-fluid-3xl-6xl u-pb-fluid-3xl-6xl is-center is-center@md\">\n\t\t\n\t\t\t\t\t<ul class=\"ams-quote__list l-grid u-gap-fluid-2xl-4xl u-justify-center\"\n\taria-label=\"Citat\">\n\t\t\t<li class=\"l-col-12@md\">\n\t\t\t<article class=\"c-card\" data-variant=\"neutral\" >\n\t\t\t\t<div class=\"c-card__content l-stack u-text-center\">\n\t\t\t\t\t\t\t\t\t\t\t<blockquote class=\"c-card__title u-font-title-1\">\n\t\t\t\t\t\t\t\t\t\t\t\t\t\t\t<p class=\"u-quote-marks\">Jag trivs j\u00e4ttebra! Det k\u00e4nns aldrig jobbigt att komma hit och vi har en bra sammah\u00e5llning i klassen<\/p>\n\t\t\t\t\t\t\t\t\t\t\t\t\t<\/blockquote>\n\t\t\t\t\t\n\t\t\t\t\t\t\t\t\t\t\t<p class=\"c-card__text\">\n\t\t\t\t\t\t\t<span class=\"author u-font-body\">Hannah<\/span>\n\t\t\t\t\t\t\t<span class=\"title u-font-body\">Elev, Praktiska Gymnasiet Karlstad<\/span>\n\t\t\t\t\t\t<\/p>\n\t\t\t\t\t\t\t\t\t<\/div>\n\n\t\t\t\t\t\t\t<\/article>\n\t\t<\/li>\n\t<\/ul>\n\t\n\t\t\t<\/div>\n\n\t\t\n\n<\/section>\n\n\n\n\n\n<section  class=\"ams-faq ams_event_module c-block l-stacked js-load-more\" data-color-scheme=\"faq-white\" data-count=\"5\" data-count-mobile=\"5\">\n\t<div class=\"l-container-narrow l-stack l-stack-fluid-2xl u-pt-fluid-3xl-6xl u-pb-fluid-2xl-4xl is-center is-center@md\">\n\t\t\t\t\t<div class=\"ams-faq__intro l-stack l-stack-lg\">\n\t\t\t\t\t\n\t<h2\n\tclass=\"c-heading u-font-title-1 \"\n\tstyle=\"\">\n\t\t\n\t\t\t\t\tVanliga fr\u00e5gor\n\t\t\t\t\n\t<\/h2>\n\n\t\t\t\t\t\t\t\t\t<div class=\"c-text l-stack u-cs-xl u-font-body\">\n\t\t\t\t\t\t<p><span data-sheets-root=\"1\" data-sheets-value=\"{&quot;1&quot;:2,&quot;2&quot;:&quot;H\u00e4r har vi samlat svaren p\u00e5 de vanligaste fr\u00e5gorna som handlar om APL och att l\u00e4sa som l\u00e4rling&quot;}\" data-sheets-userformat=\"{&quot;2&quot;:5041,&quot;3&quot;:{&quot;1&quot;:0},&quot;7&quot;:{&quot;1&quot;:[{&quot;1&quot;:2,&quot;2&quot;:0,&quot;5&quot;:{&quot;1&quot;:2,&quot;2&quot;:0}},{&quot;1&quot;:0,&quot;2&quot;:0,&quot;3&quot;:3},{&quot;1&quot;:1,&quot;2&quot;:0,&quot;4&quot;:1}]},&quot;8&quot;:{&quot;1&quot;:[{&quot;1&quot;:2,&quot;2&quot;:0,&quot;5&quot;:{&quot;1&quot;:2,&quot;2&quot;:0}},{&quot;1&quot;:0,&quot;2&quot;:0,&quot;3&quot;:3},{&quot;1&quot;:1,&quot;2&quot;:0,&quot;4&quot;:1}]},&quot;10&quot;:0,&quot;11&quot;:4,&quot;12&quot;:0,&quot;15&quot;:&quot;Arial&quot;}\">H\u00e4r har vi samlat svaren p\u00e5 de vanligaste fr\u00e5gorna om v\u00e5r skola.\u00a0<\/span><\/p>\n\n\t\t\t\t\t<\/div>\n\t\t\t\t\t\t\t<\/div>\n\t\t\n\t\t\n\t\n\t    \n\t\n\t<ul\n\t\tid=\"ams-faq-list-69f365ad20c86\"\n\t\tclass=\"ams-faq__ac ams-accordion_module c-accordion js-results \"\n\t\taria-label=\"Vanliga fr\u00e5gor\"\n\t\tdata-variant=\"border-between\"\n\t\tdata-ajax-action=\"log_faq_view\"\n\t\tdata-ajax-url=\"https:\/\/praktiska.se\/karlstad\/wp-admin\/admin-ajax.php\"\n\t\tdata-ajax-nonce=\"695f83a5a9\"\n\t\tdata-filter-animation=\"off\">\n\n\t\t\n\t\t\t\t\t\t\t\t\t\t\t\t\t\t\t\n\t\t\t\n\t\t\t<li data-ajax-id=\"3511\" class=\"c-accordion__item \"\n\t\t\tdata-filter=\"om-praktiska april-2026\"\n\t\t\t>\n\t\t\t\t<h3 class=\"c-accordion__header\">\n\t\t\t\t\t\t\t\t\t\t<button class=\"c-accordion__trigger u-py-sm u-px-fluid-md-xl u-font-title-4\">\n\t\t\t\t\t\t<span>\u00c4r ni branschcertifierade?<\/span>\n\t\t\t\t\t\t<svg class=\"ams-icon ams-icon__arrow-down\" width=\"24\" height=\"24\" viewbox=\"0 0 24 24\" fill=\"currentColor\" aria-hidden=\"true\" xmlns=\"http:\/\/www.w3.org\/2000\/svg\">\n\t\t\t\t\t\t\t\t\t\t\t\t\t<path d=\"m11.2033 18.4294-10.872894-10.67584c-.440539-.42594-.440539-1.1147 0-1.54065l.665495-.64345c.440539-.42595 1.152899-.42595 1.593439 0l9.41066 9.27114 9.4107-9.26207c.4405-.42595 1.1529-.42595 1.5934 0l.6655.64345c.4405.42594.4405 1.1147 0 1.54065l-10.8729 10.67587c-.4405.4168-1.1529.4168-1.5934-.0091z\"\/>\n\t\t\t\t\t\n\t\t\t\t\t\t<\/svg>\n\t\t\t\t\t<\/button>\n\t\t\t\t<\/h3>\n\t\t\t\t<div class=\"c-accordion__body l-stack u-font-body\">\n\t\t\t\t\t<div class=\"c-accordion__body__inner u-p-fluid-md-xl l-stack\">\n\t\t\t\t\t\t<p data-pm-slice=\"1 1 []\">Ja, vi \u00e4r certifierade inom Teknik-college, handelsutbildning enligt Handelsr\u00e5det\u00a0samt V\u00e5rd och omsorgs-college.<\/p>\n\n\t\t\t\t\t<\/div>\n\t\t\t\t<\/div>\n\t\t\t<\/li>\n\t\t\n\t\t\t\t\t\t\t\t\t\t\t\t\t\t\t\n\t\t\t\n\t\t\t<li data-ajax-id=\"3092\" class=\"c-accordion__item \"\n\t\t\tdata-filter=\"om-praktiska augusti-2024\"\n\t\t\t>\n\t\t\t\t<h3 class=\"c-accordion__header\">\n\t\t\t\t\t\t\t\t\t\t<button class=\"c-accordion__trigger u-py-sm u-px-fluid-md-xl u-font-title-4\">\n\t\t\t\t\t\t<span>Var har man idrott p\u00e5 skolan? <\/span>\n\t\t\t\t\t\t<svg class=\"ams-icon ams-icon__arrow-down\" width=\"24\" height=\"24\" viewbox=\"0 0 24 24\" fill=\"currentColor\" aria-hidden=\"true\" xmlns=\"http:\/\/www.w3.org\/2000\/svg\">\n\t\t\t\t\t\t\t\t\t\t\t\t\t<path d=\"m11.2033 18.4294-10.872894-10.67584c-.440539-.42594-.440539-1.1147 0-1.54065l.665495-.64345c.440539-.42595 1.152899-.42595 1.593439 0l9.41066 9.27114 9.4107-9.26207c.4405-.42595 1.1529-.42595 1.5934 0l.6655.64345c.4405.42594.4405 1.1147 0 1.54065l-10.8729 10.67587c-.4405.4168-1.1529.4168-1.5934-.0091z\"\/>\n\t\t\t\t\t\n\t\t\t\t\t\t<\/svg>\n\t\t\t\t\t<\/button>\n\t\t\t\t<\/h3>\n\t\t\t\t<div class=\"c-accordion__body l-stack u-font-body\">\n\t\t\t\t\t<div class=\"c-accordion__body__inner u-p-fluid-md-xl l-stack\">\n\t\t\t\t\t\t<p>V\u00e5ra elever har idrott i en idrottshall i n\u00e4romr\u00e5det.<\/p>\n\n\t\t\t\t\t<\/div>\n\t\t\t\t<\/div>\n\t\t\t<\/li>\n\t\t\n\t\t\t\t\t\t\t\t\t\t\t\t\t\t\t\n\t\t\t\n\t\t\t<li data-ajax-id=\"2777\" class=\"c-accordion__item \"\n\t\t\tdata-filter=\"om-praktiska december-2023\"\n\t\t\t>\n\t\t\t\t<h3 class=\"c-accordion__header\">\n\t\t\t\t\t\t\t\t\t\t<button class=\"c-accordion__trigger u-py-sm u-px-fluid-md-xl u-font-title-4\">\n\t\t\t\t\t\t<span>Var \u00e4ter man lunch p\u00e5 skolan? <\/span>\n\t\t\t\t\t\t<svg class=\"ams-icon ams-icon__arrow-down\" width=\"24\" height=\"24\" viewbox=\"0 0 24 24\" fill=\"currentColor\" aria-hidden=\"true\" xmlns=\"http:\/\/www.w3.org\/2000\/svg\">\n\t\t\t\t\t\t\t\t\t\t\t\t\t<path d=\"m11.2033 18.4294-10.872894-10.67584c-.440539-.42594-.440539-1.1147 0-1.54065l.665495-.64345c.440539-.42595 1.152899-.42595 1.593439 0l9.41066 9.27114 9.4107-9.26207c.4405-.42595 1.1529-.42595 1.5934 0l.6655.64345c.4405.42594.4405 1.1147 0 1.54065l-10.8729 10.67587c-.4405.4168-1.1529.4168-1.5934-.0091z\"\/>\n\t\t\t\t\t\n\t\t\t\t\t\t<\/svg>\n\t\t\t\t\t<\/button>\n\t\t\t\t<\/h3>\n\t\t\t\t<div class=\"c-accordion__body l-stack u-font-body\">\n\t\t\t\t\t<div class=\"c-accordion__body__inner u-p-fluid-md-xl l-stack\">\n\t\t\t\t\t\t<p><span data-sheets-root=\"1\" data-sheets-value=\"{&quot;1&quot;:2,&quot;2&quot;:&quot;Hos oss \u00e4ter eleverna lunch i skolans matsal. Maten kommer caterad fr\u00e5n Watma. &quot;}\" data-sheets-userformat=\"{&quot;2&quot;:4993,&quot;3&quot;:{&quot;1&quot;:0},&quot;10&quot;:0,&quot;11&quot;:4,&quot;12&quot;:0,&quot;15&quot;:&quot;Arial&quot;}\">Hos oss \u00e4ter eleverna lunch i skolans matsal. Maten kommer caterad fr\u00e5n Watma. <\/span><\/p>\n\n\t\t\t\t\t<\/div>\n\t\t\t\t<\/div>\n\t\t\t<\/li>\n\t\t\n\t\t\t\t\t\t\t\t\t\t\t\t\t\t\t\n\t\t\t\n\t\t\t<li data-ajax-id=\"2776\" class=\"c-accordion__item \"\n\t\t\tdata-filter=\"om-praktiska december-2023\"\n\t\t\t>\n\t\t\t\t<h3 class=\"c-accordion__header\">\n\t\t\t\t\t\t\t\t\t\t<button class=\"c-accordion__trigger u-py-sm u-px-fluid-md-xl u-font-title-4\">\n\t\t\t\t\t\t<span>Vilken \u00e4r n\u00e4rmaste h\u00e5llplats till skolan? <\/span>\n\t\t\t\t\t\t<svg class=\"ams-icon ams-icon__arrow-down\" width=\"24\" height=\"24\" viewbox=\"0 0 24 24\" fill=\"currentColor\" aria-hidden=\"true\" xmlns=\"http:\/\/www.w3.org\/2000\/svg\">\n\t\t\t\t\t\t\t\t\t\t\t\t\t<path d=\"m11.2033 18.4294-10.872894-10.67584c-.440539-.42594-.440539-1.1147 0-1.54065l.665495-.64345c.440539-.42595 1.152899-.42595 1.593439 0l9.41066 9.27114 9.4107-9.26207c.4405-.42595 1.1529-.42595 1.5934 0l.6655.64345c.4405.42594.4405 1.1147 0 1.54065l-10.8729 10.67587c-.4405.4168-1.1529.4168-1.5934-.0091z\"\/>\n\t\t\t\t\t\n\t\t\t\t\t\t<\/svg>\n\t\t\t\t\t<\/button>\n\t\t\t\t<\/h3>\n\t\t\t\t<div class=\"c-accordion__body l-stack u-font-body\">\n\t\t\t\t\t<div class=\"c-accordion__body__inner u-p-fluid-md-xl l-stack\">\n\t\t\t\t\t\t<p><span data-sheets-root=\"1\" data-sheets-value=\"{&quot;1&quot;:2,&quot;2&quot;:&quot;Den n\u00e4rmaste h\u00e5llplatsen med kollektivtrafik \u00e4r Stadsbyggnadskontoret. &quot;}\" data-sheets-userformat=\"{&quot;2&quot;:4993,&quot;3&quot;:{&quot;1&quot;:0},&quot;10&quot;:0,&quot;11&quot;:4,&quot;12&quot;:0,&quot;15&quot;:&quot;Helvetica Neue&quot;}\" data-sheets-textstyleruns=\"{&quot;1&quot;:0}\uee10{&quot;1&quot;:48,&quot;2&quot;:{&quot;5&quot;:1}}\uee10{&quot;1&quot;:69}\">Den n\u00e4rmaste h\u00e5llplatsen med kollektivtrafik \u00e4r <strong>Stadsbyggnadskontoret<\/strong>. <\/span><\/p>\n\n\t\t\t\t\t<\/div>\n\t\t\t\t<\/div>\n\t\t\t<\/li>\n\t\t\n\t\t\t\t\t\t\t\t\t\t\t\t\t\t\t\n\t\t\t\n\t\t\t<li data-ajax-id=\"2775\" class=\"c-accordion__item \"\n\t\t\tdata-filter=\"om-praktiska december-2023\"\n\t\t\t>\n\t\t\t\t<h3 class=\"c-accordion__header\">\n\t\t\t\t\t\t\t\t\t\t<button class=\"c-accordion__trigger u-py-sm u-px-fluid-md-xl u-font-title-4\">\n\t\t\t\t\t\t<span>Hur m\u00e5nga elever g\u00e5r det p\u00e5 skolan? <\/span>\n\t\t\t\t\t\t<svg class=\"ams-icon ams-icon__arrow-down\" width=\"24\" height=\"24\" viewbox=\"0 0 24 24\" fill=\"currentColor\" aria-hidden=\"true\" xmlns=\"http:\/\/www.w3.org\/2000\/svg\">\n\t\t\t\t\t\t\t\t\t\t\t\t\t<path d=\"m11.2033 18.4294-10.872894-10.67584c-.440539-.42594-.440539-1.1147 0-1.54065l.665495-.64345c.440539-.42595 1.152899-.42595 1.593439 0l9.41066 9.27114 9.4107-9.26207c.4405-.42595 1.1529-.42595 1.5934 0l.6655.64345c.4405.42594.4405 1.1147 0 1.54065l-10.8729 10.67587c-.4405.4168-1.1529.4168-1.5934-.0091z\"\/>\n\t\t\t\t\t\n\t\t\t\t\t\t<\/svg>\n\t\t\t\t\t<\/button>\n\t\t\t\t<\/h3>\n\t\t\t\t<div class=\"c-accordion__body l-stack u-font-body\">\n\t\t\t\t\t<div class=\"c-accordion__body__inner u-p-fluid-md-xl l-stack\">\n\t\t\t\t\t\t<p><span data-sheets-root=\"1\" data-sheets-value=\"{&quot;1&quot;:2,&quot;2&quot;:&quot;Det g\u00e5r ca. 300 elever hos oss p\u00e5 Praktiska Karlstad.&quot;}\" data-sheets-userformat=\"{&quot;2&quot;:4993,&quot;3&quot;:{&quot;1&quot;:0},&quot;10&quot;:0,&quot;11&quot;:4,&quot;12&quot;:0,&quot;15&quot;:&quot;Helvetica Neue&quot;}\">Det g\u00e5r ca. 340 elever hos oss p\u00e5 Praktiska Karlstad.<\/span><\/p>\n\n\t\t\t\t\t<\/div>\n\t\t\t\t<\/div>\n\t\t\t<\/li>\n\t\t\t<\/ul>\n\n\t<div class=\"no-results u-mt-0 u-hide\" data-filter-fallback-id=\"ams-faq-list-69f365ad20c86\">\n\t<p>Det finns inga resultat som matchar din filtrering.<\/p>\n<\/div>\n\n\t    <div class=\"ams-faq__more u-inline-items js-load-more-btn\">\n        <button href=\"#\"\n                class=\"c-btn\"\n                data-style=\"round\"\n                data-size=\"md\"\n                data-width=\"full-mobile\"\n                data-variant=\"outline\">\n        \tVisa fler resultat\n        <\/button>\n    <\/div>\n\n\n\t\t\n\t\t\t<\/div>\n\n\t\t\n\n<\/section>\n\n\n\n\n<section  class=\"ams-image-gallery ams-image-gallery--mosaic c-block l-stacked\">\n\t<div class=\"l-container l-stack l-stack-fluid-2xl u-pt-fluid-3xl-6xl u-pb-fluid-3xl-6xl is-center is-center@md\">\n\t\t\t\t\t<div class=\"ams-image-gallery__intro l-stack l-stack-lg\">\n\t\t\t\t\t\n\t<h2\n\tclass=\"c-heading u-font-title-1 \"\n\tstyle=\"\">\n\t\t\n\t\t\t\t\tSpana in v\u00e5ra lokaler\n\t\t\t\t\n\t<\/h2>\n\n\t\t\t\t\t\t\t<\/div>\n\t\t\n\t\t\t<div class=\"c-gallery\" data-variant=\"mosaic\">\n\t\t<ul class=\"c-gallery__items u-list-none swiper-wrapper\" aria-label=\"Bildgalleri\">\n\t\t\t\t\t\t\t\t\t\t\t\t<li class=\"c-gallery__item swiper-slide\">\n\t\t\t\t\t\t\t\t\t\t\t\t<a href=\"https:\/\/praktiska.se\/wp-content\/uploads\/sites\/17\/2025\/04\/praktiska-gymnasiet-karlstad-lokalbild-1-1024x675.jpg\" aria-label=\"\u00d6ppna bildgalleri lightbox\" class=\"c-gallery__link\" data-lightbox data-gallery=\"id-850935925\">\n\t\t\t\t\t\t\t<img decoding=\"async\" width=\"600\" height=\"396\" src=\"https:\/\/praktiska.se\/wp-content\/uploads\/sites\/17\/2025\/04\/praktiska-gymnasiet-karlstad-lokalbild-1-600x396.jpg\" class=\"attachment-md size-md\" alt=\"Skolcaf\u00e9teria med bord och stolar.\" sizes=\"(min-width: 48em) 600px, calc(100vw - 160px)\" srcset=\"https:\/\/praktiska.se\/wp-content\/uploads\/sites\/17\/2025\/04\/praktiska-gymnasiet-karlstad-lokalbild-1-600x396.jpg 600w, https:\/\/praktiska.se\/wp-content\/uploads\/sites\/17\/2025\/04\/praktiska-gymnasiet-karlstad-lokalbild-1-300x198.jpg 300w, https:\/\/praktiska.se\/wp-content\/uploads\/sites\/17\/2025\/04\/praktiska-gymnasiet-karlstad-lokalbild-1-400x264.jpg 400w, https:\/\/praktiska.se\/wp-content\/uploads\/sites\/17\/2025\/04\/praktiska-gymnasiet-karlstad-lokalbild-1-800x528.jpg 800w, https:\/\/praktiska.se\/wp-content\/uploads\/sites\/17\/2025\/04\/praktiska-gymnasiet-karlstad-lokalbild-1-1024x675.jpg 1024w, https:\/\/praktiska.se\/wp-content\/uploads\/sites\/17\/2025\/04\/praktiska-gymnasiet-karlstad-lokalbild-1-1200x792.jpg 1200w\" \/>\n\t\t\t\t\t\t<\/a>\n\t\t\t\t\t<\/li>\n\t\t\t\t\t\t\t\t\t<li class=\"c-gallery__item swiper-slide\">\n\t\t\t\t\t\t\t\t\t\t\t\t<a href=\"https:\/\/praktiska.se\/wp-content\/uploads\/sites\/17\/2026\/04\/gymnasiet-karlstad-lokalbild-4-1024x683.png\" aria-label=\"\u00d6ppna bildgalleri lightbox\" class=\"c-gallery__link\" data-lightbox data-gallery=\"id-850935925\">\n\t\t\t\t\t\t\t<img decoding=\"async\" width=\"600\" height=\"400\" src=\"https:\/\/praktiska.se\/wp-content\/uploads\/sites\/17\/2026\/04\/gymnasiet-karlstad-lokalbild-4-600x400.png\" class=\"attachment-md size-md\" alt=\"Lokalbild i skolan\" sizes=\"(min-width: 48em) 600px, calc(100vw - 160px)\" srcset=\"https:\/\/praktiska.se\/wp-content\/uploads\/sites\/17\/2026\/04\/gymnasiet-karlstad-lokalbild-4-600x400.png 600w, https:\/\/praktiska.se\/wp-content\/uploads\/sites\/17\/2026\/04\/gymnasiet-karlstad-lokalbild-4-300x200.png 300w, https:\/\/praktiska.se\/wp-content\/uploads\/sites\/17\/2026\/04\/gymnasiet-karlstad-lokalbild-4-400x267.png 400w, https:\/\/praktiska.se\/wp-content\/uploads\/sites\/17\/2026\/04\/gymnasiet-karlstad-lokalbild-4-800x533.png 800w, https:\/\/praktiska.se\/wp-content\/uploads\/sites\/17\/2026\/04\/gymnasiet-karlstad-lokalbild-4-1024x683.png 1024w, https:\/\/praktiska.se\/wp-content\/uploads\/sites\/17\/2026\/04\/gymnasiet-karlstad-lokalbild-4-1200x800.png 1200w\" \/>\n\t\t\t\t\t\t<\/a>\n\t\t\t\t\t<\/li>\n\t\t\t\t\t\t\t\t\t<li class=\"c-gallery__item swiper-slide\">\n\t\t\t\t\t\t\t\t\t\t\t\t<a href=\"https:\/\/praktiska.se\/wp-content\/uploads\/sites\/17\/2025\/04\/gymnasiet-karlstad-lokalbild-5-1024x722.jpg\" aria-label=\"\u00d6ppna bildgalleri lightbox\" class=\"c-gallery__link\" data-lightbox data-gallery=\"id-850935925\">\n\t\t\t\t\t\t\t<img decoding=\"async\" width=\"600\" height=\"423\" src=\"https:\/\/praktiska.se\/wp-content\/uploads\/sites\/17\/2025\/04\/gymnasiet-karlstad-lokalbild-5-600x423.jpg\" class=\"attachment-md size-md\" alt=\"En vit bil med texten &quot;Praktiska Gymnasiet&quot; som \u00e4r upph\u00f6jd p\u00e5 en ramp i en bilverkstad.\" sizes=\"(min-width: 48em) 600px, calc(100vw - 160px)\" srcset=\"https:\/\/praktiska.se\/wp-content\/uploads\/sites\/17\/2025\/04\/gymnasiet-karlstad-lokalbild-5-600x423.jpg 600w, https:\/\/praktiska.se\/wp-content\/uploads\/sites\/17\/2025\/04\/gymnasiet-karlstad-lokalbild-5-300x212.jpg 300w, https:\/\/praktiska.se\/wp-content\/uploads\/sites\/17\/2025\/04\/gymnasiet-karlstad-lokalbild-5-400x282.jpg 400w, https:\/\/praktiska.se\/wp-content\/uploads\/sites\/17\/2025\/04\/gymnasiet-karlstad-lokalbild-5-800x564.jpg 800w, https:\/\/praktiska.se\/wp-content\/uploads\/sites\/17\/2025\/04\/gymnasiet-karlstad-lokalbild-5-1024x722.jpg 1024w, https:\/\/praktiska.se\/wp-content\/uploads\/sites\/17\/2025\/04\/gymnasiet-karlstad-lokalbild-5-1200x847.jpg 1200w\" \/>\n\t\t\t\t\t\t<\/a>\n\t\t\t\t\t<\/li>\n\t\t\t\t\t\t\t\t\t<li class=\"c-gallery__item swiper-slide\">\n\t\t\t\t\t\t\t\t\t\t\t\t<a href=\"https:\/\/praktiska.se\/wp-content\/uploads\/sites\/17\/2025\/04\/gymnasiet-karlstad-lokalbild-3-1024x683.jpg\" aria-label=\"\u00d6ppna bildgalleri lightbox\" class=\"c-gallery__link\" data-lightbox data-gallery=\"id-850935925\">\n\t\t\t\t\t\t\t<img decoding=\"async\" width=\"600\" height=\"400\" src=\"https:\/\/praktiska.se\/wp-content\/uploads\/sites\/17\/2025\/04\/gymnasiet-karlstad-lokalbild-3-600x400.jpg\" class=\"attachment-md size-md\" alt=\"Tre stycken tr\u00e4bodar.\" sizes=\"(min-width: 48em) 600px, calc(100vw - 160px)\" srcset=\"https:\/\/praktiska.se\/wp-content\/uploads\/sites\/17\/2025\/04\/gymnasiet-karlstad-lokalbild-3-600x400.jpg 600w, https:\/\/praktiska.se\/wp-content\/uploads\/sites\/17\/2025\/04\/gymnasiet-karlstad-lokalbild-3-300x200.jpg 300w, https:\/\/praktiska.se\/wp-content\/uploads\/sites\/17\/2025\/04\/gymnasiet-karlstad-lokalbild-3-400x267.jpg 400w, https:\/\/praktiska.se\/wp-content\/uploads\/sites\/17\/2025\/04\/gymnasiet-karlstad-lokalbild-3-800x533.jpg 800w, https:\/\/praktiska.se\/wp-content\/uploads\/sites\/17\/2025\/04\/gymnasiet-karlstad-lokalbild-3-1024x683.jpg 1024w, https:\/\/praktiska.se\/wp-content\/uploads\/sites\/17\/2025\/04\/gymnasiet-karlstad-lokalbild-3-1200x800.jpg 1200w, https:\/\/praktiska.se\/wp-content\/uploads\/sites\/17\/2025\/04\/gymnasiet-karlstad-lokalbild-3.jpg 1500w\" \/>\n\t\t\t\t\t\t<\/a>\n\t\t\t\t\t<\/li>\n\t\t\t\t\t\t\t\t\t<li class=\"c-gallery__item swiper-slide\">\n\t\t\t\t\t\t\t\t\t\t\t\t<a href=\"https:\/\/praktiska.se\/wp-content\/uploads\/sites\/17\/2025\/04\/gymnasiet-karlstad-lokalbild-2-1024x678.jpg\" aria-label=\"\u00d6ppna bildgalleri lightbox\" class=\"c-gallery__link\" data-lightbox data-gallery=\"id-850935925\">\n\t\t\t\t\t\t\t<img decoding=\"async\" width=\"600\" height=\"397\" src=\"https:\/\/praktiska.se\/wp-content\/uploads\/sites\/17\/2025\/04\/gymnasiet-karlstad-lokalbild-2-600x397.jpg\" class=\"attachment-md size-md\" alt=\"En utbildningssal med e whiteboard-tavla samt bord och stolar.\" sizes=\"(min-width: 48em) 600px, calc(100vw - 160px)\" srcset=\"https:\/\/praktiska.se\/wp-content\/uploads\/sites\/17\/2025\/04\/gymnasiet-karlstad-lokalbild-2-600x397.jpg 600w, https:\/\/praktiska.se\/wp-content\/uploads\/sites\/17\/2025\/04\/gymnasiet-karlstad-lokalbild-2-300x199.jpg 300w, https:\/\/praktiska.se\/wp-content\/uploads\/sites\/17\/2025\/04\/gymnasiet-karlstad-lokalbild-2-400x265.jpg 400w, https:\/\/praktiska.se\/wp-content\/uploads\/sites\/17\/2025\/04\/gymnasiet-karlstad-lokalbild-2-800x530.jpg 800w, https:\/\/praktiska.se\/wp-content\/uploads\/sites\/17\/2025\/04\/gymnasiet-karlstad-lokalbild-2-1024x678.jpg 1024w, https:\/\/praktiska.se\/wp-content\/uploads\/sites\/17\/2025\/04\/gymnasiet-karlstad-lokalbild-2-1200x794.jpg 1200w\" \/>\n\t\t\t\t\t\t<\/a>\n\t\t\t\t\t<\/li>\n\t\t\t\t\t\t\t\t\t<\/ul>\n\n\t\t<div class=\"c-gallery__meta\">\n\t\t\t<div class=\"c-gallery__num u-font-small\"><\/div>\n\t\t\t<div class=\"c-gallery__nav\">\n\t\t\t\t<button class=\"prev c-btn\" aria-label=\"Previous\">\n\t\t\t\t\t<svg class=\"ams-icon ams-icon--arrow-left-small\" viewBox=\"0 0 32 32\" fill=\"currentColor\" aria-hidden=\"true\" xmlns=\"http:\/\/www.w3.org\/2000\/svg\">\n\t\t\t\t\t\t<path d=\"M5.26 16.43L12.12 23.29C12.35 23.52 12.74 23.52 12.97 23.29L13.53 22.73C13.76 22.5 13.76 22.11 13.53 21.88L8.66 17.01L26.4 17.01C26.73 17.01 27 16.74 27 16.41L27 15.61C27 15.28 26.73 15.01 26.4 15.01L8.67 15.01L13.54 10.14C13.77 9.90999 13.77 9.51999 13.54 9.28999L12.98 8.72999C12.75 8.49999 12.36 8.49999 12.13 8.72999L5.27 15.59C5.04 15.82 5.04 16.21 5.27 16.44L5.26 16.43Z\"\/>\n\t\t\t\t\t<\/svg>\n\t\t\t\t<\/button>\n\t\t\t\t<button class=\"next c-btn\" aria-label=\"Next\">\n\t\t\t\t\t<svg class=\"ams-icon ams-icon--arrow-right-small\" viewBox=\"0 0 32 32\" fill=\"currentColor\" aria-hidden=\"true\" xmlns=\"http:\/\/www.w3.org\/2000\/svg\">\n\t\t\t\t\t\t<path d=\"M26.74 15.57L19.88 8.71001C19.65 8.48001 19.26 8.48001 19.03 8.71001L18.47 9.27001C18.24 9.50001 18.24 9.89001 18.47 10.12L23.34 14.99H5.6C5.27 14.99 5 15.26 5 15.59V16.39C5 16.72 5.27 16.99 5.6 16.99H23.33L18.46 21.86C18.23 22.09 18.23 22.48 18.46 22.71L19.02 23.27C19.25 23.5 19.64 23.5 19.87 23.27L26.73 16.41C26.96 16.18 26.96 15.79 26.73 15.56L26.74 15.57Z\"\/>\n\t\t\t\t\t<\/svg>\n\t\t\t\t<\/button>\n\t\t\t<\/div>\n\t\t<\/div>\n\t<\/div>\n\n\t\t\t<\/div>\n\n\t\t\n\n<\/section>\n\n\n\n<div\n\n\tclass=\"\n\t\tmodule_wrapper\n\t\tams_icons_module\n\t\t\t\tglobal_body-color\t\t cpt-60 cpb-30 \t\t\n\t\"\n>\n\t\n<script>\n  var slider_config_id_block_65b8f1335c668 = {\n\tspeed: \"medium\",\n\tautoplay: false,\n\tslides_per_view: 4,\n\teffect: \"smooth\",\n  };\n<\/script>\n\t\t\t<div class=\"container\">\n\t\t\t<div class=\"row \">\n\t\t\t\t<div class=\"col-12 cmb-30 text-center col-md-8 offset-md-2\">\n\t\t\t\t\t\t<h2   class=\"site__heading-size-2 section-title  site__text-color  text-center\">\n\t\t\t\tV\u00e5ra certifieringar\t\t\t<\/h2>\n\t\t\t<\/div>\n\t\t\t<\/div>\n\n\t\t\t<div class=\"row  site__text-color--dark \">\n\t\t\t\t\n\t\t\t<\/div>\n\t\t<\/div>\n\t\n\t<div class=\"container\">\n\t\t\t\t\t<div   class=\"swiper\" id=\"slider_config_id_block_65b8f1335c668\">\n\t\t\t\t<div class=\"swiper-wrapper\">\n\t\t\t\t\t\t\t\t\t\t\t\t<div class=\"swiper-slide \" >\n\t\t\t\t\t\t\t\t\t\t\t\t\t<a class=\"ams-icon__link d-flex justify-content-center\" href=\"https:\/\/teknikcollege.se\/varmland\">\n\t\t\t\t\t\t\n\t\t\t\t\t\t\t<img decoding=\"async\" width=\"300\" height=\"247\" src=\"https:\/\/praktiska.se\/wp-content\/uploads\/sites\/17\/2024\/01\/teknikcollegelogotyp-liten.png\" class=\"ams-icons__icon-image\" alt=\"Logotyp f\u00f6r teknikcollege i V\u00e4rmland\" srcset=\"https:\/\/praktiska.se\/wp-content\/uploads\/sites\/17\/2024\/01\/teknikcollegelogotyp-liten.png 320w, https:\/\/praktiska.se\/wp-content\/uploads\/sites\/17\/2024\/01\/teknikcollegelogotyp-liten-300x247.png 300w\" sizes=\"(max-width: 300px) 100vw, 300px\" \/>\n\t\t\t\t\t\t\t\t\t\t\t\t\t<\/a>\n\t\t\t\t\t\t\t\t\t\t\t<\/div>\n\t\t\t\t\t\t\t\t\t\t\t\t\t\t\t\t<div class=\"swiper-slide \" >\n\t\t\t\t\t\t\t\t\t\t\t\t\t<a class=\"ams-icon__link d-flex justify-content-center\" href=\"https:\/\/handelsradet.certifierat.se\/\">\n\t\t\t\t\t\t\n\t\t\t\t\t\t\t<img decoding=\"async\" width=\"300\" height=\"283\" src=\"https:\/\/praktiska.se\/wp-content\/uploads\/sites\/17\/2024\/01\/handelsradet-certifiering-logotyp-liten.png\" class=\"ams-icons__icon-image\" alt=\"Handelsr\u00e5dets logotyp\" srcset=\"https:\/\/praktiska.se\/wp-content\/uploads\/sites\/17\/2024\/01\/handelsradet-certifiering-logotyp-liten.png 320w, https:\/\/praktiska.se\/wp-content\/uploads\/sites\/17\/2024\/01\/handelsradet-certifiering-logotyp-liten-300x283.png 300w\" sizes=\"(max-width: 300px) 100vw, 300px\" \/>\n\t\t\t\t\t\t\t\t\t\t\t\t\t<\/a>\n\t\t\t\t\t\t\t\t\t\t\t<\/div>\n\t\t\t\t\t\t\t\t\t\t\t\t\t\t\t\t<div class=\"swiper-slide \" >\n\t\t\t\t\t\t\t\t\t\t\t\t\t<a class=\"ams-icon__link d-flex justify-content-center\" href=\"https:\/\/www.vo-college.se\/\">\n\t\t\t\t\t\t\n\t\t\t\t\t\t\t<img decoding=\"async\" width=\"300\" height=\"134\" src=\"https:\/\/praktiska.se\/wp-content\/uploads\/sites\/17\/2023\/12\/voclogonattyp1rgb1000px-1-1.png\" class=\"ams-icons__icon-image\" alt=\"V\u00e5rd och omsorgscollege\" srcset=\"https:\/\/praktiska.se\/wp-content\/uploads\/sites\/17\/2023\/12\/voclogonattyp1rgb1000px-1-1.png 940w, https:\/\/praktiska.se\/wp-content\/uploads\/sites\/17\/2023\/12\/voclogonattyp1rgb1000px-1-1-300x134.png 300w, https:\/\/praktiska.se\/wp-content\/uploads\/sites\/17\/2023\/12\/voclogonattyp1rgb1000px-1-1-400x179.png 400w, https:\/\/praktiska.se\/wp-content\/uploads\/sites\/17\/2023\/12\/voclogonattyp1rgb1000px-1-1-600x268.png 600w, https:\/\/praktiska.se\/wp-content\/uploads\/sites\/17\/2023\/12\/voclogonattyp1rgb1000px-1-1-800x357.png 800w\" sizes=\"(max-width: 300px) 100vw, 300px\" \/>\n\t\t\t\t\t\t\t\t\t\t\t\t\t<\/a>\n\t\t\t\t\t\t\t\t\t\t\t<\/div>\n\t\t\t\t\t\t\t\n\t\t<\/div>\n\t\t\t\t\t\t<div class=\"swiper-pagination  site__text-color--dark \"><\/div>\n\t\t\t\t<div   class=\"swiper-button-prev\"><i class=\"fal fa-arrow-left  site__text-color--dark \"><\/i><\/div>\n\t\t\t\t<div   class=\"swiper-button-next\"><i class=\"fal fa-arrow-right  site__text-color--dark \"><\/i><\/div>\n\t\t\t<\/div>\n\t\t\t<\/div>\n<\/div>\n\n\n\n<div style=\"height:44px\" aria-hidden=\"true\" class=\"wp-block-spacer\"><\/div>\n\n\n\n\t<div class=\"module_wrapper ams_remote_pages_module \">\n\t\t\n\n<section  class=\"ams-cta ams-cta--stacked c-block l-stacked\" data-color-scheme=\"gray\">\n\t<div class=\"l-container-narrow l-stack l-stack-fluid-2xl u-pt-fluid-3xl-6xl u-pb-fluid-3xl-6xl is-center is-center@md\">\n\t\t\t\t\t<div class=\"ams-cta__intro l-stack l-stack-lg\">\n\t\t\t\t\t\n\t<h2\n\tclass=\"c-heading u-font-title-1 \"\n\tstyle=\"\">\n\t\t\n\t\t\t\t\tHittar du inte svaret p\u00e5 din fr\u00e5ga?\n\t\t\t\t\n\t<\/h2>\n\n\t\t\t\t\t\t\t\t\t<div class=\"c-text l-stack u-cs-xl u-font-body\">\n\t\t\t\t\t\t<p><span data-sheets-root=\"1\" data-sheets-value=\"{&quot;1&quot;:2,&quot;2&quot;:&quot;Om du har fr\u00e5gor eller funderingar \u00e4r du v\u00e4lkommen att kontakta oss. &quot;}\" data-sheets-userformat=\"{&quot;2&quot;:4993,&quot;3&quot;:{&quot;1&quot;:0},&quot;10&quot;:0,&quot;11&quot;:4,&quot;12&quot;:0,&quot;15&quot;:&quot;Helvetica Neue&quot;}\">Om du har fr\u00e5gor eller funderingar \u00e4r du v\u00e4lkommen att kontakta oss. <\/span><\/p>\n\n\t\t\t\t\t<\/div>\n\t\t\t\t\t\t\t<\/div>\n\t\t\n\t\t\n\t\t\t<div class=\"ams-cta__action u-inline-items\">\n\t\t\t\t\t\t\t\n\n\n<a href=\"https:\/\/praktiska.se\/karlstad\/kontakt\/\"\n\t\n\tclass=\"c-btn \"\n\tdata-style=\"round\"\n\tdata-size=\"md\"\n\tdata-width=\"full-mobile\"\n\tdata-variant=\"default\"\n\ttarget=\"_self\">\n\t\t\t<span class=\"label\"> Kontakta oss<\/span>\n\t\t\t<\/a>\n\t\t\t<\/div>\n\t<\/div>\n\n\t\t\n\n<\/section>\n\t<\/div>\n\n\t","protected":false},"excerpt":{"rendered":"","protected":false},"author":1,"featured_media":0,"parent":0,"menu_order":0,"comment_status":"closed","ping_status":"closed","template":"","meta":{"footnotes":""},"yoast_head":"<!-- This site is optimized with the Yoast SEO plugin v22.0 - https:\/\/yoast.com\/wordpress\/plugins\/seo\/ -->\n<title>Om Praktiska - Praktiska Gymnasiet Karlstad<\/title>\n<meta name=\"description\" content=\"H\u00e4r kan du l\u00e4sa mer om v\u00e5r skola. Ta del av vad elever tycker om skolan. Du f\u00e5r ocks\u00e5 mer information om APL hos oss.\" \/>\n<meta name=\"robots\" content=\"index, follow, max-snippet:-1, max-image-preview:large, max-video-preview:-1\" \/>\n<link rel=\"canonical\" href=\"https:\/\/praktiska.se\/karlstad\/om-praktiska\/\" \/>\n<meta property=\"og:locale\" content=\"sv_SE\" \/>\n<meta property=\"og:type\" content=\"article\" \/>\n<meta property=\"og:title\" content=\"Om Praktiska - Praktiska Gymnasiet Karlstad\" \/>\n<meta property=\"og:description\" content=\"H\u00e4r kan du l\u00e4sa mer om v\u00e5r skola. Ta del av vad elever tycker om skolan. Du f\u00e5r ocks\u00e5 mer information om APL hos oss.\" \/>\n<meta property=\"og:url\" content=\"https:\/\/praktiska.se\/karlstad\/om-praktiska\/\" \/>\n<meta property=\"og:site_name\" content=\"Karlstad\" \/>\n<meta property=\"article:modified_time\" content=\"2026-04-20T12:44:48+00:00\" \/>\n<meta name=\"twitter:card\" content=\"summary_large_image\" \/>\n<meta name=\"twitter:title\" content=\"Om Praktiska - Praktiska Gymnasiet Karlstad\" \/>\n<meta name=\"twitter:description\" content=\"H\u00e4r kan du l\u00e4sa mer om v\u00e5r skola. Ta del av vad elever tycker om skolan. Du f\u00e5r ocks\u00e5 mer information om APL hos oss.\" \/>\n<meta name=\"twitter:label1\" content=\"Est. reading time\" \/>\n\t<meta name=\"twitter:data1\" content=\"4 minuter\" \/>\n<script type=\"application\/ld+json\" class=\"yoast-schema-graph\">{\"@context\":\"https:\/\/schema.org\",\"@graph\":[{\"@type\":\"WebPage\",\"@id\":\"https:\/\/praktiska.se\/karlstad\/om-praktiska\/\",\"url\":\"https:\/\/praktiska.se\/karlstad\/om-praktiska\/\",\"name\":\"Om Praktiska - Praktiska Gymnasiet Karlstad\",\"isPartOf\":{\"@id\":\"https:\/\/praktiska.se\/karlstad\/#website\"},\"datePublished\":\"2023-03-03T14:28:56+00:00\",\"dateModified\":\"2026-04-20T12:44:48+00:00\",\"description\":\"H\u00e4r kan du l\u00e4sa mer om v\u00e5r skola. Ta del av vad elever tycker om skolan. Du f\u00e5r ocks\u00e5 mer information om APL hos oss.\",\"breadcrumb\":{\"@id\":\"https:\/\/praktiska.se\/karlstad\/om-praktiska\/#breadcrumb\"},\"inLanguage\":\"sv-SE\",\"potentialAction\":[{\"@type\":\"ReadAction\",\"target\":[\"https:\/\/praktiska.se\/karlstad\/om-praktiska\/\"]}]},{\"@type\":\"BreadcrumbList\",\"@id\":\"https:\/\/praktiska.se\/karlstad\/om-praktiska\/#breadcrumb\",\"itemListElement\":[{\"@type\":\"ListItem\",\"position\":1,\"name\":\"Start\",\"item\":\"https:\/\/praktiska.se\/karlstad\/\"},{\"@type\":\"ListItem\",\"position\":2,\"name\":\"Om Praktiska\"}]},{\"@type\":\"WebSite\",\"@id\":\"https:\/\/praktiska.se\/karlstad\/#website\",\"url\":\"https:\/\/praktiska.se\/karlstad\/\",\"name\":\"Karlstad\",\"description\":\"Vi utbildar framtidens arbetskraft\",\"potentialAction\":[{\"@type\":\"SearchAction\",\"target\":{\"@type\":\"EntryPoint\",\"urlTemplate\":\"https:\/\/praktiska.se\/karlstad\/?s={search_term_string}\"},\"query-input\":\"required name=search_term_string\"}],\"inLanguage\":\"sv-SE\"}]}<\/script>\n<!-- \/ Yoast SEO plugin. -->","yoast_head_json":{"title":"Om Praktiska - Praktiska Gymnasiet Karlstad","description":"H\u00e4r kan du l\u00e4sa mer om v\u00e5r skola. Ta del av vad elever tycker om skolan. Du f\u00e5r ocks\u00e5 mer information om APL hos oss.","robots":{"index":"index","follow":"follow","max-snippet":"max-snippet:-1","max-image-preview":"max-image-preview:large","max-video-preview":"max-video-preview:-1"},"canonical":"https:\/\/praktiska.se\/karlstad\/om-praktiska\/","og_locale":"sv_SE","og_type":"article","og_title":"Om Praktiska - Praktiska Gymnasiet Karlstad","og_description":"H\u00e4r kan du l\u00e4sa mer om v\u00e5r skola. Ta del av vad elever tycker om skolan. Du f\u00e5r ocks\u00e5 mer information om APL hos oss.","og_url":"https:\/\/praktiska.se\/karlstad\/om-praktiska\/","og_site_name":"Karlstad","article_modified_time":"2026-04-20T12:44:48+00:00","twitter_card":"summary_large_image","twitter_title":"Om Praktiska - Praktiska Gymnasiet Karlstad","twitter_description":"H\u00e4r kan du l\u00e4sa mer om v\u00e5r skola. Ta del av vad elever tycker om skolan. Du f\u00e5r ocks\u00e5 mer information om APL hos oss.","twitter_misc":{"Est. reading time":"4 minuter"},"schema":{"@context":"https:\/\/schema.org","@graph":[{"@type":"WebPage","@id":"https:\/\/praktiska.se\/karlstad\/om-praktiska\/","url":"https:\/\/praktiska.se\/karlstad\/om-praktiska\/","name":"Om Praktiska - Praktiska Gymnasiet Karlstad","isPartOf":{"@id":"https:\/\/praktiska.se\/karlstad\/#website"},"datePublished":"2023-03-03T14:28:56+00:00","dateModified":"2026-04-20T12:44:48+00:00","description":"H\u00e4r kan du l\u00e4sa mer om v\u00e5r skola. Ta del av vad elever tycker om skolan. Du f\u00e5r ocks\u00e5 mer information om APL hos oss.","breadcrumb":{"@id":"https:\/\/praktiska.se\/karlstad\/om-praktiska\/#breadcrumb"},"inLanguage":"sv-SE","potentialAction":[{"@type":"ReadAction","target":["https:\/\/praktiska.se\/karlstad\/om-praktiska\/"]}]},{"@type":"BreadcrumbList","@id":"https:\/\/praktiska.se\/karlstad\/om-praktiska\/#breadcrumb","itemListElement":[{"@type":"ListItem","position":1,"name":"Start","item":"https:\/\/praktiska.se\/karlstad\/"},{"@type":"ListItem","position":2,"name":"Om Praktiska"}]},{"@type":"WebSite","@id":"https:\/\/praktiska.se\/karlstad\/#website","url":"https:\/\/praktiska.se\/karlstad\/","name":"Karlstad","description":"Vi utbildar framtidens arbetskraft","potentialAction":[{"@type":"SearchAction","target":{"@type":"EntryPoint","urlTemplate":"https:\/\/praktiska.se\/karlstad\/?s={search_term_string}"},"query-input":"required name=search_term_string"}],"inLanguage":"sv-SE"}]}},"_links":{"self":[{"href":"https:\/\/praktiska.se\/karlstad\/wp-json\/wp\/v2\/pages\/412"}],"collection":[{"href":"https:\/\/praktiska.se\/karlstad\/wp-json\/wp\/v2\/pages"}],"about":[{"href":"https:\/\/praktiska.se\/karlstad\/wp-json\/wp\/v2\/types\/page"}],"author":[{"embeddable":true,"href":"https:\/\/praktiska.se\/karlstad\/wp-json\/wp\/v2\/users\/1"}],"replies":[{"embeddable":true,"href":"https:\/\/praktiska.se\/karlstad\/wp-json\/wp\/v2\/comments?post=412"}],"version-history":[{"count":10,"href":"https:\/\/praktiska.se\/karlstad\/wp-json\/wp\/v2\/pages\/412\/revisions"}],"predecessor-version":[{"id":3545,"href":"https:\/\/praktiska.se\/karlstad\/wp-json\/wp\/v2\/pages\/412\/revisions\/3545"}],"wp:attachment":[{"href":"https:\/\/praktiska.se\/karlstad\/wp-json\/wp\/v2\/media?parent=412"}],"curies":[{"name":"wp","href":"https:\/\/api.w.org\/{rel}","templated":true}]}}