{"id":2013,"date":"2023-11-13T11:53:23","date_gmt":"2023-11-13T10:53:23","guid":{"rendered":"https:\/\/praktiska.se\/karlstad\/?page_id=2013"},"modified":"2025-06-30T15:32:26","modified_gmt":"2025-06-30T13:32:26","slug":"for-arbetsgivare","status":"publish","type":"page","link":"https:\/\/praktiska.se\/karlstad\/om-praktiska\/for-arbetsgivare\/","title":{"rendered":"F\u00f6r arbetsgivare"},"content":{"rendered":"\n\t<div class=\"module_wrapper ams_remote_pages_module \">\n\t\t\n\t\n\t\n\t\n\t\n\t\n\n<section \n\tclass=\"ams-hero ams-hero--classic ams-hero--75 c-block l-stacked  \"\n\tdata-color-scheme=\"hero\"\n\tstyle=\"\">\n\t<div class=\"ams-hero__container u-items-start u-justify-center\">\n\t\t<div\n\t\t\tclass=\"ams-hero__content l-stack l-stack-xl is-left is-left@md\" >\n\t\t\t<div class=\"l-stack l-stack-lg\">\n\t\t\t\t\t\n\t<h1\n\tclass=\"c-heading u-font-huge \"\n\tstyle=\"\">\n\t\t\n\t\t\t\t\tF\u00f6r arbetsgivare\n\t\t\t\t\n\t<\/h1>\n\n\t\t\t\t\t\t\t\t\t<div class=\"text l-stack u-font-body\">\n\t\t\t\t\t\t<p><span data-sheets-value=\"{&quot;1&quot;:2,&quot;2&quot;:&quot;Vill du vara med och utbilda framtidens arbetskraft? Bli APL-f\u00f6retag idag och ta chansen att forma n\u00e4sta generation kollegor &quot;}\" data-sheets-userformat=\"{&quot;2&quot;:929,&quot;3&quot;:{&quot;1&quot;:0},&quot;8&quot;:{&quot;1&quot;:[{&quot;1&quot;:2,&quot;2&quot;:0,&quot;5&quot;:{&quot;1&quot;:2,&quot;2&quot;:0}},{&quot;1&quot;:0,&quot;2&quot;:0,&quot;3&quot;:3},{&quot;1&quot;:1,&quot;2&quot;:0,&quot;4&quot;:1}]},&quot;10&quot;:0,&quot;11&quot;:4,&quot;12&quot;:0}\">Vill du vara med och utbilda framtidens arbetskraft? Bli apl-f\u00f6retag idag och ta chansen att forma n\u00e4sta generations kollegor.<\/span><\/p>\n\n\t\t\t\t\t<\/div>\n\t\t\t\t\t\t\t<\/div>\n\n\t\t\t\t\t<\/div>\n\t<\/div>\n\n\t\n\t\t\t\n\t\t\t\t\t\t\t\n\t\t\t\t<div class=\"c-bg c-bg--img\" data-settings=\"{&quot;desktop_settings&quot;:{&quot;size&quot;:&quot;cover&quot;,&quot;position&quot;:&quot;top-center&quot;},&quot;mobile_settings&quot;:{&quot;size&quot;:&quot;cover&quot;,&quot;position&quot;:&quot;top-center&quot;}}\" data-position=\"middle-center\" data-size=\"cover\">\n\t\t\t<img decoding=\"async\" width=\"1200\" height=\"800\" src=\"https:\/\/praktiska.se\/wp-content\/uploads\/2023\/11\/praktiskagymnasietforarbetsgivarejonkoping202304-202804-1200x800.jpg\" class=\"attachment-xxl size-xxl\" alt=\"Tv\u00e5 elever mekar mkekar med en bil i en verkstad\" sizes=\"(max-width: 1200px) 100vw, 1200px\" srcset=\"https:\/\/praktiska.se\/wp-content\/uploads\/2023\/11\/praktiskagymnasietforarbetsgivarejonkoping202304-202804-1200x800.jpg 1200w, https:\/\/praktiska.se\/wp-content\/uploads\/2023\/11\/praktiskagymnasietforarbetsgivarejonkoping202304-202804-300x200.jpg 300w, https:\/\/praktiska.se\/wp-content\/uploads\/2023\/11\/praktiskagymnasietforarbetsgivarejonkoping202304-202804-400x267.jpg 400w, https:\/\/praktiska.se\/wp-content\/uploads\/2023\/11\/praktiskagymnasietforarbetsgivarejonkoping202304-202804-600x400.jpg 600w, https:\/\/praktiska.se\/wp-content\/uploads\/2023\/11\/praktiskagymnasietforarbetsgivarejonkoping202304-202804-800x533.jpg 800w, https:\/\/praktiska.se\/wp-content\/uploads\/2023\/11\/praktiskagymnasietforarbetsgivarejonkoping202304-202804-1024x683.jpg 1024w, https:\/\/praktiska.se\/wp-content\/uploads\/2023\/11\/praktiskagymnasietforarbetsgivarejonkoping202304-202804.jpg 2048w\" \/>\n\t\t<\/div>\n\t\n\t<div class=\"c-overlay\" style=\"--overlay-bg: rgba(40,40,40,0.6);\"><\/div>\n<\/section>\n\n\t\n\t\n\t\n\n\t\n\t\n\t\t\n<section  class=\"c-block l-stacked  \" data-color-scheme=\"white\">\n\t<div class=\"ams-fifty ams-fifty--container ams-fifty--left ams-fifty--bottom l-container u-pt-fluid-3xl-6xl u-pb-fluid-3xl-6xl\">\n\t\t<div class=\"ams-fifty__content l-stack l-stack-xl is-left is-left@lg\">\n\t\t\t<div class=\"ams-fifty__text l-stack l-stack-lg\">\n\t\t\t\t\t\n\t<h2\n\tclass=\"c-heading u-font-title-1 \"\n\tstyle=\"\">\n\t\t\n\t\t\t\t\tAtt vara apl-f\u00f6retag\n\t\t\t\t\n\t<\/h2>\n\n\t\t\t\t\t\t\t\t\t<div class=\"text l-stack u-font-body\">\n\t\t\t\t\t\t<p><span data-sheets-value=\"{&quot;1&quot;:2,&quot;2&quot;:&quot;Att ta emot en elev p\u00e5 din arbetsplats inneb\u00e4r att du ger en ung m\u00e4nniska yrkeskunskap och arbetslivserfarenhet. Det \u00e4r v\u00e4rdefullt f\u00f6r eleven, samh\u00e4llet och din arbetsplats. P\u00e5 Praktiska Gymnasiet har vi byggt v\u00e5rt utbildningskoncept p\u00e5 \u00f6vertygelsen att det v\u00e5ra elever kan l\u00e4ra sig p\u00e5 en arbetsplats, l\u00e4r de sig b\u00e4st d\u00e4r. Det g\u00e4ller inte bara kunskaper och f\u00e4rdigheter inom ett yrke, utan lika mycket om att tryggt lotsas in i de f\u00f6rv\u00e4ntningar som finns p\u00e5 en arbetsplats och att kunna m\u00f6ta de krav som st\u00e4lls p\u00e5 arbetsmarknaden.\\n\\nI teamet runt varje elev beh\u00f6ver det finnas ett genuint intresse av att l\u00e4ra ut och ge eleven f\u00f6ruts\u00e4ttningar att v\u00e4xa. D\u00e4r ing\u00e5r all pedagogisk personal p\u00e5 skolan, s\u00e5v\u00e4l l\u00e4rare inom de gymnasiegemensamma \u00e4mnena som yrkesl\u00e4rarna och v\u00e5ra viktiga handledare ute p\u00e5 APL-platserna.&quot;}\" data-sheets-userformat=\"{&quot;2&quot;:545,&quot;3&quot;:{&quot;1&quot;:0},&quot;8&quot;:{&quot;1&quot;:[{&quot;1&quot;:2,&quot;2&quot;:0,&quot;5&quot;:{&quot;1&quot;:2,&quot;2&quot;:0}},{&quot;1&quot;:0,&quot;2&quot;:0,&quot;3&quot;:3},{&quot;1&quot;:1,&quot;2&quot;:0,&quot;4&quot;:1}]},&quot;12&quot;:0}\">Att ta emot en elev p\u00e5 din arbetsplats inneb\u00e4r att du ger en ung m\u00e4nniska yrkeskunskap och arbetslivserfarenhet. Det \u00e4r v\u00e4rdefullt f\u00f6r eleven, samh\u00e4llet och din arbetsplats. P\u00e5 Praktiska Gymnasiet har vi byggt v\u00e5rt utbildningskoncept p\u00e5 \u00f6vertygelsen att det v\u00e5ra elever kan l\u00e4ra sig p\u00e5 en arbetsplats, l\u00e4r de sig b\u00e4st d\u00e4r. Det g\u00e4ller inte bara kunskaper och f\u00e4rdigheter inom ett yrke, utan lika mycket om att tryggt lotsas in i de f\u00f6rv\u00e4ntningar som finns p\u00e5 en arbetsplats och att kunna m\u00f6ta de krav som st\u00e4lls p\u00e5 arbetsmarknaden.<\/span><\/p>\n<p>I teamet runt varje elev beh\u00f6ver det finnas ett genuint intresse av att l\u00e4ra ut och ge eleven f\u00f6ruts\u00e4ttningar att v\u00e4xa. D\u00e4r ing\u00e5r all pedagogisk personal p\u00e5 skolan, s\u00e5v\u00e4l l\u00e4rare inom de gymnasiegemensamma \u00e4mnena som yrkesl\u00e4rarna och v\u00e5ra viktiga handledare ute p\u00e5 apl-platserna.<\/p>\n\n\t\t\t\t\t<\/div>\n\t\t\t\t\t\t\t<\/div>\n\n\t\t\t\t\t<\/div>\n\n\t\t <div class=\"ams-fifty__media u-ratio-square\">\n\t\t \t\t\t\t\t<img decoding=\"async\" width=\"600\" height=\"400\" src=\"https:\/\/praktiska.se\/wp-content\/uploads\/2024\/05\/prahalmstad0003-1-1-600x400.jpg\" class=\"attachment-md size-md\" alt=\"Elever och en l\u00e4rare som g\u00e5r igenom hur man l\u00e4gger gatsten.\" sizes=\"(min-width: 64em) 600px, calc(100vw - 160px)\" srcset=\"https:\/\/praktiska.se\/wp-content\/uploads\/2024\/05\/prahalmstad0003-1-1-600x400.jpg 600w, https:\/\/praktiska.se\/wp-content\/uploads\/2024\/05\/prahalmstad0003-1-1-300x200.jpg 300w, https:\/\/praktiska.se\/wp-content\/uploads\/2024\/05\/prahalmstad0003-1-1-400x267.jpg 400w, https:\/\/praktiska.se\/wp-content\/uploads\/2024\/05\/prahalmstad0003-1-1-800x533.jpg 800w, https:\/\/praktiska.se\/wp-content\/uploads\/2024\/05\/prahalmstad0003-1-1-1024x683.jpg 1024w, https:\/\/praktiska.se\/wp-content\/uploads\/2024\/05\/prahalmstad0003-1-1.jpg 1080w\" \/>\n\t\t\t\n\t\t\t\n\t\t\t\t\t<\/div>\n\t<\/div>\n\n\t\t\n\n<\/section>\n\t<\/div>\n\n\t\n\n\n\t<div class=\"module_wrapper ams_remote_pages_module \">\n\t\t\n\n<section  class=\"ams-usp c-block l-stacked\" data-color-scheme=\"gray\">\n\t<div class=\"l-container l-stack l-stack-fluid-2xl u-pt-fluid-3xl-6xl u-pb-fluid-3xl-6xl is-center is-center@md\">\n\t\t\t\t\t<div class=\"ams-usp__intro l-stack l-stack-lg\">\n\t\t\t\t\t\n\t<h2\n\tclass=\"c-heading u-font-title-1 \"\n\tstyle=\"\">\n\t\t\n\t\t\t\t\t3 anledningar till att bli apl-f\u00f6retag\n\t\t\t\t\n\t<\/h2>\n\n\t\t\t\t\t\t\t<\/div>\n\t\t\n\t\t\t<ul class=\"ams-usp__list l-grid u-justify-center u-gap-fluid-2xl-4xl\">\n\t\t\t\t\t<li class=\"l-col-6@md l-col-4@lg\">\n\t\t\t\t<article\n\t\t\t\t\tclass=\"\n\t\t\t\t\tc-card\n\t\t\t\t\thas-media-zoom\n\t\t\t\t\t\n\t\t\t\t\t\n\t\t\t\t\t\"\n\t\t\t\t\tdata-variant=\"neutral\"\n\t\t\t\t\tdata-style=\"square\"\n\t\t\t\t\t\n\t\t\t\t\t>\n\t\t\t\t\t\t\t\t\t\t\t<div class=\"c-card__content l-stack l-stack-sm u-text-center\">\n\t\t\t\t\t\t\t\t\t\t\t\t\t\t\t<h3 class=\"c-card__title u-font-title-3\">\n\t\t\t\t\t\t\t\t\t\t\t\t\t\t\t\t\t\t\t\t\t\t\t\t\t\t\t\t\t\tForma en framtida kollega\n\t\t\t\t\t\t\t\t\t\t\t\t\t\t\t\t\t\t\t\t\t\t\t\t\t\t\t<\/h3>\n\t\t\t\t\t\t\t\n\t\t\t\t\t\t\t\t\t\t\t\t\t\t\t<div class=\"c-card__text l-stack-xs u-font-body\">\n\t\t\t\t\t\t\t\t\t<p>En apl-elev som senare anst\u00e4lls \u00e4r redan insatt i f\u00f6retagskulturen och arbetsmetoderna. Det inneb\u00e4r en snabbare och mer kostnadseffektiv introduktion \u00e4n vid extern rekrytering.<\/p>\n\n\t\t\t\t\t\t\t\t<\/div>\n\t\t\t\t\t\t\t\t\t\t\t\t\t<\/div>\n\t\t\t\t\t\n\t\t\t\t\t<div class=\"c-card__media\">\n\t\t\t\t\t\t\t\t\t\t\t\t\t<img decoding=\"async\" src=\"https:\/\/praktiska.se\/wp-content\/uploads\/2023\/11\/praktiskaikoneruspar142x142pxgemenskap.svg\" class=\" u-ratio-landscape  ams_icon_size_usp\" alt=\"Icon med flera personer.\" height=\"142\" width=\"142\" \/>\n\t\t\t\t\t\t\t\t\t\t\t<\/div>\n\t\t\t\t<\/article>\n\t\t\t<\/li>\n\n\t\t\t\t\t<li class=\"l-col-6@md l-col-4@lg\">\n\t\t\t\t<article\n\t\t\t\t\tclass=\"\n\t\t\t\t\tc-card\n\t\t\t\t\thas-media-zoom\n\t\t\t\t\t\n\t\t\t\t\t\n\t\t\t\t\t\"\n\t\t\t\t\tdata-variant=\"neutral\"\n\t\t\t\t\tdata-style=\"square\"\n\t\t\t\t\t\n\t\t\t\t\t>\n\t\t\t\t\t\t\t\t\t\t\t<div class=\"c-card__content l-stack l-stack-sm u-text-center\">\n\t\t\t\t\t\t\t\t\t\t\t\t\t\t\t<h3 class=\"c-card__title u-font-title-3\">\n\t\t\t\t\t\t\t\t\t\t\t\t\t\t\t\t\t\t\t\t\t\t\t\t\t\t\t\t\t\tBidra till verklighetsn\u00e4ra utbildning\n\t\t\t\t\t\t\t\t\t\t\t\t\t\t\t\t\t\t\t\t\t\t\t\t\t\t\t<\/h3>\n\t\t\t\t\t\t\t\n\t\t\t\t\t\t\t\t\t\t\t\t\t\t\t<div class=\"c-card__text l-stack-xs u-font-body\">\n\t\t\t\t\t\t\t\t\t<p>Apl \u00e4r en central del av yrkesutbildningar och en positiv apl-upplevelse \u00e4r starkt f\u00f6rknippad med att elever f\u00e5r arbete inom det yrke de utbildar sig till. N\u00e4r ni tar emot en elev st\u00e4rker ni utbildningens kvalitet och ger eleven yrkeskunskap, v\u00e4rdefulla branschkontakter och en tidig yrkesidentitet.<\/p>\n\n\t\t\t\t\t\t\t\t<\/div>\n\t\t\t\t\t\t\t\t\t\t\t\t\t<\/div>\n\t\t\t\t\t\n\t\t\t\t\t<div class=\"c-card__media\">\n\t\t\t\t\t\t\t\t\t\t\t\t\t<img decoding=\"async\" src=\"https:\/\/praktiska.se\/wp-content\/uploads\/2023\/11\/praktiskaikoneruspar142x142pxsamarbetelokalaforetag.svg\" class=\" u-ratio-landscape  ams_icon_size_usp\" alt=\"icon som f\u00f6rest\u00e4ller en handskakning\" height=\"142\" width=\"142\" \/>\n\t\t\t\t\t\t\t\t\t\t\t<\/div>\n\t\t\t\t<\/article>\n\t\t\t<\/li>\n\n\t\t\t\t\t<li class=\"l-col-6@md l-col-4@lg\">\n\t\t\t\t<article\n\t\t\t\t\tclass=\"\n\t\t\t\t\tc-card\n\t\t\t\t\thas-media-zoom\n\t\t\t\t\t\n\t\t\t\t\t\n\t\t\t\t\t\"\n\t\t\t\t\tdata-variant=\"neutral\"\n\t\t\t\t\tdata-style=\"square\"\n\t\t\t\t\t\n\t\t\t\t\t>\n\t\t\t\t\t\t\t\t\t\t\t<div class=\"c-card__content l-stack l-stack-sm u-text-center\">\n\t\t\t\t\t\t\t\t\t\t\t\t\t\t\t<h3 class=\"c-card__title u-font-title-3\">\n\t\t\t\t\t\t\t\t\t\t\t\t\t\t\t\t\t\t\t\t\t\t\t\t\t\t\t\t\t\tSt\u00e4rk branschens framtid\n\t\t\t\t\t\t\t\t\t\t\t\t\t\t\t\t\t\t\t\t\t\t\t\t\t\t\t<\/h3>\n\t\t\t\t\t\t\t\n\t\t\t\t\t\t\t\t\t\t\t\t\t\t\t<div class=\"c-card__text l-stack-xs u-font-body\">\n\t\t\t\t\t\t\t\t\t<p>Det r\u00e5der brist p\u00e5 yrkesutbildad arbetskraft i Sverige i v\u00e5rt omr\u00e5de. Som apl-f\u00f6retag \u00e4r ni med och s\u00e4krar kompetensen i er bransch, b\u00e5de idag och imorgon.<\/p>\n\n\t\t\t\t\t\t\t\t<\/div>\n\t\t\t\t\t\t\t\t\t\t\t\t\t<\/div>\n\t\t\t\t\t\n\t\t\t\t\t<div class=\"c-card__media\">\n\t\t\t\t\t\t\t\t\t\t\t\t\t<img decoding=\"async\" src=\"https:\/\/praktiska.se\/wp-content\/uploads\/2023\/11\/praktiskaikoneruspar142x142pxprama-19.svg\" class=\" u-ratio-landscape  ams_icon_size_usp\" alt=\"Icon som f\u00f6rest\u00e4ller olika matteverktyg\" height=\"142\" width=\"142\" \/>\n\t\t\t\t\t\t\t\t\t\t\t<\/div>\n\t\t\t\t<\/article>\n\t\t\t<\/li>\n\n\t\t\t<\/ul>\n\n\t\t\t<\/div>\n\n\t\t\n\n<\/section>\n\n\t\n\t\n\t\n\n\t\n\t\n\t\t\n<section  class=\"c-block l-stacked  \" data-color-scheme=\"white\">\n\t<div class=\"ams-fifty ams-fifty--container ams-fifty--right ams-fifty--bottom l-container u-pt-fluid-3xl-6xl u-pb-fluid-3xl-6xl\">\n\t\t<div class=\"ams-fifty__content l-stack l-stack-xl is-left is-left@lg\">\n\t\t\t<div class=\"ams-fifty__text l-stack l-stack-lg\">\n\t\t\t\t\t\n\t<h2\n\tclass=\"c-heading u-font-title-1 \"\n\tstyle=\"\">\n\t\t\n\t\t\t\t\tAtt vara handledare\n\t\t\t\t\n\t<\/h2>\n\n\t\t\t\t\t\t\t\t\t<div class=\"text l-stack u-font-body\">\n\t\t\t\t\t\t<p><span data-sheets-root=\"1\" data-sheets-value=\"{&quot;1&quot;:2,&quot;2&quot;:&quot;Som handledare \u00e4r du med och utbildar v\u00e5ra elever och ser till att de l\u00e4r sig allt de beh\u00f6ver kunna f\u00f6r att vara attraktiva och anst\u00e4llningsbara p\u00e5 arbetsmarknaden, samtidigt som du f\u00f6retr\u00e4der din yrkesroll och arbetsplats. Det \u00e4r ett ansvarsfullt uppdrag eftersom du blir en f\u00f6rebild f\u00f6r eleven och har stor inverkan p\u00e5 de moment som elever l\u00e4r sig under tiden p\u00e5 din arbetsplats. \\n\\nHandledaren \u00e4r elevens kontaktperson p\u00e5 arbetsplatsen, men \u00e4ven skolans l\u00e4nk till arbetsplatsen. Du kommer ha kontakt med elevens l\u00e4rare f\u00f6r att kunna leverera de underlag som l\u00e4raren beh\u00f6ver inf\u00f6r elevens betygs\u00e4ttning. &quot;}\" data-sheets-userformat=\"{&quot;2&quot;:5041,&quot;3&quot;:{&quot;1&quot;:0},&quot;7&quot;:{&quot;1&quot;:[{&quot;1&quot;:2,&quot;2&quot;:0,&quot;5&quot;:{&quot;1&quot;:2,&quot;2&quot;:0}},{&quot;1&quot;:0,&quot;2&quot;:0,&quot;3&quot;:3},{&quot;1&quot;:1,&quot;2&quot;:0,&quot;4&quot;:1}]},&quot;8&quot;:{&quot;1&quot;:[{&quot;1&quot;:2,&quot;2&quot;:0,&quot;5&quot;:{&quot;1&quot;:2,&quot;2&quot;:0}},{&quot;1&quot;:0,&quot;2&quot;:0,&quot;3&quot;:3},{&quot;1&quot;:1,&quot;2&quot;:0,&quot;4&quot;:1}]},&quot;10&quot;:2,&quot;11&quot;:4,&quot;12&quot;:0,&quot;15&quot;:&quot;Arial&quot;}\">Som handledare \u00e4r du med och utbildar v\u00e5ra elever och ser till att de l\u00e4r sig allt de beh\u00f6ver kunna f\u00f6r att vara attraktiva och anst\u00e4llningsbara p\u00e5 arbetsmarknaden, samtidigt som du f\u00f6retr\u00e4der din yrkesroll och arbetsplats. Det \u00e4r ett ansvarsfullt uppdrag eftersom du blir en f\u00f6rebild f\u00f6r eleven och har stor inverkan p\u00e5 de moment som elever l\u00e4r sig under tiden p\u00e5 din arbetsplats.<\/span><\/p>\n<p>Handledaren \u00e4r elevens kontaktperson p\u00e5 arbetsplatsen, men \u00e4ven skolans l\u00e4nk till arbetsplatsen. Du kommer ha kontakt med elevens l\u00e4rare f\u00f6r att kunna leverera de underlag som l\u00e4raren beh\u00f6ver inf\u00f6r elevens betygs\u00e4ttning.<\/p>\n\n\t\t\t\t\t<\/div>\n\t\t\t\t\t\t\t<\/div>\n\n\t\t\t\t<div class=\"ams-fifty__action u-inline-items\">\n\t\t\t\t\t\t\t\n\n\n<a href=\"https:\/\/praktiska.se\/wp-content\/uploads\/2023\/12\/aplfolderforetaght23.pdf\"\n\t\n\tclass=\"c-btn \"\n\tdata-style=\"round\"\n\tdata-size=\"md\"\n\tdata-width=\"full-mobile\"\n\tdata-variant=\"default\"\n\ttarget=\"_blank\">\n\t\t\t<span class=\"label\"> L\u00e4s v\u00e5r digitala folder<\/span>\n\t\t\t\t\t<i class=\"fa fa-external-link\" data-icon><\/i>\n\t\t\t<\/a>\n\t\t\t<\/div>\n\t\t<\/div>\n\n\t\t <div class=\"ams-fifty__media u-ratio-square\">\n\t\t \t\t\t\t\t<img decoding=\"async\" width=\"600\" height=\"900\" src=\"https:\/\/praktiska.se\/wp-content\/uploads\/2023\/11\/praktiskahandledare2022-2027uppsala-600x900.jpg\" class=\"attachment-md size-md\" alt=\"Elever utanf\u00f6r skolan\" sizes=\"(min-width: 64em) 600px, calc(100vw - 160px)\" srcset=\"https:\/\/praktiska.se\/wp-content\/uploads\/2023\/11\/praktiskahandledare2022-2027uppsala-600x900.jpg 600w, https:\/\/praktiska.se\/wp-content\/uploads\/2023\/11\/praktiskahandledare2022-2027uppsala-300x450.jpg 300w, https:\/\/praktiska.se\/wp-content\/uploads\/2023\/11\/praktiskahandledare2022-2027uppsala-400x600.jpg 400w, https:\/\/praktiska.se\/wp-content\/uploads\/2023\/11\/praktiskahandledare2022-2027uppsala-800x1200.jpg 800w, https:\/\/praktiska.se\/wp-content\/uploads\/2023\/11\/praktiskahandledare2022-2027uppsala.jpg 1000w\" \/>\n\t\t\t\n\t\t\t\n\t\t\t\t\t<\/div>\n\t<\/div>\n\n\t\t\n\n<\/section>\n\t<\/div>\n\n\t\n\n\n\n\n<section  class=\"ams-faq ams_event_module c-block l-stacked js-load-more\" data-color-scheme=\"faq-white\" data-count=\"5\" data-count-mobile=\"5\">\n\t<div class=\"l-container-narrow l-stack l-stack-fluid-2xl u-pt-fluid-3xl-6xl u-pb-fluid-3xl-6xl is-center is-center@md\">\n\t\t\t\t\t<div class=\"ams-faq__intro l-stack l-stack-lg\">\n\t\t\t\t\t\n\t<h2\n\tclass=\"c-heading u-font-title-1 \"\n\tstyle=\"\">\n\t\t\n\t\t\t\t\tFr\u00e5gor och svar\n\t\t\t\t\n\t<\/h2>\n\n\t\t\t\t\t\t\t\t\t<div class=\"c-text l-stack u-cs-xl u-font-body\">\n\t\t\t\t\t\t<p><span data-sheets-value=\"{&quot;1&quot;:2,&quot;2&quot;:&quot;Vi har samlat och besvarat de vanligaste fr\u00e5gorna kring hur det g\u00e5r till att ta emot en elev fr\u00e5n oss och de olika s\u00e4tten man kan g\u00f6ra det p\u00e5&quot;}\" data-sheets-userformat=\"{&quot;2&quot;:929,&quot;3&quot;:{&quot;1&quot;:0},&quot;8&quot;:{&quot;1&quot;:[{&quot;1&quot;:2,&quot;2&quot;:0,&quot;5&quot;:{&quot;1&quot;:2,&quot;2&quot;:0}},{&quot;1&quot;:0,&quot;2&quot;:0,&quot;3&quot;:3},{&quot;1&quot;:1,&quot;2&quot;:0,&quot;4&quot;:1}]},&quot;10&quot;:0,&quot;11&quot;:4,&quot;12&quot;:0}\">Vi har samlat och besvarat de vanligaste fr\u00e5gorna kring hur det g\u00e5r till att ta emot en elev fr\u00e5n oss och de olika s\u00e4tten man kan g\u00f6ra det p\u00e5.<\/span><\/p>\n\n\t\t\t\t\t<\/div>\n\t\t\t\t\t\t\t<\/div>\n\t\t\n\t\t\n\t\n\t    \n\t\n\t<ul\n\t\tid=\"ams-faq-list-69f0d67261362\"\n\t\tclass=\"ams-faq__ac ams-accordion_module c-accordion js-results \"\n\t\taria-label=\"Vanliga fr\u00e5gor\"\n\t\tdata-variant=\"border-between\"\n\t\tdata-ajax-action=\"log_faq_view\"\n\t\tdata-ajax-url=\"https:\/\/praktiska.se\/karlstad\/wp-admin\/admin-ajax.php\"\n\t\tdata-ajax-nonce=\"cf8e330fe4\"\n\t\tdata-filter-animation=\"off\">\n\n\t\t\n\t\t\t\t\t\t\t\t\t\t\t\t\t\t\t\n\t\t\t\n\t\t\t<li data-ajax-id=\"3535\" class=\"c-accordion__item \"\n\t\t\tdata-filter=\"for-arbetsgivare november-2023\"\n\t\t\t>\n\t\t\t\t<h3 class=\"c-accordion__header\">\n\t\t\t\t\t\t\t\t\t\t<button class=\"c-accordion__trigger u-py-sm u-px-fluid-md-xl u-font-title-4\">\n\t\t\t\t\t\t<span>Hur funkar apl?<\/span>\n\t\t\t\t\t\t<svg class=\"ams-icon ams-icon__arrow-down\" width=\"24\" height=\"24\" viewbox=\"0 0 24 24\" fill=\"currentColor\" aria-hidden=\"true\" xmlns=\"http:\/\/www.w3.org\/2000\/svg\">\n\t\t\t\t\t\t\t\t\t\t\t\t\t<path d=\"m11.2033 18.4294-10.872894-10.67584c-.440539-.42594-.440539-1.1147 0-1.54065l.665495-.64345c.440539-.42595 1.152899-.42595 1.593439 0l9.41066 9.27114 9.4107-9.26207c.4405-.42595 1.1529-.42595 1.5934 0l.6655.64345c.4405.42594.4405 1.1147 0 1.54065l-10.8729 10.67587c-.4405.4168-1.1529.4168-1.5934-.0091z\"\/>\n\t\t\t\t\t\n\t\t\t\t\t\t<\/svg>\n\t\t\t\t\t<\/button>\n\t\t\t\t<\/h3>\n\t\t\t\t<div class=\"c-accordion__body l-stack u-font-body\">\n\t\t\t\t\t<div class=\"c-accordion__body__inner u-p-fluid-md-xl l-stack\">\n\t\t\t\t\t\t<p><span data-sheets-root=\"1\" data-sheets-value=\"{&quot;1&quot;:2,&quot;2&quot;:&quot;APL (arbetsplatsf\u00f6rlagt l\u00e4rande) \u00e4r en obligatorisk del av yrkesutbildningarna p\u00e5 gymnasiet. Den \u00e4r avg\u00f6rande f\u00f6r att eleven ska bli v\u00e4l f\u00f6rberedd f\u00f6r sitt yrke eftersom det \u00e4r den del som eleven g\u00f6r ute p\u00e5 ett f\u00f6retag. APL ska f\u00f6rekomma p\u00e5 gymnasieskolans alla nationella yrkesprogram med minst 15 veckor, och eleven f\u00f6ljer arbetsplatsens arbetstid. Vi ser g\u00e4rna att varje elev f\u00e5r s\u00e5 mycket APL som m\u00f6jligt genom sin utbildning.&quot;}\" data-sheets-userformat=\"{&quot;2&quot;:897,&quot;3&quot;:{&quot;1&quot;:0},&quot;10&quot;:0,&quot;11&quot;:4,&quot;12&quot;:0}\">Apl (arbetsplatsf\u00f6rlagt l\u00e4rande) \u00e4r en obligatorisk del av yrkesutbildningarna p\u00e5 gymnasiet. Den \u00e4r avg\u00f6rande f\u00f6r att eleven ska bli v\u00e4l f\u00f6rberedd f\u00f6r sitt yrke eftersom det \u00e4r den del som eleven g\u00f6r ute p\u00e5 ett f\u00f6retag. Apl ska f\u00f6rekomma p\u00e5 gymnasieskolans alla nationella yrkesprogram med minst 15 veckor, och eleven f\u00f6ljer arbetsplatsens arbetstid. Vi ser g\u00e4rna att varje elev f\u00e5r s\u00e5 mycket apl som m\u00f6jligt genom sin utbildning.<\/span><\/p>\n\n\t\t\t\t\t<\/div>\n\t\t\t\t<\/div>\n\t\t\t<\/li>\n\t\t\n\t\t\t\t\t\t\t\t\t\t\t\t\t\t\t\n\t\t\t\n\t\t\t<li data-ajax-id=\"3534\" class=\"c-accordion__item \"\n\t\t\tdata-filter=\"for-arbetsgivare november-2023\"\n\t\t\t>\n\t\t\t\t<h3 class=\"c-accordion__header\">\n\t\t\t\t\t\t\t\t\t\t<button class=\"c-accordion__trigger u-py-sm u-px-fluid-md-xl u-font-title-4\">\n\t\t\t\t\t\t<span>Vad inneb\u00e4r det att vara handledare? <\/span>\n\t\t\t\t\t\t<svg class=\"ams-icon ams-icon__arrow-down\" width=\"24\" height=\"24\" viewbox=\"0 0 24 24\" fill=\"currentColor\" aria-hidden=\"true\" xmlns=\"http:\/\/www.w3.org\/2000\/svg\">\n\t\t\t\t\t\t\t\t\t\t\t\t\t<path d=\"m11.2033 18.4294-10.872894-10.67584c-.440539-.42594-.440539-1.1147 0-1.54065l.665495-.64345c.440539-.42595 1.152899-.42595 1.593439 0l9.41066 9.27114 9.4107-9.26207c.4405-.42595 1.1529-.42595 1.5934 0l.6655.64345c.4405.42594.4405 1.1147 0 1.54065l-10.8729 10.67587c-.4405.4168-1.1529.4168-1.5934-.0091z\"\/>\n\t\t\t\t\t\n\t\t\t\t\t\t<\/svg>\n\t\t\t\t\t<\/button>\n\t\t\t\t<\/h3>\n\t\t\t\t<div class=\"c-accordion__body l-stack u-font-body\">\n\t\t\t\t\t<div class=\"c-accordion__body__inner u-p-fluid-md-xl l-stack\">\n\t\t\t\t\t\t<p><span data-sheets-root=\"1\" data-sheets-value=\"{&quot;1&quot;:2,&quot;2&quot;:&quot;Rollen som handledare ger dig en unik chans att forma n\u00e4sta generation kollegor och samh\u00e4llsmedborgare. I m\u00f6tet med eleven beh\u00f6ver du d\u00e4rf\u00f6r vara en f\u00f6rebild och st\u00e5 f\u00f6r sunda v\u00e4rderingar. Som handledare \u00e4r du ett st\u00f6d till elevens l\u00e4rande p\u00e5 arbetsplatsen. Sj\u00e4lvklarheter f\u00f6r dig \u00e4r inte alltid sj\u00e4lvklart f\u00f6r eleven. Genom att resonera och f\u00f6rklara utvecklas b\u00e5de du och eleven i yrket, och ni formar ert unika samarbete. T\u00e4nk p\u00e5 att tydliga regler och f\u00f6rv\u00e4ntningar \u00e4r en trygghet f\u00f6r eleven.\\n\\nMed korta kommentarer i LoopMe ger du direkt \u00e5terkoppling till elev och l\u00e4rare om elevens n\u00e4rvaro och utveckling. LoopMe \u00e4r en applikation som enkelt n\u00e5s via mobilapp eller dator. LoopMe anv\u00e4nds under APL f\u00f6r att f\u00f6lja elevens utveckling mot m\u00e5len d\u00e4r b\u00e5de elev, l\u00e4rare och du som handledare spelar en viktig roll.&quot;}\" data-sheets-userformat=\"{&quot;2&quot;:897,&quot;3&quot;:{&quot;1&quot;:0},&quot;10&quot;:0,&quot;11&quot;:4,&quot;12&quot;:0}\">Rollen som handledare ger dig en unik chans att forma n\u00e4sta generation kollegor och samh\u00e4llsmedborgare. I m\u00f6tet med eleven beh\u00f6ver du d\u00e4rf\u00f6r vara en f\u00f6rebild och st\u00e5 f\u00f6r sunda v\u00e4rderingar. Som handledare \u00e4r du ett st\u00f6d till elevens l\u00e4rande p\u00e5 arbetsplatsen. Sj\u00e4lvklarheter f\u00f6r dig \u00e4r inte alltid sj\u00e4lvklart f\u00f6r eleven. Genom att resonera och f\u00f6rklara utvecklas b\u00e5de du och eleven i yrket, och ni formar ert unika samarbete. T\u00e4nk p\u00e5 att tydliga regler och f\u00f6rv\u00e4ntningar \u00e4r en trygghet f\u00f6r eleven.<\/span><\/p>\n<p>Med korta kommentarer i LoopMe ger du direkt \u00e5terkoppling till elev och l\u00e4rare om elevens n\u00e4rvaro och utveckling. LoopMe \u00e4r en applikation som enkelt n\u00e5s via mobilapp eller dator. LoopMe anv\u00e4nds under apl f\u00f6r att f\u00f6lja elevens utveckling mot m\u00e5len d\u00e4r b\u00e5de elev, l\u00e4rare och du som handledare spelar en viktig roll.<\/p>\n\n\t\t\t\t\t<\/div>\n\t\t\t\t<\/div>\n\t\t\t<\/li>\n\t\t\t<\/ul>\n\n\t<div class=\"no-results u-mt-0 u-hide\" data-filter-fallback-id=\"ams-faq-list-69f0d67261362\">\n\t<p>Det finns inga resultat som matchar din filtrering.<\/p>\n<\/div>\n\n\t\n\n\t\t\n\t\t\t<\/div>\n\n\t\t\n\n<\/section>\n\n\n\n\n<section  class=\"ams-cta ams-cta--stacked c-block l-stacked\" data-color-scheme=\"orange\">\n\t<div class=\"l-container-narrow l-stack l-stack-fluid-2xl u-pt-fluid-3xl-6xl u-pb-fluid-3xl-6xl is-center is-center@md\">\n\t\t\t\t\t<div class=\"ams-cta__intro l-stack l-stack-lg\">\n\t\t\t\t\t\n\t<h2\n\tclass=\"c-heading u-font-title-1 \"\n\tstyle=\"\">\n\t\t\n\t\t\t\t\tVill du ta emot en elev eller har du fr\u00e5gor?\n\t\t\t\t\n\t<\/h2>\n\n\t\t\t\t\t\t\t\t\t<div class=\"c-text l-stack u-cs-xl u-font-body\">\n\t\t\t\t\t\t<p><span data-sheets-value=\"{&quot;1&quot;:2,&quot;2&quot;:&quot;Kontakta oss s\u00e5 ber\u00e4ttar vi mer om vad det inneb\u00e4r att vara APL-f\u00f6retag och handledare \u00e5t v\u00e5ra elever&quot;}\" data-sheets-userformat=\"{&quot;2&quot;:937,&quot;3&quot;:{&quot;1&quot;:0},&quot;6&quot;:{&quot;1&quot;:[{&quot;1&quot;:2,&quot;2&quot;:0,&quot;5&quot;:{&quot;1&quot;:2,&quot;2&quot;:0}},{&quot;1&quot;:0,&quot;2&quot;:0,&quot;3&quot;:3},{&quot;1&quot;:1,&quot;2&quot;:0,&quot;4&quot;:1}]},&quot;8&quot;:{&quot;1&quot;:[{&quot;1&quot;:2,&quot;2&quot;:0,&quot;5&quot;:{&quot;1&quot;:2,&quot;2&quot;:0}},{&quot;1&quot;:0,&quot;2&quot;:0,&quot;3&quot;:3},{&quot;1&quot;:1,&quot;2&quot;:0,&quot;4&quot;:1}]},&quot;10&quot;:0,&quot;11&quot;:4,&quot;12&quot;:0}\">Kontakta oss s\u00e5 ber\u00e4ttar vi mer om vad det inneb\u00e4r att vara apl-f\u00f6retag och handledare \u00e5t v\u00e5ra elever.<\/span><\/p>\n\n\t\t\t\t\t<\/div>\n\t\t\t\t\t\t\t<\/div>\n\t\t\n\t\t\n\t\t\t<div class=\"ams-cta__action u-inline-items\">\n\t\t\t\t\t\t\t\n\n\n<a href=\"https:\/\/praktiska.se\/karlstad\/kontakt\/\"\n\t\n\tclass=\"c-btn \"\n\tdata-style=\"round\"\n\tdata-size=\"md\"\n\tdata-width=\"full-mobile\"\n\tdata-variant=\"default\"\n\ttarget=\"_self\">\n\t\t\t<span class=\"label\"> Kontakta oss<\/span>\n\t\t\t<\/a>\n\t\t\t<\/div>\n\t<\/div>\n\n\t\t\n\n<\/section>\n","protected":false},"excerpt":{"rendered":"","protected":false},"author":1,"featured_media":0,"parent":412,"menu_order":0,"comment_status":"closed","ping_status":"closed","template":"","meta":{"footnotes":""},"yoast_head":"<!-- This site is optimized with the Yoast SEO plugin v22.0 - https:\/\/yoast.com\/wordpress\/plugins\/seo\/ -->\n<title>F\u00f6r arbetsgivare - Praktiska Gymnasiet Karlstad<\/title>\n<meta name=\"description\" content=\"\u00c4r du f\u00f6retagare och vill veta mer om hur vi p\u00e5 Praktiska Gymnasiet bedriver v\u00e5r utbildning? L\u00e4s mer om hur vi utbildar framtidens arbetskraft\" \/>\n<meta name=\"robots\" content=\"index, follow, max-snippet:-1, max-image-preview:large, max-video-preview:-1\" \/>\n<link rel=\"canonical\" href=\"https:\/\/praktiska.se\/karlstad\/om-praktiska\/for-arbetsgivare\/\" \/>\n<meta property=\"og:locale\" content=\"sv_SE\" \/>\n<meta property=\"og:type\" content=\"article\" \/>\n<meta property=\"og:title\" content=\"F\u00f6r arbetsgivare - Praktiska Gymnasiet Karlstad\" \/>\n<meta property=\"og:description\" content=\"\u00c4r du f\u00f6retagare och vill veta mer om hur vi p\u00e5 Praktiska Gymnasiet bedriver v\u00e5r utbildning? L\u00e4s mer om hur vi utbildar framtidens arbetskraft\" \/>\n<meta property=\"og:url\" content=\"https:\/\/praktiska.se\/karlstad\/om-praktiska\/for-arbetsgivare\/\" \/>\n<meta property=\"og:site_name\" content=\"Karlstad\" \/>\n<meta property=\"article:modified_time\" content=\"2025-06-30T13:32:26+00:00\" \/>\n<meta name=\"twitter:card\" content=\"summary_large_image\" \/>\n<meta name=\"twitter:title\" content=\"F\u00f6r arbetsgivare - Praktiska Gymnasiet Karlstad\" \/>\n<meta name=\"twitter:description\" content=\"\u00c4r du f\u00f6retagare och vill veta mer om hur vi p\u00e5 Praktiska Gymnasiet bedriver v\u00e5r utbildning? L\u00e4s mer om hur vi utbildar framtidens arbetskraft\" \/>\n<meta name=\"twitter:label1\" content=\"Est. reading time\" \/>\n\t<meta name=\"twitter:data1\" content=\"1 minut\" \/>\n<script type=\"application\/ld+json\" class=\"yoast-schema-graph\">{\"@context\":\"https:\/\/schema.org\",\"@graph\":[{\"@type\":\"WebPage\",\"@id\":\"https:\/\/praktiska.se\/karlstad\/om-praktiska\/for-arbetsgivare\/\",\"url\":\"https:\/\/praktiska.se\/karlstad\/om-praktiska\/for-arbetsgivare\/\",\"name\":\"F\u00f6r arbetsgivare - Praktiska Gymnasiet Karlstad\",\"isPartOf\":{\"@id\":\"https:\/\/praktiska.se\/karlstad\/#website\"},\"datePublished\":\"2023-11-13T10:53:23+00:00\",\"dateModified\":\"2025-06-30T13:32:26+00:00\",\"description\":\"\u00c4r du f\u00f6retagare och vill veta mer om hur vi p\u00e5 Praktiska Gymnasiet bedriver v\u00e5r utbildning? L\u00e4s mer om hur vi utbildar framtidens arbetskraft\",\"breadcrumb\":{\"@id\":\"https:\/\/praktiska.se\/karlstad\/om-praktiska\/for-arbetsgivare\/#breadcrumb\"},\"inLanguage\":\"sv-SE\",\"potentialAction\":[{\"@type\":\"ReadAction\",\"target\":[\"https:\/\/praktiska.se\/karlstad\/om-praktiska\/for-arbetsgivare\/\"]}]},{\"@type\":\"BreadcrumbList\",\"@id\":\"https:\/\/praktiska.se\/karlstad\/om-praktiska\/for-arbetsgivare\/#breadcrumb\",\"itemListElement\":[{\"@type\":\"ListItem\",\"position\":1,\"name\":\"Start\",\"item\":\"https:\/\/praktiska.se\/karlstad\/\"},{\"@type\":\"ListItem\",\"position\":2,\"name\":\"Om Praktiska\",\"item\":\"https:\/\/praktiska.se\/karlstad\/om-praktiska\/\"},{\"@type\":\"ListItem\",\"position\":3,\"name\":\"F\u00f6r arbetsgivare\"}]},{\"@type\":\"WebSite\",\"@id\":\"https:\/\/praktiska.se\/karlstad\/#website\",\"url\":\"https:\/\/praktiska.se\/karlstad\/\",\"name\":\"Karlstad\",\"description\":\"Vi utbildar framtidens arbetskraft\",\"potentialAction\":[{\"@type\":\"SearchAction\",\"target\":{\"@type\":\"EntryPoint\",\"urlTemplate\":\"https:\/\/praktiska.se\/karlstad\/?s={search_term_string}\"},\"query-input\":\"required name=search_term_string\"}],\"inLanguage\":\"sv-SE\"}]}<\/script>\n<!-- \/ Yoast SEO plugin. -->","yoast_head_json":{"title":"F\u00f6r arbetsgivare - Praktiska Gymnasiet Karlstad","description":"\u00c4r du f\u00f6retagare och vill veta mer om hur vi p\u00e5 Praktiska Gymnasiet bedriver v\u00e5r utbildning? L\u00e4s mer om hur vi utbildar framtidens arbetskraft","robots":{"index":"index","follow":"follow","max-snippet":"max-snippet:-1","max-image-preview":"max-image-preview:large","max-video-preview":"max-video-preview:-1"},"canonical":"https:\/\/praktiska.se\/karlstad\/om-praktiska\/for-arbetsgivare\/","og_locale":"sv_SE","og_type":"article","og_title":"F\u00f6r arbetsgivare - Praktiska Gymnasiet Karlstad","og_description":"\u00c4r du f\u00f6retagare och vill veta mer om hur vi p\u00e5 Praktiska Gymnasiet bedriver v\u00e5r utbildning? L\u00e4s mer om hur vi utbildar framtidens arbetskraft","og_url":"https:\/\/praktiska.se\/karlstad\/om-praktiska\/for-arbetsgivare\/","og_site_name":"Karlstad","article_modified_time":"2025-06-30T13:32:26+00:00","twitter_card":"summary_large_image","twitter_title":"F\u00f6r arbetsgivare - Praktiska Gymnasiet Karlstad","twitter_description":"\u00c4r du f\u00f6retagare och vill veta mer om hur vi p\u00e5 Praktiska Gymnasiet bedriver v\u00e5r utbildning? L\u00e4s mer om hur vi utbildar framtidens arbetskraft","twitter_misc":{"Est. reading time":"1 minut"},"schema":{"@context":"https:\/\/schema.org","@graph":[{"@type":"WebPage","@id":"https:\/\/praktiska.se\/karlstad\/om-praktiska\/for-arbetsgivare\/","url":"https:\/\/praktiska.se\/karlstad\/om-praktiska\/for-arbetsgivare\/","name":"F\u00f6r arbetsgivare - Praktiska Gymnasiet Karlstad","isPartOf":{"@id":"https:\/\/praktiska.se\/karlstad\/#website"},"datePublished":"2023-11-13T10:53:23+00:00","dateModified":"2025-06-30T13:32:26+00:00","description":"\u00c4r du f\u00f6retagare och vill veta mer om hur vi p\u00e5 Praktiska Gymnasiet bedriver v\u00e5r utbildning? L\u00e4s mer om hur vi utbildar framtidens arbetskraft","breadcrumb":{"@id":"https:\/\/praktiska.se\/karlstad\/om-praktiska\/for-arbetsgivare\/#breadcrumb"},"inLanguage":"sv-SE","potentialAction":[{"@type":"ReadAction","target":["https:\/\/praktiska.se\/karlstad\/om-praktiska\/for-arbetsgivare\/"]}]},{"@type":"BreadcrumbList","@id":"https:\/\/praktiska.se\/karlstad\/om-praktiska\/for-arbetsgivare\/#breadcrumb","itemListElement":[{"@type":"ListItem","position":1,"name":"Start","item":"https:\/\/praktiska.se\/karlstad\/"},{"@type":"ListItem","position":2,"name":"Om Praktiska","item":"https:\/\/praktiska.se\/karlstad\/om-praktiska\/"},{"@type":"ListItem","position":3,"name":"F\u00f6r arbetsgivare"}]},{"@type":"WebSite","@id":"https:\/\/praktiska.se\/karlstad\/#website","url":"https:\/\/praktiska.se\/karlstad\/","name":"Karlstad","description":"Vi utbildar framtidens arbetskraft","potentialAction":[{"@type":"SearchAction","target":{"@type":"EntryPoint","urlTemplate":"https:\/\/praktiska.se\/karlstad\/?s={search_term_string}"},"query-input":"required name=search_term_string"}],"inLanguage":"sv-SE"}]}},"_links":{"self":[{"href":"https:\/\/praktiska.se\/karlstad\/wp-json\/wp\/v2\/pages\/2013"}],"collection":[{"href":"https:\/\/praktiska.se\/karlstad\/wp-json\/wp\/v2\/pages"}],"about":[{"href":"https:\/\/praktiska.se\/karlstad\/wp-json\/wp\/v2\/types\/page"}],"author":[{"embeddable":true,"href":"https:\/\/praktiska.se\/karlstad\/wp-json\/wp\/v2\/users\/1"}],"replies":[{"embeddable":true,"href":"https:\/\/praktiska.se\/karlstad\/wp-json\/wp\/v2\/comments?post=2013"}],"version-history":[{"count":10,"href":"https:\/\/praktiska.se\/karlstad\/wp-json\/wp\/v2\/pages\/2013\/revisions"}],"predecessor-version":[{"id":3335,"href":"https:\/\/praktiska.se\/karlstad\/wp-json\/wp\/v2\/pages\/2013\/revisions\/3335"}],"up":[{"embeddable":true,"href":"https:\/\/praktiska.se\/karlstad\/wp-json\/wp\/v2\/pages\/412"}],"wp:attachment":[{"href":"https:\/\/praktiska.se\/karlstad\/wp-json\/wp\/v2\/media?parent=2013"}],"curies":[{"name":"wp","href":"https:\/\/api.w.org\/{rel}","templated":true}]}}