{"id":2756,"date":"2023-12-01T15:23:07","date_gmt":"2023-12-01T14:23:07","guid":{"rendered":""},"modified":"2026-04-16T13:58:56","modified_gmt":"2026-04-16T11:58:56","slug":"sjofartsutbildningen","status":"publish","type":"program_orientation","link":"https:\/\/praktiska.se\/kalmar\/program\/sjofartsutbildningen\/","title":{"rendered":"Sj\u00f6fart"},"content":{"rendered":"\n\t\n\t\n\t\n\t\n\t\n\n<section \n\tclass=\"ams-hero ams-hero--classic ams-hero--75 c-block l-stacked  \"\n\tdata-color-scheme=\"hero\"\n\tstyle=\"\">\n\t<div class=\"ams-hero__container u-items-start u-justify-center\">\n\t\t<div\n\t\t\tclass=\"ams-hero__content l-stack l-stack-xl is-left is-left@md\" >\n\t\t\t<div class=\"l-stack l-stack-lg\">\n\t\t\t\t\t\n\t<h1\n\tclass=\"c-heading u-font-huge \"\n\tstyle=\"\">\n\t\t\n\t\t\t\t\t\t\t\t\t<span class=\"c-heading__sub is-above u-font-title-3\">\n\t\t\t\t\tSj\u00f6fartsutbildningen\n\t\t\t\t<\/span>\n\t\t\t\tSj\u00f6fart i Kalmar\n\t\t\t\t\t\t\t\n\t<\/h1>\n\n\t\t\t\t\t\t\t\t\t<div class=\"text l-stack u-font-body\">\n\t\t\t\t\t\t<p><span data-sheets-root=\"1\" data-sheets-value=\"{&quot;1&quot;:2,&quot;2&quot;:&quot;Sj\u00f6fartsprogrammet passar dig som vill ha ett varierande och \u00e4ventyrligt jobb till havs d\u00e4r hela v\u00e4rlden kan bli din arbetsplats. Under utbildningen f\u00e5r du l\u00e4ra dig alla moment som sker p\u00e5 d\u00e4ck och f\u00e5 f\u00f6rst\u00e5else f\u00f6r hur det \u00e4r att vara en del av en bes\u00e4ttning. Du kommer ocks\u00e5 f\u00e5 med dig all kunskap om s\u00e4kerhet och riskanalys som beh\u00f6vs f\u00f6r att f\u00e5 arbeta ute till havs. &quot;}\" data-sheets-userformat=\"{&quot;2&quot;:5025,&quot;3&quot;:{&quot;1&quot;:0},&quot;8&quot;:{&quot;1&quot;:[{&quot;1&quot;:2,&quot;2&quot;:0,&quot;5&quot;:{&quot;1&quot;:2,&quot;2&quot;:0}},{&quot;1&quot;:0,&quot;2&quot;:0,&quot;3&quot;:3},{&quot;1&quot;:1,&quot;2&quot;:0,&quot;4&quot;:1}]},&quot;10&quot;:0,&quot;11&quot;:4,&quot;12&quot;:0,&quot;15&quot;:&quot;Helvetica Neue&quot;}\">Sj\u00f6fartsutbildningen passar dig som vill ha ett varierande och \u00e4ventyrligt jobb till havs d\u00e4r hela v\u00e4rlden kan bli din arbetsplats. Under utbildningen f\u00e5r du l\u00e4ra dig alla moment som sker p\u00e5 d\u00e4ck och f\u00e5 f\u00f6rst\u00e5else f\u00f6r hur det \u00e4r att vara en del av en bes\u00e4ttning. Du kommer ocks\u00e5 f\u00e5 med dig all kunskap om s\u00e4kerhet och riskanalys som beh\u00f6vs f\u00f6r att f\u00e5 arbeta ute till havs. <\/span><\/p>\n\n\t\t\t\t\t<\/div>\n\t\t\t\t\t\t\t<\/div>\n\n\t\t\t\t\t<\/div>\n\t<\/div>\n\n\t\n\t\t\t\n\t\t\t\t\t\t\t\n\t\t\t\t<div class=\"c-bg c-bg--img\" data-settings=\"{&quot;desktop_settings&quot;:{&quot;size&quot;:&quot;cover&quot;,&quot;position&quot;:&quot;top-right&quot;},&quot;mobile_settings&quot;:{&quot;size&quot;:&quot;cover&quot;,&quot;position&quot;:&quot;top-right&quot;}}\" data-position=\"middle-center\" data-size=\"cover\">\n\t\t\t<img decoding=\"async\" width=\"1200\" height=\"1573\" src=\"https:\/\/praktiska.se\/wp-content\/uploads\/sites\/16\/2023\/12\/sxdackweb-1200x1573.jpg\" class=\"attachment-xxl size-xxl\" alt=\"\" sizes=\"(max-width: 1200px) 100vw, 1200px\" srcset=\"https:\/\/praktiska.se\/wp-content\/uploads\/sites\/16\/2023\/12\/sxdackweb-1200x1573.jpg 1200w, https:\/\/praktiska.se\/wp-content\/uploads\/sites\/16\/2023\/12\/sxdackweb-300x393.jpg 300w, https:\/\/praktiska.se\/wp-content\/uploads\/sites\/16\/2023\/12\/sxdackweb-400x524.jpg 400w, https:\/\/praktiska.se\/wp-content\/uploads\/sites\/16\/2023\/12\/sxdackweb-600x786.jpg 600w, https:\/\/praktiska.se\/wp-content\/uploads\/sites\/16\/2023\/12\/sxdackweb-800x1048.jpg 800w, https:\/\/praktiska.se\/wp-content\/uploads\/sites\/16\/2023\/12\/sxdackweb-1024x1342.jpg 1024w, https:\/\/praktiska.se\/wp-content\/uploads\/sites\/16\/2023\/12\/sxdackweb.jpg 1465w\" \/>\n\t\t<\/div>\n\t\n<\/section>\n\n\n\n\n<section  class=\"ams-courses-list c-block l-stacked\" data-color-scheme=\"kurslistning\">\n\t<div class=\"l-container l-stack l-stack-fluid-2xl u-pt-fluid-3xl-6xl u-pb-fluid-3xl-6xl is-center is-center@md\">\n\t\t\t\t\t<div class=\"ams-courses-list__intro l-stack l-stack-lg\">\n\t\t\t\t\t\n\t<h2\n\tclass=\"c-heading u-font-title-1 \"\n\tstyle=\"\">\n\t\t\n\t\t\t\t\tInriktningar p\u00e5 programmet\n\t\t\t\t\n\t<\/h2>\n\n\t\t\t\t\t\t\t\t\t<div class=\"c-text l-stack u-cs-xl u-font-body\">\n\t\t\t\t\t\t<p><span data-sheets-root=\"1\" data-sheets-value=\"{&quot;1&quot;:2,&quot;2&quot;:&quot;P\u00e5 Sj\u00f6fartsprogrammet kan du l\u00e4sa inriktnignen D\u00e4ck och bli L\u00e4ttmatros&quot;}\" data-sheets-userformat=\"{&quot;2&quot;:5033,&quot;3&quot;:{&quot;1&quot;:0},&quot;6&quot;:{&quot;1&quot;:[{&quot;1&quot;:2,&quot;2&quot;:0,&quot;5&quot;:{&quot;1&quot;:2,&quot;2&quot;:0}},{&quot;1&quot;:0,&quot;2&quot;:0,&quot;3&quot;:3},{&quot;1&quot;:1,&quot;2&quot;:0,&quot;4&quot;:1}]},&quot;8&quot;:{&quot;1&quot;:[{&quot;1&quot;:2,&quot;2&quot;:0,&quot;5&quot;:{&quot;1&quot;:2,&quot;2&quot;:0}},{&quot;1&quot;:0,&quot;2&quot;:0,&quot;3&quot;:3},{&quot;1&quot;:1,&quot;2&quot;:0,&quot;4&quot;:1}]},&quot;10&quot;:0,&quot;11&quot;:4,&quot;12&quot;:0,&quot;15&quot;:&quot;Helvetica Neue&quot;}\">P\u00e5 Sj\u00f6fartsutbildningen kan du l\u00e4sa inriktningen D\u00e4ck och bli L\u00e4ttmatros.<\/span><\/p>\n\n\t\t\t\t\t<\/div>\n\t\t\t\t\t\t\t<\/div>\n\t\t\n\t\t\n\t\t\t\n<ul class=\"ams-courses-list__list l-grid u-gap-fluid-2xl-4xl u-justify-center\">\n\t\t\t<li class=\"l-col-6@md l-col-4@lg\">\n\t\t\t<article class=\"c-card has-media-zoom  \"\n\t\t\t\t\t\tdata-variant=\"border-top\"\n\t\t\t\t\t\tdata-style=\"square\"\n\t\t\t\t\t\tdata-click-area>\n\t\t\t\t<div class=\"c-card__content l-stack l-stack-sm\">\n\t\t\t\t\t\t\t\t\t\t\t<h3 class=\"c-card__title u-font-title-3\">\n\t\t\t\t\t\t\t\t\t\t\t\t\t\t\t<a class=\"c-card__title-link\" href=\"https:\/\/praktiska.se\/kalmar\/program\/sjofartsutbildningen\/dack\/\">\n\t\t\t\t\t\t\t\t\tL\u00e4ttmatros\n\t\t\t\t\t\t\t\t<\/a>\n\t\t\t\t\t\t\t\t\t\t\t\t\t<\/h3>\n\t\t\t\t\t\n\t\t\t\t\t\n\t\t\t\t\t\t\t\t\t\t\t\t\t\t\t\t<ul class=\"c-card__list u-list-none l-stack-grow u-divider-top u-font-body\">\n\t\t\t\t\t\t\t\t\t\t\t\t\t\t\t<li>\n\t\t\t\t\t\t\t\t\t<strong>Program<\/strong>\n\t\t\t\t\t\t\t\t\t<ul class=\"u-list-dash\">\n\t\t\t\t\t\t\t\t\t\t\t\t\t\t\t\t\t\t\t\t\t<li>Sj\u00f6fartsutbildningen<\/li>\n\t\t\t\t\t\t\t\t\t\t\t\t\t\t\t\t\t\t\t<\/ul>\n\t\t\t\t\t\t\t\t<\/li>\n\t\t\t\t\t\t\t\n\t\t\t\t\t\t\t\t\t\t\t\t\t\t\t\t\t\t\t\t\t\t\t\t<li>\n\t\t\t\t\t\t\t\t\t\t<strong>Inriktning<\/strong>\n\t\t\t\t\t\t\t\t\t\t<ul class=\"u-list-dash\">\n\t\t\t\t\t\t\t\t\t\t\t\t\t\t\t\t\t\t\t\t\t\t\t<li>D\u00e4ck<\/li>\n\t\t\t\t\t\t\t\t\t\t\t\t\t\t\t\t\t\t\t\t\t<\/ul>\n\t\t\t\t\t\t\t\t\t<\/li>\n\t\t\t\t\t\t\t\t\t\t\t\t\t\t\t\t\t\t\t\t\t<\/ul>\n\n\t\t\t\t\t\t<div class=\"c-card__icon c-card__icon--nl\">\n\t\t\t\t\t\t\t\t\t\t\t\t\t\t<svg class=\"ams-icon ams-icon--arrow-right\" width=\"32\" height=\"32\" viewbox=\"0 0 32 32\" fill=\"currentColor\" aria-hidden=\"true\" xmlns=\"http:\/\/www.w3.org\/2000\/svg\">\n\t\t\t\t\t\t\t\t\t\t\t\t\t\t\t\t<path d=\"M15.4617 0.252159L14.9567 0.75931C14.6219 1.09545 14.6219 1.64048 14.9567 1.97669L27.7062 14.7806H0.857144C0.383786 14.7806 0 15.166 0 15.6414V16.3587C0 16.8341 0.383786 17.2195 0.857144 17.2195H27.7062L14.9567 30.0234C14.6219 30.3595 14.6219 30.9045 14.9567 31.2407L15.4617 31.7479C15.7964 32.084 16.3392 32.084 16.6739 31.7479L31.749 16.6087C32.0837 16.2725 32.0837 15.7275 31.749 15.3913L16.6739 0.252159C16.3392 -0.084053 15.7964 -0.084053 15.4617 0.252159Z\"\/>\n\t\t\t\t\t\t\t\n\t\t\t\t\t\t\t<\/svg>\n\t\t\t\t\t\t<\/div>\n\t\t\t\t\t\t\t\t\t<\/div>\n\t\t\t\t<div class=\"c-card__media \" style=\" \">\n\t\t\t\t\t<img decoding=\"async\" width=\"347\" height=\"260\" src=\"https:\/\/praktiska.se\/wp-content\/uploads\/sites\/16\/2023\/12\/sxdackweb347x260px.jpg\" class=\"attachment-sm size-sm wp-post-image\" alt=\"\" sizes=\"(min-width: 64em) 300px, (min-width: 48em) calc(.50 * (100vw - 240px)), calc(100vw - 160px)\" srcset=\"https:\/\/praktiska.se\/wp-content\/uploads\/sites\/16\/2023\/12\/sxdackweb347x260px.jpg 347w, https:\/\/praktiska.se\/wp-content\/uploads\/sites\/16\/2023\/12\/sxdackweb347x260px-300x225.jpg 300w\" \/>\n\t\t\t\t<\/div>\n\t\t\t<\/article>\n\t\t<\/li>\n\t<\/ul>\n\t\n\n\t\t\t<\/div>\n\n\t\t\n\n<\/section>\n\n\n\n<div\n\n\tclass=\"\n\t\tmodule_wrapper\n\t\tams_icons_module\n\t\t\t\t site__secondary-bg--25 \t\t cpt-60 cpb-30 \t\t\n\t\"\n>\n\t\t\t<div class=\"container\">\n\t\t\t<div class=\"row \">\n\t\t\t\t<div class=\"col-12 cmb-30 text-center col-md-8 offset-md-2\">\n\t\t\t\t\t\t<h2   class=\"site__heading-size-2 section-title  site__text-color  text-center\">\n\t\t\t\tVi \u00e4r certifierade\t\t\t<\/h2>\n\t\t\t<\/div>\n\t\t\t<\/div>\n\n\t\t\t<div class=\"row  site__text-color--dark \">\n\t\t\t\t\n\t\t\t<\/div>\n\t\t<\/div>\n\t\n\t<div class=\"container\">\n\t\t\t\t<div class=\"ams-icons__container row justify-content-center \">\n\t\t\t\t\t\t\t\t\t\t\t\t<div class=\"ams-icons__icon d-flex justify-content-center col-12 \" >\n\t\t\t\t\t\t\t\t\t\t\t\t\t<a class=\"ams-icon__link d-flex justify-content-center\" href=\"https:\/\/www.transportforetagen.se\/kompetensforsorjning\/for-dig-inom-utbildning\/utbildning-och-karriarvagar\/sjofartscollege---ett-kvalitetssystem-for-gymnasieskolor\/\">\n\t\t\t\t\t\t\n\t\t\t\t\t\t\t<img decoding=\"async\" width=\"300\" height=\"167\" src=\"https:\/\/praktiska.se\/wp-content\/uploads\/sites\/16\/2026\/04\/skarmavbild-2026-04-16-kl-101135.png\" class=\"ams-icons__icon-image\" alt=\"Sj\u00f6fartscollege certifikat\" srcset=\"https:\/\/praktiska.se\/wp-content\/uploads\/sites\/16\/2026\/04\/skarmavbild-2026-04-16-kl-101135.png 1262w, https:\/\/praktiska.se\/wp-content\/uploads\/sites\/16\/2026\/04\/skarmavbild-2026-04-16-kl-101135-300x167.png 300w, https:\/\/praktiska.se\/wp-content\/uploads\/sites\/16\/2026\/04\/skarmavbild-2026-04-16-kl-101135-400x223.png 400w, https:\/\/praktiska.se\/wp-content\/uploads\/sites\/16\/2026\/04\/skarmavbild-2026-04-16-kl-101135-600x335.png 600w, https:\/\/praktiska.se\/wp-content\/uploads\/sites\/16\/2026\/04\/skarmavbild-2026-04-16-kl-101135-800x446.png 800w, https:\/\/praktiska.se\/wp-content\/uploads\/sites\/16\/2026\/04\/skarmavbild-2026-04-16-kl-101135-1024x571.png 1024w, https:\/\/praktiska.se\/wp-content\/uploads\/sites\/16\/2026\/04\/skarmavbild-2026-04-16-kl-101135-1200x669.png 1200w\" sizes=\"(max-width: 300px) 100vw, 300px\" \/>\n\t\t\t\t\t\t\t\t\t\t\t\t\t<\/a>\n\t\t\t\t\t\t\t\t\t\t\t<\/div>\n\t\t\t\t\t\t\t\n\t\t<\/div>\n\t\t\t<\/div>\n<\/div>\n\n\n\n<div style=\"height:40px\" aria-hidden=\"true\" class=\"wp-block-spacer\"><\/div>\n\n\n\n\t\n\t\n\t\n\n\t\n\t\n\t\t\n<section  class=\"c-block l-stacked  \" data-color-scheme=\"white\">\n\t<div class=\"ams-fifty ams-fifty--container ams-fifty--left ams-fifty--top l-container u-pt-fluid-3xl-6xl u-pb-fluid-3xl-6xl\">\n\t\t<div class=\"ams-fifty__content l-stack l-stack-xl is-left is-left@lg\">\n\t\t\t<div class=\"ams-fifty__text l-stack l-stack-lg\">\n\t\t\t\t\t\n\t<h2\n\tclass=\"c-heading u-font-title-1 \"\n\tstyle=\"\">\n\t\t\n\t\t\t\t\tApl\n\t\t\t\t\n\t<\/h2>\n\n\t\t\t\t\t\t\t\t\t<div class=\"text l-stack u-font-body\">\n\t\t\t\t\t\t<p><span data-sheets-root=\"1\" data-sheets-value=\"{&quot;1&quot;:2,&quot;2&quot;:&quot;P\u00e5 gymnasiet kallas praktik f\u00f6r APL (arbetsplatsf\u00f6rlagt l\u00e4rande) och under dina tre \u00e5r hos oss kommer du att g\u00f6ra APL p\u00e5 ett riktigt f\u00f6retag i minst 15 veckor. D\u00e4r f\u00e5r du chans att testa p\u00e5 de moment du l\u00e4rt dig i skolan och samtidigt f\u00e5 in en fot i arbetslivet.&quot;}\" data-sheets-userformat=\"{&quot;2&quot;:5025,&quot;3&quot;:{&quot;1&quot;:0},&quot;8&quot;:{&quot;1&quot;:[{&quot;1&quot;:2,&quot;2&quot;:0,&quot;5&quot;:{&quot;1&quot;:2,&quot;2&quot;:0}},{&quot;1&quot;:0,&quot;2&quot;:0,&quot;3&quot;:3},{&quot;1&quot;:1,&quot;2&quot;:0,&quot;4&quot;:1}]},&quot;10&quot;:0,&quot;11&quot;:4,&quot;12&quot;:0,&quot;15&quot;:&quot;Helvetica Neue&quot;}\">P\u00e5 gymnasiet kallas praktik f\u00f6r apl (arbetsplatsf\u00f6rlagt l\u00e4rande) och under dina tre \u00e5r hos oss kommer du att g\u00f6ra apl p\u00e5 ett riktigt f\u00f6retag i minst 15 veckor. D\u00e4r f\u00e5r du chans att testa p\u00e5 de moment du l\u00e4rt dig i skolan och samtidigt f\u00e5 in en fot i arbetslivet.<\/span><\/p>\n\n\t\t\t\t\t<\/div>\n\t\t\t\t\t\t\t<\/div>\n\n\t\t\t\t<div class=\"ams-fifty__action u-inline-items\">\n\t\t\t\t\t\t\t\n\n\n<a href=\"#\"\n\t\n\tclass=\"c-btn \"\n\tdata-style=\"round\"\n\tdata-size=\"md\"\n\tdata-width=\"full-mobile\"\n\tdata-variant=\"default\"\n\ttarget=\"_self\">\n\t\t\t<span class=\"label\"> Mer om apl<\/span>\n\t\t\t<\/a>\n\t\t\t<\/div>\n\t\t<\/div>\n\n\t\t <div class=\"ams-fifty__media u-ratio-square\">\n\t\t \t\t\t\t\t<img decoding=\"async\" width=\"600\" height=\"595\" src=\"https:\/\/praktiska.se\/wp-content\/uploads\/sites\/16\/2023\/12\/20210423humlesolpgsjofartkalmar0071-e1750152068815-600x595.jpg\" class=\"attachment-md size-md\" alt=\"Ett fartyg med m\u00e4nniskor som arbetar.\" sizes=\"(min-width: 64em) 600px, calc(100vw - 160px)\" srcset=\"https:\/\/praktiska.se\/wp-content\/uploads\/sites\/16\/2023\/12\/20210423humlesolpgsjofartkalmar0071-e1750152068815-600x595.jpg 600w, https:\/\/praktiska.se\/wp-content\/uploads\/sites\/16\/2023\/12\/20210423humlesolpgsjofartkalmar0071-e1750152068815-150x150.jpg 150w, https:\/\/praktiska.se\/wp-content\/uploads\/sites\/16\/2023\/12\/20210423humlesolpgsjofartkalmar0071-e1750152068815-300x297.jpg 300w, https:\/\/praktiska.se\/wp-content\/uploads\/sites\/16\/2023\/12\/20210423humlesolpgsjofartkalmar0071-e1750152068815-400x396.jpg 400w, https:\/\/praktiska.se\/wp-content\/uploads\/sites\/16\/2023\/12\/20210423humlesolpgsjofartkalmar0071-e1750152068815-800x793.jpg 800w, https:\/\/praktiska.se\/wp-content\/uploads\/sites\/16\/2023\/12\/20210423humlesolpgsjofartkalmar0071-e1750152068815.jpg 875w\" \/>\n\t\t\t\n\t\t\t\n\t\t\t\t\t<\/div>\n\t<\/div>\n\n\t\t\n\n<\/section>\n\n\n\n\t<div class=\"module_wrapper ams_remote_pages_module \">\n\t\t\n\n<section  class=\"ams-cta ams-cta--stacked c-block l-stacked\" data-color-scheme=\"gray\">\n\t<div class=\"l-container-narrow l-stack l-stack-fluid-2xl u-pt-fluid-3xl-6xl u-pb-fluid-3xl-6xl is-center is-center@md\">\n\t\t\t\t\t<div class=\"ams-cta__intro l-stack l-stack-lg\">\n\t\t\t\t\t\n\t<h2\n\tclass=\"c-heading u-font-title-1 \"\n\tstyle=\"\">\n\t\t\n\t\t\t\t\tVar detta inte f\u00f6r dig?\n\t\t\t\t\n\t<\/h2>\n\n\t\t\t\t\t\t\t\t\t<div class=\"c-text l-stack u-cs-xl u-font-body\">\n\t\t\t\t\t\t<p>Alla dr\u00f6mmer inte om att jobba med samma sak och tur \u00e4r v\u00e4l det! Klicka p\u00e5 knappen f\u00f6r att se alla andra utbildningar som du kan l\u00e4sa hos oss.<\/p>\n\n\t\t\t\t\t<\/div>\n\t\t\t\t\t\t\t<\/div>\n\t\t\n\t\t\n\t\t\t<div class=\"ams-cta__action u-inline-items\">\n\t\t\t\t\t\t\t\n\n\n<a href=\"https:\/\/praktiska.se\/kalmar\/program\/\"\n\t\n\tclass=\"c-btn \"\n\tdata-style=\"round\"\n\tdata-size=\"md\"\n\tdata-width=\"full-mobile\"\n\tdata-variant=\"default\"\n\ttarget=\"_self\">\n\t\t\t<span class=\"label\"> Hitta andra program<\/span>\n\t\t\t<\/a>\n\t\t\t<\/div>\n\t<\/div>\n\n\t\t\n\n<\/section>\n\t<\/div>\n\n\t","protected":false},"excerpt":{"rendered":"<p>P\u00e5 Sj\u00f6fart i Kalmar l\u00e4ser du inriktningen D\u00e4ck och blir L\u00e4ttmatros.<\/p>\n","protected":false},"featured_media":2758,"parent":0,"menu_order":0,"template":"","yoast_head":"<!-- This site is optimized with the Yoast SEO plugin v22.0 - https:\/\/yoast.com\/wordpress\/plugins\/seo\/ -->\n<title>Plugga Sj\u00f6fart i Kalmar - Praktiska Gymnasiet<\/title>\n<meta name=\"description\" content=\"Sj\u00f6fartsutbildningen passar dig som vill ha ett varierande och \u00e4ventyrligt jobb till havs d\u00e4r hela v\u00e4rlden kan bli din arbetsplats.\" \/>\n<meta name=\"robots\" content=\"index, follow, max-snippet:-1, max-image-preview:large, max-video-preview:-1\" \/>\n<link rel=\"canonical\" href=\"https:\/\/praktiska.se\/kalmar\/program\/sjofartsutbildningen\/\" \/>\n<meta property=\"og:locale\" content=\"sv_SE\" \/>\n<meta property=\"og:type\" content=\"article\" \/>\n<meta property=\"og:title\" content=\"Plugga Sj\u00f6fart i Kalmar - Praktiska Gymnasiet\" \/>\n<meta property=\"og:description\" content=\"Sj\u00f6fartsutbildningen passar dig som vill ha ett varierande och \u00e4ventyrligt jobb till havs d\u00e4r hela v\u00e4rlden kan bli din arbetsplats.\" \/>\n<meta property=\"og:url\" content=\"https:\/\/praktiska.se\/kalmar\/program\/sjofartsutbildningen\/\" \/>\n<meta property=\"og:site_name\" content=\"Kalmar\" \/>\n<meta property=\"article:modified_time\" content=\"2026-04-16T11:58:56+00:00\" \/>\n<meta property=\"og:image\" content=\"https:\/\/praktiska.se\/wp-content\/uploads\/sites\/16\/2023\/12\/sxdackweb347x260px.jpg\" \/>\n\t<meta property=\"og:image:width\" content=\"347\" \/>\n\t<meta property=\"og:image:height\" content=\"260\" \/>\n\t<meta property=\"og:image:type\" content=\"image\/jpeg\" \/>\n<meta name=\"twitter:card\" content=\"summary_large_image\" \/>\n<meta name=\"twitter:title\" content=\"Plugga Sj\u00f6fart i Kalmar - Praktiska Gymnasiet\" \/>\n<meta name=\"twitter:description\" content=\"Sj\u00f6fartsutbildningen passar dig som vill ha ett varierande och \u00e4ventyrligt jobb till havs d\u00e4r hela v\u00e4rlden kan bli din arbetsplats.\" \/>\n<meta name=\"twitter:image\" content=\"https:\/\/praktiska.se\/wp-content\/uploads\/sites\/16\/2023\/12\/sxdackweb347x260px.jpg\" \/>\n<meta name=\"twitter:label1\" content=\"Est. reading time\" \/>\n\t<meta name=\"twitter:data1\" content=\"2 minuter\" \/>\n<script type=\"application\/ld+json\" class=\"yoast-schema-graph\">{\"@context\":\"https:\/\/schema.org\",\"@graph\":[{\"@type\":\"WebPage\",\"@id\":\"https:\/\/praktiska.se\/kalmar\/program\/sjofartsutbildningen\/\",\"url\":\"https:\/\/praktiska.se\/kalmar\/program\/sjofartsutbildningen\/\",\"name\":\"Plugga Sj\u00f6fart i Kalmar - Praktiska Gymnasiet\",\"isPartOf\":{\"@id\":\"https:\/\/praktiska.se\/kalmar\/#website\"},\"datePublished\":\"2023-12-01T14:23:07+00:00\",\"dateModified\":\"2026-04-16T11:58:56+00:00\",\"description\":\"Sj\u00f6fartsutbildningen passar dig som vill ha ett varierande och \u00e4ventyrligt jobb till havs d\u00e4r hela v\u00e4rlden kan bli din arbetsplats.\",\"breadcrumb\":{\"@id\":\"https:\/\/praktiska.se\/kalmar\/program\/sjofartsutbildningen\/#breadcrumb\"},\"inLanguage\":\"sv-SE\",\"potentialAction\":[{\"@type\":\"ReadAction\",\"target\":[\"https:\/\/praktiska.se\/kalmar\/program\/sjofartsutbildningen\/\"]}]},{\"@type\":\"BreadcrumbList\",\"@id\":\"https:\/\/praktiska.se\/kalmar\/program\/sjofartsutbildningen\/#breadcrumb\",\"itemListElement\":[{\"@type\":\"ListItem\",\"position\":1,\"name\":\"Start\",\"item\":\"https:\/\/praktiska.se\/kalmar\"},{\"@type\":\"ListItem\",\"position\":2,\"name\":\"V\u00e5ra program\"}]},{\"@type\":\"WebSite\",\"@id\":\"https:\/\/praktiska.se\/kalmar\/#website\",\"url\":\"https:\/\/praktiska.se\/kalmar\/\",\"name\":\"Kalmar\",\"description\":\"Vi utbildar framtidens arbetskraft\",\"potentialAction\":[{\"@type\":\"SearchAction\",\"target\":{\"@type\":\"EntryPoint\",\"urlTemplate\":\"https:\/\/praktiska.se\/kalmar\/?s={search_term_string}\"},\"query-input\":\"required name=search_term_string\"}],\"inLanguage\":\"sv-SE\"}]}<\/script>\n<!-- \/ Yoast SEO plugin. -->","yoast_head_json":{"title":"Plugga Sj\u00f6fart i Kalmar - Praktiska Gymnasiet","description":"Sj\u00f6fartsutbildningen passar dig som vill ha ett varierande och \u00e4ventyrligt jobb till havs d\u00e4r hela v\u00e4rlden kan bli din arbetsplats.","robots":{"index":"index","follow":"follow","max-snippet":"max-snippet:-1","max-image-preview":"max-image-preview:large","max-video-preview":"max-video-preview:-1"},"canonical":"https:\/\/praktiska.se\/kalmar\/program\/sjofartsutbildningen\/","og_locale":"sv_SE","og_type":"article","og_title":"Plugga Sj\u00f6fart i Kalmar - Praktiska Gymnasiet","og_description":"Sj\u00f6fartsutbildningen passar dig som vill ha ett varierande och \u00e4ventyrligt jobb till havs d\u00e4r hela v\u00e4rlden kan bli din arbetsplats.","og_url":"https:\/\/praktiska.se\/kalmar\/program\/sjofartsutbildningen\/","og_site_name":"Kalmar","article_modified_time":"2026-04-16T11:58:56+00:00","og_image":[{"url":"https:\/\/praktiska.se\/wp-content\/uploads\/sites\/16\/2023\/12\/sxdackweb347x260px.jpg","width":347,"height":260,"type":"image\/jpeg"}],"twitter_card":"summary_large_image","twitter_title":"Plugga Sj\u00f6fart i Kalmar - Praktiska Gymnasiet","twitter_description":"Sj\u00f6fartsutbildningen passar dig som vill ha ett varierande och \u00e4ventyrligt jobb till havs d\u00e4r hela v\u00e4rlden kan bli din arbetsplats.","twitter_image":"https:\/\/praktiska.se\/wp-content\/uploads\/sites\/16\/2023\/12\/sxdackweb347x260px.jpg","twitter_misc":{"Est. reading time":"2 minuter"},"schema":{"@context":"https:\/\/schema.org","@graph":[{"@type":"WebPage","@id":"https:\/\/praktiska.se\/kalmar\/program\/sjofartsutbildningen\/","url":"https:\/\/praktiska.se\/kalmar\/program\/sjofartsutbildningen\/","name":"Plugga Sj\u00f6fart i Kalmar - Praktiska Gymnasiet","isPartOf":{"@id":"https:\/\/praktiska.se\/kalmar\/#website"},"datePublished":"2023-12-01T14:23:07+00:00","dateModified":"2026-04-16T11:58:56+00:00","description":"Sj\u00f6fartsutbildningen passar dig som vill ha ett varierande och \u00e4ventyrligt jobb till havs d\u00e4r hela v\u00e4rlden kan bli din arbetsplats.","breadcrumb":{"@id":"https:\/\/praktiska.se\/kalmar\/program\/sjofartsutbildningen\/#breadcrumb"},"inLanguage":"sv-SE","potentialAction":[{"@type":"ReadAction","target":["https:\/\/praktiska.se\/kalmar\/program\/sjofartsutbildningen\/"]}]},{"@type":"BreadcrumbList","@id":"https:\/\/praktiska.se\/kalmar\/program\/sjofartsutbildningen\/#breadcrumb","itemListElement":[{"@type":"ListItem","position":1,"name":"Start","item":"https:\/\/praktiska.se\/kalmar"},{"@type":"ListItem","position":2,"name":"V\u00e5ra program"}]},{"@type":"WebSite","@id":"https:\/\/praktiska.se\/kalmar\/#website","url":"https:\/\/praktiska.se\/kalmar\/","name":"Kalmar","description":"Vi utbildar framtidens arbetskraft","potentialAction":[{"@type":"SearchAction","target":{"@type":"EntryPoint","urlTemplate":"https:\/\/praktiska.se\/kalmar\/?s={search_term_string}"},"query-input":"required name=search_term_string"}],"inLanguage":"sv-SE"}]}},"_links":{"self":[{"href":"https:\/\/praktiska.se\/kalmar\/wp-json\/wp\/v2\/program_orientation\/2756"}],"collection":[{"href":"https:\/\/praktiska.se\/kalmar\/wp-json\/wp\/v2\/program_orientation"}],"about":[{"href":"https:\/\/praktiska.se\/kalmar\/wp-json\/wp\/v2\/types\/program_orientation"}],"version-history":[{"count":9,"href":"https:\/\/praktiska.se\/kalmar\/wp-json\/wp\/v2\/program_orientation\/2756\/revisions"}],"predecessor-version":[{"id":3535,"href":"https:\/\/praktiska.se\/kalmar\/wp-json\/wp\/v2\/program_orientation\/2756\/revisions\/3535"}],"wp:featuredmedia":[{"embeddable":true,"href":"https:\/\/praktiska.se\/kalmar\/wp-json\/wp\/v2\/media\/2758"}],"wp:attachment":[{"href":"https:\/\/praktiska.se\/kalmar\/wp-json\/wp\/v2\/media?parent=2756"}],"curies":[{"name":"wp","href":"https:\/\/api.w.org\/{rel}","templated":true}]}}