{"id":412,"date":"2023-03-03T15:28:56","date_gmt":"2023-03-03T14:28:56","guid":{"rendered":"https:\/\/praktiska.se\/goteborg-majorna\/?page_id=412"},"modified":"2026-04-20T14:14:21","modified_gmt":"2026-04-20T12:14:21","slug":"om-praktiska","status":"publish","type":"page","link":"https:\/\/praktiska.se\/goteborg-majorna\/om-praktiska\/","title":{"rendered":"Om Praktiska"},"content":{"rendered":"\n\t\n\t\n\t\n\t\n\t\n\n<section \n\tclass=\"ams-hero ams-hero--classic ams-hero--75 c-block l-stacked  \"\n\tdata-color-scheme=\"hero\"\n\tstyle=\"\">\n\t<div class=\"ams-hero__container u-items-start u-justify-center\">\n\t\t<div\n\t\t\tclass=\"ams-hero__content l-stack l-stack-xl is-left is-left@md\" >\n\t\t\t<div class=\"l-stack l-stack-lg\">\n\t\t\t\t\t\n\t<h1\n\tclass=\"c-heading u-font-huge \"\n\tstyle=\"\">\n\t\t\n\t\t\t\t\t\t\t\t\t<span class=\"c-heading__sub is-above u-font-title-3\">\n\t\t\t\t\tAllt du beh\u00f6ver veta\n\t\t\t\t<\/span>\n\t\t\t\tOm Praktiska G\u00f6teborg Majorna \n\t\t\t\t\t\t\t\n\t<\/h1>\n\n\t\t\t\t\t\t\t\t\t<div class=\"text l-stack u-font-body\">\n\t\t\t\t\t\t<p><span data-sheets-root=\"1\" data-sheets-value=\"{&quot;1&quot;:2,&quot;2&quot;:&quot;Praktiska Gymnasiet G\u00f6teborg Majorna har praktiska utbildningar som \u00e4r anpassade f\u00f6r ditt framtida arbetsliv eller vidare studier. Hos oss blandar du studier med praktik vilket g\u00f6r att du tidigt f\u00e5r kontakter i n\u00e4ringslivet. Bland annat kan du som l\u00e4ser v\u00e5rd- och omsorgsprogrammet bli diplomerad genom VO-Collage, vilket g\u00f6r dig mer attraktiv p\u00e5 arbetsmarknaden. &quot;}\" data-sheets-userformat=\"{&quot;2&quot;:5025,&quot;3&quot;:{&quot;1&quot;:0},&quot;8&quot;:{&quot;1&quot;:[{&quot;1&quot;:2,&quot;2&quot;:0,&quot;5&quot;:{&quot;1&quot;:2,&quot;2&quot;:0}},{&quot;1&quot;:0,&quot;2&quot;:0,&quot;3&quot;:3},{&quot;1&quot;:1,&quot;2&quot;:0,&quot;4&quot;:1}]},&quot;10&quot;:0,&quot;11&quot;:4,&quot;12&quot;:0,&quot;15&quot;:&quot;Helvetica Neue&quot;}\">Praktiska Gymnasiet G\u00f6teborg Majorna har praktiska utbildningar som \u00e4r anpassade f\u00f6r ditt framtida arbetsliv eller vidare studier. Hos oss varvar du studier p\u00e5 skolan med praktiskt arbete p\u00e5 arbetsplatser vilket g\u00f6r att du tidigt f\u00e5r kontakter i n\u00e4ringslivet. Bland annat kan du som l\u00e4ser v\u00e5rd- och omsorgsprogrammet bli certifierad genom VO-Collage, vilket g\u00f6r dig mer attraktiv p\u00e5 arbetsmarknaden. <\/span><\/p>\n\n\t\t\t\t\t<\/div>\n\t\t\t\t\t\t\t<\/div>\n\n\t\t\t\t<div class=\"ams-hero__action u-inline-items\">\n\t\t\t\t\t\t\t\n\n\n<a href=\"https:\/\/praktiska.se\/goteborg-majorna\/program\/\"\n\t\n\tclass=\"c-btn \"\n\tdata-style=\"round\"\n\tdata-size=\"md\"\n\tdata-width=\"full-mobile\"\n\tdata-variant=\"default\"\n\ttarget=\"_self\">\n\t\t\t<span class=\"label\"> Alla v\u00e5ra program<\/span>\n\t\t\t<\/a>\n\t\t\t\t\t\t\t\n\n\n<a href=\"https:\/\/praktiska.se\/goteborg-majorna\/oppet-hus\/\"\n\t\n\tclass=\"c-btn \"\n\tdata-style=\"round\"\n\tdata-size=\"md\"\n\tdata-width=\"full-mobile\"\n\tdata-variant=\"outline\"\n\ttarget=\"_self\">\n\t\t\t<span class=\"label\"> Kom p\u00e5 \u00f6ppet hus<\/span>\n\t\t\t<\/a>\n\t\t\t<\/div>\n\t\t<\/div>\n\t<\/div>\n\n\t\n\t\t\t\n\t\t\t\t\t\t\t\n\t\t\t\t<div class=\"c-bg c-bg--img\" data-settings=\"{&quot;desktop_settings&quot;:{&quot;size&quot;:&quot;cover&quot;,&quot;position&quot;:&quot;middle-center&quot;},&quot;mobile_settings&quot;:{&quot;size&quot;:&quot;cover&quot;,&quot;position&quot;:&quot;middle-center&quot;}}\" data-position=\"middle-center\" data-size=\"cover\">\n\t\t\t<img decoding=\"async\" width=\"1200\" height=\"800\" src=\"https:\/\/praktiska.se\/wp-content\/uploads\/sites\/12\/2024\/06\/praktiskagymnasietgoteborg-majorna202304-202804web47-1200x800.jpg\" class=\"attachment-xxl size-xxl\" alt=\"Elever p\u00e5 v\u00e5rd och omsorg som \u00f6ver HLR.\" sizes=\"(max-width: 1200px) 100vw, 1200px\" srcset=\"https:\/\/praktiska.se\/wp-content\/uploads\/sites\/12\/2024\/06\/praktiskagymnasietgoteborg-majorna202304-202804web47-1200x800.jpg 1200w, https:\/\/praktiska.se\/wp-content\/uploads\/sites\/12\/2024\/06\/praktiskagymnasietgoteborg-majorna202304-202804web47-300x200.jpg 300w, https:\/\/praktiska.se\/wp-content\/uploads\/sites\/12\/2024\/06\/praktiskagymnasietgoteborg-majorna202304-202804web47-400x267.jpg 400w, https:\/\/praktiska.se\/wp-content\/uploads\/sites\/12\/2024\/06\/praktiskagymnasietgoteborg-majorna202304-202804web47-600x400.jpg 600w, https:\/\/praktiska.se\/wp-content\/uploads\/sites\/12\/2024\/06\/praktiskagymnasietgoteborg-majorna202304-202804web47-800x533.jpg 800w, https:\/\/praktiska.se\/wp-content\/uploads\/sites\/12\/2024\/06\/praktiskagymnasietgoteborg-majorna202304-202804web47-1024x683.jpg 1024w, https:\/\/praktiska.se\/wp-content\/uploads\/sites\/12\/2024\/06\/praktiskagymnasietgoteborg-majorna202304-202804web47.jpg 2048w\" \/>\n\t\t<\/div>\n\t\n\t<div class=\"c-overlay\" style=\"--overlay-bg: rgba(40,40,40,0.6);\"><\/div>\n<\/section>\n\n\n\n\n<section  class=\"ams-usp c-block l-stacked\" data-color-scheme=\"white\">\n\t<div class=\"l-container l-stack l-stack-fluid-2xl u-pt-fluid-3xl-6xl u-pb-fluid-3xl-6xl is-center is-center@md\">\n\t\t\t\t\t<div class=\"ams-usp__intro l-stack l-stack-lg\">\n\t\t\t\t\t\n\t<h2\n\tclass=\"c-heading u-font-title-1 \"\n\tstyle=\"\">\n\t\t\n\t\t\t\t\tSom elev hos oss f\u00e5r du\n\t\t\t\t\n\t<\/h2>\n\n\t\t\t\t\t\t\t<\/div>\n\t\t\n\t\t\t<ul class=\"ams-usp__list l-grid u-justify-center u-gap-fluid-2xl-4xl\">\n\t\t\t\t\t<li class=\"l-col-6@md l-col-4@lg\">\n\t\t\t\t<article\n\t\t\t\t\tclass=\"\n\t\t\t\t\tc-card\n\t\t\t\t\thas-media-zoom\n\t\t\t\t\t\n\t\t\t\t\t\n\t\t\t\t\t\"\n\t\t\t\t\tdata-variant=\"neutral\"\n\t\t\t\t\tdata-style=\"square\"\n\t\t\t\t\t\n\t\t\t\t\t>\n\t\t\t\t\t\t\t\t\t\t\t<div class=\"c-card__content l-stack l-stack-sm u-text-center\">\n\t\t\t\t\t\t\t\t\t\t\t\t\t\t\t<h3 class=\"c-card__title u-font-title-3\">\n\t\t\t\t\t\t\t\t\t\t\t\t\t\t\t\t\t\t\t\t\t\t\t\t\t\t\t\t\t\tGrundl\u00e4ggande h\u00f6gskolebeh\u00f6righet\n\t\t\t\t\t\t\t\t\t\t\t\t\t\t\t\t\t\t\t\t\t\t\t\t\t\t\t<\/h3>\n\t\t\t\t\t\t\t\n\t\t\t\t\t\t\t\t\t\t\t\t\t\t\t<div class=\"c-card__text l-stack-xs u-font-body\">\n\t\t\t\t\t\t\t\t\t<p><span data-sheets-root=\"1\" data-sheets-value=\"{&quot;1&quot;:2,&quot;2&quot;:&quot;Hos oss kan du ta studenten med b\u00e5de en yrkesexamen och grundl\u00e4ggande h\u00f6gskolebeh\u00f6righet. Beh\u00f6righeten g\u00e5r att v\u00e4lja bort om du bara vill fokusera p\u00e5 dina yrkeskurser.&quot;}\" data-sheets-userformat=\"{&quot;2&quot;:4993,&quot;3&quot;:{&quot;1&quot;:0},&quot;10&quot;:0,&quot;11&quot;:4,&quot;12&quot;:0,&quot;15&quot;:&quot;Helvetica Neue&quot;}\">Hos oss kan du ta studenten med b\u00e5de en yrkesexamen och grundl\u00e4ggande h\u00f6gskolebeh\u00f6righet. Beh\u00f6righeten g\u00e5r att v\u00e4lja bort om du bara vill fokusera p\u00e5 dina yrkeskurser.<\/span><\/p>\n\n\t\t\t\t\t\t\t\t<\/div>\n\t\t\t\t\t\t\t\t\t\t\t\t\t<\/div>\n\t\t\t\t\t\n\t\t\t\t\t<div class=\"c-card__media\">\n\t\t\t\t\t\t\t\t\t\t\t\t\t<img decoding=\"async\" src=\"https:\/\/praktiska.se\/wp-content\/uploads\/2023\/11\/praktiskaikoneruspar142x142pxmojlighettillhogskolebehorighet.svg\" class=\" u-ratio-landscape  ams_icon_size_usp\" alt=\"Icon som f\u00f6rest\u00e4ller en skola\" height=\"142\" width=\"142\" \/>\n\t\t\t\t\t\t\t\t\t\t\t<\/div>\n\t\t\t\t<\/article>\n\t\t\t<\/li>\n\n\t\t\t\t\t<li class=\"l-col-6@md l-col-4@lg\">\n\t\t\t\t<article\n\t\t\t\t\tclass=\"\n\t\t\t\t\tc-card\n\t\t\t\t\thas-media-zoom\n\t\t\t\t\t\n\t\t\t\t\t\n\t\t\t\t\t\"\n\t\t\t\t\tdata-variant=\"neutral\"\n\t\t\t\t\tdata-style=\"square\"\n\t\t\t\t\t\n\t\t\t\t\t>\n\t\t\t\t\t\t\t\t\t\t\t<div class=\"c-card__content l-stack l-stack-sm u-text-center\">\n\t\t\t\t\t\t\t\t\t\t\t\t\t\t\t<h3 class=\"c-card__title u-font-title-3\">\n\t\t\t\t\t\t\t\t\t\t\t\t\t\t\t\t\t\t\t\t\t\t\t\t\t\t\t\t\t\tV\u00e5rd och omsorgscollage\n\t\t\t\t\t\t\t\t\t\t\t\t\t\t\t\t\t\t\t\t\t\t\t\t\t\t\t<\/h3>\n\t\t\t\t\t\t\t\n\t\t\t\t\t\t\t\t\t\t\t\t\t\t\t<div class=\"c-card__text l-stack-xs u-font-body\">\n\t\t\t\t\t\t\t\t\t<p>V\u00e5rd- och omsorgsutbildningen p\u00e5 Praktiska G\u00f6teborg Majorna \u00e4r kvalitetss\u00e4krad genom samverkan och leder till arbete och utveckling i en framtidsbransch. Elever som l\u00e4ser inom VO-College f\u00e5r diplom efter avslutade studier.<\/p>\n\n\t\t\t\t\t\t\t\t<\/div>\n\t\t\t\t\t\t\t\t\t\t\t\t\t<\/div>\n\t\t\t\t\t\n\t\t\t\t\t<div class=\"c-card__media\">\n\t\t\t\t\t\t\t\t\t\t\t\t\t<img decoding=\"async\" src=\"https:\/\/praktiska.se\/wp-content\/uploads\/2023\/11\/praktiskaikoneruspar142x142pxvardochomsorgscollege.svg\" class=\" u-ratio-landscape  ams_icon_size_usp\" alt=\"Icon som f\u00f6rest\u00e4ller ett diplom.\" height=\"142\" width=\"142\" \/>\n\t\t\t\t\t\t\t\t\t\t\t<\/div>\n\t\t\t\t<\/article>\n\t\t\t<\/li>\n\n\t\t\t\t\t<li class=\"l-col-6@md l-col-4@lg\">\n\t\t\t\t<article\n\t\t\t\t\tclass=\"\n\t\t\t\t\tc-card\n\t\t\t\t\thas-media-zoom\n\t\t\t\t\t\n\t\t\t\t\t\n\t\t\t\t\t\"\n\t\t\t\t\tdata-variant=\"neutral\"\n\t\t\t\t\tdata-style=\"square\"\n\t\t\t\t\t\n\t\t\t\t\t>\n\t\t\t\t\t\t\t\t\t\t\t<div class=\"c-card__content l-stack l-stack-sm u-text-center\">\n\t\t\t\t\t\t\t\t\t\t\t\t\t\t\t<h3 class=\"c-card__title u-font-title-3\">\n\t\t\t\t\t\t\t\t\t\t\t\t\t\t\t\t\t\t\t\t\t\t\t\t\t\t\t\t\t\tPraktik (apl) &#038; L\u00e4rling\n\t\t\t\t\t\t\t\t\t\t\t\t\t\t\t\t\t\t\t\t\t\t\t\t\t\t\t<\/h3>\n\t\t\t\t\t\t\t\n\t\t\t\t\t\t\t\t\t\t\t\t\t\t\t<div class=\"c-card__text l-stack-xs u-font-body\">\n\t\t\t\t\t\t\t\t\t<p>Hos oss har du minst 15 veckors apl (arbetsplatsf\u00f6rlagt l\u00e4rande) p\u00e5 ett f\u00f6retag. P\u00e5 vissa av v\u00e5ra program kan du l\u00e4sa som l\u00e4rling. Det inneb\u00e4r att du spenderar mer \u00e4n 50 % av din skoltid p\u00e5 ett f\u00f6retag, r\u00e4knat fr\u00e5n det l\u00e4s\u00e5r du blir l\u00e4rling.<\/p>\n\n\t\t\t\t\t\t\t\t<\/div>\n\t\t\t\t\t\t\t\t\t\t\t\t\t<\/div>\n\t\t\t\t\t\n\t\t\t\t\t<div class=\"c-card__media\">\n\t\t\t\t\t\t\t\t\t\t\t\t\t<img decoding=\"async\" src=\"https:\/\/praktiska.se\/wp-content\/uploads\/2023\/11\/praktiskaikoneruspar142x142pxapl.svg\" class=\" u-ratio-landscape  ams_icon_size_usp\" alt=\"Icon i form av en d\u00f6rr\" height=\"142\" width=\"142\" \/>\n\t\t\t\t\t\t\t\t\t\t\t<\/div>\n\t\t\t\t<\/article>\n\t\t\t<\/li>\n\n\t\t\t<\/ul>\n\n\t\t\t<\/div>\n\n\t\t\n\n<\/section>\n\n\n\n\n<section  class=\"ams-cta ams-cta--stacked c-block l-stacked\" data-color-scheme=\"gray\">\n\t<div class=\"l-container-narrow l-stack l-stack-fluid-2xl u-pt-fluid-3xl-6xl u-pb-fluid-3xl-6xl is-center is-center@md\">\n\t\t\t\t\t<div class=\"ams-cta__intro l-stack l-stack-lg\">\n\t\t\t\t\t\n\t<h2\n\tclass=\"c-heading u-font-title-1 \"\n\tstyle=\"\">\n\t\t\n\t\t\t\t\tV\u00e5ra program\n\t\t\t\t\n\t<\/h2>\n\n\t\t\t\t\t\t\t\t\t<div class=\"c-text l-stack u-cs-xl u-font-body\">\n\t\t\t\t\t\t<p><span data-sheets-root=\"1\" data-sheets-value=\"{&quot;1&quot;:2,&quot;2&quot;:&quot;P\u00e5 Praktiska Gymnasiet ORT erbjuder vi yrkesprogram som f\u00f6rbereder dig f\u00f6r arbetslivet direkt efter studenten. Kolla in alla v\u00e5ra program och se om du hittar ditt dr\u00f6myrke hos oss! &quot;}\" data-sheets-userformat=\"{&quot;2&quot;:4995,&quot;3&quot;:{&quot;1&quot;:0},&quot;4&quot;:{&quot;1&quot;:2,&quot;2&quot;:10797812},&quot;10&quot;:2,&quot;11&quot;:4,&quot;12&quot;:0,&quot;15&quot;:&quot;Helvetica Neue&quot;}\" data-sheets-textstyleruns=\"{&quot;1&quot;:0}\uee10{&quot;1&quot;:23,&quot;2&quot;:{&quot;5&quot;:1}}\uee10{&quot;1&quot;:27}\">P\u00e5 Praktiska Gymnasiet Majorna erbjuder vi yrkesprogram som f\u00f6rbereder dig f\u00f6r arbetslivet direkt efter studenten. Kolla in alla v\u00e5ra program och se om du hittar ditt dr\u00f6myrke hos oss! <\/span><\/p>\n\n\t\t\t\t\t<\/div>\n\t\t\t\t\t\t\t<\/div>\n\t\t\n\t\t\n\t\t\t<div class=\"ams-cta__action u-inline-items\">\n\t\t\t\t\t\t\t\n\n\n<a href=\"https:\/\/praktiska.se\/goteborg-majorna\/program\/\"\n\t\n\tclass=\"c-btn \"\n\tdata-style=\"round\"\n\tdata-size=\"md\"\n\tdata-width=\"full-mobile\"\n\tdata-variant=\"default\"\n\ttarget=\"_self\">\n\t\t\t<span class=\"label\"> Alla v\u00e5ra program<\/span>\n\t\t\t<\/a>\n\t\t\t<\/div>\n\t<\/div>\n\n\t\t\n\n<\/section>\n\n\n\n\n<section  class=\"ams-quote c-block l-stacked\" data-color-scheme=\"orange\">\n\t<div class=\"l-container l-stack l-stack-fluid-2xl u-pt-fluid-3xl-6xl u-pb-fluid-3xl-6xl is-center is-center@md\">\n\t\t\n\t\t\t\t\t<ul class=\"ams-quote__list l-grid u-gap-fluid-2xl-4xl u-justify-center\"\n\taria-label=\"Citat\">\n\t\t\t<li class=\"l-col-12@md\">\n\t\t\t<article class=\"c-card\" data-variant=\"neutral\" >\n\t\t\t\t<div class=\"c-card__content l-stack u-text-center\">\n\t\t\t\t\t\t\t\t\t\t\t<blockquote class=\"c-card__title u-font-title-1\">\n\t\t\t\t\t\t\t\t\t\t\t\t\t\t\t<p class=\"u-quote-marks\">Det finns s\u00e5 m\u00e5nga m\u00f6jligheter efter studenten, allt beror p\u00e5 vilken ambition man har<\/p>\n\t\t\t\t\t\t\t\t\t\t\t\t\t<\/blockquote>\n\t\t\t\t\t\n\t\t\t\t\t\t\t\t\t\t\t<p class=\"c-card__text\">\n\t\t\t\t\t\t\t<span class=\"author u-font-body\">Lea<\/span>\n\t\t\t\t\t\t\t<span class=\"title u-font-body\">Elev, Praktiska Gymnasiet G\u00f6teborg Majorna<\/span>\n\t\t\t\t\t\t<\/p>\n\t\t\t\t\t\t\t\t\t<\/div>\n\n\t\t\t\t\t\t\t<\/article>\n\t\t<\/li>\n\t<\/ul>\n\t\n\t\t\t<\/div>\n\n\t\t\n\n<\/section>\n\n\n\n\n\n<section  class=\"ams-faq ams_event_module c-block l-stacked js-load-more\" data-color-scheme=\"faq-white\" data-count=\"5\" data-count-mobile=\"5\">\n\t<div class=\"l-container-narrow l-stack l-stack-fluid-2xl u-pt-fluid-3xl-6xl u-pb-fluid-3xl-6xl is-center is-center@md\">\n\t\t\t\t\t<div class=\"ams-faq__intro l-stack l-stack-lg\">\n\t\t\t\t\t\n\t<h2\n\tclass=\"c-heading u-font-title-1 \"\n\tstyle=\"\">\n\t\t\n\t\t\t\t\tVanliga fr\u00e5gor\n\t\t\t\t\n\t<\/h2>\n\n\t\t\t\t\t\t\t\t\t<div class=\"c-text l-stack u-cs-xl u-font-body\">\n\t\t\t\t\t\t<p><span data-sheets-root=\"1\" data-sheets-value=\"{&quot;1&quot;:2,&quot;2&quot;:&quot;H\u00e4r har vi samlat svaren p\u00e5 de vanligaste fr\u00e5gorna som handlar om APL och att l\u00e4sa som l\u00e4rling&quot;}\" data-sheets-userformat=\"{&quot;2&quot;:5041,&quot;3&quot;:{&quot;1&quot;:0},&quot;7&quot;:{&quot;1&quot;:[{&quot;1&quot;:2,&quot;2&quot;:0,&quot;5&quot;:{&quot;1&quot;:2,&quot;2&quot;:0}},{&quot;1&quot;:0,&quot;2&quot;:0,&quot;3&quot;:3},{&quot;1&quot;:1,&quot;2&quot;:0,&quot;4&quot;:1}]},&quot;8&quot;:{&quot;1&quot;:[{&quot;1&quot;:2,&quot;2&quot;:0,&quot;5&quot;:{&quot;1&quot;:2,&quot;2&quot;:0}},{&quot;1&quot;:0,&quot;2&quot;:0,&quot;3&quot;:3},{&quot;1&quot;:1,&quot;2&quot;:0,&quot;4&quot;:1}]},&quot;10&quot;:0,&quot;11&quot;:4,&quot;12&quot;:0,&quot;15&quot;:&quot;Arial&quot;}\">H\u00e4r har vi samlat svaren p\u00e5 de vanligaste fr\u00e5gorna om v\u00e5r skola.\u00a0<\/span><\/p>\n\n\t\t\t\t\t<\/div>\n\t\t\t\t\t\t\t<\/div>\n\t\t\n\t\t\n\t\n\t    \n\t\n\t<ul\n\t\tid=\"ams-faq-list-69f15e35e0f73\"\n\t\tclass=\"ams-faq__ac ams-accordion_module c-accordion js-results \"\n\t\taria-label=\"Vanliga fr\u00e5gor\"\n\t\tdata-variant=\"border-between\"\n\t\tdata-ajax-action=\"log_faq_view\"\n\t\tdata-ajax-url=\"https:\/\/praktiska.se\/goteborg-majorna\/wp-admin\/admin-ajax.php\"\n\t\tdata-ajax-nonce=\"57516016c0\"\n\t\tdata-filter-animation=\"off\">\n\n\t\t\n\t\t\t\t\t\t\t\t\t\t\t\t\t\t\t\n\t\t\t\n\t\t\t<li data-ajax-id=\"3456\" class=\"c-accordion__item \"\n\t\t\tdata-filter=\"om-praktiska april-2026\"\n\t\t\t>\n\t\t\t\t<h3 class=\"c-accordion__header\">\n\t\t\t\t\t\t\t\t\t\t<button class=\"c-accordion__trigger u-py-sm u-px-fluid-md-xl u-font-title-4\">\n\t\t\t\t\t\t<span>\u00c4r ni branschcertifierade? <\/span>\n\t\t\t\t\t\t<svg class=\"ams-icon ams-icon__arrow-down\" width=\"24\" height=\"24\" viewbox=\"0 0 24 24\" fill=\"currentColor\" aria-hidden=\"true\" xmlns=\"http:\/\/www.w3.org\/2000\/svg\">\n\t\t\t\t\t\t\t\t\t\t\t\t\t<path d=\"m11.2033 18.4294-10.872894-10.67584c-.440539-.42594-.440539-1.1147 0-1.54065l.665495-.64345c.440539-.42595 1.152899-.42595 1.593439 0l9.41066 9.27114 9.4107-9.26207c.4405-.42595 1.1529-.42595 1.5934 0l.6655.64345c.4405.42594.4405 1.1147 0 1.54065l-10.8729 10.67587c-.4405.4168-1.1529.4168-1.5934-.0091z\"\/>\n\t\t\t\t\t\n\t\t\t\t\t\t<\/svg>\n\t\t\t\t\t<\/button>\n\t\t\t\t<\/h3>\n\t\t\t\t<div class=\"c-accordion__body l-stack u-font-body\">\n\t\t\t\t\t<div class=\"c-accordion__body__inner u-p-fluid-md-xl l-stack\">\n\t\t\t\t\t\t<p>Ja, vi \u00e4r certifierade inom V\u00e5rd- och omsorgscollege och Fris\u00f6rf\u00f6retagarna.<\/p>\n\n\t\t\t\t\t<\/div>\n\t\t\t\t<\/div>\n\t\t\t<\/li>\n\t\t\n\t\t\t\t\t\t\t\t\t\t\t\t\t\t\t\n\t\t\t\n\t\t\t<li data-ajax-id=\"3038\" class=\"c-accordion__item \"\n\t\t\tdata-filter=\"om-praktiska augusti-2024\"\n\t\t\t>\n\t\t\t\t<h3 class=\"c-accordion__header\">\n\t\t\t\t\t\t\t\t\t\t<button class=\"c-accordion__trigger u-py-sm u-px-fluid-md-xl u-font-title-4\">\n\t\t\t\t\t\t<span>Var har man idrott?<\/span>\n\t\t\t\t\t\t<svg class=\"ams-icon ams-icon__arrow-down\" width=\"24\" height=\"24\" viewbox=\"0 0 24 24\" fill=\"currentColor\" aria-hidden=\"true\" xmlns=\"http:\/\/www.w3.org\/2000\/svg\">\n\t\t\t\t\t\t\t\t\t\t\t\t\t<path d=\"m11.2033 18.4294-10.872894-10.67584c-.440539-.42594-.440539-1.1147 0-1.54065l.665495-.64345c.440539-.42595 1.152899-.42595 1.593439 0l9.41066 9.27114 9.4107-9.26207c.4405-.42595 1.1529-.42595 1.5934 0l.6655.64345c.4405.42594.4405 1.1147 0 1.54065l-10.8729 10.67587c-.4405.4168-1.1529.4168-1.5934-.0091z\"\/>\n\t\t\t\t\t\n\t\t\t\t\t\t<\/svg>\n\t\t\t\t\t<\/button>\n\t\t\t\t<\/h3>\n\t\t\t\t<div class=\"c-accordion__body l-stack u-font-body\">\n\t\t\t\t\t<div class=\"c-accordion__body__inner u-p-fluid-md-xl l-stack\">\n\t\t\t\t\t\t<p>V\u00e5ra elever har oftast idrott i GAK-hallen vid Fr\u00f6lunda Borg, men lektioner p\u00e5 Fj\u00e4rderborgen, Fighting centre och Kviberg arena f\u00f6rekommer ocks\u00e5. N\u00e4r v\u00e4dret till\u00e5ter \u00e4r vi utomhus.<\/p>\n\n\t\t\t\t\t<\/div>\n\t\t\t\t<\/div>\n\t\t\t<\/li>\n\t\t\n\t\t\t\t\t\t\t\t\t\t\t\t\t\t\t\n\t\t\t\n\t\t\t<li data-ajax-id=\"2729\" class=\"c-accordion__item \"\n\t\t\tdata-filter=\"om-praktiska december-2023\"\n\t\t\t>\n\t\t\t\t<h3 class=\"c-accordion__header\">\n\t\t\t\t\t\t\t\t\t\t<button class=\"c-accordion__trigger u-py-sm u-px-fluid-md-xl u-font-title-4\">\n\t\t\t\t\t\t<span>Var \u00e4ter man lunch p\u00e5 skolan? <\/span>\n\t\t\t\t\t\t<svg class=\"ams-icon ams-icon__arrow-down\" width=\"24\" height=\"24\" viewbox=\"0 0 24 24\" fill=\"currentColor\" aria-hidden=\"true\" xmlns=\"http:\/\/www.w3.org\/2000\/svg\">\n\t\t\t\t\t\t\t\t\t\t\t\t\t<path d=\"m11.2033 18.4294-10.872894-10.67584c-.440539-.42594-.440539-1.1147 0-1.54065l.665495-.64345c.440539-.42595 1.152899-.42595 1.593439 0l9.41066 9.27114 9.4107-9.26207c.4405-.42595 1.1529-.42595 1.5934 0l.6655.64345c.4405.42594.4405 1.1147 0 1.54065l-10.8729 10.67587c-.4405.4168-1.1529.4168-1.5934-.0091z\"\/>\n\t\t\t\t\t\n\t\t\t\t\t\t<\/svg>\n\t\t\t\t\t<\/button>\n\t\t\t\t<\/h3>\n\t\t\t\t<div class=\"c-accordion__body l-stack u-font-body\">\n\t\t\t\t\t<div class=\"c-accordion__body__inner u-p-fluid-md-xl l-stack\">\n\t\t\t\t\t\t<p><span data-sheets-root=\"1\" data-sheets-value=\"{&quot;1&quot;:2,&quot;2&quot;:&quot;Eleverna p\u00e5 v\u00e5r skola \u00e4r lunch i skolans matsal. &quot;}\" data-sheets-userformat=\"{&quot;2&quot;:4993,&quot;3&quot;:{&quot;1&quot;:0},&quot;10&quot;:0,&quot;11&quot;:4,&quot;12&quot;:0,&quot;15&quot;:&quot;Helvetica Neue&quot;}\">V\u00e5ra elever \u00e4ter lunch i en bemannad matsal med catering fr\u00e5n Skolfood.\u00a0<\/span><\/p>\n\n\t\t\t\t\t<\/div>\n\t\t\t\t<\/div>\n\t\t\t<\/li>\n\t\t\n\t\t\t\t\t\t\t\t\t\t\t\t\t\t\t\n\t\t\t\n\t\t\t<li data-ajax-id=\"2728\" class=\"c-accordion__item \"\n\t\t\tdata-filter=\"om-praktiska december-2023\"\n\t\t\t>\n\t\t\t\t<h3 class=\"c-accordion__header\">\n\t\t\t\t\t\t\t\t\t\t<button class=\"c-accordion__trigger u-py-sm u-px-fluid-md-xl u-font-title-4\">\n\t\t\t\t\t\t<span>Vilken \u00e4r n\u00e4rmaste h\u00e5llplats till skolan? <\/span>\n\t\t\t\t\t\t<svg class=\"ams-icon ams-icon__arrow-down\" width=\"24\" height=\"24\" viewbox=\"0 0 24 24\" fill=\"currentColor\" aria-hidden=\"true\" xmlns=\"http:\/\/www.w3.org\/2000\/svg\">\n\t\t\t\t\t\t\t\t\t\t\t\t\t<path d=\"m11.2033 18.4294-10.872894-10.67584c-.440539-.42594-.440539-1.1147 0-1.54065l.665495-.64345c.440539-.42595 1.152899-.42595 1.593439 0l9.41066 9.27114 9.4107-9.26207c.4405-.42595 1.1529-.42595 1.5934 0l.6655.64345c.4405.42594.4405 1.1147 0 1.54065l-10.8729 10.67587c-.4405.4168-1.1529.4168-1.5934-.0091z\"\/>\n\t\t\t\t\t\n\t\t\t\t\t\t<\/svg>\n\t\t\t\t\t<\/button>\n\t\t\t\t<\/h3>\n\t\t\t\t<div class=\"c-accordion__body l-stack u-font-body\">\n\t\t\t\t\t<div class=\"c-accordion__body__inner u-p-fluid-md-xl l-stack\">\n\t\t\t\t\t\t<p><span data-sheets-root=\"1\" data-sheets-value=\"{&quot;1&quot;:2,&quot;2&quot;:&quot;De n\u00e4rmaste h\u00e5llplatserna till skolan med kollektivtrafik \u00e4r Chapmans torg eller Jaegerdorffsplatsen&quot;}\" data-sheets-userformat=\"{&quot;2&quot;:4993,&quot;3&quot;:{&quot;1&quot;:0},&quot;10&quot;:0,&quot;11&quot;:4,&quot;12&quot;:0,&quot;15&quot;:&quot;Helvetica Neue&quot;}\" data-sheets-textstyleruns=\"{&quot;1&quot;:0}\uee10{&quot;1&quot;:61,&quot;2&quot;:{&quot;5&quot;:1}}\uee10{&quot;1&quot;:74}\uee10{&quot;1&quot;:81,&quot;2&quot;:{&quot;5&quot;:1}}\">De n\u00e4rmaste h\u00e5llplatserna till skolan med kollektivtrafik \u00e4r <strong>Chapmans torg<\/strong> eller <strong>Jaegerdorffsplatsen<\/strong><\/span><\/p>\n\n\t\t\t\t\t<\/div>\n\t\t\t\t<\/div>\n\t\t\t<\/li>\n\t\t\n\t\t\t\t\t\t\t\t\t\t\t\t\t\t\t\n\t\t\t\n\t\t\t<li data-ajax-id=\"2727\" class=\"c-accordion__item \"\n\t\t\tdata-filter=\"om-praktiska december-2023\"\n\t\t\t>\n\t\t\t\t<h3 class=\"c-accordion__header\">\n\t\t\t\t\t\t\t\t\t\t<button class=\"c-accordion__trigger u-py-sm u-px-fluid-md-xl u-font-title-4\">\n\t\t\t\t\t\t<span>Hur m\u00e5nga elever g\u00e5r det p\u00e5 skolan? <\/span>\n\t\t\t\t\t\t<svg class=\"ams-icon ams-icon__arrow-down\" width=\"24\" height=\"24\" viewbox=\"0 0 24 24\" fill=\"currentColor\" aria-hidden=\"true\" xmlns=\"http:\/\/www.w3.org\/2000\/svg\">\n\t\t\t\t\t\t\t\t\t\t\t\t\t<path d=\"m11.2033 18.4294-10.872894-10.67584c-.440539-.42594-.440539-1.1147 0-1.54065l.665495-.64345c.440539-.42595 1.152899-.42595 1.593439 0l9.41066 9.27114 9.4107-9.26207c.4405-.42595 1.1529-.42595 1.5934 0l.6655.64345c.4405.42594.4405 1.1147 0 1.54065l-10.8729 10.67587c-.4405.4168-1.1529.4168-1.5934-.0091z\"\/>\n\t\t\t\t\t\n\t\t\t\t\t\t<\/svg>\n\t\t\t\t\t<\/button>\n\t\t\t\t<\/h3>\n\t\t\t\t<div class=\"c-accordion__body l-stack u-font-body\">\n\t\t\t\t\t<div class=\"c-accordion__body__inner u-p-fluid-md-xl l-stack\">\n\t\t\t\t\t\t<p><span data-sheets-root=\"1\" data-sheets-value=\"{&quot;1&quot;:2,&quot;2&quot;:&quot;Det g\u00e5r ca. 250 elever hos oss p\u00e5 Praktiska Majorna. &quot;}\" data-sheets-userformat=\"{&quot;2&quot;:4993,&quot;3&quot;:{&quot;1&quot;:0},&quot;10&quot;:0,&quot;11&quot;:4,&quot;12&quot;:0,&quot;15&quot;:&quot;Helvetica Neue&quot;}\">Det g\u00e5r ca. 250 elever hos oss p\u00e5 Praktiska Majorna. <\/span><\/p>\n\n\t\t\t\t\t<\/div>\n\t\t\t\t<\/div>\n\t\t\t<\/li>\n\t\t\t<\/ul>\n\n\t<div class=\"no-results u-mt-0 u-hide\" data-filter-fallback-id=\"ams-faq-list-69f15e35e0f73\">\n\t<p>Det finns inga resultat som matchar din filtrering.<\/p>\n<\/div>\n\n\t    <div class=\"ams-faq__more u-inline-items js-load-more-btn\">\n        <button href=\"#\"\n                class=\"c-btn\"\n                data-style=\"round\"\n                data-size=\"md\"\n                data-width=\"full-mobile\"\n                data-variant=\"outline\">\n        \tVisa fler resultat\n        <\/button>\n    <\/div>\n\n\n\t\t\n\t\t\t<\/div>\n\n\t\t\n\n<\/section>\n\n\n\n<div\n\n\tclass=\"\n\t\tmodule_wrapper\n\t\tams_icons_module\n\t\t\t\tglobal_body-color\t\t cpt-60 cpb-30 \t\t\n\t\"\n>\n\t\t\t<div class=\"container\">\n\t\t\t<div class=\"row \">\n\t\t\t\t<div class=\"col-12 cmb-30 text-center col-md-8 offset-md-2\">\n\t\t\t\t\t\t<h2   class=\"site__heading-size-2 section-title  site__text-color  text-center\">\n\t\t\t\tV\u00e5ra certifieringar\t\t\t<\/h2>\n\t\t\t<\/div>\n\t\t\t<\/div>\n\n\t\t\t<div class=\"row  site__text-color--dark \">\n\t\t\t\t\n\t\t\t<\/div>\n\t\t<\/div>\n\t\n\t<div class=\"container\">\n\t\t\t\t<div class=\"ams-icons__container row justify-content-center \">\n\t\t\t\t\t\t\t\t\t\t\t\t<div class=\"ams-icons__icon d-flex justify-content-center col-6 col-lg-3 \" >\n\t\t\t\t\t\t\t\t\t\t\t\t\t<a class=\"ams-icon__link d-flex justify-content-center\" href=\"https:\/\/www.vo-college.se\/\">\n\t\t\t\t\t\t\n\t\t\t\t\t\t\t<img decoding=\"async\" width=\"300\" height=\"200\" src=\"https:\/\/praktiska.se\/wp-content\/uploads\/sites\/12\/2026\/04\/vo-college-2.png\" class=\"ams-icons__icon-image\" alt=\"V\u00e5rd- och omsorgscollege\" srcset=\"https:\/\/praktiska.se\/wp-content\/uploads\/sites\/12\/2026\/04\/vo-college-2.png 735w, https:\/\/praktiska.se\/wp-content\/uploads\/sites\/12\/2026\/04\/vo-college-2-300x200.png 300w, https:\/\/praktiska.se\/wp-content\/uploads\/sites\/12\/2026\/04\/vo-college-2-400x267.png 400w, https:\/\/praktiska.se\/wp-content\/uploads\/sites\/12\/2026\/04\/vo-college-2-600x400.png 600w\" sizes=\"(max-width: 300px) 100vw, 300px\" \/>\n\t\t\t\t\t\t\t\t\t\t\t\t\t<\/a>\n\t\t\t\t\t\t\t\t\t\t\t<\/div>\n\t\t\t\t\t\t\t\t\t\t\t\t\t\t\t\t<div class=\"ams-icons__icon d-flex justify-content-center col-6 col-lg-3 \" >\n\t\t\t\t\t\t\t\t\t\t\t\t\t<a class=\"ams-icon__link d-flex justify-content-center\" href=\"https:\/\/frisor.se\/\">\n\t\t\t\t\t\t\n\t\t\t\t\t\t\t<img decoding=\"async\" width=\"190\" height=\"180\" src=\"https:\/\/praktiska.se\/wp-content\/uploads\/sites\/12\/2026\/04\/frisorforetagarna.png\" class=\"ams-icons__icon-image\" alt=\"Fris\u00f6rf\u00f6retagarna\" \/>\n\t\t\t\t\t\t\t\t\t\t\t\t\t<\/a>\n\t\t\t\t\t\t\t\t\t\t\t<\/div>\n\t\t\t\t\t\t\t\n\t\t<\/div>\n\t\t\t<\/div>\n<\/div>\n\n\n\n<div style=\"height:35px\" aria-hidden=\"true\" class=\"wp-block-spacer\"><\/div>\n\n\n\n\t<div class=\"module_wrapper ams_remote_pages_module \">\n\t\t\n\n<section  class=\"ams-cta ams-cta--stacked c-block l-stacked\" data-color-scheme=\"gray\">\n\t<div class=\"l-container-narrow l-stack l-stack-fluid-2xl u-pt-fluid-3xl-6xl u-pb-fluid-3xl-6xl is-center is-center@md\">\n\t\t\t\t\t<div class=\"ams-cta__intro l-stack l-stack-lg\">\n\t\t\t\t\t\n\t<h2\n\tclass=\"c-heading u-font-title-1 \"\n\tstyle=\"\">\n\t\t\n\t\t\t\t\tHittar du inte svaret p\u00e5 din fr\u00e5ga?\n\t\t\t\t\n\t<\/h2>\n\n\t\t\t\t\t\t\t\t\t<div class=\"c-text l-stack u-cs-xl u-font-body\">\n\t\t\t\t\t\t<p><span data-sheets-root=\"1\" data-sheets-value=\"{&quot;1&quot;:2,&quot;2&quot;:&quot;Om du har fr\u00e5gor eller funderingar \u00e4r du v\u00e4lkommen att kontakta oss. &quot;}\" data-sheets-userformat=\"{&quot;2&quot;:4993,&quot;3&quot;:{&quot;1&quot;:0},&quot;10&quot;:0,&quot;11&quot;:4,&quot;12&quot;:0,&quot;15&quot;:&quot;Helvetica Neue&quot;}\">Om du har fr\u00e5gor eller funderingar \u00e4r du v\u00e4lkommen att kontakta oss. <\/span><\/p>\n\n\t\t\t\t\t<\/div>\n\t\t\t\t\t\t\t<\/div>\n\t\t\n\t\t\n\t\t\t<div class=\"ams-cta__action u-inline-items\">\n\t\t\t\t\t\t\t\n\n\n<a href=\"https:\/\/praktiska.se\/goteborg-majorna\/kontakt\/\"\n\t\n\tclass=\"c-btn \"\n\tdata-style=\"round\"\n\tdata-size=\"md\"\n\tdata-width=\"full-mobile\"\n\tdata-variant=\"default\"\n\ttarget=\"_self\">\n\t\t\t<span class=\"label\"> Kontakta oss<\/span>\n\t\t\t<\/a>\n\t\t\t<\/div>\n\t<\/div>\n\n\t\t\n\n<\/section>\n\t<\/div>\n\n\t","protected":false},"excerpt":{"rendered":"","protected":false},"author":1,"featured_media":0,"parent":0,"menu_order":0,"comment_status":"closed","ping_status":"closed","template":"","meta":{"footnotes":""},"yoast_head":"<!-- This site is optimized with the Yoast SEO plugin v22.0 - https:\/\/yoast.com\/wordpress\/plugins\/seo\/ -->\n<title>Om Praktiska - Praktiska Gymnasiet G\u00f6teborg Majorna<\/title>\n<meta name=\"description\" content=\"H\u00e4r kan du l\u00e4sa mer om v\u00e5r skola. Ta del av vad elever tycker om skolan. Du f\u00e5r ocks\u00e5 mer information om APL och l\u00e4rling hos oss.\" \/>\n<meta name=\"robots\" content=\"index, follow, max-snippet:-1, max-image-preview:large, max-video-preview:-1\" \/>\n<link rel=\"canonical\" href=\"https:\/\/praktiska.se\/goteborg-majorna\/om-praktiska\/\" \/>\n<meta property=\"og:locale\" content=\"sv_SE\" \/>\n<meta property=\"og:type\" content=\"article\" \/>\n<meta property=\"og:title\" content=\"Om Praktiska - Praktiska Gymnasiet G\u00f6teborg Majorna\" \/>\n<meta property=\"og:description\" content=\"H\u00e4r kan du l\u00e4sa mer om v\u00e5r skola. Ta del av vad elever tycker om skolan. Du f\u00e5r ocks\u00e5 mer information om APL och l\u00e4rling hos oss.\" \/>\n<meta property=\"og:url\" content=\"https:\/\/praktiska.se\/goteborg-majorna\/om-praktiska\/\" \/>\n<meta property=\"og:site_name\" content=\"G\u00f6teborg Majorna\" \/>\n<meta property=\"article:modified_time\" content=\"2026-04-20T12:14:21+00:00\" \/>\n<meta name=\"twitter:card\" content=\"summary_large_image\" \/>\n<meta name=\"twitter:title\" content=\"Om Praktiska - Praktiska Gymnasiet G\u00f6teborg Majorna\" \/>\n<meta name=\"twitter:description\" content=\"H\u00e4r kan du l\u00e4sa mer om v\u00e5r skola. Ta del av vad elever tycker om skolan. Du f\u00e5r ocks\u00e5 mer information om APL och l\u00e4rling hos oss.\" \/>\n<meta name=\"twitter:label1\" content=\"Est. reading time\" \/>\n\t<meta name=\"twitter:data1\" content=\"2 minuter\" \/>\n<script type=\"application\/ld+json\" class=\"yoast-schema-graph\">{\"@context\":\"https:\/\/schema.org\",\"@graph\":[{\"@type\":\"WebPage\",\"@id\":\"https:\/\/praktiska.se\/goteborg-majorna\/om-praktiska\/\",\"url\":\"https:\/\/praktiska.se\/goteborg-majorna\/om-praktiska\/\",\"name\":\"Om Praktiska - Praktiska Gymnasiet G\u00f6teborg Majorna\",\"isPartOf\":{\"@id\":\"https:\/\/praktiska.se\/goteborg-majorna\/#website\"},\"datePublished\":\"2023-03-03T14:28:56+00:00\",\"dateModified\":\"2026-04-20T12:14:21+00:00\",\"description\":\"H\u00e4r kan du l\u00e4sa mer om v\u00e5r skola. Ta del av vad elever tycker om skolan. Du f\u00e5r ocks\u00e5 mer information om APL och l\u00e4rling hos oss.\",\"breadcrumb\":{\"@id\":\"https:\/\/praktiska.se\/goteborg-majorna\/om-praktiska\/#breadcrumb\"},\"inLanguage\":\"sv-SE\",\"potentialAction\":[{\"@type\":\"ReadAction\",\"target\":[\"https:\/\/praktiska.se\/goteborg-majorna\/om-praktiska\/\"]}]},{\"@type\":\"BreadcrumbList\",\"@id\":\"https:\/\/praktiska.se\/goteborg-majorna\/om-praktiska\/#breadcrumb\",\"itemListElement\":[{\"@type\":\"ListItem\",\"position\":1,\"name\":\"Start\",\"item\":\"https:\/\/praktiska.se\/goteborg-majorna\/\"},{\"@type\":\"ListItem\",\"position\":2,\"name\":\"Om Praktiska\"}]},{\"@type\":\"WebSite\",\"@id\":\"https:\/\/praktiska.se\/goteborg-majorna\/#website\",\"url\":\"https:\/\/praktiska.se\/goteborg-majorna\/\",\"name\":\"G\u00f6teborg Majorna\",\"description\":\"Vi utbildar framtidens arbetskraft\",\"potentialAction\":[{\"@type\":\"SearchAction\",\"target\":{\"@type\":\"EntryPoint\",\"urlTemplate\":\"https:\/\/praktiska.se\/goteborg-majorna\/?s={search_term_string}\"},\"query-input\":\"required name=search_term_string\"}],\"inLanguage\":\"sv-SE\"}]}<\/script>\n<!-- \/ Yoast SEO plugin. -->","yoast_head_json":{"title":"Om Praktiska - Praktiska Gymnasiet G\u00f6teborg Majorna","description":"H\u00e4r kan du l\u00e4sa mer om v\u00e5r skola. Ta del av vad elever tycker om skolan. Du f\u00e5r ocks\u00e5 mer information om APL och l\u00e4rling hos oss.","robots":{"index":"index","follow":"follow","max-snippet":"max-snippet:-1","max-image-preview":"max-image-preview:large","max-video-preview":"max-video-preview:-1"},"canonical":"https:\/\/praktiska.se\/goteborg-majorna\/om-praktiska\/","og_locale":"sv_SE","og_type":"article","og_title":"Om Praktiska - Praktiska Gymnasiet G\u00f6teborg Majorna","og_description":"H\u00e4r kan du l\u00e4sa mer om v\u00e5r skola. Ta del av vad elever tycker om skolan. Du f\u00e5r ocks\u00e5 mer information om APL och l\u00e4rling hos oss.","og_url":"https:\/\/praktiska.se\/goteborg-majorna\/om-praktiska\/","og_site_name":"G\u00f6teborg Majorna","article_modified_time":"2026-04-20T12:14:21+00:00","twitter_card":"summary_large_image","twitter_title":"Om Praktiska - Praktiska Gymnasiet G\u00f6teborg Majorna","twitter_description":"H\u00e4r kan du l\u00e4sa mer om v\u00e5r skola. Ta del av vad elever tycker om skolan. Du f\u00e5r ocks\u00e5 mer information om APL och l\u00e4rling hos oss.","twitter_misc":{"Est. reading time":"2 minuter"},"schema":{"@context":"https:\/\/schema.org","@graph":[{"@type":"WebPage","@id":"https:\/\/praktiska.se\/goteborg-majorna\/om-praktiska\/","url":"https:\/\/praktiska.se\/goteborg-majorna\/om-praktiska\/","name":"Om Praktiska - Praktiska Gymnasiet G\u00f6teborg Majorna","isPartOf":{"@id":"https:\/\/praktiska.se\/goteborg-majorna\/#website"},"datePublished":"2023-03-03T14:28:56+00:00","dateModified":"2026-04-20T12:14:21+00:00","description":"H\u00e4r kan du l\u00e4sa mer om v\u00e5r skola. Ta del av vad elever tycker om skolan. Du f\u00e5r ocks\u00e5 mer information om APL och l\u00e4rling hos oss.","breadcrumb":{"@id":"https:\/\/praktiska.se\/goteborg-majorna\/om-praktiska\/#breadcrumb"},"inLanguage":"sv-SE","potentialAction":[{"@type":"ReadAction","target":["https:\/\/praktiska.se\/goteborg-majorna\/om-praktiska\/"]}]},{"@type":"BreadcrumbList","@id":"https:\/\/praktiska.se\/goteborg-majorna\/om-praktiska\/#breadcrumb","itemListElement":[{"@type":"ListItem","position":1,"name":"Start","item":"https:\/\/praktiska.se\/goteborg-majorna\/"},{"@type":"ListItem","position":2,"name":"Om Praktiska"}]},{"@type":"WebSite","@id":"https:\/\/praktiska.se\/goteborg-majorna\/#website","url":"https:\/\/praktiska.se\/goteborg-majorna\/","name":"G\u00f6teborg Majorna","description":"Vi utbildar framtidens arbetskraft","potentialAction":[{"@type":"SearchAction","target":{"@type":"EntryPoint","urlTemplate":"https:\/\/praktiska.se\/goteborg-majorna\/?s={search_term_string}"},"query-input":"required name=search_term_string"}],"inLanguage":"sv-SE"}]}},"_links":{"self":[{"href":"https:\/\/praktiska.se\/goteborg-majorna\/wp-json\/wp\/v2\/pages\/412"}],"collection":[{"href":"https:\/\/praktiska.se\/goteborg-majorna\/wp-json\/wp\/v2\/pages"}],"about":[{"href":"https:\/\/praktiska.se\/goteborg-majorna\/wp-json\/wp\/v2\/types\/page"}],"author":[{"embeddable":true,"href":"https:\/\/praktiska.se\/goteborg-majorna\/wp-json\/wp\/v2\/users\/1"}],"replies":[{"embeddable":true,"href":"https:\/\/praktiska.se\/goteborg-majorna\/wp-json\/wp\/v2\/comments?post=412"}],"version-history":[{"count":10,"href":"https:\/\/praktiska.se\/goteborg-majorna\/wp-json\/wp\/v2\/pages\/412\/revisions"}],"predecessor-version":[{"id":3479,"href":"https:\/\/praktiska.se\/goteborg-majorna\/wp-json\/wp\/v2\/pages\/412\/revisions\/3479"}],"wp:attachment":[{"href":"https:\/\/praktiska.se\/goteborg-majorna\/wp-json\/wp\/v2\/media?parent=412"}],"curies":[{"name":"wp","href":"https:\/\/api.w.org\/{rel}","templated":true}]}}