{"id":2025,"date":"2023-11-13T13:04:32","date_gmt":"2023-11-13T12:04:32","guid":{"rendered":"https:\/\/praktiska.se\/goteborg-gamlestaden\/?page_id=2025"},"modified":"2024-03-15T09:01:00","modified_gmt":"2024-03-15T08:01:00","slug":"lediga-platser","status":"publish","type":"page","link":"https:\/\/praktiska.se\/goteborg-gamlestaden\/lediga-platser\/","title":{"rendered":"Lediga platser"},"content":{"rendered":"\n\t<div class=\"module_wrapper ams_remote_pages_module \">\n\t\t\n\t\n\t\n\t\n\n\t\n\t\n\t\t\n<section  class=\"c-block l-stacked  \" data-color-scheme=\"white\">\n\t<div class=\"ams-fifty ams-fifty--container ams-fifty--left ams-fifty--top l-container u-pt-fluid-3xl-6xl u-pb-fluid-3xl-6xl\">\n\t\t<div class=\"ams-fifty__content l-stack l-stack-xl is-left is-left@lg\">\n\t\t\t<div class=\"ams-fifty__text l-stack l-stack-lg\">\n\t\t\t\t\t\n\t<h1\n\tclass=\"c-heading u-font-title-1 \"\n\tstyle=\"\">\n\t\t\n\t\t\t\t\t\t\t\t\tOmvalet i G\u00f6teborg Gamlestaden\n\t\t\t\t<span class=\"c-heading__sub is-below u-font-title-3\">\n\t\t\t\t\tDu kan fortfarande s\u00f6ka till oss!\n\t\t\t\t<\/span>\n\t\t\t\t\t\t\t\n\t<\/h1>\n\n\t\t\t\t\t\t\t\t\t<div class=\"text l-stack u-font-body\">\n\t\t\t\t\t\t<div class=\"global__align-left typography typography__block-wrapper\">\n<div class=\"typography__preamble typography__wrapper\">\n<p>Omvalet \u00e4r den period i gymnasievalet d\u00e4r du som inte \u00e4r n\u00f6jd med ditt tidigare val kan \u00e4ndra, omprioritera eller l\u00e4gga till flera alternativ i ditt gymnasieval. Om du inte har s\u00f6kt gymnasiet \u00e4n g\u00e5r det ocks\u00e5 bra att g\u00f6ra en f\u00f6rsta ans\u00f6kan under omvalet.<\/p>\n<\/div>\n<\/div>\n<div class=\"global__align-left typography typography__block-wrapper\">\n<div class=\"typography__paragraph typography__wrapper\">\n<p><b>Hur g\u00f6r jag ett omval?<br \/>\n<\/b>Du kan g\u00f6ra ditt omval under en viss tidsperiod som ligger i samband med att du f\u00e5r ditt prelimin\u00e4ra antagningsbesked.<\/p>\n<ul>\n<li>B\u00f6rja med att logga in p\u00e5 din antagningsportal. Beroende p\u00e5 var du bor kan du g\u00f6ra det sj\u00e4lv eller med hj\u00e4lp av din syv.<\/li>\n<li>L\u00e4gg till, ta bort eller \u00e4ndra ordningen p\u00e5 dina val.<\/li>\n<li>Skicka in din ans\u00f6kan. Var noga med att g\u00f6ra det innan omvalsperioden \u00e4r slut.<\/li>\n<\/ul>\n<p><em><strong>Lycka till!<\/strong><\/em><\/p>\n<\/div>\n<\/div>\n\n\t\t\t\t\t<\/div>\n\t\t\t\t\t\t\t<\/div>\n\n\t\t\t\t<div class=\"ams-fifty__action u-inline-items\">\n\t\t\t\t\t\t\t\n\n\n<a href=\"https:\/\/indra2.se\/#!\"\n\t\n\tclass=\"c-btn \"\n\tdata-style=\"round\"\n\tdata-size=\"md\"\n\tdata-width=\"full-mobile\"\n\tdata-variant=\"default\"\n\ttarget=\"_blank\">\n\t\t\t<span class=\"label\"> Till ans\u00f6kningswebben<\/span>\n\t\t\t<\/a>\n\t\t\t<\/div>\n\t\t<\/div>\n\n\t\t <div class=\"ams-fifty__media u-ratio-square\">\n\t\t \t\t\t\t\t<img decoding=\"async\" width=\"600\" height=\"400\" src=\"https:\/\/praktiska.se\/wp-content\/uploads\/sites\/11\/2024\/03\/praktiska-uppsala-delivery2-1500px-5-600x400.jpg\" class=\"attachment-md size-md\" alt=\"Elev p\u00e5 Praktiska Gymnasiet som svetsar\" sizes=\"(min-width: 64em) 600px, calc(100vw - 160px)\" srcset=\"https:\/\/praktiska.se\/wp-content\/uploads\/sites\/11\/2024\/03\/praktiska-uppsala-delivery2-1500px-5-600x400.jpg 600w, https:\/\/praktiska.se\/wp-content\/uploads\/sites\/11\/2024\/03\/praktiska-uppsala-delivery2-1500px-5-300x200.jpg 300w, https:\/\/praktiska.se\/wp-content\/uploads\/sites\/11\/2024\/03\/praktiska-uppsala-delivery2-1500px-5-400x267.jpg 400w, https:\/\/praktiska.se\/wp-content\/uploads\/sites\/11\/2024\/03\/praktiska-uppsala-delivery2-1500px-5-800x533.jpg 800w, https:\/\/praktiska.se\/wp-content\/uploads\/sites\/11\/2024\/03\/praktiska-uppsala-delivery2-1500px-5-1024x683.jpg 1024w, https:\/\/praktiska.se\/wp-content\/uploads\/sites\/11\/2024\/03\/praktiska-uppsala-delivery2-1500px-5-1200x800.jpg 1200w, https:\/\/praktiska.se\/wp-content\/uploads\/sites\/11\/2024\/03\/praktiska-uppsala-delivery2-1500px-5.jpg 1500w\" \/>\n\t\t\t\n\t\t\t\n\t\t\t\t\t<\/div>\n\t<\/div>\n\n\t\t\n\n<\/section>\n\t<\/div>\n\n\t\n\n\n\n<section  class=\"ams-lists c-block l-stacked\" data-color-scheme=\"orange\">\n\t<div class=\"l-container l-stack l-stack-fluid-2xl u-pt-fluid-3xl-6xl u-pb-fluid-3xl-6xl is-center is-center@md\">\n\t\t\t\t\t<div class=\"ams-lists__intro l-stack l-stack-lg\">\n\t\t\t\t\t\n\t<h2\n\tclass=\"c-heading u-font-title-1 \"\n\tstyle=\"\">\n\t\t\n\t\t\t\t\tUtbildningar d\u00e4r vi har lediga platser\n\t\t\t\t\n\t<\/h2>\n\n\t\t\t\t\t\t\t<\/div>\n\t\t\n\t\t\t\t\t<div class=\"ams-lists__content\">\n\t\t\t<div class=\"c-list\" style=\"--list-columns: 3;\">\n\n\t\t\t\t\t\t\t\t\t\t\t\t\t\n\t\t\t\t\t\n\t\t\t\t\t\t\t\t\t\t\t<div class=\"c-list__item column-1 u-font-body\">\n\t\t\t\t\t\t\t\t\t\t\t\t\t\t\t<a href=\"https:\/\/praktiska.se\/goteborg-gamlestaden\/program\/vvs-och-fastighetsprogrammet\/fastighet\/\"\n\t\t\t\t\t\t\t\t   target=\"_self\"\n\t\t\t\t\t\t\t\t   class=\"c-list__link\">\n\n\t\t\t\t\t\t\t\t\t<span>\n\t\t\t\t\t\t\t\t\t\t\t\t\t\t\t\t\t\t\t\t\tFastighetstekniker\n\t\t\t\t\t\t\t\t\t\t\t\t\t\t\t\t\t\t\t<\/span>\n\t\t\t\t\t\t\t\t<\/a>\n\t\t\t\t\t\t\t\t\t\t\t\t\t<\/div>\n\t\t\t\t\t\t\t\t\t\t\t<div class=\"c-list__item column-1 u-font-body\">\n\t\t\t\t\t\t\t\t\t\t\t\t\t\t\t<a href=\"https:\/\/praktiska.se\/goteborg-gamlestaden\/program\/vvs-och-fastighetsprogrammet\/kyl-och-varmepumpsteknik\/\"\n\t\t\t\t\t\t\t\t   target=\"_self\"\n\t\t\t\t\t\t\t\t   class=\"c-list__link\">\n\n\t\t\t\t\t\t\t\t\t<span>\n\t\t\t\t\t\t\t\t\t\t\t\t\t\t\t\t\t\t\t\t\tKylmont\u00f6r\n\t\t\t\t\t\t\t\t\t\t\t\t\t\t\t\t\t\t\t<\/span>\n\t\t\t\t\t\t\t\t<\/a>\n\t\t\t\t\t\t\t\t\t\t\t\t\t<\/div>\n\t\t\t\t\t\t\t\t\t\t\t<div class=\"c-list__item column-1 u-font-body\">\n\t\t\t\t\t\t\t\t\t\t\t\t\t\t\t<a href=\"https:\/\/praktiska.se\/goteborg-gamlestaden\/program\/industritekniska-programmet\/svetsteknik\/\"\n\t\t\t\t\t\t\t\t   target=\"_self\"\n\t\t\t\t\t\t\t\t   class=\"c-list__link\">\n\n\t\t\t\t\t\t\t\t\t<span>\n\t\t\t\t\t\t\t\t\t\t\t\t\t\t\t\t\t\t\t\t\tSvetsare\n\t\t\t\t\t\t\t\t\t\t\t\t\t\t\t\t\t\t\t<\/span>\n\t\t\t\t\t\t\t\t<\/a>\n\t\t\t\t\t\t\t\t\t\t\t\t\t<\/div>\n\t\t\t\t\t\t\t\t\t\t\t<div class=\"c-list__item column-1 u-font-body\">\n\t\t\t\t\t\t\t\t\t\t\t\t\t\t\t<a href=\"https:\/\/praktiska.se\/goteborg-gamlestaden\/program\/forsaljnings-och-serviceprogrammet\/forsaljning-och-service\/\"\n\t\t\t\t\t\t\t\t   target=\"_self\"\n\t\t\t\t\t\t\t\t   class=\"c-list__link\">\n\n\t\t\t\t\t\t\t\t\t<span>\n\t\t\t\t\t\t\t\t\t\t\t\t\t\t\t\t\t\t\t\t\tF\u00f6rs\u00e4ljning och service\n\t\t\t\t\t\t\t\t\t\t\t\t\t\t\t\t\t\t\t<\/span>\n\t\t\t\t\t\t\t\t<\/a>\n\t\t\t\t\t\t\t\t\t\t\t\t\t<\/div>\n\t\t\t\t\t\t\t\t\t\t\t<div class=\"c-list__item column-1 u-font-body\">\n\t\t\t\t\t\t\t\t\t\t\t\t\t\t\t<a href=\"https:\/\/praktiska.se\/goteborg-gamlestaden\/program\/el-och-energiprogrammet\/elteknik\/\"\n\t\t\t\t\t\t\t\t   target=\"_self\"\n\t\t\t\t\t\t\t\t   class=\"c-list__link\">\n\n\t\t\t\t\t\t\t\t\t<span>\n\t\t\t\t\t\t\t\t\t\t\t\t\t\t\t\t\t\t\t\t\tElektriker\n\t\t\t\t\t\t\t\t\t\t\t\t\t\t\t\t\t\t\t<\/span>\n\t\t\t\t\t\t\t\t<\/a>\n\t\t\t\t\t\t\t\t\t\t\t\t\t<\/div>\n\t\t\t\t\t\n\t\t\t\t\n\t\t\t<\/div>\n\t\t<\/div>\n\t\n\n\t\n\t\t\t<\/div>\n\n\t\t\n\n<\/section>\n\n\n\n\t<div class=\"module_wrapper ams_remote_pages_module \">\n\t\t\n\n<section  class=\"ams-timeline c-block l-stacked\" data-color-scheme=\"timeline\">\n\t<div class=\"l-container l-stack l-stack-fluid-2xl u-pt-fluid-3xl-6xl u-pb-fluid-3xl-6xl is-center is-center@md\">\n\t\t\t\t\t<div class=\"ams-timeline__intro l-stack l-stack-lg\">\n\t\t\t\t\t\n\t<h2\n\tclass=\"c-heading u-font-title-1 \"\n\tstyle=\"\">\n\t\t\n\t\t\t\t\tViktiga datum\n\t\t\t\t\n\t<\/h2>\n\n\t\t\t\t\t\t\t\t\t<div class=\"c-text l-stack u-cs-xl u-font-body\">\n\t\t\t\t\t\t<p>H\u00e4r hittar du alla viktiga datum att h\u00e5lla reda p\u00e5 kopplat till gymnasievalet, fr\u00e5n omvalet till skolstart!<\/p>\n\n\t\t\t\t\t<\/div>\n\t\t\t\t\t\t\t<\/div>\n\t\t\n\t\t\t\t\t\n<ol class=\"c-steps\" data-variant=\"horizontal\" data-size=\"md\">\n\t\t\t<li class=\"c-steps__item c-steps__item--complete\"\n\t\t\t\n\t\t\t>\n\t\t\t\t\t\t\t<div class=\"c-steps__circle u-radius-round\">\n\t\t\t\t\t\t\t\t\t\t\t<time class=\"c-steps__date\" datetime=\"2024-04-11\">\n\t\t\t\t\t\t\t<span class=\"day\">11<\/span>\n\t\t\t\t\t\t\t<span class=\"month\">april<\/span>\n\t\t\t\t\t\t<\/time>\n\t\t\t\t\t\t\t\t\t<\/div>\n\t\t\t\n\t\t\t\t\t\t\t<div class=\"c-steps__content l-stack-xs\">\n\t\t\t\t\t\t\t\t\t\t\t<h3 class=\"c-steps__title u-font-title-3\">\n\t\t\t\t\t\t\t\t\t\t\t\t\t\t\tPrelimin\u00e4rt antagningsbesked\n\t\t\t\t\t\t\t\t\t\t\t\t\t<\/h3>\n\t\t\t\t\t\n\t\t\t\t\t\t\t\t\t\t\t<div class=\"c-steps__text l-stack-sm u-font-body\">\n\t\t\t\t\t\t\t<p>Du kan logga in i antagningswebben och se ditt prelimin\u00e4ra antagningsbesked.<\/p>\n\n\t\t\t\t\t\t<\/div>\n\t\t\t\t\t\t\t\t\t<\/div>\n\t\t\t\t\t<\/li>\n\t\t\t<li class=\"c-steps__item c-steps__item--complete\"\n\t\t\t\n\t\t\t>\n\t\t\t\t\t\t\t<div class=\"c-steps__circle u-radius-round\">\n\t\t\t\t\t\t\t\t\t\t\t<time class=\"c-steps__date\" datetime=\"2024-04-11\">\n\t\t\t\t\t\t\t<span class=\"day\">11<\/span>\n\t\t\t\t\t\t\t<span class=\"month\">april<\/span>\n\t\t\t\t\t\t<\/time>\n\t\t\t\t\t\t\t\t\t<\/div>\n\t\t\t\n\t\t\t\t\t\t\t<div class=\"c-steps__content l-stack-xs\">\n\t\t\t\t\t\t\t\t\t\t\t<h3 class=\"c-steps__title u-font-title-3\">\n\t\t\t\t\t\t\t\t\t\t\t\t\t\t\tOmval med hj\u00e4lp av SYV\n\t\t\t\t\t\t\t\t\t\t\t\t\t<\/h3>\n\t\t\t\t\t\n\t\t\t\t\t\t\t\t\t\t\t<div class=\"c-steps__text l-stack-sm u-font-body\">\n\t\t\t\t\t\t\t<p>Omvalsperioden i G\u00f6teborgsregionen \u00f6ppnar och du som vill kan g\u00f6ra ditt om- eller nyval. Kontakta din SYV f\u00f6r att f\u00e5 hj\u00e4lp att g\u00f6ra ditt omval.<\/p>\n\n\t\t\t\t\t\t<\/div>\n\t\t\t\t\t\t\t\t\t<\/div>\n\t\t\t\t\t<\/li>\n\t\t\t<li class=\"c-steps__item c-steps__item--complete\"\n\t\t\t\n\t\t\t>\n\t\t\t\t\t\t\t<div class=\"c-steps__circle u-radius-round\">\n\t\t\t\t\t\t\t\t\t\t\t<time class=\"c-steps__date\" datetime=\"2024-06-03\">\n\t\t\t\t\t\t\t<span class=\"day\">3<\/span>\n\t\t\t\t\t\t\t<span class=\"month\">juni<\/span>\n\t\t\t\t\t\t<\/time>\n\t\t\t\t\t\t\t\t\t<\/div>\n\t\t\t\n\t\t\t\t\t\t\t<div class=\"c-steps__content l-stack-xs\">\n\t\t\t\t\t\t\t\t\t\t\t<h3 class=\"c-steps__title u-font-title-3\">\n\t\t\t\t\t\t\t\t\t\t\t\t\t\t\tOmvalsperioden st\u00e4nger\n\t\t\t\t\t\t\t\t\t\t\t\t\t<\/h3>\n\t\t\t\t\t\n\t\t\t\t\t\t\t\t\t\t\t<div class=\"c-steps__text l-stack-sm u-font-body\">\n\t\t\t\t\t\t\t<p>Omvalsperioden i G\u00f6teborgsregionen st\u00e4nger och du kan inte g\u00f6ra fler \u00e4ndringar i ditt val.<\/p>\n\n\t\t\t\t\t\t<\/div>\n\t\t\t\t\t\t\t\t\t<\/div>\n\t\t\t\t\t<\/li>\n\t\t\t<li class=\"c-steps__item c-steps__item--complete\"\n\t\t\t\n\t\t\t>\n\t\t\t\t\t\t\t<div class=\"c-steps__circle u-radius-round\">\n\t\t\t\t\t\t\t\t\t\t\t<time class=\"c-steps__date\" datetime=\"2024-06-25\">\n\t\t\t\t\t\t\t<span class=\"day\">25<\/span>\n\t\t\t\t\t\t\t<span class=\"month\">juni<\/span>\n\t\t\t\t\t\t<\/time>\n\t\t\t\t\t\t\t\t\t<\/div>\n\t\t\t\n\t\t\t\t\t\t\t<div class=\"c-steps__content l-stack-xs\">\n\t\t\t\t\t\t\t\t\t\t\t<h3 class=\"c-steps__title u-font-title-3\">\n\t\t\t\t\t\t\t\t\t\t\t\t\t\t\tSlutgiltigt antagningsbesked\n\t\t\t\t\t\t\t\t\t\t\t\t\t<\/h3>\n\t\t\t\t\t\n\t\t\t\t\t\t\t\t\t\t\t<div class=\"c-steps__text l-stack-sm u-font-body\">\n\t\t\t\t\t\t\t<p>Den slutgiltiga antagningen \u00e4r klar och du kan se ditt besked i ans\u00f6kningswebben.<\/p>\n\n\t\t\t\t\t\t<\/div>\n\t\t\t\t\t\t\t\t\t<\/div>\n\t\t\t\t\t<\/li>\n\t\t\t<li class=\"c-steps__item c-steps__item--complete\"\n\t\t\t\n\t\t\t>\n\t\t\t\t\t\t\t<div class=\"c-steps__circle u-radius-round\">\n\t\t\t\t\t\t\t\t\t\t\t<time class=\"c-steps__date\" datetime=\"2024-07-04\">\n\t\t\t\t\t\t\t<span class=\"day\">4<\/span>\n\t\t\t\t\t\t\t<span class=\"month\">juli<\/span>\n\t\t\t\t\t\t<\/time>\n\t\t\t\t\t\t\t\t\t<\/div>\n\t\t\t\n\t\t\t\t\t\t\t<div class=\"c-steps__content l-stack-xs\">\n\t\t\t\t\t\t\t\t\t\t\t<h3 class=\"c-steps__title u-font-title-3\">\n\t\t\t\t\t\t\t\t\t\t\t\t\t\t\tSista svarsdagen\n\t\t\t\t\t\t\t\t\t\t\t\t\t<\/h3>\n\t\t\t\t\t\n\t\t\t\t\t\t\t\t\t\t\t<div class=\"c-steps__text l-stack-sm u-font-body\">\n\t\t\t\t\t\t\t<p>Sista dagen att tacka ja eller nej till ditt antagningsbesked<\/p>\n\n\t\t\t\t\t\t<\/div>\n\t\t\t\t\t\t\t\t\t<\/div>\n\t\t\t\t\t<\/li>\n\t\t\t<li class=\"c-steps__item c-steps__item--complete\"\n\t\t\t\n\t\t\t>\n\t\t\t\t\t\t\t<div class=\"c-steps__circle u-radius-round\">\n\t\t\t\t\t\t\t\t\t\t\t<time class=\"c-steps__date\" datetime=\"2024-07-30\">\n\t\t\t\t\t\t\t<span class=\"day\">30<\/span>\n\t\t\t\t\t\t\t<span class=\"month\">juli<\/span>\n\t\t\t\t\t\t<\/time>\n\t\t\t\t\t\t\t\t\t<\/div>\n\t\t\t\n\t\t\t\t\t\t\t<div class=\"c-steps__content l-stack-xs\">\n\t\t\t\t\t\t\t\t\t\t\t<h3 class=\"c-steps__title u-font-title-3\">\n\t\t\t\t\t\t\t\t\t\t\t\t\t\t\tReservantagning b\u00f6rjar\n\t\t\t\t\t\t\t\t\t\t\t\t\t<\/h3>\n\t\t\t\t\t\n\t\t\t\t\t\t\t\t\t\t\t<div class=\"c-steps__text l-stack-sm u-font-body\">\n\t\t\t\t\t\t\t<p>Reservantagningen p\u00e5b\u00f6rjas och sker l\u00f6pande fram till 5 september.<\/p>\n\n\t\t\t\t\t\t<\/div>\n\t\t\t\t\t\t\t\t\t<\/div>\n\t\t\t\t\t<\/li>\n\t\t\t<li class=\"c-steps__item c-steps__item--complete\"\n\t\t\t\n\t\t\t>\n\t\t\t\t\t\t\t<div class=\"c-steps__circle u-radius-round\">\n\t\t\t\t\t\t\t\t\t\t\t<time class=\"c-steps__date\" datetime=\"2024-09-06\">\n\t\t\t\t\t\t\t<span class=\"day\">6<\/span>\n\t\t\t\t\t\t\t<span class=\"month\">september<\/span>\n\t\t\t\t\t\t<\/time>\n\t\t\t\t\t\t\t\t\t<\/div>\n\t\t\t\n\t\t\t\t\t\t\t<div class=\"c-steps__content l-stack-xs\">\n\t\t\t\t\t\t\t\t\t\t\t<h3 class=\"c-steps__title u-font-title-3\">\n\t\t\t\t\t\t\t\t\t\t\t\t\t\t\tSkolan tar \u00f6ver antagningen\n\t\t\t\t\t\t\t\t\t\t\t\t\t<\/h3>\n\t\t\t\t\t\n\t\t\t\t\t\t\t\t\t\t\t<div class=\"c-steps__text l-stack-sm u-font-body\">\n\t\t\t\t\t\t\t<p>Antagningsenheten st\u00e4nger sin antagningsprocess och ansvaret f\u00f6r byten\/\u00e4ndringar l\u00e4mnas \u00f6ver till skolan.<\/p>\n\n\t\t\t\t\t\t<\/div>\n\t\t\t\t\t\t\t\t\t<\/div>\n\t\t\t\t\t<\/li>\n\t<\/ol>\n\t\n\t\t\t<\/div>\n\n\t\t\n\n<\/section>\n\t<\/div>\n\n\t\n\n\n\n<section  class=\"ams-cta ams-cta--stacked c-block l-stacked\" data-color-scheme=\"gray\">\n\t<div class=\"l-container-narrow l-stack l-stack-fluid-2xl u-pt-fluid-3xl-6xl u-pb-fluid-3xl-6xl is-center is-center@md\">\n\t\t\t\t\t<div class=\"ams-cta__intro l-stack l-stack-lg\">\n\t\t\t\t\t\n\t<h2\n\tclass=\"c-heading u-font-title-1 \"\n\tstyle=\"\">\n\t\t\n\t\t\t\t\tByta till Praktiska?\n\t\t\t\t\n\t<\/h2>\n\n\t\t\t\t\t\t\t\t\t<div class=\"c-text l-stack u-cs-xl u-font-body\">\n\t\t\t\t\t\t<p>Har du redan b\u00f6rjat p\u00e5 gymnasiet men p\u00e5 en annan skolan och \u00e4r intresserad av att byta till oss p\u00e5 Praktiska Gymnasiet? Klicka p\u00e5 knappen nedan f\u00f6r att f\u00e5 mer information om hur det g\u00e5r till.<\/p>\n\n\t\t\t\t\t<\/div>\n\t\t\t\t\t\t\t<\/div>\n\t\t\n\t\t\n\t\t\t<div class=\"ams-cta__action u-inline-items\">\n\t\t\t\t\t\t\t\n\n\n<a href=\"https:\/\/praktiska.se\/goteborg-gamlestaden\/om-gymnasievalet\/byta-till-praktiska\/\"\n\t\n\tclass=\"c-btn \"\n\tdata-style=\"round\"\n\tdata-size=\"md\"\n\tdata-width=\"full-mobile\"\n\tdata-variant=\"default\"\n\ttarget=\"_self\">\n\t\t\t<span class=\"label\"> Information om att byta till Praktiska<\/span>\n\t\t\t<\/a>\n\t\t\t<\/div>\n\t<\/div>\n\n\t\t\n\n<\/section>\n","protected":false},"excerpt":{"rendered":"","protected":false},"author":1,"featured_media":0,"parent":0,"menu_order":0,"comment_status":"closed","ping_status":"closed","template":"","meta":{"footnotes":""},"yoast_head":"<!-- This site is optimized with the Yoast SEO plugin v22.0 - https:\/\/yoast.com\/wordpress\/plugins\/seo\/ -->\n<title>Lediga platser i G\u00f6teborg Gamlestaden - Praktiska Gymnasiet<\/title>\n<meta name=\"description\" content=\"H\u00e4r hittar du information om omvalsperioden f\u00f6r gymnasievalet och kan se vilka utbildningar vi har lediga platser kvar p\u00e5.\" \/>\n<meta name=\"robots\" content=\"index, follow, max-snippet:-1, max-image-preview:large, max-video-preview:-1\" \/>\n<link rel=\"canonical\" href=\"https:\/\/praktiska.se\/goteborg-gamlestaden\/lediga-platser\/\" \/>\n<meta property=\"og:locale\" content=\"sv_SE\" \/>\n<meta property=\"og:type\" content=\"article\" \/>\n<meta property=\"og:title\" content=\"Lediga platser i G\u00f6teborg Gamlestaden - Praktiska Gymnasiet\" \/>\n<meta property=\"og:description\" content=\"H\u00e4r hittar du information om omvalsperioden f\u00f6r gymnasievalet och kan se vilka utbildningar vi har lediga platser kvar p\u00e5.\" \/>\n<meta property=\"og:url\" content=\"https:\/\/praktiska.se\/goteborg-gamlestaden\/lediga-platser\/\" \/>\n<meta property=\"og:site_name\" content=\"G\u00f6teborg Gamlestaden\" \/>\n<meta property=\"article:modified_time\" content=\"2024-03-15T08:01:00+00:00\" \/>\n<meta name=\"twitter:card\" content=\"summary_large_image\" \/>\n<meta name=\"twitter:title\" content=\"Lediga platser i G\u00f6teborg Gamlestaden - Praktiska Gymnasiet\" \/>\n<meta name=\"twitter:description\" content=\"H\u00e4r hittar du information om omvalsperioden f\u00f6r gymnasievalet och kan se vilka utbildningar vi har lediga platser kvar p\u00e5.\" \/>\n<script type=\"application\/ld+json\" class=\"yoast-schema-graph\">{\"@context\":\"https:\/\/schema.org\",\"@graph\":[{\"@type\":\"WebPage\",\"@id\":\"https:\/\/praktiska.se\/goteborg-gamlestaden\/lediga-platser\/\",\"url\":\"https:\/\/praktiska.se\/goteborg-gamlestaden\/lediga-platser\/\",\"name\":\"Lediga platser i G\u00f6teborg Gamlestaden - Praktiska Gymnasiet\",\"isPartOf\":{\"@id\":\"https:\/\/praktiska.se\/goteborg-gamlestaden\/#website\"},\"datePublished\":\"2023-11-13T12:04:32+00:00\",\"dateModified\":\"2024-03-15T08:01:00+00:00\",\"description\":\"H\u00e4r hittar du information om omvalsperioden f\u00f6r gymnasievalet och kan se vilka utbildningar vi har lediga platser kvar p\u00e5.\",\"breadcrumb\":{\"@id\":\"https:\/\/praktiska.se\/goteborg-gamlestaden\/lediga-platser\/#breadcrumb\"},\"inLanguage\":\"sv-SE\",\"potentialAction\":[{\"@type\":\"ReadAction\",\"target\":[\"https:\/\/praktiska.se\/goteborg-gamlestaden\/lediga-platser\/\"]}]},{\"@type\":\"BreadcrumbList\",\"@id\":\"https:\/\/praktiska.se\/goteborg-gamlestaden\/lediga-platser\/#breadcrumb\",\"itemListElement\":[{\"@type\":\"ListItem\",\"position\":1,\"name\":\"Start\",\"item\":\"https:\/\/praktiska.se\/goteborg-gamlestaden\/\"},{\"@type\":\"ListItem\",\"position\":2,\"name\":\"Lediga platser\"}]},{\"@type\":\"WebSite\",\"@id\":\"https:\/\/praktiska.se\/goteborg-gamlestaden\/#website\",\"url\":\"https:\/\/praktiska.se\/goteborg-gamlestaden\/\",\"name\":\"G\u00f6teborg Gamlestaden\",\"description\":\"Vi utbildar framtidens arbetskraft\",\"potentialAction\":[{\"@type\":\"SearchAction\",\"target\":{\"@type\":\"EntryPoint\",\"urlTemplate\":\"https:\/\/praktiska.se\/goteborg-gamlestaden\/?s={search_term_string}\"},\"query-input\":\"required name=search_term_string\"}],\"inLanguage\":\"sv-SE\"}]}<\/script>\n<!-- \/ Yoast SEO plugin. -->","yoast_head_json":{"title":"Lediga platser i G\u00f6teborg Gamlestaden - Praktiska Gymnasiet","description":"H\u00e4r hittar du information om omvalsperioden f\u00f6r gymnasievalet och kan se vilka utbildningar vi har lediga platser kvar p\u00e5.","robots":{"index":"index","follow":"follow","max-snippet":"max-snippet:-1","max-image-preview":"max-image-preview:large","max-video-preview":"max-video-preview:-1"},"canonical":"https:\/\/praktiska.se\/goteborg-gamlestaden\/lediga-platser\/","og_locale":"sv_SE","og_type":"article","og_title":"Lediga platser i G\u00f6teborg Gamlestaden - Praktiska Gymnasiet","og_description":"H\u00e4r hittar du information om omvalsperioden f\u00f6r gymnasievalet och kan se vilka utbildningar vi har lediga platser kvar p\u00e5.","og_url":"https:\/\/praktiska.se\/goteborg-gamlestaden\/lediga-platser\/","og_site_name":"G\u00f6teborg Gamlestaden","article_modified_time":"2024-03-15T08:01:00+00:00","twitter_card":"summary_large_image","twitter_title":"Lediga platser i G\u00f6teborg Gamlestaden - Praktiska Gymnasiet","twitter_description":"H\u00e4r hittar du information om omvalsperioden f\u00f6r gymnasievalet och kan se vilka utbildningar vi har lediga platser kvar p\u00e5.","schema":{"@context":"https:\/\/schema.org","@graph":[{"@type":"WebPage","@id":"https:\/\/praktiska.se\/goteborg-gamlestaden\/lediga-platser\/","url":"https:\/\/praktiska.se\/goteborg-gamlestaden\/lediga-platser\/","name":"Lediga platser i G\u00f6teborg Gamlestaden - Praktiska Gymnasiet","isPartOf":{"@id":"https:\/\/praktiska.se\/goteborg-gamlestaden\/#website"},"datePublished":"2023-11-13T12:04:32+00:00","dateModified":"2024-03-15T08:01:00+00:00","description":"H\u00e4r hittar du information om omvalsperioden f\u00f6r gymnasievalet och kan se vilka utbildningar vi har lediga platser kvar p\u00e5.","breadcrumb":{"@id":"https:\/\/praktiska.se\/goteborg-gamlestaden\/lediga-platser\/#breadcrumb"},"inLanguage":"sv-SE","potentialAction":[{"@type":"ReadAction","target":["https:\/\/praktiska.se\/goteborg-gamlestaden\/lediga-platser\/"]}]},{"@type":"BreadcrumbList","@id":"https:\/\/praktiska.se\/goteborg-gamlestaden\/lediga-platser\/#breadcrumb","itemListElement":[{"@type":"ListItem","position":1,"name":"Start","item":"https:\/\/praktiska.se\/goteborg-gamlestaden\/"},{"@type":"ListItem","position":2,"name":"Lediga platser"}]},{"@type":"WebSite","@id":"https:\/\/praktiska.se\/goteborg-gamlestaden\/#website","url":"https:\/\/praktiska.se\/goteborg-gamlestaden\/","name":"G\u00f6teborg Gamlestaden","description":"Vi utbildar framtidens arbetskraft","potentialAction":[{"@type":"SearchAction","target":{"@type":"EntryPoint","urlTemplate":"https:\/\/praktiska.se\/goteborg-gamlestaden\/?s={search_term_string}"},"query-input":"required name=search_term_string"}],"inLanguage":"sv-SE"}]}},"_links":{"self":[{"href":"https:\/\/praktiska.se\/goteborg-gamlestaden\/wp-json\/wp\/v2\/pages\/2025"}],"collection":[{"href":"https:\/\/praktiska.se\/goteborg-gamlestaden\/wp-json\/wp\/v2\/pages"}],"about":[{"href":"https:\/\/praktiska.se\/goteborg-gamlestaden\/wp-json\/wp\/v2\/types\/page"}],"author":[{"embeddable":true,"href":"https:\/\/praktiska.se\/goteborg-gamlestaden\/wp-json\/wp\/v2\/users\/1"}],"replies":[{"embeddable":true,"href":"https:\/\/praktiska.se\/goteborg-gamlestaden\/wp-json\/wp\/v2\/comments?post=2025"}],"version-history":[{"count":10,"href":"https:\/\/praktiska.se\/goteborg-gamlestaden\/wp-json\/wp\/v2\/pages\/2025\/revisions"}],"predecessor-version":[{"id":2934,"href":"https:\/\/praktiska.se\/goteborg-gamlestaden\/wp-json\/wp\/v2\/pages\/2025\/revisions\/2934"}],"wp:attachment":[{"href":"https:\/\/praktiska.se\/goteborg-gamlestaden\/wp-json\/wp\/v2\/media?parent=2025"}],"curies":[{"name":"wp","href":"https:\/\/api.w.org\/{rel}","templated":true}]}}