{"id":3429,"date":"2025-08-20T09:49:32","date_gmt":"2025-08-20T07:49:32","guid":{"rendered":""},"modified":"2026-04-07T08:49:27","modified_gmt":"2026-04-07T06:49:27","slug":"individuellt-alternativ","status":"publish","type":"program_orientation","link":"https:\/\/praktiska.se\/gavle\/program\/introduktionsprogram\/individuellt-alternativ\/","title":{"rendered":"Individuellt alternativ"},"content":{"rendered":"\n\t\n\t\n\t\n\t\n\t\n\n<section \n\tclass=\"ams-hero ams-hero--classic ams-hero--75 c-block l-stacked  \"\n\tdata-color-scheme=\"hero\"\n\tstyle=\"\">\n\t<div class=\"ams-hero__container u-items-start u-justify-center\">\n\t\t<div\n\t\t\tclass=\"ams-hero__content l-stack l-stack-xl is-left is-left@md\" >\n\t\t\t<div class=\"l-stack l-stack-lg\">\n\t\t\t\t\t\n\t<div\n\tclass=\"c-heading u-font-huge \"\n\tstyle=\"\">\n\t\t\n\t\t\t\t\t\t\t\t\t<span class=\"c-heading__sub is-above u-font-title-3\">\n\t\t\t\t\tIntroduktionsprogram\n\t\t\t\t<\/span>\n\t\t\t\tIndividuellt alternativ\n\t\t\t\t\t\t\t\n\t<\/div>\n\n\t\t\t\t\t\t\t\t\t<div class=\"text l-stack u-font-body\">\n\t\t\t\t\t\t<p>Saknar du fler betyg fr\u00e5n grundskolan \u00e4n de som kr\u00e4vs f\u00f6r programinriktat val eller ett yrkesprogram? D\u00e5 kan individuellt alternativ passa dig.<\/p>\n\n\t\t\t\t\t<\/div>\n\t\t\t\t\t\t\t<\/div>\n\n\t\t\t\t\t<\/div>\n\t<\/div>\n\n\t\n\t\t\t\n\t\t\t\t\t\t\t\n\t\t\t\t<div class=\"c-bg c-bg--img\" data-settings=\"{&quot;desktop_settings&quot;:{&quot;size&quot;:&quot;cover&quot;,&quot;position&quot;:&quot;top-right&quot;},&quot;mobile_settings&quot;:{&quot;size&quot;:&quot;cover&quot;,&quot;position&quot;:&quot;top-right&quot;}}\" data-position=\"middle-center\" data-size=\"cover\">\n\t\t\t<img decoding=\"async\" width=\"1200\" height=\"1573\" src=\"https:\/\/praktiska.se\/wp-content\/uploads\/sites\/10\/2023\/12\/allaweb-1200x1573.jpg\" class=\"attachment-xxl size-xxl\" alt=\"F\u00f6rem\u00e5l som representerar Praktiska Gymnasiets yrkesprogram ligger utlagda p\u00e5 m\u00f6rkt tr\u00e4.\" sizes=\"(max-width: 1200px) 100vw, 1200px\" srcset=\"https:\/\/praktiska.se\/wp-content\/uploads\/sites\/10\/2023\/12\/allaweb-1200x1573.jpg 1200w, https:\/\/praktiska.se\/wp-content\/uploads\/sites\/10\/2023\/12\/allaweb-300x393.jpg 300w, https:\/\/praktiska.se\/wp-content\/uploads\/sites\/10\/2023\/12\/allaweb-400x524.jpg 400w, https:\/\/praktiska.se\/wp-content\/uploads\/sites\/10\/2023\/12\/allaweb-600x786.jpg 600w, https:\/\/praktiska.se\/wp-content\/uploads\/sites\/10\/2023\/12\/allaweb-800x1048.jpg 800w, https:\/\/praktiska.se\/wp-content\/uploads\/sites\/10\/2023\/12\/allaweb-1024x1342.jpg 1024w, https:\/\/praktiska.se\/wp-content\/uploads\/sites\/10\/2023\/12\/allaweb.jpg 1465w\" \/>\n\t\t<\/div>\n\t\n<\/section>\n\n\n\n<div class=\"wp-block-columns is-layout-flex wp-container-core-columns-layout-1 wp-block-columns-is-layout-flex\">\n<div class=\"wp-block-column is-layout-flow wp-block-column-is-layout-flow\" style=\"flex-basis:66.66%\">\t\n\t<h1\n\t\n\tclass=\"\n\tc-heading c-heading--icon\n\tu-font-title-1\n\t\n\t\n\t\n\tc-heading--left\n\tc-heading--left@md\n\t\"\n\tdata-color-scheme=\"white\"\n\tstyle=\"\">\n\t\t\t\t\t\t\t\t\t<img decoding=\"async\" src=\"https:\/\/praktiska.se\/wp-content\/uploads\/sites\/10\/2023\/12\/introduktionsprogrampraktiskaikonerinriktningar94x94px.svg\" class=\"attachment-thumbnail size-thumbnail\" alt=\"Ikon i form av en linjal och penna.\" height=\"94\" width=\"94\" \/>\n\t\t\t\t<span class=\"text\">Individuellt alternativ i G\u00e4vle<\/span>\n\t\t\t\t\t\t<\/h1>\n\n\n\n\t<div class=\"module_wrapper ams_remote_pages_module \">\n\t\t\t\t\t\t\t<div class=\"container acf-preamble\">\n\t\t\t\t\t\t<div class=\"row\">\n\t\t\t\t\t\t\t<div class=\"col-12\">\n\t\t\t\t\t\t\t\t\n<p   class=\"site__ingress container text-left  site__text-color--dark  site__free_text--ingress p-0\">\n\tIndividuellt alternativ (IMA) \u00e4r en utbildning som utformas efter varje elev. Utbildningen kan inneh\u00e5lla grundskole\u00e4mnen som du saknar godk\u00e4nda betyg i och hela eller delar av gymnasieskolans \u00e4mnen. N\u00e4r du b\u00f6rjar hos oss utg\u00e5r vi fr\u00e5n vad du kan och anpassar utbildningen f\u00f6r varje enskild elev.<\/p>\n\n\n\t\t\t\t\t\t\t<\/div>\n\t\t\t\t\t\t<\/div>\n\t\t\t\t\t<\/div>\n\t\t\t\t\t\t\t\t\t\t<div class=\"container core-paragraph\">\n\t\t\t\t\t\t<div class=\"row\">\n\t\t\t\t\t\t\t<div class=\"col-12\">\n\t\t\t\t\t\t\t\t\n<p>Alla elever som l\u00e4ser p\u00e5 v\u00e5ra introduktionsprogram har en individuell studieplan som visar vad just din utbildning inneh\u00e5ller. Den \u00e4r anpassad efter dina personliga m\u00e5l, behov och f\u00f6ruts\u00e4ttningar.<\/p>\n\t\t\t\t\t\t\t<\/div>\n\t\t\t\t\t\t<\/div>\n\t\t\t\t\t<\/div>\n\t\t\t\t\t\t\t\t\t\t<div class=\"container core-paragraph\">\n\t\t\t\t\t\t<div class=\"row\">\n\t\t\t\t\t\t\t<div class=\"col-12\">\n\t\t\t\t\t\t\t\t\n<p><strong>Hur s\u00f6ker jag individuellt alternativ?<br><\/strong>Om du riskerar att inte bli beh\u00f6rig till ett nationellt program kan introduktionsprogrammen vara passande f\u00f6r dig. Prata med studie- och yrkesv\u00e4gledaren p\u00e5 din grundskola om du \u00e4r os\u00e4ker p\u00e5 vilket introduktionsprogram som \u00e4r b\u00e4st f\u00f6r dig.<\/p>\n\t\t\t\t\t\t\t<\/div>\n\t\t\t\t\t\t<\/div>\n\t\t\t\t\t<\/div>\n\t\t\t\t\t\t<\/div>\n\n\t<\/div>\n\n\n\n<div class=\"wp-block-column is-layout-flow wp-block-column-is-layout-flow\" style=\"flex-basis:33.33%\"><\/div>\n<\/div>\n\n\n\n\t<div class=\"module_wrapper ams_remote_pages_module \">\n\t\t\n\n<section  class=\"ams-cta ams-cta--stacked c-block l-stacked\" data-color-scheme=\"orange\">\n\t<div class=\"l-container-narrow l-stack l-stack-fluid-2xl u-pt-fluid-3xl-6xl u-pb-fluid-3xl-6xl is-center is-center@md\">\n\t\t\t\t\t<div class=\"ams-cta__intro l-stack l-stack-lg\">\n\t\t\t\t\t\n\t<h2\n\tclass=\"c-heading u-font-title-1 \"\n\tstyle=\"\">\n\t\t\n\t\t\t\t\tVill du bes\u00f6ka oss?\n\t\t\t\t\n\t<\/h2>\n\n\t\t\t\t\t\t\t\t\t<div class=\"c-text l-stack u-cs-xl u-font-body\">\n\t\t\t\t\t\t<p><span data-sheets-value=\"{&quot;1&quot;:2,&quot;2&quot;:&quot;Alla v\u00e5ra gymnasieprogram p\u00e5 Sj\u00f6lins \u00e4r h\u00f6gskolef\u00f6rberedande och ger dig en tydlig koppling till samh\u00e4llet genom case-arbete.\\n\\n\\n&quot;}\" data-sheets-userformat=\"{&quot;2&quot;:5025,&quot;3&quot;:{&quot;1&quot;:0},&quot;8&quot;:{&quot;1&quot;:[{&quot;1&quot;:2,&quot;2&quot;:0,&quot;5&quot;:{&quot;1&quot;:2,&quot;2&quot;:0}},{&quot;1&quot;:0,&quot;2&quot;:0,&quot;3&quot;:3},{&quot;1&quot;:1,&quot;2&quot;:0,&quot;4&quot;:1}]},&quot;10&quot;:0,&quot;11&quot;:4,&quot;12&quot;:0,&quot;15&quot;:&quot;Roboto&quot;}\"> Kom p\u00e5 \u00f6ppet hus och prata med l\u00e4rare och elever fr\u00e5n alla v\u00e5ra program och se dig om i v\u00e5ra lokaler. Du kan ocks\u00e5 anm\u00e4la dig till elev f\u00f6r en dag och h\u00e4nga med p\u00e5 en vanlig skoldag och k\u00e4nna hur det \u00e4r att vara elev hos oss. <\/span><\/p>\n\n\t\t\t\t\t<\/div>\n\t\t\t\t\t\t\t<\/div>\n\t\t\n\t\t\n\t\t\t<div class=\"ams-cta__action u-inline-items\">\n\t\t\t\t\t\t\t\n\n\n<a href=\"https:\/\/praktiska.se\/gavle\/oppet-hus\/\"\n\t\n\tclass=\"c-btn \"\n\tdata-style=\"round\"\n\tdata-size=\"md\"\n\tdata-width=\"full-mobile\"\n\tdata-variant=\"default\"\n\ttarget=\"_self\">\n\t\t\t<span class=\"label\"> Kom p\u00e5 \u00f6ppet hus<\/span>\n\t\t\t<\/a>\n\t\t\t\t\t\t\t\n\n\n<a href=\"https:\/\/praktiska.se\/gavle\/elev-for-en-dag\/\"\n\t\n\tclass=\"c-btn \"\n\tdata-style=\"round\"\n\tdata-size=\"md\"\n\tdata-width=\"full-mobile\"\n\tdata-variant=\"outline\"\n\ttarget=\"_self\">\n\t\t\t<span class=\"label\"> Bli elev f\u00f6r en dag<\/span>\n\t\t\t<\/a>\n\t\t\t<\/div>\n\t<\/div>\n\n\t\t\n\t\t\t\n\t\t\t\t\t\t\t\n\t\t\t\t<div class=\"c-bg c-bg--img\" data-settings=\"{&quot;desktop_settings&quot;:{&quot;size&quot;:&quot;cover&quot;,&quot;position&quot;:&quot;middle-center&quot;},&quot;mobile_settings&quot;:{&quot;size&quot;:&quot;cover&quot;,&quot;position&quot;:&quot;middle-center&quot;}}\" data-position=\"middle-center\" data-size=\"cover\">\n\t\t\t\n\t\t<\/div>\n\t\n<\/section>\n\t<\/div>\n\n\t\n\n\n\n<section  class=\"ams-courses-list c-block l-stacked\" data-color-scheme=\"kurslistning\">\n\t<div class=\"l-container l-stack l-stack-fluid-2xl u-pt-fluid-md-xl u-pb-fluid-3xl-6xl is-center is-center@md\">\n\t\t\t\t\t<div class=\"ams-courses-list__intro l-stack l-stack-lg\">\n\t\t\t\t\t\n\t<h2\n\tclass=\"c-heading u-font-title-1 \"\n\tstyle=\"\">\n\t\t\n\t\t\t\t\tAndra Introduktions\u00adprogram\n\t\t\t\t\n\t<\/h2>\n\n\t\t\t\t\t\t\t\t\t<div class=\"c-text l-stack u-cs-xl u-font-body\">\n\t\t\t\t\t\t<p>Kolla in alla andra introduktionsprogram p\u00e5 Praktiska Gymnasiet.<\/p>\n\n\t\t\t\t\t<\/div>\n\t\t\t\t\t\t\t<\/div>\n\t\t\n\t\t\n\t\t\t\n<ul class=\"ams-courses-list__list l-grid u-gap-fluid-2xl-4xl u-justify-center\">\n\t\t\t<li class=\"l-col-6@md l-col-4@lg\">\n\t\t\t<article class=\"c-card has-media-zoom  \"\n\t\t\t\t\t\tdata-variant=\"border-top\"\n\t\t\t\t\t\tdata-style=\"square\"\n\t\t\t\t\t\tdata-click-area>\n\t\t\t\t<div class=\"c-card__content l-stack l-stack-sm\">\n\t\t\t\t\t\t\t\t\t\t\t<h3 class=\"c-card__title u-font-title-3\">\n\t\t\t\t\t\t\t\t\t\t\t\t\t\t\t<a class=\"c-card__title-link\" href=\"https:\/\/praktiska.se\/gavle\/program\/introduktionsprogram\/programinriktat-val\/\">\n\t\t\t\t\t\t\t\t\tPrograminriktat val\n\t\t\t\t\t\t\t\t<\/a>\n\t\t\t\t\t\t\t\t\t\t\t\t\t<\/h3>\n\t\t\t\t\t\n\t\t\t\t\t\n\t\t\t\t\t\t\t\t\t\t\t\t\t\t\t\t<ul class=\"c-card__list u-list-none l-stack-grow u-divider-top u-font-body\">\n\t\t\t\t\t\t\t\t\t\t\t\t\t\t\t<li>\n\t\t\t\t\t\t\t\t\t<strong>Program<\/strong>\n\t\t\t\t\t\t\t\t\t<ul class=\"u-list-dash\">\n\t\t\t\t\t\t\t\t\t\t\t\t\t\t\t\t\t\t\t\t\t<li>Introduktionsprogram<\/li>\n\t\t\t\t\t\t\t\t\t\t\t\t\t\t\t\t\t\t\t<\/ul>\n\t\t\t\t\t\t\t\t<\/li>\n\t\t\t\t\t\t\t\n\t\t\t\t\t\t\t\t\t\t\t\t\t\t\t\t\t\t\t\t\t\t\t\t\t\t\t\t<\/ul>\n\n\t\t\t\t\t\t<div class=\"c-card__icon c-card__icon--nl\">\n\t\t\t\t\t\t\t\t\t\t\t\t\t\t<svg class=\"ams-icon ams-icon--arrow-right\" width=\"32\" height=\"32\" viewbox=\"0 0 32 32\" fill=\"currentColor\" aria-hidden=\"true\" xmlns=\"http:\/\/www.w3.org\/2000\/svg\">\n\t\t\t\t\t\t\t\t\t\t\t\t\t\t\t\t<path d=\"M15.4617 0.252159L14.9567 0.75931C14.6219 1.09545 14.6219 1.64048 14.9567 1.97669L27.7062 14.7806H0.857144C0.383786 14.7806 0 15.166 0 15.6414V16.3587C0 16.8341 0.383786 17.2195 0.857144 17.2195H27.7062L14.9567 30.0234C14.6219 30.3595 14.6219 30.9045 14.9567 31.2407L15.4617 31.7479C15.7964 32.084 16.3392 32.084 16.6739 31.7479L31.749 16.6087C32.0837 16.2725 32.0837 15.7275 31.749 15.3913L16.6739 0.252159C16.3392 -0.084053 15.7964 -0.084053 15.4617 0.252159Z\"\/>\n\t\t\t\t\t\t\t\n\t\t\t\t\t\t\t<\/svg>\n\t\t\t\t\t\t<\/div>\n\t\t\t\t\t\t\t\t\t<\/div>\n\t\t\t\t<div class=\"c-card__media \" style=\" \">\n\t\t\t\t\t<img decoding=\"async\" width=\"347\" height=\"260\" src=\"https:\/\/praktiska.se\/wp-content\/uploads\/sites\/10\/2023\/12\/allaweb347x260px.jpg\" class=\"attachment-sm size-sm wp-post-image\" alt=\"F\u00f6rem\u00e5l som representerar Praktiska Gymnasiets yrkesprogram ligger utlagda p\u00e5 m\u00f6rkt tr\u00e4.\" sizes=\"(min-width: 64em) 300px, (min-width: 48em) calc(.50 * (100vw - 240px)), calc(100vw - 160px)\" srcset=\"https:\/\/praktiska.se\/wp-content\/uploads\/sites\/10\/2023\/12\/allaweb347x260px.jpg 347w, https:\/\/praktiska.se\/wp-content\/uploads\/sites\/10\/2023\/12\/allaweb347x260px-300x225.jpg 300w\" \/>\n\t\t\t\t<\/div>\n\t\t\t<\/article>\n\t\t<\/li>\n\t\t\t<li class=\"l-col-6@md l-col-4@lg\">\n\t\t\t<article class=\"c-card has-media-zoom  \"\n\t\t\t\t\t\tdata-variant=\"border-top\"\n\t\t\t\t\t\tdata-style=\"square\"\n\t\t\t\t\t\tdata-click-area>\n\t\t\t\t<div class=\"c-card__content l-stack l-stack-sm\">\n\t\t\t\t\t\t\t\t\t\t\t<h3 class=\"c-card__title u-font-title-3\">\n\t\t\t\t\t\t\t\t\t\t\t\t\t\t\t<a class=\"c-card__title-link\" href=\"https:\/\/praktiska.se\/gavle\/program\/introduktionsprogram\/yrkesintroduktion\/\">\n\t\t\t\t\t\t\t\t\tYrkesintroduktion\n\t\t\t\t\t\t\t\t<\/a>\n\t\t\t\t\t\t\t\t\t\t\t\t\t<\/h3>\n\t\t\t\t\t\n\t\t\t\t\t\n\t\t\t\t\t\t\t\t\t\t\t\t\t\t\t\t<ul class=\"c-card__list u-list-none l-stack-grow u-divider-top u-font-body\">\n\t\t\t\t\t\t\t\t\t\t\t\t\t\t\t<li>\n\t\t\t\t\t\t\t\t\t<strong>Program<\/strong>\n\t\t\t\t\t\t\t\t\t<ul class=\"u-list-dash\">\n\t\t\t\t\t\t\t\t\t\t\t\t\t\t\t\t\t\t\t\t\t<li>Introduktionsprogram<\/li>\n\t\t\t\t\t\t\t\t\t\t\t\t\t\t\t\t\t\t\t<\/ul>\n\t\t\t\t\t\t\t\t<\/li>\n\t\t\t\t\t\t\t\n\t\t\t\t\t\t\t\t\t\t\t\t\t\t\t\t\t\t\t\t\t\t\t\t\t\t\t\t<\/ul>\n\n\t\t\t\t\t\t<div class=\"c-card__icon c-card__icon--nl\">\n\t\t\t\t\t\t\t\t\t\t\t\t\t\t<svg class=\"ams-icon ams-icon--arrow-right\" width=\"32\" height=\"32\" viewbox=\"0 0 32 32\" fill=\"currentColor\" aria-hidden=\"true\" xmlns=\"http:\/\/www.w3.org\/2000\/svg\">\n\t\t\t\t\t\t\t\t\t\t\t\t\t\t\t\t<path d=\"M15.4617 0.252159L14.9567 0.75931C14.6219 1.09545 14.6219 1.64048 14.9567 1.97669L27.7062 14.7806H0.857144C0.383786 14.7806 0 15.166 0 15.6414V16.3587C0 16.8341 0.383786 17.2195 0.857144 17.2195H27.7062L14.9567 30.0234C14.6219 30.3595 14.6219 30.9045 14.9567 31.2407L15.4617 31.7479C15.7964 32.084 16.3392 32.084 16.6739 31.7479L31.749 16.6087C32.0837 16.2725 32.0837 15.7275 31.749 15.3913L16.6739 0.252159C16.3392 -0.084053 15.7964 -0.084053 15.4617 0.252159Z\"\/>\n\t\t\t\t\t\t\t\n\t\t\t\t\t\t\t<\/svg>\n\t\t\t\t\t\t<\/div>\n\t\t\t\t\t\t\t\t\t<\/div>\n\t\t\t\t<div class=\"c-card__media \" style=\" \">\n\t\t\t\t\t<img decoding=\"async\" width=\"347\" height=\"260\" src=\"https:\/\/praktiska.se\/wp-content\/uploads\/sites\/10\/2023\/12\/allaweb347x260px.jpg\" class=\"attachment-sm size-sm wp-post-image\" alt=\"F\u00f6rem\u00e5l som representerar Praktiska Gymnasiets yrkesprogram ligger utlagda p\u00e5 m\u00f6rkt tr\u00e4.\" sizes=\"(min-width: 64em) 300px, (min-width: 48em) calc(.50 * (100vw - 240px)), calc(100vw - 160px)\" srcset=\"https:\/\/praktiska.se\/wp-content\/uploads\/sites\/10\/2023\/12\/allaweb347x260px.jpg 347w, https:\/\/praktiska.se\/wp-content\/uploads\/sites\/10\/2023\/12\/allaweb347x260px-300x225.jpg 300w\" \/>\n\t\t\t\t<\/div>\n\t\t\t<\/article>\n\t\t<\/li>\n\t<\/ul>\n\t\n\n\t\t\t<\/div>\n\n\t\t\n\n<\/section>\n","protected":false},"excerpt":{"rendered":"","protected":false},"featured_media":2870,"parent":2867,"menu_order":0,"template":"","yoast_head":"<!-- This site is optimized with the Yoast SEO plugin v22.0 - https:\/\/yoast.com\/wordpress\/plugins\/seo\/ -->\n<title>G\u00e4vle<\/title>\n<meta name=\"robots\" content=\"index, follow, max-snippet:-1, max-image-preview:large, max-video-preview:-1\" \/>\n<link rel=\"canonical\" href=\"https:\/\/praktiska.se\/gavle\/program\/introduktionsprogram\/individuellt-alternativ\/\" \/>\n<meta property=\"og:locale\" content=\"sv_SE\" \/>\n<meta property=\"og:type\" content=\"article\" \/>\n<meta property=\"og:url\" content=\"https:\/\/praktiska.se\/gavle\/program\/introduktionsprogram\/individuellt-alternativ\/\" \/>\n<meta property=\"og:site_name\" content=\"G\u00e4vle\" \/>\n<meta property=\"article:modified_time\" content=\"2026-04-07T06:49:27+00:00\" \/>\n<meta property=\"og:image\" content=\"https:\/\/praktiska.se\/wp-content\/uploads\/sites\/10\/2023\/12\/allaweb347x260px.jpg\" \/>\n\t<meta property=\"og:image:width\" content=\"347\" \/>\n\t<meta property=\"og:image:height\" content=\"260\" \/>\n\t<meta property=\"og:image:type\" content=\"image\/jpeg\" \/>\n<meta name=\"twitter:card\" content=\"summary_large_image\" \/>\n<meta name=\"twitter:image\" content=\"https:\/\/praktiska.se\/wp-content\/uploads\/sites\/10\/2023\/12\/allaweb347x260px.jpg\" \/>\n<meta name=\"twitter:label1\" content=\"Est. reading time\" \/>\n\t<meta name=\"twitter:data1\" content=\"1 minut\" \/>\n<script type=\"application\/ld+json\" class=\"yoast-schema-graph\">{\"@context\":\"https:\/\/schema.org\",\"@graph\":[{\"@type\":\"WebPage\",\"@id\":\"https:\/\/praktiska.se\/gavle\/program\/introduktionsprogram\/individuellt-alternativ\/\",\"url\":\"https:\/\/praktiska.se\/gavle\/program\/introduktionsprogram\/individuellt-alternativ\/\",\"name\":\"Individuellt alternativ - G\u00e4vle\",\"isPartOf\":{\"@id\":\"https:\/\/praktiska.se\/gavle\/#website\"},\"datePublished\":\"2025-08-20T07:49:32+00:00\",\"dateModified\":\"2026-04-07T06:49:27+00:00\",\"breadcrumb\":{\"@id\":\"https:\/\/praktiska.se\/gavle\/program\/introduktionsprogram\/individuellt-alternativ\/#breadcrumb\"},\"inLanguage\":\"sv-SE\",\"potentialAction\":[{\"@type\":\"ReadAction\",\"target\":[\"https:\/\/praktiska.se\/gavle\/program\/introduktionsprogram\/individuellt-alternativ\/\"]}]},{\"@type\":\"BreadcrumbList\",\"@id\":\"https:\/\/praktiska.se\/gavle\/program\/introduktionsprogram\/individuellt-alternativ\/#breadcrumb\",\"itemListElement\":[{\"@type\":\"ListItem\",\"position\":1,\"name\":\"Start\",\"item\":\"https:\/\/praktiska.se\/gavle\"},{\"@type\":\"ListItem\",\"position\":2,\"name\":\"V\u00e5ra program\"}]},{\"@type\":\"WebSite\",\"@id\":\"https:\/\/praktiska.se\/gavle\/#website\",\"url\":\"https:\/\/praktiska.se\/gavle\/\",\"name\":\"G\u00e4vle\",\"description\":\"Vi utbildar framtidens arbetskraft\",\"potentialAction\":[{\"@type\":\"SearchAction\",\"target\":{\"@type\":\"EntryPoint\",\"urlTemplate\":\"https:\/\/praktiska.se\/gavle\/?s={search_term_string}\"},\"query-input\":\"required name=search_term_string\"}],\"inLanguage\":\"sv-SE\"}]}<\/script>\n<!-- \/ Yoast SEO plugin. -->","yoast_head_json":{"title":"G\u00e4vle","robots":{"index":"index","follow":"follow","max-snippet":"max-snippet:-1","max-image-preview":"max-image-preview:large","max-video-preview":"max-video-preview:-1"},"canonical":"https:\/\/praktiska.se\/gavle\/program\/introduktionsprogram\/individuellt-alternativ\/","og_locale":"sv_SE","og_type":"article","og_url":"https:\/\/praktiska.se\/gavle\/program\/introduktionsprogram\/individuellt-alternativ\/","og_site_name":"G\u00e4vle","article_modified_time":"2026-04-07T06:49:27+00:00","og_image":[{"url":"https:\/\/praktiska.se\/wp-content\/uploads\/sites\/10\/2023\/12\/allaweb347x260px.jpg","width":347,"height":260,"type":"image\/jpeg"}],"twitter_card":"summary_large_image","twitter_image":"https:\/\/praktiska.se\/wp-content\/uploads\/sites\/10\/2023\/12\/allaweb347x260px.jpg","twitter_misc":{"Est. reading time":"1 minut"},"schema":{"@context":"https:\/\/schema.org","@graph":[{"@type":"WebPage","@id":"https:\/\/praktiska.se\/gavle\/program\/introduktionsprogram\/individuellt-alternativ\/","url":"https:\/\/praktiska.se\/gavle\/program\/introduktionsprogram\/individuellt-alternativ\/","name":"Individuellt alternativ - G\u00e4vle","isPartOf":{"@id":"https:\/\/praktiska.se\/gavle\/#website"},"datePublished":"2025-08-20T07:49:32+00:00","dateModified":"2026-04-07T06:49:27+00:00","breadcrumb":{"@id":"https:\/\/praktiska.se\/gavle\/program\/introduktionsprogram\/individuellt-alternativ\/#breadcrumb"},"inLanguage":"sv-SE","potentialAction":[{"@type":"ReadAction","target":["https:\/\/praktiska.se\/gavle\/program\/introduktionsprogram\/individuellt-alternativ\/"]}]},{"@type":"BreadcrumbList","@id":"https:\/\/praktiska.se\/gavle\/program\/introduktionsprogram\/individuellt-alternativ\/#breadcrumb","itemListElement":[{"@type":"ListItem","position":1,"name":"Start","item":"https:\/\/praktiska.se\/gavle"},{"@type":"ListItem","position":2,"name":"V\u00e5ra program"}]},{"@type":"WebSite","@id":"https:\/\/praktiska.se\/gavle\/#website","url":"https:\/\/praktiska.se\/gavle\/","name":"G\u00e4vle","description":"Vi utbildar framtidens arbetskraft","potentialAction":[{"@type":"SearchAction","target":{"@type":"EntryPoint","urlTemplate":"https:\/\/praktiska.se\/gavle\/?s={search_term_string}"},"query-input":"required name=search_term_string"}],"inLanguage":"sv-SE"}]}},"_links":{"self":[{"href":"https:\/\/praktiska.se\/gavle\/wp-json\/wp\/v2\/program_orientation\/3429"}],"collection":[{"href":"https:\/\/praktiska.se\/gavle\/wp-json\/wp\/v2\/program_orientation"}],"about":[{"href":"https:\/\/praktiska.se\/gavle\/wp-json\/wp\/v2\/types\/program_orientation"}],"version-history":[{"count":5,"href":"https:\/\/praktiska.se\/gavle\/wp-json\/wp\/v2\/program_orientation\/3429\/revisions"}],"predecessor-version":[{"id":3450,"href":"https:\/\/praktiska.se\/gavle\/wp-json\/wp\/v2\/program_orientation\/3429\/revisions\/3450"}],"up":[{"embeddable":true,"href":"https:\/\/praktiska.se\/gavle\/wp-json\/wp\/v2\/program_orientation\/2867"}],"wp:featuredmedia":[{"embeddable":true,"href":"https:\/\/praktiska.se\/gavle\/wp-json\/wp\/v2\/media\/2870"}],"wp:attachment":[{"href":"https:\/\/praktiska.se\/gavle\/wp-json\/wp\/v2\/media?parent=3429"}],"curies":[{"name":"wp","href":"https:\/\/api.w.org\/{rel}","templated":true}]}}