{"id":94,"date":"2023-02-14T11:25:26","date_gmt":"2023-02-14T10:25:26","guid":{"rendered":"https:\/\/praktiska.se\/gavle\/?page_id=94"},"modified":"2025-02-17T11:13:40","modified_gmt":"2025-02-17T10:13:40","slug":"kontakt","status":"publish","type":"page","link":"https:\/\/praktiska.se\/gavle\/kontakt\/","title":{"rendered":"Kontakta oss"},"content":{"rendered":"\n\t<div class=\"module_wrapper ams_remote_pages_module \">\n\t\t\n\t\n\t\n<section  class=\"ams-map ams-map--fifty c-block  media-bottom media-right \" data-color-scheme=\"karta-gra\" data-locations=\"[{&quot;id&quot;:&quot;3327&quot;,&quot;county&quot;:&quot;G\\u00e4vleborgs l\\u00e4n&quot;,&quot;city&quot;:&quot;G\\u00e4vle &quot;,&quot;school&quot;:&quot;G\\u00e4vle&quot;,&quot;title&quot;:&quot;Praktiska Gymnasiet G\\u00e4vle&quot;,&quot;phone&quot;:&quot;026545440&quot;,&quot;phone_formatted&quot;:&quot;026-545440&quot;,&quot;email&quot;:&quot;gavle@praktiska.se&quot;,&quot;visiting_address&quot;:{&quot;address&quot;:&quot;F\\u00f6rr\\u00e5dsgatan 5&quot;,&quot;zip_code&quot;:&quot;803 09&quot;,&quot;city&quot;:&quot;G\\u00e4vle&quot;},&quot;postal_address&quot;:{&quot;address&quot;:&quot;F\\u00f6rr\\u00e5dsgatan 5&quot;,&quot;zip_code&quot;:&quot;803 09&quot;,&quot;city&quot;:&quot;G\\u00e4vle&quot;},&quot;address_map&quot;:&quot;F\\u00f6rr\\u00e5dsgatan 5, G\\u00e4vle, Sverige&quot;,&quot;lat&quot;:60.681238,&quot;lng&quot;:17.1542354,&quot;link&quot;:{&quot;url&quot;:&quot;https:\\\/\\\/praktiska.se\\\/gavle\\\/&quot;,&quot;text&quot;:&quot;&quot;}}]\">\n\t<div class=\"ams-map__content u-pt-fluid-3xl-6xl u-pb-fluid-3xl-6xl l-stack l-stack-fluid-xl is-left is-left@lg\">\n\t\t\t\n\t<h1\n\tclass=\"c-heading u-font-title-1 \"\n\tstyle=\"\">\n\t\t\n\t\t\t\t\tH\u00e4r finns vi\n\t\t\t\t\n\t<\/h1>\n\n\t\t\t\t\t<div class=\"c-text l-stack u-cs-xl u-font-body\">\n\t\t\t\t<p>Fr\u00e5n h\u00f6stterminen 2024 sker fr\u00e5nvaroanm\u00e4lan endast via <a href=\"https:\/\/sms.schoolsoft.se\/vindora\/jsp\/Login.jsp\">SchoolSoft<\/a>. Myndig elev eller v\u00e5rdnadshavare till omyndig elev loggar in via l\u00e4nken nedan. Myndig elev loggar in med sina anv\u00e4ndaruppgifter och v\u00e5rdnadshavare till omyndig elev loggar in med BankID.<br \/>\n<strong>F\u00f6r v\u00e5rdnadshavare<\/strong>: <a href=\"https:\/\/praktiska.se\/wp-content\/uploads\/sites\/10\/2024\/08\/praktiska-gymnasiet-6.pdf\" target=\"_blank\" rel=\"noopener\">S\u00e5 h\u00e4r anm\u00e4ler du fr\u00e5nvaro f\u00f6r ditt barn i Schoolsoft<\/a><br \/>\n<strong>F\u00f6r myndiga elever:<\/strong> <a href=\"https:\/\/praktiska.se\/wp-content\/uploads\/sites\/10\/2024\/08\/praktiska-gymnasiet-franvaroanmalan-elev.pdf\" target=\"_blank\" rel=\"noopener\">S\u00e5 h\u00e4r anm\u00e4ler du din fr\u00e5nvaro i Schoolsoft<\/a><\/p>\n<p><strong>Fr\u00e5nvaroanm\u00e4lan<\/strong>: <a href=\"https:\/\/sms.schoolsoft.se\/vindora\/jsp\/Login.jsp\">G\u00f6rs via Schoolsoft\u00a0<\/a><\/p>\n<p>&nbsp;<\/p>\n\n\t\t\t<\/div>\n\t\t\n\t\t\t\t\t<div class=\"contact-info l-stack\">\n\t\t\t\t\t\t\t\t\t<div class=\"contact-info__item\">\n\t\t\t\t\t\t<p class=\"contact-info__heading u-font-title-4\">\n\t\t\t\t\t\t\tBes\u00f6ksadress\n\t\t\t\t\t\t<\/p>\n\t\t\t\t\t\t<p>\n\t\t\t\t\t\t\t\t\t\t\t\t\t\t\tF\u00f6rr\u00e5dsgatan 5<br \/>\n\t\t\t\t\t\t\t\t\t\t\t\t\t\t803 09 G\u00e4vle\n\t\t\t\t\t\t<\/p>\n\t\t\t\t\t<\/div>\n\t\t\t\t\n\t\t\t\t\n\t\t\t\t\t\t\t\t\t<div class=\"contact-info__item\">\n\t\t\t\t\t\t<p class=\"contact-info__heading u-font-title-4\">\n\t\t\t\t\t\t\tKontakt\n\t\t\t\t\t\t<\/p>\n\t\t\t\t\t\t<p>\n\t\t\t\t\t\t\t\t\t\t\t\t\t\t\t<a href=\"tel:026545440\">026-545440<\/a><br \/>\n\t\t\t\t\t\t\t\t\t\t\t\t\t\t\t\t\t\t\t\t\t\t<a href=\"mailto:gavle@praktiska.se\">gavle@praktiska.se<\/a>\n\t\t\t\t\t\t\t\t\t\t\t\t\t<\/p>\n\t\t\t\t\t<\/div>\n\t\t\t\t\t\t\t<\/div>\n\t\t\t<\/div>\n\n\t<div class=\"ams-map__media\">\n\t<\/div>\n<\/section>\n\t<\/div>\n\n\t\n\n\n<section \n\t\t class=\"\n\t\t ams-contact\n\t\t \n\t\t c-block l-stacked\n\t\t \n\t\t \n\t\t js-load-more\n\t\t \"\n\t\t data-color-scheme=\"white\"\n\t\t\t\t\tdata-count=\"50\"\n\t\t\t\t\t\t\tdata-count-mobile=\"2\"\n\t\t\t\t>\n\t<div\n\t\t class=\"\n\t\t l-container\n\t\t l-stack l-stack-fluid-2xl\n\t\t u-pt-fluid-3xl-6xl\n\t\t u-pb-fluid-3xl-6xl\n\t\t is-center\n\t\t is-center@md\n\t\t \">\n\t\t\t\t\t<div class=\"ams-contact__intro l-stack l-stack-lg\">\n\t\t\t\t\t\n\t<h2\n\tclass=\"c-heading u-font-title-1 \"\n\tstyle=\"\">\n\t\t\n\t\t\t\t\tLedning\n\t\t\t\t\n\t<\/h2>\n\n\t\t\t\t\t\t\t<\/div>\n\t\t\n\t\t\n\t\t    \t\n\t\t\n\t\t<ul\n\t\t\tid=\"contact-grid-69f0efb9abea7\"\n\t\t\tclass=\"ams-contact__list l-grid u-gap-fluid-2xl-4xl u-justify-center js-results \"\n\t\t\taria-label=\"Kontakter\"\n\t\t\tdata-filter-animation=\"off\"\n\t\t\t>\n\t\t\t\t\t\t\t\t\t\t\t\n\t\t\t\t\n\t\t\t\t<li class=\"l-col-6@md l-col-4@lg \" data-filter=\"ledning\">\n\t\t\t\t\t<article class=\"c-card \" data-variant=\"neutral\">\n\t\t\t\t\t\t<div class=\"c-card__content u-text-center\">\n\t\t\t\t\t\t\t\t\t\t\t\t\t\t\t<h3 class=\"c-card__title u-font-title-3\">\n\t\t\t\t\t\t\t\t\tPawel Hedberg\n\t\t\t\t\t\t\t\t<\/h3>\n\t\t\t\t\t\t\t\n\t\t\t\t\t\t\t\t\t\t\t\t\t\t\t<p class=\"position u-font-body\">Rektor<\/p>\n\t\t\t\t\t\t\t\n\t\t\t\t\t\t\t\t\t\t\t\t\t\t\t<div class=\"contact-info u-font-body\">\n\t\t\t\t\t\t\t\t\t\t\t\t\t\t\t\t\t\t\t\t\t\t\t\t\t\t\t\t\t\t<p class=\"phone\"><a\n\t\t\t\t\t\t\t\t\t\t\t\t\thref=\"tel:026637385\"\n\t\t\t\t\t\t\t\t\t\t\t\t\tclass=\"u-text-link\">026-63 73 85<\/a>\n\t\t\t\t\t\t\t\t\t\t\t<\/p>\n\t\t\t\t\t\t\t\t\t\t\t\t\t\t\t\t\t\t\t\n\t\t\t\t\t\t\t\t\t\t\t\t\t\t\t\t\t\t\t\t\t\t\t\t\t\t\t\t\t\t<p class=\"email\"><a\n\t\t\t\t\t\t\t\t\t\t\t\t\thref=\"&#109;&#097;i&#108;&#116;o:&#112;&#097;we&#108;&#046;&#104;ed&#098;&#101;rg&#064;prak&#116;isk&#097;&#046;&#115;&#101;\"\n\t\t\t\t\t\t\t\t\t\t\t\t\tclass=\"u-text-link\">p&#097;&#119;&#101;&#108;&#046;hedbe&#114;g&#064;&#112;&#114;&#097;&#107;t&#105;&#115;k&#097;&#046;&#115;&#101;<\/a>\n\t\t\t\t\t\t\t\t\t\t\t<\/p>\n\t\t\t\t\t\t\t\t\t\t\t\t\t\t\t\t\t\t\t\t\t\t\t\t\t\t\t<\/div>\n\t\t\t\t\t\t\t\n\t\t\t\t\t\t\t\t\t\t\t\t\t<\/div>\n\t\t\t\t\t\t<div class=\"c-card__media\">\n\t\t\t\t\t\t\t\t\t\t\t\t\t\t\t\t\t\t\t\t\t\t\t\t\t\t\t\t\t\t\t\t\t\t\t\t\t\t\t\t\t\t\t\t\t\t\t\t\t<img decoding=\"async\" width=\"300\" height=\"240\" src=\"https:\/\/praktiska.se\/wp-content\/uploads\/sites\/10\/2023\/11\/pawel-hedberg.jpeg\" class=\"u-radius-round u-ratio-landscape  \" alt=\"Personportr\u00e4tt\" sizes=\"(max-width: 300px) 100vw, 300px\" \/>\n\t\t\t\t\t\t<\/div>\n\t\t\t\t\t<\/article>\n\t\t\t\t<\/li>\n\t\t\t\t\t\t\t\t\t\t\t\n\t\t\t\t\n\t\t\t\t<li class=\"l-col-6@md l-col-4@lg \" data-filter=\"elevhalsa ledning\">\n\t\t\t\t\t<article class=\"c-card \" data-variant=\"neutral\">\n\t\t\t\t\t\t<div class=\"c-card__content u-text-center\">\n\t\t\t\t\t\t\t\t\t\t\t\t\t\t\t<h3 class=\"c-card__title u-font-title-3\">\n\t\t\t\t\t\t\t\t\tElisabet \u00d6vermalm\n\t\t\t\t\t\t\t\t<\/h3>\n\t\t\t\t\t\t\t\n\t\t\t\t\t\t\t\t\t\t\t\t\t\t\t<p class=\"position u-font-body\">Bitr\u00e4dande rektor, Specialpedagog<\/p>\n\t\t\t\t\t\t\t\n\t\t\t\t\t\t\t\t\t\t\t\t\t\t\t<div class=\"contact-info u-font-body\">\n\t\t\t\t\t\t\t\t\t\t\t\t\t\t\t\t\t\t\t\t\t\t\t\t\t\t\t\t\t\t<p class=\"phone\"><a\n\t\t\t\t\t\t\t\t\t\t\t\t\thref=\"tel:026637382\"\n\t\t\t\t\t\t\t\t\t\t\t\t\tclass=\"u-text-link\">026-63 73 82<\/a>\n\t\t\t\t\t\t\t\t\t\t\t<\/p>\n\t\t\t\t\t\t\t\t\t\t\t\t\t\t\t\t\t\t\t\n\t\t\t\t\t\t\t\t\t\t\t\t\t\t\t\t\t\t\t\t\t\t\t\t\t\t\t\t\t\t<p class=\"email\"><a\n\t\t\t\t\t\t\t\t\t\t\t\t\thref=\"mai&#108;&#116;o&#058;&#101;&#108;&#105;&#115;a&#098;e&#116;&#046;o&#118;&#101;rmal&#109;&#064;pr&#097;k&#116;iska&#046;&#115;&#101;\"\n\t\t\t\t\t\t\t\t\t\t\t\t\tclass=\"u-text-link\">&#101;&#108;&#105;sab&#101;&#116;.&#111;ve&#114;&#109;alm&#064;&#112;&#114;a&#107;ti&#115;k&#097;.se<\/a>\n\t\t\t\t\t\t\t\t\t\t\t<\/p>\n\t\t\t\t\t\t\t\t\t\t\t\t\t\t\t\t\t\t\t\t\t\t\t\t\t\t\t<\/div>\n\t\t\t\t\t\t\t\n\t\t\t\t\t\t\t\t\t\t\t\t\t<\/div>\n\t\t\t\t\t\t<div class=\"c-card__media\">\n\t\t\t\t\t\t\t\t\t\t\t\t\t\t\t\t\t\t\t\t\t\t\t\t\t\t\t\t\t\t\t\t\t\t\t\t\t\t\t\t\t\t\t\t\t\t\t\t\t<img decoding=\"async\" width=\"240\" height=\"361\" src=\"https:\/\/praktiska.se\/wp-content\/uploads\/sites\/10\/2023\/03\/teacher2991.jpg\" class=\"u-radius-round u-ratio-landscape  \" alt=\"Ett personfoto.\" sizes=\"(max-width: 300px) 100vw, 300px\" \/>\n\t\t\t\t\t\t<\/div>\n\t\t\t\t\t<\/article>\n\t\t\t\t<\/li>\n\t\t\t\t\t<\/ul>\n\n\t\t\n\t\t    <div class=\"ams-contact__more u-inline-items js-load-more-btn\">\n        <button href=\"#\"\n                class=\"c-btn\"\n                data-style=\"round\"\n                data-size=\"md\"\n                data-width=\"full-mobile\"\n                data-variant=\"outline\">\n        \tVisa mer\n        <\/button>\n    <\/div>\n\n\t\t\t<\/div>\n\n\t\t\n\n<\/section>\n\n\n\n<section \n\t\t class=\"\n\t\t ams-contact\n\t\t \n\t\t c-block l-stacked\n\t\t \n\t\t \n\t\t js-load-more\n\t\t \"\n\t\t data-color-scheme=\"white\"\n\t\t\t\t\tdata-count=\"50\"\n\t\t\t\t\t\t\tdata-count-mobile=\"2\"\n\t\t\t\t>\n\t<div\n\t\t class=\"\n\t\t l-container\n\t\t l-stack l-stack-fluid-2xl\n\t\t u-pt-fluid-3xl-6xl\n\t\t u-pb-fluid-3xl-6xl\n\t\t is-center\n\t\t is-center@md\n\t\t \">\n\t\t\t\t\t<div class=\"ams-contact__intro l-stack l-stack-lg\">\n\t\t\t\t\t\n\t<h2\n\tclass=\"c-heading u-font-title-1 \"\n\tstyle=\"\">\n\t\t\n\t\t\t\t\t\u00c4mnesl\u00e4rare \n\t\t\t\t\n\t<\/h2>\n\n\t\t\t\t\t\t\t<\/div>\n\t\t\n\t\t\n\t\t    \t\n\t\t\n\t\t<ul\n\t\t\tid=\"contact-grid-69f0efb9b0582\"\n\t\t\tclass=\"ams-contact__list l-grid u-gap-fluid-2xl-4xl u-justify-center js-results \"\n\t\t\taria-label=\"Kontakter\"\n\t\t\tdata-filter-animation=\"off\"\n\t\t\t>\n\t\t\t\t\t\t\t\t\t\t\t\n\t\t\t\t\n\t\t\t\t<li class=\"l-col-6@md l-col-4@lg \" data-filter=\"amneslarare\">\n\t\t\t\t\t<article class=\"c-card \" data-variant=\"neutral\">\n\t\t\t\t\t\t<div class=\"c-card__content u-text-center\">\n\t\t\t\t\t\t\t\t\t\t\t\t\t\t\t<h3 class=\"c-card__title u-font-title-3\">\n\t\t\t\t\t\t\t\t\tHind Dhafer Neamah Al-Asadi\n\t\t\t\t\t\t\t\t<\/h3>\n\t\t\t\t\t\t\t\n\t\t\t\t\t\t\t\t\t\t\t\t\t\t\t<p class=\"position u-font-body\">Matematik, Naturkunskap<\/p>\n\t\t\t\t\t\t\t\n\t\t\t\t\t\t\t\t\t\t\t\t\t\t\t<div class=\"contact-info u-font-body\">\n\t\t\t\t\t\t\t\t\t\n\t\t\t\t\t\t\t\t\t\t\t\t\t\t\t\t\t\t\t\t\t\t\t\t\t\t\t\t\t\t<p class=\"email\"><a\n\t\t\t\t\t\t\t\t\t\t\t\t\thref=\"&#109;&#097;&#105;l&#116;o:&#104;&#105;&#110;d&#100;haf&#101;&#114;&#110;&#101;a&#109;ah&#046;a&#108;&#045;&#097;sad&#105;&#064;&#112;&#114;&#097;&#107;ti&#115;ka.s&#101;\"\n\t\t\t\t\t\t\t\t\t\t\t\t\tclass=\"u-text-link\">&#104;&#105;&#110;d&#100;h&#097;fernea&#109;ah&#046;&#097;&#108;-a&#115;ad&#105;&#064;&#112;r&#097;k&#116;&#105;&#115;&#107;a.&#115;e<\/a>\n\t\t\t\t\t\t\t\t\t\t\t<\/p>\n\t\t\t\t\t\t\t\t\t\t\t\t\t\t\t\t\t\t\t\t\t\t\t\t\t\t\t<\/div>\n\t\t\t\t\t\t\t\n\t\t\t\t\t\t\t\t\t\t\t\t\t<\/div>\n\t\t\t\t\t\t<div class=\"c-card__media\">\n\t\t\t\t\t\t\t\t\t\t\t\t\t\t\t\t\t\t\t\t\t\t\t\t\t\t\t\t\t\t\t\t\t\t\t\t\t\t\t\t\t\t\t\t\t\t\t\t\t<img decoding=\"async\" width=\"240\" height=\"361\" src=\"https:\/\/praktiska.se\/wp-content\/uploads\/sites\/10\/2023\/11\/teacher3100.jpg\" class=\"u-radius-round u-ratio-landscape  \" alt=\"Ett personfoto.\" sizes=\"(max-width: 300px) 100vw, 300px\" \/>\n\t\t\t\t\t\t<\/div>\n\t\t\t\t\t<\/article>\n\t\t\t\t<\/li>\n\t\t\t\t\t\t\t\t\t\t\t\n\t\t\t\t\n\t\t\t\t<li class=\"l-col-6@md l-col-4@lg \" data-filter=\"amneslarare\">\n\t\t\t\t\t<article class=\"c-card \" data-variant=\"neutral\">\n\t\t\t\t\t\t<div class=\"c-card__content u-text-center\">\n\t\t\t\t\t\t\t\t\t\t\t\t\t\t\t<h3 class=\"c-card__title u-font-title-3\">\n\t\t\t\t\t\t\t\t\tOscar Gustafsson\n\t\t\t\t\t\t\t\t<\/h3>\n\t\t\t\t\t\t\t\n\t\t\t\t\t\t\t\t\t\t\t\t\t\t\t<p class=\"position u-font-body\">Engelska, Svenska, Svenska som andraspr\u00e5k<\/p>\n\t\t\t\t\t\t\t\n\t\t\t\t\t\t\t\t\t\t\t\t\t\t\t<div class=\"contact-info u-font-body\">\n\t\t\t\t\t\t\t\t\t\n\t\t\t\t\t\t\t\t\t\t\t\t\t\t\t\t\t\t\t\t\t\t\t\t\t\t\t\t\t\t<p class=\"email\"><a\n\t\t\t\t\t\t\t\t\t\t\t\t\thref=\"ma&#105;l&#116;&#111;:osc&#097;&#114;.&#103;u&#115;&#116;a&#102;&#115;so&#110;&#064;p&#114;&#097;kt&#105;&#115;k&#097;.&#115;&#101;\"\n\t\t\t\t\t\t\t\t\t\t\t\t\tclass=\"u-text-link\">&#111;&#115;c&#097;&#114;.&#103;u&#115;t&#097;&#102;s&#115;on&#064;p&#114;&#097;kt&#105;&#115;&#107;&#097;.&#115;e<\/a>\n\t\t\t\t\t\t\t\t\t\t\t<\/p>\n\t\t\t\t\t\t\t\t\t\t\t\t\t\t\t\t\t\t\t\t\t\t\t\t\t\t\t<\/div>\n\t\t\t\t\t\t\t\n\t\t\t\t\t\t\t\t\t\t\t\t\t<\/div>\n\t\t\t\t\t\t<div class=\"c-card__media\">\n\t\t\t\t\t\t\t\t\t\t\t\t\t\t\t\t\t\t\t\t\t\t\t\t\t\t\t\t\t\t\t\t\t\t\t\t\t\t\t\t\t\t\t\t\t\t\t\t\t<img decoding=\"async\" width=\"290\" height=\"274\" src=\"https:\/\/praktiska.se\/wp-content\/uploads\/sites\/10\/2023\/11\/oscar-gustafsson.png\" class=\"u-radius-round u-ratio-landscape  \" alt=\"Personportr\u00e4tt\" sizes=\"(max-width: 300px) 100vw, 300px\" \/>\n\t\t\t\t\t\t<\/div>\n\t\t\t\t\t<\/article>\n\t\t\t\t<\/li>\n\t\t\t\t\t\t\t\t\t\t\t\n\t\t\t\t\n\t\t\t\t<li class=\"l-col-6@md l-col-4@lg \" data-filter=\"amneslarare\">\n\t\t\t\t\t<article class=\"c-card \" data-variant=\"neutral\">\n\t\t\t\t\t\t<div class=\"c-card__content u-text-center\">\n\t\t\t\t\t\t\t\t\t\t\t\t\t\t\t<h3 class=\"c-card__title u-font-title-3\">\n\t\t\t\t\t\t\t\t\tThomas Norl\u00e9n\n\t\t\t\t\t\t\t\t<\/h3>\n\t\t\t\t\t\t\t\n\t\t\t\t\t\t\t\t\t\t\t\t\t\t\t<p class=\"position u-font-body\">Svenska, Svenska som andraspr\u00e5k<\/p>\n\t\t\t\t\t\t\t\n\t\t\t\t\t\t\t\t\t\t\t\t\t\t\t<div class=\"contact-info u-font-body\">\n\t\t\t\t\t\t\t\t\t\n\t\t\t\t\t\t\t\t\t\t\t\t\t\t\t\t\t\t\t\t\t\t\t\t\t\t\t\t\t\t<p class=\"email\"><a\n\t\t\t\t\t\t\t\t\t\t\t\t\thref=\"m&#097;i&#108;&#116;&#111;:thomas&#046;&#110;&#111;rl&#101;&#110;&#064;p&#114;&#097;k&#116;&#105;&#115;&#107;a.se\"\n\t\t\t\t\t\t\t\t\t\t\t\t\tclass=\"u-text-link\">&#116;&#104;&#111;m&#097;s&#046;n&#111;&#114;&#108;en&#064;&#112;&#114;akt&#105;sk&#097;.&#115;e<\/a>\n\t\t\t\t\t\t\t\t\t\t\t<\/p>\n\t\t\t\t\t\t\t\t\t\t\t\t\t\t\t\t\t\t\t\t\t\t\t\t\t\t\t<\/div>\n\t\t\t\t\t\t\t\n\t\t\t\t\t\t\t\t\t\t\t\t\t<\/div>\n\t\t\t\t\t\t<div class=\"c-card__media\">\n\t\t\t\t\t\t\t\t\t\t\t\t\t\t\t\t\t\t\t\t\t\t\t\t\t\t\t\t\t\t\t\t\t\t\t\t\t\t\t\t\t\t\t\t\t\t\t\t\t<img decoding=\"async\" width=\"300\" height=\"243\" src=\"https:\/\/praktiska.se\/wp-content\/uploads\/sites\/10\/2023\/11\/thomas-norlen.jpeg\" class=\"u-radius-round u-ratio-landscape  \" alt=\"Personportr\u00e4tt\" sizes=\"(max-width: 300px) 100vw, 300px\" \/>\n\t\t\t\t\t\t<\/div>\n\t\t\t\t\t<\/article>\n\t\t\t\t<\/li>\n\t\t\t\t\t\t\t\t\t\t\t\n\t\t\t\t\n\t\t\t\t<li class=\"l-col-6@md l-col-4@lg \" data-filter=\"amneslarare\">\n\t\t\t\t\t<article class=\"c-card \" data-variant=\"neutral\">\n\t\t\t\t\t\t<div class=\"c-card__content u-text-center\">\n\t\t\t\t\t\t\t\t\t\t\t\t\t\t\t<h3 class=\"c-card__title u-font-title-3\">\n\t\t\t\t\t\t\t\t\tNiklas Rundberg, F\u00f6rstel\u00e4rare\n\t\t\t\t\t\t\t\t<\/h3>\n\t\t\t\t\t\t\t\n\t\t\t\t\t\t\t\t\t\t\t\t\t\t\t<p class=\"position u-font-body\">Historia, Samh\u00e4llskunskap, Religion<\/p>\n\t\t\t\t\t\t\t\n\t\t\t\t\t\t\t\t\t\t\t\t\t\t\t<div class=\"contact-info u-font-body\">\n\t\t\t\t\t\t\t\t\t\n\t\t\t\t\t\t\t\t\t\t\t\t\t\t\t\t\t\t\t\t\t\t\t\t\t\t\t\t\t\t<p class=\"email\"><a\n\t\t\t\t\t\t\t\t\t\t\t\t\thref=\"m&#097;il&#116;&#111;:n&#105;klas.run&#100;&#098;&#101;&#114;g&#064;&#112;ra&#107;t&#105;s&#107;&#097;.s&#101;\"\n\t\t\t\t\t\t\t\t\t\t\t\t\tclass=\"u-text-link\">&#110;&#105;&#107;las&#046;ru&#110;d&#098;&#101;&#114;&#103;&#064;&#112;r&#097;kt&#105;&#115;&#107;&#097;.&#115;e<\/a>\n\t\t\t\t\t\t\t\t\t\t\t<\/p>\n\t\t\t\t\t\t\t\t\t\t\t\t\t\t\t\t\t\t\t\t\t\t\t\t\t\t\t<\/div>\n\t\t\t\t\t\t\t\n\t\t\t\t\t\t\t\t\t\t\t\t\t<\/div>\n\t\t\t\t\t\t<div class=\"c-card__media\">\n\t\t\t\t\t\t\t\t\t\t\t\t\t\t\t\t\t\t\t\t\t\t\t\t\t\t\t\t\t\t\t\t\t\t\t\t\t\t\t\t\t\t\t\t\t\t\t\t\t<img decoding=\"async\" width=\"300\" height=\"243\" src=\"https:\/\/praktiska.se\/wp-content\/uploads\/sites\/10\/2023\/11\/niklas-rundberg.jpeg\" class=\"u-radius-round u-ratio-landscape  \" alt=\"Personportr\u00e4tt\" sizes=\"(max-width: 300px) 100vw, 300px\" \/>\n\t\t\t\t\t\t<\/div>\n\t\t\t\t\t<\/article>\n\t\t\t\t<\/li>\n\t\t\t\t\t<\/ul>\n\n\t\t\n\t\t    <div class=\"ams-contact__more u-inline-items js-load-more-btn\">\n        <button href=\"#\"\n                class=\"c-btn\"\n                data-style=\"round\"\n                data-size=\"md\"\n                data-width=\"full-mobile\"\n                data-variant=\"outline\">\n        \tVisa mer\n        <\/button>\n    <\/div>\n\n\t\t\t<\/div>\n\n\t\t\n\n<\/section>\n\n\n\n<section \n\t\t class=\"\n\t\t ams-contact\n\t\t \n\t\t c-block l-stacked\n\t\t \n\t\t \n\t\t js-load-more\n\t\t \"\n\t\t data-color-scheme=\"white\"\n\t\t\t\t\tdata-count=\"50\"\n\t\t\t\t\t\t\tdata-count-mobile=\"2\"\n\t\t\t\t>\n\t<div\n\t\t class=\"\n\t\t l-container\n\t\t l-stack l-stack-fluid-2xl\n\t\t u-pt-fluid-3xl-6xl\n\t\t u-pb-fluid-3xl-6xl\n\t\t is-center\n\t\t is-center@md\n\t\t \">\n\t\t\t\t\t<div class=\"ams-contact__intro l-stack l-stack-lg\">\n\t\t\t\t\t\n\t<h2\n\tclass=\"c-heading u-font-title-1 \"\n\tstyle=\"\">\n\t\t\n\t\t\t\t\tYrkesl\u00e4rare \n\t\t\t\t\n\t<\/h2>\n\n\t\t\t\t\t\t\t<\/div>\n\t\t\n\t\t\n\t\t    \t\n\t\t\n\t\t<ul\n\t\t\tid=\"contact-grid-69f0efb9b45d0\"\n\t\t\tclass=\"ams-contact__list l-grid u-gap-fluid-2xl-4xl u-justify-center js-results \"\n\t\t\taria-label=\"Kontakter\"\n\t\t\tdata-filter-animation=\"off\"\n\t\t\t>\n\t\t\t\t\t\t\t\t\t\t\t\n\t\t\t\t\n\t\t\t\t<li class=\"l-col-6@md l-col-4@lg \" data-filter=\"yrkeslarare\">\n\t\t\t\t\t<article class=\"c-card \" data-variant=\"neutral\">\n\t\t\t\t\t\t<div class=\"c-card__content u-text-center\">\n\t\t\t\t\t\t\t\t\t\t\t\t\t\t\t<h3 class=\"c-card__title u-font-title-3\">\n\t\t\t\t\t\t\t\t\tRobin H\u00f6glund\n\t\t\t\t\t\t\t\t<\/h3>\n\t\t\t\t\t\t\t\n\t\t\t\t\t\t\t\t\t\t\t\t\t\t\t<p class=\"position u-font-body\">Bygg och anl\u00e4ggning, Husbyggnad &amp; M\u00e5leri<\/p>\n\t\t\t\t\t\t\t\n\t\t\t\t\t\t\t\t\t\t\t\t\t\t\t<div class=\"contact-info u-font-body\">\n\t\t\t\t\t\t\t\t\t\n\t\t\t\t\t\t\t\t\t\t\t\t\t\t\t\t\t\t\t\t\t\t\t\t\t\t\t\t\t\t<p class=\"email\"><a\n\t\t\t\t\t\t\t\t\t\t\t\t\thref=\"mailto&#058;&#114;obin&#046;&#104;&#111;&#103;&#108;&#117;&#110;d&#064;&#112;&#114;aktis&#107;a.s&#101;\"\n\t\t\t\t\t\t\t\t\t\t\t\t\tclass=\"u-text-link\">&#114;&#111;&#098;in&#046;&#104;&#111;&#103;&#108;&#117;&#110;d&#064;p&#114;akt&#105;&#115;ka&#046;&#115;e<\/a>\n\t\t\t\t\t\t\t\t\t\t\t<\/p>\n\t\t\t\t\t\t\t\t\t\t\t\t\t\t\t\t\t\t\t\t\t\t\t\t\t\t\t<\/div>\n\t\t\t\t\t\t\t\n\t\t\t\t\t\t\t\t\t\t\t\t\t<\/div>\n\t\t\t\t\t\t<div class=\"c-card__media\">\n\t\t\t\t\t\t\t\t\t\t\t\t\t\t\t\t\t\t\t\t\t\t\t\t\t\t\t\t\t\t\t\t\t\t\t\t\t\t\t\t\t\t\t\t\t\t\t\t\t<img decoding=\"async\" width=\"300\" height=\"243\" src=\"https:\/\/praktiska.se\/wp-content\/uploads\/sites\/10\/2023\/11\/robin-hoglund.jpeg\" class=\"u-radius-round u-ratio-landscape  \" alt=\"Personportr\u00e4tt\" sizes=\"(max-width: 300px) 100vw, 300px\" \/>\n\t\t\t\t\t\t<\/div>\n\t\t\t\t\t<\/article>\n\t\t\t\t<\/li>\n\t\t\t\t\t\t\t\t\t\t\t\n\t\t\t\t\n\t\t\t\t<li class=\"l-col-6@md l-col-4@lg \" data-filter=\"yrkeslarare\">\n\t\t\t\t\t<article class=\"c-card \" data-variant=\"neutral\">\n\t\t\t\t\t\t<div class=\"c-card__content u-text-center\">\n\t\t\t\t\t\t\t\t\t\t\t\t\t\t\t<h3 class=\"c-card__title u-font-title-3\">\n\t\t\t\t\t\t\t\t\tEmma Lindberg\n\t\t\t\t\t\t\t\t<\/h3>\n\t\t\t\t\t\t\t\n\t\t\t\t\t\t\t\t\t\t\t\t\t\t\t<p class=\"position u-font-body\">Fordon och transport, Transport<\/p>\n\t\t\t\t\t\t\t\n\t\t\t\t\t\t\t\t\t\t\t\t\t\t\t<div class=\"contact-info u-font-body\">\n\t\t\t\t\t\t\t\t\t\t\t\t\t\t\t\t\t\t\t\t\t\t\t\t\t\t\t\t\t\t<p class=\"phone\"><a\n\t\t\t\t\t\t\t\t\t\t\t\t\thref=\"tel:026637395\"\n\t\t\t\t\t\t\t\t\t\t\t\t\tclass=\"u-text-link\">026-63 73 95<\/a>\n\t\t\t\t\t\t\t\t\t\t\t<\/p>\n\t\t\t\t\t\t\t\t\t\t\t\t\t\t\t\t\t\t\t\n\t\t\t\t\t\t\t\t\t\t\t\t\t\t\t\t\t\t\t\t\t\t\t\t\t\t\t\t\t\t<p class=\"email\"><a\n\t\t\t\t\t\t\t\t\t\t\t\t\thref=\"&#109;&#097;i&#108;&#116;o:&#101;&#109;ma.l&#105;&#110;&#100;berg&#064;prakti&#115;&#107;&#097;&#046;se\"\n\t\t\t\t\t\t\t\t\t\t\t\t\tclass=\"u-text-link\">&#101;&#109;m&#097;&#046;&#108;&#105;&#110;dbe&#114;g&#064;p&#114;&#097;&#107;tis&#107;&#097;.&#115;e<\/a>\n\t\t\t\t\t\t\t\t\t\t\t<\/p>\n\t\t\t\t\t\t\t\t\t\t\t\t\t\t\t\t\t\t\t\t\t\t\t\t\t\t\t<\/div>\n\t\t\t\t\t\t\t\n\t\t\t\t\t\t\t\t\t\t\t\t\t<\/div>\n\t\t\t\t\t\t<div class=\"c-card__media\">\n\t\t\t\t\t\t\t\t\t\t\t\t\t\t\t\t\t\t\t\t\t\t\t\t\t\t\t\t\t\t\t\t\t\t\t\t\t\t\t\t\t\t\t\t\t\t\t\t\t<img decoding=\"async\" width=\"240\" height=\"361\" src=\"https:\/\/praktiska.se\/wp-content\/uploads\/sites\/10\/2023\/11\/teacher4038-1.jpg\" class=\"u-radius-round u-ratio-landscape  \" alt=\"Ett personfoto.\" sizes=\"(max-width: 300px) 100vw, 300px\" \/>\n\t\t\t\t\t\t<\/div>\n\t\t\t\t\t<\/article>\n\t\t\t\t<\/li>\n\t\t\t\t\t\t\t\t\t\t\t\n\t\t\t\t\n\t\t\t\t<li class=\"l-col-6@md l-col-4@lg \" data-filter=\"yrkeslarare\">\n\t\t\t\t\t<article class=\"c-card \" data-variant=\"neutral\">\n\t\t\t\t\t\t<div class=\"c-card__content u-text-center\">\n\t\t\t\t\t\t\t\t\t\t\t\t\t\t\t<h3 class=\"c-card__title u-font-title-3\">\n\t\t\t\t\t\t\t\t\tDaniel Persson\n\t\t\t\t\t\t\t\t<\/h3>\n\t\t\t\t\t\t\t\n\t\t\t\t\t\t\t\t\t\t\t\t\t\t\t<p class=\"position u-font-body\">Fordon och transport, Transport<\/p>\n\t\t\t\t\t\t\t\n\t\t\t\t\t\t\t\t\t\t\t\t\t\t\t<div class=\"contact-info u-font-body\">\n\t\t\t\t\t\t\t\t\t\n\t\t\t\t\t\t\t\t\t\t\t\t\t\t\t\t\t\t\t\t\t\t\t\t\t\t\t\t\t\t<p class=\"email\"><a\n\t\t\t\t\t\t\t\t\t\t\t\t\thref=\"&#109;a&#105;l&#116;o:&#100;&#097;&#110;ie&#108;&#046;&#112;&#101;rs&#115;on&#064;p&#114;akt&#105;&#115;&#107;a.&#115;e\"\n\t\t\t\t\t\t\t\t\t\t\t\t\tclass=\"u-text-link\">&#100;an&#105;&#101;l.&#112;&#101;r&#115;s&#111;&#110;&#064;pr&#097;&#107;&#116;is&#107;a&#046;&#115;&#101;<\/a>\n\t\t\t\t\t\t\t\t\t\t\t<\/p>\n\t\t\t\t\t\t\t\t\t\t\t\t\t\t\t\t\t\t\t\t\t\t\t\t\t\t\t<\/div>\n\t\t\t\t\t\t\t\n\t\t\t\t\t\t\t\t\t\t\t\t\t<\/div>\n\t\t\t\t\t\t<div class=\"c-card__media\">\n\t\t\t\t\t\t\t\t\t\t\t\t\t\t\t\t\t\t\t\t\t\t\t\t\t\t\t\t\t\t\t\t\t\t\t\t\t\t\t\t\t\t\t\t\t\t\t\t\t<img decoding=\"async\" width=\"240\" height=\"361\" src=\"https:\/\/praktiska.se\/wp-content\/uploads\/sites\/10\/2023\/11\/teacher4100.jpg\" class=\"u-radius-round u-ratio-landscape  \" alt=\"Ett personfoto.\" sizes=\"(max-width: 300px) 100vw, 300px\" \/>\n\t\t\t\t\t\t<\/div>\n\t\t\t\t\t<\/article>\n\t\t\t\t<\/li>\n\t\t\t\t\t\t\t\t\t\t\t\n\t\t\t\t\n\t\t\t\t<li class=\"l-col-6@md l-col-4@lg \" data-filter=\"yrkeslarare\">\n\t\t\t\t\t<article class=\"c-card \" data-variant=\"neutral\">\n\t\t\t\t\t\t<div class=\"c-card__content u-text-center\">\n\t\t\t\t\t\t\t\t\t\t\t\t\t\t\t<h3 class=\"c-card__title u-font-title-3\">\n\t\t\t\t\t\t\t\t\tJohan \u00d6lander, F\u00f6rstel\u00e4rare\n\t\t\t\t\t\t\t\t<\/h3>\n\t\t\t\t\t\t\t\n\t\t\t\t\t\t\t\t\t\t\t\t\t\t\t<p class=\"position u-font-body\">Bygg och anl\u00e4ggning, Husbyggnad<\/p>\n\t\t\t\t\t\t\t\n\t\t\t\t\t\t\t\t\t\t\t\t\t\t\t<div class=\"contact-info u-font-body\">\n\t\t\t\t\t\t\t\t\t\n\t\t\t\t\t\t\t\t\t\t\t\t\t\t\t\t\t\t\t\t\t\t\t\t\t\t\t\t\t\t<p class=\"email\"><a\n\t\t\t\t\t\t\t\t\t\t\t\t\thref=\"&#109;&#097;i&#108;t&#111;:joh&#097;n.&#111;la&#110;der&#064;p&#114;ak&#116;&#105;&#115;ka&#046;&#115;&#101;\"\n\t\t\t\t\t\t\t\t\t\t\t\t\tclass=\"u-text-link\">joh&#097;n&#046;o&#108;&#097;n&#100;er&#064;&#112;&#114;a&#107;t&#105;s&#107;a&#046;s&#101;<\/a>\n\t\t\t\t\t\t\t\t\t\t\t<\/p>\n\t\t\t\t\t\t\t\t\t\t\t\t\t\t\t\t\t\t\t\t\t\t\t\t\t\t\t<\/div>\n\t\t\t\t\t\t\t\n\t\t\t\t\t\t\t\t\t\t\t\t\t<\/div>\n\t\t\t\t\t\t<div class=\"c-card__media\">\n\t\t\t\t\t\t\t\t\t\t\t\t\t\t\t\t\t\t\t\t\t\t\t\t\t\t\t\t\t\t\t\t\t\t\t\t\t\t\t\t\t\t\t\t\t\t\t\t\t<img decoding=\"async\" width=\"300\" height=\"243\" src=\"https:\/\/praktiska.se\/wp-content\/uploads\/sites\/10\/2023\/11\/johan-olander.jpeg\" class=\"u-radius-round u-ratio-landscape  \" alt=\"Personportr\u00e4tt\" sizes=\"(max-width: 300px) 100vw, 300px\" \/>\n\t\t\t\t\t\t<\/div>\n\t\t\t\t\t<\/article>\n\t\t\t\t<\/li>\n\t\t\t\t\t\t\t\t\t\t\t\n\t\t\t\t\n\t\t\t\t<li class=\"l-col-6@md l-col-4@lg \" data-filter=\"elevservice yrkeslarare\">\n\t\t\t\t\t<article class=\"c-card \" data-variant=\"neutral\">\n\t\t\t\t\t\t<div class=\"c-card__content u-text-center\">\n\t\t\t\t\t\t\t\t\t\t\t\t\t\t\t<h3 class=\"c-card__title u-font-title-3\">\n\t\t\t\t\t\t\t\t\tElin Tronestam, F\u00f6rstel\u00e4rare\n\t\t\t\t\t\t\t\t<\/h3>\n\t\t\t\t\t\t\t\n\t\t\t\t\t\t\t\t\t\t\t\t\t\t\t<p class=\"position u-font-body\">Barn och Fritid, Bibliotekarie<\/p>\n\t\t\t\t\t\t\t\n\t\t\t\t\t\t\t\t\t\t\t\t\t\t\t<div class=\"contact-info u-font-body\">\n\t\t\t\t\t\t\t\t\t\t\t\t\t\t\t\t\t\t\t\t\t\t\t\t\t\t\t\t\t\t<p class=\"phone\"><a\n\t\t\t\t\t\t\t\t\t\t\t\t\thref=\"tel:026637390\"\n\t\t\t\t\t\t\t\t\t\t\t\t\tclass=\"u-text-link\">026-63 73 90<\/a>\n\t\t\t\t\t\t\t\t\t\t\t<\/p>\n\t\t\t\t\t\t\t\t\t\t\t\t\t\t\t\t\t\t\t\n\t\t\t\t\t\t\t\t\t\t\t\t\t\t\t\t\t\t\t\t\t\t\t\t\t\t\t\t\t\t<p class=\"email\"><a\n\t\t\t\t\t\t\t\t\t\t\t\t\thref=\"&#109;a&#105;&#108;to:&#101;&#108;i&#110;&#046;t&#114;o&#110;est&#097;m&#064;praktiska.&#115;&#101;\"\n\t\t\t\t\t\t\t\t\t\t\t\t\tclass=\"u-text-link\">&#101;l&#105;&#110;.tr&#111;&#110;&#101;&#115;&#116;a&#109;&#064;&#112;r&#097;&#107;t&#105;sk&#097;.se<\/a>\n\t\t\t\t\t\t\t\t\t\t\t<\/p>\n\t\t\t\t\t\t\t\t\t\t\t\t\t\t\t\t\t\t\t\t\t\t\t\t\t\t\t<\/div>\n\t\t\t\t\t\t\t\n\t\t\t\t\t\t\t\t\t\t\t\t\t<\/div>\n\t\t\t\t\t\t<div class=\"c-card__media\">\n\t\t\t\t\t\t\t\t\t\t\t\t\t\t\t\t\t\t\t\t\t\t\t\t\t\t\t\t\t\t\t\t\t\t\t\t\t\t\t\t\t\t\t\t\t\t\t\t\t<img decoding=\"async\" width=\"240\" height=\"361\" src=\"https:\/\/praktiska.se\/wp-content\/uploads\/sites\/10\/2023\/11\/elin.jpg\" class=\"u-radius-round u-ratio-landscape  \" alt=\"Ett personfoto.\" sizes=\"(max-width: 300px) 100vw, 300px\" \/>\n\t\t\t\t\t\t<\/div>\n\t\t\t\t\t<\/article>\n\t\t\t\t<\/li>\n\t\t\t\t\t\t\t\t\t\t\t\n\t\t\t\t\n\t\t\t\t<li class=\"l-col-6@md l-col-4@lg \" data-filter=\"yrkeslarare\">\n\t\t\t\t\t<article class=\"c-card \" data-variant=\"neutral\">\n\t\t\t\t\t\t<div class=\"c-card__content u-text-center\">\n\t\t\t\t\t\t\t\t\t\t\t\t\t\t\t<h3 class=\"c-card__title u-font-title-3\">\n\t\t\t\t\t\t\t\t\tAnnelie Str\u00f6m\n\t\t\t\t\t\t\t\t<\/h3>\n\t\t\t\t\t\t\t\n\t\t\t\t\t\t\t\t\t\t\t\t\t\t\t<p class=\"position u-font-body\">Hotell och turism<\/p>\n\t\t\t\t\t\t\t\n\t\t\t\t\t\t\t\t\t\t\t\t\t\t\t<div class=\"contact-info u-font-body\">\n\t\t\t\t\t\t\t\t\t\t\t\t\t\t\t\t\t\t\t\t\t\t\t\t\t\t\t\t\t\t<p class=\"phone\"><a\n\t\t\t\t\t\t\t\t\t\t\t\t\thref=\"tel:026637287\"\n\t\t\t\t\t\t\t\t\t\t\t\t\tclass=\"u-text-link\">026-63 72 87<\/a>\n\t\t\t\t\t\t\t\t\t\t\t<\/p>\n\t\t\t\t\t\t\t\t\t\t\t\t\t\t\t\t\t\t\t\n\t\t\t\t\t\t\t\t\t\t\t\t\t\t\t\t\t\t\t\t\t\t\t\t\t\t\t\t\t\t<p class=\"email\"><a\n\t\t\t\t\t\t\t\t\t\t\t\t\thref=\"mail&#116;&#111;:&#097;&#110;&#110;&#101;&#108;&#105;e&#046;s&#116;&#114;&#111;&#109;&#064;&#112;&#114;&#097;&#107;ti&#115;&#107;&#097;&#046;se\"\n\t\t\t\t\t\t\t\t\t\t\t\t\tclass=\"u-text-link\">a&#110;n&#101;lie&#046;&#115;&#116;rom&#064;&#112;&#114;ak&#116;is&#107;a.&#115;e<\/a>\n\t\t\t\t\t\t\t\t\t\t\t<\/p>\n\t\t\t\t\t\t\t\t\t\t\t\t\t\t\t\t\t\t\t\t\t\t\t\t\t\t\t<\/div>\n\t\t\t\t\t\t\t\n\t\t\t\t\t\t\t\t\t\t\t\t\t<\/div>\n\t\t\t\t\t\t<div class=\"c-card__media\">\n\t\t\t\t\t\t\t\t\t\t\t\t\t\t\t\t\t\t\t\t\t\t\t\t\t\t\t\t\t\t\t\t\t\t\t\t\t\t\t\t\t\t\t\t\t\t\t\t\t<img decoding=\"async\" width=\"400\" height=\"533\" src=\"https:\/\/praktiska.se\/wp-content\/uploads\/sites\/10\/2024\/07\/annelie-strom-400x533.jpg\" class=\"u-radius-round u-ratio-landscape  \" alt=\"Personportr\u00e4tt\" sizes=\"(max-width: 300px) 100vw, 300px\" srcset=\"https:\/\/praktiska.se\/wp-content\/uploads\/sites\/10\/2024\/07\/annelie-strom-400x533.jpg 400w, https:\/\/praktiska.se\/wp-content\/uploads\/sites\/10\/2024\/07\/annelie-strom-300x400.jpg 300w, https:\/\/praktiska.se\/wp-content\/uploads\/sites\/10\/2024\/07\/annelie-strom-600x800.jpg 600w, https:\/\/praktiska.se\/wp-content\/uploads\/sites\/10\/2024\/07\/annelie-strom-800x1067.jpg 800w, https:\/\/praktiska.se\/wp-content\/uploads\/sites\/10\/2024\/07\/annelie-strom-1024x1365.jpg 1024w, https:\/\/praktiska.se\/wp-content\/uploads\/sites\/10\/2024\/07\/annelie-strom-1200x1600.jpg 1200w, https:\/\/praktiska.se\/wp-content\/uploads\/sites\/10\/2024\/07\/annelie-strom-scaled.jpg 1920w\" \/>\n\t\t\t\t\t\t<\/div>\n\t\t\t\t\t<\/article>\n\t\t\t\t<\/li>\n\t\t\t\t\t\t\t\t\t\t\t\n\t\t\t\t\n\t\t\t\t<li class=\"l-col-6@md l-col-4@lg \" data-filter=\"yrkeslarare\">\n\t\t\t\t\t<article class=\"c-card \" data-variant=\"neutral\">\n\t\t\t\t\t\t<div class=\"c-card__content u-text-center\">\n\t\t\t\t\t\t\t\t\t\t\t\t\t\t\t<h3 class=\"c-card__title u-font-title-3\">\n\t\t\t\t\t\t\t\t\tChrister Suomela\n\t\t\t\t\t\t\t\t<\/h3>\n\t\t\t\t\t\t\t\n\t\t\t\t\t\t\t\t\t\t\t\t\t\t\t<p class=\"position u-font-body\">Fordon och transport, transport<\/p>\n\t\t\t\t\t\t\t\n\t\t\t\t\t\t\t\t\t\t\t\t\t\t\t<div class=\"contact-info u-font-body\">\n\t\t\t\t\t\t\t\t\t\t\t\t\t\t\t\t\t\t\t\t\t\t\t\t\t\t\t\t\t\t<p class=\"phone\"><a\n\t\t\t\t\t\t\t\t\t\t\t\t\thref=\"tel:026637381\"\n\t\t\t\t\t\t\t\t\t\t\t\t\tclass=\"u-text-link\">026-63 73 81<\/a>\n\t\t\t\t\t\t\t\t\t\t\t<\/p>\n\t\t\t\t\t\t\t\t\t\t\t\t\t\t\t\t\t\t\t\n\t\t\t\t\t\t\t\t\t\t\t\t\t\t\t\t\t\t\t\t\t\t\t\t\t\t\t\t\t\t<p class=\"email\"><a\n\t\t\t\t\t\t\t\t\t\t\t\t\thref=\"m&#097;&#105;lt&#111;&#058;c&#104;&#114;i&#115;&#116;e&#114;&#046;&#115;uo&#109;&#101;&#108;a&#064;&#112;&#114;a&#107;&#116;iska.s&#101;\"\n\t\t\t\t\t\t\t\t\t\t\t\t\tclass=\"u-text-link\">&#099;&#104;ris&#116;er.&#115;&#117;&#111;me&#108;&#097;&#064;&#112;ra&#107;tis&#107;&#097;.&#115;e<\/a>\n\t\t\t\t\t\t\t\t\t\t\t<\/p>\n\t\t\t\t\t\t\t\t\t\t\t\t\t\t\t\t\t\t\t\t\t\t\t\t\t\t\t<\/div>\n\t\t\t\t\t\t\t\n\t\t\t\t\t\t\t\t\t\t\t\t\t<\/div>\n\t\t\t\t\t\t<div class=\"c-card__media\">\n\t\t\t\t\t\t\t\t\t\t\t\t\t\t\t\t\t\t\t\t\t\t\t\t\t\t\t\t\t\t\t\t\t\t\t\t\t\t\t\t\t\t\t\t\t\t\t\t\t<img decoding=\"async\" width=\"305\" height=\"288\" src=\"https:\/\/praktiska.se\/wp-content\/uploads\/sites\/10\/2024\/01\/christer-suomela.png\" class=\"u-radius-round u-ratio-landscape  \" alt=\"Personportr\u00e4tt\" sizes=\"(max-width: 300px) 100vw, 300px\" srcset=\"https:\/\/praktiska.se\/wp-content\/uploads\/sites\/10\/2024\/01\/christer-suomela.png 305w, https:\/\/praktiska.se\/wp-content\/uploads\/sites\/10\/2024\/01\/christer-suomela-300x283.png 300w\" \/>\n\t\t\t\t\t\t<\/div>\n\t\t\t\t\t<\/article>\n\t\t\t\t<\/li>\n\t\t\t\t\t\t\t\t\t\t\t\n\t\t\t\t\n\t\t\t\t<li class=\"l-col-6@md l-col-4@lg \" data-filter=\"yrkeslarare\">\n\t\t\t\t\t<article class=\"c-card \" data-variant=\"neutral\">\n\t\t\t\t\t\t<div class=\"c-card__content u-text-center\">\n\t\t\t\t\t\t\t\t\t\t\t\t\t\t\t<h3 class=\"c-card__title u-font-title-3\">\n\t\t\t\t\t\t\t\t\tEmil Eriksson\n\t\t\t\t\t\t\t\t<\/h3>\n\t\t\t\t\t\t\t\n\t\t\t\t\t\t\t\t\t\t\t\t\t\t\t<p class=\"position u-font-body\">El och energi, Elteknik<\/p>\n\t\t\t\t\t\t\t\n\t\t\t\t\t\t\t\t\t\t\t\t\t\t\t<div class=\"contact-info u-font-body\">\n\t\t\t\t\t\t\t\t\t\n\t\t\t\t\t\t\t\t\t\t\t\t\t\t\t\t\t\t\t\t\t\t\t\t\t\t\t\t\t\t<p class=\"email\"><a\n\t\t\t\t\t\t\t\t\t\t\t\t\thref=\"&#109;ai&#108;&#116;&#111;&#058;e&#109;il&#046;e&#114;&#105;&#107;&#115;&#115;o&#110;&#064;prakt&#105;s&#107;a.s&#101;\"\n\t\t\t\t\t\t\t\t\t\t\t\t\tclass=\"u-text-link\">e&#109;&#105;&#108;&#046;&#101;&#114;&#105;&#107;s&#115;o&#110;&#064;pra&#107;&#116;isk&#097;.&#115;e<\/a>\n\t\t\t\t\t\t\t\t\t\t\t<\/p>\n\t\t\t\t\t\t\t\t\t\t\t\t\t\t\t\t\t\t\t\t\t\t\t\t\t\t\t<\/div>\n\t\t\t\t\t\t\t\n\t\t\t\t\t\t\t\t\t\t\t\t\t<\/div>\n\t\t\t\t\t\t<div class=\"c-card__media\">\n\t\t\t\t\t\t\t\t\t\t\t\t\t\t\t\t\t\t\t\t\t\t\t\t\t\t\t\t\t\t\t\t\t\t\t\t\t\t\t\t\t\t\t\t\t\t\t\t\t<img decoding=\"async\" width=\"400\" height=\"502\" src=\"https:\/\/praktiska.se\/wp-content\/uploads\/sites\/10\/2024\/07\/202409181530220-scaled-e1726819681186-400x502.jpg\" class=\"u-radius-round u-ratio-landscape  \" alt=\"Personportr\u00e4tt\" sizes=\"(max-width: 300px) 100vw, 300px\" srcset=\"https:\/\/praktiska.se\/wp-content\/uploads\/sites\/10\/2024\/07\/202409181530220-scaled-e1726819681186-400x502.jpg 400w, https:\/\/praktiska.se\/wp-content\/uploads\/sites\/10\/2024\/07\/202409181530220-scaled-e1726819681186-300x376.jpg 300w, https:\/\/praktiska.se\/wp-content\/uploads\/sites\/10\/2024\/07\/202409181530220-scaled-e1726819681186-600x753.jpg 600w, https:\/\/praktiska.se\/wp-content\/uploads\/sites\/10\/2024\/07\/202409181530220-scaled-e1726819681186-800x1004.jpg 800w, https:\/\/praktiska.se\/wp-content\/uploads\/sites\/10\/2024\/07\/202409181530220-scaled-e1726819681186-1024x1285.jpg 1024w, https:\/\/praktiska.se\/wp-content\/uploads\/sites\/10\/2024\/07\/202409181530220-scaled-e1726819681186.jpg 1142w\" \/>\n\t\t\t\t\t\t<\/div>\n\t\t\t\t\t<\/article>\n\t\t\t\t<\/li>\n\t\t\t\t\t\t\t\t\t\t\t\n\t\t\t\t\n\t\t\t\t<li class=\"l-col-6@md l-col-4@lg \" data-filter=\"yrkeslarare\">\n\t\t\t\t\t<article class=\"c-card \" data-variant=\"neutral\">\n\t\t\t\t\t\t<div class=\"c-card__content u-text-center\">\n\t\t\t\t\t\t\t\t\t\t\t\t\t\t\t<h3 class=\"c-card__title u-font-title-3\">\n\t\t\t\t\t\t\t\t\tEmilie Eklund\n\t\t\t\t\t\t\t\t<\/h3>\n\t\t\t\t\t\t\t\n\t\t\t\t\t\t\t\t\t\t\t\t\t\t\t<p class=\"position u-font-body\">Fordon och transport, transport<\/p>\n\t\t\t\t\t\t\t\n\t\t\t\t\t\t\t\t\t\t\t\t\t\t\t<div class=\"contact-info u-font-body\">\n\t\t\t\t\t\t\t\t\t\n\t\t\t\t\t\t\t\t\t\t\t\t\t\t\t\t\t\t\t\t\t\t\t\t\t\t\t\t\t\t<p class=\"email\"><a\n\t\t\t\t\t\t\t\t\t\t\t\t\thref=\"&#109;&#097;&#105;lt&#111;:e&#109;il&#105;e.&#101;kl&#117;nd&#064;&#112;&#114;akti&#115;&#107;&#097;.&#115;e\"\n\t\t\t\t\t\t\t\t\t\t\t\t\tclass=\"u-text-link\">&#101;&#109;&#105;l&#105;&#101;.ek&#108;u&#110;d&#064;p&#114;a&#107;t&#105;s&#107;a&#046;&#115;e<\/a>\n\t\t\t\t\t\t\t\t\t\t\t<\/p>\n\t\t\t\t\t\t\t\t\t\t\t\t\t\t\t\t\t\t\t\t\t<p class=\"email\"><a\n\t\t\t\t\t\t\t\t\t\t\t\t\thref=\"&#109;&#097;il&#116;o:\"\n\t\t\t\t\t\t\t\t\t\t\t\t\tclass=\"u-text-link\"><\/a>\n\t\t\t\t\t\t\t\t\t\t\t<\/p>\n\t\t\t\t\t\t\t\t\t\t\t\t\t\t\t\t\t\t\t\t\t\t\t\t\t\t\t<\/div>\n\t\t\t\t\t\t\t\n\t\t\t\t\t\t\t\t\t\t\t\t\t<\/div>\n\t\t\t\t\t\t<div class=\"c-card__media\">\n\t\t\t\t\t\t\t\t\t\t\t\t\t\t\t\t\t\t\t\t\t\t\t\t\t\t\t\t\t\t\t\t\t\t\t\t\t\t\t\t\t\t\t\t\t\t\t\t\t<img decoding=\"async\" width=\"240\" height=\"361\" src=\"https:\/\/praktiska.se\/wp-content\/uploads\/sites\/10\/2025\/08\/teacher4004.jpg\" class=\"u-radius-round u-ratio-landscape  \" alt=\"Ett personfoto.\" sizes=\"(max-width: 300px) 100vw, 300px\" \/>\n\t\t\t\t\t\t<\/div>\n\t\t\t\t\t<\/article>\n\t\t\t\t<\/li>\n\t\t\t\t\t\t\t\t\t\t\t\n\t\t\t\t\n\t\t\t\t<li class=\"l-col-6@md l-col-4@lg \" data-filter=\"yrkeslarare\">\n\t\t\t\t\t<article class=\"c-card \" data-variant=\"neutral\">\n\t\t\t\t\t\t<div class=\"c-card__content u-text-center\">\n\t\t\t\t\t\t\t\t\t\t\t\t\t\t\t<h3 class=\"c-card__title u-font-title-3\">\n\t\t\t\t\t\t\t\t\tJonas Larsson\n\t\t\t\t\t\t\t\t<\/h3>\n\t\t\t\t\t\t\t\n\t\t\t\t\t\t\t\t\t\t\t\t\t\t\t<p class=\"position u-font-body\">Barn och Fritid, Idrottsl\u00e4rare<\/p>\n\t\t\t\t\t\t\t\n\t\t\t\t\t\t\t\t\t\t\t\t\t\t\t<div class=\"contact-info u-font-body\">\n\t\t\t\t\t\t\t\t\t\t\t\t\t\t\t\t\t\t\t\t\t\t\t\t\t\t\t\t\t\t<p class=\"phone\"><a\n\t\t\t\t\t\t\t\t\t\t\t\t\thref=\"tel:026627392\"\n\t\t\t\t\t\t\t\t\t\t\t\t\tclass=\"u-text-link\">026-62 73 92<\/a>\n\t\t\t\t\t\t\t\t\t\t\t<\/p>\n\t\t\t\t\t\t\t\t\t\t\t\t\t\t\t\t\t\t\t\n\t\t\t\t\t\t\t\t\t\t\t\t\t\t\t\t\t\t\t\t\t\t\t\t\t\t\t\t\t\t<p class=\"email\"><a\n\t\t\t\t\t\t\t\t\t\t\t\t\thref=\"&#109;&#097;&#105;&#108;&#116;o:j&#111;&#110;&#097;&#115;&#046;&#108;a&#114;s&#115;&#111;n&#064;pr&#097;&#107;tis&#107;a&#046;se\"\n\t\t\t\t\t\t\t\t\t\t\t\t\tclass=\"u-text-link\">&#106;&#111;&#110;a&#115;&#046;la&#114;&#115;&#115;&#111;&#110;&#064;pr&#097;kt&#105;s&#107;&#097;&#046;s&#101;<\/a>\n\t\t\t\t\t\t\t\t\t\t\t<\/p>\n\t\t\t\t\t\t\t\t\t\t\t\t\t\t\t\t\t\t\t\t\t\t\t\t\t\t\t<\/div>\n\t\t\t\t\t\t\t\n\t\t\t\t\t\t\t\t\t\t\t\t\t<\/div>\n\t\t\t\t\t\t<div class=\"c-card__media\">\n\t\t\t\t\t\t\t\t\t\t\t\t\t\t\t\t\t\t\t\t\t\t\t\t\t\t\t\t\t\t\t\t\t\t\t\t\t\t\t\t\t\t\t\t\t\t\t\t\t<img decoding=\"async\" width=\"400\" height=\"489\" src=\"https:\/\/praktiska.se\/wp-content\/uploads\/sites\/10\/2024\/01\/jonas-larsson-400x489.jpg\" class=\"u-radius-round u-ratio-landscape  \" alt=\"Personportr\u00e4tt\" sizes=\"(max-width: 300px) 100vw, 300px\" srcset=\"https:\/\/praktiska.se\/wp-content\/uploads\/sites\/10\/2024\/01\/jonas-larsson-400x489.jpg 400w, https:\/\/praktiska.se\/wp-content\/uploads\/sites\/10\/2024\/01\/jonas-larsson-300x367.jpg 300w, https:\/\/praktiska.se\/wp-content\/uploads\/sites\/10\/2024\/01\/jonas-larsson-600x734.jpg 600w, https:\/\/praktiska.se\/wp-content\/uploads\/sites\/10\/2024\/01\/jonas-larsson-800x979.jpg 800w, https:\/\/praktiska.se\/wp-content\/uploads\/sites\/10\/2024\/01\/jonas-larsson-1024x1253.jpg 1024w, https:\/\/praktiska.se\/wp-content\/uploads\/sites\/10\/2024\/01\/jonas-larsson-1200x1468.jpg 1200w\" \/>\n\t\t\t\t\t\t<\/div>\n\t\t\t\t\t<\/article>\n\t\t\t\t<\/li>\n\t\t\t\t\t\t\t\t\t\t\t\n\t\t\t\t\n\t\t\t\t<li class=\"l-col-6@md l-col-4@lg \" data-filter=\"yrkeslarare\">\n\t\t\t\t\t<article class=\"c-card \" data-variant=\"neutral\">\n\t\t\t\t\t\t<div class=\"c-card__content u-text-center\">\n\t\t\t\t\t\t\t\t\t\t\t\t\t\t\t<h3 class=\"c-card__title u-font-title-3\">\n\t\t\t\t\t\t\t\t\tPer Andersson\n\t\t\t\t\t\t\t\t<\/h3>\n\t\t\t\t\t\t\t\n\t\t\t\t\t\t\t\t\t\t\t\t\t\t\t<p class=\"position u-font-body\">VVS och fastighet<\/p>\n\t\t\t\t\t\t\t\n\t\t\t\t\t\t\t\t\t\t\t\t\t\t\t<div class=\"contact-info u-font-body\">\n\t\t\t\t\t\t\t\t\t\n\t\t\t\t\t\t\t\t\t\t\t\t\t\t\t\t\t\t\t\t\t\t\t\t\t\t\t\t\t\t<p class=\"email\"><a\n\t\t\t\t\t\t\t\t\t\t\t\t\thref=\"&#109;&#097;&#105;&#108;&#116;&#111;:&#112;e&#114;&#046;&#097;nde&#114;&#115;&#115;&#111;n&#064;p&#114;a&#107;&#116;is&#107;&#097;&#046;se\"\n\t\t\t\t\t\t\t\t\t\t\t\t\tclass=\"u-text-link\">per.&#097;nd&#101;rsson&#064;prak&#116;i&#115;k&#097;&#046;&#115;e<\/a>\n\t\t\t\t\t\t\t\t\t\t\t<\/p>\n\t\t\t\t\t\t\t\t\t\t\t\t\t\t\t\t\t\t\t\t\t\t\t\t\t\t\t<\/div>\n\t\t\t\t\t\t\t\n\t\t\t\t\t\t\t\t\t\t\t\t\t<\/div>\n\t\t\t\t\t\t<div class=\"c-card__media\">\n\t\t\t\t\t\t\t\t\t\t\t\t\t\t\t\t\t\t\t\t\t\t\t\t\t\t\t\t\t\t\t\t\t\t\t\t\t\t\t\t\t\t\t\t\t\t\t\t\t<img decoding=\"async\" width=\"400\" height=\"614\" src=\"https:\/\/praktiska.se\/wp-content\/uploads\/sites\/10\/2024\/10\/per-andersson-400x614.jpg\" class=\"u-radius-round u-ratio-landscape  \" alt=\"Personportr\u00e4tt\" sizes=\"(max-width: 300px) 100vw, 300px\" srcset=\"https:\/\/praktiska.se\/wp-content\/uploads\/sites\/10\/2024\/10\/per-andersson-400x614.jpg 400w, https:\/\/praktiska.se\/wp-content\/uploads\/sites\/10\/2024\/10\/per-andersson-300x460.jpg 300w, https:\/\/praktiska.se\/wp-content\/uploads\/sites\/10\/2024\/10\/per-andersson-600x921.jpg 600w, https:\/\/praktiska.se\/wp-content\/uploads\/sites\/10\/2024\/10\/per-andersson-800x1228.jpg 800w, https:\/\/praktiska.se\/wp-content\/uploads\/sites\/10\/2024\/10\/per-andersson-1024x1571.jpg 1024w, https:\/\/praktiska.se\/wp-content\/uploads\/sites\/10\/2024\/10\/per-andersson-1200x1841.jpg 1200w, https:\/\/praktiska.se\/wp-content\/uploads\/sites\/10\/2024\/10\/per-andersson-scaled.jpg 1668w\" \/>\n\t\t\t\t\t\t<\/div>\n\t\t\t\t\t<\/article>\n\t\t\t\t<\/li>\n\t\t\t\t\t<\/ul>\n\n\t\t\n\t\t    <div class=\"ams-contact__more u-inline-items js-load-more-btn\">\n        <button href=\"#\"\n                class=\"c-btn\"\n                data-style=\"round\"\n                data-size=\"md\"\n                data-width=\"full-mobile\"\n                data-variant=\"outline\">\n        \tVisa mer\n        <\/button>\n    <\/div>\n\n\t\t\t<\/div>\n\n\t\t\n\n<\/section>\n\n\n\n<section id=elevhalsa\n\t\t class=\"\n\t\t ams-contact\n\t\t \n\t\t c-block l-stacked\n\t\t \n\t\t \n\t\t js-load-more\n\t\t \"\n\t\t data-color-scheme=\"white\"\n\t\t\t\t\tdata-count=\"50\"\n\t\t\t\t\t\t\tdata-count-mobile=\"2\"\n\t\t\t\t>\n\t<div\n\t\t class=\"\n\t\t l-container\n\t\t l-stack l-stack-fluid-2xl\n\t\t u-pt-fluid-3xl-6xl\n\t\t u-pb-fluid-3xl-6xl\n\t\t is-center\n\t\t is-center@md\n\t\t \">\n\t\t\t\t\t<div class=\"ams-contact__intro l-stack l-stack-lg\">\n\t\t\t\t\t\n\t<h2\n\tclass=\"c-heading u-font-title-1 \"\n\tstyle=\"\">\n\t\t\n\t\t\t\t\tElevh\u00e4lsa \n\t\t\t\t\n\t<\/h2>\n\n\t\t\t\t\t\t\t<\/div>\n\t\t\n\t\t\n\t\t    \t\n\t\t\n\t\t<ul\n\t\t\tid=\"contact-grid-69f0efb9b8f6d\"\n\t\t\tclass=\"ams-contact__list l-grid u-gap-fluid-2xl-4xl u-justify-center js-results \"\n\t\t\taria-label=\"Kontakter\"\n\t\t\tdata-filter-animation=\"off\"\n\t\t\t>\n\t\t\t\t\t\t\t\t\t\t\t\n\t\t\t\t\n\t\t\t\t<li class=\"l-col-6@md l-col-4@lg \" data-filter=\"elevhalsa ledning\">\n\t\t\t\t\t<article class=\"c-card \" data-variant=\"neutral\">\n\t\t\t\t\t\t<div class=\"c-card__content u-text-center\">\n\t\t\t\t\t\t\t\t\t\t\t\t\t\t\t<h3 class=\"c-card__title u-font-title-3\">\n\t\t\t\t\t\t\t\t\tElisabet \u00d6vermalm\n\t\t\t\t\t\t\t\t<\/h3>\n\t\t\t\t\t\t\t\n\t\t\t\t\t\t\t\t\t\t\t\t\t\t\t<p class=\"position u-font-body\">Bitr\u00e4dande rektor, Specialpedagog<\/p>\n\t\t\t\t\t\t\t\n\t\t\t\t\t\t\t\t\t\t\t\t\t\t\t<div class=\"contact-info u-font-body\">\n\t\t\t\t\t\t\t\t\t\t\t\t\t\t\t\t\t\t\t\t\t\t\t\t\t\t\t\t\t\t<p class=\"phone\"><a\n\t\t\t\t\t\t\t\t\t\t\t\t\thref=\"tel:026637382\"\n\t\t\t\t\t\t\t\t\t\t\t\t\tclass=\"u-text-link\">026-63 73 82<\/a>\n\t\t\t\t\t\t\t\t\t\t\t<\/p>\n\t\t\t\t\t\t\t\t\t\t\t\t\t\t\t\t\t\t\t\n\t\t\t\t\t\t\t\t\t\t\t\t\t\t\t\t\t\t\t\t\t\t\t\t\t\t\t\t\t\t<p class=\"email\"><a\n\t\t\t\t\t\t\t\t\t\t\t\t\thref=\"&#109;&#097;&#105;lt&#111;:&#101;l&#105;sabet.over&#109;&#097;&#108;m&#064;praktis&#107;a.&#115;&#101;\"\n\t\t\t\t\t\t\t\t\t\t\t\t\tclass=\"u-text-link\">el&#105;&#115;ab&#101;t&#046;ove&#114;m&#097;&#108;m&#064;&#112;rak&#116;&#105;&#115;ka&#046;se<\/a>\n\t\t\t\t\t\t\t\t\t\t\t<\/p>\n\t\t\t\t\t\t\t\t\t\t\t\t\t\t\t\t\t\t\t\t\t\t\t\t\t\t\t<\/div>\n\t\t\t\t\t\t\t\n\t\t\t\t\t\t\t\t\t\t\t\t\t<\/div>\n\t\t\t\t\t\t<div class=\"c-card__media\">\n\t\t\t\t\t\t\t\t\t\t\t\t\t\t\t\t\t\t\t\t\t\t\t\t\t\t\t\t\t\t\t\t\t\t\t\t\t\t\t\t\t\t\t\t\t\t\t\t\t<img decoding=\"async\" width=\"240\" height=\"361\" src=\"https:\/\/praktiska.se\/wp-content\/uploads\/sites\/10\/2023\/03\/teacher2991.jpg\" class=\"u-radius-round u-ratio-landscape  \" alt=\"Ett personfoto.\" sizes=\"(max-width: 300px) 100vw, 300px\" \/>\n\t\t\t\t\t\t<\/div>\n\t\t\t\t\t<\/article>\n\t\t\t\t<\/li>\n\t\t\t\t\t\t\t\t\t\t\t\n\t\t\t\t\n\t\t\t\t<li class=\"l-col-6@md l-col-4@lg \" data-filter=\"elevhalsa elevservice\">\n\t\t\t\t\t<article class=\"c-card \" data-variant=\"neutral\">\n\t\t\t\t\t\t<div class=\"c-card__content u-text-center\">\n\t\t\t\t\t\t\t\t\t\t\t\t\t\t\t<h3 class=\"c-card__title u-font-title-3\">\n\t\t\t\t\t\t\t\t\tEmelie Ekl\u00f6v\n\t\t\t\t\t\t\t\t<\/h3>\n\t\t\t\t\t\t\t\n\t\t\t\t\t\t\t\t\t\t\t\t\t\t\t<p class=\"position u-font-body\">Studie- och yrkesv\u00e4gledare, Skolkurator<\/p>\n\t\t\t\t\t\t\t\n\t\t\t\t\t\t\t\t\t\t\t\t\t\t\t<div class=\"contact-info u-font-body\">\n\t\t\t\t\t\t\t\t\t\t\t\t\t\t\t\t\t\t\t\t\t\t\t\t\t\t\t\t\t\t<p class=\"phone\"><a\n\t\t\t\t\t\t\t\t\t\t\t\t\thref=\"tel:026637389\"\n\t\t\t\t\t\t\t\t\t\t\t\t\tclass=\"u-text-link\">026-63 73 89<\/a>\n\t\t\t\t\t\t\t\t\t\t\t<\/p>\n\t\t\t\t\t\t\t\t\t\t\t\t\t\t\t\t\t\t\t\n\t\t\t\t\t\t\t\t\t\t\t\t\t\t\t\t\t\t\t\t\t\t\t\t\t\t\t\t\t\t<p class=\"email\"><a\n\t\t\t\t\t\t\t\t\t\t\t\t\thref=\"&#109;&#097;&#105;&#108;to:&#101;&#109;elie.e&#107;lov&#064;p&#114;&#097;kt&#105;&#115;&#107;&#097;.se\"\n\t\t\t\t\t\t\t\t\t\t\t\t\tclass=\"u-text-link\">&#101;m&#101;&#108;&#105;e.ekl&#111;&#118;&#064;p&#114;a&#107;&#116;iska&#046;&#115;&#101;<\/a>\n\t\t\t\t\t\t\t\t\t\t\t<\/p>\n\t\t\t\t\t\t\t\t\t\t\t\t\t\t\t\t\t\t\t\t\t\t\t\t\t\t\t<\/div>\n\t\t\t\t\t\t\t\n\t\t\t\t\t\t\t\t\t\t\t\t\t<\/div>\n\t\t\t\t\t\t<div class=\"c-card__media\">\n\t\t\t\t\t\t\t\t\t\t\t\t\t\t\t\t\t\t\t\t\t\t\t\t\t\t\t\t\t\t\t\t\t\t\t\t\t\t\t\t\t\t\t\t\t\t\t\t\t<img decoding=\"async\" width=\"313\" height=\"360\" src=\"https:\/\/praktiska.se\/wp-content\/uploads\/sites\/10\/2023\/11\/emelie-eklov.png\" class=\"u-radius-round u-ratio-landscape  \" alt=\"Personportr\u00e4tt\" sizes=\"(max-width: 300px) 100vw, 300px\" srcset=\"https:\/\/praktiska.se\/wp-content\/uploads\/sites\/10\/2023\/11\/emelie-eklov.png 313w, https:\/\/praktiska.se\/wp-content\/uploads\/sites\/10\/2023\/11\/emelie-eklov-300x345.png 300w\" \/>\n\t\t\t\t\t\t<\/div>\n\t\t\t\t\t<\/article>\n\t\t\t\t<\/li>\n\t\t\t\t\t\t\t\t\t\t\t\n\t\t\t\t\n\t\t\t\t<li class=\"l-col-6@md l-col-4@lg \" data-filter=\"elevhalsa\">\n\t\t\t\t\t<article class=\"c-card \" data-variant=\"neutral\">\n\t\t\t\t\t\t<div class=\"c-card__content u-text-center\">\n\t\t\t\t\t\t\t\t\t\t\t\t\t\t\t<h3 class=\"c-card__title u-font-title-3\">\n\t\t\t\t\t\t\t\t\tTherese Hansson\n\t\t\t\t\t\t\t\t<\/h3>\n\t\t\t\t\t\t\t\n\t\t\t\t\t\t\t\t\t\t\t\t\t\t\t<p class=\"position u-font-body\">Skolsk\u00f6terska<\/p>\n\t\t\t\t\t\t\t\n\t\t\t\t\t\t\t\t\t\t\t\t\t\t\t<div class=\"contact-info u-font-body\">\n\t\t\t\t\t\t\t\t\t\t\t\t\t\t\t\t\t\t\t\t\t\t\t\t\t\t\t\t\t\t<p class=\"phone\"><a\n\t\t\t\t\t\t\t\t\t\t\t\t\thref=\"tel:0767609436\"\n\t\t\t\t\t\t\t\t\t\t\t\t\tclass=\"u-text-link\">076-760 94 36<\/a>\n\t\t\t\t\t\t\t\t\t\t\t<\/p>\n\t\t\t\t\t\t\t\t\t\t\t\t\t\t\t\t\t\t\t\n\t\t\t\t\t\t\t\t\t\t\t\t\t\t\t\t\t\t\t\t\t\t\t\t\t\t\t\t\t\t<p class=\"email\"><a\n\t\t\t\t\t\t\t\t\t\t\t\t\thref=\"&#109;a&#105;lto:the&#114;e&#115;&#101;&#046;ha&#110;&#115;&#115;o&#110;&#064;&#112;rakt&#105;&#115;&#107;&#097;&#046;&#115;&#101;\"\n\t\t\t\t\t\t\t\t\t\t\t\t\tclass=\"u-text-link\">&#116;&#104;&#101;rese.&#104;&#097;&#110;sson&#064;p&#114;&#097;kt&#105;s&#107;&#097;&#046;&#115;&#101;<\/a>\n\t\t\t\t\t\t\t\t\t\t\t<\/p>\n\t\t\t\t\t\t\t\t\t\t\t\t\t\t\t\t\t\t\t\t\t\t\t\t\t\t\t<\/div>\n\t\t\t\t\t\t\t\n\t\t\t\t\t\t\t\t\t\t\t\t\t<\/div>\n\t\t\t\t\t\t<div class=\"c-card__media\">\n\t\t\t\t\t\t\t\t\t\t\t\t\t\t\t\t\t\t\t\t\t\t\t\t\t\t\t\t\t\t\t\t\t\t\t\t\t\t\t\t\t\t\t\t\t\t\t\t\t<img decoding=\"async\" width=\"400\" height=\"533\" src=\"https:\/\/praktiska.se\/wp-content\/uploads\/sites\/10\/2023\/06\/therese-hansson.jpg\" class=\"u-radius-round u-ratio-landscape  \" alt=\"Ett personfoto.\" sizes=\"(max-width: 300px) 100vw, 300px\" srcset=\"https:\/\/praktiska.se\/wp-content\/uploads\/sites\/10\/2023\/06\/therese-hansson.jpg 400w, https:\/\/praktiska.se\/wp-content\/uploads\/sites\/10\/2023\/06\/therese-hansson-300x400.jpg 300w\" \/>\n\t\t\t\t\t\t<\/div>\n\t\t\t\t\t<\/article>\n\t\t\t\t<\/li>\n\t\t\t\t\t<\/ul>\n\n\t\t\n\t\t    <div class=\"ams-contact__more u-inline-items js-load-more-btn\">\n        <button href=\"#\"\n                class=\"c-btn\"\n                data-style=\"round\"\n                data-size=\"md\"\n                data-width=\"full-mobile\"\n                data-variant=\"outline\">\n        \tVisa mer\n        <\/button>\n    <\/div>\n\n\t\t\t<\/div>\n\n\t\t\n\n<\/section>\n\n\n\n<section id=elevhalsa\n\t\t class=\"\n\t\t ams-contact\n\t\t \n\t\t c-block l-stacked\n\t\t \n\t\t \n\t\t js-load-more\n\t\t \"\n\t\t data-color-scheme=\"white\"\n\t\t\t\t\tdata-count=\"50\"\n\t\t\t\t\t\t\tdata-count-mobile=\"2\"\n\t\t\t\t>\n\t<div\n\t\t class=\"\n\t\t l-container\n\t\t l-stack l-stack-fluid-2xl\n\t\t u-pt-fluid-3xl-6xl\n\t\t u-pb-fluid-3xl-6xl\n\t\t is-center\n\t\t is-center@md\n\t\t \">\n\t\t\t\t\t<div class=\"ams-contact__intro l-stack l-stack-lg\">\n\t\t\t\t\t\n\t<h2\n\tclass=\"c-heading u-font-title-1 \"\n\tstyle=\"\">\n\t\t\n\t\t\t\t\tElevservice\n\t\t\t\t\n\t<\/h2>\n\n\t\t\t\t\t\t\t<\/div>\n\t\t\n\t\t\n\t\t    \t\n\t\t\n\t\t<ul\n\t\t\tid=\"contact-grid-69f0efb9bc521\"\n\t\t\tclass=\"ams-contact__list l-grid u-gap-fluid-2xl-4xl u-justify-center js-results \"\n\t\t\taria-label=\"Kontakter\"\n\t\t\tdata-filter-animation=\"off\"\n\t\t\t>\n\t\t\t\t\t\t\t\t\t\t\t\n\t\t\t\t\n\t\t\t\t<li class=\"l-col-6@md l-col-4@lg \" data-filter=\"elevhalsa elevservice\">\n\t\t\t\t\t<article class=\"c-card \" data-variant=\"neutral\">\n\t\t\t\t\t\t<div class=\"c-card__content u-text-center\">\n\t\t\t\t\t\t\t\t\t\t\t\t\t\t\t<h3 class=\"c-card__title u-font-title-3\">\n\t\t\t\t\t\t\t\t\tEmelie Ekl\u00f6v\n\t\t\t\t\t\t\t\t<\/h3>\n\t\t\t\t\t\t\t\n\t\t\t\t\t\t\t\t\t\t\t\t\t\t\t<p class=\"position u-font-body\">Studie- och yrkesv\u00e4gledare, Skolkurator<\/p>\n\t\t\t\t\t\t\t\n\t\t\t\t\t\t\t\t\t\t\t\t\t\t\t<div class=\"contact-info u-font-body\">\n\t\t\t\t\t\t\t\t\t\t\t\t\t\t\t\t\t\t\t\t\t\t\t\t\t\t\t\t\t\t<p class=\"phone\"><a\n\t\t\t\t\t\t\t\t\t\t\t\t\thref=\"tel:026637389\"\n\t\t\t\t\t\t\t\t\t\t\t\t\tclass=\"u-text-link\">026-63 73 89<\/a>\n\t\t\t\t\t\t\t\t\t\t\t<\/p>\n\t\t\t\t\t\t\t\t\t\t\t\t\t\t\t\t\t\t\t\n\t\t\t\t\t\t\t\t\t\t\t\t\t\t\t\t\t\t\t\t\t\t\t\t\t\t\t\t\t\t<p class=\"email\"><a\n\t\t\t\t\t\t\t\t\t\t\t\t\thref=\"&#109;&#097;i&#108;to&#058;&#101;&#109;el&#105;e&#046;&#101;kl&#111;&#118;&#064;p&#114;ak&#116;is&#107;&#097;.&#115;&#101;\"\n\t\t\t\t\t\t\t\t\t\t\t\t\tclass=\"u-text-link\">&#101;&#109;&#101;lie&#046;&#101;&#107;l&#111;v&#064;&#112;&#114;&#097;&#107;tiska.&#115;e<\/a>\n\t\t\t\t\t\t\t\t\t\t\t<\/p>\n\t\t\t\t\t\t\t\t\t\t\t\t\t\t\t\t\t\t\t\t\t\t\t\t\t\t\t<\/div>\n\t\t\t\t\t\t\t\n\t\t\t\t\t\t\t\t\t\t\t\t\t<\/div>\n\t\t\t\t\t\t<div class=\"c-card__media\">\n\t\t\t\t\t\t\t\t\t\t\t\t\t\t\t\t\t\t\t\t\t\t\t\t\t\t\t\t\t\t\t\t\t\t\t\t\t\t\t\t\t\t\t\t\t\t\t\t\t<img decoding=\"async\" width=\"313\" height=\"360\" src=\"https:\/\/praktiska.se\/wp-content\/uploads\/sites\/10\/2023\/11\/emelie-eklov.png\" class=\"u-radius-round u-ratio-landscape  \" alt=\"Personportr\u00e4tt\" sizes=\"(max-width: 300px) 100vw, 300px\" srcset=\"https:\/\/praktiska.se\/wp-content\/uploads\/sites\/10\/2023\/11\/emelie-eklov.png 313w, https:\/\/praktiska.se\/wp-content\/uploads\/sites\/10\/2023\/11\/emelie-eklov-300x345.png 300w\" \/>\n\t\t\t\t\t\t<\/div>\n\t\t\t\t\t<\/article>\n\t\t\t\t<\/li>\n\t\t\t\t\t\t\t\t\t\t\t\n\t\t\t\t\n\t\t\t\t<li class=\"l-col-6@md l-col-4@lg \" data-filter=\"elevservice yrkeslarare\">\n\t\t\t\t\t<article class=\"c-card \" data-variant=\"neutral\">\n\t\t\t\t\t\t<div class=\"c-card__content u-text-center\">\n\t\t\t\t\t\t\t\t\t\t\t\t\t\t\t<h3 class=\"c-card__title u-font-title-3\">\n\t\t\t\t\t\t\t\t\tElin Tronestam, F\u00f6rstel\u00e4rare\n\t\t\t\t\t\t\t\t<\/h3>\n\t\t\t\t\t\t\t\n\t\t\t\t\t\t\t\t\t\t\t\t\t\t\t<p class=\"position u-font-body\">Barn och Fritid, Bibliotekarie<\/p>\n\t\t\t\t\t\t\t\n\t\t\t\t\t\t\t\t\t\t\t\t\t\t\t<div class=\"contact-info u-font-body\">\n\t\t\t\t\t\t\t\t\t\t\t\t\t\t\t\t\t\t\t\t\t\t\t\t\t\t\t\t\t\t<p class=\"phone\"><a\n\t\t\t\t\t\t\t\t\t\t\t\t\thref=\"tel:026637390\"\n\t\t\t\t\t\t\t\t\t\t\t\t\tclass=\"u-text-link\">026-63 73 90<\/a>\n\t\t\t\t\t\t\t\t\t\t\t<\/p>\n\t\t\t\t\t\t\t\t\t\t\t\t\t\t\t\t\t\t\t\n\t\t\t\t\t\t\t\t\t\t\t\t\t\t\t\t\t\t\t\t\t\t\t\t\t\t\t\t\t\t<p class=\"email\"><a\n\t\t\t\t\t\t\t\t\t\t\t\t\thref=\"&#109;&#097;i&#108;t&#111;&#058;&#101;lin&#046;t&#114;&#111;n&#101;&#115;&#116;&#097;m&#064;&#112;r&#097;&#107;tiska.s&#101;\"\n\t\t\t\t\t\t\t\t\t\t\t\t\tclass=\"u-text-link\">e&#108;in.t&#114;on&#101;s&#116;&#097;m&#064;p&#114;&#097;k&#116;&#105;s&#107;a&#046;&#115;e<\/a>\n\t\t\t\t\t\t\t\t\t\t\t<\/p>\n\t\t\t\t\t\t\t\t\t\t\t\t\t\t\t\t\t\t\t\t\t\t\t\t\t\t\t<\/div>\n\t\t\t\t\t\t\t\n\t\t\t\t\t\t\t\t\t\t\t\t\t<\/div>\n\t\t\t\t\t\t<div class=\"c-card__media\">\n\t\t\t\t\t\t\t\t\t\t\t\t\t\t\t\t\t\t\t\t\t\t\t\t\t\t\t\t\t\t\t\t\t\t\t\t\t\t\t\t\t\t\t\t\t\t\t\t\t<img decoding=\"async\" width=\"240\" height=\"361\" src=\"https:\/\/praktiska.se\/wp-content\/uploads\/sites\/10\/2023\/11\/elin.jpg\" class=\"u-radius-round u-ratio-landscape  \" alt=\"Ett personfoto.\" sizes=\"(max-width: 300px) 100vw, 300px\" \/>\n\t\t\t\t\t\t<\/div>\n\t\t\t\t\t<\/article>\n\t\t\t\t<\/li>\n\t\t\t\t\t<\/ul>\n\n\t\t\n\t\t    <div class=\"ams-contact__more u-inline-items js-load-more-btn\">\n        <button href=\"#\"\n                class=\"c-btn\"\n                data-style=\"round\"\n                data-size=\"md\"\n                data-width=\"full-mobile\"\n                data-variant=\"outline\">\n        \tVisa mer\n        <\/button>\n    <\/div>\n\n\t\t\t<\/div>\n\n\t\t\n\n<\/section>\n\n\n\n\n<section  class=\"ams-cta ams-cta--stacked c-block l-stacked\" data-color-scheme=\"orange\">\n\t<div class=\"l-container-narrow l-stack l-stack-fluid-2xl u-pt-fluid-3xl-6xl u-pb-fluid-3xl-6xl is-center is-center@md\">\n\t\t\t\t\t<div class=\"ams-cta__intro l-stack l-stack-lg\">\n\t\t\t\t\t\n\t<h2\n\tclass=\"c-heading u-font-title-1 \"\n\tstyle=\"\">\n\t\t\n\t\t\t\t\tHar du synpunkter p\u00e5 v\u00e5r verksamhet?\n\t\t\t\t\n\t<\/h2>\n\n\t\t\t\t\t\t\t\t\t<div class=\"c-text l-stack u-cs-xl u-font-body\">\n\t\t\t\t\t\t<p><span data-sheets-root=\"1\" data-sheets-value=\"{&quot;1&quot;:2,&quot;2&quot;:&quot;Vi \u00e4r alltid intresserade av f\u00e5 veta vad som fungerar bra, men \u00e4ven det som fungerar mindre bra. Klicka dig vidare f\u00f6r att l\u00e4sa mer. &quot;}\" data-sheets-userformat=\"{&quot;2&quot;:899,&quot;3&quot;:{&quot;1&quot;:0},&quot;4&quot;:{&quot;1&quot;:2,&quot;2&quot;:14281427},&quot;10&quot;:0,&quot;11&quot;:4,&quot;12&quot;:0}\">Vi \u00e4r alltid intresserade av f\u00e5 veta vad som fungerar bra, men \u00e4ven det som fungerar mindre bra. Klicka dig vidare f\u00f6r att l\u00e4sa mer. <\/span><\/p>\n\n\t\t\t\t\t<\/div>\n\t\t\t\t\t\t\t<\/div>\n\t\t\n\t\t\n\t\t\t<div class=\"ams-cta__action u-inline-items\">\n\t\t\t\t\t\t\t\n\n\n<a href=\"https:\/\/praktiska.se\/gavle\/vart-kvalitetsarbete\/synpunkter-pa-verksamheten\/\"\n\t\n\tclass=\"c-btn \"\n\tdata-style=\"round\"\n\tdata-size=\"md\"\n\tdata-width=\"full-mobile\"\n\tdata-variant=\"default\"\n\ttarget=\"_self\">\n\t\t\t<span class=\"label\"> L\u00e4mna synpunkter till oss<\/span>\n\t\t\t<\/a>\n\t\t\t<\/div>\n\t<\/div>\n\n\t\t\n\n<\/section>\n","protected":false},"excerpt":{"rendered":"","protected":false},"author":1,"featured_media":0,"parent":0,"menu_order":0,"comment_status":"closed","ping_status":"closed","template":"archive-personal.php","meta":{"footnotes":""},"yoast_head":"<!-- This site is optimized with the Yoast SEO plugin v22.0 - https:\/\/yoast.com\/wordpress\/plugins\/seo\/ -->\n<title>Kontakta oss - Praktiska Gymnasiet G\u00e4vle<\/title>\n<meta name=\"description\" content=\"H\u00e4r hittar du kontaktuppgifter till skolans personal. H\u00e4r finns ocks\u00e5 bes\u00f6ksadress och postadress till skolan.\" \/>\n<meta name=\"robots\" content=\"index, follow, max-snippet:-1, max-image-preview:large, max-video-preview:-1\" \/>\n<link rel=\"canonical\" href=\"https:\/\/praktiska.se\/gavle\/kontakt\/\" \/>\n<meta property=\"og:locale\" content=\"sv_SE\" \/>\n<meta property=\"og:type\" content=\"article\" \/>\n<meta property=\"og:title\" content=\"Kontakta oss - Praktiska Gymnasiet G\u00e4vle\" \/>\n<meta property=\"og:description\" content=\"H\u00e4r hittar du kontaktuppgifter till skolans personal. H\u00e4r finns ocks\u00e5 bes\u00f6ksadress och postadress till skolan.\" \/>\n<meta property=\"og:url\" content=\"https:\/\/praktiska.se\/gavle\/kontakt\/\" \/>\n<meta property=\"og:site_name\" content=\"G\u00e4vle\" \/>\n<meta property=\"article:modified_time\" content=\"2025-02-17T10:13:40+00:00\" \/>\n<meta name=\"twitter:card\" content=\"summary_large_image\" \/>\n<meta name=\"twitter:title\" content=\"Kontakta oss - Praktiska Gymnasiet G\u00e4vle\" \/>\n<meta name=\"twitter:description\" content=\"H\u00e4r hittar du kontaktuppgifter till skolans personal. H\u00e4r finns ocks\u00e5 bes\u00f6ksadress och postadress till skolan.\" \/>\n<meta name=\"twitter:label1\" content=\"Est. reading time\" \/>\n\t<meta name=\"twitter:data1\" content=\"1 minut\" \/>\n<script type=\"application\/ld+json\" class=\"yoast-schema-graph\">{\"@context\":\"https:\/\/schema.org\",\"@graph\":[{\"@type\":\"WebPage\",\"@id\":\"https:\/\/praktiska.se\/gavle\/kontakt\/\",\"url\":\"https:\/\/praktiska.se\/gavle\/kontakt\/\",\"name\":\"Kontakta oss - Praktiska Gymnasiet G\u00e4vle\",\"isPartOf\":{\"@id\":\"https:\/\/praktiska.se\/gavle\/#website\"},\"datePublished\":\"2023-02-14T10:25:26+00:00\",\"dateModified\":\"2025-02-17T10:13:40+00:00\",\"description\":\"H\u00e4r hittar du kontaktuppgifter till skolans personal. H\u00e4r finns ocks\u00e5 bes\u00f6ksadress och postadress till skolan.\",\"breadcrumb\":{\"@id\":\"https:\/\/praktiska.se\/gavle\/kontakt\/#breadcrumb\"},\"inLanguage\":\"sv-SE\",\"potentialAction\":[{\"@type\":\"ReadAction\",\"target\":[\"https:\/\/praktiska.se\/gavle\/kontakt\/\"]}]},{\"@type\":\"BreadcrumbList\",\"@id\":\"https:\/\/praktiska.se\/gavle\/kontakt\/#breadcrumb\",\"itemListElement\":[{\"@type\":\"ListItem\",\"position\":1,\"name\":\"Start\",\"item\":\"https:\/\/praktiska.se\/gavle\/\"},{\"@type\":\"ListItem\",\"position\":2,\"name\":\"Kontakta oss\"}]},{\"@type\":\"WebSite\",\"@id\":\"https:\/\/praktiska.se\/gavle\/#website\",\"url\":\"https:\/\/praktiska.se\/gavle\/\",\"name\":\"G\u00e4vle\",\"description\":\"Vi utbildar framtidens arbetskraft\",\"potentialAction\":[{\"@type\":\"SearchAction\",\"target\":{\"@type\":\"EntryPoint\",\"urlTemplate\":\"https:\/\/praktiska.se\/gavle\/?s={search_term_string}\"},\"query-input\":\"required name=search_term_string\"}],\"inLanguage\":\"sv-SE\"}]}<\/script>\n<!-- \/ Yoast SEO plugin. -->","yoast_head_json":{"title":"Kontakta oss - Praktiska Gymnasiet G\u00e4vle","description":"H\u00e4r hittar du kontaktuppgifter till skolans personal. H\u00e4r finns ocks\u00e5 bes\u00f6ksadress och postadress till skolan.","robots":{"index":"index","follow":"follow","max-snippet":"max-snippet:-1","max-image-preview":"max-image-preview:large","max-video-preview":"max-video-preview:-1"},"canonical":"https:\/\/praktiska.se\/gavle\/kontakt\/","og_locale":"sv_SE","og_type":"article","og_title":"Kontakta oss - Praktiska Gymnasiet G\u00e4vle","og_description":"H\u00e4r hittar du kontaktuppgifter till skolans personal. H\u00e4r finns ocks\u00e5 bes\u00f6ksadress och postadress till skolan.","og_url":"https:\/\/praktiska.se\/gavle\/kontakt\/","og_site_name":"G\u00e4vle","article_modified_time":"2025-02-17T10:13:40+00:00","twitter_card":"summary_large_image","twitter_title":"Kontakta oss - Praktiska Gymnasiet G\u00e4vle","twitter_description":"H\u00e4r hittar du kontaktuppgifter till skolans personal. H\u00e4r finns ocks\u00e5 bes\u00f6ksadress och postadress till skolan.","twitter_misc":{"Est. reading time":"1 minut"},"schema":{"@context":"https:\/\/schema.org","@graph":[{"@type":"WebPage","@id":"https:\/\/praktiska.se\/gavle\/kontakt\/","url":"https:\/\/praktiska.se\/gavle\/kontakt\/","name":"Kontakta oss - Praktiska Gymnasiet G\u00e4vle","isPartOf":{"@id":"https:\/\/praktiska.se\/gavle\/#website"},"datePublished":"2023-02-14T10:25:26+00:00","dateModified":"2025-02-17T10:13:40+00:00","description":"H\u00e4r hittar du kontaktuppgifter till skolans personal. H\u00e4r finns ocks\u00e5 bes\u00f6ksadress och postadress till skolan.","breadcrumb":{"@id":"https:\/\/praktiska.se\/gavle\/kontakt\/#breadcrumb"},"inLanguage":"sv-SE","potentialAction":[{"@type":"ReadAction","target":["https:\/\/praktiska.se\/gavle\/kontakt\/"]}]},{"@type":"BreadcrumbList","@id":"https:\/\/praktiska.se\/gavle\/kontakt\/#breadcrumb","itemListElement":[{"@type":"ListItem","position":1,"name":"Start","item":"https:\/\/praktiska.se\/gavle\/"},{"@type":"ListItem","position":2,"name":"Kontakta oss"}]},{"@type":"WebSite","@id":"https:\/\/praktiska.se\/gavle\/#website","url":"https:\/\/praktiska.se\/gavle\/","name":"G\u00e4vle","description":"Vi utbildar framtidens arbetskraft","potentialAction":[{"@type":"SearchAction","target":{"@type":"EntryPoint","urlTemplate":"https:\/\/praktiska.se\/gavle\/?s={search_term_string}"},"query-input":"required name=search_term_string"}],"inLanguage":"sv-SE"}]}},"_links":{"self":[{"href":"https:\/\/praktiska.se\/gavle\/wp-json\/wp\/v2\/pages\/94"}],"collection":[{"href":"https:\/\/praktiska.se\/gavle\/wp-json\/wp\/v2\/pages"}],"about":[{"href":"https:\/\/praktiska.se\/gavle\/wp-json\/wp\/v2\/types\/page"}],"author":[{"embeddable":true,"href":"https:\/\/praktiska.se\/gavle\/wp-json\/wp\/v2\/users\/1"}],"replies":[{"embeddable":true,"href":"https:\/\/praktiska.se\/gavle\/wp-json\/wp\/v2\/comments?post=94"}],"version-history":[{"count":10,"href":"https:\/\/praktiska.se\/gavle\/wp-json\/wp\/v2\/pages\/94\/revisions"}],"predecessor-version":[{"id":3235,"href":"https:\/\/praktiska.se\/gavle\/wp-json\/wp\/v2\/pages\/94\/revisions\/3235"}],"wp:attachment":[{"href":"https:\/\/praktiska.se\/gavle\/wp-json\/wp\/v2\/media?parent=94"}],"curies":[{"name":"wp","href":"https:\/\/api.w.org\/{rel}","templated":true}]}}